{"id":986,"date":"2023-03-02T10:33:23","date_gmt":"2023-03-02T09:33:23","guid":{"rendered":"http:\/\/barbry.esy.es\/?page_id=986"},"modified":"2024-09-24T18:19:51","modified_gmt":"2024-09-24T16:19:51","slug":"le-blason-dhaverskerque","status":"publish","type":"page","link":"https:\/\/www.haverskerque.fr\/index.php\/le-blason-dhaverskerque\/","title":{"rendered":"Le blason d\u2019Haverskerque"},"content":{"rendered":"\n<p><mark style=\"background-color:rgba(0, 0, 0, 0);color:#00a018\" class=\"has-inline-color\">|<\/mark> <em>Le blason d\u2019Haverskerque est un \u00e9cu d\u2019or \u00e0 la fasce de gueules.<\/em><\/p>\n\n\n\n<figure class=\"wp-block-image size-full\"><img loading=\"lazy\" decoding=\"async\" width=\"593\" height=\"45\" src=\"https:\/\/haverskerque.fr\/wp-content\/uploads\/2023\/02\/bandeblanche.jpg\" alt=\"\" class=\"wp-image-381\" srcset=\"https:\/\/www.haverskerque.fr\/wp-content\/uploads\/2023\/02\/bandeblanche.jpg 593w, https:\/\/www.haverskerque.fr\/wp-content\/uploads\/2023\/02\/bandeblanche-300x23.jpg 300w\" sizes=\"auto, (max-width: 593px) 100vw, 593px\" \/><\/figure>\n\n\n<div class=\"wp-block-image\">\n<figure class=\"aligncenter size-full\"><img loading=\"lazy\" decoding=\"async\" width=\"200\" height=\"233\" src=\"https:\/\/haverskerque.fr\/wp-content\/uploads\/2023\/03\/provblason-haverskerque-2-f7bdb.jpg\" alt=\"\" class=\"wp-image-987\"\/><\/figure>\n<\/div>\n\n\n<figure class=\"wp-block-image size-full\"><img loading=\"lazy\" decoding=\"async\" width=\"593\" height=\"45\" src=\"https:\/\/haverskerque.fr\/wp-content\/uploads\/2023\/02\/bandeblanche.jpg\" alt=\"\" class=\"wp-image-381\" srcset=\"https:\/\/www.haverskerque.fr\/wp-content\/uploads\/2023\/02\/bandeblanche.jpg 593w, https:\/\/www.haverskerque.fr\/wp-content\/uploads\/2023\/02\/bandeblanche-300x23.jpg 300w\" sizes=\"auto, (max-width: 593px) 100vw, 593px\" \/><\/figure>\n\n\n\n<p>La fasce est en h\u00e9raldique (science des armoiries), la bande occupant horizontalement le tiers central de l\u2019\u00e9cu et s\u00e9parant le chef et la pointe. L\u2019\u00e9cu de couleur or est teint\u00e9 de gueules c\u2019est-\u00e0-dire d\u2019une bande horizontale de couleur rouge.<\/p>\n\n\n\n<ul class=\"wp-block-list\">\n<li>Le rouge est le symbole de la vaillance, de la noblesse, du courage\u2026<\/li>\n<\/ul>\n\n\n\n<p><\/p>\n\n\n\n<ul class=\"wp-block-list\">\n<li>L\u2019or, le symbole de la richesse, de la cl\u00e9mence, de la force, de la puret\u00e9.<\/li>\n<\/ul>\n\n\n\n<p><\/p>\n\n\n\n<p>Ces armoiries d\u2019une antique simplicit\u00e9 sont celles de la vieille maison chevaleresque qui occupa la terre d\u2019Haveskercke-sur-la-Lys d\u00e9s la fin du XIe si\u00e8cle : les seigneurs d\u2019HAVESKERCKE (la consonne R n\u2019appara\u00eet qu\u2019\u00e0 la R\u00e9volution). En effet, un document ancien signale la mort au combat de Th\u00e9odorie, sire de Haveskercke en 1072, \u00ab ses armes portant d\u2019or \u00e0 la fasce de gueules \u00bb<\/p>\n\n\n\n<p>Le 1er sceau armorial connu avec ces armes est celui de Baudouin II de Haveskercke, chevalier en 1197. Ce cognat (parent\u00e9 n\u00e9 des liens du sang) est apparent\u00e9 \u00e0 son contemporain Giselberg de Haveskercke, forestier de Philippe d\u2019Alsace, comte de Flandre. Le fils de Giselbert scelle lui aussi d\u2019une fasce rouge d\u00e9s 1229.<\/p>\n\n\n\n<figure class=\"wp-block-image size-full\"><img loading=\"lazy\" decoding=\"async\" width=\"593\" height=\"45\" src=\"https:\/\/haverskerque.fr\/wp-content\/uploads\/2023\/02\/bandeblanche.jpg\" alt=\"\" class=\"wp-image-381\" srcset=\"https:\/\/www.haverskerque.fr\/wp-content\/uploads\/2023\/02\/bandeblanche.jpg 593w, https:\/\/www.haverskerque.fr\/wp-content\/uploads\/2023\/02\/bandeblanche-300x23.jpg 300w\" sizes=\"auto, (max-width: 593px) 100vw, 593px\" \/><\/figure>\n\n\n<div class=\"wp-block-image\">\n<figure class=\"aligncenter size-full\"><img loading=\"lazy\" decoding=\"async\" width=\"450\" height=\"374\" src=\"https:\/\/haverskerque.fr\/wp-content\/uploads\/2023\/03\/blase1.jpg\" alt=\"\" class=\"wp-image-988\" srcset=\"https:\/\/www.haverskerque.fr\/wp-content\/uploads\/2023\/03\/blase1.jpg 450w, https:\/\/www.haverskerque.fr\/wp-content\/uploads\/2023\/03\/blase1-300x249.jpg 300w\" sizes=\"auto, (max-width: 450px) 100vw, 450px\" \/><\/figure>\n<\/div>\n\n\n<figure class=\"wp-block-image size-full\"><img loading=\"lazy\" decoding=\"async\" width=\"593\" height=\"45\" src=\"https:\/\/haverskerque.fr\/wp-content\/uploads\/2023\/02\/bandeblanche.jpg\" alt=\"\" class=\"wp-image-381\" srcset=\"https:\/\/www.haverskerque.fr\/wp-content\/uploads\/2023\/02\/bandeblanche.jpg 593w, https:\/\/www.haverskerque.fr\/wp-content\/uploads\/2023\/02\/bandeblanche-300x23.jpg 300w\" sizes=\"auto, (max-width: 593px) 100vw, 593px\" \/><\/figure>\n\n\n<div class=\"wp-block-image\">\n<figure class=\"aligncenter size-full\"><img loading=\"lazy\" decoding=\"async\" width=\"120\" height=\"168\" src=\"https:\/\/haverskerque.fr\/wp-content\/uploads\/2023\/03\/blase3.jpg\" alt=\"\" class=\"wp-image-989\"\/><\/figure>\n<\/div>\n\n\n<figure class=\"wp-block-image size-full\"><img loading=\"lazy\" decoding=\"async\" width=\"593\" height=\"45\" src=\"https:\/\/haverskerque.fr\/wp-content\/uploads\/2023\/02\/bandeblanche.jpg\" alt=\"\" class=\"wp-image-381\" srcset=\"https:\/\/www.haverskerque.fr\/wp-content\/uploads\/2023\/02\/bandeblanche.jpg 593w, https:\/\/www.haverskerque.fr\/wp-content\/uploads\/2023\/02\/bandeblanche-300x23.jpg 300w\" sizes=\"auto, (max-width: 593px) 100vw, 593px\" \/><\/figure>\n\n\n\n<p>Plusieurs sp\u00e9cimens de ce sceau subsistent au bas de chartes \u00e0 Gand, Lille, Paris et Arras. En scellant \u00ab \u00e0 cheval \u00bb, Jehan II manifeste le prestige de sa lign\u00e9e. La fasce se retrouve non seulement sur le bouclier, mais aussi sur l\u2019\u00e9pauli\u00e8re du chevalier et sur l\u2019ample capara\u00e7on du cheval.<\/p>\n\n\n\n<p>Gilles d\u2019Haverskerque, seigneur de Watten, portent les m\u00eames armes avec un lambel \u00e0 trois pendants pour brisure, la brisure \u00e9tant une modification des armoiries pour distinguer une branche cadette ou b\u00e2tarde de la ligne principale ou l\u00e9gitime : un petit \u00e9cusson d\u2019un pouce de hauteur portant ces armoiries a \u00e9t\u00e9 retrouv\u00e9 \u00e0 Th\u00e9rouanne (cabinet de Monsieur Legrand, archives de St Omer).<\/p>\n\n\n\n<figure class=\"wp-block-image size-full\"><img loading=\"lazy\" decoding=\"async\" width=\"593\" height=\"45\" src=\"https:\/\/haverskerque.fr\/wp-content\/uploads\/2023\/02\/bandeblanche.jpg\" alt=\"\" class=\"wp-image-381\" srcset=\"https:\/\/www.haverskerque.fr\/wp-content\/uploads\/2023\/02\/bandeblanche.jpg 593w, https:\/\/www.haverskerque.fr\/wp-content\/uploads\/2023\/02\/bandeblanche-300x23.jpg 300w\" sizes=\"auto, (max-width: 593px) 100vw, 593px\" \/><\/figure>\n\n\n\n<h3 class=\"wp-block-heading\"><mark style=\"background-color:rgba(0, 0, 0, 0);color:#00a018\" class=\"has-inline-color\">|<\/mark> <strong>Pennon h\u00e9raldique de HAVESKERCKE (XVIIe si\u00e8cle)<\/strong><\/h3>\n\n\n\n<figure class=\"wp-block-image size-full\"><img loading=\"lazy\" decoding=\"async\" width=\"593\" height=\"45\" src=\"https:\/\/haverskerque.fr\/wp-content\/uploads\/2023\/02\/bandeblanche.jpg\" alt=\"\" class=\"wp-image-381\" srcset=\"https:\/\/www.haverskerque.fr\/wp-content\/uploads\/2023\/02\/bandeblanche.jpg 593w, https:\/\/www.haverskerque.fr\/wp-content\/uploads\/2023\/02\/bandeblanche-300x23.jpg 300w\" sizes=\"auto, (max-width: 593px) 100vw, 593px\" \/><\/figure>\n\n\n<div class=\"wp-block-image\">\n<figure class=\"aligncenter size-full\"><img loading=\"lazy\" decoding=\"async\" width=\"120\" height=\"187\" src=\"https:\/\/www.haverskerque.fr\/wp-content\/uploads\/2023\/03\/blase4.jpg\" alt=\"\" class=\"wp-image-990\"\/><\/figure>\n<\/div>\n\n\n<figure class=\"wp-block-image size-full\"><img loading=\"lazy\" decoding=\"async\" width=\"593\" height=\"45\" src=\"https:\/\/haverskerque.fr\/wp-content\/uploads\/2023\/02\/bandeblanche.jpg\" alt=\"\" class=\"wp-image-381\" srcset=\"https:\/\/www.haverskerque.fr\/wp-content\/uploads\/2023\/02\/bandeblanche.jpg 593w, https:\/\/www.haverskerque.fr\/wp-content\/uploads\/2023\/02\/bandeblanche-300x23.jpg 300w\" sizes=\"auto, (max-width: 593px) 100vw, 593px\" \/><\/figure>\n\n\n\n<p>Dans ce pennon peint dans un manuscrit g\u00e9n\u00e9alogique de Haveskercke, le miniaturiste a reproduit 13 alliances imaginaires invent\u00e9es par le h\u00e9raut d\u2019armes, Jean de Launay et 9 alliances authentiques dont celles de Saint Omer d\u2019azur \u00e0 la fasce d\u2019or (13e quartier).<\/p>\n\n\n\n<p>N\u00e9cessit\u00e9 militaire, les armoiries sont apparues dans toute l\u2019Europe au XIIe si\u00e8cle. Embl\u00e8mes sur les \u00e9cus, flammes, oriflammes, ils permettent de reconna\u00eetre les chevaliers dans les guerres, les croisades et les tournois aux temps o\u00f9 les uniformes n\u2019existaient pas.<\/p>\n\n\n\n<p>L\u2019\u00e9cu d\u2019or \u00e0 la fasce de gueules est toujours l\u2019embl\u00e8me des Haverskerquois : on le trouve au coin des rues, sur les maillots des footballeurs, les autocollants, les fanions, le papier officiel de la mairie, certaines compositions florales\u2026 m\u00eame sur une porte int\u00e9rieure du ch\u00e2teau de Morbecque &#8211; disons, ce qu\u2019il en reste &#8211; les Montmorency ayant \u00e9t\u00e9 \u00e0 certaines \u00e9poques, barons d\u2019Haverskerque.<\/p>\n","protected":false},"excerpt":{"rendered":"<p>| Le blason d\u2019Haverskerque est un \u00e9cu d\u2019or \u00e0 la fasce de gueules. La fasce est en h\u00e9raldique (science des armoiries), la bande occupant horizontalement le tiers central de l\u2019\u00e9cu et s\u00e9parant le chef et la pointe. L\u2019\u00e9cu de couleur or est teint\u00e9 de gueules c\u2019est-\u00e0-dire d\u2019une bande horizontale de couleur rouge. Ces armoiries d\u2019une antique simplicit\u00e9 sont celles de la vieille maison chevaleresque qui occupa la terre d\u2019Haveskercke-sur-la-Lys d\u00e9s la fin du XIe si\u00e8cle : les seigneurs d\u2019HAVESKERCKE (la consonne R n\u2019appara\u00eet qu\u2019\u00e0 la R\u00e9volution). En effet, un document ancien signale la mort au combat de Th\u00e9odorie, sire de Haveskercke en 1072, \u00ab ses armes portant d\u2019or \u00e0 la fasce de gueules \u00bb Le 1er sceau armorial connu avec ces armes est celui de Baudouin II de Haveskercke, chevalier en 1197. Ce cognat (parent\u00e9 n\u00e9 des liens du sang) est apparent\u00e9 \u00e0 son contemporain Giselberg de Haveskercke, forestier de Philippe d\u2019Alsace, comte de Flandre. Le fils de Giselbert scelle lui aussi d\u2019une fasce rouge d\u00e9s 1229. Plusieurs sp\u00e9cimens de ce sceau subsistent au bas de chartes \u00e0 Gand, Lille, Paris et Arras. En scellant \u00ab \u00e0 cheval \u00bb, Jehan II manifeste le prestige de sa lign\u00e9e. La fasce se retrouve non seulement sur le bouclier, mais aussi sur l\u2019\u00e9pauli\u00e8re du chevalier et sur l\u2019ample capara\u00e7on du cheval. Gilles d\u2019Haverskerque, seigneur de Watten, portent les m\u00eames armes avec un lambel \u00e0 trois pendants pour brisure, la brisure \u00e9tant une modification des armoiries pour distinguer une branche cadette ou b\u00e2tarde de la ligne principale ou l\u00e9gitime : un petit \u00e9cusson d\u2019un pouce de hauteur portant ces armoiries a \u00e9t\u00e9 retrouv\u00e9 \u00e0 Th\u00e9rouanne (cabinet de Monsieur Legrand, archives de St Omer). | Pennon h\u00e9raldique de HAVESKERCKE (XVIIe si\u00e8cle) Dans ce pennon peint dans un manuscrit g\u00e9n\u00e9alogique de Haveskercke, le miniaturiste a reproduit 13 alliances imaginaires invent\u00e9es par le h\u00e9raut d\u2019armes, Jean de Launay et 9 alliances authentiques dont celles de Saint Omer d\u2019azur \u00e0 la fasce d\u2019or (13e quartier). N\u00e9cessit\u00e9 militaire, les armoiries sont apparues dans toute l\u2019Europe au XIIe si\u00e8cle. Embl\u00e8mes sur les \u00e9cus, flammes, oriflammes, ils permettent de reconna\u00eetre les chevaliers dans les guerres, les croisades et les tournois aux temps o\u00f9 les uniformes n\u2019existaient pas. L\u2019\u00e9cu d\u2019or \u00e0 la fasce de gueules est toujours l\u2019embl\u00e8me des Haverskerquois : on le trouve au coin des rues, sur les maillots des footballeurs, les autocollants, les fanions, le papier officiel de la mairie, certaines compositions florales\u2026 m\u00eame sur une porte int\u00e9rieure du ch\u00e2teau de Morbecque &#8211; disons, ce qu\u2019il en reste &#8211; les Montmorency ayant \u00e9t\u00e9 \u00e0 certaines \u00e9poques, barons d\u2019Haverskerque.<\/p>\n","protected":false},"author":1,"featured_media":0,"parent":0,"menu_order":0,"comment_status":"closed","ping_status":"closed","template":"","meta":{"cybocfi_hide_featured_image":"","footnotes":""},"class_list":["post-986","page","type-page","status-publish","hentry"],"yoast_head":"<!-- This site is optimized with the Yoast SEO plugin v27.5 - https:\/\/yoast.com\/product\/yoast-seo-wordpress\/ -->\n<title>Le blason d\u2019Haverskerque * Haverskerque, 100% Nature !*<\/title>\n<meta name=\"robots\" content=\"index, follow, max-snippet:-1, max-image-preview:large, max-video-preview:-1\" \/>\n<link rel=\"canonical\" href=\"https:\/\/www.haverskerque.fr\/index.php\/le-blason-dhaverskerque\/\" \/>\n<meta property=\"og:locale\" content=\"fr_FR\" \/>\n<meta property=\"og:type\" content=\"article\" \/>\n<meta property=\"og:title\" content=\"Le blason d\u2019Haverskerque * Haverskerque, 100% Nature !*\" \/>\n<meta property=\"og:description\" content=\"| Le blason d\u2019Haverskerque est un \u00e9cu d\u2019or \u00e0 la fasce de gueules. La fasce est en h\u00e9raldique (science des armoiries), la bande occupant horizontalement le tiers central de l\u2019\u00e9cu et s\u00e9parant le chef et la pointe. L\u2019\u00e9cu de couleur or est teint\u00e9 de gueules c\u2019est-\u00e0-dire d\u2019une bande horizontale de couleur rouge. Ces armoiries d\u2019une antique simplicit\u00e9 sont celles de la vieille maison chevaleresque qui occupa la terre d\u2019Haveskercke-sur-la-Lys d\u00e9s la fin du XIe si\u00e8cle : les seigneurs d\u2019HAVESKERCKE (la consonne R n\u2019appara\u00eet qu\u2019\u00e0 la R\u00e9volution). En effet, un document ancien signale la mort au combat de Th\u00e9odorie, sire de Haveskercke en 1072, \u00ab ses armes portant d\u2019or \u00e0 la fasce de gueules \u00bb Le 1er sceau armorial connu avec ces armes est celui de Baudouin II de Haveskercke, chevalier en 1197. Ce cognat (parent\u00e9 n\u00e9 des liens du sang) est apparent\u00e9 \u00e0 son contemporain Giselberg de Haveskercke, forestier de Philippe d\u2019Alsace, comte de Flandre. Le fils de Giselbert scelle lui aussi d\u2019une fasce rouge d\u00e9s 1229. Plusieurs sp\u00e9cimens de ce sceau subsistent au bas de chartes \u00e0 Gand, Lille, Paris et Arras. En scellant \u00ab \u00e0 cheval \u00bb, Jehan II manifeste le prestige de sa lign\u00e9e. La fasce se retrouve non seulement sur le bouclier, mais aussi sur l\u2019\u00e9pauli\u00e8re du chevalier et sur l\u2019ample capara\u00e7on du cheval. Gilles d\u2019Haverskerque, seigneur de Watten, portent les m\u00eames armes avec un lambel \u00e0 trois pendants pour brisure, la brisure \u00e9tant une modification des armoiries pour distinguer une branche cadette ou b\u00e2tarde de la ligne principale ou l\u00e9gitime : un petit \u00e9cusson d\u2019un pouce de hauteur portant ces armoiries a \u00e9t\u00e9 retrouv\u00e9 \u00e0 Th\u00e9rouanne (cabinet de Monsieur Legrand, archives de St Omer). | Pennon h\u00e9raldique de HAVESKERCKE (XVIIe si\u00e8cle) Dans ce pennon peint dans un manuscrit g\u00e9n\u00e9alogique de Haveskercke, le miniaturiste a reproduit 13 alliances imaginaires invent\u00e9es par le h\u00e9raut d\u2019armes, Jean de Launay et 9 alliances authentiques dont celles de Saint Omer d\u2019azur \u00e0 la fasce d\u2019or (13e quartier). N\u00e9cessit\u00e9 militaire, les armoiries sont apparues dans toute l\u2019Europe au XIIe si\u00e8cle. Embl\u00e8mes sur les \u00e9cus, flammes, oriflammes, ils permettent de reconna\u00eetre les chevaliers dans les guerres, les croisades et les tournois aux temps o\u00f9 les uniformes n\u2019existaient pas. L\u2019\u00e9cu d\u2019or \u00e0 la fasce de gueules est toujours l\u2019embl\u00e8me des Haverskerquois : on le trouve au coin des rues, sur les maillots des footballeurs, les autocollants, les fanions, le papier officiel de la mairie, certaines compositions florales\u2026 m\u00eame sur une porte int\u00e9rieure du ch\u00e2teau de Morbecque &#8211; disons, ce qu\u2019il en reste &#8211; les Montmorency ayant \u00e9t\u00e9 \u00e0 certaines \u00e9poques, barons d\u2019Haverskerque.\" \/>\n<meta property=\"og:url\" content=\"https:\/\/www.haverskerque.fr\/index.php\/le-blason-dhaverskerque\/\" \/>\n<meta property=\"og:site_name\" content=\"Haverskerque, 100% Nature !*\" \/>\n<meta property=\"article:publisher\" content=\"https:\/\/www.facebook.com\/communehaverskerque\" \/>\n<meta property=\"article:modified_time\" content=\"2024-09-24T16:19:51+00:00\" \/>\n<meta property=\"og:image\" content=\"https:\/\/haverskerque.fr\/wp-content\/uploads\/2023\/02\/bandeblanche.jpg\" \/>\n<meta name=\"twitter:card\" content=\"summary_large_image\" \/>\n<meta name=\"twitter:label1\" content=\"Dur\u00e9e de lecture estim\u00e9e\" \/>\n\t<meta name=\"twitter:data1\" content=\"5 minutes\" \/>\n<script type=\"application\/ld+json\" class=\"yoast-schema-graph\">{\"@context\":\"https:\\\/\\\/schema.org\",\"@graph\":[{\"@type\":\"WebPage\",\"@id\":\"https:\\\/\\\/www.haverskerque.fr\\\/index.php\\\/le-blason-dhaverskerque\\\/\",\"url\":\"https:\\\/\\\/www.haverskerque.fr\\\/index.php\\\/le-blason-dhaverskerque\\\/\",\"name\":\"Le blason d\u2019Haverskerque * Haverskerque, 100% Nature !*\",\"isPartOf\":{\"@id\":\"https:\\\/\\\/haverskerque.fr\\\/#website\"},\"primaryImageOfPage\":{\"@id\":\"https:\\\/\\\/www.haverskerque.fr\\\/index.php\\\/le-blason-dhaverskerque\\\/#primaryimage\"},\"image\":{\"@id\":\"https:\\\/\\\/www.haverskerque.fr\\\/index.php\\\/le-blason-dhaverskerque\\\/#primaryimage\"},\"thumbnailUrl\":\"https:\\\/\\\/haverskerque.fr\\\/wp-content\\\/uploads\\\/2023\\\/02\\\/bandeblanche.jpg\",\"datePublished\":\"2023-03-02T09:33:23+00:00\",\"dateModified\":\"2024-09-24T16:19:51+00:00\",\"breadcrumb\":{\"@id\":\"https:\\\/\\\/www.haverskerque.fr\\\/index.php\\\/le-blason-dhaverskerque\\\/#breadcrumb\"},\"inLanguage\":\"fr-FR\",\"potentialAction\":[{\"@type\":\"ReadAction\",\"target\":[\"https:\\\/\\\/www.haverskerque.fr\\\/index.php\\\/le-blason-dhaverskerque\\\/\"]}]},{\"@type\":\"ImageObject\",\"inLanguage\":\"fr-FR\",\"@id\":\"https:\\\/\\\/www.haverskerque.fr\\\/index.php\\\/le-blason-dhaverskerque\\\/#primaryimage\",\"url\":\"https:\\\/\\\/haverskerque.fr\\\/wp-content\\\/uploads\\\/2023\\\/02\\\/bandeblanche.jpg\",\"contentUrl\":\"https:\\\/\\\/haverskerque.fr\\\/wp-content\\\/uploads\\\/2023\\\/02\\\/bandeblanche.jpg\"},{\"@type\":\"BreadcrumbList\",\"@id\":\"https:\\\/\\\/www.haverskerque.fr\\\/index.php\\\/le-blason-dhaverskerque\\\/#breadcrumb\",\"itemListElement\":[{\"@type\":\"ListItem\",\"position\":1,\"name\":\"Accueil\",\"item\":\"https:\\\/\\\/www.haverskerque.fr\\\/\"},{\"@type\":\"ListItem\",\"position\":2,\"name\":\"Le blason d\u2019Haverskerque\"}]},{\"@type\":\"WebSite\",\"@id\":\"https:\\\/\\\/haverskerque.fr\\\/#website\",\"url\":\"https:\\\/\\\/haverskerque.fr\\\/\",\"name\":\"Haverskerque\",\"description\":\"Haverskerque, 100% Nature !\",\"publisher\":{\"@id\":\"https:\\\/\\\/haverskerque.fr\\\/#organization\"},\"alternateName\":\"Haverskerque\",\"potentialAction\":[{\"@type\":\"SearchAction\",\"target\":{\"@type\":\"EntryPoint\",\"urlTemplate\":\"https:\\\/\\\/haverskerque.fr\\\/?s={search_term_string}\"},\"query-input\":{\"@type\":\"PropertyValueSpecification\",\"valueRequired\":true,\"valueName\":\"search_term_string\"}}],\"inLanguage\":\"fr-FR\"},{\"@type\":\"Organization\",\"@id\":\"https:\\\/\\\/haverskerque.fr\\\/#organization\",\"name\":\"Commune d'Haverskerque\",\"alternateName\":\"Commune d'Haverskerque\",\"url\":\"https:\\\/\\\/haverskerque.fr\\\/\",\"logo\":{\"@type\":\"ImageObject\",\"inLanguage\":\"fr-FR\",\"@id\":\"https:\\\/\\\/haverskerque.fr\\\/#\\\/schema\\\/logo\\\/image\\\/\",\"url\":\"https:\\\/\\\/haverskerque.fr\\\/wp-content\\\/uploads\\\/2024\\\/01\\\/siteon0-e5814-1.png\",\"contentUrl\":\"https:\\\/\\\/haverskerque.fr\\\/wp-content\\\/uploads\\\/2024\\\/01\\\/siteon0-e5814-1.png\",\"width\":236,\"height\":102,\"caption\":\"Commune d'Haverskerque\"},\"image\":{\"@id\":\"https:\\\/\\\/haverskerque.fr\\\/#\\\/schema\\\/logo\\\/image\\\/\"},\"sameAs\":[\"https:\\\/\\\/www.facebook.com\\\/communehaverskerque\",\"https:\\\/\\\/www.instagram.com\\\/communehaverskerque\\\/\"]}]}<\/script>\n<!-- \/ Yoast SEO plugin. -->","yoast_head_json":{"title":"Le blason d\u2019Haverskerque * Haverskerque, 100% Nature !*","robots":{"index":"index","follow":"follow","max-snippet":"max-snippet:-1","max-image-preview":"max-image-preview:large","max-video-preview":"max-video-preview:-1"},"canonical":"https:\/\/www.haverskerque.fr\/index.php\/le-blason-dhaverskerque\/","og_locale":"fr_FR","og_type":"article","og_title":"Le blason d\u2019Haverskerque * Haverskerque, 100% Nature !*","og_description":"| Le blason d\u2019Haverskerque est un \u00e9cu d\u2019or \u00e0 la fasce de gueules. La fasce est en h\u00e9raldique (science des armoiries), la bande occupant horizontalement le tiers central de l\u2019\u00e9cu et s\u00e9parant le chef et la pointe. L\u2019\u00e9cu de couleur or est teint\u00e9 de gueules c\u2019est-\u00e0-dire d\u2019une bande horizontale de couleur rouge. Ces armoiries d\u2019une antique simplicit\u00e9 sont celles de la vieille maison chevaleresque qui occupa la terre d\u2019Haveskercke-sur-la-Lys d\u00e9s la fin du XIe si\u00e8cle : les seigneurs d\u2019HAVESKERCKE (la consonne R n\u2019appara\u00eet qu\u2019\u00e0 la R\u00e9volution). En effet, un document ancien signale la mort au combat de Th\u00e9odorie, sire de Haveskercke en 1072, \u00ab ses armes portant d\u2019or \u00e0 la fasce de gueules \u00bb Le 1er sceau armorial connu avec ces armes est celui de Baudouin II de Haveskercke, chevalier en 1197. Ce cognat (parent\u00e9 n\u00e9 des liens du sang) est apparent\u00e9 \u00e0 son contemporain Giselberg de Haveskercke, forestier de Philippe d\u2019Alsace, comte de Flandre. Le fils de Giselbert scelle lui aussi d\u2019une fasce rouge d\u00e9s 1229. Plusieurs sp\u00e9cimens de ce sceau subsistent au bas de chartes \u00e0 Gand, Lille, Paris et Arras. En scellant \u00ab \u00e0 cheval \u00bb, Jehan II manifeste le prestige de sa lign\u00e9e. La fasce se retrouve non seulement sur le bouclier, mais aussi sur l\u2019\u00e9pauli\u00e8re du chevalier et sur l\u2019ample capara\u00e7on du cheval. Gilles d\u2019Haverskerque, seigneur de Watten, portent les m\u00eames armes avec un lambel \u00e0 trois pendants pour brisure, la brisure \u00e9tant une modification des armoiries pour distinguer une branche cadette ou b\u00e2tarde de la ligne principale ou l\u00e9gitime : un petit \u00e9cusson d\u2019un pouce de hauteur portant ces armoiries a \u00e9t\u00e9 retrouv\u00e9 \u00e0 Th\u00e9rouanne (cabinet de Monsieur Legrand, archives de St Omer). | Pennon h\u00e9raldique de HAVESKERCKE (XVIIe si\u00e8cle) Dans ce pennon peint dans un manuscrit g\u00e9n\u00e9alogique de Haveskercke, le miniaturiste a reproduit 13 alliances imaginaires invent\u00e9es par le h\u00e9raut d\u2019armes, Jean de Launay et 9 alliances authentiques dont celles de Saint Omer d\u2019azur \u00e0 la fasce d\u2019or (13e quartier). N\u00e9cessit\u00e9 militaire, les armoiries sont apparues dans toute l\u2019Europe au XIIe si\u00e8cle. Embl\u00e8mes sur les \u00e9cus, flammes, oriflammes, ils permettent de reconna\u00eetre les chevaliers dans les guerres, les croisades et les tournois aux temps o\u00f9 les uniformes n\u2019existaient pas. L\u2019\u00e9cu d\u2019or \u00e0 la fasce de gueules est toujours l\u2019embl\u00e8me des Haverskerquois : on le trouve au coin des rues, sur les maillots des footballeurs, les autocollants, les fanions, le papier officiel de la mairie, certaines compositions florales\u2026 m\u00eame sur une porte int\u00e9rieure du ch\u00e2teau de Morbecque &#8211; disons, ce qu\u2019il en reste &#8211; les Montmorency ayant \u00e9t\u00e9 \u00e0 certaines \u00e9poques, barons d\u2019Haverskerque.","og_url":"https:\/\/www.haverskerque.fr\/index.php\/le-blason-dhaverskerque\/","og_site_name":"Haverskerque, 100% Nature !*","article_publisher":"https:\/\/www.facebook.com\/communehaverskerque","article_modified_time":"2024-09-24T16:19:51+00:00","og_image":[{"url":"https:\/\/haverskerque.fr\/wp-content\/uploads\/2023\/02\/bandeblanche.jpg","type":"","width":"","height":""}],"twitter_card":"summary_large_image","twitter_misc":{"Dur\u00e9e de lecture estim\u00e9e":"5 minutes"},"schema":{"@context":"https:\/\/schema.org","@graph":[{"@type":"WebPage","@id":"https:\/\/www.haverskerque.fr\/index.php\/le-blason-dhaverskerque\/","url":"https:\/\/www.haverskerque.fr\/index.php\/le-blason-dhaverskerque\/","name":"Le blason d\u2019Haverskerque * Haverskerque, 100% Nature !*","isPartOf":{"@id":"https:\/\/haverskerque.fr\/#website"},"primaryImageOfPage":{"@id":"https:\/\/www.haverskerque.fr\/index.php\/le-blason-dhaverskerque\/#primaryimage"},"image":{"@id":"https:\/\/www.haverskerque.fr\/index.php\/le-blason-dhaverskerque\/#primaryimage"},"thumbnailUrl":"https:\/\/haverskerque.fr\/wp-content\/uploads\/2023\/02\/bandeblanche.jpg","datePublished":"2023-03-02T09:33:23+00:00","dateModified":"2024-09-24T16:19:51+00:00","breadcrumb":{"@id":"https:\/\/www.haverskerque.fr\/index.php\/le-blason-dhaverskerque\/#breadcrumb"},"inLanguage":"fr-FR","potentialAction":[{"@type":"ReadAction","target":["https:\/\/www.haverskerque.fr\/index.php\/le-blason-dhaverskerque\/"]}]},{"@type":"ImageObject","inLanguage":"fr-FR","@id":"https:\/\/www.haverskerque.fr\/index.php\/le-blason-dhaverskerque\/#primaryimage","url":"https:\/\/haverskerque.fr\/wp-content\/uploads\/2023\/02\/bandeblanche.jpg","contentUrl":"https:\/\/haverskerque.fr\/wp-content\/uploads\/2023\/02\/bandeblanche.jpg"},{"@type":"BreadcrumbList","@id":"https:\/\/www.haverskerque.fr\/index.php\/le-blason-dhaverskerque\/#breadcrumb","itemListElement":[{"@type":"ListItem","position":1,"name":"Accueil","item":"https:\/\/www.haverskerque.fr\/"},{"@type":"ListItem","position":2,"name":"Le blason d\u2019Haverskerque"}]},{"@type":"WebSite","@id":"https:\/\/haverskerque.fr\/#website","url":"https:\/\/haverskerque.fr\/","name":"Haverskerque","description":"Haverskerque, 100% Nature !","publisher":{"@id":"https:\/\/haverskerque.fr\/#organization"},"alternateName":"Haverskerque","potentialAction":[{"@type":"SearchAction","target":{"@type":"EntryPoint","urlTemplate":"https:\/\/haverskerque.fr\/?s={search_term_string}"},"query-input":{"@type":"PropertyValueSpecification","valueRequired":true,"valueName":"search_term_string"}}],"inLanguage":"fr-FR"},{"@type":"Organization","@id":"https:\/\/haverskerque.fr\/#organization","name":"Commune d'Haverskerque","alternateName":"Commune d'Haverskerque","url":"https:\/\/haverskerque.fr\/","logo":{"@type":"ImageObject","inLanguage":"fr-FR","@id":"https:\/\/haverskerque.fr\/#\/schema\/logo\/image\/","url":"https:\/\/haverskerque.fr\/wp-content\/uploads\/2024\/01\/siteon0-e5814-1.png","contentUrl":"https:\/\/haverskerque.fr\/wp-content\/uploads\/2024\/01\/siteon0-e5814-1.png","width":236,"height":102,"caption":"Commune d'Haverskerque"},"image":{"@id":"https:\/\/haverskerque.fr\/#\/schema\/logo\/image\/"},"sameAs":["https:\/\/www.facebook.com\/communehaverskerque","https:\/\/www.instagram.com\/communehaverskerque\/"]}]}},"_links":{"self":[{"href":"https:\/\/www.haverskerque.fr\/index.php\/wp-json\/wp\/v2\/pages\/986","targetHints":{"allow":["GET"]}}],"collection":[{"href":"https:\/\/www.haverskerque.fr\/index.php\/wp-json\/wp\/v2\/pages"}],"about":[{"href":"https:\/\/www.haverskerque.fr\/index.php\/wp-json\/wp\/v2\/types\/page"}],"author":[{"embeddable":true,"href":"https:\/\/www.haverskerque.fr\/index.php\/wp-json\/wp\/v2\/users\/1"}],"replies":[{"embeddable":true,"href":"https:\/\/www.haverskerque.fr\/index.php\/wp-json\/wp\/v2\/comments?post=986"}],"version-history":[{"count":15,"href":"https:\/\/www.haverskerque.fr\/index.php\/wp-json\/wp\/v2\/pages\/986\/revisions"}],"predecessor-version":[{"id":8702,"href":"https:\/\/www.haverskerque.fr\/index.php\/wp-json\/wp\/v2\/pages\/986\/revisions\/8702"}],"wp:attachment":[{"href":"https:\/\/www.haverskerque.fr\/index.php\/wp-json\/wp\/v2\/media?parent=986"}],"curies":[{"name":"wp","href":"https:\/\/api.w.org\/{rel}","templated":true}]}}