{"id":976,"date":"2023-03-02T10:25:17","date_gmt":"2023-03-02T09:25:17","guid":{"rendered":"http:\/\/barbry.esy.es\/?page_id=976"},"modified":"2024-06-07T11:36:39","modified_gmt":"2024-06-07T09:36:39","slug":"lappellation-haverskerque","status":"publish","type":"page","link":"https:\/\/www.haverskerque.fr\/index.php\/lappellation-haverskerque\/","title":{"rendered":"L\u2019appellation Haverskerque"},"content":{"rendered":"\n<p><mark style=\"background-color:rgba(0, 0, 0, 0);color:#00a018\" class=\"has-inline-color\">|<\/mark> <em>La terre d\u2019Haveskercke-sur-la-Lys, ancienne banni\u00e8re de Flandre, est apparue au XIe si\u00e8cle avec ses 1ers seigneurs porteurs du nom : les Haveskercke.<\/em><\/p>\n\n\n\n<figure class=\"wp-block-image size-full\"><img loading=\"lazy\" decoding=\"async\" width=\"593\" height=\"45\" src=\"https:\/\/haverskerque.fr\/wp-content\/uploads\/2023\/02\/bandeblanche.jpg\" alt=\"\" class=\"wp-image-381\" srcset=\"https:\/\/www.haverskerque.fr\/wp-content\/uploads\/2023\/02\/bandeblanche.jpg 593w, https:\/\/www.haverskerque.fr\/wp-content\/uploads\/2023\/02\/bandeblanche-300x23.jpg 300w\" sizes=\"auto, (max-width: 593px) 100vw, 593px\" \/><\/figure>\n\n\n\n<h3 class=\"wp-block-heading\"><mark style=\"background-color:rgba(0, 0, 0, 0);color:#00a018\" class=\"has-inline-color\">|<\/mark> <strong>Origine du nom<\/strong><\/h3>\n\n\n\n<figure class=\"wp-block-image size-full\"><img loading=\"lazy\" decoding=\"async\" width=\"593\" height=\"45\" src=\"https:\/\/haverskerque.fr\/wp-content\/uploads\/2023\/02\/bandeblanche.jpg\" alt=\"\" class=\"wp-image-381\" srcset=\"https:\/\/www.haverskerque.fr\/wp-content\/uploads\/2023\/02\/bandeblanche.jpg 593w, https:\/\/www.haverskerque.fr\/wp-content\/uploads\/2023\/02\/bandeblanche-300x23.jpg 300w\" sizes=\"auto, (max-width: 593px) 100vw, 593px\" \/><\/figure>\n\n\n\n<p>Les g\u00e9n\u00e9alogistes mentionnent les noms de cette famille, avec des orthographes hybrides du k et du qu :<\/p>\n\n\n\n<ul class=\"wp-block-list\">\n<li>N\u00e9erlandais : van Haveskercke ou Haefskerke<\/li>\n\n\n\n<li>Fran\u00e7ais : de Haveskercke ou Haversquerque<\/li>\n\n\n\n<li>Latin : Haveskesta ou Haviskerka<\/li>\n<\/ul>\n\n\n\n<p>A noter que la consonne r parasite ne date que de la fin du XVIIIe si\u00e8cle.<\/p>\n\n\n\n<figure class=\"wp-block-image size-full\"><img loading=\"lazy\" decoding=\"async\" width=\"593\" height=\"45\" src=\"https:\/\/haverskerque.fr\/wp-content\/uploads\/2023\/02\/bandeblanche.jpg\" alt=\"\" class=\"wp-image-381\" srcset=\"https:\/\/www.haverskerque.fr\/wp-content\/uploads\/2023\/02\/bandeblanche.jpg 593w, https:\/\/www.haverskerque.fr\/wp-content\/uploads\/2023\/02\/bandeblanche-300x23.jpg 300w\" sizes=\"auto, (max-width: 593px) 100vw, 593px\" \/><\/figure>\n\n\n\n<h3 class=\"wp-block-heading\"><mark style=\"background-color:rgba(0, 0, 0, 0);color:#00a018\" class=\"has-inline-color\">|<\/mark> <strong>\u00c9tymologies<\/strong><\/h3>\n\n\n\n<figure class=\"wp-block-image size-full\"><img loading=\"lazy\" decoding=\"async\" width=\"593\" height=\"45\" src=\"https:\/\/haverskerque.fr\/wp-content\/uploads\/2023\/02\/bandeblanche.jpg\" alt=\"\" class=\"wp-image-381\" srcset=\"https:\/\/www.haverskerque.fr\/wp-content\/uploads\/2023\/02\/bandeblanche.jpg 593w, https:\/\/www.haverskerque.fr\/wp-content\/uploads\/2023\/02\/bandeblanche-300x23.jpg 300w\" sizes=\"auto, (max-width: 593px) 100vw, 593px\" \/><\/figure>\n\n\n\n<p>Parmi diverses \u00e9tymologies avanc\u00e9es, citons ces quatre explications dont la derni\u00e8re est sans doute la plus connue et peut-\u00eatre, la plus vraisemblable :<\/p>\n\n\n\n<p>Havis = seigneur du lieu + kerke = \u00e9glise : le nom d\u2019Haviskerka appara\u00eet d\u00e9s 1047<br>Haze = Haes + kerke = \u00e9glise : comme en t\u00e9moigne cette carte de la Flandre vers 1550.<\/p>\n\n\n\n<p><br>C\u2019est aussi celle de l\u2019historien Grammaye qui \u00e9crit que le nom primitif du village \u00e9tait Haeskercke ou Hazekerke, Haes \u00e9tant le fils naturel du comte de Flandre, Louis de Nevers appel\u00e9 le Haes de Flandre.<\/p>\n\n\n\n<p>Havik = autour + kerke = \u00e9glise : le clocher de l\u2019\u00e9glise aurait-il h\u00e9berg\u00e9 des autours, oiseaux de proie appr\u00e9ci\u00e9s en fauconnerie ?<\/p>\n\n\n\n<p>Haver = havre, port + kerke = \u00e9glise : l\u2019\u00e9glise sur le port : l\u2019\u00e9glise de Haveskercke situ\u00e9e en bordure de la Vieille Lys aurait donn\u00e9 son nom au village et \u00e0 ses seigneurs.<\/p>\n\n\n\n<figure class=\"wp-block-image size-full\"><img loading=\"lazy\" decoding=\"async\" width=\"593\" height=\"45\" src=\"https:\/\/haverskerque.fr\/wp-content\/uploads\/2023\/02\/bandeblanche.jpg\" alt=\"\" class=\"wp-image-381\" srcset=\"https:\/\/www.haverskerque.fr\/wp-content\/uploads\/2023\/02\/bandeblanche.jpg 593w, https:\/\/www.haverskerque.fr\/wp-content\/uploads\/2023\/02\/bandeblanche-300x23.jpg 300w\" sizes=\"auto, (max-width: 593px) 100vw, 593px\" \/><\/figure>\n\n\n<div class=\"wp-block-image\">\n<figure class=\"aligncenter size-full\"><img loading=\"lazy\" decoding=\"async\" width=\"450\" height=\"640\" src=\"http:\/\/barbry.esy.es\/wp-content\/uploads\/2023\/03\/carte-haveskercke-dcb12.jpg\" alt=\"\" class=\"wp-image-977\" srcset=\"https:\/\/www.haverskerque.fr\/wp-content\/uploads\/2023\/03\/carte-haveskercke-dcb12.jpg 450w, https:\/\/www.haverskerque.fr\/wp-content\/uploads\/2023\/03\/carte-haveskercke-dcb12-211x300.jpg 211w\" sizes=\"auto, (max-width: 450px) 100vw, 450px\" \/><figcaption class=\"wp-element-caption\">La Flandre du temps de Charles Quint &#8211; Carte Mercator<\/figcaption><\/figure>\n<\/div>","protected":false},"excerpt":{"rendered":"<p>| La terre d\u2019Haveskercke-sur-la-Lys, ancienne banni\u00e8re de Flandre, est apparue au XIe si\u00e8cle avec ses 1ers seigneurs porteurs du nom : les Haveskercke. | Origine du nom Les g\u00e9n\u00e9alogistes mentionnent les noms de cette famille, avec des orthographes hybrides du k et du qu : A noter que la consonne r parasite ne date que de la fin du XVIIIe si\u00e8cle. | \u00c9tymologies Parmi diverses \u00e9tymologies avanc\u00e9es, citons ces quatre explications dont la derni\u00e8re est sans doute la plus connue et peut-\u00eatre, la plus vraisemblable : Havis = seigneur du lieu + kerke = \u00e9glise : le nom d\u2019Haviskerka appara\u00eet d\u00e9s 1047Haze = Haes + kerke = \u00e9glise : comme en t\u00e9moigne cette carte de la Flandre vers 1550. C\u2019est aussi celle de l\u2019historien Grammaye qui \u00e9crit que le nom primitif du village \u00e9tait Haeskercke ou Hazekerke, Haes \u00e9tant le fils naturel du comte de Flandre, Louis de Nevers appel\u00e9 le Haes de Flandre. Havik = autour + kerke = \u00e9glise : le clocher de l\u2019\u00e9glise aurait-il h\u00e9berg\u00e9 des autours, oiseaux de proie appr\u00e9ci\u00e9s en fauconnerie ? Haver = havre, port + kerke = \u00e9glise : l\u2019\u00e9glise sur le port : l\u2019\u00e9glise de Haveskercke situ\u00e9e en bordure de la Vieille Lys aurait donn\u00e9 son nom au village et \u00e0 ses seigneurs.<\/p>\n","protected":false},"author":1,"featured_media":0,"parent":0,"menu_order":0,"comment_status":"closed","ping_status":"closed","template":"","meta":{"cybocfi_hide_featured_image":"","footnotes":""},"class_list":["post-976","page","type-page","status-publish","hentry"],"yoast_head":"<!-- This site is optimized with the Yoast SEO plugin v27.5 - https:\/\/yoast.com\/product\/yoast-seo-wordpress\/ -->\n<title>L\u2019appellation Haverskerque * Haverskerque, 100% Nature !*<\/title>\n<meta name=\"robots\" content=\"index, follow, max-snippet:-1, max-image-preview:large, max-video-preview:-1\" \/>\n<link rel=\"canonical\" href=\"https:\/\/www.haverskerque.fr\/index.php\/lappellation-haverskerque\/\" \/>\n<meta property=\"og:locale\" content=\"fr_FR\" \/>\n<meta property=\"og:type\" content=\"article\" \/>\n<meta property=\"og:title\" content=\"L\u2019appellation Haverskerque * Haverskerque, 100% Nature !*\" \/>\n<meta property=\"og:description\" content=\"| La terre d\u2019Haveskercke-sur-la-Lys, ancienne banni\u00e8re de Flandre, est apparue au XIe si\u00e8cle avec ses 1ers seigneurs porteurs du nom : les Haveskercke. | Origine du nom Les g\u00e9n\u00e9alogistes mentionnent les noms de cette famille, avec des orthographes hybrides du k et du qu : A noter que la consonne r parasite ne date que de la fin du XVIIIe si\u00e8cle. | \u00c9tymologies Parmi diverses \u00e9tymologies avanc\u00e9es, citons ces quatre explications dont la derni\u00e8re est sans doute la plus connue et peut-\u00eatre, la plus vraisemblable : Havis = seigneur du lieu + kerke = \u00e9glise : le nom d\u2019Haviskerka appara\u00eet d\u00e9s 1047Haze = Haes + kerke = \u00e9glise : comme en t\u00e9moigne cette carte de la Flandre vers 1550. C\u2019est aussi celle de l\u2019historien Grammaye qui \u00e9crit que le nom primitif du village \u00e9tait Haeskercke ou Hazekerke, Haes \u00e9tant le fils naturel du comte de Flandre, Louis de Nevers appel\u00e9 le Haes de Flandre. Havik = autour + kerke = \u00e9glise : le clocher de l\u2019\u00e9glise aurait-il h\u00e9berg\u00e9 des autours, oiseaux de proie appr\u00e9ci\u00e9s en fauconnerie ? Haver = havre, port + kerke = \u00e9glise : l\u2019\u00e9glise sur le port : l\u2019\u00e9glise de Haveskercke situ\u00e9e en bordure de la Vieille Lys aurait donn\u00e9 son nom au village et \u00e0 ses seigneurs.\" \/>\n<meta property=\"og:url\" content=\"https:\/\/www.haverskerque.fr\/index.php\/lappellation-haverskerque\/\" \/>\n<meta property=\"og:site_name\" content=\"Haverskerque, 100% Nature !*\" \/>\n<meta property=\"article:publisher\" content=\"https:\/\/www.facebook.com\/communehaverskerque\" \/>\n<meta property=\"article:modified_time\" content=\"2024-06-07T09:36:39+00:00\" \/>\n<meta property=\"og:image\" content=\"https:\/\/haverskerque.fr\/wp-content\/uploads\/2023\/02\/bandeblanche.jpg\" \/>\n<meta name=\"twitter:card\" content=\"summary_large_image\" \/>\n<meta name=\"twitter:label1\" content=\"Dur\u00e9e de lecture estim\u00e9e\" \/>\n\t<meta name=\"twitter:data1\" content=\"3 minutes\" \/>\n<script type=\"application\/ld+json\" class=\"yoast-schema-graph\">{\"@context\":\"https:\\\/\\\/schema.org\",\"@graph\":[{\"@type\":\"WebPage\",\"@id\":\"https:\\\/\\\/www.haverskerque.fr\\\/index.php\\\/lappellation-haverskerque\\\/\",\"url\":\"https:\\\/\\\/www.haverskerque.fr\\\/index.php\\\/lappellation-haverskerque\\\/\",\"name\":\"L\u2019appellation Haverskerque * Haverskerque, 100% Nature !*\",\"isPartOf\":{\"@id\":\"https:\\\/\\\/haverskerque.fr\\\/#website\"},\"primaryImageOfPage\":{\"@id\":\"https:\\\/\\\/www.haverskerque.fr\\\/index.php\\\/lappellation-haverskerque\\\/#primaryimage\"},\"image\":{\"@id\":\"https:\\\/\\\/www.haverskerque.fr\\\/index.php\\\/lappellation-haverskerque\\\/#primaryimage\"},\"thumbnailUrl\":\"https:\\\/\\\/haverskerque.fr\\\/wp-content\\\/uploads\\\/2023\\\/02\\\/bandeblanche.jpg\",\"datePublished\":\"2023-03-02T09:25:17+00:00\",\"dateModified\":\"2024-06-07T09:36:39+00:00\",\"breadcrumb\":{\"@id\":\"https:\\\/\\\/www.haverskerque.fr\\\/index.php\\\/lappellation-haverskerque\\\/#breadcrumb\"},\"inLanguage\":\"fr-FR\",\"potentialAction\":[{\"@type\":\"ReadAction\",\"target\":[\"https:\\\/\\\/www.haverskerque.fr\\\/index.php\\\/lappellation-haverskerque\\\/\"]}]},{\"@type\":\"ImageObject\",\"inLanguage\":\"fr-FR\",\"@id\":\"https:\\\/\\\/www.haverskerque.fr\\\/index.php\\\/lappellation-haverskerque\\\/#primaryimage\",\"url\":\"https:\\\/\\\/haverskerque.fr\\\/wp-content\\\/uploads\\\/2023\\\/02\\\/bandeblanche.jpg\",\"contentUrl\":\"https:\\\/\\\/haverskerque.fr\\\/wp-content\\\/uploads\\\/2023\\\/02\\\/bandeblanche.jpg\"},{\"@type\":\"BreadcrumbList\",\"@id\":\"https:\\\/\\\/www.haverskerque.fr\\\/index.php\\\/lappellation-haverskerque\\\/#breadcrumb\",\"itemListElement\":[{\"@type\":\"ListItem\",\"position\":1,\"name\":\"Accueil\",\"item\":\"https:\\\/\\\/www.haverskerque.fr\\\/\"},{\"@type\":\"ListItem\",\"position\":2,\"name\":\"L\u2019appellation Haverskerque\"}]},{\"@type\":\"WebSite\",\"@id\":\"https:\\\/\\\/haverskerque.fr\\\/#website\",\"url\":\"https:\\\/\\\/haverskerque.fr\\\/\",\"name\":\"Haverskerque\",\"description\":\"Haverskerque, 100% Nature !\",\"publisher\":{\"@id\":\"https:\\\/\\\/haverskerque.fr\\\/#organization\"},\"alternateName\":\"Haverskerque\",\"potentialAction\":[{\"@type\":\"SearchAction\",\"target\":{\"@type\":\"EntryPoint\",\"urlTemplate\":\"https:\\\/\\\/haverskerque.fr\\\/?s={search_term_string}\"},\"query-input\":{\"@type\":\"PropertyValueSpecification\",\"valueRequired\":true,\"valueName\":\"search_term_string\"}}],\"inLanguage\":\"fr-FR\"},{\"@type\":\"Organization\",\"@id\":\"https:\\\/\\\/haverskerque.fr\\\/#organization\",\"name\":\"Commune d'Haverskerque\",\"alternateName\":\"Commune d'Haverskerque\",\"url\":\"https:\\\/\\\/haverskerque.fr\\\/\",\"logo\":{\"@type\":\"ImageObject\",\"inLanguage\":\"fr-FR\",\"@id\":\"https:\\\/\\\/haverskerque.fr\\\/#\\\/schema\\\/logo\\\/image\\\/\",\"url\":\"https:\\\/\\\/haverskerque.fr\\\/wp-content\\\/uploads\\\/2024\\\/01\\\/siteon0-e5814-1.png\",\"contentUrl\":\"https:\\\/\\\/haverskerque.fr\\\/wp-content\\\/uploads\\\/2024\\\/01\\\/siteon0-e5814-1.png\",\"width\":236,\"height\":102,\"caption\":\"Commune d'Haverskerque\"},\"image\":{\"@id\":\"https:\\\/\\\/haverskerque.fr\\\/#\\\/schema\\\/logo\\\/image\\\/\"},\"sameAs\":[\"https:\\\/\\\/www.facebook.com\\\/communehaverskerque\",\"https:\\\/\\\/www.instagram.com\\\/communehaverskerque\\\/\"]}]}<\/script>\n<!-- \/ Yoast SEO plugin. -->","yoast_head_json":{"title":"L\u2019appellation Haverskerque * Haverskerque, 100% Nature !*","robots":{"index":"index","follow":"follow","max-snippet":"max-snippet:-1","max-image-preview":"max-image-preview:large","max-video-preview":"max-video-preview:-1"},"canonical":"https:\/\/www.haverskerque.fr\/index.php\/lappellation-haverskerque\/","og_locale":"fr_FR","og_type":"article","og_title":"L\u2019appellation Haverskerque * Haverskerque, 100% Nature !*","og_description":"| La terre d\u2019Haveskercke-sur-la-Lys, ancienne banni\u00e8re de Flandre, est apparue au XIe si\u00e8cle avec ses 1ers seigneurs porteurs du nom : les Haveskercke. | Origine du nom Les g\u00e9n\u00e9alogistes mentionnent les noms de cette famille, avec des orthographes hybrides du k et du qu : A noter que la consonne r parasite ne date que de la fin du XVIIIe si\u00e8cle. | \u00c9tymologies Parmi diverses \u00e9tymologies avanc\u00e9es, citons ces quatre explications dont la derni\u00e8re est sans doute la plus connue et peut-\u00eatre, la plus vraisemblable : Havis = seigneur du lieu + kerke = \u00e9glise : le nom d\u2019Haviskerka appara\u00eet d\u00e9s 1047Haze = Haes + kerke = \u00e9glise : comme en t\u00e9moigne cette carte de la Flandre vers 1550. C\u2019est aussi celle de l\u2019historien Grammaye qui \u00e9crit que le nom primitif du village \u00e9tait Haeskercke ou Hazekerke, Haes \u00e9tant le fils naturel du comte de Flandre, Louis de Nevers appel\u00e9 le Haes de Flandre. Havik = autour + kerke = \u00e9glise : le clocher de l\u2019\u00e9glise aurait-il h\u00e9berg\u00e9 des autours, oiseaux de proie appr\u00e9ci\u00e9s en fauconnerie ? Haver = havre, port + kerke = \u00e9glise : l\u2019\u00e9glise sur le port : l\u2019\u00e9glise de Haveskercke situ\u00e9e en bordure de la Vieille Lys aurait donn\u00e9 son nom au village et \u00e0 ses seigneurs.","og_url":"https:\/\/www.haverskerque.fr\/index.php\/lappellation-haverskerque\/","og_site_name":"Haverskerque, 100% Nature !*","article_publisher":"https:\/\/www.facebook.com\/communehaverskerque","article_modified_time":"2024-06-07T09:36:39+00:00","og_image":[{"url":"https:\/\/haverskerque.fr\/wp-content\/uploads\/2023\/02\/bandeblanche.jpg","type":"","width":"","height":""}],"twitter_card":"summary_large_image","twitter_misc":{"Dur\u00e9e de lecture estim\u00e9e":"3 minutes"},"schema":{"@context":"https:\/\/schema.org","@graph":[{"@type":"WebPage","@id":"https:\/\/www.haverskerque.fr\/index.php\/lappellation-haverskerque\/","url":"https:\/\/www.haverskerque.fr\/index.php\/lappellation-haverskerque\/","name":"L\u2019appellation Haverskerque * Haverskerque, 100% Nature !*","isPartOf":{"@id":"https:\/\/haverskerque.fr\/#website"},"primaryImageOfPage":{"@id":"https:\/\/www.haverskerque.fr\/index.php\/lappellation-haverskerque\/#primaryimage"},"image":{"@id":"https:\/\/www.haverskerque.fr\/index.php\/lappellation-haverskerque\/#primaryimage"},"thumbnailUrl":"https:\/\/haverskerque.fr\/wp-content\/uploads\/2023\/02\/bandeblanche.jpg","datePublished":"2023-03-02T09:25:17+00:00","dateModified":"2024-06-07T09:36:39+00:00","breadcrumb":{"@id":"https:\/\/www.haverskerque.fr\/index.php\/lappellation-haverskerque\/#breadcrumb"},"inLanguage":"fr-FR","potentialAction":[{"@type":"ReadAction","target":["https:\/\/www.haverskerque.fr\/index.php\/lappellation-haverskerque\/"]}]},{"@type":"ImageObject","inLanguage":"fr-FR","@id":"https:\/\/www.haverskerque.fr\/index.php\/lappellation-haverskerque\/#primaryimage","url":"https:\/\/haverskerque.fr\/wp-content\/uploads\/2023\/02\/bandeblanche.jpg","contentUrl":"https:\/\/haverskerque.fr\/wp-content\/uploads\/2023\/02\/bandeblanche.jpg"},{"@type":"BreadcrumbList","@id":"https:\/\/www.haverskerque.fr\/index.php\/lappellation-haverskerque\/#breadcrumb","itemListElement":[{"@type":"ListItem","position":1,"name":"Accueil","item":"https:\/\/www.haverskerque.fr\/"},{"@type":"ListItem","position":2,"name":"L\u2019appellation Haverskerque"}]},{"@type":"WebSite","@id":"https:\/\/haverskerque.fr\/#website","url":"https:\/\/haverskerque.fr\/","name":"Haverskerque","description":"Haverskerque, 100% Nature !","publisher":{"@id":"https:\/\/haverskerque.fr\/#organization"},"alternateName":"Haverskerque","potentialAction":[{"@type":"SearchAction","target":{"@type":"EntryPoint","urlTemplate":"https:\/\/haverskerque.fr\/?s={search_term_string}"},"query-input":{"@type":"PropertyValueSpecification","valueRequired":true,"valueName":"search_term_string"}}],"inLanguage":"fr-FR"},{"@type":"Organization","@id":"https:\/\/haverskerque.fr\/#organization","name":"Commune d'Haverskerque","alternateName":"Commune d'Haverskerque","url":"https:\/\/haverskerque.fr\/","logo":{"@type":"ImageObject","inLanguage":"fr-FR","@id":"https:\/\/haverskerque.fr\/#\/schema\/logo\/image\/","url":"https:\/\/haverskerque.fr\/wp-content\/uploads\/2024\/01\/siteon0-e5814-1.png","contentUrl":"https:\/\/haverskerque.fr\/wp-content\/uploads\/2024\/01\/siteon0-e5814-1.png","width":236,"height":102,"caption":"Commune d'Haverskerque"},"image":{"@id":"https:\/\/haverskerque.fr\/#\/schema\/logo\/image\/"},"sameAs":["https:\/\/www.facebook.com\/communehaverskerque","https:\/\/www.instagram.com\/communehaverskerque\/"]}]}},"_links":{"self":[{"href":"https:\/\/www.haverskerque.fr\/index.php\/wp-json\/wp\/v2\/pages\/976","targetHints":{"allow":["GET"]}}],"collection":[{"href":"https:\/\/www.haverskerque.fr\/index.php\/wp-json\/wp\/v2\/pages"}],"about":[{"href":"https:\/\/www.haverskerque.fr\/index.php\/wp-json\/wp\/v2\/types\/page"}],"author":[{"embeddable":true,"href":"https:\/\/www.haverskerque.fr\/index.php\/wp-json\/wp\/v2\/users\/1"}],"replies":[{"embeddable":true,"href":"https:\/\/www.haverskerque.fr\/index.php\/wp-json\/wp\/v2\/comments?post=976"}],"version-history":[{"count":30,"href":"https:\/\/www.haverskerque.fr\/index.php\/wp-json\/wp\/v2\/pages\/976\/revisions"}],"predecessor-version":[{"id":8095,"href":"https:\/\/www.haverskerque.fr\/index.php\/wp-json\/wp\/v2\/pages\/976\/revisions\/8095"}],"wp:attachment":[{"href":"https:\/\/www.haverskerque.fr\/index.php\/wp-json\/wp\/v2\/media?parent=976"}],"curies":[{"name":"wp","href":"https:\/\/api.w.org\/{rel}","templated":true}]}}