{"id":4536,"date":"2023-07-07T08:15:31","date_gmt":"2023-07-07T06:15:31","guid":{"rendered":"http:\/\/barbry.esy.es\/?page_id=4536"},"modified":"2026-01-22T14:06:38","modified_gmt":"2026-01-22T13:06:38","slug":"garderie","status":"publish","type":"page","link":"https:\/\/www.haverskerque.fr\/index.php\/garderie\/","title":{"rendered":"Garderie"},"content":{"rendered":"<div class=\"wp-block-image\">\n<figure class=\"aligncenter size-large is-resized\"><img loading=\"lazy\" decoding=\"async\" width=\"1024\" height=\"576\" src=\"https:\/\/haverskerque.fr\/wp-content\/uploads\/2024\/03\/Garderie-1024x576.png\" alt=\"\" class=\"wp-image-7682\" style=\"object-fit:cover;width:700px;height:393px\" srcset=\"https:\/\/www.haverskerque.fr\/wp-content\/uploads\/2024\/03\/Garderie-1024x576.png 1024w, https:\/\/www.haverskerque.fr\/wp-content\/uploads\/2024\/03\/Garderie-300x169.png 300w, https:\/\/www.haverskerque.fr\/wp-content\/uploads\/2024\/03\/Garderie-768x432.png 768w, https:\/\/www.haverskerque.fr\/wp-content\/uploads\/2024\/03\/Garderie-1536x864.png 1536w, https:\/\/www.haverskerque.fr\/wp-content\/uploads\/2024\/03\/Garderie-1140x641.png 1140w, https:\/\/www.haverskerque.fr\/wp-content\/uploads\/2024\/03\/Garderie.png 1920w\" sizes=\"auto, (max-width: 1024px) 100vw, 1024px\" \/><\/figure>\n<\/div>\n\n\n<figure class=\"wp-block-image size-full\"><img loading=\"lazy\" decoding=\"async\" width=\"593\" height=\"45\" src=\"https:\/\/haverskerque.fr\/wp-content\/uploads\/2023\/02\/bandeblanche.jpg\" alt=\"\" class=\"wp-image-381\" srcset=\"https:\/\/www.haverskerque.fr\/wp-content\/uploads\/2023\/02\/bandeblanche.jpg 593w, https:\/\/www.haverskerque.fr\/wp-content\/uploads\/2023\/02\/bandeblanche-300x23.jpg 300w\" sizes=\"auto, (max-width: 593px) 100vw, 593px\" \/><\/figure>\n\n\n\n<p><mark style=\"background-color:rgba(0, 0, 0, 0);color:#00a018\" class=\"has-inline-color\">|<\/mark> <em>Vous avez besoin de faire garder votre enfant avant ou apr\u00e8s l&rsquo;\u00e9cole ? Retrouvez ici les modalit\u00e9s pratiques et le fonctionnement de notre service de garderie. <\/em><\/p>\n\n\n\n<figure class=\"wp-block-image size-full\"><img loading=\"lazy\" decoding=\"async\" width=\"593\" height=\"45\" src=\"https:\/\/haverskerque.fr\/wp-content\/uploads\/2023\/02\/bandeblanche.jpg\" alt=\"\" class=\"wp-image-381\" srcset=\"https:\/\/www.haverskerque.fr\/wp-content\/uploads\/2023\/02\/bandeblanche.jpg 593w, https:\/\/www.haverskerque.fr\/wp-content\/uploads\/2023\/02\/bandeblanche-300x23.jpg 300w\" sizes=\"auto, (max-width: 593px) 100vw, 593px\" \/><\/figure>\n\n\n\n<h3 class=\"wp-block-heading\"><mark style=\"background-color:rgba(0, 0, 0, 0);color:#00a018\" class=\"has-inline-color\">|<\/mark> <strong>Horaires<\/strong><\/h3>\n\n\n\n<figure class=\"wp-block-image size-full\"><img loading=\"lazy\" decoding=\"async\" width=\"593\" height=\"45\" src=\"https:\/\/haverskerque.fr\/wp-content\/uploads\/2023\/02\/bandeblanche.jpg\" alt=\"\" class=\"wp-image-381\" srcset=\"https:\/\/www.haverskerque.fr\/wp-content\/uploads\/2023\/02\/bandeblanche.jpg 593w, https:\/\/www.haverskerque.fr\/wp-content\/uploads\/2023\/02\/bandeblanche-300x23.jpg 300w\" sizes=\"auto, (max-width: 593px) 100vw, 593px\" \/><\/figure>\n\n\n\n<p>L&rsquo;accueil se fait le lundi, mardi, jeudi et vendredi, de 7h15 \u00e0 8h45 et de 16h30 \u00e0 18h30.<\/p>\n\n\n\n<figure class=\"wp-block-image size-full\"><img loading=\"lazy\" decoding=\"async\" width=\"593\" height=\"45\" src=\"https:\/\/haverskerque.fr\/wp-content\/uploads\/2023\/02\/bandeblanche.jpg\" alt=\"\" class=\"wp-image-381\" srcset=\"https:\/\/www.haverskerque.fr\/wp-content\/uploads\/2023\/02\/bandeblanche.jpg 593w, https:\/\/www.haverskerque.fr\/wp-content\/uploads\/2023\/02\/bandeblanche-300x23.jpg 300w\" sizes=\"auto, (max-width: 593px) 100vw, 593px\" \/><\/figure>\n\n\n\n<h3 class=\"wp-block-heading\"><mark style=\"background-color:rgba(0, 0, 0, 0);color:#00a018\" class=\"has-inline-color\">|<\/mark> <strong>Modalit\u00e9s d&rsquo;inscription<\/strong><\/h3>\n\n\n\n<figure class=\"wp-block-image size-full\"><img loading=\"lazy\" decoding=\"async\" width=\"593\" height=\"45\" src=\"https:\/\/haverskerque.fr\/wp-content\/uploads\/2023\/02\/bandeblanche.jpg\" alt=\"\" class=\"wp-image-381\" srcset=\"https:\/\/www.haverskerque.fr\/wp-content\/uploads\/2023\/02\/bandeblanche.jpg 593w, https:\/\/www.haverskerque.fr\/wp-content\/uploads\/2023\/02\/bandeblanche-300x23.jpg 300w\" sizes=\"auto, (max-width: 593px) 100vw, 593px\" \/><\/figure>\n\n\n\n<p class=\"has-text-align-left\">L&rsquo;inscription se fait via <strong><a href=\"https:\/\/haverskerque.myperischool.fr\/connexion\" target=\"_blank\" rel=\"noreferrer noopener\">MyP\u00e9rischool<\/a><\/strong> et est possible jusqu\u2019\u00e0 la veille de l\u2019accueil (23h59). En cas de d\u00e9lai d\u00e9pass\u00e9 ou d\u2019absence impr\u00e9vue, merci de contacter les agents du service au 06 70 26 27 12.<\/p>\n\n\n\n<figure class=\"wp-block-image size-full\"><img loading=\"lazy\" decoding=\"async\" width=\"593\" height=\"45\" src=\"https:\/\/haverskerque.fr\/wp-content\/uploads\/2023\/02\/bandeblanche.jpg\" alt=\"\" class=\"wp-image-381\" srcset=\"https:\/\/www.haverskerque.fr\/wp-content\/uploads\/2023\/02\/bandeblanche.jpg 593w, https:\/\/www.haverskerque.fr\/wp-content\/uploads\/2023\/02\/bandeblanche-300x23.jpg 300w\" sizes=\"auto, (max-width: 593px) 100vw, 593px\" \/><\/figure>\n\n\n\n<h3 class=\"wp-block-heading\"><mark style=\"background-color:rgba(0, 0, 0, 0);color:#00a018\" class=\"has-inline-color\">|<\/mark> <strong>Tarifs<\/strong><\/h3>\n\n\n\n<table style=\"border-collapse: collapse; width: 80%; margin: auto; font-family: Arial, sans-serif;\">\n  <thead>\n    <tr style=\"background-color: #00a018;\">\n      <th style=\"border: 1px solid #000; padding: 8px; color: #ffffff;\">Garderie du matin et\/ou du soir<\/th>\n      <th style=\"border: 1px solid #000; padding: 8px; color: #ffffff;\">TARIFS 2026<\/th>\n    <\/tr>\n  <\/thead>\n  <tbody>\n    <tr>\n      <td style=\"border: 1px solid #000; padding: 8px;\">\n        Tarification \u00e0 la demi-heure en p\u00e9riode scolaire et extrascolaire (ALSH) : inscription en ligne, toute demi-heure commenc\u00e9e est due\n      <\/td>\n      <td style=\"border: 1px solid #000; padding: 8px;\">1,00\u20ac<\/td>\n    <\/tr>\n\n    <!-- Bande grise -->\n    <tr style=\"background-color: #e0e0e0;\">\n      <td colspan=\"2\" style=\"padding: 4px; border: none;\"><\/td>\n    <\/tr>\n\n    <tr>\n      <td style=\"border: 1px solid #000; padding: 8px;\">\n        Forfait de majoration en cas de prise en charge sans r\u00e9servation au service de garderie du matin ou soir\n      <\/td>\n      <td style=\"border: 1px solid #000; padding: 8px;\">4,00\u20ac<\/td>\n    <\/tr>\n  <\/tbody>\n<\/table>\n\n\n\n<figure class=\"wp-block-image size-full\"><img loading=\"lazy\" decoding=\"async\" width=\"593\" height=\"45\" src=\"https:\/\/haverskerque.fr\/wp-content\/uploads\/2023\/02\/bandeblanche.jpg\" alt=\"\" class=\"wp-image-381\" srcset=\"https:\/\/www.haverskerque.fr\/wp-content\/uploads\/2023\/02\/bandeblanche.jpg 593w, https:\/\/www.haverskerque.fr\/wp-content\/uploads\/2023\/02\/bandeblanche-300x23.jpg 300w\" sizes=\"auto, (max-width: 593px) 100vw, 593px\" \/><\/figure>\n\n\n\n<h3 class=\"wp-block-heading\"><mark style=\"background-color:rgba(0, 0, 0, 0);color:#00a018\" class=\"has-inline-color\">|<\/mark> <strong>R\u00e8glement int\u00e9rieur du service p\u00e9riscolaire<\/strong><\/h3>\n\n\n\n<figure class=\"wp-block-image size-full\"><img loading=\"lazy\" decoding=\"async\" width=\"593\" height=\"45\" src=\"https:\/\/haverskerque.fr\/wp-content\/uploads\/2023\/02\/bandeblanche.jpg\" alt=\"\" class=\"wp-image-381\" srcset=\"https:\/\/www.haverskerque.fr\/wp-content\/uploads\/2023\/02\/bandeblanche.jpg 593w, https:\/\/www.haverskerque.fr\/wp-content\/uploads\/2023\/02\/bandeblanche-300x23.jpg 300w\" sizes=\"auto, (max-width: 593px) 100vw, 593px\" \/><\/figure>\n\n\n\n<div class=\"wp-block-file\"><a id=\"wp-block-file--media-e622e8be-d79d-4cc0-8162-64161f1b20b1\" href=\"https:\/\/www.haverskerque.fr\/wp-content\/uploads\/2025\/12\/REGLEMENT-INTERIEUR-SERVICES-PERISCOLAIRES-ET-EXTRA-SCOLAIRES-tampon-1.pdf\" target=\"_blank\" rel=\"noreferrer noopener\">REGLEMENT INTERIEUR SERVICES PERISCOLAIRES ET EXTRA SCOLAIRES&#8211;tampon<\/a><a href=\"https:\/\/www.haverskerque.fr\/wp-content\/uploads\/2025\/12\/REGLEMENT-INTERIEUR-SERVICES-PERISCOLAIRES-ET-EXTRA-SCOLAIRES-tampon-1.pdf\" class=\"wp-block-file__button wp-element-button\" download aria-describedby=\"wp-block-file--media-e622e8be-d79d-4cc0-8162-64161f1b20b1\">T\u00e9l\u00e9charger<\/a><\/div>\n\n\n\n<p><\/p>\n","protected":false},"excerpt":{"rendered":"<p>| Vous avez besoin de faire garder votre enfant avant ou apr\u00e8s l&rsquo;\u00e9cole ? Retrouvez ici les modalit\u00e9s pratiques et le fonctionnement de notre service de garderie. | Horaires L&rsquo;accueil se fait le lundi, mardi, jeudi et vendredi, de 7h15 \u00e0 8h45 et de 16h30 \u00e0 18h30. | Modalit\u00e9s d&rsquo;inscription L&rsquo;inscription se fait via MyP\u00e9rischool et est possible jusqu\u2019\u00e0 la veille de l\u2019accueil (23h59). En cas de d\u00e9lai d\u00e9pass\u00e9 ou d\u2019absence impr\u00e9vue, merci de contacter les agents du service au 06 70 26 27 12. | Tarifs Garderie du matin et\/ou du soir TARIFS 2026 Tarification \u00e0 la demi-heure en p\u00e9riode scolaire et extrascolaire (ALSH) : inscription en ligne, toute demi-heure commenc\u00e9e est due 1,00\u20ac Forfait de majoration en cas de prise en charge sans r\u00e9servation au service de garderie du matin ou soir 4,00\u20ac | R\u00e8glement int\u00e9rieur du service p\u00e9riscolaire<\/p>\n","protected":false},"author":1,"featured_media":0,"parent":0,"menu_order":0,"comment_status":"closed","ping_status":"closed","template":"","meta":{"cybocfi_hide_featured_image":"","footnotes":""},"class_list":["post-4536","page","type-page","status-publish","hentry"],"yoast_head":"<!-- This site is optimized with the Yoast SEO plugin v27.5 - https:\/\/yoast.com\/product\/yoast-seo-wordpress\/ -->\n<title>Garderie * Haverskerque, 100% Nature !*<\/title>\n<meta name=\"robots\" content=\"index, follow, max-snippet:-1, max-image-preview:large, max-video-preview:-1\" \/>\n<link rel=\"canonical\" href=\"https:\/\/www.haverskerque.fr\/index.php\/garderie\/\" \/>\n<meta property=\"og:locale\" content=\"fr_FR\" \/>\n<meta property=\"og:type\" content=\"article\" \/>\n<meta property=\"og:title\" content=\"Garderie * Haverskerque, 100% Nature !*\" \/>\n<meta property=\"og:description\" content=\"| Vous avez besoin de faire garder votre enfant avant ou apr\u00e8s l&rsquo;\u00e9cole ? Retrouvez ici les modalit\u00e9s pratiques et le fonctionnement de notre service de garderie. | Horaires L&rsquo;accueil se fait le lundi, mardi, jeudi et vendredi, de 7h15 \u00e0 8h45 et de 16h30 \u00e0 18h30. | Modalit\u00e9s d&rsquo;inscription L&rsquo;inscription se fait via MyP\u00e9rischool et est possible jusqu\u2019\u00e0 la veille de l\u2019accueil (23h59). En cas de d\u00e9lai d\u00e9pass\u00e9 ou d\u2019absence impr\u00e9vue, merci de contacter les agents du service au 06 70 26 27 12. | Tarifs Garderie du matin et\/ou du soir TARIFS 2026 Tarification \u00e0 la demi-heure en p\u00e9riode scolaire et extrascolaire (ALSH) : inscription en ligne, toute demi-heure commenc\u00e9e est due 1,00\u20ac Forfait de majoration en cas de prise en charge sans r\u00e9servation au service de garderie du matin ou soir 4,00\u20ac | R\u00e8glement int\u00e9rieur du service p\u00e9riscolaire\" \/>\n<meta property=\"og:url\" content=\"https:\/\/www.haverskerque.fr\/index.php\/garderie\/\" \/>\n<meta property=\"og:site_name\" content=\"Haverskerque, 100% Nature !*\" \/>\n<meta property=\"article:publisher\" content=\"https:\/\/www.facebook.com\/communehaverskerque\" \/>\n<meta property=\"article:modified_time\" content=\"2026-01-22T13:06:38+00:00\" \/>\n<meta property=\"og:image\" content=\"https:\/\/www.haverskerque.fr\/wp-content\/uploads\/2024\/03\/Garderie.png\" \/>\n\t<meta property=\"og:image:width\" content=\"1920\" \/>\n\t<meta property=\"og:image:height\" content=\"1080\" \/>\n\t<meta property=\"og:image:type\" content=\"image\/png\" \/>\n<meta name=\"twitter:card\" content=\"summary_large_image\" \/>\n<meta name=\"twitter:label1\" content=\"Dur\u00e9e de lecture estim\u00e9e\" \/>\n\t<meta name=\"twitter:data1\" content=\"3 minutes\" \/>\n<script type=\"application\/ld+json\" class=\"yoast-schema-graph\">{\"@context\":\"https:\\\/\\\/schema.org\",\"@graph\":[{\"@type\":\"WebPage\",\"@id\":\"https:\\\/\\\/www.haverskerque.fr\\\/index.php\\\/garderie\\\/\",\"url\":\"https:\\\/\\\/www.haverskerque.fr\\\/index.php\\\/garderie\\\/\",\"name\":\"Garderie * Haverskerque, 100% Nature !*\",\"isPartOf\":{\"@id\":\"https:\\\/\\\/haverskerque.fr\\\/#website\"},\"primaryImageOfPage\":{\"@id\":\"https:\\\/\\\/www.haverskerque.fr\\\/index.php\\\/garderie\\\/#primaryimage\"},\"image\":{\"@id\":\"https:\\\/\\\/www.haverskerque.fr\\\/index.php\\\/garderie\\\/#primaryimage\"},\"thumbnailUrl\":\"https:\\\/\\\/haverskerque.fr\\\/wp-content\\\/uploads\\\/2024\\\/03\\\/Garderie-1024x576.png\",\"datePublished\":\"2023-07-07T06:15:31+00:00\",\"dateModified\":\"2026-01-22T13:06:38+00:00\",\"breadcrumb\":{\"@id\":\"https:\\\/\\\/www.haverskerque.fr\\\/index.php\\\/garderie\\\/#breadcrumb\"},\"inLanguage\":\"fr-FR\",\"potentialAction\":[{\"@type\":\"ReadAction\",\"target\":[\"https:\\\/\\\/www.haverskerque.fr\\\/index.php\\\/garderie\\\/\"]}]},{\"@type\":\"ImageObject\",\"inLanguage\":\"fr-FR\",\"@id\":\"https:\\\/\\\/www.haverskerque.fr\\\/index.php\\\/garderie\\\/#primaryimage\",\"url\":\"https:\\\/\\\/haverskerque.fr\\\/wp-content\\\/uploads\\\/2024\\\/03\\\/Garderie-1024x576.png\",\"contentUrl\":\"https:\\\/\\\/haverskerque.fr\\\/wp-content\\\/uploads\\\/2024\\\/03\\\/Garderie-1024x576.png\"},{\"@type\":\"BreadcrumbList\",\"@id\":\"https:\\\/\\\/www.haverskerque.fr\\\/index.php\\\/garderie\\\/#breadcrumb\",\"itemListElement\":[{\"@type\":\"ListItem\",\"position\":1,\"name\":\"Accueil\",\"item\":\"https:\\\/\\\/www.haverskerque.fr\\\/\"},{\"@type\":\"ListItem\",\"position\":2,\"name\":\"Garderie\"}]},{\"@type\":\"WebSite\",\"@id\":\"https:\\\/\\\/haverskerque.fr\\\/#website\",\"url\":\"https:\\\/\\\/haverskerque.fr\\\/\",\"name\":\"Haverskerque\",\"description\":\"Haverskerque, 100% Nature !\",\"publisher\":{\"@id\":\"https:\\\/\\\/haverskerque.fr\\\/#organization\"},\"alternateName\":\"Haverskerque\",\"potentialAction\":[{\"@type\":\"SearchAction\",\"target\":{\"@type\":\"EntryPoint\",\"urlTemplate\":\"https:\\\/\\\/haverskerque.fr\\\/?s={search_term_string}\"},\"query-input\":{\"@type\":\"PropertyValueSpecification\",\"valueRequired\":true,\"valueName\":\"search_term_string\"}}],\"inLanguage\":\"fr-FR\"},{\"@type\":\"Organization\",\"@id\":\"https:\\\/\\\/haverskerque.fr\\\/#organization\",\"name\":\"Commune d'Haverskerque\",\"alternateName\":\"Commune d'Haverskerque\",\"url\":\"https:\\\/\\\/haverskerque.fr\\\/\",\"logo\":{\"@type\":\"ImageObject\",\"inLanguage\":\"fr-FR\",\"@id\":\"https:\\\/\\\/haverskerque.fr\\\/#\\\/schema\\\/logo\\\/image\\\/\",\"url\":\"https:\\\/\\\/haverskerque.fr\\\/wp-content\\\/uploads\\\/2024\\\/01\\\/siteon0-e5814-1.png\",\"contentUrl\":\"https:\\\/\\\/haverskerque.fr\\\/wp-content\\\/uploads\\\/2024\\\/01\\\/siteon0-e5814-1.png\",\"width\":236,\"height\":102,\"caption\":\"Commune d'Haverskerque\"},\"image\":{\"@id\":\"https:\\\/\\\/haverskerque.fr\\\/#\\\/schema\\\/logo\\\/image\\\/\"},\"sameAs\":[\"https:\\\/\\\/www.facebook.com\\\/communehaverskerque\",\"https:\\\/\\\/www.instagram.com\\\/communehaverskerque\\\/\"]}]}<\/script>\n<!-- \/ Yoast SEO plugin. -->","yoast_head_json":{"title":"Garderie * Haverskerque, 100% Nature !*","robots":{"index":"index","follow":"follow","max-snippet":"max-snippet:-1","max-image-preview":"max-image-preview:large","max-video-preview":"max-video-preview:-1"},"canonical":"https:\/\/www.haverskerque.fr\/index.php\/garderie\/","og_locale":"fr_FR","og_type":"article","og_title":"Garderie * Haverskerque, 100% Nature !*","og_description":"| Vous avez besoin de faire garder votre enfant avant ou apr\u00e8s l&rsquo;\u00e9cole ? Retrouvez ici les modalit\u00e9s pratiques et le fonctionnement de notre service de garderie. | Horaires L&rsquo;accueil se fait le lundi, mardi, jeudi et vendredi, de 7h15 \u00e0 8h45 et de 16h30 \u00e0 18h30. | Modalit\u00e9s d&rsquo;inscription L&rsquo;inscription se fait via MyP\u00e9rischool et est possible jusqu\u2019\u00e0 la veille de l\u2019accueil (23h59). En cas de d\u00e9lai d\u00e9pass\u00e9 ou d\u2019absence impr\u00e9vue, merci de contacter les agents du service au 06 70 26 27 12. | Tarifs Garderie du matin et\/ou du soir TARIFS 2026 Tarification \u00e0 la demi-heure en p\u00e9riode scolaire et extrascolaire (ALSH) : inscription en ligne, toute demi-heure commenc\u00e9e est due 1,00\u20ac Forfait de majoration en cas de prise en charge sans r\u00e9servation au service de garderie du matin ou soir 4,00\u20ac | R\u00e8glement int\u00e9rieur du service p\u00e9riscolaire","og_url":"https:\/\/www.haverskerque.fr\/index.php\/garderie\/","og_site_name":"Haverskerque, 100% Nature !*","article_publisher":"https:\/\/www.facebook.com\/communehaverskerque","article_modified_time":"2026-01-22T13:06:38+00:00","og_image":[{"width":1920,"height":1080,"url":"https:\/\/www.haverskerque.fr\/wp-content\/uploads\/2024\/03\/Garderie.png","type":"image\/png"}],"twitter_card":"summary_large_image","twitter_misc":{"Dur\u00e9e de lecture estim\u00e9e":"3 minutes"},"schema":{"@context":"https:\/\/schema.org","@graph":[{"@type":"WebPage","@id":"https:\/\/www.haverskerque.fr\/index.php\/garderie\/","url":"https:\/\/www.haverskerque.fr\/index.php\/garderie\/","name":"Garderie * Haverskerque, 100% Nature !*","isPartOf":{"@id":"https:\/\/haverskerque.fr\/#website"},"primaryImageOfPage":{"@id":"https:\/\/www.haverskerque.fr\/index.php\/garderie\/#primaryimage"},"image":{"@id":"https:\/\/www.haverskerque.fr\/index.php\/garderie\/#primaryimage"},"thumbnailUrl":"https:\/\/haverskerque.fr\/wp-content\/uploads\/2024\/03\/Garderie-1024x576.png","datePublished":"2023-07-07T06:15:31+00:00","dateModified":"2026-01-22T13:06:38+00:00","breadcrumb":{"@id":"https:\/\/www.haverskerque.fr\/index.php\/garderie\/#breadcrumb"},"inLanguage":"fr-FR","potentialAction":[{"@type":"ReadAction","target":["https:\/\/www.haverskerque.fr\/index.php\/garderie\/"]}]},{"@type":"ImageObject","inLanguage":"fr-FR","@id":"https:\/\/www.haverskerque.fr\/index.php\/garderie\/#primaryimage","url":"https:\/\/haverskerque.fr\/wp-content\/uploads\/2024\/03\/Garderie-1024x576.png","contentUrl":"https:\/\/haverskerque.fr\/wp-content\/uploads\/2024\/03\/Garderie-1024x576.png"},{"@type":"BreadcrumbList","@id":"https:\/\/www.haverskerque.fr\/index.php\/garderie\/#breadcrumb","itemListElement":[{"@type":"ListItem","position":1,"name":"Accueil","item":"https:\/\/www.haverskerque.fr\/"},{"@type":"ListItem","position":2,"name":"Garderie"}]},{"@type":"WebSite","@id":"https:\/\/haverskerque.fr\/#website","url":"https:\/\/haverskerque.fr\/","name":"Haverskerque","description":"Haverskerque, 100% Nature !","publisher":{"@id":"https:\/\/haverskerque.fr\/#organization"},"alternateName":"Haverskerque","potentialAction":[{"@type":"SearchAction","target":{"@type":"EntryPoint","urlTemplate":"https:\/\/haverskerque.fr\/?s={search_term_string}"},"query-input":{"@type":"PropertyValueSpecification","valueRequired":true,"valueName":"search_term_string"}}],"inLanguage":"fr-FR"},{"@type":"Organization","@id":"https:\/\/haverskerque.fr\/#organization","name":"Commune d'Haverskerque","alternateName":"Commune d'Haverskerque","url":"https:\/\/haverskerque.fr\/","logo":{"@type":"ImageObject","inLanguage":"fr-FR","@id":"https:\/\/haverskerque.fr\/#\/schema\/logo\/image\/","url":"https:\/\/haverskerque.fr\/wp-content\/uploads\/2024\/01\/siteon0-e5814-1.png","contentUrl":"https:\/\/haverskerque.fr\/wp-content\/uploads\/2024\/01\/siteon0-e5814-1.png","width":236,"height":102,"caption":"Commune d'Haverskerque"},"image":{"@id":"https:\/\/haverskerque.fr\/#\/schema\/logo\/image\/"},"sameAs":["https:\/\/www.facebook.com\/communehaverskerque","https:\/\/www.instagram.com\/communehaverskerque\/"]}]}},"_links":{"self":[{"href":"https:\/\/www.haverskerque.fr\/index.php\/wp-json\/wp\/v2\/pages\/4536","targetHints":{"allow":["GET"]}}],"collection":[{"href":"https:\/\/www.haverskerque.fr\/index.php\/wp-json\/wp\/v2\/pages"}],"about":[{"href":"https:\/\/www.haverskerque.fr\/index.php\/wp-json\/wp\/v2\/types\/page"}],"author":[{"embeddable":true,"href":"https:\/\/www.haverskerque.fr\/index.php\/wp-json\/wp\/v2\/users\/1"}],"replies":[{"embeddable":true,"href":"https:\/\/www.haverskerque.fr\/index.php\/wp-json\/wp\/v2\/comments?post=4536"}],"version-history":[{"count":26,"href":"https:\/\/www.haverskerque.fr\/index.php\/wp-json\/wp\/v2\/pages\/4536\/revisions"}],"predecessor-version":[{"id":10066,"href":"https:\/\/www.haverskerque.fr\/index.php\/wp-json\/wp\/v2\/pages\/4536\/revisions\/10066"}],"wp:attachment":[{"href":"https:\/\/www.haverskerque.fr\/index.php\/wp-json\/wp\/v2\/media?parent=4536"}],"curies":[{"name":"wp","href":"https:\/\/api.w.org\/{rel}","templated":true}]}}