{"id":3507,"date":"2023-06-26T16:11:28","date_gmt":"2023-06-26T14:11:28","guid":{"rendered":"http:\/\/barbry.esy.es\/?page_id=3507"},"modified":"2026-02-03T11:33:17","modified_gmt":"2026-02-03T10:33:17","slug":"arretes-municipaux","status":"publish","type":"page","link":"https:\/\/www.haverskerque.fr\/index.php\/arretes-municipaux\/","title":{"rendered":"Arr\u00eat\u00e9s municipaux et pr\u00e9fectoraux"},"content":{"rendered":"\n<p><mark style=\"background-color:rgba(0, 0, 0, 0);color:#00a018\" class=\"has-inline-color\">|<\/mark> <strong>Arr\u00eat\u00e9 municipal n\u00b02026-010 sur l&rsquo;autorisation de travaux par la soci\u00e9t\u00e9 RAMERY VAN LILLE &#8211; 1022 Rue de Merville &#8211; Rabotage et application enrob\u00e9s sur 6CMS<\/strong><\/p>\n\n\n\n<figure class=\"wp-block-image size-full\"><img loading=\"lazy\" decoding=\"async\" width=\"593\" height=\"45\" src=\"https:\/\/haverskerque.fr\/wp-content\/uploads\/2023\/02\/bandeblanche.jpg\" alt=\"\" class=\"wp-image-381\" srcset=\"https:\/\/www.haverskerque.fr\/wp-content\/uploads\/2023\/02\/bandeblanche.jpg 593w, https:\/\/www.haverskerque.fr\/wp-content\/uploads\/2023\/02\/bandeblanche-300x23.jpg 300w\" sizes=\"auto, (max-width: 593px) 100vw, 593px\" \/><\/figure>\n\n\n\n<div class=\"wp-block-file\"><a id=\"wp-block-file--media-8d6e21b4-8bd6-4f69-89f4-4a50cef6e7bc\" href=\"https:\/\/www.haverskerque.fr\/wp-content\/uploads\/2026\/02\/2026.010.pdf\" target=\"_blank\" rel=\"noreferrer noopener\">2026.010<\/a><a href=\"https:\/\/www.haverskerque.fr\/wp-content\/uploads\/2026\/02\/2026.010.pdf\" class=\"wp-block-file__button wp-element-button\" download aria-describedby=\"wp-block-file--media-8d6e21b4-8bd6-4f69-89f4-4a50cef6e7bc\">T\u00e9l\u00e9charger<\/a><\/div>\n\n\n\n<figure class=\"wp-block-image size-full\"><img loading=\"lazy\" decoding=\"async\" width=\"593\" height=\"45\" src=\"https:\/\/haverskerque.fr\/wp-content\/uploads\/2023\/02\/bandeblanche.jpg\" alt=\"\" class=\"wp-image-381\" srcset=\"https:\/\/www.haverskerque.fr\/wp-content\/uploads\/2023\/02\/bandeblanche.jpg 593w, https:\/\/www.haverskerque.fr\/wp-content\/uploads\/2023\/02\/bandeblanche-300x23.jpg 300w\" sizes=\"auto, (max-width: 593px) 100vw, 593px\" \/><\/figure>\n\n\n\n<p><mark style=\"background-color:rgba(0, 0, 0, 0);color:#00a018\" class=\"has-inline-color\">|<\/mark> <strong>Arr\u00eat\u00e9 municipal n\u00b02026-006 sur l&rsquo;autorisation de travaux par la soci\u00e9t\u00e9 ENEDIS &#8211; D\u00e9placement r\u00e9seau ENEDIS &#8211; 35 Rue de la Goguerie<\/strong><\/p>\n\n\n\n<figure class=\"wp-block-image size-full\"><img loading=\"lazy\" decoding=\"async\" width=\"593\" height=\"45\" src=\"https:\/\/haverskerque.fr\/wp-content\/uploads\/2023\/02\/bandeblanche.jpg\" alt=\"\" class=\"wp-image-381\" srcset=\"https:\/\/www.haverskerque.fr\/wp-content\/uploads\/2023\/02\/bandeblanche.jpg 593w, https:\/\/www.haverskerque.fr\/wp-content\/uploads\/2023\/02\/bandeblanche-300x23.jpg 300w\" sizes=\"auto, (max-width: 593px) 100vw, 593px\" \/><\/figure>\n\n\n\n<div class=\"wp-block-file\"><a id=\"wp-block-file--media-9e7d8474-9cbc-4c48-8864-f76f1d332e94\" href=\"https:\/\/www.haverskerque.fr\/wp-content\/uploads\/2026\/01\/2026.006.pdf\" target=\"_blank\" rel=\"noreferrer noopener\">2026.006<\/a><a href=\"https:\/\/www.haverskerque.fr\/wp-content\/uploads\/2026\/01\/2026.006.pdf\" class=\"wp-block-file__button wp-element-button\" download aria-describedby=\"wp-block-file--media-9e7d8474-9cbc-4c48-8864-f76f1d332e94\">T\u00e9l\u00e9charger<\/a><\/div>\n\n\n\n<figure class=\"wp-block-image size-full\"><img loading=\"lazy\" decoding=\"async\" width=\"593\" height=\"45\" src=\"https:\/\/haverskerque.fr\/wp-content\/uploads\/2023\/02\/bandeblanche.jpg\" alt=\"\" class=\"wp-image-381\" srcset=\"https:\/\/www.haverskerque.fr\/wp-content\/uploads\/2023\/02\/bandeblanche.jpg 593w, https:\/\/www.haverskerque.fr\/wp-content\/uploads\/2023\/02\/bandeblanche-300x23.jpg 300w\" sizes=\"auto, (max-width: 593px) 100vw, 593px\" \/><\/figure>\n\n\n\n<p><mark style=\"background-color:rgba(0, 0, 0, 0);color:#00a018\" class=\"has-inline-color\">|<\/mark> <strong>Arr\u00eat\u00e9 municipal n\u00b02026-005 sur l&rsquo;autorisation de travaux par la soci\u00e9t\u00e9 GROUPE NAT VAN EECKE BOUREZ ALEXIS &#8211; Sur la commune d&rsquo;Haverskerque &#8211; Rue de l&rsquo;\u00c9glise<\/strong><\/p>\n\n\n\n<figure class=\"wp-block-image size-full\"><img loading=\"lazy\" decoding=\"async\" width=\"593\" height=\"45\" src=\"https:\/\/haverskerque.fr\/wp-content\/uploads\/2023\/02\/bandeblanche.jpg\" alt=\"\" class=\"wp-image-381\" srcset=\"https:\/\/www.haverskerque.fr\/wp-content\/uploads\/2023\/02\/bandeblanche.jpg 593w, https:\/\/www.haverskerque.fr\/wp-content\/uploads\/2023\/02\/bandeblanche-300x23.jpg 300w\" sizes=\"auto, (max-width: 593px) 100vw, 593px\" \/><\/figure>\n\n\n\n<div class=\"wp-block-file\"><a id=\"wp-block-file--media-c087303b-589d-4691-a4f2-849b1e62e836\" href=\"https:\/\/www.haverskerque.fr\/wp-content\/uploads\/2026\/01\/2026.005.pdf\" target=\"_blank\" rel=\"noreferrer noopener\">2026.005<\/a><a href=\"https:\/\/www.haverskerque.fr\/wp-content\/uploads\/2026\/01\/2026.005.pdf\" class=\"wp-block-file__button wp-element-button\" download aria-describedby=\"wp-block-file--media-c087303b-589d-4691-a4f2-849b1e62e836\">T\u00e9l\u00e9charger<\/a><\/div>\n\n\n\n<figure class=\"wp-block-image size-full\"><img loading=\"lazy\" decoding=\"async\" width=\"593\" height=\"45\" src=\"https:\/\/haverskerque.fr\/wp-content\/uploads\/2023\/02\/bandeblanche.jpg\" alt=\"\" class=\"wp-image-381\" srcset=\"https:\/\/www.haverskerque.fr\/wp-content\/uploads\/2023\/02\/bandeblanche.jpg 593w, https:\/\/www.haverskerque.fr\/wp-content\/uploads\/2023\/02\/bandeblanche-300x23.jpg 300w\" sizes=\"auto, (max-width: 593px) 100vw, 593px\" \/><\/figure>\n\n\n\n<p><\/p>\n\n\n\n<p><mark style=\"background-color:rgba(0, 0, 0, 0);color:#00a018\" class=\"has-inline-color\">|<\/mark> <strong>Arr\u00eat\u00e9 municipal n\u00b02026-004 sur l&rsquo;autorisation de travaux par la soci\u00e9t\u00e9 GROUPE NAT VAN EECKE BOUREZ ALEXIS &#8211; Sur la commune d&rsquo;Haverskerque &#8211; Rue de Merville &#8211; Branchement eau et assainissement<\/strong><\/p>\n\n\n\n<figure class=\"wp-block-image size-full\"><img loading=\"lazy\" decoding=\"async\" width=\"593\" height=\"45\" src=\"https:\/\/haverskerque.fr\/wp-content\/uploads\/2023\/02\/bandeblanche.jpg\" alt=\"\" class=\"wp-image-381\" srcset=\"https:\/\/www.haverskerque.fr\/wp-content\/uploads\/2023\/02\/bandeblanche.jpg 593w, https:\/\/www.haverskerque.fr\/wp-content\/uploads\/2023\/02\/bandeblanche-300x23.jpg 300w\" sizes=\"auto, (max-width: 593px) 100vw, 593px\" \/><\/figure>\n\n\n\n<div class=\"wp-block-file\"><a id=\"wp-block-file--media-154dffbf-df10-4561-b07a-48638ef4c4b0\" href=\"https:\/\/www.haverskerque.fr\/wp-content\/uploads\/2026\/01\/2026.004.pdf\" target=\"_blank\" rel=\"noreferrer noopener\">2026.004<\/a><a href=\"https:\/\/www.haverskerque.fr\/wp-content\/uploads\/2026\/01\/2026.004.pdf\" class=\"wp-block-file__button wp-element-button\" download aria-describedby=\"wp-block-file--media-154dffbf-df10-4561-b07a-48638ef4c4b0\">T\u00e9l\u00e9charger<\/a><\/div>\n\n\n\n<figure class=\"wp-block-image size-full\"><img loading=\"lazy\" decoding=\"async\" width=\"593\" height=\"45\" src=\"https:\/\/haverskerque.fr\/wp-content\/uploads\/2023\/02\/bandeblanche.jpg\" alt=\"\" class=\"wp-image-381\" srcset=\"https:\/\/www.haverskerque.fr\/wp-content\/uploads\/2023\/02\/bandeblanche.jpg 593w, https:\/\/www.haverskerque.fr\/wp-content\/uploads\/2023\/02\/bandeblanche-300x23.jpg 300w\" sizes=\"auto, (max-width: 593px) 100vw, 593px\" \/><\/figure>\n\n\n\n<p><mark style=\"background-color:rgba(0, 0, 0, 0);color:#00a018\" class=\"has-inline-color\">|<\/mark> <strong>Arr\u00eat\u00e9 municipal n\u00b02026-009 sur l&rsquo;autorisation de stationnement temporaire au 45 Rue de l&rsquo;\u00c9glise &#8211; D\u00e9p\u00f4t de benne<\/strong><\/p>\n\n\n\n<figure class=\"wp-block-image size-full\"><img loading=\"lazy\" decoding=\"async\" width=\"593\" height=\"45\" src=\"https:\/\/haverskerque.fr\/wp-content\/uploads\/2023\/02\/bandeblanche.jpg\" alt=\"\" class=\"wp-image-381\" srcset=\"https:\/\/www.haverskerque.fr\/wp-content\/uploads\/2023\/02\/bandeblanche.jpg 593w, https:\/\/www.haverskerque.fr\/wp-content\/uploads\/2023\/02\/bandeblanche-300x23.jpg 300w\" sizes=\"auto, (max-width: 593px) 100vw, 593px\" \/><\/figure>\n\n\n\n<div class=\"wp-block-file\"><a id=\"wp-block-file--media-bf04ef79-c810-4749-ac31-3d701feb3bd3\" href=\"https:\/\/www.haverskerque.fr\/wp-content\/uploads\/2026\/01\/Arrete-n\u00b02026-009-Depot-de-Benne.pdf\" target=\"_blank\" rel=\"noreferrer noopener\">Arr\u00eat\u00e9 n\u00b02026-009 &#8211; D\u00e9pot de Benne<\/a><a href=\"https:\/\/www.haverskerque.fr\/wp-content\/uploads\/2026\/01\/Arrete-n\u00b02026-009-Depot-de-Benne.pdf\" class=\"wp-block-file__button wp-element-button\" download aria-describedby=\"wp-block-file--media-bf04ef79-c810-4749-ac31-3d701feb3bd3\">T\u00e9l\u00e9charger<\/a><\/div>\n\n\n\n<figure class=\"wp-block-image size-full\"><img loading=\"lazy\" decoding=\"async\" width=\"593\" height=\"45\" src=\"https:\/\/haverskerque.fr\/wp-content\/uploads\/2023\/02\/bandeblanche.jpg\" alt=\"\" class=\"wp-image-381\" srcset=\"https:\/\/www.haverskerque.fr\/wp-content\/uploads\/2023\/02\/bandeblanche.jpg 593w, https:\/\/www.haverskerque.fr\/wp-content\/uploads\/2023\/02\/bandeblanche-300x23.jpg 300w\" sizes=\"auto, (max-width: 593px) 100vw, 593px\" \/><\/figure>\n\n\n\n<p><mark style=\"background-color:rgba(0, 0, 0, 0);color:#00a018\" class=\"has-inline-color\">|<\/mark> <strong>Arr\u00eat\u00e9 municipal n\u00b02026-01 relatif \u00e0 l&rsquo;enqu\u00eate publique de modification de droit commun du Plan Local d&rsquo;Urbanisme<\/strong><\/p>\n\n\n\n<figure class=\"wp-block-image size-full\"><img loading=\"lazy\" decoding=\"async\" width=\"593\" height=\"45\" src=\"https:\/\/haverskerque.fr\/wp-content\/uploads\/2023\/02\/bandeblanche.jpg\" alt=\"\" class=\"wp-image-381\" srcset=\"https:\/\/www.haverskerque.fr\/wp-content\/uploads\/2023\/02\/bandeblanche.jpg 593w, https:\/\/www.haverskerque.fr\/wp-content\/uploads\/2023\/02\/bandeblanche-300x23.jpg 300w\" sizes=\"auto, (max-width: 593px) 100vw, 593px\" \/><\/figure>\n\n\n\n<div class=\"wp-block-file\"><a id=\"wp-block-file--media-3d5642b2-e07c-4608-9b4b-bd0363f81300\" href=\"https:\/\/www.haverskerque.fr\/wp-content\/uploads\/2026\/01\/2026-01-avis-denquete-public-Modif-PLU-1.pdf\" target=\"_blank\" rel=\"noreferrer noopener\">2026-01 avis d&rsquo;enquete public Modif PLU<\/a><a href=\"https:\/\/www.haverskerque.fr\/wp-content\/uploads\/2026\/01\/2026-01-avis-denquete-public-Modif-PLU-1.pdf\" class=\"wp-block-file__button wp-element-button\" download aria-describedby=\"wp-block-file--media-3d5642b2-e07c-4608-9b4b-bd0363f81300\">T\u00e9l\u00e9charger<\/a><\/div>\n\n\n\n<figure class=\"wp-block-image size-full\"><img loading=\"lazy\" decoding=\"async\" width=\"593\" height=\"45\" src=\"https:\/\/haverskerque.fr\/wp-content\/uploads\/2023\/02\/bandeblanche.jpg\" alt=\"\" class=\"wp-image-381\" srcset=\"https:\/\/www.haverskerque.fr\/wp-content\/uploads\/2023\/02\/bandeblanche.jpg 593w, https:\/\/www.haverskerque.fr\/wp-content\/uploads\/2023\/02\/bandeblanche-300x23.jpg 300w\" sizes=\"auto, (max-width: 593px) 100vw, 593px\" \/><\/figure>\n\n\n\n<p><\/p>\n\n\n\n<p><mark style=\"background-color:rgba(0, 0, 0, 0);color:#00a018\" class=\"has-inline-color\">|<\/mark> <strong>Arr\u00eat\u00e9 municipal n\u00b02026-007 sur la r\u00e9glementation du r\u00e9gime de priorit\u00e9 &#8211; Instauration d&rsquo;un changement de c\u00e9d\u00e9 de passage par un stop &#8211; Rue Cronde et Rue de l&rsquo;Abb\u00e9 Colson<\/strong><\/p>\n\n\n\n<figure class=\"wp-block-image size-full\"><img loading=\"lazy\" decoding=\"async\" width=\"593\" height=\"45\" src=\"https:\/\/haverskerque.fr\/wp-content\/uploads\/2023\/02\/bandeblanche.jpg\" alt=\"\" class=\"wp-image-381\" srcset=\"https:\/\/www.haverskerque.fr\/wp-content\/uploads\/2023\/02\/bandeblanche.jpg 593w, https:\/\/www.haverskerque.fr\/wp-content\/uploads\/2023\/02\/bandeblanche-300x23.jpg 300w\" sizes=\"auto, (max-width: 593px) 100vw, 593px\" \/><\/figure>\n\n\n\n<div class=\"wp-block-file\"><a id=\"wp-block-file--media-46deea75-4e6e-46d2-9ca3-ac6d6bcce3b1\" href=\"https:\/\/www.haverskerque.fr\/wp-content\/uploads\/2026\/01\/ARRETE-2026.007.pdf\" target=\"_blank\" rel=\"noreferrer noopener\">ARRETE 2026.007<\/a><a href=\"https:\/\/www.haverskerque.fr\/wp-content\/uploads\/2026\/01\/ARRETE-2026.007.pdf\" class=\"wp-block-file__button wp-element-button\" download aria-describedby=\"wp-block-file--media-46deea75-4e6e-46d2-9ca3-ac6d6bcce3b1\">T\u00e9l\u00e9charger<\/a><\/div>\n\n\n\n<figure class=\"wp-block-image size-full\"><img loading=\"lazy\" decoding=\"async\" width=\"593\" height=\"45\" src=\"https:\/\/haverskerque.fr\/wp-content\/uploads\/2023\/02\/bandeblanche.jpg\" alt=\"\" class=\"wp-image-381\" srcset=\"https:\/\/www.haverskerque.fr\/wp-content\/uploads\/2023\/02\/bandeblanche.jpg 593w, https:\/\/www.haverskerque.fr\/wp-content\/uploads\/2023\/02\/bandeblanche-300x23.jpg 300w\" sizes=\"auto, (max-width: 593px) 100vw, 593px\" \/><\/figure>\n\n\n\n<p><\/p>\n\n\n\n<p><mark style=\"background-color:rgba(0, 0, 0, 0);color:#00a018\" class=\"has-inline-color\">|<\/mark> <strong>Arr\u00eat\u00e9 pr\u00e9fectoral relatif au classement des esp\u00e8ces susceptibles d&rsquo;occasionner des d\u00e9g\u00e2ts et aux modalit\u00e9s de leur destruction dans le d\u00e9partement du Nord pour la p\u00e9riode du 1er juillet 2025 au 30 juin 2026<\/strong><\/p>\n\n\n\n<figure class=\"wp-block-image size-full\"><img loading=\"lazy\" decoding=\"async\" width=\"593\" height=\"45\" src=\"https:\/\/haverskerque.fr\/wp-content\/uploads\/2023\/02\/bandeblanche.jpg\" alt=\"\" class=\"wp-image-381\" srcset=\"https:\/\/www.haverskerque.fr\/wp-content\/uploads\/2023\/02\/bandeblanche.jpg 593w, https:\/\/www.haverskerque.fr\/wp-content\/uploads\/2023\/02\/bandeblanche-300x23.jpg 300w\" sizes=\"auto, (max-width: 593px) 100vw, 593px\" \/><\/figure>\n\n\n\n<div class=\"wp-block-file\"><a id=\"wp-block-file--media-5812ac90-89ea-4fda-9074-7ff41589565a\" href=\"https:\/\/www.haverskerque.fr\/wp-content\/uploads\/2026\/01\/AP-ESOD-2025-2026-du-10-06-2025.pdf\" target=\"_blank\" rel=\"noreferrer noopener\">AP ESOD 2025-2026 du 10 06 2025<\/a><a href=\"https:\/\/www.haverskerque.fr\/wp-content\/uploads\/2026\/01\/AP-ESOD-2025-2026-du-10-06-2025.pdf\" class=\"wp-block-file__button wp-element-button\" download aria-describedby=\"wp-block-file--media-5812ac90-89ea-4fda-9074-7ff41589565a\">T\u00e9l\u00e9charger<\/a><\/div>\n\n\n\n<p><\/p>\n\n\n\n<figure class=\"wp-block-image size-full\"><img loading=\"lazy\" decoding=\"async\" width=\"593\" height=\"45\" src=\"https:\/\/haverskerque.fr\/wp-content\/uploads\/2023\/02\/bandeblanche.jpg\" alt=\"\" class=\"wp-image-381\" srcset=\"https:\/\/www.haverskerque.fr\/wp-content\/uploads\/2023\/02\/bandeblanche.jpg 593w, https:\/\/www.haverskerque.fr\/wp-content\/uploads\/2023\/02\/bandeblanche-300x23.jpg 300w\" sizes=\"auto, (max-width: 593px) 100vw, 593px\" \/><\/figure>\n\n\n\n<p><mark style=\"background-color:rgba(0, 0, 0, 0);color:#00a018\" class=\"has-inline-color\">|<\/mark> <strong>Arr\u00eat\u00e9 municipal n\u00b02025-049 &#8211; Autorisation de travaux par la soci\u00e9t\u00e9 LEBLEU Ruelle Mattecappe pour des travaux de busage de la Lys<\/strong><\/p>\n\n\n\n<figure class=\"wp-block-image size-full\"><img loading=\"lazy\" decoding=\"async\" width=\"593\" height=\"45\" src=\"https:\/\/haverskerque.fr\/wp-content\/uploads\/2023\/02\/bandeblanche.jpg\" alt=\"\" class=\"wp-image-381\" srcset=\"https:\/\/www.haverskerque.fr\/wp-content\/uploads\/2023\/02\/bandeblanche.jpg 593w, https:\/\/www.haverskerque.fr\/wp-content\/uploads\/2023\/02\/bandeblanche-300x23.jpg 300w\" sizes=\"auto, (max-width: 593px) 100vw, 593px\" \/><\/figure>\n\n\n\n<div class=\"wp-block-file\"><a id=\"wp-block-file--media-40d6ccd1-f69a-4cc1-81b7-13899c56fb3b\" href=\"https:\/\/www.haverskerque.fr\/wp-content\/uploads\/2025\/04\/Arrete-municipal-n\u00b02025-049-Autorisation-de-travaux-par-la-societe-LEBLEU-Ruelle-Mattecappe-pour-des-travaux-de-busage-de-la-Lys.pdf\" target=\"_blank\" rel=\"noreferrer noopener\">Arr\u00eat\u00e9 municipal n\u00b02025-049 &#8211; Autorisation de travaux par la soci\u00e9t\u00e9 LEBLEU Ruelle Mattecappe pour des travaux de busage de la Lys<\/a><a href=\"https:\/\/www.haverskerque.fr\/wp-content\/uploads\/2025\/04\/Arrete-municipal-n\u00b02025-049-Autorisation-de-travaux-par-la-societe-LEBLEU-Ruelle-Mattecappe-pour-des-travaux-de-busage-de-la-Lys.pdf\" class=\"wp-block-file__button wp-element-button\" download aria-describedby=\"wp-block-file--media-40d6ccd1-f69a-4cc1-81b7-13899c56fb3b\">T\u00e9l\u00e9charger<\/a><\/div>\n\n\n\n<p><\/p>\n\n\n\n<figure class=\"wp-block-image size-full\"><img loading=\"lazy\" decoding=\"async\" width=\"593\" height=\"45\" src=\"https:\/\/haverskerque.fr\/wp-content\/uploads\/2023\/02\/bandeblanche.jpg\" alt=\"\" class=\"wp-image-381\" srcset=\"https:\/\/www.haverskerque.fr\/wp-content\/uploads\/2023\/02\/bandeblanche.jpg 593w, https:\/\/www.haverskerque.fr\/wp-content\/uploads\/2023\/02\/bandeblanche-300x23.jpg 300w\" sizes=\"auto, (max-width: 593px) 100vw, 593px\" \/><\/figure>\n\n\n\n<p><mark style=\"background-color:rgba(0, 0, 0, 0);color:#00a018\" class=\"has-inline-color\">|<\/mark> <strong>Arr\u00eat\u00e9 du pr\u00e9sident du conseil d\u00e9partemental &#8211; Restriction de la circulation sur la RD916 au territoire des communes de Saint-Venant et Haverskerque &#8211; Travaux &#8211; Inspection d\u00e9taill\u00e9e de l&rsquo;ouvrage d&rsquo;art 1662A &#8211; Section hors agglom\u00e9ration<\/strong><\/p>\n\n\n\n<figure class=\"wp-block-image size-full\"><img loading=\"lazy\" decoding=\"async\" width=\"593\" height=\"45\" src=\"https:\/\/haverskerque.fr\/wp-content\/uploads\/2023\/02\/bandeblanche.jpg\" alt=\"\" class=\"wp-image-381\" srcset=\"https:\/\/www.haverskerque.fr\/wp-content\/uploads\/2023\/02\/bandeblanche.jpg 593w, https:\/\/www.haverskerque.fr\/wp-content\/uploads\/2023\/02\/bandeblanche-300x23.jpg 300w\" sizes=\"auto, (max-width: 593px) 100vw, 593px\" \/><\/figure>\n\n\n\n<div class=\"wp-block-file\"><a id=\"wp-block-file--media-229c3e72-5350-4eb8-9811-adb47779e3fc\" href=\"https:\/\/www.haverskerque.fr\/wp-content\/uploads\/2024\/12\/AT241049AT.pdf\" target=\"_blank\" rel=\"noreferrer noopener\">AT241049AT<\/a><a href=\"https:\/\/www.haverskerque.fr\/wp-content\/uploads\/2024\/12\/AT241049AT.pdf\" class=\"wp-block-file__button wp-element-button\" download aria-describedby=\"wp-block-file--media-229c3e72-5350-4eb8-9811-adb47779e3fc\">T\u00e9l\u00e9charger<\/a><\/div>\n\n\n\n<p><\/p>\n\n\n\n<figure class=\"wp-block-image size-full\"><img loading=\"lazy\" decoding=\"async\" width=\"593\" height=\"45\" src=\"https:\/\/haverskerque.fr\/wp-content\/uploads\/2023\/02\/bandeblanche.jpg\" alt=\"\" class=\"wp-image-381\" srcset=\"https:\/\/www.haverskerque.fr\/wp-content\/uploads\/2023\/02\/bandeblanche.jpg 593w, https:\/\/www.haverskerque.fr\/wp-content\/uploads\/2023\/02\/bandeblanche-300x23.jpg 300w\" sizes=\"auto, (max-width: 593px) 100vw, 593px\" \/><\/figure>\n\n\n\n<p class=\"has-text-align-left\"><mark style=\"background-color:rgba(0, 0, 0, 0);color:#00a018\" class=\"has-inline-color\">|<\/mark> <strong>Arr\u00eat\u00e9 inter-pr\u00e9fectoral modificatif \u00e0 l&rsquo;arr\u00eat\u00e9 pr\u00e9fectoral portant autorisation au titre de l&rsquo;article L.214-3 du Code de l&rsquo;environnement et relatif au plan de gestion pluriannuel des op\u00e9rations de dragages d&rsquo;entretien sur l&rsquo;unit\u00e9 hydrographique coh\u00e9rente n\u00b04 &#8211; Lys \u00e0 gabarit Freycinet au titre de l&rsquo;article L.214-3 du Code de l&rsquo;environnement<\/strong><\/p>\n\n\n\n<figure class=\"wp-block-image size-full\"><img loading=\"lazy\" decoding=\"async\" width=\"593\" height=\"45\" src=\"https:\/\/haverskerque.fr\/wp-content\/uploads\/2023\/02\/bandeblanche.jpg\" alt=\"\" class=\"wp-image-381\" srcset=\"https:\/\/www.haverskerque.fr\/wp-content\/uploads\/2023\/02\/bandeblanche.jpg 593w, https:\/\/www.haverskerque.fr\/wp-content\/uploads\/2023\/02\/bandeblanche-300x23.jpg 300w\" sizes=\"auto, (max-width: 593px) 100vw, 593px\" \/><\/figure>\n\n\n\n<div class=\"wp-block-file\"><a id=\"wp-block-file--media-59555c4d-519e-4c10-b4a8-7789b513f88b\" href=\"https:\/\/www.haverskerque.fr\/wp-content\/uploads\/2024\/10\/Direction-departementale-.pdf\" target=\"_blank\" rel=\"noreferrer noopener\">Direction d\u00e9partementale<\/a><a href=\"https:\/\/www.haverskerque.fr\/wp-content\/uploads\/2024\/10\/Direction-departementale-.pdf\" class=\"wp-block-file__button wp-element-button\" download aria-describedby=\"wp-block-file--media-59555c4d-519e-4c10-b4a8-7789b513f88b\">T\u00e9l\u00e9charger<\/a><\/div>\n\n\n\n<p><\/p>\n\n\n\n<figure class=\"wp-block-image size-full\"><img loading=\"lazy\" decoding=\"async\" width=\"593\" height=\"45\" src=\"https:\/\/haverskerque.fr\/wp-content\/uploads\/2023\/02\/bandeblanche.jpg\" alt=\"\" class=\"wp-image-381\" srcset=\"https:\/\/www.haverskerque.fr\/wp-content\/uploads\/2023\/02\/bandeblanche.jpg 593w, https:\/\/www.haverskerque.fr\/wp-content\/uploads\/2023\/02\/bandeblanche-300x23.jpg 300w\" sizes=\"auto, (max-width: 593px) 100vw, 593px\" \/><\/figure>\n\n\n\n<p class=\"has-text-align-left\"><mark style=\"background-color:rgba(0, 0, 0, 0);color:#00a018\" class=\"has-inline-color\">|<\/mark> <strong>Arr\u00eat\u00e9 municipal n\u00b02022-68 \u2013 R\u00e8glementation de l\u2019\u00e9clairage public sur le territoire de la commune<\/strong><\/p>\n\n\n\n<figure class=\"wp-block-image size-full\"><img loading=\"lazy\" decoding=\"async\" width=\"593\" height=\"45\" src=\"https:\/\/haverskerque.fr\/wp-content\/uploads\/2023\/02\/bandeblanche.jpg\" alt=\"\" class=\"wp-image-381\" srcset=\"https:\/\/www.haverskerque.fr\/wp-content\/uploads\/2023\/02\/bandeblanche.jpg 593w, https:\/\/www.haverskerque.fr\/wp-content\/uploads\/2023\/02\/bandeblanche-300x23.jpg 300w\" sizes=\"auto, (max-width: 593px) 100vw, 593px\" \/><\/figure>\n\n\n\n<div class=\"wp-block-file\"><a id=\"wp-block-file--media-7a824988-36c6-4716-80c8-327ee65a7d2c\" href=\"https:\/\/www.haverskerque.fr\/wp-content\/uploads\/2026\/01\/arrete-eclairage.pdf\" target=\"_blank\" rel=\"noreferrer noopener\">arrete-eclairage<\/a><a href=\"https:\/\/www.haverskerque.fr\/wp-content\/uploads\/2026\/01\/arrete-eclairage.pdf\" class=\"wp-block-file__button wp-element-button\" download aria-describedby=\"wp-block-file--media-7a824988-36c6-4716-80c8-327ee65a7d2c\">T\u00e9l\u00e9charger<\/a><\/div>\n\n\n\n<p><\/p>\n","protected":false},"excerpt":{"rendered":"<p>| Arr\u00eat\u00e9 municipal n\u00b02026-010 sur l&rsquo;autorisation de travaux par la soci\u00e9t\u00e9 RAMERY VAN LILLE &#8211; 1022 Rue de Merville &#8211; Rabotage et application enrob\u00e9s sur 6CMS | Arr\u00eat\u00e9 municipal n\u00b02026-006 sur l&rsquo;autorisation de travaux par la soci\u00e9t\u00e9 ENEDIS &#8211; D\u00e9placement r\u00e9seau ENEDIS &#8211; 35 Rue de la Goguerie | Arr\u00eat\u00e9 municipal n\u00b02026-005 sur l&rsquo;autorisation de travaux par la soci\u00e9t\u00e9 GROUPE NAT VAN EECKE BOUREZ ALEXIS &#8211; Sur la commune d&rsquo;Haverskerque &#8211; Rue de l&rsquo;\u00c9glise | Arr\u00eat\u00e9 municipal n\u00b02026-004 sur l&rsquo;autorisation de travaux par la soci\u00e9t\u00e9 GROUPE NAT VAN EECKE BOUREZ ALEXIS &#8211; Sur la commune d&rsquo;Haverskerque &#8211; Rue de Merville &#8211; Branchement eau et assainissement | Arr\u00eat\u00e9 municipal n\u00b02026-009 sur l&rsquo;autorisation de stationnement temporaire au 45 Rue de l&rsquo;\u00c9glise &#8211; D\u00e9p\u00f4t de benne | Arr\u00eat\u00e9 municipal n\u00b02026-01 relatif \u00e0 l&rsquo;enqu\u00eate publique de modification de droit commun du Plan Local d&rsquo;Urbanisme | Arr\u00eat\u00e9 municipal n\u00b02026-007 sur la r\u00e9glementation du r\u00e9gime de priorit\u00e9 &#8211; Instauration d&rsquo;un changement de c\u00e9d\u00e9 de passage par un stop &#8211; Rue Cronde et Rue de l&rsquo;Abb\u00e9 Colson | Arr\u00eat\u00e9 pr\u00e9fectoral relatif au classement des esp\u00e8ces susceptibles d&rsquo;occasionner des d\u00e9g\u00e2ts et aux modalit\u00e9s de leur destruction dans le d\u00e9partement du Nord pour la p\u00e9riode du 1er juillet 2025 au 30 juin 2026 | Arr\u00eat\u00e9 municipal n\u00b02025-049 &#8211; Autorisation de travaux par la soci\u00e9t\u00e9 LEBLEU Ruelle Mattecappe pour des travaux de busage de la Lys | Arr\u00eat\u00e9 du pr\u00e9sident du conseil d\u00e9partemental &#8211; Restriction de la circulation sur la RD916 au territoire des communes de Saint-Venant et Haverskerque &#8211; Travaux &#8211; Inspection d\u00e9taill\u00e9e de l&rsquo;ouvrage d&rsquo;art 1662A &#8211; Section hors agglom\u00e9ration | Arr\u00eat\u00e9 inter-pr\u00e9fectoral modificatif \u00e0 l&rsquo;arr\u00eat\u00e9 pr\u00e9fectoral portant autorisation au titre de l&rsquo;article L.214-3 du Code de l&rsquo;environnement et relatif au plan de gestion pluriannuel des op\u00e9rations de dragages d&rsquo;entretien sur l&rsquo;unit\u00e9 hydrographique coh\u00e9rente n\u00b04 &#8211; Lys \u00e0 gabarit Freycinet au titre de l&rsquo;article L.214-3 du Code de l&rsquo;environnement | Arr\u00eat\u00e9 municipal n\u00b02022-68 \u2013 R\u00e8glementation de l\u2019\u00e9clairage public sur le territoire de la commune<\/p>\n","protected":false},"author":1,"featured_media":0,"parent":0,"menu_order":0,"comment_status":"closed","ping_status":"closed","template":"","meta":{"cybocfi_hide_featured_image":"","footnotes":""},"class_list":["post-3507","page","type-page","status-publish","hentry"],"yoast_head":"<!-- This site is optimized with the Yoast SEO plugin v27.5 - https:\/\/yoast.com\/product\/yoast-seo-wordpress\/ -->\n<title>Arr\u00eat\u00e9s municipaux et pr\u00e9fectoraux * Haverskerque, 100% Nature !*<\/title>\n<meta name=\"robots\" content=\"index, follow, max-snippet:-1, max-image-preview:large, max-video-preview:-1\" \/>\n<link rel=\"canonical\" href=\"https:\/\/www.haverskerque.fr\/index.php\/arretes-municipaux\/\" \/>\n<meta property=\"og:locale\" content=\"fr_FR\" \/>\n<meta property=\"og:type\" content=\"article\" \/>\n<meta property=\"og:title\" content=\"Arr\u00eat\u00e9s municipaux et pr\u00e9fectoraux * Haverskerque, 100% Nature !*\" \/>\n<meta property=\"og:description\" content=\"| Arr\u00eat\u00e9 municipal n\u00b02026-010 sur l&rsquo;autorisation de travaux par la soci\u00e9t\u00e9 RAMERY VAN LILLE &#8211; 1022 Rue de Merville &#8211; Rabotage et application enrob\u00e9s sur 6CMS | Arr\u00eat\u00e9 municipal n\u00b02026-006 sur l&rsquo;autorisation de travaux par la soci\u00e9t\u00e9 ENEDIS &#8211; D\u00e9placement r\u00e9seau ENEDIS &#8211; 35 Rue de la Goguerie | Arr\u00eat\u00e9 municipal n\u00b02026-005 sur l&rsquo;autorisation de travaux par la soci\u00e9t\u00e9 GROUPE NAT VAN EECKE BOUREZ ALEXIS &#8211; Sur la commune d&rsquo;Haverskerque &#8211; Rue de l&rsquo;\u00c9glise | Arr\u00eat\u00e9 municipal n\u00b02026-004 sur l&rsquo;autorisation de travaux par la soci\u00e9t\u00e9 GROUPE NAT VAN EECKE BOUREZ ALEXIS &#8211; Sur la commune d&rsquo;Haverskerque &#8211; Rue de Merville &#8211; Branchement eau et assainissement | Arr\u00eat\u00e9 municipal n\u00b02026-009 sur l&rsquo;autorisation de stationnement temporaire au 45 Rue de l&rsquo;\u00c9glise &#8211; D\u00e9p\u00f4t de benne | Arr\u00eat\u00e9 municipal n\u00b02026-01 relatif \u00e0 l&rsquo;enqu\u00eate publique de modification de droit commun du Plan Local d&rsquo;Urbanisme | Arr\u00eat\u00e9 municipal n\u00b02026-007 sur la r\u00e9glementation du r\u00e9gime de priorit\u00e9 &#8211; Instauration d&rsquo;un changement de c\u00e9d\u00e9 de passage par un stop &#8211; Rue Cronde et Rue de l&rsquo;Abb\u00e9 Colson | Arr\u00eat\u00e9 pr\u00e9fectoral relatif au classement des esp\u00e8ces susceptibles d&rsquo;occasionner des d\u00e9g\u00e2ts et aux modalit\u00e9s de leur destruction dans le d\u00e9partement du Nord pour la p\u00e9riode du 1er juillet 2025 au 30 juin 2026 | Arr\u00eat\u00e9 municipal n\u00b02025-049 &#8211; Autorisation de travaux par la soci\u00e9t\u00e9 LEBLEU Ruelle Mattecappe pour des travaux de busage de la Lys | Arr\u00eat\u00e9 du pr\u00e9sident du conseil d\u00e9partemental &#8211; Restriction de la circulation sur la RD916 au territoire des communes de Saint-Venant et Haverskerque &#8211; Travaux &#8211; Inspection d\u00e9taill\u00e9e de l&rsquo;ouvrage d&rsquo;art 1662A &#8211; Section hors agglom\u00e9ration | Arr\u00eat\u00e9 inter-pr\u00e9fectoral modificatif \u00e0 l&rsquo;arr\u00eat\u00e9 pr\u00e9fectoral portant autorisation au titre de l&rsquo;article L.214-3 du Code de l&rsquo;environnement et relatif au plan de gestion pluriannuel des op\u00e9rations de dragages d&rsquo;entretien sur l&rsquo;unit\u00e9 hydrographique coh\u00e9rente n\u00b04 &#8211; Lys \u00e0 gabarit Freycinet au titre de l&rsquo;article L.214-3 du Code de l&rsquo;environnement | Arr\u00eat\u00e9 municipal n\u00b02022-68 \u2013 R\u00e8glementation de l\u2019\u00e9clairage public sur le territoire de la commune\" \/>\n<meta property=\"og:url\" content=\"https:\/\/www.haverskerque.fr\/index.php\/arretes-municipaux\/\" \/>\n<meta property=\"og:site_name\" content=\"Haverskerque, 100% Nature !*\" \/>\n<meta property=\"article:publisher\" content=\"https:\/\/www.facebook.com\/communehaverskerque\" \/>\n<meta property=\"article:modified_time\" content=\"2026-02-03T10:33:17+00:00\" \/>\n<meta property=\"og:image\" content=\"https:\/\/www.haverskerque.fr\/wp-content\/uploads\/2023\/02\/bandeblanche.jpg\" \/>\n\t<meta property=\"og:image:width\" content=\"593\" \/>\n\t<meta property=\"og:image:height\" content=\"45\" \/>\n\t<meta property=\"og:image:type\" content=\"image\/jpeg\" \/>\n<meta name=\"twitter:card\" content=\"summary_large_image\" \/>\n<meta name=\"twitter:label1\" content=\"Dur\u00e9e de lecture estim\u00e9e\" \/>\n\t<meta name=\"twitter:data1\" content=\"7 minutes\" \/>\n<script type=\"application\/ld+json\" class=\"yoast-schema-graph\">{\"@context\":\"https:\\\/\\\/schema.org\",\"@graph\":[{\"@type\":\"WebPage\",\"@id\":\"https:\\\/\\\/www.haverskerque.fr\\\/index.php\\\/arretes-municipaux\\\/\",\"url\":\"https:\\\/\\\/www.haverskerque.fr\\\/index.php\\\/arretes-municipaux\\\/\",\"name\":\"Arr\u00eat\u00e9s municipaux et pr\u00e9fectoraux * Haverskerque, 100% Nature !*\",\"isPartOf\":{\"@id\":\"https:\\\/\\\/haverskerque.fr\\\/#website\"},\"primaryImageOfPage\":{\"@id\":\"https:\\\/\\\/www.haverskerque.fr\\\/index.php\\\/arretes-municipaux\\\/#primaryimage\"},\"image\":{\"@id\":\"https:\\\/\\\/www.haverskerque.fr\\\/index.php\\\/arretes-municipaux\\\/#primaryimage\"},\"thumbnailUrl\":\"https:\\\/\\\/haverskerque.fr\\\/wp-content\\\/uploads\\\/2023\\\/02\\\/bandeblanche.jpg\",\"datePublished\":\"2023-06-26T14:11:28+00:00\",\"dateModified\":\"2026-02-03T10:33:17+00:00\",\"breadcrumb\":{\"@id\":\"https:\\\/\\\/www.haverskerque.fr\\\/index.php\\\/arretes-municipaux\\\/#breadcrumb\"},\"inLanguage\":\"fr-FR\",\"potentialAction\":[{\"@type\":\"ReadAction\",\"target\":[\"https:\\\/\\\/www.haverskerque.fr\\\/index.php\\\/arretes-municipaux\\\/\"]}]},{\"@type\":\"ImageObject\",\"inLanguage\":\"fr-FR\",\"@id\":\"https:\\\/\\\/www.haverskerque.fr\\\/index.php\\\/arretes-municipaux\\\/#primaryimage\",\"url\":\"https:\\\/\\\/haverskerque.fr\\\/wp-content\\\/uploads\\\/2023\\\/02\\\/bandeblanche.jpg\",\"contentUrl\":\"https:\\\/\\\/haverskerque.fr\\\/wp-content\\\/uploads\\\/2023\\\/02\\\/bandeblanche.jpg\"},{\"@type\":\"BreadcrumbList\",\"@id\":\"https:\\\/\\\/www.haverskerque.fr\\\/index.php\\\/arretes-municipaux\\\/#breadcrumb\",\"itemListElement\":[{\"@type\":\"ListItem\",\"position\":1,\"name\":\"Accueil\",\"item\":\"https:\\\/\\\/www.haverskerque.fr\\\/\"},{\"@type\":\"ListItem\",\"position\":2,\"name\":\"Arr\u00eat\u00e9s municipaux et pr\u00e9fectoraux\"}]},{\"@type\":\"WebSite\",\"@id\":\"https:\\\/\\\/haverskerque.fr\\\/#website\",\"url\":\"https:\\\/\\\/haverskerque.fr\\\/\",\"name\":\"Haverskerque\",\"description\":\"Haverskerque, 100% Nature !\",\"publisher\":{\"@id\":\"https:\\\/\\\/haverskerque.fr\\\/#organization\"},\"alternateName\":\"Haverskerque\",\"potentialAction\":[{\"@type\":\"SearchAction\",\"target\":{\"@type\":\"EntryPoint\",\"urlTemplate\":\"https:\\\/\\\/haverskerque.fr\\\/?s={search_term_string}\"},\"query-input\":{\"@type\":\"PropertyValueSpecification\",\"valueRequired\":true,\"valueName\":\"search_term_string\"}}],\"inLanguage\":\"fr-FR\"},{\"@type\":\"Organization\",\"@id\":\"https:\\\/\\\/haverskerque.fr\\\/#organization\",\"name\":\"Commune d'Haverskerque\",\"alternateName\":\"Commune d'Haverskerque\",\"url\":\"https:\\\/\\\/haverskerque.fr\\\/\",\"logo\":{\"@type\":\"ImageObject\",\"inLanguage\":\"fr-FR\",\"@id\":\"https:\\\/\\\/haverskerque.fr\\\/#\\\/schema\\\/logo\\\/image\\\/\",\"url\":\"https:\\\/\\\/haverskerque.fr\\\/wp-content\\\/uploads\\\/2024\\\/01\\\/siteon0-e5814-1.png\",\"contentUrl\":\"https:\\\/\\\/haverskerque.fr\\\/wp-content\\\/uploads\\\/2024\\\/01\\\/siteon0-e5814-1.png\",\"width\":236,\"height\":102,\"caption\":\"Commune d'Haverskerque\"},\"image\":{\"@id\":\"https:\\\/\\\/haverskerque.fr\\\/#\\\/schema\\\/logo\\\/image\\\/\"},\"sameAs\":[\"https:\\\/\\\/www.facebook.com\\\/communehaverskerque\",\"https:\\\/\\\/www.instagram.com\\\/communehaverskerque\\\/\"]}]}<\/script>\n<!-- \/ Yoast SEO plugin. -->","yoast_head_json":{"title":"Arr\u00eat\u00e9s municipaux et pr\u00e9fectoraux * Haverskerque, 100% Nature !*","robots":{"index":"index","follow":"follow","max-snippet":"max-snippet:-1","max-image-preview":"max-image-preview:large","max-video-preview":"max-video-preview:-1"},"canonical":"https:\/\/www.haverskerque.fr\/index.php\/arretes-municipaux\/","og_locale":"fr_FR","og_type":"article","og_title":"Arr\u00eat\u00e9s municipaux et pr\u00e9fectoraux * Haverskerque, 100% Nature !*","og_description":"| Arr\u00eat\u00e9 municipal n\u00b02026-010 sur l&rsquo;autorisation de travaux par la soci\u00e9t\u00e9 RAMERY VAN LILLE &#8211; 1022 Rue de Merville &#8211; Rabotage et application enrob\u00e9s sur 6CMS | Arr\u00eat\u00e9 municipal n\u00b02026-006 sur l&rsquo;autorisation de travaux par la soci\u00e9t\u00e9 ENEDIS &#8211; D\u00e9placement r\u00e9seau ENEDIS &#8211; 35 Rue de la Goguerie | Arr\u00eat\u00e9 municipal n\u00b02026-005 sur l&rsquo;autorisation de travaux par la soci\u00e9t\u00e9 GROUPE NAT VAN EECKE BOUREZ ALEXIS &#8211; Sur la commune d&rsquo;Haverskerque &#8211; Rue de l&rsquo;\u00c9glise | Arr\u00eat\u00e9 municipal n\u00b02026-004 sur l&rsquo;autorisation de travaux par la soci\u00e9t\u00e9 GROUPE NAT VAN EECKE BOUREZ ALEXIS &#8211; Sur la commune d&rsquo;Haverskerque &#8211; Rue de Merville &#8211; Branchement eau et assainissement | Arr\u00eat\u00e9 municipal n\u00b02026-009 sur l&rsquo;autorisation de stationnement temporaire au 45 Rue de l&rsquo;\u00c9glise &#8211; D\u00e9p\u00f4t de benne | Arr\u00eat\u00e9 municipal n\u00b02026-01 relatif \u00e0 l&rsquo;enqu\u00eate publique de modification de droit commun du Plan Local d&rsquo;Urbanisme | Arr\u00eat\u00e9 municipal n\u00b02026-007 sur la r\u00e9glementation du r\u00e9gime de priorit\u00e9 &#8211; Instauration d&rsquo;un changement de c\u00e9d\u00e9 de passage par un stop &#8211; Rue Cronde et Rue de l&rsquo;Abb\u00e9 Colson | Arr\u00eat\u00e9 pr\u00e9fectoral relatif au classement des esp\u00e8ces susceptibles d&rsquo;occasionner des d\u00e9g\u00e2ts et aux modalit\u00e9s de leur destruction dans le d\u00e9partement du Nord pour la p\u00e9riode du 1er juillet 2025 au 30 juin 2026 | Arr\u00eat\u00e9 municipal n\u00b02025-049 &#8211; Autorisation de travaux par la soci\u00e9t\u00e9 LEBLEU Ruelle Mattecappe pour des travaux de busage de la Lys | Arr\u00eat\u00e9 du pr\u00e9sident du conseil d\u00e9partemental &#8211; Restriction de la circulation sur la RD916 au territoire des communes de Saint-Venant et Haverskerque &#8211; Travaux &#8211; Inspection d\u00e9taill\u00e9e de l&rsquo;ouvrage d&rsquo;art 1662A &#8211; Section hors agglom\u00e9ration | Arr\u00eat\u00e9 inter-pr\u00e9fectoral modificatif \u00e0 l&rsquo;arr\u00eat\u00e9 pr\u00e9fectoral portant autorisation au titre de l&rsquo;article L.214-3 du Code de l&rsquo;environnement et relatif au plan de gestion pluriannuel des op\u00e9rations de dragages d&rsquo;entretien sur l&rsquo;unit\u00e9 hydrographique coh\u00e9rente n\u00b04 &#8211; Lys \u00e0 gabarit Freycinet au titre de l&rsquo;article L.214-3 du Code de l&rsquo;environnement | Arr\u00eat\u00e9 municipal n\u00b02022-68 \u2013 R\u00e8glementation de l\u2019\u00e9clairage public sur le territoire de la commune","og_url":"https:\/\/www.haverskerque.fr\/index.php\/arretes-municipaux\/","og_site_name":"Haverskerque, 100% Nature !*","article_publisher":"https:\/\/www.facebook.com\/communehaverskerque","article_modified_time":"2026-02-03T10:33:17+00:00","og_image":[{"width":593,"height":45,"url":"https:\/\/www.haverskerque.fr\/wp-content\/uploads\/2023\/02\/bandeblanche.jpg","type":"image\/jpeg"}],"twitter_card":"summary_large_image","twitter_misc":{"Dur\u00e9e de lecture estim\u00e9e":"7 minutes"},"schema":{"@context":"https:\/\/schema.org","@graph":[{"@type":"WebPage","@id":"https:\/\/www.haverskerque.fr\/index.php\/arretes-municipaux\/","url":"https:\/\/www.haverskerque.fr\/index.php\/arretes-municipaux\/","name":"Arr\u00eat\u00e9s municipaux et pr\u00e9fectoraux * Haverskerque, 100% Nature !*","isPartOf":{"@id":"https:\/\/haverskerque.fr\/#website"},"primaryImageOfPage":{"@id":"https:\/\/www.haverskerque.fr\/index.php\/arretes-municipaux\/#primaryimage"},"image":{"@id":"https:\/\/www.haverskerque.fr\/index.php\/arretes-municipaux\/#primaryimage"},"thumbnailUrl":"https:\/\/haverskerque.fr\/wp-content\/uploads\/2023\/02\/bandeblanche.jpg","datePublished":"2023-06-26T14:11:28+00:00","dateModified":"2026-02-03T10:33:17+00:00","breadcrumb":{"@id":"https:\/\/www.haverskerque.fr\/index.php\/arretes-municipaux\/#breadcrumb"},"inLanguage":"fr-FR","potentialAction":[{"@type":"ReadAction","target":["https:\/\/www.haverskerque.fr\/index.php\/arretes-municipaux\/"]}]},{"@type":"ImageObject","inLanguage":"fr-FR","@id":"https:\/\/www.haverskerque.fr\/index.php\/arretes-municipaux\/#primaryimage","url":"https:\/\/haverskerque.fr\/wp-content\/uploads\/2023\/02\/bandeblanche.jpg","contentUrl":"https:\/\/haverskerque.fr\/wp-content\/uploads\/2023\/02\/bandeblanche.jpg"},{"@type":"BreadcrumbList","@id":"https:\/\/www.haverskerque.fr\/index.php\/arretes-municipaux\/#breadcrumb","itemListElement":[{"@type":"ListItem","position":1,"name":"Accueil","item":"https:\/\/www.haverskerque.fr\/"},{"@type":"ListItem","position":2,"name":"Arr\u00eat\u00e9s municipaux et pr\u00e9fectoraux"}]},{"@type":"WebSite","@id":"https:\/\/haverskerque.fr\/#website","url":"https:\/\/haverskerque.fr\/","name":"Haverskerque","description":"Haverskerque, 100% Nature !","publisher":{"@id":"https:\/\/haverskerque.fr\/#organization"},"alternateName":"Haverskerque","potentialAction":[{"@type":"SearchAction","target":{"@type":"EntryPoint","urlTemplate":"https:\/\/haverskerque.fr\/?s={search_term_string}"},"query-input":{"@type":"PropertyValueSpecification","valueRequired":true,"valueName":"search_term_string"}}],"inLanguage":"fr-FR"},{"@type":"Organization","@id":"https:\/\/haverskerque.fr\/#organization","name":"Commune d'Haverskerque","alternateName":"Commune d'Haverskerque","url":"https:\/\/haverskerque.fr\/","logo":{"@type":"ImageObject","inLanguage":"fr-FR","@id":"https:\/\/haverskerque.fr\/#\/schema\/logo\/image\/","url":"https:\/\/haverskerque.fr\/wp-content\/uploads\/2024\/01\/siteon0-e5814-1.png","contentUrl":"https:\/\/haverskerque.fr\/wp-content\/uploads\/2024\/01\/siteon0-e5814-1.png","width":236,"height":102,"caption":"Commune d'Haverskerque"},"image":{"@id":"https:\/\/haverskerque.fr\/#\/schema\/logo\/image\/"},"sameAs":["https:\/\/www.facebook.com\/communehaverskerque","https:\/\/www.instagram.com\/communehaverskerque\/"]}]}},"_links":{"self":[{"href":"https:\/\/www.haverskerque.fr\/index.php\/wp-json\/wp\/v2\/pages\/3507","targetHints":{"allow":["GET"]}}],"collection":[{"href":"https:\/\/www.haverskerque.fr\/index.php\/wp-json\/wp\/v2\/pages"}],"about":[{"href":"https:\/\/www.haverskerque.fr\/index.php\/wp-json\/wp\/v2\/types\/page"}],"author":[{"embeddable":true,"href":"https:\/\/www.haverskerque.fr\/index.php\/wp-json\/wp\/v2\/users\/1"}],"replies":[{"embeddable":true,"href":"https:\/\/www.haverskerque.fr\/index.php\/wp-json\/wp\/v2\/comments?post=3507"}],"version-history":[{"count":20,"href":"https:\/\/www.haverskerque.fr\/index.php\/wp-json\/wp\/v2\/pages\/3507\/revisions"}],"predecessor-version":[{"id":10135,"href":"https:\/\/www.haverskerque.fr\/index.php\/wp-json\/wp\/v2\/pages\/3507\/revisions\/10135"}],"wp:attachment":[{"href":"https:\/\/www.haverskerque.fr\/index.php\/wp-json\/wp\/v2\/media?parent=3507"}],"curies":[{"name":"wp","href":"https:\/\/api.w.org\/{rel}","templated":true}]}}