{"id":3491,"date":"2023-06-26T16:04:03","date_gmt":"2023-06-26T14:04:03","guid":{"rendered":"http:\/\/barbry.esy.es\/?page_id=3491"},"modified":"2026-01-22T14:52:27","modified_gmt":"2026-01-22T13:52:27","slug":"salles-municipales","status":"publish","type":"page","link":"https:\/\/www.haverskerque.fr\/index.php\/salles-municipales\/","title":{"rendered":"Salles municipales"},"content":{"rendered":"<div class=\"wp-block-image\">\n<figure class=\"aligncenter size-large is-resized\"><img loading=\"lazy\" decoding=\"async\" width=\"1024\" height=\"576\" src=\"https:\/\/haverskerque.fr\/wp-content\/uploads\/2024\/01\/Salles-municipales-1024x576.png\" alt=\"\" class=\"wp-image-7129\" style=\"object-fit:cover;width:700px;height:393px\" srcset=\"https:\/\/www.haverskerque.fr\/wp-content\/uploads\/2024\/01\/Salles-municipales-1024x576.png 1024w, https:\/\/www.haverskerque.fr\/wp-content\/uploads\/2024\/01\/Salles-municipales-300x169.png 300w, https:\/\/www.haverskerque.fr\/wp-content\/uploads\/2024\/01\/Salles-municipales-768x432.png 768w, https:\/\/www.haverskerque.fr\/wp-content\/uploads\/2024\/01\/Salles-municipales-1536x864.png 1536w, https:\/\/www.haverskerque.fr\/wp-content\/uploads\/2024\/01\/Salles-municipales-1140x641.png 1140w, https:\/\/www.haverskerque.fr\/wp-content\/uploads\/2024\/01\/Salles-municipales.png 1920w\" sizes=\"auto, (max-width: 1024px) 100vw, 1024px\" \/><\/figure>\n<\/div>\n\n\n<figure class=\"wp-block-image size-full\"><img loading=\"lazy\" decoding=\"async\" width=\"593\" height=\"45\" src=\"https:\/\/haverskerque.fr\/wp-content\/uploads\/2023\/02\/bandeblanche.jpg\" alt=\"\" class=\"wp-image-381\" srcset=\"https:\/\/www.haverskerque.fr\/wp-content\/uploads\/2023\/02\/bandeblanche.jpg 593w, https:\/\/www.haverskerque.fr\/wp-content\/uploads\/2023\/02\/bandeblanche-300x23.jpg 300w\" sizes=\"auto, (max-width: 593px) 100vw, 593px\" \/><\/figure>\n\n\n\n<p><mark style=\"background-color:rgba(0, 0, 0, 0);color:#00a018\" class=\"has-inline-color\">|<\/mark> <em>La commune d\u2019Haverskerque vous propose la location de deux salles, Victor DEHAINE et Ren\u00e9 CASSIN, toutes deux situ\u00e9es Rue du 11 Novembre.<\/em><\/p>\n\n\n\n<figure class=\"wp-block-image size-full\"><img loading=\"lazy\" decoding=\"async\" width=\"593\" height=\"45\" src=\"https:\/\/haverskerque.fr\/wp-content\/uploads\/2023\/02\/bandeblanche.jpg\" alt=\"\" class=\"wp-image-381\" srcset=\"https:\/\/www.haverskerque.fr\/wp-content\/uploads\/2023\/02\/bandeblanche.jpg 593w, https:\/\/www.haverskerque.fr\/wp-content\/uploads\/2023\/02\/bandeblanche-300x23.jpg 300w\" sizes=\"auto, (max-width: 593px) 100vw, 593px\" \/><\/figure>\n\n\n\n<ul class=\"wp-block-list\">\n<li><strong>Salle Victor Dehaine<\/strong>&nbsp;: 216 m\u00b2 avec cuisine<\/li>\n<\/ul>\n\n\n\n<p><\/p>\n\n\n\n<ul class=\"wp-block-list\">\n<li><strong>Salle Ren\u00e9 Cassin<\/strong>&nbsp;: 94 m\u00b2 sans cuisine<\/li>\n<\/ul>\n\n\n\n<figure class=\"wp-block-image size-full\"><img loading=\"lazy\" decoding=\"async\" width=\"593\" height=\"45\" src=\"https:\/\/haverskerque.fr\/wp-content\/uploads\/2023\/02\/bandeblanche.jpg\" alt=\"\" class=\"wp-image-381\" srcset=\"https:\/\/www.haverskerque.fr\/wp-content\/uploads\/2023\/02\/bandeblanche.jpg 593w, https:\/\/www.haverskerque.fr\/wp-content\/uploads\/2023\/02\/bandeblanche-300x23.jpg 300w\" sizes=\"auto, (max-width: 593px) 100vw, 593px\" \/><\/figure>\n\n\n\n<p>Pour tous renseignements ou r\u00e9servations, appelez en mairie au <strong>03 28 40 61 12<\/strong><\/p>\n\n\n\n<figure class=\"wp-block-image size-full\"><img loading=\"lazy\" decoding=\"async\" width=\"593\" height=\"45\" src=\"https:\/\/haverskerque.fr\/wp-content\/uploads\/2023\/02\/bandeblanche.jpg\" alt=\"\" class=\"wp-image-381\" srcset=\"https:\/\/www.haverskerque.fr\/wp-content\/uploads\/2023\/02\/bandeblanche.jpg 593w, https:\/\/www.haverskerque.fr\/wp-content\/uploads\/2023\/02\/bandeblanche-300x23.jpg 300w\" sizes=\"auto, (max-width: 593px) 100vw, 593px\" \/><\/figure>\n\n\n<div class=\"wp-block-image is-resized\">\n<figure class=\"aligncenter size-full\"><img loading=\"lazy\" decoding=\"async\" width=\"593\" height=\"45\" src=\"http:\/\/barbry.esy.es\/wp-content\/uploads\/2023\/02\/bandeblanche.jpg\" alt=\"\" class=\"wp-image-381\" srcset=\"https:\/\/www.haverskerque.fr\/wp-content\/uploads\/2023\/02\/bandeblanche.jpg 593w, https:\/\/www.haverskerque.fr\/wp-content\/uploads\/2023\/02\/bandeblanche-300x23.jpg 300w\" sizes=\"auto, (max-width: 593px) 100vw, 593px\" \/><\/figure>\n<\/div>\n\n\n<figure class=\"wp-block-image size-full\"><img loading=\"lazy\" decoding=\"async\" width=\"593\" height=\"45\" src=\"https:\/\/haverskerque.fr\/wp-content\/uploads\/2023\/02\/bandeblanche.jpg\" alt=\"\" class=\"wp-image-381\" srcset=\"https:\/\/www.haverskerque.fr\/wp-content\/uploads\/2023\/02\/bandeblanche.jpg 593w, https:\/\/www.haverskerque.fr\/wp-content\/uploads\/2023\/02\/bandeblanche-300x23.jpg 300w\" sizes=\"auto, (max-width: 593px) 100vw, 593px\" \/><\/figure>\n\n\n\n<h3 class=\"wp-block-heading has-text-align-left has-black-color has-text-color has-link-color wp-elements-494b79baf297fa16ccf3e9bf6dbdf666\"><mark style=\"background-color:rgba(0, 0, 0, 0);color:#00a018\" class=\"has-inline-color\">|<\/mark> <strong>Tarifs location Salle Victor Dehaine<\/strong><\/h3>\n\n\n\n<figure class=\"wp-block-image size-full\"><img loading=\"lazy\" decoding=\"async\" width=\"593\" height=\"45\" src=\"https:\/\/haverskerque.fr\/wp-content\/uploads\/2023\/02\/bandeblanche.jpg\" alt=\"\" class=\"wp-image-381\" srcset=\"https:\/\/www.haverskerque.fr\/wp-content\/uploads\/2023\/02\/bandeblanche.jpg 593w, https:\/\/www.haverskerque.fr\/wp-content\/uploads\/2023\/02\/bandeblanche-300x23.jpg 300w\" sizes=\"auto, (max-width: 593px) 100vw, 593px\" \/><\/figure>\n\n\n\n<table style=\"border-collapse: collapse; width: 80%; margin: auto; font-family: Arial, sans-serif;\">\n  <thead>\n    <tr style=\"background-color: #00a018;\">\n      <th style=\"border: 1px solid #000; padding: 8px; color: #ffffff;\">Location de la salle<\/th>\n      <th style=\"border: 1px solid #000; padding: 8px; color: #ffffff;\">Victor DEHAINE<\/th>\n      <th style=\"border: 1px solid #000; padding: 8px; color: #ffffff;\">TARIFS 2026<\/th>\n    <\/tr>\n  <\/thead>\n  <tbody>\n    <!-- Salle seule -->\n    <tr>\n      <td rowspan=\"2\" style=\"border: 1px solid #000; padding: 8px;\">Salle seule pour une journ\u00e9e<\/td>\n      <td style=\"border: 1px solid #000; padding: 8px;\">Haverskerquois<\/td>\n      <td style=\"border: 1px solid #000; padding: 8px;\">165,00\u20ac<\/td>\n    <\/tr>\n    <tr>\n      <td style=\"border: 1px solid #000; padding: 8px;\">Ext\u00e9rieurs<\/td>\n      <td style=\"border: 1px solid #000; padding: 8px;\">330,00\u20ac<\/td>\n    <\/tr>\n\n    <!-- Suppl\u00e9ment jour -->\n    <tr>\n      <td rowspan=\"2\" style=\"border: 1px solid #000; padding: 8px;\">Suppl\u00e9ment par jour suppl\u00e9mentaire<\/td>\n      <td style=\"border: 1px solid #000; padding: 8px;\">Haverskerquois<\/td>\n      <td style=\"border: 1px solid #000; padding: 8px;\">82,50\u20ac<\/td>\n    <\/tr>\n    <tr>\n      <td style=\"border: 1px solid #000; padding: 8px;\">Ext\u00e9rieurs<\/td>\n      <td style=\"border: 1px solid #000; padding: 8px;\">175,00\u20ac<\/td>\n    <\/tr>\n\n    <!-- Bande grise -->\n    <tr style=\"background-color: #e0e0e0;\">\n      <td colspan=\"3\" style=\"padding: 4px; border: none;\"><\/td>\n    <\/tr>\n\n    <!-- Salle avec cuisine -->\n    <tr>\n      <td rowspan=\"2\" style=\"border: 1px solid #000; padding: 8px;\">Salle avec cuisine pour une journ\u00e9e<\/td>\n      <td style=\"border: 1px solid #000; padding: 8px;\">Haverskerquois<\/td>\n      <td style=\"border: 1px solid #000; padding: 8px;\">300,00\u20ac<\/td>\n    <\/tr>\n    <tr>\n      <td style=\"border: 1px solid #000; padding: 8px;\">Ext\u00e9rieurs<\/td>\n      <td style=\"border: 1px solid #000; padding: 8px;\">500,00\u20ac<\/td>\n    <\/tr>\n\n    <!-- Suppl\u00e9ment jour -->\n    <tr>\n      <td rowspan=\"2\" style=\"border: 1px solid #000; padding: 8px;\">Suppl\u00e9ment par jour suppl\u00e9mentaire<\/td>\n      <td style=\"border: 1px solid #000; padding: 8px;\">Haverskerquois<\/td>\n      <td style=\"border: 1px solid #000; padding: 8px;\">150,00\u20ac<\/td>\n    <\/tr>\n    <tr>\n      <td style=\"border: 1px solid #000; padding: 8px;\">Ext\u00e9rieurs<\/td>\n      <td style=\"border: 1px solid #000; padding: 8px;\">260,00\u20ac<\/td>\n    <\/tr>\n\n    <!-- Bande grise -->\n    <tr style=\"background-color: #e0e0e0;\">\n      <td colspan=\"3\" style=\"padding: 4px; border: none;\"><\/td>\n    <\/tr>\n\n    <!-- Forfaits -->\n    <tr>\n      <td colspan=\"2\" style=\"border: 1px solid #000; padding: 8px;\">Forfait nettoyage (si salle et\/ou vaisselle non-rendus dans leur \u00e9tat initial)<\/td>\n      <td style=\"border: 1px solid #000; padding: 8px;\">100,00\u20ac<\/td>\n    <\/tr>\n    <tr>\n      <td colspan=\"2\" style=\"border: 1px solid #000; padding: 8px;\">Forfait journalier pour les \u00e9v\u00e9nements associatifs (1 gratuit\u00e9 par an)<\/td>\n      <td style=\"border: 1px solid #000; padding: 8px;\">25,00\u20ac<\/td>\n    <\/tr>\n    <tr>\n      <td colspan=\"2\" style=\"border: 1px solid #000; padding: 8px;\">Forfait consommation de fluides (gaz\/\u00e9lectricit\u00e9) \u2013 \u00c9t\u00e9 (01\/05 au 30\/09)<\/td>\n      <td style=\"border: 1px solid #000; padding: 8px;\">27,00\u20ac<\/td>\n    <\/tr>\n    <tr>\n      <td colspan=\"2\" style=\"border: 1px solid #000; padding: 8px;\">Forfait consommation de fluides (gaz\/\u00e9lectricit\u00e9) \u2013 Hiver (01\/10 au 30\/04)<\/td>\n      <td style=\"border: 1px solid #000; padding: 8px;\">66,00\u20ac<\/td>\n    <\/tr>\n    <tr>\n      <td colspan=\"2\" style=\"border: 1px solid #000; padding: 8px;\">Forfait collecte d\u2019ordures m\u00e9nag\u00e8res<\/td>\n      <td style=\"border: 1px solid #000; padding: 8px;\">12,00\u20ac<\/td>\n    <\/tr>\n    <tr>\n      <td colspan=\"2\" style=\"border: 1px solid #000; padding: 8px;\">Forfait en cas de r\u00e9servation non honor\u00e9e sans justification<\/td>\n      <td style=\"border: 1px solid #000; padding: 8px;\">50% du montant de la location<\/td>\n    <\/tr>\n    <tr>\n      <td colspan=\"2\" style=\"border: 1px solid #000; padding: 8px;\">Forfait d\u2019inventaire entr\u00e9e\/sortie<\/td>\n      <td style=\"border: 1px solid #000; padding: 8px;\">42,50\u20ac<\/td>\n    <\/tr>\n  <\/tbody>\n<\/table>\n\n\n\n<figure class=\"wp-block-image size-full\"><img loading=\"lazy\" decoding=\"async\" width=\"593\" height=\"45\" src=\"https:\/\/haverskerque.fr\/wp-content\/uploads\/2023\/02\/bandeblanche.jpg\" alt=\"\" class=\"wp-image-381\" srcset=\"https:\/\/www.haverskerque.fr\/wp-content\/uploads\/2023\/02\/bandeblanche.jpg 593w, https:\/\/www.haverskerque.fr\/wp-content\/uploads\/2023\/02\/bandeblanche-300x23.jpg 300w\" sizes=\"auto, (max-width: 593px) 100vw, 593px\" \/><\/figure>\n\n\n\n<h3 class=\"wp-block-heading has-text-align-left\"><mark style=\"background-color:rgba(0, 0, 0, 0);color:#00a018\" class=\"has-inline-color\">|<\/mark> <strong>Tarifs location Salle Ren\u00e9 Cassin<\/strong><\/h3>\n\n\n\n<figure class=\"wp-block-image size-full\"><img loading=\"lazy\" decoding=\"async\" width=\"593\" height=\"45\" src=\"https:\/\/haverskerque.fr\/wp-content\/uploads\/2023\/02\/bandeblanche.jpg\" alt=\"\" class=\"wp-image-381\" srcset=\"https:\/\/www.haverskerque.fr\/wp-content\/uploads\/2023\/02\/bandeblanche.jpg 593w, https:\/\/www.haverskerque.fr\/wp-content\/uploads\/2023\/02\/bandeblanche-300x23.jpg 300w\" sizes=\"auto, (max-width: 593px) 100vw, 593px\" \/><\/figure>\n\n\n\n<table style=\"border-collapse: collapse; width: 80%; margin: auto; font-family: Arial, sans-serif;\">\n  <thead>\n    <tr style=\"background-color: #00a018;\">\n      <th style=\"border: 1px solid #000; padding: 8px; color: #ffffff;\">Location de la salle<\/th>\n      <th style=\"border: 1px solid #000; padding: 8px; color: #ffffff;\">Ren\u00e9 CASSIN<\/th>\n      <th style=\"border: 1px solid #000; padding: 8px; color: #ffffff;\">TARIFS 2026<\/th>\n    <\/tr>\n  <\/thead>\n  <tbody>\n    <!-- Salle seule -->\n    <tr>\n      <td rowspan=\"2\" style=\"border: 1px solid #000; padding: 8px;\">Salle seule pour une journ\u00e9e<\/td>\n      <td style=\"border: 1px solid #000; padding: 8px;\">Haverskerquois<\/td>\n      <td style=\"border: 1px solid #000; padding: 8px;\">120,00\u20ac<\/td>\n    <\/tr>\n    <tr>\n      <td style=\"border: 1px solid #000; padding: 8px;\">Ext\u00e9rieurs<\/td>\n      <td style=\"border: 1px solid #000; padding: 8px;\">260,00\u20ac<\/td>\n    <\/tr>\n\n    <!-- Suppl\u00e9ment jour -->\n    <tr>\n      <td rowspan=\"2\" style=\"border: 1px solid #000; padding: 8px;\">Suppl\u00e9ment par jour suppl\u00e9mentaire<\/td>\n      <td style=\"border: 1px solid #000; padding: 8px;\">Haverskerquois<\/td>\n      <td style=\"border: 1px solid #000; padding: 8px;\">60,00\u20ac<\/td>\n    <\/tr>\n    <tr>\n      <td style=\"border: 1px solid #000; padding: 8px;\">Ext\u00e9rieurs<\/td>\n      <td style=\"border: 1px solid #000; padding: 8px;\">140,00\u20ac<\/td>\n    <\/tr>\n\n    <!-- Bande grise -->\n    <tr style=\"background-color: #e0e0e0;\">\n      <td colspan=\"3\" style=\"padding: 4px; border: none;\"><\/td>\n    <\/tr>\n\n    <!-- Forfaits -->\n    <tr>\n      <td colspan=\"2\" style=\"border: 1px solid #000; padding: 8px;\">\n        P\u00e9nalit\u00e9 pour non-nettoyage ou nettoyage partiel (si salle et\/ou vaisselle non-rendus dans leur \u00e9tat initial)\n      <\/td>\n      <td style=\"border: 1px solid #000; padding: 8px;\">150,00\u20ac<\/td>\n    <\/tr>\n    <tr>\n      <td colspan=\"2\" style=\"border: 1px solid #000; padding: 8px;\">\n        Forfait consommation de fluides (gaz\/\u00e9lectricit\u00e9) \u2013 \u00c9t\u00e9 (01\/05 au 30\/09)\n      <\/td>\n      <td style=\"border: 1px solid #000; padding: 8px;\">20,00\u20ac<\/td>\n    <\/tr>\n    <tr>\n      <td colspan=\"2\" style=\"border: 1px solid #000; padding: 8px;\">\n        Forfait consommation de fluides (gaz\/\u00e9lectricit\u00e9) \u2013 Hiver (01\/10 au 30\/04)\n      <\/td>\n      <td style=\"border: 1px solid #000; padding: 8px;\">55,00\u20ac<\/td>\n    <\/tr>\n    <tr>\n      <td colspan=\"2\" style=\"border: 1px solid #000; padding: 8px;\">Forfait collecte d\u2019ordures m\u00e9nag\u00e8res<\/td>\n      <td style=\"border: 1px solid #000; padding: 8px;\">12,00\u20ac<\/td>\n    <\/tr>\n    <tr>\n      <td colspan=\"2\" style=\"border: 1px solid #000; padding: 8px;\">\n        Forfait en cas de r\u00e9servation non honor\u00e9e sans justification\n      <\/td>\n      <td style=\"border: 1px solid #000; padding: 8px;\">50% du montant de la location<\/td>\n    <\/tr>\n    <tr>\n      <td colspan=\"2\" style=\"border: 1px solid #000; padding: 8px;\">Forfait d\u2019inventaire entr\u00e9e\/sortie<\/td>\n      <td style=\"border: 1px solid #000; padding: 8px;\">42,50\u20ac<\/td>\n    <\/tr>\n  <\/tbody>\n<\/table>\n\n\n\n<figure class=\"wp-block-image size-full\"><img loading=\"lazy\" decoding=\"async\" width=\"593\" height=\"45\" src=\"https:\/\/haverskerque.fr\/wp-content\/uploads\/2023\/02\/bandeblanche.jpg\" alt=\"\" class=\"wp-image-381\" srcset=\"https:\/\/www.haverskerque.fr\/wp-content\/uploads\/2023\/02\/bandeblanche.jpg 593w, https:\/\/www.haverskerque.fr\/wp-content\/uploads\/2023\/02\/bandeblanche-300x23.jpg 300w\" sizes=\"auto, (max-width: 593px) 100vw, 593px\" \/><\/figure>\n\n\n\n<h3 class=\"wp-block-heading has-text-align-left\"><mark style=\"background-color:rgba(0, 0, 0, 0);color:#00a018\" class=\"has-inline-color\">|<\/mark> <strong>Tarifs location vaisselle et meuble<\/strong><\/h3>\n\n\n\n<figure class=\"wp-block-image size-full\"><img loading=\"lazy\" decoding=\"async\" width=\"593\" height=\"45\" src=\"https:\/\/haverskerque.fr\/wp-content\/uploads\/2023\/02\/bandeblanche.jpg\" alt=\"\" class=\"wp-image-381\" srcset=\"https:\/\/www.haverskerque.fr\/wp-content\/uploads\/2023\/02\/bandeblanche.jpg 593w, https:\/\/www.haverskerque.fr\/wp-content\/uploads\/2023\/02\/bandeblanche-300x23.jpg 300w\" sizes=\"auto, (max-width: 593px) 100vw, 593px\" \/><\/figure>\n\n\n\n<table style=\"border-collapse: collapse; width: 80%; margin: auto; font-family: Arial, sans-serif;\">\n  <thead>\n    <tr style=\"background-color: #00a018;\">\n      <th style=\"border: 1px solid #000; padding: 8px; color: #ffffff;\">Location vaisselle et meuble<\/th>\n      <th style=\"border: 1px solid #000; padding: 8px; color: #ffffff;\">TARIFS 2026<\/th>\n    <\/tr>\n  <\/thead>\n  <tbody>\n    <tr>\n      <td style=\"border: 1px solid #000; padding: 8px;\">Par couvert<\/td>\n      <td style=\"border: 1px solid #000; padding: 8px;\">0,60\u20ac<\/td>\n    <\/tr>\n    <tr>\n      <td style=\"border: 1px solid #000; padding: 8px;\">Fl\u00fbte \u00e0 champagne (par 50)<\/td>\n      <td style=\"border: 1px solid #000; padding: 8px;\">7,00\u20ac<\/td>\n    <\/tr>\n    <tr>\n      <td style=\"border: 1px solid #000; padding: 8px;\">Caution de r\u00e9servation des fl\u00fbtes \u00e0 champagne (par 50)<\/td>\n      <td style=\"border: 1px solid #000; padding: 8px;\">46,00\u20ac<\/td>\n    <\/tr>\n    <tr>\n      <td style=\"border: 1px solid #000; padding: 8px;\">Mange debout (prix unitaire \/ 5 maximum)<\/td>\n      <td style=\"border: 1px solid #000; padding: 8px;\">5,00\u20ac<\/td>\n    <\/tr>\n  <\/tbody>\n<\/table>\n\n\n\n<figure class=\"wp-block-image size-full\"><img loading=\"lazy\" decoding=\"async\" width=\"593\" height=\"45\" src=\"https:\/\/haverskerque.fr\/wp-content\/uploads\/2023\/02\/bandeblanche.jpg\" alt=\"\" class=\"wp-image-381\" srcset=\"https:\/\/www.haverskerque.fr\/wp-content\/uploads\/2023\/02\/bandeblanche.jpg 593w, https:\/\/www.haverskerque.fr\/wp-content\/uploads\/2023\/02\/bandeblanche-300x23.jpg 300w\" sizes=\"auto, (max-width: 593px) 100vw, 593px\" \/><\/figure>\n\n\n\n<h3 class=\"wp-block-heading has-text-align-left\"><mark style=\"background-color:rgba(0, 0, 0, 0);color:#00a018\" class=\"has-inline-color\">|<\/mark> <strong>R\u00e8glement int\u00e9rieur des salles communales<\/strong><\/h3>\n\n\n\n<figure class=\"wp-block-image size-full\"><img loading=\"lazy\" decoding=\"async\" width=\"593\" height=\"45\" src=\"https:\/\/haverskerque.fr\/wp-content\/uploads\/2023\/02\/bandeblanche.jpg\" alt=\"\" class=\"wp-image-381\" srcset=\"https:\/\/www.haverskerque.fr\/wp-content\/uploads\/2023\/02\/bandeblanche.jpg 593w, https:\/\/www.haverskerque.fr\/wp-content\/uploads\/2023\/02\/bandeblanche-300x23.jpg 300w\" sizes=\"auto, (max-width: 593px) 100vw, 593px\" \/><\/figure>\n\n\n\n<div class=\"wp-block-file\"><a id=\"wp-block-file--media-d590a060-3ea5-470b-a51a-6390e072268b\" href=\"https:\/\/www.haverskerque.fr\/wp-content\/uploads\/2024\/10\/Reglement-salles-communales-2024.pdf\" target=\"_blank\" rel=\"noreferrer noopener\">R\u00e8glement salles communales 2024<\/a><a href=\"https:\/\/www.haverskerque.fr\/wp-content\/uploads\/2024\/10\/Reglement-salles-communales-2024.pdf\" class=\"wp-block-file__button wp-element-button\" download aria-describedby=\"wp-block-file--media-d590a060-3ea5-470b-a51a-6390e072268b\">T\u00e9l\u00e9charger<\/a><\/div>\n\n\n\n<p><\/p>\n","protected":false},"excerpt":{"rendered":"<p>| La commune d\u2019Haverskerque vous propose la location de deux salles, Victor DEHAINE et Ren\u00e9 CASSIN, toutes deux situ\u00e9es Rue du 11 Novembre. Pour tous renseignements ou r\u00e9servations, appelez en mairie au 03 28 40 61 12 | Tarifs location Salle Victor Dehaine Location de la salle Victor DEHAINE TARIFS 2026 Salle seule pour une journ\u00e9e Haverskerquois 165,00\u20ac Ext\u00e9rieurs 330,00\u20ac Suppl\u00e9ment par jour suppl\u00e9mentaire Haverskerquois 82,50\u20ac Ext\u00e9rieurs 175,00\u20ac Salle avec cuisine pour une journ\u00e9e Haverskerquois 300,00\u20ac Ext\u00e9rieurs 500,00\u20ac Suppl\u00e9ment par jour suppl\u00e9mentaire Haverskerquois 150,00\u20ac Ext\u00e9rieurs 260,00\u20ac Forfait nettoyage (si salle et\/ou vaisselle non-rendus dans leur \u00e9tat initial) 100,00\u20ac Forfait journalier pour les \u00e9v\u00e9nements associatifs (1 gratuit\u00e9 par an) 25,00\u20ac Forfait consommation de fluides (gaz\/\u00e9lectricit\u00e9) \u2013 \u00c9t\u00e9 (01\/05 au 30\/09) 27,00\u20ac Forfait consommation de fluides (gaz\/\u00e9lectricit\u00e9) \u2013 Hiver (01\/10 au 30\/04) 66,00\u20ac Forfait collecte d\u2019ordures m\u00e9nag\u00e8res 12,00\u20ac Forfait en cas de r\u00e9servation non honor\u00e9e sans justification 50% du montant de la location Forfait d\u2019inventaire entr\u00e9e\/sortie 42,50\u20ac | Tarifs location Salle Ren\u00e9 Cassin Location de la salle Ren\u00e9 CASSIN TARIFS 2026 Salle seule pour une journ\u00e9e Haverskerquois 120,00\u20ac Ext\u00e9rieurs 260,00\u20ac Suppl\u00e9ment par jour suppl\u00e9mentaire Haverskerquois 60,00\u20ac Ext\u00e9rieurs 140,00\u20ac P\u00e9nalit\u00e9 pour non-nettoyage ou nettoyage partiel (si salle et\/ou vaisselle non-rendus dans leur \u00e9tat initial) 150,00\u20ac Forfait consommation de fluides (gaz\/\u00e9lectricit\u00e9) \u2013 \u00c9t\u00e9 (01\/05 au 30\/09) 20,00\u20ac Forfait consommation de fluides (gaz\/\u00e9lectricit\u00e9) \u2013 Hiver (01\/10 au 30\/04) 55,00\u20ac Forfait collecte d\u2019ordures m\u00e9nag\u00e8res 12,00\u20ac Forfait en cas de r\u00e9servation non honor\u00e9e sans justification 50% du montant de la location Forfait d\u2019inventaire entr\u00e9e\/sortie 42,50\u20ac | Tarifs location vaisselle et meuble Location vaisselle et meuble TARIFS 2026 Par couvert 0,60\u20ac Fl\u00fbte \u00e0 champagne (par 50) 7,00\u20ac Caution de r\u00e9servation des fl\u00fbtes \u00e0 champagne (par 50) 46,00\u20ac Mange debout (prix unitaire \/ 5 maximum) 5,00\u20ac | R\u00e8glement int\u00e9rieur des salles communales<\/p>\n","protected":false},"author":1,"featured_media":0,"parent":0,"menu_order":0,"comment_status":"closed","ping_status":"closed","template":"","meta":{"cybocfi_hide_featured_image":"","footnotes":""},"class_list":["post-3491","page","type-page","status-publish","hentry"],"yoast_head":"<!-- This site is optimized with the Yoast SEO plugin v27.5 - https:\/\/yoast.com\/product\/yoast-seo-wordpress\/ -->\n<title>Salles municipales * Haverskerque, 100% Nature !*<\/title>\n<meta name=\"robots\" content=\"index, follow, max-snippet:-1, max-image-preview:large, max-video-preview:-1\" \/>\n<link rel=\"canonical\" href=\"https:\/\/www.haverskerque.fr\/index.php\/salles-municipales\/\" \/>\n<meta property=\"og:locale\" content=\"fr_FR\" \/>\n<meta property=\"og:type\" content=\"article\" \/>\n<meta property=\"og:title\" content=\"Salles municipales * Haverskerque, 100% Nature !*\" \/>\n<meta property=\"og:description\" content=\"| La commune d\u2019Haverskerque vous propose la location de deux salles, Victor DEHAINE et Ren\u00e9 CASSIN, toutes deux situ\u00e9es Rue du 11 Novembre. Pour tous renseignements ou r\u00e9servations, appelez en mairie au 03 28 40 61 12 | Tarifs location Salle Victor Dehaine Location de la salle Victor DEHAINE TARIFS 2026 Salle seule pour une journ\u00e9e Haverskerquois 165,00\u20ac Ext\u00e9rieurs 330,00\u20ac Suppl\u00e9ment par jour suppl\u00e9mentaire Haverskerquois 82,50\u20ac Ext\u00e9rieurs 175,00\u20ac Salle avec cuisine pour une journ\u00e9e Haverskerquois 300,00\u20ac Ext\u00e9rieurs 500,00\u20ac Suppl\u00e9ment par jour suppl\u00e9mentaire Haverskerquois 150,00\u20ac Ext\u00e9rieurs 260,00\u20ac Forfait nettoyage (si salle et\/ou vaisselle non-rendus dans leur \u00e9tat initial) 100,00\u20ac Forfait journalier pour les \u00e9v\u00e9nements associatifs (1 gratuit\u00e9 par an) 25,00\u20ac Forfait consommation de fluides (gaz\/\u00e9lectricit\u00e9) \u2013 \u00c9t\u00e9 (01\/05 au 30\/09) 27,00\u20ac Forfait consommation de fluides (gaz\/\u00e9lectricit\u00e9) \u2013 Hiver (01\/10 au 30\/04) 66,00\u20ac Forfait collecte d\u2019ordures m\u00e9nag\u00e8res 12,00\u20ac Forfait en cas de r\u00e9servation non honor\u00e9e sans justification 50% du montant de la location Forfait d\u2019inventaire entr\u00e9e\/sortie 42,50\u20ac | Tarifs location Salle Ren\u00e9 Cassin Location de la salle Ren\u00e9 CASSIN TARIFS 2026 Salle seule pour une journ\u00e9e Haverskerquois 120,00\u20ac Ext\u00e9rieurs 260,00\u20ac Suppl\u00e9ment par jour suppl\u00e9mentaire Haverskerquois 60,00\u20ac Ext\u00e9rieurs 140,00\u20ac P\u00e9nalit\u00e9 pour non-nettoyage ou nettoyage partiel (si salle et\/ou vaisselle non-rendus dans leur \u00e9tat initial) 150,00\u20ac Forfait consommation de fluides (gaz\/\u00e9lectricit\u00e9) \u2013 \u00c9t\u00e9 (01\/05 au 30\/09) 20,00\u20ac Forfait consommation de fluides (gaz\/\u00e9lectricit\u00e9) \u2013 Hiver (01\/10 au 30\/04) 55,00\u20ac Forfait collecte d\u2019ordures m\u00e9nag\u00e8res 12,00\u20ac Forfait en cas de r\u00e9servation non honor\u00e9e sans justification 50% du montant de la location Forfait d\u2019inventaire entr\u00e9e\/sortie 42,50\u20ac | Tarifs location vaisselle et meuble Location vaisselle et meuble TARIFS 2026 Par couvert 0,60\u20ac Fl\u00fbte \u00e0 champagne (par 50) 7,00\u20ac Caution de r\u00e9servation des fl\u00fbtes \u00e0 champagne (par 50) 46,00\u20ac Mange debout (prix unitaire \/ 5 maximum) 5,00\u20ac | R\u00e8glement int\u00e9rieur des salles communales\" \/>\n<meta property=\"og:url\" content=\"https:\/\/www.haverskerque.fr\/index.php\/salles-municipales\/\" \/>\n<meta property=\"og:site_name\" content=\"Haverskerque, 100% Nature !*\" \/>\n<meta property=\"article:publisher\" content=\"https:\/\/www.facebook.com\/communehaverskerque\" \/>\n<meta property=\"article:modified_time\" content=\"2026-01-22T13:52:27+00:00\" \/>\n<meta property=\"og:image\" content=\"https:\/\/www.haverskerque.fr\/wp-content\/uploads\/2024\/01\/Salles-municipales.png\" \/>\n\t<meta property=\"og:image:width\" content=\"1920\" \/>\n\t<meta property=\"og:image:height\" content=\"1080\" \/>\n\t<meta property=\"og:image:type\" content=\"image\/png\" \/>\n<meta name=\"twitter:card\" content=\"summary_large_image\" \/>\n<meta name=\"twitter:label1\" content=\"Dur\u00e9e de lecture estim\u00e9e\" \/>\n\t<meta name=\"twitter:data1\" content=\"5 minutes\" \/>\n<script type=\"application\/ld+json\" class=\"yoast-schema-graph\">{\"@context\":\"https:\\\/\\\/schema.org\",\"@graph\":[{\"@type\":\"WebPage\",\"@id\":\"https:\\\/\\\/www.haverskerque.fr\\\/index.php\\\/salles-municipales\\\/\",\"url\":\"https:\\\/\\\/www.haverskerque.fr\\\/index.php\\\/salles-municipales\\\/\",\"name\":\"Salles municipales * Haverskerque, 100% Nature !*\",\"isPartOf\":{\"@id\":\"https:\\\/\\\/haverskerque.fr\\\/#website\"},\"primaryImageOfPage\":{\"@id\":\"https:\\\/\\\/www.haverskerque.fr\\\/index.php\\\/salles-municipales\\\/#primaryimage\"},\"image\":{\"@id\":\"https:\\\/\\\/www.haverskerque.fr\\\/index.php\\\/salles-municipales\\\/#primaryimage\"},\"thumbnailUrl\":\"https:\\\/\\\/haverskerque.fr\\\/wp-content\\\/uploads\\\/2024\\\/01\\\/Salles-municipales-1024x576.png\",\"datePublished\":\"2023-06-26T14:04:03+00:00\",\"dateModified\":\"2026-01-22T13:52:27+00:00\",\"breadcrumb\":{\"@id\":\"https:\\\/\\\/www.haverskerque.fr\\\/index.php\\\/salles-municipales\\\/#breadcrumb\"},\"inLanguage\":\"fr-FR\",\"potentialAction\":[{\"@type\":\"ReadAction\",\"target\":[\"https:\\\/\\\/www.haverskerque.fr\\\/index.php\\\/salles-municipales\\\/\"]}]},{\"@type\":\"ImageObject\",\"inLanguage\":\"fr-FR\",\"@id\":\"https:\\\/\\\/www.haverskerque.fr\\\/index.php\\\/salles-municipales\\\/#primaryimage\",\"url\":\"https:\\\/\\\/haverskerque.fr\\\/wp-content\\\/uploads\\\/2024\\\/01\\\/Salles-municipales-1024x576.png\",\"contentUrl\":\"https:\\\/\\\/haverskerque.fr\\\/wp-content\\\/uploads\\\/2024\\\/01\\\/Salles-municipales-1024x576.png\"},{\"@type\":\"BreadcrumbList\",\"@id\":\"https:\\\/\\\/www.haverskerque.fr\\\/index.php\\\/salles-municipales\\\/#breadcrumb\",\"itemListElement\":[{\"@type\":\"ListItem\",\"position\":1,\"name\":\"Accueil\",\"item\":\"https:\\\/\\\/www.haverskerque.fr\\\/\"},{\"@type\":\"ListItem\",\"position\":2,\"name\":\"Salles municipales\"}]},{\"@type\":\"WebSite\",\"@id\":\"https:\\\/\\\/haverskerque.fr\\\/#website\",\"url\":\"https:\\\/\\\/haverskerque.fr\\\/\",\"name\":\"Haverskerque\",\"description\":\"Haverskerque, 100% Nature !\",\"publisher\":{\"@id\":\"https:\\\/\\\/haverskerque.fr\\\/#organization\"},\"alternateName\":\"Haverskerque\",\"potentialAction\":[{\"@type\":\"SearchAction\",\"target\":{\"@type\":\"EntryPoint\",\"urlTemplate\":\"https:\\\/\\\/haverskerque.fr\\\/?s={search_term_string}\"},\"query-input\":{\"@type\":\"PropertyValueSpecification\",\"valueRequired\":true,\"valueName\":\"search_term_string\"}}],\"inLanguage\":\"fr-FR\"},{\"@type\":\"Organization\",\"@id\":\"https:\\\/\\\/haverskerque.fr\\\/#organization\",\"name\":\"Commune d'Haverskerque\",\"alternateName\":\"Commune d'Haverskerque\",\"url\":\"https:\\\/\\\/haverskerque.fr\\\/\",\"logo\":{\"@type\":\"ImageObject\",\"inLanguage\":\"fr-FR\",\"@id\":\"https:\\\/\\\/haverskerque.fr\\\/#\\\/schema\\\/logo\\\/image\\\/\",\"url\":\"https:\\\/\\\/haverskerque.fr\\\/wp-content\\\/uploads\\\/2024\\\/01\\\/siteon0-e5814-1.png\",\"contentUrl\":\"https:\\\/\\\/haverskerque.fr\\\/wp-content\\\/uploads\\\/2024\\\/01\\\/siteon0-e5814-1.png\",\"width\":236,\"height\":102,\"caption\":\"Commune d'Haverskerque\"},\"image\":{\"@id\":\"https:\\\/\\\/haverskerque.fr\\\/#\\\/schema\\\/logo\\\/image\\\/\"},\"sameAs\":[\"https:\\\/\\\/www.facebook.com\\\/communehaverskerque\",\"https:\\\/\\\/www.instagram.com\\\/communehaverskerque\\\/\"]}]}<\/script>\n<!-- \/ Yoast SEO plugin. -->","yoast_head_json":{"title":"Salles municipales * Haverskerque, 100% Nature !*","robots":{"index":"index","follow":"follow","max-snippet":"max-snippet:-1","max-image-preview":"max-image-preview:large","max-video-preview":"max-video-preview:-1"},"canonical":"https:\/\/www.haverskerque.fr\/index.php\/salles-municipales\/","og_locale":"fr_FR","og_type":"article","og_title":"Salles municipales * Haverskerque, 100% Nature !*","og_description":"| La commune d\u2019Haverskerque vous propose la location de deux salles, Victor DEHAINE et Ren\u00e9 CASSIN, toutes deux situ\u00e9es Rue du 11 Novembre. Pour tous renseignements ou r\u00e9servations, appelez en mairie au 03 28 40 61 12 | Tarifs location Salle Victor Dehaine Location de la salle Victor DEHAINE TARIFS 2026 Salle seule pour une journ\u00e9e Haverskerquois 165,00\u20ac Ext\u00e9rieurs 330,00\u20ac Suppl\u00e9ment par jour suppl\u00e9mentaire Haverskerquois 82,50\u20ac Ext\u00e9rieurs 175,00\u20ac Salle avec cuisine pour une journ\u00e9e Haverskerquois 300,00\u20ac Ext\u00e9rieurs 500,00\u20ac Suppl\u00e9ment par jour suppl\u00e9mentaire Haverskerquois 150,00\u20ac Ext\u00e9rieurs 260,00\u20ac Forfait nettoyage (si salle et\/ou vaisselle non-rendus dans leur \u00e9tat initial) 100,00\u20ac Forfait journalier pour les \u00e9v\u00e9nements associatifs (1 gratuit\u00e9 par an) 25,00\u20ac Forfait consommation de fluides (gaz\/\u00e9lectricit\u00e9) \u2013 \u00c9t\u00e9 (01\/05 au 30\/09) 27,00\u20ac Forfait consommation de fluides (gaz\/\u00e9lectricit\u00e9) \u2013 Hiver (01\/10 au 30\/04) 66,00\u20ac Forfait collecte d\u2019ordures m\u00e9nag\u00e8res 12,00\u20ac Forfait en cas de r\u00e9servation non honor\u00e9e sans justification 50% du montant de la location Forfait d\u2019inventaire entr\u00e9e\/sortie 42,50\u20ac | Tarifs location Salle Ren\u00e9 Cassin Location de la salle Ren\u00e9 CASSIN TARIFS 2026 Salle seule pour une journ\u00e9e Haverskerquois 120,00\u20ac Ext\u00e9rieurs 260,00\u20ac Suppl\u00e9ment par jour suppl\u00e9mentaire Haverskerquois 60,00\u20ac Ext\u00e9rieurs 140,00\u20ac P\u00e9nalit\u00e9 pour non-nettoyage ou nettoyage partiel (si salle et\/ou vaisselle non-rendus dans leur \u00e9tat initial) 150,00\u20ac Forfait consommation de fluides (gaz\/\u00e9lectricit\u00e9) \u2013 \u00c9t\u00e9 (01\/05 au 30\/09) 20,00\u20ac Forfait consommation de fluides (gaz\/\u00e9lectricit\u00e9) \u2013 Hiver (01\/10 au 30\/04) 55,00\u20ac Forfait collecte d\u2019ordures m\u00e9nag\u00e8res 12,00\u20ac Forfait en cas de r\u00e9servation non honor\u00e9e sans justification 50% du montant de la location Forfait d\u2019inventaire entr\u00e9e\/sortie 42,50\u20ac | Tarifs location vaisselle et meuble Location vaisselle et meuble TARIFS 2026 Par couvert 0,60\u20ac Fl\u00fbte \u00e0 champagne (par 50) 7,00\u20ac Caution de r\u00e9servation des fl\u00fbtes \u00e0 champagne (par 50) 46,00\u20ac Mange debout (prix unitaire \/ 5 maximum) 5,00\u20ac | R\u00e8glement int\u00e9rieur des salles communales","og_url":"https:\/\/www.haverskerque.fr\/index.php\/salles-municipales\/","og_site_name":"Haverskerque, 100% Nature !*","article_publisher":"https:\/\/www.facebook.com\/communehaverskerque","article_modified_time":"2026-01-22T13:52:27+00:00","og_image":[{"width":1920,"height":1080,"url":"https:\/\/www.haverskerque.fr\/wp-content\/uploads\/2024\/01\/Salles-municipales.png","type":"image\/png"}],"twitter_card":"summary_large_image","twitter_misc":{"Dur\u00e9e de lecture estim\u00e9e":"5 minutes"},"schema":{"@context":"https:\/\/schema.org","@graph":[{"@type":"WebPage","@id":"https:\/\/www.haverskerque.fr\/index.php\/salles-municipales\/","url":"https:\/\/www.haverskerque.fr\/index.php\/salles-municipales\/","name":"Salles municipales * Haverskerque, 100% Nature !*","isPartOf":{"@id":"https:\/\/haverskerque.fr\/#website"},"primaryImageOfPage":{"@id":"https:\/\/www.haverskerque.fr\/index.php\/salles-municipales\/#primaryimage"},"image":{"@id":"https:\/\/www.haverskerque.fr\/index.php\/salles-municipales\/#primaryimage"},"thumbnailUrl":"https:\/\/haverskerque.fr\/wp-content\/uploads\/2024\/01\/Salles-municipales-1024x576.png","datePublished":"2023-06-26T14:04:03+00:00","dateModified":"2026-01-22T13:52:27+00:00","breadcrumb":{"@id":"https:\/\/www.haverskerque.fr\/index.php\/salles-municipales\/#breadcrumb"},"inLanguage":"fr-FR","potentialAction":[{"@type":"ReadAction","target":["https:\/\/www.haverskerque.fr\/index.php\/salles-municipales\/"]}]},{"@type":"ImageObject","inLanguage":"fr-FR","@id":"https:\/\/www.haverskerque.fr\/index.php\/salles-municipales\/#primaryimage","url":"https:\/\/haverskerque.fr\/wp-content\/uploads\/2024\/01\/Salles-municipales-1024x576.png","contentUrl":"https:\/\/haverskerque.fr\/wp-content\/uploads\/2024\/01\/Salles-municipales-1024x576.png"},{"@type":"BreadcrumbList","@id":"https:\/\/www.haverskerque.fr\/index.php\/salles-municipales\/#breadcrumb","itemListElement":[{"@type":"ListItem","position":1,"name":"Accueil","item":"https:\/\/www.haverskerque.fr\/"},{"@type":"ListItem","position":2,"name":"Salles municipales"}]},{"@type":"WebSite","@id":"https:\/\/haverskerque.fr\/#website","url":"https:\/\/haverskerque.fr\/","name":"Haverskerque","description":"Haverskerque, 100% Nature !","publisher":{"@id":"https:\/\/haverskerque.fr\/#organization"},"alternateName":"Haverskerque","potentialAction":[{"@type":"SearchAction","target":{"@type":"EntryPoint","urlTemplate":"https:\/\/haverskerque.fr\/?s={search_term_string}"},"query-input":{"@type":"PropertyValueSpecification","valueRequired":true,"valueName":"search_term_string"}}],"inLanguage":"fr-FR"},{"@type":"Organization","@id":"https:\/\/haverskerque.fr\/#organization","name":"Commune d'Haverskerque","alternateName":"Commune d'Haverskerque","url":"https:\/\/haverskerque.fr\/","logo":{"@type":"ImageObject","inLanguage":"fr-FR","@id":"https:\/\/haverskerque.fr\/#\/schema\/logo\/image\/","url":"https:\/\/haverskerque.fr\/wp-content\/uploads\/2024\/01\/siteon0-e5814-1.png","contentUrl":"https:\/\/haverskerque.fr\/wp-content\/uploads\/2024\/01\/siteon0-e5814-1.png","width":236,"height":102,"caption":"Commune d'Haverskerque"},"image":{"@id":"https:\/\/haverskerque.fr\/#\/schema\/logo\/image\/"},"sameAs":["https:\/\/www.facebook.com\/communehaverskerque","https:\/\/www.instagram.com\/communehaverskerque\/"]}]}},"_links":{"self":[{"href":"https:\/\/www.haverskerque.fr\/index.php\/wp-json\/wp\/v2\/pages\/3491","targetHints":{"allow":["GET"]}}],"collection":[{"href":"https:\/\/www.haverskerque.fr\/index.php\/wp-json\/wp\/v2\/pages"}],"about":[{"href":"https:\/\/www.haverskerque.fr\/index.php\/wp-json\/wp\/v2\/types\/page"}],"author":[{"embeddable":true,"href":"https:\/\/www.haverskerque.fr\/index.php\/wp-json\/wp\/v2\/users\/1"}],"replies":[{"embeddable":true,"href":"https:\/\/www.haverskerque.fr\/index.php\/wp-json\/wp\/v2\/comments?post=3491"}],"version-history":[{"count":35,"href":"https:\/\/www.haverskerque.fr\/index.php\/wp-json\/wp\/v2\/pages\/3491\/revisions"}],"predecessor-version":[{"id":10090,"href":"https:\/\/www.haverskerque.fr\/index.php\/wp-json\/wp\/v2\/pages\/3491\/revisions\/10090"}],"wp:attachment":[{"href":"https:\/\/www.haverskerque.fr\/index.php\/wp-json\/wp\/v2\/media?parent=3491"}],"curies":[{"name":"wp","href":"https:\/\/api.w.org\/{rel}","templated":true}]}}