{"id":3489,"date":"2023-06-26T16:03:38","date_gmt":"2023-06-26T14:03:38","guid":{"rendered":"http:\/\/barbry.esy.es\/?page_id=3489"},"modified":"2026-03-27T12:02:20","modified_gmt":"2026-03-27T11:02:20","slug":"prise-de-rendez-vous-avec-un-elu","status":"publish","type":"page","link":"https:\/\/www.haverskerque.fr\/index.php\/prise-de-rendez-vous-avec-un-elu\/","title":{"rendered":"Prise de rendez-vous avec un \u00e9lu"},"content":{"rendered":"<div class=\"wp-block-image is-resized\">\n<figure class=\"aligncenter size-large\"><img loading=\"lazy\" decoding=\"async\" width=\"1024\" height=\"576\" src=\"http:\/\/barbry.esy.es\/wp-content\/uploads\/2023\/12\/Prise-de-RDV-avec-un-elu-1024x576.png\" alt=\"\" class=\"wp-image-6377\" style=\"object-fit:cover;width:700px;height:393px\" srcset=\"https:\/\/www.haverskerque.fr\/wp-content\/uploads\/2023\/12\/Prise-de-RDV-avec-un-elu-1024x576.png 1024w, https:\/\/www.haverskerque.fr\/wp-content\/uploads\/2023\/12\/Prise-de-RDV-avec-un-elu-300x169.png 300w, https:\/\/www.haverskerque.fr\/wp-content\/uploads\/2023\/12\/Prise-de-RDV-avec-un-elu-768x432.png 768w, https:\/\/www.haverskerque.fr\/wp-content\/uploads\/2023\/12\/Prise-de-RDV-avec-un-elu-1536x864.png 1536w, https:\/\/www.haverskerque.fr\/wp-content\/uploads\/2023\/12\/Prise-de-RDV-avec-un-elu-1140x641.png 1140w, https:\/\/www.haverskerque.fr\/wp-content\/uploads\/2023\/12\/Prise-de-RDV-avec-un-elu.png 1920w\" sizes=\"auto, (max-width: 1024px) 100vw, 1024px\" \/><\/figure>\n<\/div>\n\n\n<figure class=\"wp-block-image size-full\"><img loading=\"lazy\" decoding=\"async\" width=\"593\" height=\"45\" src=\"https:\/\/haverskerque.fr\/wp-content\/uploads\/2023\/02\/bandeblanche.jpg\" alt=\"\" class=\"wp-image-381\" srcset=\"https:\/\/www.haverskerque.fr\/wp-content\/uploads\/2023\/02\/bandeblanche.jpg 593w, https:\/\/www.haverskerque.fr\/wp-content\/uploads\/2023\/02\/bandeblanche-300x23.jpg 300w\" sizes=\"auto, (max-width: 593px) 100vw, 593px\" \/><\/figure>\n\n\n\n<p><mark style=\"background-color:rgba(0, 0, 0, 0);color:#00a018\" class=\"has-inline-color\">|<\/mark> <em>Besoin d&rsquo;une information, d&rsquo;une aide ou de la comp\u00e9tence d&rsquo;un(e) \u00e9lu(e) ? Retrouvez ci-dessous leurs coordonn\u00e9es pour les contacter et convenir d&rsquo;un rendez-vous. Pour toute autre demande ou sollicitation, veuillez contacter la mairie au 03 28 40 61 12 ou par un mail \u00e0 <strong><a href=\"mailto:accueil@haverskerque.fr\" target=\"_blank\" rel=\"noreferrer noopener\">accueil@haverskerque.fr<\/a><\/strong> pour convenir d\u2019un rendez-vous avec l\u2019\u00e9lu que vous souhaitez rencontrer.<\/em><\/p>\n\n\n\n<figure class=\"wp-block-image size-full\"><img loading=\"lazy\" decoding=\"async\" width=\"593\" height=\"45\" src=\"https:\/\/haverskerque.fr\/wp-content\/uploads\/2023\/02\/bandeblanche.jpg\" alt=\"\" class=\"wp-image-381\" srcset=\"https:\/\/www.haverskerque.fr\/wp-content\/uploads\/2023\/02\/bandeblanche.jpg 593w, https:\/\/www.haverskerque.fr\/wp-content\/uploads\/2023\/02\/bandeblanche-300x23.jpg 300w\" sizes=\"auto, (max-width: 593px) 100vw, 593px\" \/><\/figure>\n\n\n\n<blockquote class=\"wp-block-quote is-layout-flow wp-block-quote-is-layout-flow\">\n<h3 class=\"wp-block-heading\"><strong>Jocelyne DURUT, Maire<\/strong><\/h3>\n<\/blockquote>\n\n\n\n<p><strong><a href=\"mailto:jdurut@haverskerque.fr\" target=\"_blank\" rel=\"noreferrer noopener\">jdurut@haverskerque.fr<\/a><\/strong><\/p>\n\n\n\n<p>06 89 77 06 02<\/p>\n\n\n<div class=\"wp-block-image is-style-rounded\">\n<figure class=\"aligncenter size-full is-resized\"><img loading=\"lazy\" decoding=\"async\" width=\"991\" height=\"17\" src=\"http:\/\/haverskerque.fr\/wp-content\/uploads\/2024\/01\/barre-de-separation.png\" alt=\"\" class=\"wp-image-6652\" style=\"object-fit:cover;width:256px;height:8px\" srcset=\"https:\/\/www.haverskerque.fr\/wp-content\/uploads\/2024\/01\/barre-de-separation.png 991w, https:\/\/www.haverskerque.fr\/wp-content\/uploads\/2024\/01\/barre-de-separation-300x5.png 300w, https:\/\/www.haverskerque.fr\/wp-content\/uploads\/2024\/01\/barre-de-separation-768x13.png 768w\" sizes=\"auto, (max-width: 991px) 100vw, 991px\" \/><\/figure>\n<\/div>\n\n\n<blockquote class=\"wp-block-quote is-layout-flow wp-block-quote-is-layout-flow\">\n<h3 class=\"wp-block-heading\"><strong>Philippe BLERVAQUE, 1er adjoint<\/strong><\/h3>\n<\/blockquote>\n\n\n\n<p><strong><a href=\"mailto:pblervaque@haverskerque.fr\" target=\"_blank\" rel=\"noreferrer noopener\">pblervaque@haverskerque.fr<\/a><\/strong> <\/p>\n\n\n\n<p>07 85 72 37 47<\/p>\n\n\n\n<ul class=\"wp-block-list\">\n<li>Finances<\/li>\n<\/ul>\n\n\n\n<ul class=\"wp-block-list\">\n<li>Affaires g\u00e9n\u00e9rales <\/li>\n<\/ul>\n\n\n\n<ul class=\"wp-block-list\">\n<li>Relation clubs de sport environnants<\/li>\n<\/ul>\n\n\n\n<ul class=\"wp-block-list\">\n<li>Tourisme<\/li>\n<\/ul>\n\n\n\n<ul class=\"wp-block-list\">\n<li>D\u00e9veloppement durable <\/li>\n<\/ul>\n\n\n<div class=\"wp-block-image is-style-rounded\">\n<figure class=\"aligncenter size-full is-resized\"><img loading=\"lazy\" decoding=\"async\" width=\"991\" height=\"17\" src=\"http:\/\/haverskerque.fr\/wp-content\/uploads\/2024\/01\/barre-de-separation.png\" alt=\"\" class=\"wp-image-6652\" style=\"object-fit:cover;width:256px;height:8px\" srcset=\"https:\/\/www.haverskerque.fr\/wp-content\/uploads\/2024\/01\/barre-de-separation.png 991w, https:\/\/www.haverskerque.fr\/wp-content\/uploads\/2024\/01\/barre-de-separation-300x5.png 300w, https:\/\/www.haverskerque.fr\/wp-content\/uploads\/2024\/01\/barre-de-separation-768x13.png 768w\" sizes=\"auto, (max-width: 991px) 100vw, 991px\" \/><\/figure>\n<\/div>\n\n\n<blockquote class=\"wp-block-quote is-layout-flow wp-block-quote-is-layout-flow\">\n<h3 class=\"wp-block-heading\"><strong>Virginie VASSEUR, 2\u00e8me adjointe<\/strong><\/h3>\n<\/blockquote>\n\n\n\n<p><strong><a href=\"mailto:vvasseur@haverskerque.fr\" target=\"_blank\" rel=\"noreferrer noopener\">vvasseur@haverskerque.fr<\/a><\/strong><\/p>\n\n\n\n<p>06 63 08 31 04<\/p>\n\n\n\n<ul class=\"wp-block-list\">\n<li>Action Sociale <\/li>\n<\/ul>\n\n\n\n<ul class=\"wp-block-list\">\n<li>Habitat <\/li>\n<\/ul>\n\n\n\n<ul class=\"wp-block-list\">\n<li>Violences Intrafamiliales <\/li>\n<\/ul>\n\n\n\n<ul class=\"wp-block-list\">\n<li>Seniors<\/li>\n<\/ul>\n\n\n<div class=\"wp-block-image is-style-rounded\">\n<figure class=\"aligncenter size-full is-resized\"><img loading=\"lazy\" decoding=\"async\" width=\"991\" height=\"17\" src=\"http:\/\/haverskerque.fr\/wp-content\/uploads\/2024\/01\/barre-de-separation.png\" alt=\"\" class=\"wp-image-6652\" style=\"object-fit:cover;width:256px;height:8px\" srcset=\"https:\/\/www.haverskerque.fr\/wp-content\/uploads\/2024\/01\/barre-de-separation.png 991w, https:\/\/www.haverskerque.fr\/wp-content\/uploads\/2024\/01\/barre-de-separation-300x5.png 300w, https:\/\/www.haverskerque.fr\/wp-content\/uploads\/2024\/01\/barre-de-separation-768x13.png 768w\" sizes=\"auto, (max-width: 991px) 100vw, 991px\" \/><\/figure>\n<\/div>\n\n\n<blockquote class=\"wp-block-quote is-layout-flow wp-block-quote-is-layout-flow\">\n<h3 class=\"wp-block-heading\"><strong>Eddy ROLIN, 3\u00e8me adjoint<\/strong><\/h3>\n<\/blockquote>\n\n\n\n<p><strong><a href=\"mailto:erolin@haverskerque.fr\" target=\"_blank\" rel=\"noreferrer noopener\">erolin@haverskerque.fr<\/a><\/strong> <\/p>\n\n\n\n<p>07 85 04 84 00<\/p>\n\n\n\n<ul class=\"wp-block-list\">\n<li>Am\u00e9nagement de l&rsquo;espace <\/li>\n<\/ul>\n\n\n\n<ul class=\"wp-block-list\">\n<li>Accessibilit\u00e9 <\/li>\n<\/ul>\n\n\n\n<ul class=\"wp-block-list\">\n<li>Travaux <\/li>\n<\/ul>\n\n\n\n<ul class=\"wp-block-list\">\n<li>Urbanisme <\/li>\n<\/ul>\n\n\n<div class=\"wp-block-image is-style-rounded\">\n<figure class=\"aligncenter size-full is-resized\"><img loading=\"lazy\" decoding=\"async\" width=\"991\" height=\"17\" src=\"http:\/\/haverskerque.fr\/wp-content\/uploads\/2024\/01\/barre-de-separation.png\" alt=\"\" class=\"wp-image-6652\" style=\"object-fit:cover;width:256px;height:8px\" srcset=\"https:\/\/www.haverskerque.fr\/wp-content\/uploads\/2024\/01\/barre-de-separation.png 991w, https:\/\/www.haverskerque.fr\/wp-content\/uploads\/2024\/01\/barre-de-separation-300x5.png 300w, https:\/\/www.haverskerque.fr\/wp-content\/uploads\/2024\/01\/barre-de-separation-768x13.png 768w\" sizes=\"auto, (max-width: 991px) 100vw, 991px\" \/><\/figure>\n<\/div>\n\n\n<blockquote class=\"wp-block-quote is-layout-flow wp-block-quote-is-layout-flow\">\n<h3 class=\"wp-block-heading\"><strong>Ya\u00eblle DEPUYDT, 4\u00e8me adjointe<\/strong><\/h3>\n<\/blockquote>\n\n\n\n<p><strong><a href=\"mailto:ydepuydt@haverskerque.fr\" target=\"_blank\" rel=\"noreferrer noopener\">ydepuydt@haverskerque.fr<\/a><\/strong><\/p>\n\n\n\n<p>06 99 85 35 73<\/p>\n\n\n\n<ul class=\"wp-block-list\">\n<li>Culture<\/li>\n<\/ul>\n\n\n\n<ul class=\"wp-block-list\">\n<li>Petite enfance<\/li>\n<\/ul>\n\n\n\n<ul class=\"wp-block-list\">\n<li>Jeunesse<\/li>\n<\/ul>\n\n\n\n<ul class=\"wp-block-list\">\n<li>Communication <\/li>\n<\/ul>\n\n\n<div class=\"wp-block-image is-style-rounded\">\n<figure class=\"aligncenter size-full is-resized\"><img loading=\"lazy\" decoding=\"async\" width=\"991\" height=\"17\" src=\"http:\/\/haverskerque.fr\/wp-content\/uploads\/2024\/01\/barre-de-separation.png\" alt=\"\" class=\"wp-image-6652\" style=\"object-fit:cover;width:256px;height:8px\" srcset=\"https:\/\/www.haverskerque.fr\/wp-content\/uploads\/2024\/01\/barre-de-separation.png 991w, https:\/\/www.haverskerque.fr\/wp-content\/uploads\/2024\/01\/barre-de-separation-300x5.png 300w, https:\/\/www.haverskerque.fr\/wp-content\/uploads\/2024\/01\/barre-de-separation-768x13.png 768w\" sizes=\"auto, (max-width: 991px) 100vw, 991px\" \/><\/figure>\n<\/div>\n\n\n<blockquote class=\"wp-block-quote is-layout-flow wp-block-quote-is-layout-flow\">\n<h3 class=\"wp-block-heading\"><strong>Catherine GOEDGEBUER, Conseill\u00e8re d\u00e9l\u00e9gu\u00e9e<\/strong><\/h3>\n<\/blockquote>\n\n\n\n<p><strong><a href=\"mailto:cgoedgebuer@haverskerque.fr\" target=\"_blank\" rel=\"noreferrer noopener\">cgoedgebuer@haverskerque.fr<\/a><\/strong> <\/p>\n\n\n\n<p>06 34 30 62 27<\/p>\n\n\n\n<ul class=\"wp-block-list\">\n<li>Vie associative <\/li>\n<\/ul>\n\n\n\n<ul class=\"wp-block-list\">\n<li>Devoir de m\u00e9moire <\/li>\n<\/ul>\n\n\n\n<ul class=\"wp-block-list\">\n<li>Vie civique et citoyenne <\/li>\n<\/ul>\n\n\n\n<ul class=\"wp-block-list\">\n<li>Relations avec le SMICTOM <\/li>\n<\/ul>\n\n\n<div class=\"wp-block-image is-style-rounded\">\n<figure class=\"aligncenter size-full is-resized\"><img loading=\"lazy\" decoding=\"async\" width=\"991\" height=\"17\" src=\"http:\/\/haverskerque.fr\/wp-content\/uploads\/2024\/01\/barre-de-separation.png\" alt=\"\" class=\"wp-image-6652\" style=\"object-fit:cover;width:256px;height:8px\" srcset=\"https:\/\/www.haverskerque.fr\/wp-content\/uploads\/2024\/01\/barre-de-separation.png 991w, https:\/\/www.haverskerque.fr\/wp-content\/uploads\/2024\/01\/barre-de-separation-300x5.png 300w, https:\/\/www.haverskerque.fr\/wp-content\/uploads\/2024\/01\/barre-de-separation-768x13.png 768w\" sizes=\"auto, (max-width: 991px) 100vw, 991px\" \/><\/figure>\n<\/div>\n\n\n<blockquote class=\"wp-block-quote is-layout-flow wp-block-quote-is-layout-flow\">\n<h3 class=\"wp-block-heading\"><strong>Sandrine BILLIAU, Conseill\u00e8re d\u00e9l\u00e9gu\u00e9e<\/strong><\/h3>\n<\/blockquote>\n\n\n\n<p><strong><a href=\"mailto:sbilliau@gmail.com\" target=\"_blank\" rel=\"noreferrer noopener\">sbilliau@gmail.com<\/a><\/strong><\/p>\n\n\n\n<p>06 74 78 33 72<\/p>\n\n\n\n<ul class=\"wp-block-list\">\n<li>Vie \u00e9conomique<\/li>\n<\/ul>\n\n\n\n<ul class=\"wp-block-list\">\n<li>Vie locale <\/li>\n<\/ul>\n\n\n\n<ul class=\"wp-block-list\">\n<li>\u00c9v\u00e9nementiel <\/li>\n<\/ul>\n\n\n\n<ul class=\"wp-block-list\">\n<li>Accueil des administr\u00e9s <\/li>\n<\/ul>\n\n\n<div class=\"wp-block-image is-style-rounded\">\n<figure class=\"aligncenter size-full is-resized\"><img loading=\"lazy\" decoding=\"async\" width=\"991\" height=\"17\" src=\"http:\/\/haverskerque.fr\/wp-content\/uploads\/2024\/01\/barre-de-separation.png\" alt=\"\" class=\"wp-image-6652\" style=\"object-fit:cover;width:256px;height:8px\" srcset=\"https:\/\/www.haverskerque.fr\/wp-content\/uploads\/2024\/01\/barre-de-separation.png 991w, https:\/\/www.haverskerque.fr\/wp-content\/uploads\/2024\/01\/barre-de-separation-300x5.png 300w, https:\/\/www.haverskerque.fr\/wp-content\/uploads\/2024\/01\/barre-de-separation-768x13.png 768w\" sizes=\"auto, (max-width: 991px) 100vw, 991px\" \/><\/figure>\n<\/div>\n\n\n<blockquote class=\"wp-block-quote is-layout-flow wp-block-quote-is-layout-flow\">\n<h3 class=\"wp-block-heading\"><strong>Guillaume DOUBLET, Conseiller d\u00e9l\u00e9gu\u00e9<\/strong><\/h3>\n<\/blockquote>\n\n\n\n<p><strong><a href=\"mailto:gdoublet@haverskerque.fr\" target=\"_blank\" rel=\"noreferrer noopener\">gdoublet@haverskerque.fr<\/a><\/strong><\/p>\n\n\n\n<p>06 10 40 04 79<\/p>\n\n\n\n<ul class=\"wp-block-list\">\n<li>Cours d&rsquo;eau<\/li>\n<\/ul>\n\n\n\n<ul class=\"wp-block-list\">\n<li>Irrigation<\/li>\n<\/ul>\n\n\n\n<ul class=\"wp-block-list\">\n<li>Chemins ruraux<\/li>\n<\/ul>\n\n\n\n<ul class=\"wp-block-list\">\n<li>Relation agriculteurs<\/li>\n<\/ul>\n\n\n<div class=\"wp-block-image is-style-rounded\">\n<figure class=\"aligncenter size-full is-resized\"><img loading=\"lazy\" decoding=\"async\" width=\"991\" height=\"17\" src=\"http:\/\/haverskerque.fr\/wp-content\/uploads\/2024\/01\/barre-de-separation.png\" alt=\"\" class=\"wp-image-6652\" style=\"object-fit:cover;width:256px;height:8px\" srcset=\"https:\/\/www.haverskerque.fr\/wp-content\/uploads\/2024\/01\/barre-de-separation.png 991w, https:\/\/www.haverskerque.fr\/wp-content\/uploads\/2024\/01\/barre-de-separation-300x5.png 300w, https:\/\/www.haverskerque.fr\/wp-content\/uploads\/2024\/01\/barre-de-separation-768x13.png 768w\" sizes=\"auto, (max-width: 991px) 100vw, 991px\" \/><\/figure>\n<\/div>\n\n\n<blockquote class=\"wp-block-quote is-layout-flow wp-block-quote-is-layout-flow\">\n<h3 class=\"wp-block-heading\"><strong>Cl\u00e9ment WALBROU, Conseiller en charge de la communication virtuelle<\/strong><\/h3>\n<\/blockquote>\n","protected":false},"excerpt":{"rendered":"<p>| Besoin d&rsquo;une information, d&rsquo;une aide ou de la comp\u00e9tence d&rsquo;un(e) \u00e9lu(e) ? Retrouvez ci-dessous leurs coordonn\u00e9es pour les contacter et convenir d&rsquo;un rendez-vous. Pour toute autre demande ou sollicitation, veuillez contacter la mairie au 03 28 40 61 12 ou par un mail \u00e0 accueil@haverskerque.fr pour convenir d\u2019un rendez-vous avec l\u2019\u00e9lu que vous souhaitez rencontrer. Jocelyne DURUT, Maire jdurut@haverskerque.fr 06 89 77 06 02 Philippe BLERVAQUE, 1er adjoint pblervaque@haverskerque.fr 07 85 72 37 47 Virginie VASSEUR, 2\u00e8me adjointe vvasseur@haverskerque.fr 06 63 08 31 04 Eddy ROLIN, 3\u00e8me adjoint erolin@haverskerque.fr 07 85 04 84 00 Ya\u00eblle DEPUYDT, 4\u00e8me adjointe ydepuydt@haverskerque.fr 06 99 85 35 73 Catherine GOEDGEBUER, Conseill\u00e8re d\u00e9l\u00e9gu\u00e9e cgoedgebuer@haverskerque.fr 06 34 30 62 27 Sandrine BILLIAU, Conseill\u00e8re d\u00e9l\u00e9gu\u00e9e sbilliau@gmail.com 06 74 78 33 72 Guillaume DOUBLET, Conseiller d\u00e9l\u00e9gu\u00e9 gdoublet@haverskerque.fr 06 10 40 04 79 Cl\u00e9ment WALBROU, Conseiller en charge de la communication virtuelle<\/p>\n","protected":false},"author":1,"featured_media":0,"parent":0,"menu_order":0,"comment_status":"closed","ping_status":"closed","template":"","meta":{"cybocfi_hide_featured_image":"","footnotes":""},"class_list":["post-3489","page","type-page","status-publish","hentry"],"yoast_head":"<!-- This site is optimized with the Yoast SEO plugin v27.5 - https:\/\/yoast.com\/product\/yoast-seo-wordpress\/ -->\n<title>Prise de rendez-vous avec un \u00e9lu * Haverskerque, 100% Nature !*<\/title>\n<meta name=\"robots\" content=\"index, follow, max-snippet:-1, max-image-preview:large, max-video-preview:-1\" \/>\n<link rel=\"canonical\" href=\"https:\/\/www.haverskerque.fr\/index.php\/prise-de-rendez-vous-avec-un-elu\/\" \/>\n<meta property=\"og:locale\" content=\"fr_FR\" \/>\n<meta property=\"og:type\" content=\"article\" \/>\n<meta property=\"og:title\" content=\"Prise de rendez-vous avec un \u00e9lu * Haverskerque, 100% Nature !*\" \/>\n<meta property=\"og:description\" content=\"| Besoin d&rsquo;une information, d&rsquo;une aide ou de la comp\u00e9tence d&rsquo;un(e) \u00e9lu(e) ? Retrouvez ci-dessous leurs coordonn\u00e9es pour les contacter et convenir d&rsquo;un rendez-vous. Pour toute autre demande ou sollicitation, veuillez contacter la mairie au 03 28 40 61 12 ou par un mail \u00e0 accueil@haverskerque.fr pour convenir d\u2019un rendez-vous avec l\u2019\u00e9lu que vous souhaitez rencontrer. Jocelyne DURUT, Maire jdurut@haverskerque.fr 06 89 77 06 02 Philippe BLERVAQUE, 1er adjoint pblervaque@haverskerque.fr 07 85 72 37 47 Virginie VASSEUR, 2\u00e8me adjointe vvasseur@haverskerque.fr 06 63 08 31 04 Eddy ROLIN, 3\u00e8me adjoint erolin@haverskerque.fr 07 85 04 84 00 Ya\u00eblle DEPUYDT, 4\u00e8me adjointe ydepuydt@haverskerque.fr 06 99 85 35 73 Catherine GOEDGEBUER, Conseill\u00e8re d\u00e9l\u00e9gu\u00e9e cgoedgebuer@haverskerque.fr 06 34 30 62 27 Sandrine BILLIAU, Conseill\u00e8re d\u00e9l\u00e9gu\u00e9e sbilliau@gmail.com 06 74 78 33 72 Guillaume DOUBLET, Conseiller d\u00e9l\u00e9gu\u00e9 gdoublet@haverskerque.fr 06 10 40 04 79 Cl\u00e9ment WALBROU, Conseiller en charge de la communication virtuelle\" \/>\n<meta property=\"og:url\" content=\"https:\/\/www.haverskerque.fr\/index.php\/prise-de-rendez-vous-avec-un-elu\/\" \/>\n<meta property=\"og:site_name\" content=\"Haverskerque, 100% Nature !*\" \/>\n<meta property=\"article:publisher\" content=\"https:\/\/www.facebook.com\/communehaverskerque\" \/>\n<meta property=\"article:modified_time\" content=\"2026-03-27T11:02:20+00:00\" \/>\n<meta property=\"og:image\" content=\"https:\/\/www.haverskerque.fr\/wp-content\/uploads\/2023\/12\/Prise-de-RDV-avec-un-elu-1024x576.png\" \/>\n\t<meta property=\"og:image:width\" content=\"1024\" \/>\n\t<meta property=\"og:image:height\" content=\"576\" \/>\n\t<meta property=\"og:image:type\" content=\"image\/png\" \/>\n<meta name=\"twitter:card\" content=\"summary_large_image\" \/>\n<meta name=\"twitter:label1\" content=\"Dur\u00e9e de lecture estim\u00e9e\" \/>\n\t<meta name=\"twitter:data1\" content=\"4 minutes\" \/>\n<script type=\"application\/ld+json\" class=\"yoast-schema-graph\">{\"@context\":\"https:\\\/\\\/schema.org\",\"@graph\":[{\"@type\":\"WebPage\",\"@id\":\"https:\\\/\\\/www.haverskerque.fr\\\/index.php\\\/prise-de-rendez-vous-avec-un-elu\\\/\",\"url\":\"https:\\\/\\\/www.haverskerque.fr\\\/index.php\\\/prise-de-rendez-vous-avec-un-elu\\\/\",\"name\":\"Prise de rendez-vous avec un \u00e9lu * Haverskerque, 100% Nature !*\",\"isPartOf\":{\"@id\":\"https:\\\/\\\/haverskerque.fr\\\/#website\"},\"primaryImageOfPage\":{\"@id\":\"https:\\\/\\\/www.haverskerque.fr\\\/index.php\\\/prise-de-rendez-vous-avec-un-elu\\\/#primaryimage\"},\"image\":{\"@id\":\"https:\\\/\\\/www.haverskerque.fr\\\/index.php\\\/prise-de-rendez-vous-avec-un-elu\\\/#primaryimage\"},\"thumbnailUrl\":\"http:\\\/\\\/barbry.esy.es\\\/wp-content\\\/uploads\\\/2023\\\/12\\\/Prise-de-RDV-avec-un-elu-1024x576.png\",\"datePublished\":\"2023-06-26T14:03:38+00:00\",\"dateModified\":\"2026-03-27T11:02:20+00:00\",\"breadcrumb\":{\"@id\":\"https:\\\/\\\/www.haverskerque.fr\\\/index.php\\\/prise-de-rendez-vous-avec-un-elu\\\/#breadcrumb\"},\"inLanguage\":\"fr-FR\",\"potentialAction\":[{\"@type\":\"ReadAction\",\"target\":[\"https:\\\/\\\/www.haverskerque.fr\\\/index.php\\\/prise-de-rendez-vous-avec-un-elu\\\/\"]}]},{\"@type\":\"ImageObject\",\"inLanguage\":\"fr-FR\",\"@id\":\"https:\\\/\\\/www.haverskerque.fr\\\/index.php\\\/prise-de-rendez-vous-avec-un-elu\\\/#primaryimage\",\"url\":\"http:\\\/\\\/barbry.esy.es\\\/wp-content\\\/uploads\\\/2023\\\/12\\\/Prise-de-RDV-avec-un-elu-1024x576.png\",\"contentUrl\":\"http:\\\/\\\/barbry.esy.es\\\/wp-content\\\/uploads\\\/2023\\\/12\\\/Prise-de-RDV-avec-un-elu-1024x576.png\"},{\"@type\":\"BreadcrumbList\",\"@id\":\"https:\\\/\\\/www.haverskerque.fr\\\/index.php\\\/prise-de-rendez-vous-avec-un-elu\\\/#breadcrumb\",\"itemListElement\":[{\"@type\":\"ListItem\",\"position\":1,\"name\":\"Accueil\",\"item\":\"https:\\\/\\\/www.haverskerque.fr\\\/\"},{\"@type\":\"ListItem\",\"position\":2,\"name\":\"Prise de rendez-vous avec un \u00e9lu\"}]},{\"@type\":\"WebSite\",\"@id\":\"https:\\\/\\\/haverskerque.fr\\\/#website\",\"url\":\"https:\\\/\\\/haverskerque.fr\\\/\",\"name\":\"Haverskerque\",\"description\":\"Haverskerque, 100% Nature !\",\"publisher\":{\"@id\":\"https:\\\/\\\/haverskerque.fr\\\/#organization\"},\"alternateName\":\"Haverskerque\",\"potentialAction\":[{\"@type\":\"SearchAction\",\"target\":{\"@type\":\"EntryPoint\",\"urlTemplate\":\"https:\\\/\\\/haverskerque.fr\\\/?s={search_term_string}\"},\"query-input\":{\"@type\":\"PropertyValueSpecification\",\"valueRequired\":true,\"valueName\":\"search_term_string\"}}],\"inLanguage\":\"fr-FR\"},{\"@type\":\"Organization\",\"@id\":\"https:\\\/\\\/haverskerque.fr\\\/#organization\",\"name\":\"Commune d'Haverskerque\",\"alternateName\":\"Commune d'Haverskerque\",\"url\":\"https:\\\/\\\/haverskerque.fr\\\/\",\"logo\":{\"@type\":\"ImageObject\",\"inLanguage\":\"fr-FR\",\"@id\":\"https:\\\/\\\/haverskerque.fr\\\/#\\\/schema\\\/logo\\\/image\\\/\",\"url\":\"https:\\\/\\\/haverskerque.fr\\\/wp-content\\\/uploads\\\/2024\\\/01\\\/siteon0-e5814-1.png\",\"contentUrl\":\"https:\\\/\\\/haverskerque.fr\\\/wp-content\\\/uploads\\\/2024\\\/01\\\/siteon0-e5814-1.png\",\"width\":236,\"height\":102,\"caption\":\"Commune d'Haverskerque\"},\"image\":{\"@id\":\"https:\\\/\\\/haverskerque.fr\\\/#\\\/schema\\\/logo\\\/image\\\/\"},\"sameAs\":[\"https:\\\/\\\/www.facebook.com\\\/communehaverskerque\",\"https:\\\/\\\/www.instagram.com\\\/communehaverskerque\\\/\"]}]}<\/script>\n<!-- \/ Yoast SEO plugin. -->","yoast_head_json":{"title":"Prise de rendez-vous avec un \u00e9lu * Haverskerque, 100% Nature !*","robots":{"index":"index","follow":"follow","max-snippet":"max-snippet:-1","max-image-preview":"max-image-preview:large","max-video-preview":"max-video-preview:-1"},"canonical":"https:\/\/www.haverskerque.fr\/index.php\/prise-de-rendez-vous-avec-un-elu\/","og_locale":"fr_FR","og_type":"article","og_title":"Prise de rendez-vous avec un \u00e9lu * Haverskerque, 100% Nature !*","og_description":"| Besoin d&rsquo;une information, d&rsquo;une aide ou de la comp\u00e9tence d&rsquo;un(e) \u00e9lu(e) ? Retrouvez ci-dessous leurs coordonn\u00e9es pour les contacter et convenir d&rsquo;un rendez-vous. Pour toute autre demande ou sollicitation, veuillez contacter la mairie au 03 28 40 61 12 ou par un mail \u00e0 accueil@haverskerque.fr pour convenir d\u2019un rendez-vous avec l\u2019\u00e9lu que vous souhaitez rencontrer. Jocelyne DURUT, Maire jdurut@haverskerque.fr 06 89 77 06 02 Philippe BLERVAQUE, 1er adjoint pblervaque@haverskerque.fr 07 85 72 37 47 Virginie VASSEUR, 2\u00e8me adjointe vvasseur@haverskerque.fr 06 63 08 31 04 Eddy ROLIN, 3\u00e8me adjoint erolin@haverskerque.fr 07 85 04 84 00 Ya\u00eblle DEPUYDT, 4\u00e8me adjointe ydepuydt@haverskerque.fr 06 99 85 35 73 Catherine GOEDGEBUER, Conseill\u00e8re d\u00e9l\u00e9gu\u00e9e cgoedgebuer@haverskerque.fr 06 34 30 62 27 Sandrine BILLIAU, Conseill\u00e8re d\u00e9l\u00e9gu\u00e9e sbilliau@gmail.com 06 74 78 33 72 Guillaume DOUBLET, Conseiller d\u00e9l\u00e9gu\u00e9 gdoublet@haverskerque.fr 06 10 40 04 79 Cl\u00e9ment WALBROU, Conseiller en charge de la communication virtuelle","og_url":"https:\/\/www.haverskerque.fr\/index.php\/prise-de-rendez-vous-avec-un-elu\/","og_site_name":"Haverskerque, 100% Nature !*","article_publisher":"https:\/\/www.facebook.com\/communehaverskerque","article_modified_time":"2026-03-27T11:02:20+00:00","og_image":[{"width":1024,"height":576,"url":"https:\/\/www.haverskerque.fr\/wp-content\/uploads\/2023\/12\/Prise-de-RDV-avec-un-elu-1024x576.png","type":"image\/png"}],"twitter_card":"summary_large_image","twitter_misc":{"Dur\u00e9e de lecture estim\u00e9e":"4 minutes"},"schema":{"@context":"https:\/\/schema.org","@graph":[{"@type":"WebPage","@id":"https:\/\/www.haverskerque.fr\/index.php\/prise-de-rendez-vous-avec-un-elu\/","url":"https:\/\/www.haverskerque.fr\/index.php\/prise-de-rendez-vous-avec-un-elu\/","name":"Prise de rendez-vous avec un \u00e9lu * Haverskerque, 100% Nature !*","isPartOf":{"@id":"https:\/\/haverskerque.fr\/#website"},"primaryImageOfPage":{"@id":"https:\/\/www.haverskerque.fr\/index.php\/prise-de-rendez-vous-avec-un-elu\/#primaryimage"},"image":{"@id":"https:\/\/www.haverskerque.fr\/index.php\/prise-de-rendez-vous-avec-un-elu\/#primaryimage"},"thumbnailUrl":"http:\/\/barbry.esy.es\/wp-content\/uploads\/2023\/12\/Prise-de-RDV-avec-un-elu-1024x576.png","datePublished":"2023-06-26T14:03:38+00:00","dateModified":"2026-03-27T11:02:20+00:00","breadcrumb":{"@id":"https:\/\/www.haverskerque.fr\/index.php\/prise-de-rendez-vous-avec-un-elu\/#breadcrumb"},"inLanguage":"fr-FR","potentialAction":[{"@type":"ReadAction","target":["https:\/\/www.haverskerque.fr\/index.php\/prise-de-rendez-vous-avec-un-elu\/"]}]},{"@type":"ImageObject","inLanguage":"fr-FR","@id":"https:\/\/www.haverskerque.fr\/index.php\/prise-de-rendez-vous-avec-un-elu\/#primaryimage","url":"http:\/\/barbry.esy.es\/wp-content\/uploads\/2023\/12\/Prise-de-RDV-avec-un-elu-1024x576.png","contentUrl":"http:\/\/barbry.esy.es\/wp-content\/uploads\/2023\/12\/Prise-de-RDV-avec-un-elu-1024x576.png"},{"@type":"BreadcrumbList","@id":"https:\/\/www.haverskerque.fr\/index.php\/prise-de-rendez-vous-avec-un-elu\/#breadcrumb","itemListElement":[{"@type":"ListItem","position":1,"name":"Accueil","item":"https:\/\/www.haverskerque.fr\/"},{"@type":"ListItem","position":2,"name":"Prise de rendez-vous avec un \u00e9lu"}]},{"@type":"WebSite","@id":"https:\/\/haverskerque.fr\/#website","url":"https:\/\/haverskerque.fr\/","name":"Haverskerque","description":"Haverskerque, 100% Nature !","publisher":{"@id":"https:\/\/haverskerque.fr\/#organization"},"alternateName":"Haverskerque","potentialAction":[{"@type":"SearchAction","target":{"@type":"EntryPoint","urlTemplate":"https:\/\/haverskerque.fr\/?s={search_term_string}"},"query-input":{"@type":"PropertyValueSpecification","valueRequired":true,"valueName":"search_term_string"}}],"inLanguage":"fr-FR"},{"@type":"Organization","@id":"https:\/\/haverskerque.fr\/#organization","name":"Commune d'Haverskerque","alternateName":"Commune d'Haverskerque","url":"https:\/\/haverskerque.fr\/","logo":{"@type":"ImageObject","inLanguage":"fr-FR","@id":"https:\/\/haverskerque.fr\/#\/schema\/logo\/image\/","url":"https:\/\/haverskerque.fr\/wp-content\/uploads\/2024\/01\/siteon0-e5814-1.png","contentUrl":"https:\/\/haverskerque.fr\/wp-content\/uploads\/2024\/01\/siteon0-e5814-1.png","width":236,"height":102,"caption":"Commune d'Haverskerque"},"image":{"@id":"https:\/\/haverskerque.fr\/#\/schema\/logo\/image\/"},"sameAs":["https:\/\/www.facebook.com\/communehaverskerque","https:\/\/www.instagram.com\/communehaverskerque\/"]}]}},"_links":{"self":[{"href":"https:\/\/www.haverskerque.fr\/index.php\/wp-json\/wp\/v2\/pages\/3489","targetHints":{"allow":["GET"]}}],"collection":[{"href":"https:\/\/www.haverskerque.fr\/index.php\/wp-json\/wp\/v2\/pages"}],"about":[{"href":"https:\/\/www.haverskerque.fr\/index.php\/wp-json\/wp\/v2\/types\/page"}],"author":[{"embeddable":true,"href":"https:\/\/www.haverskerque.fr\/index.php\/wp-json\/wp\/v2\/users\/1"}],"replies":[{"embeddable":true,"href":"https:\/\/www.haverskerque.fr\/index.php\/wp-json\/wp\/v2\/comments?post=3489"}],"version-history":[{"count":14,"href":"https:\/\/www.haverskerque.fr\/index.php\/wp-json\/wp\/v2\/pages\/3489\/revisions"}],"predecessor-version":[{"id":10369,"href":"https:\/\/www.haverskerque.fr\/index.php\/wp-json\/wp\/v2\/pages\/3489\/revisions\/10369"}],"wp:attachment":[{"href":"https:\/\/www.haverskerque.fr\/index.php\/wp-json\/wp\/v2\/media?parent=3489"}],"curies":[{"name":"wp","href":"https:\/\/api.w.org\/{rel}","templated":true}]}}