{"id":3417,"date":"2023-06-26T15:01:24","date_gmt":"2023-06-26T13:01:24","guid":{"rendered":"http:\/\/barbry.esy.es\/?page_id=3417"},"modified":"2024-06-06T14:11:28","modified_gmt":"2024-06-06T12:11:28","slug":"presentation-du-village-3","status":"publish","type":"page","link":"https:\/\/www.haverskerque.fr\/index.php\/presentation-du-village-3\/","title":{"rendered":"Pr\u00e9sentation de la commune"},"content":{"rendered":"<div class=\"wp-block-image\">\n<figure class=\"aligncenter size-full\"><img loading=\"lazy\" decoding=\"async\" width=\"500\" height=\"750\" src=\"http:\/\/haverskerque.fr\/wp-content\/uploads\/2023\/03\/presneta1.jpg\" alt=\"\" class=\"wp-image-901\" srcset=\"https:\/\/www.haverskerque.fr\/wp-content\/uploads\/2023\/03\/presneta1.jpg 500w, https:\/\/www.haverskerque.fr\/wp-content\/uploads\/2023\/03\/presneta1-200x300.jpg 200w\" sizes=\"auto, (max-width: 500px) 100vw, 500px\" \/><\/figure>\n<\/div>\n\n\n<figure class=\"wp-block-image size-full\"><img loading=\"lazy\" decoding=\"async\" width=\"593\" height=\"45\" src=\"https:\/\/haverskerque.fr\/wp-content\/uploads\/2023\/02\/bandeblanche.jpg\" alt=\"\" class=\"wp-image-381\" srcset=\"https:\/\/www.haverskerque.fr\/wp-content\/uploads\/2023\/02\/bandeblanche.jpg 593w, https:\/\/www.haverskerque.fr\/wp-content\/uploads\/2023\/02\/bandeblanche-300x23.jpg 300w\" sizes=\"auto, (max-width: 593px) 100vw, 593px\" \/><\/figure>\n\n\n\n<h3 class=\"wp-block-heading has-black-color has-text-color has-link-color wp-elements-f7b85b97a6073d83e34632f5bbc88f52\"><strong><mark style=\"background-color:rgba(0, 0, 0, 0);color:#00a018\" class=\"has-inline-color\">|<\/mark> Quelques chiffres<\/strong><\/h3>\n\n\n\n<figure class=\"wp-block-image size-full\"><img loading=\"lazy\" decoding=\"async\" width=\"593\" height=\"45\" src=\"https:\/\/haverskerque.fr\/wp-content\/uploads\/2023\/02\/bandeblanche.jpg\" alt=\"\" class=\"wp-image-381\" srcset=\"https:\/\/www.haverskerque.fr\/wp-content\/uploads\/2023\/02\/bandeblanche.jpg 593w, https:\/\/www.haverskerque.fr\/wp-content\/uploads\/2023\/02\/bandeblanche-300x23.jpg 300w\" sizes=\"auto, (max-width: 593px) 100vw, 593px\" \/><\/figure>\n\n\n\n<ul class=\"wp-block-list\">\n<li>Superficie : 9,17 km\u00b2<\/li>\n<\/ul>\n\n\n\n<p><\/p>\n\n\n\n<ul class=\"wp-block-list\">\n<li>Population l\u00e9gale au 1er janvier 2017 : 1475 habitants<\/li>\n<\/ul>\n\n\n\n<figure class=\"wp-block-image size-full\"><img loading=\"lazy\" decoding=\"async\" width=\"593\" height=\"45\" src=\"https:\/\/haverskerque.fr\/wp-content\/uploads\/2023\/02\/bandeblanche.jpg\" alt=\"\" class=\"wp-image-381\" srcset=\"https:\/\/www.haverskerque.fr\/wp-content\/uploads\/2023\/02\/bandeblanche.jpg 593w, https:\/\/www.haverskerque.fr\/wp-content\/uploads\/2023\/02\/bandeblanche-300x23.jpg 300w\" sizes=\"auto, (max-width: 593px) 100vw, 593px\" \/><\/figure>\n\n\n\n<h3 class=\"wp-block-heading has-black-color has-text-color has-link-color wp-elements-a25e4fdca39dd3f29d396b2657955a79\"><strong><mark style=\"background-color:rgba(0, 0, 0, 0);color:#00a018\" class=\"has-inline-color\">|<\/mark> Topographie<\/strong><\/h3>\n\n\n\n<figure class=\"wp-block-image size-full\"><img loading=\"lazy\" decoding=\"async\" width=\"593\" height=\"45\" src=\"https:\/\/haverskerque.fr\/wp-content\/uploads\/2023\/02\/bandeblanche.jpg\" alt=\"\" class=\"wp-image-381\" srcset=\"https:\/\/www.haverskerque.fr\/wp-content\/uploads\/2023\/02\/bandeblanche.jpg 593w, https:\/\/www.haverskerque.fr\/wp-content\/uploads\/2023\/02\/bandeblanche-300x23.jpg 300w\" sizes=\"auto, (max-width: 593px) 100vw, 593px\" \/><\/figure>\n\n\n\n<p>Le territoire communal est implant\u00e9 dans la Plaine de la Lys, une plaine uniforme.<\/p>\n\n\n\n<p>L\u2019altitude moyenne est de 17m et se situe entre les points les plus bas de 15,09m et 15,32m du Cornet Malo et du Pont Bonnet et les points qui culminent \u00e0 18,98m, 18,32m de la RD916, du Tannay, en bordure du bois d\u2019Amont et de la Croix Mairesse.<\/p>\n\n\n\n<figure class=\"wp-block-image size-full\"><img loading=\"lazy\" decoding=\"async\" width=\"593\" height=\"45\" src=\"https:\/\/haverskerque.fr\/wp-content\/uploads\/2023\/02\/bandeblanche.jpg\" alt=\"\" class=\"wp-image-381\" srcset=\"https:\/\/www.haverskerque.fr\/wp-content\/uploads\/2023\/02\/bandeblanche.jpg 593w, https:\/\/www.haverskerque.fr\/wp-content\/uploads\/2023\/02\/bandeblanche-300x23.jpg 300w\" sizes=\"auto, (max-width: 593px) 100vw, 593px\" \/><\/figure>\n\n\n\n<h3 class=\"wp-block-heading has-black-color has-text-color has-link-color wp-elements-fc94626f3ba6efe93c2c54a412695c1b\"><strong><mark style=\"background-color:rgba(0, 0, 0, 0);color:#00a018\" class=\"has-inline-color\">|<\/mark> Implantation g\u00e9ologique<\/strong><\/h3>\n\n\n\n<figure class=\"wp-block-image size-full\"><img loading=\"lazy\" decoding=\"async\" width=\"593\" height=\"45\" src=\"https:\/\/haverskerque.fr\/wp-content\/uploads\/2023\/02\/bandeblanche.jpg\" alt=\"\" class=\"wp-image-381\" srcset=\"https:\/\/www.haverskerque.fr\/wp-content\/uploads\/2023\/02\/bandeblanche.jpg 593w, https:\/\/www.haverskerque.fr\/wp-content\/uploads\/2023\/02\/bandeblanche-300x23.jpg 300w\" sizes=\"auto, (max-width: 593px) 100vw, 593px\" \/><\/figure>\n\n\n\n<p>La majeure partie du territoire repose sur le socle ypr\u00e9sien de l\u2019argile des Flandres presque enti\u00e8rement recouvert de limons. L\u2019argile des Flandres appel\u00e9e \u00ab clyte \u00bb est une argile compacte mais plastique de teinte gris bleu due \u00e0 la pr\u00e9sence de pyrite. Elle constitue par nature un substrat imperm\u00e9able.<\/p>\n\n\n\n<p>Sous le socle ypr\u00e9sien, \u00e0 l\u2019\u00e9tage land\u00e9nien, les forages font appara\u00eetre sur une assise d\u2019argile de Louvil gris noir\u00e2tre de 10 \u00e0 15m d\u2019\u00e9paisseur, des sables fins et glauconieux. A l\u2019\u00e9tage s\u00e9nonien, on trouve de la craie blanche et des silex.<\/p>\n\n\n\n<p>Le long de la Lys, s\u2019est d\u00e9pos\u00e9e une \u00e9paisse couche de 4 \u00e0 5m d\u2019alluvions constitu\u00e9s de sables, de limons argileux et tourbeux.<\/p>\n\n\n\n<figure class=\"wp-block-image size-full\"><img loading=\"lazy\" decoding=\"async\" width=\"593\" height=\"45\" src=\"https:\/\/haverskerque.fr\/wp-content\/uploads\/2023\/02\/bandeblanche.jpg\" alt=\"\" class=\"wp-image-381\" srcset=\"https:\/\/www.haverskerque.fr\/wp-content\/uploads\/2023\/02\/bandeblanche.jpg 593w, https:\/\/www.haverskerque.fr\/wp-content\/uploads\/2023\/02\/bandeblanche-300x23.jpg 300w\" sizes=\"auto, (max-width: 593px) 100vw, 593px\" \/><\/figure>\n\n\n\n<h3 class=\"wp-block-heading has-black-color has-text-color has-link-color wp-elements-c102b9d8ebbdf13510e102632a4bde29\"><strong><mark style=\"background-color:rgba(0, 0, 0, 0);color:#00a018\" class=\"has-inline-color\">|<\/mark> Hydrog\u00e9ologie<\/strong><\/h3>\n\n\n\n<figure class=\"wp-block-image size-full\"><img loading=\"lazy\" decoding=\"async\" width=\"593\" height=\"45\" src=\"https:\/\/haverskerque.fr\/wp-content\/uploads\/2023\/02\/bandeblanche.jpg\" alt=\"\" class=\"wp-image-381\" srcset=\"https:\/\/www.haverskerque.fr\/wp-content\/uploads\/2023\/02\/bandeblanche.jpg 593w, https:\/\/www.haverskerque.fr\/wp-content\/uploads\/2023\/02\/bandeblanche-300x23.jpg 300w\" sizes=\"auto, (max-width: 593px) 100vw, 593px\" \/><\/figure>\n\n\n\n<p>La nappe phr\u00e9atique retenue dans l\u2019argile des Flandres est encore exploit\u00e9e dans le village par quelques puits domestiques. Le land\u00e9nien sup\u00e9rieur de sables aquif\u00e8res alimente encore de nombreux captages malgr\u00e9 son faible d\u00e9bit de 3 \u00e0 8m3 par heure.<\/p>\n\n\n\n<figure class=\"wp-block-image size-full\"><img loading=\"lazy\" decoding=\"async\" width=\"593\" height=\"45\" src=\"https:\/\/haverskerque.fr\/wp-content\/uploads\/2023\/02\/bandeblanche.jpg\" alt=\"\" class=\"wp-image-381\" srcset=\"https:\/\/www.haverskerque.fr\/wp-content\/uploads\/2023\/02\/bandeblanche.jpg 593w, https:\/\/www.haverskerque.fr\/wp-content\/uploads\/2023\/02\/bandeblanche-300x23.jpg 300w\" sizes=\"auto, (max-width: 593px) 100vw, 593px\" \/><\/figure>\n\n\n\n<h3 class=\"wp-block-heading has-black-color has-text-color has-link-color wp-elements-e19e2f3fde2102968b8a1999c7dc449a\"><strong><mark style=\"background-color:rgba(0, 0, 0, 0);color:#00a018\" class=\"has-inline-color\">|<\/mark> Hydrographie<\/strong><\/h3>\n\n\n\n<figure class=\"wp-block-image size-full\"><img loading=\"lazy\" decoding=\"async\" width=\"593\" height=\"45\" src=\"https:\/\/haverskerque.fr\/wp-content\/uploads\/2023\/02\/bandeblanche.jpg\" alt=\"\" class=\"wp-image-381\" srcset=\"https:\/\/www.haverskerque.fr\/wp-content\/uploads\/2023\/02\/bandeblanche.jpg 593w, https:\/\/www.haverskerque.fr\/wp-content\/uploads\/2023\/02\/bandeblanche-300x23.jpg 300w\" sizes=\"auto, (max-width: 593px) 100vw, 593px\" \/><\/figure>\n\n\n\n<p>Lors des travaux de canalisation de la Lys au si\u00e8cle dernier, le cheminement de la rivi\u00e8re a \u00e9t\u00e9 modifi\u00e9 ce qui explique que la Lys Canalis\u00e9e ne traverse le territoire communal que par intermittence.<\/p>\n\n\n\n<p>L\u2019ensemble du territoire communal est quadrill\u00e9 par un r\u00e9seau hydrographique dense marqu\u00e9 par l\u2019action anthropique : celui de ses foss\u00e9s ou becques. Au Nord, les foss\u00e9s de ceinture de la for\u00eat de Nieppe (Foss\u00e9s de Bourbecque, des Bois Blancs, de Bois Marquette) se jettent dans la Vieille Lys par l\u2019interm\u00e9diaire d\u2019un maillage de foss\u00e9s importants d\u2019axe Nord Sud : les Foss\u00e9s aux Li\u00e8vres, de Bourbecque, le Foss\u00e9 des 40, et le Berquigneul du Pont Bonnet.<\/p>\n\n\n\n<p>D\u2019Ouest en Est, d\u2019autres foss\u00e9s drainent \u00e9galement les terres haverskerquoises : les foss\u00e9s du Donjon, des Grand et Moyen Treille et le Courant du Corbie. De nombreux foss\u00e9s de route, foss\u00e9s agricoles et mares compl\u00e8tent le r\u00e9seau drainant.<\/p>\n\n\n\n<figure class=\"wp-block-image size-full\"><img loading=\"lazy\" decoding=\"async\" width=\"593\" height=\"45\" src=\"https:\/\/haverskerque.fr\/wp-content\/uploads\/2023\/02\/bandeblanche.jpg\" alt=\"\" class=\"wp-image-381\" srcset=\"https:\/\/www.haverskerque.fr\/wp-content\/uploads\/2023\/02\/bandeblanche.jpg 593w, https:\/\/www.haverskerque.fr\/wp-content\/uploads\/2023\/02\/bandeblanche-300x23.jpg 300w\" sizes=\"auto, (max-width: 593px) 100vw, 593px\" \/><\/figure>\n\n\n\n<h3 class=\"wp-block-heading has-black-color has-text-color has-link-color wp-elements-a815af95d5eef52d3fd1126495e168dc\"><strong><mark style=\"background-color:rgba(0, 0, 0, 0);color:#00a018\" class=\"has-inline-color\">|<\/mark> Milieu naturel<\/strong><\/h3>\n\n\n\n<figure class=\"wp-block-image size-full\"><img loading=\"lazy\" decoding=\"async\" width=\"593\" height=\"45\" src=\"https:\/\/haverskerque.fr\/wp-content\/uploads\/2023\/02\/bandeblanche.jpg\" alt=\"\" class=\"wp-image-381\" srcset=\"https:\/\/www.haverskerque.fr\/wp-content\/uploads\/2023\/02\/bandeblanche.jpg 593w, https:\/\/www.haverskerque.fr\/wp-content\/uploads\/2023\/02\/bandeblanche-300x23.jpg 300w\" sizes=\"auto, (max-width: 593px) 100vw, 593px\" \/><\/figure>\n\n\n\n<p>Haverskerque a le privil\u00e8ge de b\u00e9n\u00e9ficier d\u2019un environnement naturel de qualit\u00e9 avec l\u2019existence de deux Zones Naturelles d\u2019Int\u00e9r\u00eat Ecologique, Faunistique et Floristique (ZNIEF) de type I et II :<\/p>\n\n\n\n<p>La for\u00eat domaniale de Nieppe, derni\u00e8re grande for\u00eat humide des Flandres riche de nombreuses essences hygrophiles en v\u00e9g\u00e9tation foresti\u00e8re ou pr\u00e9 foresti\u00e8re.<\/p>\n\n\n\n<p><br>Le lit majeur de la Lys. Avec ses bordures de prairies humides et de roseli\u00e8res, il constitue un biotope id\u00e9al pour le r\u00e8gne tant v\u00e9g\u00e9tal qu\u2019animal.<br><\/p>\n\n\n\n<p>Dans ces milieux naturels humides, la flore qui se caract\u00e9rise par de nombreux gradients d\u2019hygrophilie, poss\u00e8de des potentialit\u00e9s biologiques importantes dans le contexte r\u00e9gional et se singularise par un certain nombre d\u2019esp\u00e8ces rares.<br><\/p>\n\n\n\n<p>Aux c\u00f4t\u00e9s des aulnes glutineux, des fr\u00eanes, des saules\u2026 on trouve diff\u00e9rents ormeaux dont l\u2019 orme lisse ou diffus, (ulmus laevis) une vari\u00e9t\u00e9 peu r\u00e9pandue et reconnaissable aux feuilles duveteuses sur chaque face et aux samares longuement p\u00e9doncul\u00e9es.<\/p>\n\n\n\n<p>Au dernier recensement fait sur notre territoire par le Conservatoire de Bailleul en 2001, on y a d\u00e9couvert quelques esp\u00e8ces de plantes peu courantes dont certaines sont m\u00eame prot\u00e9g\u00e9es : dans les prairies humides de la passerelle, les fines inflorescences pourpre \u00e0 rose clair de l\u2019orchis pyramidal une orchid\u00e9e d\u2019herbages et de for\u00eat peu commune.<\/p>\n\n\n\n<p><br>En for\u00eat une surprenante orchid\u00e9e brune des bois ombrag\u00e9s la n\u00e9ottie nid d\u2019oiseau sans chlorophylle, le myosotis discolor, la germandr\u00e9e des marais, la cystopt\u00e9ride fragile une foug\u00e8re remarquable, le ceterach officinal et au lieu dit du Touquet le plantain d\u2019eau lanc\u00e9ol\u00e9 et l\u2019\u0153nanthe aquatique, plantes toutes deux prot\u00e9g\u00e9es.<br><\/p>\n\n\n\n<p>Cette ann\u00e9e, St\u00e9phane Decriem , notre botaniste en herbe, a rencontr\u00e9 aussi en se baladant au pont Bonnet, la renoncule pelt\u00e9e qui inf\u00e9ode les mares prairiales et les ruisseaux, le cresson des marais, des \u0153nanthes safran\u00e9es et rue de la Goguerie, la callitriche \u00e0 angles obtus, la val\u00e9riane officinale, l\u2019\u0153nanthe aquatique et des renou\u00e9es poivre d\u2019eau.<br><\/p>\n\n\n\n<p>Le long du canal, la populage des marais, la d\u00e9licate lychnis ou fleur de coucou, la morelle douce am\u00e8re et la stellaire des marais. Au niveau de la passerelle, \u00e0 son grand regret, il n\u2019a plus retrouv\u00e9 l\u2019\u00e9pipactis helleborine photographi\u00e9e il y a deux ans\u2026<\/p>\n\n\n\n<p><br>En for\u00eat, l\u2019arum tachet\u00e9 connu aussi sous le nom de pied de veau, la primev\u00e8re \u00e9lev\u00e9e commun\u00e9ment appel\u00e9e coucou des bois et la stellaire des bois\u2026<\/p>\n\n\n\n<p>Amen\u00e9e par le vent et les oiseaux, une multitude de plantes sauvages prend racine dans les jardins : des alliaires, mauves sylvestres, myosotis, salsifis des pr\u00e9s, morelles noires, \u00e9pilobes, bryonne, etc. Au cimeti\u00e8re, M. Decriem a rep\u00e9r\u00e9 des euphorbes, la fumeterre et le saxifrage \u00e0 trois doigts\u2026<\/p>\n\n\n\n<figure class=\"wp-block-image size-full\"><img loading=\"lazy\" decoding=\"async\" width=\"593\" height=\"45\" src=\"https:\/\/haverskerque.fr\/wp-content\/uploads\/2023\/02\/bandeblanche.jpg\" alt=\"\" class=\"wp-image-381\" srcset=\"https:\/\/www.haverskerque.fr\/wp-content\/uploads\/2023\/02\/bandeblanche.jpg 593w, https:\/\/www.haverskerque.fr\/wp-content\/uploads\/2023\/02\/bandeblanche-300x23.jpg 300w\" sizes=\"auto, (max-width: 593px) 100vw, 593px\" \/><\/figure>\n\n\n\n<h3 class=\"wp-block-heading has-black-color has-text-color has-link-color wp-elements-f7da8b9a148398c09206eb684f4eef47\"><strong><mark style=\"background-color:rgba(0, 0, 0, 0);color:#00a018\" class=\"has-inline-color\">|<\/mark> Le saviez-vous ?<\/strong><\/h3>\n\n\n\n<figure class=\"wp-block-image size-full\"><img loading=\"lazy\" decoding=\"async\" width=\"593\" height=\"45\" src=\"https:\/\/haverskerque.fr\/wp-content\/uploads\/2023\/02\/bandeblanche.jpg\" alt=\"\" class=\"wp-image-381\" srcset=\"https:\/\/www.haverskerque.fr\/wp-content\/uploads\/2023\/02\/bandeblanche.jpg 593w, https:\/\/www.haverskerque.fr\/wp-content\/uploads\/2023\/02\/bandeblanche-300x23.jpg 300w\" sizes=\"auto, (max-width: 593px) 100vw, 593px\" \/><\/figure>\n\n\n\n<p>\u00ab Les iris jaunes ou iris faux-acore poussaient en abondance sur les rives de la Lys et le Seigneur d\u2019Armenti\u00e8res en fit le motif de son blason. Lors de l\u2019annexion de son fief par le roi de France, celui-ci d\u00e9cida \u00e0 son tour de l\u2019ajouter \u00e0 son propre blason. Ainsi naquit la \u201cfleur de Lys\u201d\u2026 qui n\u2019est pas un lys ! \u00bb (Source : La Venise Verte, par Jacques Sigot et J-Pierre Raul)<\/p>\n\n\n\n<p>Dans nos milieux naturels de la for\u00eat de Nieppe, du lit majeur de la Lys et de ses berges, la faune pr\u00e9sente elle aussi un int\u00e9r\u00eat tr\u00e8s \u00e9lev\u00e9 de part les peuplements avifaunistiques uniques en France \u00e0 rattacher \u00e0 ceux d\u2019Europe du Nord.<\/p>\n\n\n\n<figure class=\"wp-block-image size-full\"><img loading=\"lazy\" decoding=\"async\" width=\"593\" height=\"45\" src=\"https:\/\/haverskerque.fr\/wp-content\/uploads\/2023\/02\/bandeblanche.jpg\" alt=\"\" class=\"wp-image-381\" srcset=\"https:\/\/www.haverskerque.fr\/wp-content\/uploads\/2023\/02\/bandeblanche.jpg 593w, https:\/\/www.haverskerque.fr\/wp-content\/uploads\/2023\/02\/bandeblanche-300x23.jpg 300w\" sizes=\"auto, (max-width: 593px) 100vw, 593px\" \/><\/figure>\n\n\n\n<h3 class=\"wp-block-heading has-black-color has-text-color has-link-color wp-elements-a991269afb10068221441f5fd3ea7dad\"><strong><mark style=\"background-color:rgba(0, 0, 0, 0);color:#00a018\" class=\"has-inline-color\">|<\/mark> Occupation du sol<\/strong><\/h3>\n\n\n\n<figure class=\"wp-block-image size-full\"><img loading=\"lazy\" decoding=\"async\" width=\"593\" height=\"45\" src=\"https:\/\/haverskerque.fr\/wp-content\/uploads\/2023\/02\/bandeblanche.jpg\" alt=\"\" class=\"wp-image-381\" srcset=\"https:\/\/www.haverskerque.fr\/wp-content\/uploads\/2023\/02\/bandeblanche.jpg 593w, https:\/\/www.haverskerque.fr\/wp-content\/uploads\/2023\/02\/bandeblanche-300x23.jpg 300w\" sizes=\"auto, (max-width: 593px) 100vw, 593px\" \/><\/figure>\n\n\n\n<p>Ruralit\u00e9 du territoire : Haverskerque est une commune rurale de part l\u2019importance de son espace agricole qui couvre la majeure partie de son territoire. Cet espace agricole se compose de deux types de zones : des champs et des p\u00e2tures.<\/p>\n\n\n\n<p><br>Les champs ou zones de type openfield parfaitement planes et ouvertes sont d\u00e9di\u00e9es aux grandes cultures : ils occupent les 2\/3 du territoire et ont fait l\u2019objet d\u2019un remembrement en 1990.<br><\/p>\n\n\n\n<p>Les p\u00e2tures en bordure ou \u00e0 proximit\u00e9 de la Lys sont encore souvent entour\u00e9es de haies bocag\u00e8res. Les alignements de saules t\u00eatards signalent la pr\u00e9sence du cours d\u2019eau.<br><\/p>\n\n\n\n<p>Au Recensement G\u00e9n\u00e9ral Agricole de 2000, il appara\u00eet que la Superficie Agricole r\u00e9ellement Utilis\u00e9e par les exploitations agricoles n\u2019est plus que de 520 hectares dont 479ha de terres labourables et 39ha toujours en herbe pour le p\u00e2turage des bovins. Le nombre d\u2019exploitations agricoles a d\u2019ailleurs consid\u00e9rablement diminu\u00e9 entre 1988 : 42 et 2000 : 21. En 2007, on ne comptabilise plus qu\u2019une douzaine de fermes en activit\u00e9 dont 5 exploitations class\u00e9es.<\/p>\n\n\n\n<figure class=\"wp-block-image size-full\"><img loading=\"lazy\" decoding=\"async\" width=\"593\" height=\"45\" src=\"https:\/\/haverskerque.fr\/wp-content\/uploads\/2023\/02\/bandeblanche.jpg\" alt=\"\" class=\"wp-image-381\" srcset=\"https:\/\/www.haverskerque.fr\/wp-content\/uploads\/2023\/02\/bandeblanche.jpg 593w, https:\/\/www.haverskerque.fr\/wp-content\/uploads\/2023\/02\/bandeblanche-300x23.jpg 300w\" sizes=\"auto, (max-width: 593px) 100vw, 593px\" \/><\/figure>\n\n\n\n<h3 class=\"wp-block-heading has-black-color has-text-color has-link-color wp-elements-0eb2ebc69e73998211bc91b62dc1a7c8\"><strong><mark style=\"background-color:rgba(0, 0, 0, 0);color:#00a018\" class=\"has-inline-color\">|<\/mark> Tissu urbain<\/strong><\/h3>\n\n\n\n<figure class=\"wp-block-image size-full\"><img loading=\"lazy\" decoding=\"async\" width=\"593\" height=\"45\" src=\"https:\/\/haverskerque.fr\/wp-content\/uploads\/2023\/02\/bandeblanche.jpg\" alt=\"\" class=\"wp-image-381\" srcset=\"https:\/\/www.haverskerque.fr\/wp-content\/uploads\/2023\/02\/bandeblanche.jpg 593w, https:\/\/www.haverskerque.fr\/wp-content\/uploads\/2023\/02\/bandeblanche-300x23.jpg 300w\" sizes=\"auto, (max-width: 593px) 100vw, 593px\" \/><\/figure>\n\n\n\n<p>Le tissu urbain se divise en deux secteurs diff\u00e9rents par leur localisation, la densit\u00e9 urbaine et l\u2019habitat.<\/p>\n\n\n\n<p>Un centre historique dens\u00e9ment urbanis\u00e9 constitu\u00e9 des rues de l\u2019Eglise, du Bellot et une partie des rues du Moulin et de la rue du 8 Mai et du hameau de la Croix Mairesse.<br><\/p>\n\n\n\n<p>L\u2019habitat de front \u00e0 rue se compose de maisons accol\u00e9es en briques et tuiles ou ardoises sur des parcelles de petite taille avec des jardins situ\u00e9s \u00e0 l\u2019arri\u00e8re des habitations. C\u2019est dans ce secteur que se trouve la majeure partie des \u00e9quipements publics.<\/p>\n\n\n\n<p>Un secteur moins dens\u00e9ment urbanis\u00e9 r\u00e9parti soit lin\u00e9airement le long des axes routiers, soit sous forme de hameaux (Le Corbie, Le Foret, La Maladrerie, Le Touquet\u2026). Les maisons o\u00f9 briques et tuiles dominent, y sont souvent positionn\u00e9es au centre de parcelles plus ou moins grandes o\u00f9 le jardin prend de l\u2019importance et est visible de l\u2019espace public.<br><\/p>\n\n\n\n<p>C\u2019est dans ce dernier secteur qu\u2019on trouve les fermes ou corps de fermes dont l\u2019architecture est typique des Flandres : corps de ferme en U ou en carr\u00e9, maisons en briques ench\u00e2ss\u00e9es entre deux hauts pignons, longues fa\u00e7ades orient\u00e9es de mani\u00e8re \u00e0 \u00eatre ensoleill\u00e9es au maximum, toit bris\u00e9 ou \u00e0 la Mansart.<\/p>\n","protected":false},"excerpt":{"rendered":"<p>| Quelques chiffres | Topographie Le territoire communal est implant\u00e9 dans la Plaine de la Lys, une plaine uniforme. L\u2019altitude moyenne est de 17m et se situe entre les points les plus bas de 15,09m et 15,32m du Cornet Malo et du Pont Bonnet et les points qui culminent \u00e0 18,98m, 18,32m de la RD916, du Tannay, en bordure du bois d\u2019Amont et de la Croix Mairesse. | Implantation g\u00e9ologique La majeure partie du territoire repose sur le socle ypr\u00e9sien de l\u2019argile des Flandres presque enti\u00e8rement recouvert de limons. L\u2019argile des Flandres appel\u00e9e \u00ab clyte \u00bb est une argile compacte mais plastique de teinte gris bleu due \u00e0 la pr\u00e9sence de pyrite. Elle constitue par nature un substrat imperm\u00e9able. Sous le socle ypr\u00e9sien, \u00e0 l\u2019\u00e9tage land\u00e9nien, les forages font appara\u00eetre sur une assise d\u2019argile de Louvil gris noir\u00e2tre de 10 \u00e0 15m d\u2019\u00e9paisseur, des sables fins et glauconieux. A l\u2019\u00e9tage s\u00e9nonien, on trouve de la craie blanche et des silex. Le long de la Lys, s\u2019est d\u00e9pos\u00e9e une \u00e9paisse couche de 4 \u00e0 5m d\u2019alluvions constitu\u00e9s de sables, de limons argileux et tourbeux. | Hydrog\u00e9ologie La nappe phr\u00e9atique retenue dans l\u2019argile des Flandres est encore exploit\u00e9e dans le village par quelques puits domestiques. Le land\u00e9nien sup\u00e9rieur de sables aquif\u00e8res alimente encore de nombreux captages malgr\u00e9 son faible d\u00e9bit de 3 \u00e0 8m3 par heure. | Hydrographie Lors des travaux de canalisation de la Lys au si\u00e8cle dernier, le cheminement de la rivi\u00e8re a \u00e9t\u00e9 modifi\u00e9 ce qui explique que la Lys Canalis\u00e9e ne traverse le territoire communal que par intermittence. L\u2019ensemble du territoire communal est quadrill\u00e9 par un r\u00e9seau hydrographique dense marqu\u00e9 par l\u2019action anthropique : celui de ses foss\u00e9s ou becques. Au Nord, les foss\u00e9s de ceinture de la for\u00eat de Nieppe (Foss\u00e9s de Bourbecque, des Bois Blancs, de Bois Marquette) se jettent dans la Vieille Lys par l\u2019interm\u00e9diaire d\u2019un maillage de foss\u00e9s importants d\u2019axe Nord Sud : les Foss\u00e9s aux Li\u00e8vres, de Bourbecque, le Foss\u00e9 des 40, et le Berquigneul du Pont Bonnet. D\u2019Ouest en Est, d\u2019autres foss\u00e9s drainent \u00e9galement les terres haverskerquoises : les foss\u00e9s du Donjon, des Grand et Moyen Treille et le Courant du Corbie. De nombreux foss\u00e9s de route, foss\u00e9s agricoles et mares compl\u00e8tent le r\u00e9seau drainant. | Milieu naturel Haverskerque a le privil\u00e8ge de b\u00e9n\u00e9ficier d\u2019un environnement naturel de qualit\u00e9 avec l\u2019existence de deux Zones Naturelles d\u2019Int\u00e9r\u00eat Ecologique, Faunistique et Floristique (ZNIEF) de type I et II : La for\u00eat domaniale de Nieppe, derni\u00e8re grande for\u00eat humide des Flandres riche de nombreuses essences hygrophiles en v\u00e9g\u00e9tation foresti\u00e8re ou pr\u00e9 foresti\u00e8re. Le lit majeur de la Lys. Avec ses bordures de prairies humides et de roseli\u00e8res, il constitue un biotope id\u00e9al pour le r\u00e8gne tant v\u00e9g\u00e9tal qu\u2019animal. Dans ces milieux naturels humides, la flore qui se caract\u00e9rise par de nombreux gradients d\u2019hygrophilie, poss\u00e8de des potentialit\u00e9s biologiques importantes dans le contexte r\u00e9gional et se singularise par un certain nombre d\u2019esp\u00e8ces rares. Aux c\u00f4t\u00e9s des aulnes glutineux, des fr\u00eanes, des saules\u2026 on trouve diff\u00e9rents ormeaux dont l\u2019 orme lisse ou diffus, (ulmus laevis) une vari\u00e9t\u00e9 peu r\u00e9pandue et reconnaissable aux feuilles duveteuses sur chaque face et aux samares longuement p\u00e9doncul\u00e9es. Au dernier recensement fait sur notre territoire par le Conservatoire de Bailleul en 2001, on y a d\u00e9couvert quelques esp\u00e8ces de plantes peu courantes dont certaines sont m\u00eame prot\u00e9g\u00e9es : dans les prairies humides de la passerelle, les fines inflorescences pourpre \u00e0 rose clair de l\u2019orchis pyramidal une orchid\u00e9e d\u2019herbages et de for\u00eat peu commune. En for\u00eat une surprenante orchid\u00e9e brune des bois ombrag\u00e9s la n\u00e9ottie nid d\u2019oiseau sans chlorophylle, le myosotis discolor, la germandr\u00e9e des marais, la cystopt\u00e9ride fragile une foug\u00e8re remarquable, le ceterach officinal et au lieu dit du Touquet le plantain d\u2019eau lanc\u00e9ol\u00e9 et l\u2019\u0153nanthe aquatique, plantes toutes deux prot\u00e9g\u00e9es. Cette ann\u00e9e, St\u00e9phane Decriem , notre botaniste en herbe, a rencontr\u00e9 aussi en se baladant au pont Bonnet, la renoncule pelt\u00e9e qui inf\u00e9ode les mares prairiales et les ruisseaux, le cresson des marais, des \u0153nanthes safran\u00e9es et rue de la Goguerie, la callitriche \u00e0 angles obtus, la val\u00e9riane officinale, l\u2019\u0153nanthe aquatique et des renou\u00e9es poivre d\u2019eau. Le long du canal, la populage des marais, la d\u00e9licate lychnis ou fleur de coucou, la morelle douce am\u00e8re et la stellaire des marais. Au niveau de la passerelle, \u00e0 son grand regret, il n\u2019a plus retrouv\u00e9 l\u2019\u00e9pipactis helleborine photographi\u00e9e il y a deux ans\u2026 En for\u00eat, l\u2019arum tachet\u00e9 connu aussi sous le nom de pied de veau, la primev\u00e8re \u00e9lev\u00e9e commun\u00e9ment appel\u00e9e coucou des bois et la stellaire des bois\u2026 Amen\u00e9e par le vent et les oiseaux, une multitude de plantes sauvages prend racine dans les jardins : des alliaires, mauves sylvestres, myosotis, salsifis des pr\u00e9s, morelles noires, \u00e9pilobes, bryonne, etc. Au cimeti\u00e8re, M. Decriem a rep\u00e9r\u00e9 des euphorbes, la fumeterre et le saxifrage \u00e0 trois doigts\u2026 | Le saviez-vous ? \u00ab Les iris jaunes ou iris faux-acore poussaient en abondance sur les rives de la Lys et le Seigneur d\u2019Armenti\u00e8res en fit le motif de son blason. Lors de l\u2019annexion de son fief par le roi de France, celui-ci d\u00e9cida \u00e0 son tour de l\u2019ajouter \u00e0 son propre blason. Ainsi naquit la \u201cfleur de Lys\u201d\u2026 qui n\u2019est pas un lys ! \u00bb (Source : La Venise Verte, par Jacques Sigot et J-Pierre Raul) Dans nos milieux naturels de la for\u00eat de Nieppe, du lit majeur de la Lys et de ses berges, la faune pr\u00e9sente elle aussi un int\u00e9r\u00eat tr\u00e8s \u00e9lev\u00e9 de part les peuplements avifaunistiques uniques en France \u00e0 rattacher \u00e0 ceux d\u2019Europe du Nord. | Occupation du sol Ruralit\u00e9 du territoire : Haverskerque est une commune rurale de part l\u2019importance de son espace agricole qui couvre la majeure partie de son territoire. Cet espace agricole se compose de deux types de zones : des champs et des p\u00e2tures. Les champs ou zones de type openfield parfaitement planes et ouvertes sont d\u00e9di\u00e9es aux grandes cultures : ils occupent les 2\/3 du territoire et ont fait l\u2019objet d\u2019un remembrement en 1990. Les p\u00e2tures en bordure ou \u00e0 proximit\u00e9 de la Lys sont encore souvent entour\u00e9es de haies bocag\u00e8res. Les alignements de saules t\u00eatards signalent la pr\u00e9sence du cours d\u2019eau. Au Recensement G\u00e9n\u00e9ral Agricole de 2000, il appara\u00eet que la Superficie Agricole r\u00e9ellement Utilis\u00e9e par les exploitations agricoles n\u2019est plus que de 520 hectares dont 479ha de terres labourables et 39ha toujours en herbe pour le p\u00e2turage des bovins. Le nombre d\u2019exploitations agricoles a d\u2019ailleurs consid\u00e9rablement diminu\u00e9 entre 1988 : 42 et 2000 : 21. En 2007, on ne comptabilise plus qu\u2019une douzaine de fermes en activit\u00e9 dont 5 exploitations class\u00e9es. | Tissu urbain Le tissu urbain se divise en deux secteurs diff\u00e9rents par leur localisation, la densit\u00e9 urbaine et l\u2019habitat. Un centre historique dens\u00e9ment urbanis\u00e9 constitu\u00e9 des rues de l\u2019Eglise, du Bellot et une partie des rues du Moulin et de la rue du 8 Mai et du hameau de la Croix Mairesse. L\u2019habitat de front \u00e0 rue se compose de maisons accol\u00e9es en briques et tuiles ou ardoises sur des parcelles de petite taille avec des jardins situ\u00e9s \u00e0 l\u2019arri\u00e8re des habitations. C\u2019est dans ce secteur que se trouve la majeure partie des \u00e9quipements publics. Un secteur moins dens\u00e9ment urbanis\u00e9 r\u00e9parti soit lin\u00e9airement le long des axes routiers, soit sous forme de hameaux (Le Corbie, Le Foret, La Maladrerie, Le Touquet\u2026). Les maisons o\u00f9 briques et tuiles dominent, y sont souvent positionn\u00e9es au centre de parcelles plus ou moins grandes o\u00f9 le jardin prend de l\u2019importance et est visible de l\u2019espace public. C\u2019est dans ce dernier secteur qu\u2019on trouve les fermes ou corps de fermes dont l\u2019architecture est typique des Flandres : corps de ferme en U ou en carr\u00e9, maisons en briques ench\u00e2ss\u00e9es entre deux hauts pignons, longues fa\u00e7ades orient\u00e9es de mani\u00e8re \u00e0 \u00eatre ensoleill\u00e9es au maximum, toit bris\u00e9 ou \u00e0 la Mansart.<\/p>\n","protected":false},"author":1,"featured_media":0,"parent":0,"menu_order":0,"comment_status":"closed","ping_status":"closed","template":"","meta":{"cybocfi_hide_featured_image":"","footnotes":""},"class_list":["post-3417","page","type-page","status-publish","hentry"],"yoast_head":"<!-- This site is optimized with the Yoast SEO plugin v27.5 - https:\/\/yoast.com\/product\/yoast-seo-wordpress\/ -->\n<title>Pr\u00e9sentation de la commune * Haverskerque, 100% Nature !*<\/title>\n<meta name=\"robots\" content=\"index, follow, max-snippet:-1, max-image-preview:large, max-video-preview:-1\" \/>\n<link rel=\"canonical\" href=\"https:\/\/www.haverskerque.fr\/index.php\/presentation-du-village-3\/\" \/>\n<meta property=\"og:locale\" content=\"fr_FR\" \/>\n<meta property=\"og:type\" content=\"article\" \/>\n<meta property=\"og:title\" content=\"Pr\u00e9sentation de la commune * Haverskerque, 100% Nature !*\" \/>\n<meta property=\"og:description\" content=\"| Quelques chiffres | Topographie Le territoire communal est implant\u00e9 dans la Plaine de la Lys, une plaine uniforme. L\u2019altitude moyenne est de 17m et se situe entre les points les plus bas de 15,09m et 15,32m du Cornet Malo et du Pont Bonnet et les points qui culminent \u00e0 18,98m, 18,32m de la RD916, du Tannay, en bordure du bois d\u2019Amont et de la Croix Mairesse. | Implantation g\u00e9ologique La majeure partie du territoire repose sur le socle ypr\u00e9sien de l\u2019argile des Flandres presque enti\u00e8rement recouvert de limons. L\u2019argile des Flandres appel\u00e9e \u00ab clyte \u00bb est une argile compacte mais plastique de teinte gris bleu due \u00e0 la pr\u00e9sence de pyrite. Elle constitue par nature un substrat imperm\u00e9able. Sous le socle ypr\u00e9sien, \u00e0 l\u2019\u00e9tage land\u00e9nien, les forages font appara\u00eetre sur une assise d\u2019argile de Louvil gris noir\u00e2tre de 10 \u00e0 15m d\u2019\u00e9paisseur, des sables fins et glauconieux. A l\u2019\u00e9tage s\u00e9nonien, on trouve de la craie blanche et des silex. Le long de la Lys, s\u2019est d\u00e9pos\u00e9e une \u00e9paisse couche de 4 \u00e0 5m d\u2019alluvions constitu\u00e9s de sables, de limons argileux et tourbeux. | Hydrog\u00e9ologie La nappe phr\u00e9atique retenue dans l\u2019argile des Flandres est encore exploit\u00e9e dans le village par quelques puits domestiques. Le land\u00e9nien sup\u00e9rieur de sables aquif\u00e8res alimente encore de nombreux captages malgr\u00e9 son faible d\u00e9bit de 3 \u00e0 8m3 par heure. | Hydrographie Lors des travaux de canalisation de la Lys au si\u00e8cle dernier, le cheminement de la rivi\u00e8re a \u00e9t\u00e9 modifi\u00e9 ce qui explique que la Lys Canalis\u00e9e ne traverse le territoire communal que par intermittence. L\u2019ensemble du territoire communal est quadrill\u00e9 par un r\u00e9seau hydrographique dense marqu\u00e9 par l\u2019action anthropique : celui de ses foss\u00e9s ou becques. Au Nord, les foss\u00e9s de ceinture de la for\u00eat de Nieppe (Foss\u00e9s de Bourbecque, des Bois Blancs, de Bois Marquette) se jettent dans la Vieille Lys par l\u2019interm\u00e9diaire d\u2019un maillage de foss\u00e9s importants d\u2019axe Nord Sud : les Foss\u00e9s aux Li\u00e8vres, de Bourbecque, le Foss\u00e9 des 40, et le Berquigneul du Pont Bonnet. D\u2019Ouest en Est, d\u2019autres foss\u00e9s drainent \u00e9galement les terres haverskerquoises : les foss\u00e9s du Donjon, des Grand et Moyen Treille et le Courant du Corbie. De nombreux foss\u00e9s de route, foss\u00e9s agricoles et mares compl\u00e8tent le r\u00e9seau drainant. | Milieu naturel Haverskerque a le privil\u00e8ge de b\u00e9n\u00e9ficier d\u2019un environnement naturel de qualit\u00e9 avec l\u2019existence de deux Zones Naturelles d\u2019Int\u00e9r\u00eat Ecologique, Faunistique et Floristique (ZNIEF) de type I et II : La for\u00eat domaniale de Nieppe, derni\u00e8re grande for\u00eat humide des Flandres riche de nombreuses essences hygrophiles en v\u00e9g\u00e9tation foresti\u00e8re ou pr\u00e9 foresti\u00e8re. Le lit majeur de la Lys. Avec ses bordures de prairies humides et de roseli\u00e8res, il constitue un biotope id\u00e9al pour le r\u00e8gne tant v\u00e9g\u00e9tal qu\u2019animal. Dans ces milieux naturels humides, la flore qui se caract\u00e9rise par de nombreux gradients d\u2019hygrophilie, poss\u00e8de des potentialit\u00e9s biologiques importantes dans le contexte r\u00e9gional et se singularise par un certain nombre d\u2019esp\u00e8ces rares. Aux c\u00f4t\u00e9s des aulnes glutineux, des fr\u00eanes, des saules\u2026 on trouve diff\u00e9rents ormeaux dont l\u2019 orme lisse ou diffus, (ulmus laevis) une vari\u00e9t\u00e9 peu r\u00e9pandue et reconnaissable aux feuilles duveteuses sur chaque face et aux samares longuement p\u00e9doncul\u00e9es. Au dernier recensement fait sur notre territoire par le Conservatoire de Bailleul en 2001, on y a d\u00e9couvert quelques esp\u00e8ces de plantes peu courantes dont certaines sont m\u00eame prot\u00e9g\u00e9es : dans les prairies humides de la passerelle, les fines inflorescences pourpre \u00e0 rose clair de l\u2019orchis pyramidal une orchid\u00e9e d\u2019herbages et de for\u00eat peu commune. En for\u00eat une surprenante orchid\u00e9e brune des bois ombrag\u00e9s la n\u00e9ottie nid d\u2019oiseau sans chlorophylle, le myosotis discolor, la germandr\u00e9e des marais, la cystopt\u00e9ride fragile une foug\u00e8re remarquable, le ceterach officinal et au lieu dit du Touquet le plantain d\u2019eau lanc\u00e9ol\u00e9 et l\u2019\u0153nanthe aquatique, plantes toutes deux prot\u00e9g\u00e9es. Cette ann\u00e9e, St\u00e9phane Decriem , notre botaniste en herbe, a rencontr\u00e9 aussi en se baladant au pont Bonnet, la renoncule pelt\u00e9e qui inf\u00e9ode les mares prairiales et les ruisseaux, le cresson des marais, des \u0153nanthes safran\u00e9es et rue de la Goguerie, la callitriche \u00e0 angles obtus, la val\u00e9riane officinale, l\u2019\u0153nanthe aquatique et des renou\u00e9es poivre d\u2019eau. Le long du canal, la populage des marais, la d\u00e9licate lychnis ou fleur de coucou, la morelle douce am\u00e8re et la stellaire des marais. Au niveau de la passerelle, \u00e0 son grand regret, il n\u2019a plus retrouv\u00e9 l\u2019\u00e9pipactis helleborine photographi\u00e9e il y a deux ans\u2026 En for\u00eat, l\u2019arum tachet\u00e9 connu aussi sous le nom de pied de veau, la primev\u00e8re \u00e9lev\u00e9e commun\u00e9ment appel\u00e9e coucou des bois et la stellaire des bois\u2026 Amen\u00e9e par le vent et les oiseaux, une multitude de plantes sauvages prend racine dans les jardins : des alliaires, mauves sylvestres, myosotis, salsifis des pr\u00e9s, morelles noires, \u00e9pilobes, bryonne, etc. Au cimeti\u00e8re, M. Decriem a rep\u00e9r\u00e9 des euphorbes, la fumeterre et le saxifrage \u00e0 trois doigts\u2026 | Le saviez-vous ? \u00ab Les iris jaunes ou iris faux-acore poussaient en abondance sur les rives de la Lys et le Seigneur d\u2019Armenti\u00e8res en fit le motif de son blason. Lors de l\u2019annexion de son fief par le roi de France, celui-ci d\u00e9cida \u00e0 son tour de l\u2019ajouter \u00e0 son propre blason. Ainsi naquit la \u201cfleur de Lys\u201d\u2026 qui n\u2019est pas un lys ! \u00bb (Source : La Venise Verte, par Jacques Sigot et J-Pierre Raul) Dans nos milieux naturels de la for\u00eat de Nieppe, du lit majeur de la Lys et de ses berges, la faune pr\u00e9sente elle aussi un int\u00e9r\u00eat tr\u00e8s \u00e9lev\u00e9 de part les peuplements avifaunistiques uniques en France \u00e0 rattacher \u00e0 ceux d\u2019Europe du Nord. | Occupation du sol Ruralit\u00e9 du territoire : Haverskerque est une commune rurale de part l\u2019importance de son espace agricole qui couvre la majeure partie de son territoire. Cet espace agricole se compose de deux types de zones : des champs et des p\u00e2tures. Les champs ou zones de type openfield parfaitement planes et ouvertes sont d\u00e9di\u00e9es aux grandes cultures : ils occupent les 2\/3 du territoire et ont fait l\u2019objet d\u2019un remembrement en 1990. Les p\u00e2tures en bordure ou \u00e0 proximit\u00e9 de la Lys sont encore souvent entour\u00e9es de haies bocag\u00e8res. Les alignements de saules t\u00eatards signalent la pr\u00e9sence du cours d\u2019eau. Au Recensement G\u00e9n\u00e9ral Agricole de 2000, il appara\u00eet que la Superficie Agricole r\u00e9ellement Utilis\u00e9e par les exploitations agricoles n\u2019est plus que de 520 hectares dont 479ha de terres labourables et 39ha toujours en herbe pour le p\u00e2turage des bovins. Le nombre d\u2019exploitations agricoles a d\u2019ailleurs consid\u00e9rablement diminu\u00e9 entre 1988 : 42 et 2000 : 21. En 2007, on ne comptabilise plus qu\u2019une douzaine de fermes en activit\u00e9 dont 5 exploitations class\u00e9es. | Tissu urbain Le tissu urbain se divise en deux secteurs diff\u00e9rents par leur localisation, la densit\u00e9 urbaine et l\u2019habitat. Un centre historique dens\u00e9ment urbanis\u00e9 constitu\u00e9 des rues de l\u2019Eglise, du Bellot et une partie des rues du Moulin et de la rue du 8 Mai et du hameau de la Croix Mairesse. L\u2019habitat de front \u00e0 rue se compose de maisons accol\u00e9es en briques et tuiles ou ardoises sur des parcelles de petite taille avec des jardins situ\u00e9s \u00e0 l\u2019arri\u00e8re des habitations. C\u2019est dans ce secteur que se trouve la majeure partie des \u00e9quipements publics. Un secteur moins dens\u00e9ment urbanis\u00e9 r\u00e9parti soit lin\u00e9airement le long des axes routiers, soit sous forme de hameaux (Le Corbie, Le Foret, La Maladrerie, Le Touquet\u2026). Les maisons o\u00f9 briques et tuiles dominent, y sont souvent positionn\u00e9es au centre de parcelles plus ou moins grandes o\u00f9 le jardin prend de l\u2019importance et est visible de l\u2019espace public. C\u2019est dans ce dernier secteur qu\u2019on trouve les fermes ou corps de fermes dont l\u2019architecture est typique des Flandres : corps de ferme en U ou en carr\u00e9, maisons en briques ench\u00e2ss\u00e9es entre deux hauts pignons, longues fa\u00e7ades orient\u00e9es de mani\u00e8re \u00e0 \u00eatre ensoleill\u00e9es au maximum, toit bris\u00e9 ou \u00e0 la Mansart.\" \/>\n<meta property=\"og:url\" content=\"https:\/\/www.haverskerque.fr\/index.php\/presentation-du-village-3\/\" \/>\n<meta property=\"og:site_name\" content=\"Haverskerque, 100% Nature !*\" \/>\n<meta property=\"article:publisher\" content=\"https:\/\/www.facebook.com\/communehaverskerque\" \/>\n<meta property=\"article:modified_time\" content=\"2024-06-06T12:11:28+00:00\" \/>\n<meta property=\"og:image\" content=\"http:\/\/haverskerque.fr\/wp-content\/uploads\/2023\/03\/presneta1.jpg\" \/>\n<meta name=\"twitter:card\" content=\"summary_large_image\" \/>\n<meta name=\"twitter:label1\" content=\"Dur\u00e9e de lecture estim\u00e9e\" \/>\n\t<meta name=\"twitter:data1\" content=\"11 minutes\" \/>\n<script type=\"application\/ld+json\" class=\"yoast-schema-graph\">{\"@context\":\"https:\\\/\\\/schema.org\",\"@graph\":[{\"@type\":\"WebPage\",\"@id\":\"https:\\\/\\\/www.haverskerque.fr\\\/index.php\\\/presentation-du-village-3\\\/\",\"url\":\"https:\\\/\\\/www.haverskerque.fr\\\/index.php\\\/presentation-du-village-3\\\/\",\"name\":\"Pr\u00e9sentation de la commune * Haverskerque, 100% Nature !*\",\"isPartOf\":{\"@id\":\"https:\\\/\\\/haverskerque.fr\\\/#website\"},\"primaryImageOfPage\":{\"@id\":\"https:\\\/\\\/www.haverskerque.fr\\\/index.php\\\/presentation-du-village-3\\\/#primaryimage\"},\"image\":{\"@id\":\"https:\\\/\\\/www.haverskerque.fr\\\/index.php\\\/presentation-du-village-3\\\/#primaryimage\"},\"thumbnailUrl\":\"http:\\\/\\\/haverskerque.fr\\\/wp-content\\\/uploads\\\/2023\\\/03\\\/presneta1.jpg\",\"datePublished\":\"2023-06-26T13:01:24+00:00\",\"dateModified\":\"2024-06-06T12:11:28+00:00\",\"breadcrumb\":{\"@id\":\"https:\\\/\\\/www.haverskerque.fr\\\/index.php\\\/presentation-du-village-3\\\/#breadcrumb\"},\"inLanguage\":\"fr-FR\",\"potentialAction\":[{\"@type\":\"ReadAction\",\"target\":[\"https:\\\/\\\/www.haverskerque.fr\\\/index.php\\\/presentation-du-village-3\\\/\"]}]},{\"@type\":\"ImageObject\",\"inLanguage\":\"fr-FR\",\"@id\":\"https:\\\/\\\/www.haverskerque.fr\\\/index.php\\\/presentation-du-village-3\\\/#primaryimage\",\"url\":\"http:\\\/\\\/haverskerque.fr\\\/wp-content\\\/uploads\\\/2023\\\/03\\\/presneta1.jpg\",\"contentUrl\":\"http:\\\/\\\/haverskerque.fr\\\/wp-content\\\/uploads\\\/2023\\\/03\\\/presneta1.jpg\"},{\"@type\":\"BreadcrumbList\",\"@id\":\"https:\\\/\\\/www.haverskerque.fr\\\/index.php\\\/presentation-du-village-3\\\/#breadcrumb\",\"itemListElement\":[{\"@type\":\"ListItem\",\"position\":1,\"name\":\"Accueil\",\"item\":\"https:\\\/\\\/www.haverskerque.fr\\\/\"},{\"@type\":\"ListItem\",\"position\":2,\"name\":\"Pr\u00e9sentation de la commune\"}]},{\"@type\":\"WebSite\",\"@id\":\"https:\\\/\\\/haverskerque.fr\\\/#website\",\"url\":\"https:\\\/\\\/haverskerque.fr\\\/\",\"name\":\"Haverskerque\",\"description\":\"Haverskerque, 100% Nature !\",\"publisher\":{\"@id\":\"https:\\\/\\\/haverskerque.fr\\\/#organization\"},\"alternateName\":\"Haverskerque\",\"potentialAction\":[{\"@type\":\"SearchAction\",\"target\":{\"@type\":\"EntryPoint\",\"urlTemplate\":\"https:\\\/\\\/haverskerque.fr\\\/?s={search_term_string}\"},\"query-input\":{\"@type\":\"PropertyValueSpecification\",\"valueRequired\":true,\"valueName\":\"search_term_string\"}}],\"inLanguage\":\"fr-FR\"},{\"@type\":\"Organization\",\"@id\":\"https:\\\/\\\/haverskerque.fr\\\/#organization\",\"name\":\"Commune d'Haverskerque\",\"alternateName\":\"Commune d'Haverskerque\",\"url\":\"https:\\\/\\\/haverskerque.fr\\\/\",\"logo\":{\"@type\":\"ImageObject\",\"inLanguage\":\"fr-FR\",\"@id\":\"https:\\\/\\\/haverskerque.fr\\\/#\\\/schema\\\/logo\\\/image\\\/\",\"url\":\"https:\\\/\\\/haverskerque.fr\\\/wp-content\\\/uploads\\\/2024\\\/01\\\/siteon0-e5814-1.png\",\"contentUrl\":\"https:\\\/\\\/haverskerque.fr\\\/wp-content\\\/uploads\\\/2024\\\/01\\\/siteon0-e5814-1.png\",\"width\":236,\"height\":102,\"caption\":\"Commune d'Haverskerque\"},\"image\":{\"@id\":\"https:\\\/\\\/haverskerque.fr\\\/#\\\/schema\\\/logo\\\/image\\\/\"},\"sameAs\":[\"https:\\\/\\\/www.facebook.com\\\/communehaverskerque\",\"https:\\\/\\\/www.instagram.com\\\/communehaverskerque\\\/\"]}]}<\/script>\n<!-- \/ Yoast SEO plugin. -->","yoast_head_json":{"title":"Pr\u00e9sentation de la commune * Haverskerque, 100% Nature !*","robots":{"index":"index","follow":"follow","max-snippet":"max-snippet:-1","max-image-preview":"max-image-preview:large","max-video-preview":"max-video-preview:-1"},"canonical":"https:\/\/www.haverskerque.fr\/index.php\/presentation-du-village-3\/","og_locale":"fr_FR","og_type":"article","og_title":"Pr\u00e9sentation de la commune * Haverskerque, 100% Nature !*","og_description":"| Quelques chiffres | Topographie Le territoire communal est implant\u00e9 dans la Plaine de la Lys, une plaine uniforme. L\u2019altitude moyenne est de 17m et se situe entre les points les plus bas de 15,09m et 15,32m du Cornet Malo et du Pont Bonnet et les points qui culminent \u00e0 18,98m, 18,32m de la RD916, du Tannay, en bordure du bois d\u2019Amont et de la Croix Mairesse. | Implantation g\u00e9ologique La majeure partie du territoire repose sur le socle ypr\u00e9sien de l\u2019argile des Flandres presque enti\u00e8rement recouvert de limons. L\u2019argile des Flandres appel\u00e9e \u00ab clyte \u00bb est une argile compacte mais plastique de teinte gris bleu due \u00e0 la pr\u00e9sence de pyrite. Elle constitue par nature un substrat imperm\u00e9able. Sous le socle ypr\u00e9sien, \u00e0 l\u2019\u00e9tage land\u00e9nien, les forages font appara\u00eetre sur une assise d\u2019argile de Louvil gris noir\u00e2tre de 10 \u00e0 15m d\u2019\u00e9paisseur, des sables fins et glauconieux. A l\u2019\u00e9tage s\u00e9nonien, on trouve de la craie blanche et des silex. Le long de la Lys, s\u2019est d\u00e9pos\u00e9e une \u00e9paisse couche de 4 \u00e0 5m d\u2019alluvions constitu\u00e9s de sables, de limons argileux et tourbeux. | Hydrog\u00e9ologie La nappe phr\u00e9atique retenue dans l\u2019argile des Flandres est encore exploit\u00e9e dans le village par quelques puits domestiques. Le land\u00e9nien sup\u00e9rieur de sables aquif\u00e8res alimente encore de nombreux captages malgr\u00e9 son faible d\u00e9bit de 3 \u00e0 8m3 par heure. | Hydrographie Lors des travaux de canalisation de la Lys au si\u00e8cle dernier, le cheminement de la rivi\u00e8re a \u00e9t\u00e9 modifi\u00e9 ce qui explique que la Lys Canalis\u00e9e ne traverse le territoire communal que par intermittence. L\u2019ensemble du territoire communal est quadrill\u00e9 par un r\u00e9seau hydrographique dense marqu\u00e9 par l\u2019action anthropique : celui de ses foss\u00e9s ou becques. Au Nord, les foss\u00e9s de ceinture de la for\u00eat de Nieppe (Foss\u00e9s de Bourbecque, des Bois Blancs, de Bois Marquette) se jettent dans la Vieille Lys par l\u2019interm\u00e9diaire d\u2019un maillage de foss\u00e9s importants d\u2019axe Nord Sud : les Foss\u00e9s aux Li\u00e8vres, de Bourbecque, le Foss\u00e9 des 40, et le Berquigneul du Pont Bonnet. D\u2019Ouest en Est, d\u2019autres foss\u00e9s drainent \u00e9galement les terres haverskerquoises : les foss\u00e9s du Donjon, des Grand et Moyen Treille et le Courant du Corbie. De nombreux foss\u00e9s de route, foss\u00e9s agricoles et mares compl\u00e8tent le r\u00e9seau drainant. | Milieu naturel Haverskerque a le privil\u00e8ge de b\u00e9n\u00e9ficier d\u2019un environnement naturel de qualit\u00e9 avec l\u2019existence de deux Zones Naturelles d\u2019Int\u00e9r\u00eat Ecologique, Faunistique et Floristique (ZNIEF) de type I et II : La for\u00eat domaniale de Nieppe, derni\u00e8re grande for\u00eat humide des Flandres riche de nombreuses essences hygrophiles en v\u00e9g\u00e9tation foresti\u00e8re ou pr\u00e9 foresti\u00e8re. Le lit majeur de la Lys. Avec ses bordures de prairies humides et de roseli\u00e8res, il constitue un biotope id\u00e9al pour le r\u00e8gne tant v\u00e9g\u00e9tal qu\u2019animal. Dans ces milieux naturels humides, la flore qui se caract\u00e9rise par de nombreux gradients d\u2019hygrophilie, poss\u00e8de des potentialit\u00e9s biologiques importantes dans le contexte r\u00e9gional et se singularise par un certain nombre d\u2019esp\u00e8ces rares. Aux c\u00f4t\u00e9s des aulnes glutineux, des fr\u00eanes, des saules\u2026 on trouve diff\u00e9rents ormeaux dont l\u2019 orme lisse ou diffus, (ulmus laevis) une vari\u00e9t\u00e9 peu r\u00e9pandue et reconnaissable aux feuilles duveteuses sur chaque face et aux samares longuement p\u00e9doncul\u00e9es. Au dernier recensement fait sur notre territoire par le Conservatoire de Bailleul en 2001, on y a d\u00e9couvert quelques esp\u00e8ces de plantes peu courantes dont certaines sont m\u00eame prot\u00e9g\u00e9es : dans les prairies humides de la passerelle, les fines inflorescences pourpre \u00e0 rose clair de l\u2019orchis pyramidal une orchid\u00e9e d\u2019herbages et de for\u00eat peu commune. En for\u00eat une surprenante orchid\u00e9e brune des bois ombrag\u00e9s la n\u00e9ottie nid d\u2019oiseau sans chlorophylle, le myosotis discolor, la germandr\u00e9e des marais, la cystopt\u00e9ride fragile une foug\u00e8re remarquable, le ceterach officinal et au lieu dit du Touquet le plantain d\u2019eau lanc\u00e9ol\u00e9 et l\u2019\u0153nanthe aquatique, plantes toutes deux prot\u00e9g\u00e9es. Cette ann\u00e9e, St\u00e9phane Decriem , notre botaniste en herbe, a rencontr\u00e9 aussi en se baladant au pont Bonnet, la renoncule pelt\u00e9e qui inf\u00e9ode les mares prairiales et les ruisseaux, le cresson des marais, des \u0153nanthes safran\u00e9es et rue de la Goguerie, la callitriche \u00e0 angles obtus, la val\u00e9riane officinale, l\u2019\u0153nanthe aquatique et des renou\u00e9es poivre d\u2019eau. Le long du canal, la populage des marais, la d\u00e9licate lychnis ou fleur de coucou, la morelle douce am\u00e8re et la stellaire des marais. Au niveau de la passerelle, \u00e0 son grand regret, il n\u2019a plus retrouv\u00e9 l\u2019\u00e9pipactis helleborine photographi\u00e9e il y a deux ans\u2026 En for\u00eat, l\u2019arum tachet\u00e9 connu aussi sous le nom de pied de veau, la primev\u00e8re \u00e9lev\u00e9e commun\u00e9ment appel\u00e9e coucou des bois et la stellaire des bois\u2026 Amen\u00e9e par le vent et les oiseaux, une multitude de plantes sauvages prend racine dans les jardins : des alliaires, mauves sylvestres, myosotis, salsifis des pr\u00e9s, morelles noires, \u00e9pilobes, bryonne, etc. Au cimeti\u00e8re, M. Decriem a rep\u00e9r\u00e9 des euphorbes, la fumeterre et le saxifrage \u00e0 trois doigts\u2026 | Le saviez-vous ? \u00ab Les iris jaunes ou iris faux-acore poussaient en abondance sur les rives de la Lys et le Seigneur d\u2019Armenti\u00e8res en fit le motif de son blason. Lors de l\u2019annexion de son fief par le roi de France, celui-ci d\u00e9cida \u00e0 son tour de l\u2019ajouter \u00e0 son propre blason. Ainsi naquit la \u201cfleur de Lys\u201d\u2026 qui n\u2019est pas un lys ! \u00bb (Source : La Venise Verte, par Jacques Sigot et J-Pierre Raul) Dans nos milieux naturels de la for\u00eat de Nieppe, du lit majeur de la Lys et de ses berges, la faune pr\u00e9sente elle aussi un int\u00e9r\u00eat tr\u00e8s \u00e9lev\u00e9 de part les peuplements avifaunistiques uniques en France \u00e0 rattacher \u00e0 ceux d\u2019Europe du Nord. | Occupation du sol Ruralit\u00e9 du territoire : Haverskerque est une commune rurale de part l\u2019importance de son espace agricole qui couvre la majeure partie de son territoire. Cet espace agricole se compose de deux types de zones : des champs et des p\u00e2tures. Les champs ou zones de type openfield parfaitement planes et ouvertes sont d\u00e9di\u00e9es aux grandes cultures : ils occupent les 2\/3 du territoire et ont fait l\u2019objet d\u2019un remembrement en 1990. Les p\u00e2tures en bordure ou \u00e0 proximit\u00e9 de la Lys sont encore souvent entour\u00e9es de haies bocag\u00e8res. Les alignements de saules t\u00eatards signalent la pr\u00e9sence du cours d\u2019eau. Au Recensement G\u00e9n\u00e9ral Agricole de 2000, il appara\u00eet que la Superficie Agricole r\u00e9ellement Utilis\u00e9e par les exploitations agricoles n\u2019est plus que de 520 hectares dont 479ha de terres labourables et 39ha toujours en herbe pour le p\u00e2turage des bovins. Le nombre d\u2019exploitations agricoles a d\u2019ailleurs consid\u00e9rablement diminu\u00e9 entre 1988 : 42 et 2000 : 21. En 2007, on ne comptabilise plus qu\u2019une douzaine de fermes en activit\u00e9 dont 5 exploitations class\u00e9es. | Tissu urbain Le tissu urbain se divise en deux secteurs diff\u00e9rents par leur localisation, la densit\u00e9 urbaine et l\u2019habitat. Un centre historique dens\u00e9ment urbanis\u00e9 constitu\u00e9 des rues de l\u2019Eglise, du Bellot et une partie des rues du Moulin et de la rue du 8 Mai et du hameau de la Croix Mairesse. L\u2019habitat de front \u00e0 rue se compose de maisons accol\u00e9es en briques et tuiles ou ardoises sur des parcelles de petite taille avec des jardins situ\u00e9s \u00e0 l\u2019arri\u00e8re des habitations. C\u2019est dans ce secteur que se trouve la majeure partie des \u00e9quipements publics. Un secteur moins dens\u00e9ment urbanis\u00e9 r\u00e9parti soit lin\u00e9airement le long des axes routiers, soit sous forme de hameaux (Le Corbie, Le Foret, La Maladrerie, Le Touquet\u2026). Les maisons o\u00f9 briques et tuiles dominent, y sont souvent positionn\u00e9es au centre de parcelles plus ou moins grandes o\u00f9 le jardin prend de l\u2019importance et est visible de l\u2019espace public. C\u2019est dans ce dernier secteur qu\u2019on trouve les fermes ou corps de fermes dont l\u2019architecture est typique des Flandres : corps de ferme en U ou en carr\u00e9, maisons en briques ench\u00e2ss\u00e9es entre deux hauts pignons, longues fa\u00e7ades orient\u00e9es de mani\u00e8re \u00e0 \u00eatre ensoleill\u00e9es au maximum, toit bris\u00e9 ou \u00e0 la Mansart.","og_url":"https:\/\/www.haverskerque.fr\/index.php\/presentation-du-village-3\/","og_site_name":"Haverskerque, 100% Nature !*","article_publisher":"https:\/\/www.facebook.com\/communehaverskerque","article_modified_time":"2024-06-06T12:11:28+00:00","og_image":[{"url":"http:\/\/haverskerque.fr\/wp-content\/uploads\/2023\/03\/presneta1.jpg","type":"","width":"","height":""}],"twitter_card":"summary_large_image","twitter_misc":{"Dur\u00e9e de lecture estim\u00e9e":"11 minutes"},"schema":{"@context":"https:\/\/schema.org","@graph":[{"@type":"WebPage","@id":"https:\/\/www.haverskerque.fr\/index.php\/presentation-du-village-3\/","url":"https:\/\/www.haverskerque.fr\/index.php\/presentation-du-village-3\/","name":"Pr\u00e9sentation de la commune * Haverskerque, 100% Nature !*","isPartOf":{"@id":"https:\/\/haverskerque.fr\/#website"},"primaryImageOfPage":{"@id":"https:\/\/www.haverskerque.fr\/index.php\/presentation-du-village-3\/#primaryimage"},"image":{"@id":"https:\/\/www.haverskerque.fr\/index.php\/presentation-du-village-3\/#primaryimage"},"thumbnailUrl":"http:\/\/haverskerque.fr\/wp-content\/uploads\/2023\/03\/presneta1.jpg","datePublished":"2023-06-26T13:01:24+00:00","dateModified":"2024-06-06T12:11:28+00:00","breadcrumb":{"@id":"https:\/\/www.haverskerque.fr\/index.php\/presentation-du-village-3\/#breadcrumb"},"inLanguage":"fr-FR","potentialAction":[{"@type":"ReadAction","target":["https:\/\/www.haverskerque.fr\/index.php\/presentation-du-village-3\/"]}]},{"@type":"ImageObject","inLanguage":"fr-FR","@id":"https:\/\/www.haverskerque.fr\/index.php\/presentation-du-village-3\/#primaryimage","url":"http:\/\/haverskerque.fr\/wp-content\/uploads\/2023\/03\/presneta1.jpg","contentUrl":"http:\/\/haverskerque.fr\/wp-content\/uploads\/2023\/03\/presneta1.jpg"},{"@type":"BreadcrumbList","@id":"https:\/\/www.haverskerque.fr\/index.php\/presentation-du-village-3\/#breadcrumb","itemListElement":[{"@type":"ListItem","position":1,"name":"Accueil","item":"https:\/\/www.haverskerque.fr\/"},{"@type":"ListItem","position":2,"name":"Pr\u00e9sentation de la commune"}]},{"@type":"WebSite","@id":"https:\/\/haverskerque.fr\/#website","url":"https:\/\/haverskerque.fr\/","name":"Haverskerque","description":"Haverskerque, 100% Nature !","publisher":{"@id":"https:\/\/haverskerque.fr\/#organization"},"alternateName":"Haverskerque","potentialAction":[{"@type":"SearchAction","target":{"@type":"EntryPoint","urlTemplate":"https:\/\/haverskerque.fr\/?s={search_term_string}"},"query-input":{"@type":"PropertyValueSpecification","valueRequired":true,"valueName":"search_term_string"}}],"inLanguage":"fr-FR"},{"@type":"Organization","@id":"https:\/\/haverskerque.fr\/#organization","name":"Commune d'Haverskerque","alternateName":"Commune d'Haverskerque","url":"https:\/\/haverskerque.fr\/","logo":{"@type":"ImageObject","inLanguage":"fr-FR","@id":"https:\/\/haverskerque.fr\/#\/schema\/logo\/image\/","url":"https:\/\/haverskerque.fr\/wp-content\/uploads\/2024\/01\/siteon0-e5814-1.png","contentUrl":"https:\/\/haverskerque.fr\/wp-content\/uploads\/2024\/01\/siteon0-e5814-1.png","width":236,"height":102,"caption":"Commune d'Haverskerque"},"image":{"@id":"https:\/\/haverskerque.fr\/#\/schema\/logo\/image\/"},"sameAs":["https:\/\/www.facebook.com\/communehaverskerque","https:\/\/www.instagram.com\/communehaverskerque\/"]}]}},"_links":{"self":[{"href":"https:\/\/www.haverskerque.fr\/index.php\/wp-json\/wp\/v2\/pages\/3417","targetHints":{"allow":["GET"]}}],"collection":[{"href":"https:\/\/www.haverskerque.fr\/index.php\/wp-json\/wp\/v2\/pages"}],"about":[{"href":"https:\/\/www.haverskerque.fr\/index.php\/wp-json\/wp\/v2\/types\/page"}],"author":[{"embeddable":true,"href":"https:\/\/www.haverskerque.fr\/index.php\/wp-json\/wp\/v2\/users\/1"}],"replies":[{"embeddable":true,"href":"https:\/\/www.haverskerque.fr\/index.php\/wp-json\/wp\/v2\/comments?post=3417"}],"version-history":[{"count":28,"href":"https:\/\/www.haverskerque.fr\/index.php\/wp-json\/wp\/v2\/pages\/3417\/revisions"}],"predecessor-version":[{"id":8061,"href":"https:\/\/www.haverskerque.fr\/index.php\/wp-json\/wp\/v2\/pages\/3417\/revisions\/8061"}],"wp:attachment":[{"href":"https:\/\/www.haverskerque.fr\/index.php\/wp-json\/wp\/v2\/media?parent=3417"}],"curies":[{"name":"wp","href":"https:\/\/api.w.org\/{rel}","templated":true}]}}