{"id":3400,"date":"2023-06-26T14:29:49","date_gmt":"2023-06-26T12:29:49","guid":{"rendered":"http:\/\/barbry.esy.es\/?page_id=3400"},"modified":"2026-02-12T15:14:34","modified_gmt":"2026-02-12T14:14:34","slug":"aides-au-logement","status":"publish","type":"page","link":"https:\/\/www.haverskerque.fr\/index.php\/aides-au-logement\/","title":{"rendered":"Aides au logement"},"content":{"rendered":"\n<h3 class=\"wp-block-heading\"><mark style=\"background-color:rgba(0, 0, 0, 0);color:#00a018\" class=\"has-inline-color\">|<\/mark> <strong>Guichet Unique de l&rsquo;Habitat<\/strong><\/h3>\n\n\n\n<figure class=\"wp-block-image size-full is-resized\"><img loading=\"lazy\" decoding=\"async\" width=\"593\" height=\"45\" src=\"https:\/\/haverskerque.fr\/wp-content\/uploads\/2023\/02\/bandeblanche.jpg\" alt=\"\" class=\"wp-image-381\" style=\"width:593px;height:auto\" srcset=\"https:\/\/www.haverskerque.fr\/wp-content\/uploads\/2023\/02\/bandeblanche.jpg 593w, https:\/\/www.haverskerque.fr\/wp-content\/uploads\/2023\/02\/bandeblanche-300x23.jpg 300w\" sizes=\"auto, (max-width: 593px) 100vw, 593px\" \/><\/figure>\n\n\n\n<p>Le Guichet Unique de l&rsquo;Habitat (GUH) est un service gratuit propos\u00e9 par le Syndicat Mixte Flandre et Lys, sur le territoire de la Communaut\u00e9 de communes Flandre Int\u00e9rieure et la Communaut\u00e9 de communes Flandre et Lys.<\/p>\n\n\n\n<figure class=\"wp-block-image size-full is-resized\"><img loading=\"lazy\" decoding=\"async\" width=\"593\" height=\"45\" src=\"https:\/\/haverskerque.fr\/wp-content\/uploads\/2023\/02\/bandeblanche.jpg\" alt=\"\" class=\"wp-image-381\" style=\"width:593px;height:auto\" srcset=\"https:\/\/www.haverskerque.fr\/wp-content\/uploads\/2023\/02\/bandeblanche.jpg 593w, https:\/\/www.haverskerque.fr\/wp-content\/uploads\/2023\/02\/bandeblanche-300x23.jpg 300w\" sizes=\"auto, (max-width: 593px) 100vw, 593px\" \/><\/figure>\n\n\n\n<p><mark style=\"background-color:rgba(0, 0, 0, 0);color:#00a018\" class=\"has-inline-color\">|<\/mark> <em>Pourquoi ?<\/em><\/p>\n\n\n\n<figure class=\"wp-block-image size-full is-resized\"><img loading=\"lazy\" decoding=\"async\" width=\"593\" height=\"45\" src=\"https:\/\/haverskerque.fr\/wp-content\/uploads\/2023\/02\/bandeblanche.jpg\" alt=\"\" class=\"wp-image-381\" style=\"width:593px;height:auto\" srcset=\"https:\/\/www.haverskerque.fr\/wp-content\/uploads\/2023\/02\/bandeblanche.jpg 593w, https:\/\/www.haverskerque.fr\/wp-content\/uploads\/2023\/02\/bandeblanche-300x23.jpg 300w\" sizes=\"auto, (max-width: 593px) 100vw, 593px\" \/><\/figure>\n\n\n\n<p>Ce service vous conseille et vous oriente vers les partenaires appropri\u00e9s. Il vous informe des diff\u00e9rents financements possibles pour les projets de r\u00e9novation \u00e9nerg\u00e9tique de votre habitation.<\/p>\n\n\n\n<figure class=\"wp-block-image size-full is-resized\"><img loading=\"lazy\" decoding=\"async\" width=\"593\" height=\"45\" src=\"https:\/\/haverskerque.fr\/wp-content\/uploads\/2023\/02\/bandeblanche.jpg\" alt=\"\" class=\"wp-image-381\" style=\"width:593px;height:auto\" srcset=\"https:\/\/www.haverskerque.fr\/wp-content\/uploads\/2023\/02\/bandeblanche.jpg 593w, https:\/\/www.haverskerque.fr\/wp-content\/uploads\/2023\/02\/bandeblanche-300x23.jpg 300w\" sizes=\"auto, (max-width: 593px) 100vw, 593px\" \/><\/figure>\n\n\n\n<p><mark style=\"background-color:rgba(0, 0, 0, 0);color:#00a018\" class=\"has-inline-color\">|<\/mark> <em>Pour qui ?<\/em><\/p>\n\n\n\n<figure class=\"wp-block-image size-full is-resized\"><img loading=\"lazy\" decoding=\"async\" width=\"593\" height=\"45\" src=\"https:\/\/haverskerque.fr\/wp-content\/uploads\/2023\/02\/bandeblanche.jpg\" alt=\"\" class=\"wp-image-381\" style=\"width:593px;height:auto\" srcset=\"https:\/\/www.haverskerque.fr\/wp-content\/uploads\/2023\/02\/bandeblanche.jpg 593w, https:\/\/www.haverskerque.fr\/wp-content\/uploads\/2023\/02\/bandeblanche-300x23.jpg 300w\" sizes=\"auto, (max-width: 593px) 100vw, 593px\" \/><\/figure>\n\n\n\n<p>Le Guichet Unique de l&rsquo;Habitat s&rsquo;adresse :<\/p>\n\n\n\n<figure class=\"wp-block-image size-full is-resized\"><img loading=\"lazy\" decoding=\"async\" width=\"593\" height=\"45\" src=\"https:\/\/haverskerque.fr\/wp-content\/uploads\/2023\/02\/bandeblanche.jpg\" alt=\"\" class=\"wp-image-381\" style=\"width:593px;height:auto\" srcset=\"https:\/\/www.haverskerque.fr\/wp-content\/uploads\/2023\/02\/bandeblanche.jpg 593w, https:\/\/www.haverskerque.fr\/wp-content\/uploads\/2023\/02\/bandeblanche-300x23.jpg 300w\" sizes=\"auto, (max-width: 593px) 100vw, 593px\" \/><\/figure>\n\n\n\n<ul class=\"wp-block-list\">\n<li>Aux propri\u00e9taires occupants <\/li>\n<\/ul>\n\n\n\n<ul class=\"wp-block-list\">\n<li>Aux propri\u00e9taires bailleurs qui souhaitent r\u00e9nover un logement et s&rsquo;engagent \u00e0 le mettre en location<\/li>\n<\/ul>\n\n\n\n<ul class=\"wp-block-list\">\n<li>Aux locataires<\/li>\n<\/ul>\n\n\n\n<ul class=\"wp-block-list\">\n<li>Aux nouveaux arrivants sur le territoire<\/li>\n<\/ul>\n\n\n\n<figure class=\"wp-block-image size-full is-resized\"><img loading=\"lazy\" decoding=\"async\" width=\"593\" height=\"45\" src=\"https:\/\/haverskerque.fr\/wp-content\/uploads\/2023\/02\/bandeblanche.jpg\" alt=\"\" class=\"wp-image-381\" style=\"width:593px;height:auto\" srcset=\"https:\/\/www.haverskerque.fr\/wp-content\/uploads\/2023\/02\/bandeblanche.jpg 593w, https:\/\/www.haverskerque.fr\/wp-content\/uploads\/2023\/02\/bandeblanche-300x23.jpg 300w\" sizes=\"auto, (max-width: 593px) 100vw, 593px\" \/><\/figure>\n\n\n\n<p><strong><span style=\"text-decoration: underline;\">Bon \u00e0 savoir !<\/span><\/strong><\/p>\n\n\n\n<ul class=\"wp-block-list\">\n<li>Vos demandes d&rsquo;aides financi\u00e8res doivent \u00eatre formul\u00e9es avant le d\u00e9marrage de vos travaux<\/li>\n<\/ul>\n\n\n\n<ul class=\"wp-block-list\">\n<li>Les travaux doivent \u00eatre r\u00e9alis\u00e9s par des professionnels RGE<\/li>\n<\/ul>\n\n\n\n<ul class=\"wp-block-list\">\n<li>Les aides sont soumises \u00e0 des crit\u00e8res d&rsquo;\u00e9ligibilit\u00e9s <\/li>\n<\/ul>\n\n\n\n<figure class=\"wp-block-image size-full is-resized\"><img loading=\"lazy\" decoding=\"async\" width=\"593\" height=\"45\" src=\"https:\/\/haverskerque.fr\/wp-content\/uploads\/2023\/02\/bandeblanche.jpg\" alt=\"\" class=\"wp-image-381\" style=\"width:593px;height:auto\" srcset=\"https:\/\/www.haverskerque.fr\/wp-content\/uploads\/2023\/02\/bandeblanche.jpg 593w, https:\/\/www.haverskerque.fr\/wp-content\/uploads\/2023\/02\/bandeblanche-300x23.jpg 300w\" sizes=\"auto, (max-width: 593px) 100vw, 593px\" \/><\/figure>\n\n\n\n<p><mark style=\"background-color:rgba(0, 0, 0, 0);color:#00a018\" class=\"has-inline-color\">|<\/mark> <em>Vous souhaitez r\u00e9nover ou am\u00e9liorer votre logement ?<\/em><\/p>\n\n\n\n<figure class=\"wp-block-image size-full is-resized\"><img loading=\"lazy\" decoding=\"async\" width=\"593\" height=\"45\" src=\"https:\/\/haverskerque.fr\/wp-content\/uploads\/2023\/02\/bandeblanche.jpg\" alt=\"\" class=\"wp-image-381\" style=\"width:593px;height:auto\" srcset=\"https:\/\/www.haverskerque.fr\/wp-content\/uploads\/2023\/02\/bandeblanche.jpg 593w, https:\/\/www.haverskerque.fr\/wp-content\/uploads\/2023\/02\/bandeblanche-300x23.jpg 300w\" sizes=\"auto, (max-width: 593px) 100vw, 593px\" \/><\/figure>\n\n\n\n<p>Le Guichet Unique de l&rsquo;Habitat informera les propri\u00e9taires occupants et bailleurs sur les travaux permettant une am\u00e9lioration de la performance \u00e9nerg\u00e9tique de votre logement, vous conseillera sur les mat\u00e9riaux, \u00e9quipements et aides possibles pour financer vos travaux. La conseill\u00e8re France R\u00e9nov vous renseignera lors d&rsquo;un rendez-vous personnalis\u00e9.<\/p>\n\n\n\n<p>Concernant la r\u00e9novation \u00e9nerg\u00e9tique de votre logement, \u00e9vitez les arnaques et adopter le bon r\u00e9flexe !<\/p>\n\n\n\n<p>Le syndicat mixte Flandre et Lys et l&rsquo;Espace Conseil France R\u00e9nov vous accompagnent dans la r\u00e9alisation de votre projet de travaux d&rsquo;am\u00e9lioration de l&rsquo;habitat (am\u00e9lioration \u00e9nerg\u00e9tique, traitement de logements d\u00e9grad\u00e9s) en \u00e9tudiant votre projet et mobilisant des subventions publiques provenant de l&rsquo;Agence Nationale pour l&rsquo;Am\u00e9lioration de l&rsquo;Habitat (ANAH), et autres aides financi\u00e8res&#8230;<\/p>\n\n\n\n<p>Avant de dire \u00ab\u00a0OUI AUX DEVIS\u00a0\u00bb, demandez un avis :<\/p>\n\n\n\n<figure class=\"wp-block-image size-full is-resized\"><img loading=\"lazy\" decoding=\"async\" width=\"593\" height=\"45\" src=\"https:\/\/haverskerque.fr\/wp-content\/uploads\/2023\/02\/bandeblanche.jpg\" alt=\"\" class=\"wp-image-381\" style=\"width:593px;height:auto\" srcset=\"https:\/\/www.haverskerque.fr\/wp-content\/uploads\/2023\/02\/bandeblanche.jpg 593w, https:\/\/www.haverskerque.fr\/wp-content\/uploads\/2023\/02\/bandeblanche-300x23.jpg 300w\" sizes=\"auto, (max-width: 593px) 100vw, 593px\" \/><\/figure>\n\n\n\n<ul class=\"wp-block-list\">\n<li><strong>Contactez le Guichet Unique de l&rsquo;Habitat<\/strong> (03 62 42 00 31) afin de v\u00e9rifier la faisabilit\u00e9 de votre projet de r\u00e9novation et prendre un rendez vous personnalis\u00e9 avec le conseiller France R\u00e9nov du territoire pour v\u00e9rifier les subventions auxquelles vous aurez droit<\/li>\n<\/ul>\n\n\n\n<ul class=\"wp-block-list\">\n<li><strong>Ne donnez pas<\/strong> suite aux entreprises qui disent \u00eatre mandat\u00e9es par des organismes publics. Les services publics ne d\u00e9marchent jamais ! Prot\u00e9gez vos informations personnelles (n\u00b0 fiscal, carte d&rsquo;identit\u00e9, RIB) elles peuvent \u00eatre utilis\u00e9es pour usurper votre identit\u00e9.<\/li>\n<\/ul>\n\n\n\n<ul class=\"wp-block-list\">\n<li><strong>Recherchez vos entreprises<\/strong> (labellis\u00e9es RGE) sur le site <strong><a href=\"https:\/\/france-renov.gouv.fr\/\" target=\"_blank\" rel=\"noreferrer noopener\">https:\/\/france-renov.gouv.fr\/<\/a><\/strong> et sollicitez les entreprises du territoire pour vos devis. Vous pourrez v\u00e9rifier la qualification des entreprises et leurs comp\u00e9tences sur ce site.<\/li>\n<\/ul>\n\n\n\n<ul class=\"wp-block-list\">\n<li><strong>Ne versez aucune somme d&rsquo;argent<\/strong> et ne signez pas les devis dans la pr\u00e9cipitation, ni plan de financement. Toutes les demandes de subventions doivent se faire avant les travaux.<\/li>\n<\/ul>\n\n\n\n<figure class=\"wp-block-image size-full is-resized\"><img loading=\"lazy\" decoding=\"async\" width=\"593\" height=\"45\" src=\"https:\/\/haverskerque.fr\/wp-content\/uploads\/2023\/02\/bandeblanche.jpg\" alt=\"\" class=\"wp-image-381\" style=\"width:593px;height:auto\" srcset=\"https:\/\/www.haverskerque.fr\/wp-content\/uploads\/2023\/02\/bandeblanche.jpg 593w, https:\/\/www.haverskerque.fr\/wp-content\/uploads\/2023\/02\/bandeblanche-300x23.jpg 300w\" sizes=\"auto, (max-width: 593px) 100vw, 593px\" \/><\/figure>\n\n\n\n<p>Si vous avez un doute, contactez le <strong>Guichet Unique de l&rsquo;Habitat<\/strong> par t\u00e9l\u00e9phone au <strong>03 62 42 00 31<\/strong> (du lundi au vendredi de 9h \u00e0 12h30) ou <strong><a href=\"mailto:guh@sm-flandreetlys.fr\" target=\"_blank\" rel=\"noreferrer noopener\">guh@sm-flandreetlys.fr<\/a><\/strong><\/p>\n\n\n\n<p>Service public neutre et gratuit avec un accueil sur rendez-vous.<\/p>\n\n\n\n<figure class=\"wp-block-image size-full is-resized\"><img loading=\"lazy\" decoding=\"async\" width=\"593\" height=\"45\" src=\"https:\/\/haverskerque.fr\/wp-content\/uploads\/2023\/02\/bandeblanche.jpg\" alt=\"\" class=\"wp-image-381\" style=\"width:593px;height:auto\" srcset=\"https:\/\/www.haverskerque.fr\/wp-content\/uploads\/2023\/02\/bandeblanche.jpg 593w, https:\/\/www.haverskerque.fr\/wp-content\/uploads\/2023\/02\/bandeblanche-300x23.jpg 300w\" sizes=\"auto, (max-width: 593px) 100vw, 593px\" \/><\/figure>\n\n\n\n<p><mark style=\"background-color:rgba(0, 0, 0, 0);color:#00a018\" class=\"has-inline-color\">|<\/mark> <em>Vous souhaitez adapter votre logement pour bien vieillir ?<\/em><\/p>\n\n\n\n<figure class=\"wp-block-image size-full is-resized\"><img loading=\"lazy\" decoding=\"async\" width=\"593\" height=\"45\" src=\"https:\/\/haverskerque.fr\/wp-content\/uploads\/2023\/02\/bandeblanche.jpg\" alt=\"\" class=\"wp-image-381\" style=\"width:593px;height:auto\" srcset=\"https:\/\/www.haverskerque.fr\/wp-content\/uploads\/2023\/02\/bandeblanche.jpg 593w, https:\/\/www.haverskerque.fr\/wp-content\/uploads\/2023\/02\/bandeblanche-300x23.jpg 300w\" sizes=\"auto, (max-width: 593px) 100vw, 593px\" \/><\/figure>\n\n\n\n<p>Le Guichet Unique de l&rsquo;Habitat vous aidera \u00e0 trouver le bon interlocuteur pour : <\/p>\n\n\n\n<figure class=\"wp-block-image size-full is-resized\"><img loading=\"lazy\" decoding=\"async\" width=\"593\" height=\"45\" src=\"https:\/\/haverskerque.fr\/wp-content\/uploads\/2023\/02\/bandeblanche.jpg\" alt=\"\" class=\"wp-image-381\" style=\"width:593px;height:auto\" srcset=\"https:\/\/www.haverskerque.fr\/wp-content\/uploads\/2023\/02\/bandeblanche.jpg 593w, https:\/\/www.haverskerque.fr\/wp-content\/uploads\/2023\/02\/bandeblanche-300x23.jpg 300w\" sizes=\"auto, (max-width: 593px) 100vw, 593px\" \/><\/figure>\n\n\n\n<ul class=\"wp-block-list\">\n<li>Un diagnostic ergonomique fait par un technicien<\/li>\n<\/ul>\n\n\n\n<ul class=\"wp-block-list\">\n<li>Un plan de financement des subventions mobilisables   <\/li>\n<\/ul>\n\n\n\n<ul class=\"wp-block-list\">\n<li>Un accompagnement technique et administratif \u00e0 chaque \u00e9tape de votre projet jusqu&rsquo;\u00e0 la fin des travaux   <\/li>\n<\/ul>\n\n\n\n<figure class=\"wp-block-image size-full is-resized\"><img loading=\"lazy\" decoding=\"async\" width=\"593\" height=\"45\" src=\"https:\/\/haverskerque.fr\/wp-content\/uploads\/2023\/02\/bandeblanche.jpg\" alt=\"\" class=\"wp-image-381\" style=\"width:593px;height:auto\" srcset=\"https:\/\/www.haverskerque.fr\/wp-content\/uploads\/2023\/02\/bandeblanche.jpg 593w, https:\/\/www.haverskerque.fr\/wp-content\/uploads\/2023\/02\/bandeblanche-300x23.jpg 300w\" sizes=\"auto, (max-width: 593px) 100vw, 593px\" \/><\/figure>\n\n\n\n<p><mark style=\"background-color:rgba(0, 0, 0, 0);color:#00a018\" class=\"has-inline-color\">|<\/mark> <em>Vous souhaitez acc\u00e9der \u00e0 la propri\u00e9t\u00e9 (aides primo-acc\u00e9dants) ?<\/em><\/p>\n\n\n\n<figure class=\"wp-block-image size-full is-resized\"><img loading=\"lazy\" decoding=\"async\" width=\"593\" height=\"45\" src=\"https:\/\/haverskerque.fr\/wp-content\/uploads\/2023\/02\/bandeblanche.jpg\" alt=\"\" class=\"wp-image-381\" style=\"width:593px;height:auto\" srcset=\"https:\/\/www.haverskerque.fr\/wp-content\/uploads\/2023\/02\/bandeblanche.jpg 593w, https:\/\/www.haverskerque.fr\/wp-content\/uploads\/2023\/02\/bandeblanche-300x23.jpg 300w\" sizes=\"auto, (max-width: 593px) 100vw, 593px\" \/><\/figure>\n\n\n\n<p>Le Guichet Unique de l&rsquo;Habitat vous dirigera vers les services concern\u00e9s. Une aide primo-acc\u00e9dant peut vous \u00eatre accord\u00e9e, sur d\u00e9p\u00f4t de dossier et sous conditions, en fonction de votre lieu d&rsquo;habitation.<\/p>\n\n\n\n<figure class=\"wp-block-image size-full is-resized\"><img loading=\"lazy\" decoding=\"async\" width=\"593\" height=\"45\" src=\"https:\/\/haverskerque.fr\/wp-content\/uploads\/2023\/02\/bandeblanche.jpg\" alt=\"\" class=\"wp-image-381\" style=\"width:593px;height:auto\" srcset=\"https:\/\/www.haverskerque.fr\/wp-content\/uploads\/2023\/02\/bandeblanche.jpg 593w, https:\/\/www.haverskerque.fr\/wp-content\/uploads\/2023\/02\/bandeblanche-300x23.jpg 300w\" sizes=\"auto, (max-width: 593px) 100vw, 593px\" \/><\/figure>\n\n\n\n<p><mark style=\"background-color:rgba(0, 0, 0, 0);color:#00a018\" class=\"has-inline-color\">|<\/mark> <em>Vous souhaitez faire les d\u00e9marches administratives pour travaux ?<\/em><\/p>\n\n\n\n<figure class=\"wp-block-image size-full is-resized\"><img loading=\"lazy\" decoding=\"async\" width=\"593\" height=\"45\" src=\"https:\/\/haverskerque.fr\/wp-content\/uploads\/2023\/02\/bandeblanche.jpg\" alt=\"\" class=\"wp-image-381\" style=\"width:593px;height:auto\" srcset=\"https:\/\/www.haverskerque.fr\/wp-content\/uploads\/2023\/02\/bandeblanche.jpg 593w, https:\/\/www.haverskerque.fr\/wp-content\/uploads\/2023\/02\/bandeblanche-300x23.jpg 300w\" sizes=\"auto, (max-width: 593px) 100vw, 593px\" \/><\/figure>\n\n\n\n<p>Pour tout savoir sur les d\u00e9marches administratives et les d\u00e9clarations pr\u00e9alables aux travaux, le Guichet Unique de l&rsquo;Habitat vous renseignera sur les permanences de l&rsquo;Architecte des B\u00e2timents de France et vous dirigera vers les services d&rsquo;urbanisme concern\u00e9s.  <\/p>\n\n\n\n<figure class=\"wp-block-image size-full is-resized\"><img loading=\"lazy\" decoding=\"async\" width=\"593\" height=\"45\" src=\"https:\/\/haverskerque.fr\/wp-content\/uploads\/2023\/02\/bandeblanche.jpg\" alt=\"\" class=\"wp-image-381\" style=\"width:593px;height:auto\" srcset=\"https:\/\/www.haverskerque.fr\/wp-content\/uploads\/2023\/02\/bandeblanche.jpg 593w, https:\/\/www.haverskerque.fr\/wp-content\/uploads\/2023\/02\/bandeblanche-300x23.jpg 300w\" sizes=\"auto, (max-width: 593px) 100vw, 593px\" \/><\/figure>\n\n\n\n<p><mark style=\"background-color:rgba(0, 0, 0, 0);color:#00a018\" class=\"has-inline-color\">|<\/mark> <em>Vous souhaitez conna\u00eetre vos droits au logement ?<\/em><\/p>\n\n\n\n<figure class=\"wp-block-image size-full is-resized\"><img loading=\"lazy\" decoding=\"async\" width=\"593\" height=\"45\" src=\"https:\/\/haverskerque.fr\/wp-content\/uploads\/2023\/02\/bandeblanche.jpg\" alt=\"\" class=\"wp-image-381\" style=\"width:593px;height:auto\" srcset=\"https:\/\/www.haverskerque.fr\/wp-content\/uploads\/2023\/02\/bandeblanche.jpg 593w, https:\/\/www.haverskerque.fr\/wp-content\/uploads\/2023\/02\/bandeblanche-300x23.jpg 300w\" sizes=\"auto, (max-width: 593px) 100vw, 593px\" \/><\/figure>\n\n\n\n<p>Vous avez une question d&rsquo;ordre juridique, en rapport avec votre logement (propri\u00e9taire et\/ou locataire), des permanences juridiques \u00ab\u00a0droit au logement\u00a0\u00bb sont mises en place sur rendez-vous.<\/p>\n\n\n\n<figure class=\"wp-block-image size-full is-resized\"><img loading=\"lazy\" decoding=\"async\" width=\"593\" height=\"45\" src=\"https:\/\/haverskerque.fr\/wp-content\/uploads\/2023\/02\/bandeblanche.jpg\" alt=\"\" class=\"wp-image-381\" style=\"width:593px;height:auto\" srcset=\"https:\/\/www.haverskerque.fr\/wp-content\/uploads\/2023\/02\/bandeblanche.jpg 593w, https:\/\/www.haverskerque.fr\/wp-content\/uploads\/2023\/02\/bandeblanche-300x23.jpg 300w\" sizes=\"auto, (max-width: 593px) 100vw, 593px\" \/><\/figure>\n\n\n\n<p><mark style=\"background-color:rgba(0, 0, 0, 0);color:#00a018\" class=\"has-inline-color\">|<\/mark> <em>Vous avez des questions ?<\/em><\/p>\n\n\n\n<figure class=\"wp-block-image size-full is-resized\"><img loading=\"lazy\" decoding=\"async\" width=\"593\" height=\"45\" src=\"https:\/\/haverskerque.fr\/wp-content\/uploads\/2023\/02\/bandeblanche.jpg\" alt=\"\" class=\"wp-image-381\" style=\"width:593px;height:auto\" srcset=\"https:\/\/www.haverskerque.fr\/wp-content\/uploads\/2023\/02\/bandeblanche.jpg 593w, https:\/\/www.haverskerque.fr\/wp-content\/uploads\/2023\/02\/bandeblanche-300x23.jpg 300w\" sizes=\"auto, (max-width: 593px) 100vw, 593px\" \/><\/figure>\n\n\n\n<p>Le Guichet Unique de l&rsquo;Habitat vous renseigne :<\/p>\n\n\n\n<figure class=\"wp-block-image size-full is-resized\"><img loading=\"lazy\" decoding=\"async\" width=\"593\" height=\"45\" src=\"https:\/\/haverskerque.fr\/wp-content\/uploads\/2023\/02\/bandeblanche.jpg\" alt=\"\" class=\"wp-image-381\" style=\"width:593px;height:auto\" srcset=\"https:\/\/www.haverskerque.fr\/wp-content\/uploads\/2023\/02\/bandeblanche.jpg 593w, https:\/\/www.haverskerque.fr\/wp-content\/uploads\/2023\/02\/bandeblanche-300x23.jpg 300w\" sizes=\"auto, (max-width: 593px) 100vw, 593px\" \/><\/figure>\n\n\n\n<ul class=\"wp-block-list\">\n<li>Par t\u00e9l\u00e9phone au <strong>03 62 42 00 31<\/strong>. Permanences t\u00e9l\u00e9phoniques les lundi, mardi, jeudi et vendredi de 9h \u00e0 12h30  <\/li>\n<\/ul>\n\n\n\n<ul class=\"wp-block-list\">\n<li>Par mail \u00e0 <strong><a href=\"mailto:guh@sm-flandreetlys.fr\" target=\"_blank\" rel=\"noreferrer noopener\">guh@sm-flandreetlys.fr<\/a><\/strong><\/li>\n<\/ul>\n\n\n\n<figure class=\"wp-block-image size-full is-resized\"><img loading=\"lazy\" decoding=\"async\" width=\"593\" height=\"45\" src=\"https:\/\/haverskerque.fr\/wp-content\/uploads\/2023\/02\/bandeblanche.jpg\" alt=\"\" class=\"wp-image-381\" style=\"width:593px;height:auto\" srcset=\"https:\/\/www.haverskerque.fr\/wp-content\/uploads\/2023\/02\/bandeblanche.jpg 593w, https:\/\/www.haverskerque.fr\/wp-content\/uploads\/2023\/02\/bandeblanche-300x23.jpg 300w\" sizes=\"auto, (max-width: 593px) 100vw, 593px\" \/><\/figure>\n\n\n\n<p>Le Guichet Unique de l&rsquo;Habitat re\u00e7oit sur rendez-vous au 222 bis Rue de Vieux-Berquin, 59190 Hazebrouck.<\/p>\n\n\n\n<figure class=\"wp-block-image size-full is-resized\"><img loading=\"lazy\" decoding=\"async\" width=\"593\" height=\"45\" src=\"https:\/\/haverskerque.fr\/wp-content\/uploads\/2023\/02\/bandeblanche.jpg\" alt=\"\" class=\"wp-image-381\" style=\"width:593px;height:auto\" srcset=\"https:\/\/www.haverskerque.fr\/wp-content\/uploads\/2023\/02\/bandeblanche.jpg 593w, https:\/\/www.haverskerque.fr\/wp-content\/uploads\/2023\/02\/bandeblanche-300x23.jpg 300w\" sizes=\"auto, (max-width: 593px) 100vw, 593px\" \/><\/figure>\n\n\n\n<h3 class=\"wp-block-heading\"><mark style=\"background-color:rgba(0, 0, 0, 0);color:#00a018\" class=\"has-inline-color\">|<\/mark> <strong>Cadastre solaire de la CCFL<\/strong><\/h3>\n\n\n\n<figure class=\"wp-block-image size-full is-resized\"><img loading=\"lazy\" decoding=\"async\" width=\"593\" height=\"45\" src=\"https:\/\/haverskerque.fr\/wp-content\/uploads\/2023\/02\/bandeblanche.jpg\" alt=\"\" class=\"wp-image-381\" style=\"width:593px;height:auto\" srcset=\"https:\/\/www.haverskerque.fr\/wp-content\/uploads\/2023\/02\/bandeblanche.jpg 593w, https:\/\/www.haverskerque.fr\/wp-content\/uploads\/2023\/02\/bandeblanche-300x23.jpg 300w\" sizes=\"auto, (max-width: 593px) 100vw, 593px\" \/><\/figure>\n\n\n<div class=\"wp-block-image\">\n<figure class=\"aligncenter size-large is-resized\"><img loading=\"lazy\" decoding=\"async\" width=\"1024\" height=\"752\" src=\"https:\/\/haverskerque.fr\/wp-content\/uploads\/2024\/01\/cadastre-solaire-CCFL-1024x752.jpg\" alt=\"\" class=\"wp-image-7250\" style=\"width:496px;height:auto\" srcset=\"https:\/\/www.haverskerque.fr\/wp-content\/uploads\/2024\/01\/cadastre-solaire-CCFL-1024x752.jpg 1024w, https:\/\/www.haverskerque.fr\/wp-content\/uploads\/2024\/01\/cadastre-solaire-CCFL-300x220.jpg 300w, https:\/\/www.haverskerque.fr\/wp-content\/uploads\/2024\/01\/cadastre-solaire-CCFL-768x564.jpg 768w, https:\/\/www.haverskerque.fr\/wp-content\/uploads\/2024\/01\/cadastre-solaire-CCFL-1536x1127.jpg 1536w, https:\/\/www.haverskerque.fr\/wp-content\/uploads\/2024\/01\/cadastre-solaire-CCFL-1140x837.jpg 1140w, https:\/\/www.haverskerque.fr\/wp-content\/uploads\/2024\/01\/cadastre-solaire-CCFL.jpg 2048w\" sizes=\"auto, (max-width: 1024px) 100vw, 1024px\" \/><\/figure>\n<\/div>\n\n\n<figure class=\"wp-block-image size-full is-resized\"><img loading=\"lazy\" decoding=\"async\" width=\"593\" height=\"45\" src=\"https:\/\/haverskerque.fr\/wp-content\/uploads\/2023\/02\/bandeblanche.jpg\" alt=\"\" class=\"wp-image-381\" style=\"width:593px;height:auto\" srcset=\"https:\/\/www.haverskerque.fr\/wp-content\/uploads\/2023\/02\/bandeblanche.jpg 593w, https:\/\/www.haverskerque.fr\/wp-content\/uploads\/2023\/02\/bandeblanche-300x23.jpg 300w\" sizes=\"auto, (max-width: 593px) 100vw, 593px\" \/><\/figure>\n\n\n\n<p><mark style=\"background-color:rgba(0, 0, 0, 0);color:#00a018\" class=\"has-inline-color\">|<\/mark> <em>La <strong><a href=\"https:\/\/www.facebook.com\/ccflandrelys\" target=\"_blank\" rel=\"noreferrer noopener\">Communaut\u00e9 de communes Flandre Lys<\/a><\/strong> met \u00e0 disposition un nouvel outil pour vous aider \u00e0 identifier le potentiel solaire de votre toit : le cadastre solaire !<\/em><\/p>\n\n\n\n<figure class=\"wp-block-image size-full is-resized\"><img loading=\"lazy\" decoding=\"async\" width=\"593\" height=\"45\" src=\"https:\/\/haverskerque.fr\/wp-content\/uploads\/2023\/02\/bandeblanche.jpg\" alt=\"\" class=\"wp-image-381\" style=\"width:593px;height:auto\" srcset=\"https:\/\/www.haverskerque.fr\/wp-content\/uploads\/2023\/02\/bandeblanche.jpg 593w, https:\/\/www.haverskerque.fr\/wp-content\/uploads\/2023\/02\/bandeblanche-300x23.jpg 300w\" sizes=\"auto, (max-width: 593px) 100vw, 593px\" \/><\/figure>\n\n\n\n<p>En quelques clics, vous conna\u00eetrez la capacit\u00e9 de votre toit et l&rsquo;int\u00e9r\u00eat financier d&rsquo;un projet de production solaire photovolta\u00efque ou thermique : <a href=\"https:\/\/www.cc-flandrelys.fr\/vivre-et-s-installer\/logement\/cadastre-solaire\" target=\"_blank\" rel=\"noreferrer noopener\"><strong>https:\/\/www.cc-flandrelys.fr\/vivre-et-s-installer\/logement\/cadastre-solaire<\/strong><\/a><\/p>\n\n\n\n<figure class=\"wp-block-image size-full is-resized\"><img loading=\"lazy\" decoding=\"async\" width=\"593\" height=\"45\" src=\"https:\/\/haverskerque.fr\/wp-content\/uploads\/2023\/02\/bandeblanche.jpg\" alt=\"\" class=\"wp-image-381\" style=\"width:593px;height:auto\" srcset=\"https:\/\/www.haverskerque.fr\/wp-content\/uploads\/2023\/02\/bandeblanche.jpg 593w, https:\/\/www.haverskerque.fr\/wp-content\/uploads\/2023\/02\/bandeblanche-300x23.jpg 300w\" sizes=\"auto, (max-width: 593px) 100vw, 593px\" \/><\/figure>\n\n\n\n<h3 class=\"wp-block-heading\"><mark style=\"background-color:rgba(0, 0, 0, 0);color:#00a018\" class=\"has-inline-color\">|<\/mark> <strong>Devenir propri\u00e9taire en Flandre Lys<\/strong><\/h3>\n\n\n\n<figure class=\"wp-block-image size-full is-resized\"><img loading=\"lazy\" decoding=\"async\" width=\"593\" height=\"45\" src=\"https:\/\/haverskerque.fr\/wp-content\/uploads\/2023\/02\/bandeblanche.jpg\" alt=\"\" class=\"wp-image-381\" style=\"width:593px;height:auto\" srcset=\"https:\/\/www.haverskerque.fr\/wp-content\/uploads\/2023\/02\/bandeblanche.jpg 593w, https:\/\/www.haverskerque.fr\/wp-content\/uploads\/2023\/02\/bandeblanche-300x23.jpg 300w\" sizes=\"auto, (max-width: 593px) 100vw, 593px\" \/><\/figure>\n\n\n<div class=\"wp-block-image is-resized\">\n<figure class=\"aligncenter\"><img loading=\"lazy\" decoding=\"async\" width=\"600\" height=\"529\" src=\"http:\/\/barbry.esy.es\/wp-content\/uploads\/2023\/03\/ccfl-loge1.jpg\" alt=\"\" class=\"wp-image-824\" srcset=\"https:\/\/www.haverskerque.fr\/wp-content\/uploads\/2023\/03\/ccfl-loge1.jpg 600w, https:\/\/www.haverskerque.fr\/wp-content\/uploads\/2023\/03\/ccfl-loge1-300x265.jpg 300w\" sizes=\"auto, (max-width: 600px) 100vw, 600px\" \/><\/figure>\n<\/div>\n\n\n<figure class=\"wp-block-image size-full is-resized\"><img loading=\"lazy\" decoding=\"async\" width=\"593\" height=\"45\" src=\"https:\/\/haverskerque.fr\/wp-content\/uploads\/2023\/02\/bandeblanche.jpg\" alt=\"\" class=\"wp-image-381\" style=\"width:593px;height:auto\" srcset=\"https:\/\/www.haverskerque.fr\/wp-content\/uploads\/2023\/02\/bandeblanche.jpg 593w, https:\/\/www.haverskerque.fr\/wp-content\/uploads\/2023\/02\/bandeblanche-300x23.jpg 300w\" sizes=\"auto, (max-width: 593px) 100vw, 593px\" \/><\/figure>\n\n\n\n<p><mark style=\"background-color:rgba(0, 0, 0, 0);color:#00a018\" class=\"has-inline-color\">|<\/mark> <em>Vous souhaitez devenir propri\u00e9taire ? Et si la Flandre-Lys vous aidait ?<\/em><\/p>\n\n\n\n<figure class=\"wp-block-image size-full is-resized\"><img loading=\"lazy\" decoding=\"async\" width=\"593\" height=\"45\" src=\"https:\/\/haverskerque.fr\/wp-content\/uploads\/2023\/02\/bandeblanche.jpg\" alt=\"\" class=\"wp-image-381\" style=\"width:593px;height:auto\" srcset=\"https:\/\/www.haverskerque.fr\/wp-content\/uploads\/2023\/02\/bandeblanche.jpg 593w, https:\/\/www.haverskerque.fr\/wp-content\/uploads\/2023\/02\/bandeblanche-300x23.jpg 300w\" sizes=\"auto, (max-width: 593px) 100vw, 593px\" \/><\/figure>\n\n\n\n<p>Votre communaut\u00e9 de communes soutient d\u00e9sormais l\u2019accession \u00e0 la propri\u00e9t\u00e9 !<\/p>\n\n\n\n<p>Montant de l\u2019aide : 5000\u20ac par logement si le m\u00e9nage s&rsquo;est vu octroyer un pr\u00eat \u00e0 taux z\u00e9ro la m\u00eame ann\u00e9e civile que sa demande d&rsquo;aide. 2000\u20ac de surprime travaux avec atteinte (au minimum) de l&rsquo;\u00e9tiquette C apr\u00e8s travaux.<\/p>\n\n\n\n<figure class=\"wp-block-image size-full is-resized\"><img loading=\"lazy\" decoding=\"async\" width=\"593\" height=\"45\" src=\"https:\/\/haverskerque.fr\/wp-content\/uploads\/2023\/02\/bandeblanche.jpg\" alt=\"\" class=\"wp-image-381\" style=\"width:593px;height:auto\" srcset=\"https:\/\/www.haverskerque.fr\/wp-content\/uploads\/2023\/02\/bandeblanche.jpg 593w, https:\/\/www.haverskerque.fr\/wp-content\/uploads\/2023\/02\/bandeblanche-300x23.jpg 300w\" sizes=\"auto, (max-width: 593px) 100vw, 593px\" \/><\/figure>\n\n\n\n<p><mark style=\"background-color:rgba(0, 0, 0, 0);color:#00a018\" class=\"has-inline-color\">|<\/mark> <em>Crit\u00e8res pour obtenir l&rsquo;aide<\/em><\/p>\n\n\n\n<figure class=\"wp-block-image size-full is-resized\"><img loading=\"lazy\" decoding=\"async\" width=\"593\" height=\"45\" src=\"https:\/\/haverskerque.fr\/wp-content\/uploads\/2023\/02\/bandeblanche.jpg\" alt=\"\" class=\"wp-image-381\" style=\"width:593px;height:auto\" srcset=\"https:\/\/www.haverskerque.fr\/wp-content\/uploads\/2023\/02\/bandeblanche.jpg 593w, https:\/\/www.haverskerque.fr\/wp-content\/uploads\/2023\/02\/bandeblanche-300x23.jpg 300w\" sizes=\"auto, (max-width: 593px) 100vw, 593px\" \/><\/figure>\n\n\n\n<p>Les b\u00e9n\u00e9ficiaires s&rsquo;engagent \u00e0 occuper le logement au minimum 5 ans (sauf crit\u00e8res repris dans le r\u00e8glement.<\/p>\n\n\n\n<figure class=\"wp-block-image size-full is-resized\"><img loading=\"lazy\" decoding=\"async\" width=\"593\" height=\"45\" src=\"https:\/\/haverskerque.fr\/wp-content\/uploads\/2023\/02\/bandeblanche.jpg\" alt=\"\" class=\"wp-image-381\" style=\"width:593px;height:auto\" srcset=\"https:\/\/www.haverskerque.fr\/wp-content\/uploads\/2023\/02\/bandeblanche.jpg 593w, https:\/\/www.haverskerque.fr\/wp-content\/uploads\/2023\/02\/bandeblanche-300x23.jpg 300w\" sizes=\"auto, (max-width: 593px) 100vw, 593px\" \/><\/figure>\n\n\n\n<ul class=\"wp-block-list\">\n<li>\u00catre primo-acc\u00e9dant (ne pas avoir \u00e9t\u00e9 propri\u00e9taire de sa r\u00e9sidence principale fiscale pendant les deux derni\u00e8res ann\u00e9es avant le d\u00e9p\u00f4t du dossier)  <\/li>\n<\/ul>\n\n\n\n<ul class=\"wp-block-list\">\n<li>\u00catre b\u00e9n\u00e9ficiaire du pr\u00eat \u00e0 taux z\u00e9ro d\u00e9livr\u00e9 pendant la m\u00eame ann\u00e9e civile que le d\u00e9p\u00f4t du dossier<\/li>\n<\/ul>\n\n\n\n<ul class=\"wp-block-list\">\n<li>En cas d&rsquo;acquisition d&rsquo;un logement ancien qui ne dispose pas d&rsquo;une \u00e9tiquette \u00e9nerg\u00e9tique A, B ou C (selon le DPE produit par le demandeur), des travaux visant \u00e0 am\u00e9liorer la performance \u00e9nerg\u00e9tique seront r\u00e9alis\u00e9s pour atteindre l&rsquo;\u00e9tiquette C (au minimum). Une surprime de 2000\u20ac sera accord\u00e9e<\/li>\n<\/ul>\n\n\n\n<ul class=\"wp-block-list\">\n<li>Il est fortement conseill\u00e9 au demandeur de prendre rendez-vous avec le conseiller France R\u00e9nov (Espace Info \u00c9nergie, t\u00e9l : 03 62 42 00 31) afin d&rsquo;\u00e9tablir un diagnostic du logement. Le rendez-vous doit avoir \u00e9t\u00e9 r\u00e9alis\u00e9 avant la signature de l&rsquo;offre de pr\u00eat bancaire <\/li>\n<\/ul>\n\n\n\n<ul class=\"wp-block-list\">\n<li>Pour les logements anciens, un DPE avant et apr\u00e8s travaux justifiant de l&rsquo;atteinte de l&rsquo;\u00e9tiquette C<\/li>\n<\/ul>\n\n\n\n<figure class=\"wp-block-image size-full is-resized\"><img loading=\"lazy\" decoding=\"async\" width=\"593\" height=\"45\" src=\"https:\/\/haverskerque.fr\/wp-content\/uploads\/2023\/02\/bandeblanche.jpg\" alt=\"\" class=\"wp-image-381\" style=\"width:593px;height:auto\" srcset=\"https:\/\/www.haverskerque.fr\/wp-content\/uploads\/2023\/02\/bandeblanche.jpg 593w, https:\/\/www.haverskerque.fr\/wp-content\/uploads\/2023\/02\/bandeblanche-300x23.jpg 300w\" sizes=\"auto, (max-width: 593px) 100vw, 593px\" \/><\/figure>\n\n\n\n<p><mark style=\"background-color:rgba(0, 0, 0, 0);color:#00a018\" class=\"has-inline-color\">|<\/mark> <em>Pi\u00e8ces \u00e0 rassembler pour votre dossier<\/em><\/p>\n\n\n\n<figure class=\"wp-block-image size-full is-resized\"><img loading=\"lazy\" decoding=\"async\" width=\"593\" height=\"45\" src=\"https:\/\/haverskerque.fr\/wp-content\/uploads\/2023\/02\/bandeblanche.jpg\" alt=\"\" class=\"wp-image-381\" style=\"width:593px;height:auto\" srcset=\"https:\/\/www.haverskerque.fr\/wp-content\/uploads\/2023\/02\/bandeblanche.jpg 593w, https:\/\/www.haverskerque.fr\/wp-content\/uploads\/2023\/02\/bandeblanche-300x23.jpg 300w\" sizes=\"auto, (max-width: 593px) 100vw, 593px\" \/><\/figure>\n\n\n\n<ul class=\"wp-block-list\">\n<li>Pi\u00e8ce(s) d&rsquo;identit\u00e9 du ou des demandeurs<\/li>\n<\/ul>\n\n\n\n<ul class=\"wp-block-list\">\n<li>Autorisation d&rsquo;urbanisme (permis de construire ou d\u00e9claration pr\u00e9alable) ou acte notari\u00e9 attestant de l&rsquo;achat sur plan (VEFA)<\/li>\n<\/ul>\n\n\n\n<ul class=\"wp-block-list\">\n<li>Acte de propri\u00e9t\u00e9 (datant de moins d&rsquo;un an pour les logements anciens)<\/li>\n<\/ul>\n\n\n\n<ul class=\"wp-block-list\">\n<li>Diagnostic de performance \u00e9nerg\u00e9tique (dans le cadre d&rsquo;un logement ancien) <\/li>\n<\/ul>\n\n\n\n<ul class=\"wp-block-list\">\n<li>Justificatif d&rsquo;octroi du pr\u00eat \u00e0 taux z\u00e9ro de l&rsquo;ann\u00e9e civile en cours<\/li>\n<\/ul>\n\n\n\n<ul class=\"wp-block-list\">\n<li>Copie du bail ou une attestation sur l&rsquo;honneur de l&rsquo;h\u00e9bergeant pour justifier la qualit\u00e9 de non propri\u00e9taire depuis au moins 2 ans <\/li>\n<\/ul>\n\n\n\n<figure class=\"wp-block-image size-full is-resized\"><img loading=\"lazy\" decoding=\"async\" width=\"593\" height=\"45\" src=\"https:\/\/haverskerque.fr\/wp-content\/uploads\/2023\/02\/bandeblanche.jpg\" alt=\"\" class=\"wp-image-381\" style=\"width:593px;height:auto\" srcset=\"https:\/\/www.haverskerque.fr\/wp-content\/uploads\/2023\/02\/bandeblanche.jpg 593w, https:\/\/www.haverskerque.fr\/wp-content\/uploads\/2023\/02\/bandeblanche-300x23.jpg 300w\" sizes=\"auto, (max-width: 593px) 100vw, 593px\" \/><\/figure>\n\n\n\n<p>En cas de logements class\u00e9s D, E, F ou G :<\/p>\n\n\n\n<figure class=\"wp-block-image size-full is-resized\"><img loading=\"lazy\" decoding=\"async\" width=\"593\" height=\"45\" src=\"https:\/\/haverskerque.fr\/wp-content\/uploads\/2023\/02\/bandeblanche.jpg\" alt=\"\" class=\"wp-image-381\" style=\"width:593px;height:auto\" srcset=\"https:\/\/www.haverskerque.fr\/wp-content\/uploads\/2023\/02\/bandeblanche.jpg 593w, https:\/\/www.haverskerque.fr\/wp-content\/uploads\/2023\/02\/bandeblanche-300x23.jpg 300w\" sizes=\"auto, (max-width: 593px) 100vw, 593px\" \/><\/figure>\n\n\n\n<ul class=\"wp-block-list\">\n<li>Fiche contact justifiant la prise de rendez-vous avec le conseiller France R\u00e9nov avant la signature de l&rsquo;offre de pr\u00eat (fortement conseill\u00e9)<\/li>\n<\/ul>\n\n\n\n<ul class=\"wp-block-list\">\n<li>Engagement du demandeur \u00e0 r\u00e9aliser les travaux prescrits <\/li>\n<\/ul>\n\n\n\n<ul class=\"wp-block-list\">\n<li> Devis relatifs aux travaux prescrits<\/li>\n<\/ul>\n\n\n\n<figure class=\"wp-block-image size-full is-resized\"><img loading=\"lazy\" decoding=\"async\" width=\"593\" height=\"45\" src=\"https:\/\/haverskerque.fr\/wp-content\/uploads\/2023\/02\/bandeblanche.jpg\" alt=\"\" class=\"wp-image-381\" style=\"width:593px;height:auto\" srcset=\"https:\/\/www.haverskerque.fr\/wp-content\/uploads\/2023\/02\/bandeblanche.jpg 593w, https:\/\/www.haverskerque.fr\/wp-content\/uploads\/2023\/02\/bandeblanche-300x23.jpg 300w\" sizes=\"auto, (max-width: 593px) 100vw, 593px\" \/><\/figure>\n\n\n\n<p><mark style=\"background-color:rgba(0, 0, 0, 0);color:#00a018\" class=\"has-inline-color\">|<\/mark> <em>Obtenir cette subvention<\/em><\/p>\n\n\n\n<figure class=\"wp-block-image size-full is-resized\"><img loading=\"lazy\" decoding=\"async\" width=\"593\" height=\"45\" src=\"https:\/\/haverskerque.fr\/wp-content\/uploads\/2023\/02\/bandeblanche.jpg\" alt=\"\" class=\"wp-image-381\" style=\"width:593px;height:auto\" srcset=\"https:\/\/www.haverskerque.fr\/wp-content\/uploads\/2023\/02\/bandeblanche.jpg 593w, https:\/\/www.haverskerque.fr\/wp-content\/uploads\/2023\/02\/bandeblanche-300x23.jpg 300w\" sizes=\"auto, (max-width: 593px) 100vw, 593px\" \/><\/figure>\n\n\n\n<ul class=\"wp-block-list\">\n<li>R\u00e9aliser une demande aupr\u00e8s de la Communaut\u00e9 de communes Flandre Lys d\u00e8s la signature de la vente, et l&rsquo;obtention du permis de construire\u00a0dans le cas de\u00a0l&rsquo;acquisition d&rsquo;un logement neuf<\/li>\n<\/ul>\n\n\n\n<ul class=\"wp-block-list\">\n<li>Pour les logements anciens, prendre rendez-vous avec le Guichet Unique de l&rsquo;Habitat<\/li>\n<\/ul>\n\n\n\n<ul class=\"wp-block-list\">\n<li>Montage du dossier<\/li>\n<\/ul>\n\n\n\n<ul class=\"wp-block-list\">\n<li>\u00c9tude du dossier par la commission r\u00e9f\u00e9rente<\/li>\n<\/ul>\n\n\n\n<ul class=\"wp-block-list\">\n<li>Accord de la subvention apr\u00e8s le conseil communautaire\u00a0<\/li>\n<\/ul>\n\n\n\n<ul class=\"wp-block-list\">\n<li>Versement de la subvention au clos couvert pour un logement neuf\u00a0<\/li>\n<\/ul>\n\n\n\n<ul class=\"wp-block-list\">\n<li>Versement de la subvention \u00e0 la fin des travaux pour un logement ancien<\/li>\n<\/ul>\n\n\n\n<figure class=\"wp-block-image size-full is-resized\"><img loading=\"lazy\" decoding=\"async\" width=\"593\" height=\"45\" src=\"https:\/\/haverskerque.fr\/wp-content\/uploads\/2023\/02\/bandeblanche.jpg\" alt=\"\" class=\"wp-image-381\" style=\"width:593px;height:auto\" srcset=\"https:\/\/www.haverskerque.fr\/wp-content\/uploads\/2023\/02\/bandeblanche.jpg 593w, https:\/\/www.haverskerque.fr\/wp-content\/uploads\/2023\/02\/bandeblanche-300x23.jpg 300w\" sizes=\"auto, (max-width: 593px) 100vw, 593px\" \/><\/figure>\n\n\n\n<h3 class=\"wp-block-heading\"><mark style=\"background-color:rgba(0, 0, 0, 0);color:#00a018\" class=\"has-inline-color\">|<\/mark> <strong>Lutte contre l&rsquo;habitat indigne, bailleurs priv\u00e9s du territoire pour les logements insalubres<\/strong><\/h3>\n\n\n\n<figure class=\"wp-block-image size-full is-resized\"><img loading=\"lazy\" decoding=\"async\" width=\"593\" height=\"45\" src=\"https:\/\/haverskerque.fr\/wp-content\/uploads\/2023\/02\/bandeblanche.jpg\" alt=\"\" class=\"wp-image-381\" style=\"width:593px;height:auto\" srcset=\"https:\/\/www.haverskerque.fr\/wp-content\/uploads\/2023\/02\/bandeblanche.jpg 593w, https:\/\/www.haverskerque.fr\/wp-content\/uploads\/2023\/02\/bandeblanche-300x23.jpg 300w\" sizes=\"auto, (max-width: 593px) 100vw, 593px\" \/><\/figure>\n\n\n\n<p>La Communaut\u00e9 de communes Flandre Lys (CCFL) souhaite r\u00e9sorber le parc indigne et insalubre de son territoire. Cette aide permettra aux propri\u00e9taires de r\u00e9nover leurs logements pour ensuite les <strong>louer aux m\u00e9nages les plus modestes.<\/strong><\/p>\n\n\n\n<figure class=\"wp-block-image size-full is-resized\"><img loading=\"lazy\" decoding=\"async\" width=\"593\" height=\"45\" src=\"https:\/\/haverskerque.fr\/wp-content\/uploads\/2023\/02\/bandeblanche.jpg\" alt=\"\" class=\"wp-image-381\" style=\"width:593px;height:auto\" srcset=\"https:\/\/www.haverskerque.fr\/wp-content\/uploads\/2023\/02\/bandeblanche.jpg 593w, https:\/\/www.haverskerque.fr\/wp-content\/uploads\/2023\/02\/bandeblanche-300x23.jpg 300w\" sizes=\"auto, (max-width: 593px) 100vw, 593px\" \/><\/figure>\n\n\n\n<p><mark style=\"background-color:rgba(0, 0, 0, 0);color:#00a018\" class=\"has-inline-color\">|<\/mark> <em>Quelles aides ?<\/em><\/p>\n\n\n\n<figure class=\"wp-block-image size-full is-resized\"><img loading=\"lazy\" decoding=\"async\" width=\"593\" height=\"45\" src=\"https:\/\/haverskerque.fr\/wp-content\/uploads\/2023\/02\/bandeblanche.jpg\" alt=\"\" class=\"wp-image-381\" style=\"width:593px;height:auto\" srcset=\"https:\/\/www.haverskerque.fr\/wp-content\/uploads\/2023\/02\/bandeblanche.jpg 593w, https:\/\/www.haverskerque.fr\/wp-content\/uploads\/2023\/02\/bandeblanche-300x23.jpg 300w\" sizes=\"auto, (max-width: 593px) 100vw, 593px\" \/><\/figure>\n\n\n\n<ul class=\"wp-block-list\">\n<li>10 000\u20ac par logement locatif dans le cadre d&rsquo;un logement en sortie d&rsquo;insalubrit\u00e9 et inscrit dans le dispositif LOC&rsquo;AVANTAGES 2 ou 3  <\/li>\n<\/ul>\n\n\n\n<figure class=\"wp-block-image size-full is-resized\"><img loading=\"lazy\" decoding=\"async\" width=\"593\" height=\"45\" src=\"https:\/\/haverskerque.fr\/wp-content\/uploads\/2023\/02\/bandeblanche.jpg\" alt=\"\" class=\"wp-image-381\" style=\"width:593px;height:auto\" srcset=\"https:\/\/www.haverskerque.fr\/wp-content\/uploads\/2023\/02\/bandeblanche.jpg 593w, https:\/\/www.haverskerque.fr\/wp-content\/uploads\/2023\/02\/bandeblanche-300x23.jpg 300w\" sizes=\"auto, (max-width: 593px) 100vw, 593px\" \/><\/figure>\n\n\n\n<p><mark style=\"background-color:rgba(0, 0, 0, 0);color:#00a018\" class=\"has-inline-color\">|<\/mark> <em>Liste des pi\u00e8ces \u00e0 fournir pour la signature de la convention<\/em><\/p>\n\n\n\n<figure class=\"wp-block-image size-full is-resized\"><img loading=\"lazy\" decoding=\"async\" width=\"593\" height=\"45\" src=\"https:\/\/haverskerque.fr\/wp-content\/uploads\/2023\/02\/bandeblanche.jpg\" alt=\"\" class=\"wp-image-381\" style=\"width:593px;height:auto\" srcset=\"https:\/\/www.haverskerque.fr\/wp-content\/uploads\/2023\/02\/bandeblanche.jpg 593w, https:\/\/www.haverskerque.fr\/wp-content\/uploads\/2023\/02\/bandeblanche-300x23.jpg 300w\" sizes=\"auto, (max-width: 593px) 100vw, 593px\" \/><\/figure>\n\n\n\n<ul class=\"wp-block-list\">\n<li>Pi\u00e8ce d&rsquo;identit\u00e9 du propri\u00e9taire des biens immobiliers<\/li>\n<\/ul>\n\n\n\n<ul class=\"wp-block-list\">\n<li>L&rsquo;arr\u00eat\u00e9 d&rsquo;insalubrit\u00e9<\/li>\n<\/ul>\n\n\n\n<ul class=\"wp-block-list\">\n<li>Le cas \u00e9ch\u00e9ant, les contrats de d\u00e9signation de l&rsquo;interm\u00e9diation sociale de l&rsquo;AMO et de l&rsquo;accompagnement au montage du dossier ANAH<\/li>\n<\/ul>\n\n\n\n<ul class=\"wp-block-list\">\n<li>La fiche identit\u00e9 du demandeur et du bien \u00e0 am\u00e9liorer dont le mod\u00e8le est <strong>transmis sur demande<\/strong> <\/li>\n<\/ul>\n\n\n\n<figure class=\"wp-block-image size-full is-resized\"><img loading=\"lazy\" decoding=\"async\" width=\"593\" height=\"45\" src=\"https:\/\/haverskerque.fr\/wp-content\/uploads\/2023\/02\/bandeblanche.jpg\" alt=\"\" class=\"wp-image-381\" style=\"width:593px;height:auto\" srcset=\"https:\/\/www.haverskerque.fr\/wp-content\/uploads\/2023\/02\/bandeblanche.jpg 593w, https:\/\/www.haverskerque.fr\/wp-content\/uploads\/2023\/02\/bandeblanche-300x23.jpg 300w\" sizes=\"auto, (max-width: 593px) 100vw, 593px\" \/><\/figure>\n\n\n\n<p><mark style=\"background-color:rgba(0, 0, 0, 0);color:#00a018\" class=\"has-inline-color\">|<\/mark> <em>Liste des pi\u00e8ces \u00e0 fournir pour l&rsquo;acompte<\/em><\/p>\n\n\n\n<figure class=\"wp-block-image size-full is-resized\"><img loading=\"lazy\" decoding=\"async\" width=\"593\" height=\"45\" src=\"https:\/\/haverskerque.fr\/wp-content\/uploads\/2023\/02\/bandeblanche.jpg\" alt=\"\" class=\"wp-image-381\" style=\"width:593px;height:auto\" srcset=\"https:\/\/www.haverskerque.fr\/wp-content\/uploads\/2023\/02\/bandeblanche.jpg 593w, https:\/\/www.haverskerque.fr\/wp-content\/uploads\/2023\/02\/bandeblanche-300x23.jpg 300w\" sizes=\"auto, (max-width: 593px) 100vw, 593px\" \/><\/figure>\n\n\n\n<ul class=\"wp-block-list\">\n<li>Pi\u00e8ce d&rsquo;identit\u00e9 du propri\u00e9taire des biens immobiliers<\/li>\n<\/ul>\n\n\n\n<ul class=\"wp-block-list\">\n<li>Les titres de propri\u00e9t\u00e9<\/li>\n<\/ul>\n\n\n\n<ul class=\"wp-block-list\">\n<li>Le dossier ANAH<\/li>\n<\/ul>\n\n\n\n<ul class=\"wp-block-list\">\n<li>La pi\u00e8ce justificative de l&rsquo;octroi de l&rsquo;aide ANAH<\/li>\n<\/ul>\n\n\n\n<ul class=\"wp-block-list\">\n<li>Le RIB du propri\u00e9taire des biens immobiliers<\/li>\n<\/ul>\n\n\n\n<figure class=\"wp-block-image size-full is-resized\"><img loading=\"lazy\" decoding=\"async\" width=\"593\" height=\"45\" src=\"https:\/\/haverskerque.fr\/wp-content\/uploads\/2023\/02\/bandeblanche.jpg\" alt=\"\" class=\"wp-image-381\" style=\"width:593px;height:auto\" srcset=\"https:\/\/www.haverskerque.fr\/wp-content\/uploads\/2023\/02\/bandeblanche.jpg 593w, https:\/\/www.haverskerque.fr\/wp-content\/uploads\/2023\/02\/bandeblanche-300x23.jpg 300w\" sizes=\"auto, (max-width: 593px) 100vw, 593px\" \/><\/figure>\n\n\n\n<p>La premi\u00e8re partie de l&rsquo;aide sera vers\u00e9e \u00e0 la r\u00e9ception de l&rsquo;int\u00e9gralit\u00e9 des pi\u00e8ces. <\/p>\n\n\n\n<p>En l&rsquo;absence d&rsquo;un avis favorable de l&rsquo;ANAH dans les 36 mois suivants la signature de pr\u00e9sente, la convention est r\u00e9put\u00e9e caduc. <\/p>\n\n\n\n<figure class=\"wp-block-image size-full is-resized\"><img loading=\"lazy\" decoding=\"async\" width=\"593\" height=\"45\" src=\"https:\/\/haverskerque.fr\/wp-content\/uploads\/2023\/02\/bandeblanche.jpg\" alt=\"\" class=\"wp-image-381\" style=\"width:593px;height:auto\" srcset=\"https:\/\/www.haverskerque.fr\/wp-content\/uploads\/2023\/02\/bandeblanche.jpg 593w, https:\/\/www.haverskerque.fr\/wp-content\/uploads\/2023\/02\/bandeblanche-300x23.jpg 300w\" sizes=\"auto, (max-width: 593px) 100vw, 593px\" \/><\/figure>\n\n\n\n<p><mark style=\"background-color:rgba(0, 0, 0, 0);color:#00a018\" class=\"has-inline-color\">|<\/mark> <em>Liste des pi\u00e8ces \u00e0 fournir pour le solde<\/em><\/p>\n\n\n\n<figure class=\"wp-block-image size-full is-resized\"><img loading=\"lazy\" decoding=\"async\" width=\"593\" height=\"45\" src=\"https:\/\/haverskerque.fr\/wp-content\/uploads\/2023\/02\/bandeblanche.jpg\" alt=\"\" class=\"wp-image-381\" style=\"width:593px;height:auto\" srcset=\"https:\/\/www.haverskerque.fr\/wp-content\/uploads\/2023\/02\/bandeblanche.jpg 593w, https:\/\/www.haverskerque.fr\/wp-content\/uploads\/2023\/02\/bandeblanche-300x23.jpg 300w\" sizes=\"auto, (max-width: 593px) 100vw, 593px\" \/><\/figure>\n\n\n\n<ul class=\"wp-block-list\">\n<li>Le compte-rendu financier attestant de la conformit\u00e9 des d\u00e9penses affect\u00e9es \u00e0 la r\u00e9novation des logements<\/li>\n<\/ul>\n\n\n\n<ul class=\"wp-block-list\">\n<li>L&rsquo;arr\u00eat\u00e9 de lev\u00e9 de l&rsquo;insalubrit\u00e9 de l&rsquo;int\u00e9gralit\u00e9 des logements <\/li>\n<\/ul>\n\n\n\n<ul class=\"wp-block-list\">\n<li>Photo de la plaque fournie par la CCFL et d\u00fbment appos\u00e9e sur la b\u00e2timent. L&#8217;emplacement sera pr\u00e9alablement \u00e9tabli entre les deux parties<\/li>\n<\/ul>\n\n\n\n<figure class=\"wp-block-image size-full is-resized\"><img loading=\"lazy\" decoding=\"async\" width=\"593\" height=\"45\" src=\"https:\/\/haverskerque.fr\/wp-content\/uploads\/2023\/02\/bandeblanche.jpg\" alt=\"\" class=\"wp-image-381\" style=\"width:593px;height:auto\" srcset=\"https:\/\/www.haverskerque.fr\/wp-content\/uploads\/2023\/02\/bandeblanche.jpg 593w, https:\/\/www.haverskerque.fr\/wp-content\/uploads\/2023\/02\/bandeblanche-300x23.jpg 300w\" sizes=\"auto, (max-width: 593px) 100vw, 593px\" \/><\/figure>\n\n\n\n<p><strong>Service Habitat<\/strong> <\/p>\n\n\n\n<p><strong>500 Rue de la Lys &#8211; 59253 La Gorgue<\/strong><\/p>\n\n\n\n<p><strong>03 28 50 14 90<\/strong><\/p>\n\n\n\n<p><strong><a href=\"mailto:habitat@cc-flandrelys.fr\" target=\"_blank\" rel=\"noreferrer noopener\">habitat@cc-flandrelys.fr<\/a><\/strong><\/p>\n\n\n\n<p><strong><a href=\"https:\/\/www.cc-flandrelys.fr\" target=\"_blank\" rel=\"noreferrer noopener\">https:\/\/www.cc-flandrelys.fr<\/a><\/strong><\/p>\n\n\n\n<p><strong>Lundi, mercredi et vendredi : 8h30-12h \/ 13h30-17h<\/strong><\/p>\n\n\n\n<p><strong>Mardi et jeudi : 8h30-12h<\/strong><\/p>\n","protected":false},"excerpt":{"rendered":"<p>| Guichet Unique de l&rsquo;Habitat Le Guichet Unique de l&rsquo;Habitat (GUH) est un service gratuit propos\u00e9 par le Syndicat Mixte Flandre et Lys, sur le territoire de la Communaut\u00e9 de communes Flandre Int\u00e9rieure et la Communaut\u00e9 de communes Flandre et Lys. | Pourquoi ? Ce service vous conseille et vous oriente vers les partenaires appropri\u00e9s. Il vous informe des diff\u00e9rents financements possibles pour les projets de r\u00e9novation \u00e9nerg\u00e9tique de votre habitation. | Pour qui ? Le Guichet Unique de l&rsquo;Habitat s&rsquo;adresse : Bon \u00e0 savoir ! | Vous souhaitez r\u00e9nover ou am\u00e9liorer votre logement ? Le Guichet Unique de l&rsquo;Habitat informera les propri\u00e9taires occupants et bailleurs sur les travaux permettant une am\u00e9lioration de la performance \u00e9nerg\u00e9tique de votre logement, vous conseillera sur les mat\u00e9riaux, \u00e9quipements et aides possibles pour financer vos travaux. La conseill\u00e8re France R\u00e9nov vous renseignera lors d&rsquo;un rendez-vous personnalis\u00e9. Concernant la r\u00e9novation \u00e9nerg\u00e9tique de votre logement, \u00e9vitez les arnaques et adopter le bon r\u00e9flexe ! Le syndicat mixte Flandre et Lys et l&rsquo;Espace Conseil France R\u00e9nov vous accompagnent dans la r\u00e9alisation de votre projet de travaux d&rsquo;am\u00e9lioration de l&rsquo;habitat (am\u00e9lioration \u00e9nerg\u00e9tique, traitement de logements d\u00e9grad\u00e9s) en \u00e9tudiant votre projet et mobilisant des subventions publiques provenant de l&rsquo;Agence Nationale pour l&rsquo;Am\u00e9lioration de l&rsquo;Habitat (ANAH), et autres aides financi\u00e8res&#8230; Avant de dire \u00ab\u00a0OUI AUX DEVIS\u00a0\u00bb, demandez un avis : Si vous avez un doute, contactez le Guichet Unique de l&rsquo;Habitat par t\u00e9l\u00e9phone au 03 62 42 00 31 (du lundi au vendredi de 9h \u00e0 12h30) ou guh@sm-flandreetlys.fr Service public neutre et gratuit avec un accueil sur rendez-vous. | Vous souhaitez adapter votre logement pour bien vieillir ? Le Guichet Unique de l&rsquo;Habitat vous aidera \u00e0 trouver le bon interlocuteur pour : | Vous souhaitez acc\u00e9der \u00e0 la propri\u00e9t\u00e9 (aides primo-acc\u00e9dants) ? Le Guichet Unique de l&rsquo;Habitat vous dirigera vers les services concern\u00e9s. Une aide primo-acc\u00e9dant peut vous \u00eatre accord\u00e9e, sur d\u00e9p\u00f4t de dossier et sous conditions, en fonction de votre lieu d&rsquo;habitation. | Vous souhaitez faire les d\u00e9marches administratives pour travaux ? Pour tout savoir sur les d\u00e9marches administratives et les d\u00e9clarations pr\u00e9alables aux travaux, le Guichet Unique de l&rsquo;Habitat vous renseignera sur les permanences de l&rsquo;Architecte des B\u00e2timents de France et vous dirigera vers les services d&rsquo;urbanisme concern\u00e9s. | Vous souhaitez conna\u00eetre vos droits au logement ? Vous avez une question d&rsquo;ordre juridique, en rapport avec votre logement (propri\u00e9taire et\/ou locataire), des permanences juridiques \u00ab\u00a0droit au logement\u00a0\u00bb sont mises en place sur rendez-vous. | Vous avez des questions ? Le Guichet Unique de l&rsquo;Habitat vous renseigne : Le Guichet Unique de l&rsquo;Habitat re\u00e7oit sur rendez-vous au 222 bis Rue de Vieux-Berquin, 59190 Hazebrouck. | Cadastre solaire de la CCFL | La Communaut\u00e9 de communes Flandre Lys met \u00e0 disposition un nouvel outil pour vous aider \u00e0 identifier le potentiel solaire de votre toit : le cadastre solaire ! En quelques clics, vous conna\u00eetrez la capacit\u00e9 de votre toit et l&rsquo;int\u00e9r\u00eat financier d&rsquo;un projet de production solaire photovolta\u00efque ou thermique : https:\/\/www.cc-flandrelys.fr\/vivre-et-s-installer\/logement\/cadastre-solaire | Devenir propri\u00e9taire en Flandre Lys | Vous souhaitez devenir propri\u00e9taire ? Et si la Flandre-Lys vous aidait ? Votre communaut\u00e9 de communes soutient d\u00e9sormais l\u2019accession \u00e0 la propri\u00e9t\u00e9 ! Montant de l\u2019aide : 5000\u20ac par logement si le m\u00e9nage s&rsquo;est vu octroyer un pr\u00eat \u00e0 taux z\u00e9ro la m\u00eame ann\u00e9e civile que sa demande d&rsquo;aide. 2000\u20ac de surprime travaux avec atteinte (au minimum) de l&rsquo;\u00e9tiquette C apr\u00e8s travaux. | Crit\u00e8res pour obtenir l&rsquo;aide Les b\u00e9n\u00e9ficiaires s&rsquo;engagent \u00e0 occuper le logement au minimum 5 ans (sauf crit\u00e8res repris dans le r\u00e8glement. | Pi\u00e8ces \u00e0 rassembler pour votre dossier En cas de logements class\u00e9s D, E, F ou G : | Obtenir cette subvention | Lutte contre l&rsquo;habitat indigne, bailleurs priv\u00e9s du territoire pour les logements insalubres La Communaut\u00e9 de communes Flandre Lys (CCFL) souhaite r\u00e9sorber le parc indigne et insalubre de son territoire. Cette aide permettra aux propri\u00e9taires de r\u00e9nover leurs logements pour ensuite les louer aux m\u00e9nages les plus modestes. | Quelles aides ? | Liste des pi\u00e8ces \u00e0 fournir pour la signature de la convention | Liste des pi\u00e8ces \u00e0 fournir pour l&rsquo;acompte La premi\u00e8re partie de l&rsquo;aide sera vers\u00e9e \u00e0 la r\u00e9ception de l&rsquo;int\u00e9gralit\u00e9 des pi\u00e8ces. En l&rsquo;absence d&rsquo;un avis favorable de l&rsquo;ANAH dans les 36 mois suivants la signature de pr\u00e9sente, la convention est r\u00e9put\u00e9e caduc. | Liste des pi\u00e8ces \u00e0 fournir pour le solde Service Habitat 500 Rue de la Lys &#8211; 59253 La Gorgue 03 28 50 14 90 habitat@cc-flandrelys.fr https:\/\/www.cc-flandrelys.fr Lundi, mercredi et vendredi : 8h30-12h \/ 13h30-17h Mardi et jeudi : 8h30-12h<\/p>\n","protected":false},"author":1,"featured_media":0,"parent":0,"menu_order":0,"comment_status":"closed","ping_status":"closed","template":"","meta":{"cybocfi_hide_featured_image":"","footnotes":""},"class_list":["post-3400","page","type-page","status-publish","hentry"],"yoast_head":"<!-- This site is optimized with the Yoast SEO plugin v27.5 - https:\/\/yoast.com\/product\/yoast-seo-wordpress\/ -->\n<title>Aides au logement * Haverskerque, 100% Nature !*<\/title>\n<meta name=\"robots\" content=\"index, follow, max-snippet:-1, max-image-preview:large, max-video-preview:-1\" \/>\n<link rel=\"canonical\" href=\"https:\/\/www.haverskerque.fr\/index.php\/aides-au-logement\/\" \/>\n<meta property=\"og:locale\" content=\"fr_FR\" \/>\n<meta property=\"og:type\" content=\"article\" \/>\n<meta property=\"og:title\" content=\"Aides au logement * Haverskerque, 100% Nature !*\" \/>\n<meta property=\"og:description\" content=\"| Guichet Unique de l&rsquo;Habitat Le Guichet Unique de l&rsquo;Habitat (GUH) est un service gratuit propos\u00e9 par le Syndicat Mixte Flandre et Lys, sur le territoire de la Communaut\u00e9 de communes Flandre Int\u00e9rieure et la Communaut\u00e9 de communes Flandre et Lys. | Pourquoi ? Ce service vous conseille et vous oriente vers les partenaires appropri\u00e9s. Il vous informe des diff\u00e9rents financements possibles pour les projets de r\u00e9novation \u00e9nerg\u00e9tique de votre habitation. | Pour qui ? Le Guichet Unique de l&rsquo;Habitat s&rsquo;adresse : Bon \u00e0 savoir ! | Vous souhaitez r\u00e9nover ou am\u00e9liorer votre logement ? Le Guichet Unique de l&rsquo;Habitat informera les propri\u00e9taires occupants et bailleurs sur les travaux permettant une am\u00e9lioration de la performance \u00e9nerg\u00e9tique de votre logement, vous conseillera sur les mat\u00e9riaux, \u00e9quipements et aides possibles pour financer vos travaux. La conseill\u00e8re France R\u00e9nov vous renseignera lors d&rsquo;un rendez-vous personnalis\u00e9. Concernant la r\u00e9novation \u00e9nerg\u00e9tique de votre logement, \u00e9vitez les arnaques et adopter le bon r\u00e9flexe ! Le syndicat mixte Flandre et Lys et l&rsquo;Espace Conseil France R\u00e9nov vous accompagnent dans la r\u00e9alisation de votre projet de travaux d&rsquo;am\u00e9lioration de l&rsquo;habitat (am\u00e9lioration \u00e9nerg\u00e9tique, traitement de logements d\u00e9grad\u00e9s) en \u00e9tudiant votre projet et mobilisant des subventions publiques provenant de l&rsquo;Agence Nationale pour l&rsquo;Am\u00e9lioration de l&rsquo;Habitat (ANAH), et autres aides financi\u00e8res&#8230; Avant de dire \u00ab\u00a0OUI AUX DEVIS\u00a0\u00bb, demandez un avis : Si vous avez un doute, contactez le Guichet Unique de l&rsquo;Habitat par t\u00e9l\u00e9phone au 03 62 42 00 31 (du lundi au vendredi de 9h \u00e0 12h30) ou guh@sm-flandreetlys.fr Service public neutre et gratuit avec un accueil sur rendez-vous. | Vous souhaitez adapter votre logement pour bien vieillir ? Le Guichet Unique de l&rsquo;Habitat vous aidera \u00e0 trouver le bon interlocuteur pour : | Vous souhaitez acc\u00e9der \u00e0 la propri\u00e9t\u00e9 (aides primo-acc\u00e9dants) ? Le Guichet Unique de l&rsquo;Habitat vous dirigera vers les services concern\u00e9s. Une aide primo-acc\u00e9dant peut vous \u00eatre accord\u00e9e, sur d\u00e9p\u00f4t de dossier et sous conditions, en fonction de votre lieu d&rsquo;habitation. | Vous souhaitez faire les d\u00e9marches administratives pour travaux ? Pour tout savoir sur les d\u00e9marches administratives et les d\u00e9clarations pr\u00e9alables aux travaux, le Guichet Unique de l&rsquo;Habitat vous renseignera sur les permanences de l&rsquo;Architecte des B\u00e2timents de France et vous dirigera vers les services d&rsquo;urbanisme concern\u00e9s. | Vous souhaitez conna\u00eetre vos droits au logement ? Vous avez une question d&rsquo;ordre juridique, en rapport avec votre logement (propri\u00e9taire et\/ou locataire), des permanences juridiques \u00ab\u00a0droit au logement\u00a0\u00bb sont mises en place sur rendez-vous. | Vous avez des questions ? Le Guichet Unique de l&rsquo;Habitat vous renseigne : Le Guichet Unique de l&rsquo;Habitat re\u00e7oit sur rendez-vous au 222 bis Rue de Vieux-Berquin, 59190 Hazebrouck. | Cadastre solaire de la CCFL | La Communaut\u00e9 de communes Flandre Lys met \u00e0 disposition un nouvel outil pour vous aider \u00e0 identifier le potentiel solaire de votre toit : le cadastre solaire ! En quelques clics, vous conna\u00eetrez la capacit\u00e9 de votre toit et l&rsquo;int\u00e9r\u00eat financier d&rsquo;un projet de production solaire photovolta\u00efque ou thermique : https:\/\/www.cc-flandrelys.fr\/vivre-et-s-installer\/logement\/cadastre-solaire | Devenir propri\u00e9taire en Flandre Lys | Vous souhaitez devenir propri\u00e9taire ? Et si la Flandre-Lys vous aidait ? Votre communaut\u00e9 de communes soutient d\u00e9sormais l\u2019accession \u00e0 la propri\u00e9t\u00e9 ! Montant de l\u2019aide : 5000\u20ac par logement si le m\u00e9nage s&rsquo;est vu octroyer un pr\u00eat \u00e0 taux z\u00e9ro la m\u00eame ann\u00e9e civile que sa demande d&rsquo;aide. 2000\u20ac de surprime travaux avec atteinte (au minimum) de l&rsquo;\u00e9tiquette C apr\u00e8s travaux. | Crit\u00e8res pour obtenir l&rsquo;aide Les b\u00e9n\u00e9ficiaires s&rsquo;engagent \u00e0 occuper le logement au minimum 5 ans (sauf crit\u00e8res repris dans le r\u00e8glement. | Pi\u00e8ces \u00e0 rassembler pour votre dossier En cas de logements class\u00e9s D, E, F ou G : | Obtenir cette subvention | Lutte contre l&rsquo;habitat indigne, bailleurs priv\u00e9s du territoire pour les logements insalubres La Communaut\u00e9 de communes Flandre Lys (CCFL) souhaite r\u00e9sorber le parc indigne et insalubre de son territoire. Cette aide permettra aux propri\u00e9taires de r\u00e9nover leurs logements pour ensuite les louer aux m\u00e9nages les plus modestes. | Quelles aides ? | Liste des pi\u00e8ces \u00e0 fournir pour la signature de la convention | Liste des pi\u00e8ces \u00e0 fournir pour l&rsquo;acompte La premi\u00e8re partie de l&rsquo;aide sera vers\u00e9e \u00e0 la r\u00e9ception de l&rsquo;int\u00e9gralit\u00e9 des pi\u00e8ces. En l&rsquo;absence d&rsquo;un avis favorable de l&rsquo;ANAH dans les 36 mois suivants la signature de pr\u00e9sente, la convention est r\u00e9put\u00e9e caduc. | Liste des pi\u00e8ces \u00e0 fournir pour le solde Service Habitat 500 Rue de la Lys &#8211; 59253 La Gorgue 03 28 50 14 90 habitat@cc-flandrelys.fr https:\/\/www.cc-flandrelys.fr Lundi, mercredi et vendredi : 8h30-12h \/ 13h30-17h Mardi et jeudi : 8h30-12h\" \/>\n<meta property=\"og:url\" content=\"https:\/\/www.haverskerque.fr\/index.php\/aides-au-logement\/\" \/>\n<meta property=\"og:site_name\" content=\"Haverskerque, 100% Nature !*\" \/>\n<meta property=\"article:publisher\" content=\"https:\/\/www.facebook.com\/communehaverskerque\" \/>\n<meta property=\"article:modified_time\" content=\"2026-02-12T14:14:34+00:00\" \/>\n<meta property=\"og:image\" content=\"https:\/\/www.haverskerque.fr\/wp-content\/uploads\/2023\/02\/bandeblanche.jpg\" \/>\n\t<meta property=\"og:image:width\" content=\"593\" \/>\n\t<meta property=\"og:image:height\" content=\"45\" \/>\n\t<meta property=\"og:image:type\" content=\"image\/jpeg\" \/>\n<meta name=\"twitter:card\" content=\"summary_large_image\" \/>\n<meta name=\"twitter:label1\" content=\"Dur\u00e9e de lecture estim\u00e9e\" \/>\n\t<meta name=\"twitter:data1\" content=\"19 minutes\" \/>\n<script type=\"application\/ld+json\" class=\"yoast-schema-graph\">{\"@context\":\"https:\\\/\\\/schema.org\",\"@graph\":[{\"@type\":\"WebPage\",\"@id\":\"https:\\\/\\\/www.haverskerque.fr\\\/index.php\\\/aides-au-logement\\\/\",\"url\":\"https:\\\/\\\/www.haverskerque.fr\\\/index.php\\\/aides-au-logement\\\/\",\"name\":\"Aides au logement * Haverskerque, 100% Nature !*\",\"isPartOf\":{\"@id\":\"https:\\\/\\\/haverskerque.fr\\\/#website\"},\"primaryImageOfPage\":{\"@id\":\"https:\\\/\\\/www.haverskerque.fr\\\/index.php\\\/aides-au-logement\\\/#primaryimage\"},\"image\":{\"@id\":\"https:\\\/\\\/www.haverskerque.fr\\\/index.php\\\/aides-au-logement\\\/#primaryimage\"},\"thumbnailUrl\":\"https:\\\/\\\/haverskerque.fr\\\/wp-content\\\/uploads\\\/2023\\\/02\\\/bandeblanche.jpg\",\"datePublished\":\"2023-06-26T12:29:49+00:00\",\"dateModified\":\"2026-02-12T14:14:34+00:00\",\"breadcrumb\":{\"@id\":\"https:\\\/\\\/www.haverskerque.fr\\\/index.php\\\/aides-au-logement\\\/#breadcrumb\"},\"inLanguage\":\"fr-FR\",\"potentialAction\":[{\"@type\":\"ReadAction\",\"target\":[\"https:\\\/\\\/www.haverskerque.fr\\\/index.php\\\/aides-au-logement\\\/\"]}]},{\"@type\":\"ImageObject\",\"inLanguage\":\"fr-FR\",\"@id\":\"https:\\\/\\\/www.haverskerque.fr\\\/index.php\\\/aides-au-logement\\\/#primaryimage\",\"url\":\"https:\\\/\\\/haverskerque.fr\\\/wp-content\\\/uploads\\\/2023\\\/02\\\/bandeblanche.jpg\",\"contentUrl\":\"https:\\\/\\\/haverskerque.fr\\\/wp-content\\\/uploads\\\/2023\\\/02\\\/bandeblanche.jpg\"},{\"@type\":\"BreadcrumbList\",\"@id\":\"https:\\\/\\\/www.haverskerque.fr\\\/index.php\\\/aides-au-logement\\\/#breadcrumb\",\"itemListElement\":[{\"@type\":\"ListItem\",\"position\":1,\"name\":\"Accueil\",\"item\":\"https:\\\/\\\/www.haverskerque.fr\\\/\"},{\"@type\":\"ListItem\",\"position\":2,\"name\":\"Aides au logement\"}]},{\"@type\":\"WebSite\",\"@id\":\"https:\\\/\\\/haverskerque.fr\\\/#website\",\"url\":\"https:\\\/\\\/haverskerque.fr\\\/\",\"name\":\"Haverskerque\",\"description\":\"Haverskerque, 100% Nature !\",\"publisher\":{\"@id\":\"https:\\\/\\\/haverskerque.fr\\\/#organization\"},\"alternateName\":\"Haverskerque\",\"potentialAction\":[{\"@type\":\"SearchAction\",\"target\":{\"@type\":\"EntryPoint\",\"urlTemplate\":\"https:\\\/\\\/haverskerque.fr\\\/?s={search_term_string}\"},\"query-input\":{\"@type\":\"PropertyValueSpecification\",\"valueRequired\":true,\"valueName\":\"search_term_string\"}}],\"inLanguage\":\"fr-FR\"},{\"@type\":\"Organization\",\"@id\":\"https:\\\/\\\/haverskerque.fr\\\/#organization\",\"name\":\"Commune d'Haverskerque\",\"alternateName\":\"Commune d'Haverskerque\",\"url\":\"https:\\\/\\\/haverskerque.fr\\\/\",\"logo\":{\"@type\":\"ImageObject\",\"inLanguage\":\"fr-FR\",\"@id\":\"https:\\\/\\\/haverskerque.fr\\\/#\\\/schema\\\/logo\\\/image\\\/\",\"url\":\"https:\\\/\\\/haverskerque.fr\\\/wp-content\\\/uploads\\\/2024\\\/01\\\/siteon0-e5814-1.png\",\"contentUrl\":\"https:\\\/\\\/haverskerque.fr\\\/wp-content\\\/uploads\\\/2024\\\/01\\\/siteon0-e5814-1.png\",\"width\":236,\"height\":102,\"caption\":\"Commune d'Haverskerque\"},\"image\":{\"@id\":\"https:\\\/\\\/haverskerque.fr\\\/#\\\/schema\\\/logo\\\/image\\\/\"},\"sameAs\":[\"https:\\\/\\\/www.facebook.com\\\/communehaverskerque\",\"https:\\\/\\\/www.instagram.com\\\/communehaverskerque\\\/\"]}]}<\/script>\n<!-- \/ Yoast SEO plugin. -->","yoast_head_json":{"title":"Aides au logement * Haverskerque, 100% Nature !*","robots":{"index":"index","follow":"follow","max-snippet":"max-snippet:-1","max-image-preview":"max-image-preview:large","max-video-preview":"max-video-preview:-1"},"canonical":"https:\/\/www.haverskerque.fr\/index.php\/aides-au-logement\/","og_locale":"fr_FR","og_type":"article","og_title":"Aides au logement * Haverskerque, 100% Nature !*","og_description":"| Guichet Unique de l&rsquo;Habitat Le Guichet Unique de l&rsquo;Habitat (GUH) est un service gratuit propos\u00e9 par le Syndicat Mixte Flandre et Lys, sur le territoire de la Communaut\u00e9 de communes Flandre Int\u00e9rieure et la Communaut\u00e9 de communes Flandre et Lys. | Pourquoi ? Ce service vous conseille et vous oriente vers les partenaires appropri\u00e9s. Il vous informe des diff\u00e9rents financements possibles pour les projets de r\u00e9novation \u00e9nerg\u00e9tique de votre habitation. | Pour qui ? Le Guichet Unique de l&rsquo;Habitat s&rsquo;adresse : Bon \u00e0 savoir ! | Vous souhaitez r\u00e9nover ou am\u00e9liorer votre logement ? Le Guichet Unique de l&rsquo;Habitat informera les propri\u00e9taires occupants et bailleurs sur les travaux permettant une am\u00e9lioration de la performance \u00e9nerg\u00e9tique de votre logement, vous conseillera sur les mat\u00e9riaux, \u00e9quipements et aides possibles pour financer vos travaux. La conseill\u00e8re France R\u00e9nov vous renseignera lors d&rsquo;un rendez-vous personnalis\u00e9. Concernant la r\u00e9novation \u00e9nerg\u00e9tique de votre logement, \u00e9vitez les arnaques et adopter le bon r\u00e9flexe ! Le syndicat mixte Flandre et Lys et l&rsquo;Espace Conseil France R\u00e9nov vous accompagnent dans la r\u00e9alisation de votre projet de travaux d&rsquo;am\u00e9lioration de l&rsquo;habitat (am\u00e9lioration \u00e9nerg\u00e9tique, traitement de logements d\u00e9grad\u00e9s) en \u00e9tudiant votre projet et mobilisant des subventions publiques provenant de l&rsquo;Agence Nationale pour l&rsquo;Am\u00e9lioration de l&rsquo;Habitat (ANAH), et autres aides financi\u00e8res&#8230; Avant de dire \u00ab\u00a0OUI AUX DEVIS\u00a0\u00bb, demandez un avis : Si vous avez un doute, contactez le Guichet Unique de l&rsquo;Habitat par t\u00e9l\u00e9phone au 03 62 42 00 31 (du lundi au vendredi de 9h \u00e0 12h30) ou guh@sm-flandreetlys.fr Service public neutre et gratuit avec un accueil sur rendez-vous. | Vous souhaitez adapter votre logement pour bien vieillir ? Le Guichet Unique de l&rsquo;Habitat vous aidera \u00e0 trouver le bon interlocuteur pour : | Vous souhaitez acc\u00e9der \u00e0 la propri\u00e9t\u00e9 (aides primo-acc\u00e9dants) ? Le Guichet Unique de l&rsquo;Habitat vous dirigera vers les services concern\u00e9s. Une aide primo-acc\u00e9dant peut vous \u00eatre accord\u00e9e, sur d\u00e9p\u00f4t de dossier et sous conditions, en fonction de votre lieu d&rsquo;habitation. | Vous souhaitez faire les d\u00e9marches administratives pour travaux ? Pour tout savoir sur les d\u00e9marches administratives et les d\u00e9clarations pr\u00e9alables aux travaux, le Guichet Unique de l&rsquo;Habitat vous renseignera sur les permanences de l&rsquo;Architecte des B\u00e2timents de France et vous dirigera vers les services d&rsquo;urbanisme concern\u00e9s. | Vous souhaitez conna\u00eetre vos droits au logement ? Vous avez une question d&rsquo;ordre juridique, en rapport avec votre logement (propri\u00e9taire et\/ou locataire), des permanences juridiques \u00ab\u00a0droit au logement\u00a0\u00bb sont mises en place sur rendez-vous. | Vous avez des questions ? Le Guichet Unique de l&rsquo;Habitat vous renseigne : Le Guichet Unique de l&rsquo;Habitat re\u00e7oit sur rendez-vous au 222 bis Rue de Vieux-Berquin, 59190 Hazebrouck. | Cadastre solaire de la CCFL | La Communaut\u00e9 de communes Flandre Lys met \u00e0 disposition un nouvel outil pour vous aider \u00e0 identifier le potentiel solaire de votre toit : le cadastre solaire ! En quelques clics, vous conna\u00eetrez la capacit\u00e9 de votre toit et l&rsquo;int\u00e9r\u00eat financier d&rsquo;un projet de production solaire photovolta\u00efque ou thermique : https:\/\/www.cc-flandrelys.fr\/vivre-et-s-installer\/logement\/cadastre-solaire | Devenir propri\u00e9taire en Flandre Lys | Vous souhaitez devenir propri\u00e9taire ? Et si la Flandre-Lys vous aidait ? Votre communaut\u00e9 de communes soutient d\u00e9sormais l\u2019accession \u00e0 la propri\u00e9t\u00e9 ! Montant de l\u2019aide : 5000\u20ac par logement si le m\u00e9nage s&rsquo;est vu octroyer un pr\u00eat \u00e0 taux z\u00e9ro la m\u00eame ann\u00e9e civile que sa demande d&rsquo;aide. 2000\u20ac de surprime travaux avec atteinte (au minimum) de l&rsquo;\u00e9tiquette C apr\u00e8s travaux. | Crit\u00e8res pour obtenir l&rsquo;aide Les b\u00e9n\u00e9ficiaires s&rsquo;engagent \u00e0 occuper le logement au minimum 5 ans (sauf crit\u00e8res repris dans le r\u00e8glement. | Pi\u00e8ces \u00e0 rassembler pour votre dossier En cas de logements class\u00e9s D, E, F ou G : | Obtenir cette subvention | Lutte contre l&rsquo;habitat indigne, bailleurs priv\u00e9s du territoire pour les logements insalubres La Communaut\u00e9 de communes Flandre Lys (CCFL) souhaite r\u00e9sorber le parc indigne et insalubre de son territoire. Cette aide permettra aux propri\u00e9taires de r\u00e9nover leurs logements pour ensuite les louer aux m\u00e9nages les plus modestes. | Quelles aides ? | Liste des pi\u00e8ces \u00e0 fournir pour la signature de la convention | Liste des pi\u00e8ces \u00e0 fournir pour l&rsquo;acompte La premi\u00e8re partie de l&rsquo;aide sera vers\u00e9e \u00e0 la r\u00e9ception de l&rsquo;int\u00e9gralit\u00e9 des pi\u00e8ces. En l&rsquo;absence d&rsquo;un avis favorable de l&rsquo;ANAH dans les 36 mois suivants la signature de pr\u00e9sente, la convention est r\u00e9put\u00e9e caduc. | Liste des pi\u00e8ces \u00e0 fournir pour le solde Service Habitat 500 Rue de la Lys &#8211; 59253 La Gorgue 03 28 50 14 90 habitat@cc-flandrelys.fr https:\/\/www.cc-flandrelys.fr Lundi, mercredi et vendredi : 8h30-12h \/ 13h30-17h Mardi et jeudi : 8h30-12h","og_url":"https:\/\/www.haverskerque.fr\/index.php\/aides-au-logement\/","og_site_name":"Haverskerque, 100% Nature !*","article_publisher":"https:\/\/www.facebook.com\/communehaverskerque","article_modified_time":"2026-02-12T14:14:34+00:00","og_image":[{"width":593,"height":45,"url":"https:\/\/www.haverskerque.fr\/wp-content\/uploads\/2023\/02\/bandeblanche.jpg","type":"image\/jpeg"}],"twitter_card":"summary_large_image","twitter_misc":{"Dur\u00e9e de lecture estim\u00e9e":"19 minutes"},"schema":{"@context":"https:\/\/schema.org","@graph":[{"@type":"WebPage","@id":"https:\/\/www.haverskerque.fr\/index.php\/aides-au-logement\/","url":"https:\/\/www.haverskerque.fr\/index.php\/aides-au-logement\/","name":"Aides au logement * Haverskerque, 100% Nature !*","isPartOf":{"@id":"https:\/\/haverskerque.fr\/#website"},"primaryImageOfPage":{"@id":"https:\/\/www.haverskerque.fr\/index.php\/aides-au-logement\/#primaryimage"},"image":{"@id":"https:\/\/www.haverskerque.fr\/index.php\/aides-au-logement\/#primaryimage"},"thumbnailUrl":"https:\/\/haverskerque.fr\/wp-content\/uploads\/2023\/02\/bandeblanche.jpg","datePublished":"2023-06-26T12:29:49+00:00","dateModified":"2026-02-12T14:14:34+00:00","breadcrumb":{"@id":"https:\/\/www.haverskerque.fr\/index.php\/aides-au-logement\/#breadcrumb"},"inLanguage":"fr-FR","potentialAction":[{"@type":"ReadAction","target":["https:\/\/www.haverskerque.fr\/index.php\/aides-au-logement\/"]}]},{"@type":"ImageObject","inLanguage":"fr-FR","@id":"https:\/\/www.haverskerque.fr\/index.php\/aides-au-logement\/#primaryimage","url":"https:\/\/haverskerque.fr\/wp-content\/uploads\/2023\/02\/bandeblanche.jpg","contentUrl":"https:\/\/haverskerque.fr\/wp-content\/uploads\/2023\/02\/bandeblanche.jpg"},{"@type":"BreadcrumbList","@id":"https:\/\/www.haverskerque.fr\/index.php\/aides-au-logement\/#breadcrumb","itemListElement":[{"@type":"ListItem","position":1,"name":"Accueil","item":"https:\/\/www.haverskerque.fr\/"},{"@type":"ListItem","position":2,"name":"Aides au logement"}]},{"@type":"WebSite","@id":"https:\/\/haverskerque.fr\/#website","url":"https:\/\/haverskerque.fr\/","name":"Haverskerque","description":"Haverskerque, 100% Nature !","publisher":{"@id":"https:\/\/haverskerque.fr\/#organization"},"alternateName":"Haverskerque","potentialAction":[{"@type":"SearchAction","target":{"@type":"EntryPoint","urlTemplate":"https:\/\/haverskerque.fr\/?s={search_term_string}"},"query-input":{"@type":"PropertyValueSpecification","valueRequired":true,"valueName":"search_term_string"}}],"inLanguage":"fr-FR"},{"@type":"Organization","@id":"https:\/\/haverskerque.fr\/#organization","name":"Commune d'Haverskerque","alternateName":"Commune d'Haverskerque","url":"https:\/\/haverskerque.fr\/","logo":{"@type":"ImageObject","inLanguage":"fr-FR","@id":"https:\/\/haverskerque.fr\/#\/schema\/logo\/image\/","url":"https:\/\/haverskerque.fr\/wp-content\/uploads\/2024\/01\/siteon0-e5814-1.png","contentUrl":"https:\/\/haverskerque.fr\/wp-content\/uploads\/2024\/01\/siteon0-e5814-1.png","width":236,"height":102,"caption":"Commune d'Haverskerque"},"image":{"@id":"https:\/\/haverskerque.fr\/#\/schema\/logo\/image\/"},"sameAs":["https:\/\/www.facebook.com\/communehaverskerque","https:\/\/www.instagram.com\/communehaverskerque\/"]}]}},"_links":{"self":[{"href":"https:\/\/www.haverskerque.fr\/index.php\/wp-json\/wp\/v2\/pages\/3400","targetHints":{"allow":["GET"]}}],"collection":[{"href":"https:\/\/www.haverskerque.fr\/index.php\/wp-json\/wp\/v2\/pages"}],"about":[{"href":"https:\/\/www.haverskerque.fr\/index.php\/wp-json\/wp\/v2\/types\/page"}],"author":[{"embeddable":true,"href":"https:\/\/www.haverskerque.fr\/index.php\/wp-json\/wp\/v2\/users\/1"}],"replies":[{"embeddable":true,"href":"https:\/\/www.haverskerque.fr\/index.php\/wp-json\/wp\/v2\/comments?post=3400"}],"version-history":[{"count":18,"href":"https:\/\/www.haverskerque.fr\/index.php\/wp-json\/wp\/v2\/pages\/3400\/revisions"}],"predecessor-version":[{"id":10155,"href":"https:\/\/www.haverskerque.fr\/index.php\/wp-json\/wp\/v2\/pages\/3400\/revisions\/10155"}],"wp:attachment":[{"href":"https:\/\/www.haverskerque.fr\/index.php\/wp-json\/wp\/v2\/media?parent=3400"}],"curies":[{"name":"wp","href":"https:\/\/api.w.org\/{rel}","templated":true}]}}