{"id":340,"date":"2023-02-23T16:28:29","date_gmt":"2023-02-23T15:28:29","guid":{"rendered":"http:\/\/barbry.esy.es\/?page_id=340"},"modified":"2026-02-12T14:46:38","modified_gmt":"2026-02-12T13:46:38","slug":"navette-ma-lys","status":"publish","type":"page","link":"https:\/\/www.haverskerque.fr\/index.php\/navette-ma-lys\/","title":{"rendered":"Navette Ma.Lys"},"content":{"rendered":"<div class=\"wp-block-image is-resized\">\n<figure class=\"aligncenter size-large\"><img loading=\"lazy\" decoding=\"async\" width=\"1024\" height=\"576\" src=\"http:\/\/barbry.esy.es\/wp-content\/uploads\/2023\/12\/Navette-Ma.Lys_-1024x576.png\" alt=\"\" class=\"wp-image-6328\" style=\"object-fit:cover;width:700px;height:393px\" srcset=\"https:\/\/www.haverskerque.fr\/wp-content\/uploads\/2023\/12\/Navette-Ma.Lys_-1024x576.png 1024w, https:\/\/www.haverskerque.fr\/wp-content\/uploads\/2023\/12\/Navette-Ma.Lys_-300x169.png 300w, https:\/\/www.haverskerque.fr\/wp-content\/uploads\/2023\/12\/Navette-Ma.Lys_-768x432.png 768w, https:\/\/www.haverskerque.fr\/wp-content\/uploads\/2023\/12\/Navette-Ma.Lys_-1536x864.png 1536w, https:\/\/www.haverskerque.fr\/wp-content\/uploads\/2023\/12\/Navette-Ma.Lys_-1140x641.png 1140w, https:\/\/www.haverskerque.fr\/wp-content\/uploads\/2023\/12\/Navette-Ma.Lys_.png 1920w\" sizes=\"auto, (max-width: 1024px) 100vw, 1024px\" \/><\/figure>\n<\/div>\n\n\n<figure class=\"wp-block-image size-full\"><img loading=\"lazy\" decoding=\"async\" width=\"593\" height=\"45\" src=\"https:\/\/haverskerque.fr\/wp-content\/uploads\/2023\/02\/bandeblanche.jpg\" alt=\"\" class=\"wp-image-381\" srcset=\"https:\/\/www.haverskerque.fr\/wp-content\/uploads\/2023\/02\/bandeblanche.jpg 593w, https:\/\/www.haverskerque.fr\/wp-content\/uploads\/2023\/02\/bandeblanche-300x23.jpg 300w\" sizes=\"auto, (max-width: 593px) 100vw, 593px\" \/><\/figure>\n\n\n\n<p><mark style=\"background-color:rgba(0, 0, 0, 0);color:#00a018\" class=\"has-inline-color\">|<\/mark> <em>Vous n\u2019avez pas de moyen de transport et vous devez vous rendre, en toute tranquillit\u00e9 et facilit\u00e9, \u00e0 un rendez-vous m\u00e9dical ? Faire vos courses ? Rendre visite \u00e0 l\u2019un de vos proches ? Alors embarquez \u00e0 bord de la navette Ma.Lys ! Service propos\u00e9 par la <strong><a href=\"https:\/\/www.cc-flandrelys.fr\" target=\"_blank\" rel=\"noreferrer noopener\">Communaut\u00e9 de communes Flandre Lys<\/a><\/strong><\/em><\/p>\n\n\n\n<figure class=\"wp-block-image size-full\"><img loading=\"lazy\" decoding=\"async\" width=\"593\" height=\"45\" src=\"https:\/\/haverskerque.fr\/wp-content\/uploads\/2023\/02\/bandeblanche.jpg\" alt=\"\" class=\"wp-image-381\" srcset=\"https:\/\/www.haverskerque.fr\/wp-content\/uploads\/2023\/02\/bandeblanche.jpg 593w, https:\/\/www.haverskerque.fr\/wp-content\/uploads\/2023\/02\/bandeblanche-300x23.jpg 300w\" sizes=\"auto, (max-width: 593px) 100vw, 593px\" \/><\/figure>\n\n\n\n<p><strong>D\u00e8s le 2 novembre 2024, embarquez \u00e0 bord de la navette MA.Lys !&nbsp;<\/strong><\/p>\n\n\n\n<p>Ma.Lys, le service de transport \u00e0 la demande sur l&rsquo;ensemble des 8 communes de la CCFL. Ce service revient \u00e0 partir du 2 novembre.<\/p>\n\n\n\n<p>C&rsquo;est un service \u00e0 destination des habitants de la CCFL pour des trajets de plus d&rsquo;1 km sur le territoire de la CCFL. Il fonctionne uniquement sur r\u00e9servation et n\u00e9cessite une inscription au pr\u00e9alable.<\/p>\n\n\n\n<figure class=\"wp-block-image size-full\"><img loading=\"lazy\" decoding=\"async\" width=\"593\" height=\"45\" src=\"https:\/\/haverskerque.fr\/wp-content\/uploads\/2023\/02\/bandeblanche.jpg\" alt=\"\" class=\"wp-image-381\" srcset=\"https:\/\/www.haverskerque.fr\/wp-content\/uploads\/2023\/02\/bandeblanche.jpg 593w, https:\/\/www.haverskerque.fr\/wp-content\/uploads\/2023\/02\/bandeblanche-300x23.jpg 300w\" sizes=\"auto, (max-width: 593px) 100vw, 593px\" \/><\/figure>\n\n\n\n<h3 class=\"wp-block-heading\"><mark style=\"background-color:rgba(0, 0, 0, 0);color:#00a018\" class=\"has-inline-color\">|<\/mark> <strong>Comment \u00e7a fonctionne ?<\/strong><\/h3>\n\n\n\n<figure class=\"wp-block-image size-full\"><img loading=\"lazy\" decoding=\"async\" width=\"593\" height=\"45\" src=\"https:\/\/haverskerque.fr\/wp-content\/uploads\/2023\/02\/bandeblanche.jpg\" alt=\"\" class=\"wp-image-381\" srcset=\"https:\/\/www.haverskerque.fr\/wp-content\/uploads\/2023\/02\/bandeblanche.jpg 593w, https:\/\/www.haverskerque.fr\/wp-content\/uploads\/2023\/02\/bandeblanche-300x23.jpg 300w\" sizes=\"auto, (max-width: 593px) 100vw, 593px\" \/><\/figure>\n\n\n\n<p>Dans un premier temps, r\u00e9servez et pr\u00e9cisez :<\/p>\n\n\n\n<figure class=\"wp-block-image size-full\"><img loading=\"lazy\" decoding=\"async\" width=\"593\" height=\"45\" src=\"https:\/\/haverskerque.fr\/wp-content\/uploads\/2023\/02\/bandeblanche.jpg\" alt=\"\" class=\"wp-image-381\" srcset=\"https:\/\/www.haverskerque.fr\/wp-content\/uploads\/2023\/02\/bandeblanche.jpg 593w, https:\/\/www.haverskerque.fr\/wp-content\/uploads\/2023\/02\/bandeblanche-300x23.jpg 300w\" sizes=\"auto, (max-width: 593px) 100vw, 593px\" \/><\/figure>\n\n\n\n<ul class=\"wp-block-list\">\n<li>Votre <strong>point de d\u00e9part<\/strong>,<\/li>\n<\/ul>\n\n\n\n<p><\/p>\n\n\n\n<ul class=\"wp-block-list\">\n<li>La <strong>date et l\u2019heure souhait\u00e9es<\/strong>,<\/li>\n<\/ul>\n\n\n\n<p><\/p>\n\n\n\n<ul class=\"wp-block-list\">\n<li>Votre <strong>arriv\u00e9e<\/strong>,<\/li>\n<\/ul>\n\n\n\n<p><\/p>\n\n\n\n<ul class=\"wp-block-list\">\n<li>Ainsi que votre <strong>\u00e9ventuel trajet retour<\/strong>.<\/li>\n<\/ul>\n\n\n\n<figure class=\"wp-block-image size-full\"><img loading=\"lazy\" decoding=\"async\" width=\"593\" height=\"45\" src=\"https:\/\/haverskerque.fr\/wp-content\/uploads\/2023\/02\/bandeblanche.jpg\" alt=\"\" class=\"wp-image-381\" srcset=\"https:\/\/www.haverskerque.fr\/wp-content\/uploads\/2023\/02\/bandeblanche.jpg 593w, https:\/\/www.haverskerque.fr\/wp-content\/uploads\/2023\/02\/bandeblanche-300x23.jpg 300w\" sizes=\"auto, (max-width: 593px) 100vw, 593px\" \/><\/figure>\n\n\n\n<p>Ensuite, pr\u00e9sentez-vous \u00e0 votre point de d\u00e9part quelques minutes avant l\u2019heure convenue, achetez votre ticket aupr\u00e8s du conducteur, attachez votre ceinture\u2026 votre trajet peut commencer&nbsp;!<\/p>\n\n\n\n<figure class=\"wp-block-image size-full\"><img loading=\"lazy\" decoding=\"async\" width=\"593\" height=\"45\" src=\"https:\/\/haverskerque.fr\/wp-content\/uploads\/2023\/02\/bandeblanche.jpg\" alt=\"\" class=\"wp-image-381\" srcset=\"https:\/\/www.haverskerque.fr\/wp-content\/uploads\/2023\/02\/bandeblanche.jpg 593w, https:\/\/www.haverskerque.fr\/wp-content\/uploads\/2023\/02\/bandeblanche-300x23.jpg 300w\" sizes=\"auto, (max-width: 593px) 100vw, 593px\" \/><\/figure>\n\n\n\n<p>Retrouvez l&rsquo;ensemble des\u00a0<a href=\"https:\/\/www.cc-flandrelys.fr\/images\/2-VIVRE-ET-S-INSTALLER\/B2_Mobilite\/Ma.Lys\/Flyer_2025.pdf\" target=\"_blank\" rel=\"noreferrer noopener\"><strong>nouvelles conditions d&rsquo;acc\u00e8s \u00e0 la navette Ma.Lys\u00a0<\/strong><\/a>et les\u00a0<a href=\"https:\/\/www.cc-flandrelys.fr\/images\/Flyer_lancement_inscription__pieces_%C3%A0_fournir.pdf\" target=\"_blank\" rel=\"noreferrer noopener\"><strong>pi\u00e8ces justificatives \u00e0 fournir\u00a0<\/strong><\/a>pour votre inscription selon votre cas !\u00a0<\/p>\n\n\n\n<figure class=\"wp-block-image size-full\"><img loading=\"lazy\" decoding=\"async\" width=\"593\" height=\"45\" src=\"https:\/\/haverskerque.fr\/wp-content\/uploads\/2023\/02\/bandeblanche.jpg\" alt=\"\" class=\"wp-image-381\" srcset=\"https:\/\/www.haverskerque.fr\/wp-content\/uploads\/2023\/02\/bandeblanche.jpg 593w, https:\/\/www.haverskerque.fr\/wp-content\/uploads\/2023\/02\/bandeblanche-300x23.jpg 300w\" sizes=\"auto, (max-width: 593px) 100vw, 593px\" \/><\/figure>\n\n\n\n<h3 class=\"wp-block-heading\"><mark style=\"background-color:rgba(0, 0, 0, 0);color:#00a018\" class=\"has-inline-color\">|<\/mark> <strong>\u00c0 noter<\/strong><\/h3>\n\n\n\n<figure class=\"wp-block-image size-full\"><img loading=\"lazy\" decoding=\"async\" width=\"593\" height=\"45\" src=\"https:\/\/haverskerque.fr\/wp-content\/uploads\/2023\/02\/bandeblanche.jpg\" alt=\"\" class=\"wp-image-381\" srcset=\"https:\/\/www.haverskerque.fr\/wp-content\/uploads\/2023\/02\/bandeblanche.jpg 593w, https:\/\/www.haverskerque.fr\/wp-content\/uploads\/2023\/02\/bandeblanche-300x23.jpg 300w\" sizes=\"auto, (max-width: 593px) 100vw, 593px\" \/><\/figure>\n\n\n\n<ul class=\"wp-block-list\">\n<li>Le service fonctionne <strong>uniquement sur r\u00e9servation<\/strong> au <strong>03 74 47 23 39<\/strong> ou <strong><a href=\"mailto:Malys@toc-toc.fr\" target=\"_blank\" rel=\"noreferrer noopener\">Malys@toc-toc.fr<\/a><\/strong> <strong>du lundi au vendredi de 9h \u00e0 17h<\/strong><\/li>\n<\/ul>\n\n\n\n<p><\/p>\n\n\n\n<ul class=\"wp-block-list\">\n<li><strong>Horaires de la navette : du lundi au vendredi de 6h \u00e0 21h<\/strong><\/li>\n<\/ul>\n\n\n\n<p><\/p>\n\n\n\n<ul class=\"wp-block-list\">\n<li>La navette effectuera les ramassages et d\u00e9p\u00f4ts chez le demandeur<\/li>\n<\/ul>\n\n\n\n<p><\/p>\n\n\n\n<ul class=\"wp-block-list\">\n<li>Les d\u00e9parts et arriv\u00e9es s\u2019effectuent <strong>uniquement sur les 8 communes Flandre Lys<\/strong> (Haverskerque, Merville, Lestrem, Estaires, La Gorgue, Laventie, Sailly-sur-la-Lys, Fleurbaix)<\/li>\n<\/ul>\n\n\n\n<p><\/p>\n\n\n\n<figure class=\"wp-block-image size-full\"><img loading=\"lazy\" decoding=\"async\" width=\"593\" height=\"45\" src=\"https:\/\/haverskerque.fr\/wp-content\/uploads\/2023\/02\/bandeblanche.jpg\" alt=\"\" class=\"wp-image-381\" srcset=\"https:\/\/www.haverskerque.fr\/wp-content\/uploads\/2023\/02\/bandeblanche.jpg 593w, https:\/\/www.haverskerque.fr\/wp-content\/uploads\/2023\/02\/bandeblanche-300x23.jpg 300w\" sizes=\"auto, (max-width: 593px) 100vw, 593px\" \/><\/figure>\n\n\n\n<h3 class=\"wp-block-heading\"><mark style=\"background-color:rgba(0, 0, 0, 0);color:#00a018\" class=\"has-inline-color\">|<\/mark> <strong>R\u00e9servation<\/strong><\/h3>\n\n\n\n<figure class=\"wp-block-image size-full\"><img loading=\"lazy\" decoding=\"async\" width=\"593\" height=\"45\" src=\"https:\/\/haverskerque.fr\/wp-content\/uploads\/2023\/02\/bandeblanche.jpg\" alt=\"\" class=\"wp-image-381\" srcset=\"https:\/\/www.haverskerque.fr\/wp-content\/uploads\/2023\/02\/bandeblanche.jpg 593w, https:\/\/www.haverskerque.fr\/wp-content\/uploads\/2023\/02\/bandeblanche-300x23.jpg 300w\" sizes=\"auto, (max-width: 593px) 100vw, 593px\" \/><\/figure>\n\n\n\n<p>Le premier contact client doit s\u2019effectuer par t\u00e9l\u00e9phone pour cr\u00e9er le dossier d&rsquo;usager avec les pi\u00e8ces justificatives qui vous seront demand\u00e9es.<\/p>\n\n\n\n<figure class=\"wp-block-image size-full\"><img loading=\"lazy\" decoding=\"async\" width=\"593\" height=\"45\" src=\"https:\/\/haverskerque.fr\/wp-content\/uploads\/2023\/02\/bandeblanche.jpg\" alt=\"\" class=\"wp-image-381\" srcset=\"https:\/\/www.haverskerque.fr\/wp-content\/uploads\/2023\/02\/bandeblanche.jpg 593w, https:\/\/www.haverskerque.fr\/wp-content\/uploads\/2023\/02\/bandeblanche-300x23.jpg 300w\" sizes=\"auto, (max-width: 593px) 100vw, 593px\" \/><\/figure>\n\n\n\n<ul class=\"wp-block-list\">\n<li>Uniquement sur r\u00e9servation (\u00e0 r\u00e9server au plus tard la veille de votre d\u00e9placement avant 17h)<\/li>\n<\/ul>\n\n\n\n<p><\/p>\n\n\n\n<ul class=\"wp-block-list\">\n<li>Par t\u00e9l\u00e9phone au <strong>03 74 47 23 39\u00a0<\/strong>(<span style=\"text-decoration: underline;\">\u00e0 partir du 28\/10\/2024<\/span>)<\/li>\n<\/ul>\n\n\n\n<p><\/p>\n\n\n\n<ul class=\"wp-block-list\">\n<li>Par mail \u00e0 <strong><a href=\"mailto:Malys@toc-toc.fr\" target=\"_blank\" rel=\"noreferrer noopener\">Malys@toc-toc.fr<\/a><\/strong><\/li>\n<\/ul>\n\n\n\n<figure class=\"wp-block-image size-full\"><img loading=\"lazy\" decoding=\"async\" width=\"593\" height=\"45\" src=\"https:\/\/haverskerque.fr\/wp-content\/uploads\/2023\/02\/bandeblanche.jpg\" alt=\"\" class=\"wp-image-381\" srcset=\"https:\/\/www.haverskerque.fr\/wp-content\/uploads\/2023\/02\/bandeblanche.jpg 593w, https:\/\/www.haverskerque.fr\/wp-content\/uploads\/2023\/02\/bandeblanche-300x23.jpg 300w\" sizes=\"auto, (max-width: 593px) 100vw, 593px\" \/><\/figure>\n\n\n<div class=\"wp-block-image\">\n<figure class=\"aligncenter size-full\"><img loading=\"lazy\" decoding=\"async\" width=\"600\" height=\"200\" src=\"http:\/\/barbry.esy.es\/wp-content\/uploads\/2023\/02\/navette_malys-54347.png\" alt=\"\" class=\"wp-image-341\" srcset=\"https:\/\/www.haverskerque.fr\/wp-content\/uploads\/2023\/02\/navette_malys-54347.png 600w, https:\/\/www.haverskerque.fr\/wp-content\/uploads\/2023\/02\/navette_malys-54347-300x100.png 300w\" sizes=\"auto, (max-width: 600px) 100vw, 600px\" \/><\/figure>\n<\/div>","protected":false},"excerpt":{"rendered":"<p>| Vous n\u2019avez pas de moyen de transport et vous devez vous rendre, en toute tranquillit\u00e9 et facilit\u00e9, \u00e0 un rendez-vous m\u00e9dical ? Faire vos courses ? Rendre visite \u00e0 l\u2019un de vos proches ? Alors embarquez \u00e0 bord de la navette Ma.Lys ! Service propos\u00e9 par la Communaut\u00e9 de communes Flandre Lys D\u00e8s le 2 novembre 2024, embarquez \u00e0 bord de la navette MA.Lys !&nbsp; Ma.Lys, le service de transport \u00e0 la demande sur l&rsquo;ensemble des 8 communes de la CCFL. Ce service revient \u00e0 partir du 2 novembre. C&rsquo;est un service \u00e0 destination des habitants de la CCFL pour des trajets de plus d&rsquo;1 km sur le territoire de la CCFL. Il fonctionne uniquement sur r\u00e9servation et n\u00e9cessite une inscription au pr\u00e9alable. | Comment \u00e7a fonctionne ? Dans un premier temps, r\u00e9servez et pr\u00e9cisez : Ensuite, pr\u00e9sentez-vous \u00e0 votre point de d\u00e9part quelques minutes avant l\u2019heure convenue, achetez votre ticket aupr\u00e8s du conducteur, attachez votre ceinture\u2026 votre trajet peut commencer&nbsp;! Retrouvez l&rsquo;ensemble des\u00a0nouvelles conditions d&rsquo;acc\u00e8s \u00e0 la navette Ma.Lys\u00a0et les\u00a0pi\u00e8ces justificatives \u00e0 fournir\u00a0pour votre inscription selon votre cas !\u00a0 | \u00c0 noter | R\u00e9servation Le premier contact client doit s\u2019effectuer par t\u00e9l\u00e9phone pour cr\u00e9er le dossier d&rsquo;usager avec les pi\u00e8ces justificatives qui vous seront demand\u00e9es.<\/p>\n","protected":false},"author":1,"featured_media":0,"parent":0,"menu_order":0,"comment_status":"closed","ping_status":"closed","template":"","meta":{"cybocfi_hide_featured_image":"","footnotes":""},"class_list":["post-340","page","type-page","status-publish","hentry"],"yoast_head":"<!-- This site is optimized with the Yoast SEO plugin v27.5 - https:\/\/yoast.com\/product\/yoast-seo-wordpress\/ -->\n<title>Navette Ma.Lys * Haverskerque, 100% Nature !*<\/title>\n<meta name=\"robots\" content=\"index, follow, max-snippet:-1, max-image-preview:large, max-video-preview:-1\" \/>\n<link rel=\"canonical\" href=\"https:\/\/www.haverskerque.fr\/index.php\/navette-ma-lys\/\" \/>\n<meta property=\"og:locale\" content=\"fr_FR\" \/>\n<meta property=\"og:type\" content=\"article\" \/>\n<meta property=\"og:title\" content=\"Navette Ma.Lys * Haverskerque, 100% Nature !*\" \/>\n<meta property=\"og:description\" content=\"| Vous n\u2019avez pas de moyen de transport et vous devez vous rendre, en toute tranquillit\u00e9 et facilit\u00e9, \u00e0 un rendez-vous m\u00e9dical ? Faire vos courses ? Rendre visite \u00e0 l\u2019un de vos proches ? Alors embarquez \u00e0 bord de la navette Ma.Lys ! Service propos\u00e9 par la Communaut\u00e9 de communes Flandre Lys D\u00e8s le 2 novembre 2024, embarquez \u00e0 bord de la navette MA.Lys !&nbsp; Ma.Lys, le service de transport \u00e0 la demande sur l&rsquo;ensemble des 8 communes de la CCFL. Ce service revient \u00e0 partir du 2 novembre. C&rsquo;est un service \u00e0 destination des habitants de la CCFL pour des trajets de plus d&rsquo;1 km sur le territoire de la CCFL. Il fonctionne uniquement sur r\u00e9servation et n\u00e9cessite une inscription au pr\u00e9alable. | Comment \u00e7a fonctionne ? Dans un premier temps, r\u00e9servez et pr\u00e9cisez : Ensuite, pr\u00e9sentez-vous \u00e0 votre point de d\u00e9part quelques minutes avant l\u2019heure convenue, achetez votre ticket aupr\u00e8s du conducteur, attachez votre ceinture\u2026 votre trajet peut commencer&nbsp;! Retrouvez l&rsquo;ensemble des\u00a0nouvelles conditions d&rsquo;acc\u00e8s \u00e0 la navette Ma.Lys\u00a0et les\u00a0pi\u00e8ces justificatives \u00e0 fournir\u00a0pour votre inscription selon votre cas !\u00a0 | \u00c0 noter | R\u00e9servation Le premier contact client doit s\u2019effectuer par t\u00e9l\u00e9phone pour cr\u00e9er le dossier d&rsquo;usager avec les pi\u00e8ces justificatives qui vous seront demand\u00e9es.\" \/>\n<meta property=\"og:url\" content=\"https:\/\/www.haverskerque.fr\/index.php\/navette-ma-lys\/\" \/>\n<meta property=\"og:site_name\" content=\"Haverskerque, 100% Nature !*\" \/>\n<meta property=\"article:publisher\" content=\"https:\/\/www.facebook.com\/communehaverskerque\" \/>\n<meta property=\"article:modified_time\" content=\"2026-02-12T13:46:38+00:00\" \/>\n<meta property=\"og:image\" content=\"https:\/\/www.haverskerque.fr\/wp-content\/uploads\/2023\/12\/Navette-Ma.Lys_.png\" \/>\n\t<meta property=\"og:image:width\" content=\"1920\" \/>\n\t<meta property=\"og:image:height\" content=\"1080\" \/>\n\t<meta property=\"og:image:type\" content=\"image\/png\" \/>\n<meta name=\"twitter:card\" content=\"summary_large_image\" \/>\n<meta name=\"twitter:label1\" content=\"Dur\u00e9e de lecture estim\u00e9e\" \/>\n\t<meta name=\"twitter:data1\" content=\"5 minutes\" \/>\n<script type=\"application\/ld+json\" class=\"yoast-schema-graph\">{\"@context\":\"https:\\\/\\\/schema.org\",\"@graph\":[{\"@type\":\"WebPage\",\"@id\":\"https:\\\/\\\/www.haverskerque.fr\\\/index.php\\\/navette-ma-lys\\\/\",\"url\":\"https:\\\/\\\/www.haverskerque.fr\\\/index.php\\\/navette-ma-lys\\\/\",\"name\":\"Navette Ma.Lys * Haverskerque, 100% Nature !*\",\"isPartOf\":{\"@id\":\"https:\\\/\\\/haverskerque.fr\\\/#website\"},\"primaryImageOfPage\":{\"@id\":\"https:\\\/\\\/www.haverskerque.fr\\\/index.php\\\/navette-ma-lys\\\/#primaryimage\"},\"image\":{\"@id\":\"https:\\\/\\\/www.haverskerque.fr\\\/index.php\\\/navette-ma-lys\\\/#primaryimage\"},\"thumbnailUrl\":\"http:\\\/\\\/barbry.esy.es\\\/wp-content\\\/uploads\\\/2023\\\/12\\\/Navette-Ma.Lys_-1024x576.png\",\"datePublished\":\"2023-02-23T15:28:29+00:00\",\"dateModified\":\"2026-02-12T13:46:38+00:00\",\"breadcrumb\":{\"@id\":\"https:\\\/\\\/www.haverskerque.fr\\\/index.php\\\/navette-ma-lys\\\/#breadcrumb\"},\"inLanguage\":\"fr-FR\",\"potentialAction\":[{\"@type\":\"ReadAction\",\"target\":[\"https:\\\/\\\/www.haverskerque.fr\\\/index.php\\\/navette-ma-lys\\\/\"]}]},{\"@type\":\"ImageObject\",\"inLanguage\":\"fr-FR\",\"@id\":\"https:\\\/\\\/www.haverskerque.fr\\\/index.php\\\/navette-ma-lys\\\/#primaryimage\",\"url\":\"http:\\\/\\\/barbry.esy.es\\\/wp-content\\\/uploads\\\/2023\\\/12\\\/Navette-Ma.Lys_-1024x576.png\",\"contentUrl\":\"http:\\\/\\\/barbry.esy.es\\\/wp-content\\\/uploads\\\/2023\\\/12\\\/Navette-Ma.Lys_-1024x576.png\"},{\"@type\":\"BreadcrumbList\",\"@id\":\"https:\\\/\\\/www.haverskerque.fr\\\/index.php\\\/navette-ma-lys\\\/#breadcrumb\",\"itemListElement\":[{\"@type\":\"ListItem\",\"position\":1,\"name\":\"Accueil\",\"item\":\"https:\\\/\\\/www.haverskerque.fr\\\/\"},{\"@type\":\"ListItem\",\"position\":2,\"name\":\"Navette Ma.Lys\"}]},{\"@type\":\"WebSite\",\"@id\":\"https:\\\/\\\/haverskerque.fr\\\/#website\",\"url\":\"https:\\\/\\\/haverskerque.fr\\\/\",\"name\":\"Haverskerque\",\"description\":\"Haverskerque, 100% Nature !\",\"publisher\":{\"@id\":\"https:\\\/\\\/haverskerque.fr\\\/#organization\"},\"alternateName\":\"Haverskerque\",\"potentialAction\":[{\"@type\":\"SearchAction\",\"target\":{\"@type\":\"EntryPoint\",\"urlTemplate\":\"https:\\\/\\\/haverskerque.fr\\\/?s={search_term_string}\"},\"query-input\":{\"@type\":\"PropertyValueSpecification\",\"valueRequired\":true,\"valueName\":\"search_term_string\"}}],\"inLanguage\":\"fr-FR\"},{\"@type\":\"Organization\",\"@id\":\"https:\\\/\\\/haverskerque.fr\\\/#organization\",\"name\":\"Commune d'Haverskerque\",\"alternateName\":\"Commune d'Haverskerque\",\"url\":\"https:\\\/\\\/haverskerque.fr\\\/\",\"logo\":{\"@type\":\"ImageObject\",\"inLanguage\":\"fr-FR\",\"@id\":\"https:\\\/\\\/haverskerque.fr\\\/#\\\/schema\\\/logo\\\/image\\\/\",\"url\":\"https:\\\/\\\/haverskerque.fr\\\/wp-content\\\/uploads\\\/2024\\\/01\\\/siteon0-e5814-1.png\",\"contentUrl\":\"https:\\\/\\\/haverskerque.fr\\\/wp-content\\\/uploads\\\/2024\\\/01\\\/siteon0-e5814-1.png\",\"width\":236,\"height\":102,\"caption\":\"Commune d'Haverskerque\"},\"image\":{\"@id\":\"https:\\\/\\\/haverskerque.fr\\\/#\\\/schema\\\/logo\\\/image\\\/\"},\"sameAs\":[\"https:\\\/\\\/www.facebook.com\\\/communehaverskerque\",\"https:\\\/\\\/www.instagram.com\\\/communehaverskerque\\\/\"]}]}<\/script>\n<!-- \/ Yoast SEO plugin. -->","yoast_head_json":{"title":"Navette Ma.Lys * Haverskerque, 100% Nature !*","robots":{"index":"index","follow":"follow","max-snippet":"max-snippet:-1","max-image-preview":"max-image-preview:large","max-video-preview":"max-video-preview:-1"},"canonical":"https:\/\/www.haverskerque.fr\/index.php\/navette-ma-lys\/","og_locale":"fr_FR","og_type":"article","og_title":"Navette Ma.Lys * Haverskerque, 100% Nature !*","og_description":"| Vous n\u2019avez pas de moyen de transport et vous devez vous rendre, en toute tranquillit\u00e9 et facilit\u00e9, \u00e0 un rendez-vous m\u00e9dical ? Faire vos courses ? Rendre visite \u00e0 l\u2019un de vos proches ? Alors embarquez \u00e0 bord de la navette Ma.Lys ! Service propos\u00e9 par la Communaut\u00e9 de communes Flandre Lys D\u00e8s le 2 novembre 2024, embarquez \u00e0 bord de la navette MA.Lys !&nbsp; Ma.Lys, le service de transport \u00e0 la demande sur l&rsquo;ensemble des 8 communes de la CCFL. Ce service revient \u00e0 partir du 2 novembre. C&rsquo;est un service \u00e0 destination des habitants de la CCFL pour des trajets de plus d&rsquo;1 km sur le territoire de la CCFL. Il fonctionne uniquement sur r\u00e9servation et n\u00e9cessite une inscription au pr\u00e9alable. | Comment \u00e7a fonctionne ? Dans un premier temps, r\u00e9servez et pr\u00e9cisez : Ensuite, pr\u00e9sentez-vous \u00e0 votre point de d\u00e9part quelques minutes avant l\u2019heure convenue, achetez votre ticket aupr\u00e8s du conducteur, attachez votre ceinture\u2026 votre trajet peut commencer&nbsp;! Retrouvez l&rsquo;ensemble des\u00a0nouvelles conditions d&rsquo;acc\u00e8s \u00e0 la navette Ma.Lys\u00a0et les\u00a0pi\u00e8ces justificatives \u00e0 fournir\u00a0pour votre inscription selon votre cas !\u00a0 | \u00c0 noter | R\u00e9servation Le premier contact client doit s\u2019effectuer par t\u00e9l\u00e9phone pour cr\u00e9er le dossier d&rsquo;usager avec les pi\u00e8ces justificatives qui vous seront demand\u00e9es.","og_url":"https:\/\/www.haverskerque.fr\/index.php\/navette-ma-lys\/","og_site_name":"Haverskerque, 100% Nature !*","article_publisher":"https:\/\/www.facebook.com\/communehaverskerque","article_modified_time":"2026-02-12T13:46:38+00:00","og_image":[{"width":1920,"height":1080,"url":"https:\/\/www.haverskerque.fr\/wp-content\/uploads\/2023\/12\/Navette-Ma.Lys_.png","type":"image\/png"}],"twitter_card":"summary_large_image","twitter_misc":{"Dur\u00e9e de lecture estim\u00e9e":"5 minutes"},"schema":{"@context":"https:\/\/schema.org","@graph":[{"@type":"WebPage","@id":"https:\/\/www.haverskerque.fr\/index.php\/navette-ma-lys\/","url":"https:\/\/www.haverskerque.fr\/index.php\/navette-ma-lys\/","name":"Navette Ma.Lys * Haverskerque, 100% Nature !*","isPartOf":{"@id":"https:\/\/haverskerque.fr\/#website"},"primaryImageOfPage":{"@id":"https:\/\/www.haverskerque.fr\/index.php\/navette-ma-lys\/#primaryimage"},"image":{"@id":"https:\/\/www.haverskerque.fr\/index.php\/navette-ma-lys\/#primaryimage"},"thumbnailUrl":"http:\/\/barbry.esy.es\/wp-content\/uploads\/2023\/12\/Navette-Ma.Lys_-1024x576.png","datePublished":"2023-02-23T15:28:29+00:00","dateModified":"2026-02-12T13:46:38+00:00","breadcrumb":{"@id":"https:\/\/www.haverskerque.fr\/index.php\/navette-ma-lys\/#breadcrumb"},"inLanguage":"fr-FR","potentialAction":[{"@type":"ReadAction","target":["https:\/\/www.haverskerque.fr\/index.php\/navette-ma-lys\/"]}]},{"@type":"ImageObject","inLanguage":"fr-FR","@id":"https:\/\/www.haverskerque.fr\/index.php\/navette-ma-lys\/#primaryimage","url":"http:\/\/barbry.esy.es\/wp-content\/uploads\/2023\/12\/Navette-Ma.Lys_-1024x576.png","contentUrl":"http:\/\/barbry.esy.es\/wp-content\/uploads\/2023\/12\/Navette-Ma.Lys_-1024x576.png"},{"@type":"BreadcrumbList","@id":"https:\/\/www.haverskerque.fr\/index.php\/navette-ma-lys\/#breadcrumb","itemListElement":[{"@type":"ListItem","position":1,"name":"Accueil","item":"https:\/\/www.haverskerque.fr\/"},{"@type":"ListItem","position":2,"name":"Navette Ma.Lys"}]},{"@type":"WebSite","@id":"https:\/\/haverskerque.fr\/#website","url":"https:\/\/haverskerque.fr\/","name":"Haverskerque","description":"Haverskerque, 100% Nature !","publisher":{"@id":"https:\/\/haverskerque.fr\/#organization"},"alternateName":"Haverskerque","potentialAction":[{"@type":"SearchAction","target":{"@type":"EntryPoint","urlTemplate":"https:\/\/haverskerque.fr\/?s={search_term_string}"},"query-input":{"@type":"PropertyValueSpecification","valueRequired":true,"valueName":"search_term_string"}}],"inLanguage":"fr-FR"},{"@type":"Organization","@id":"https:\/\/haverskerque.fr\/#organization","name":"Commune d'Haverskerque","alternateName":"Commune d'Haverskerque","url":"https:\/\/haverskerque.fr\/","logo":{"@type":"ImageObject","inLanguage":"fr-FR","@id":"https:\/\/haverskerque.fr\/#\/schema\/logo\/image\/","url":"https:\/\/haverskerque.fr\/wp-content\/uploads\/2024\/01\/siteon0-e5814-1.png","contentUrl":"https:\/\/haverskerque.fr\/wp-content\/uploads\/2024\/01\/siteon0-e5814-1.png","width":236,"height":102,"caption":"Commune d'Haverskerque"},"image":{"@id":"https:\/\/haverskerque.fr\/#\/schema\/logo\/image\/"},"sameAs":["https:\/\/www.facebook.com\/communehaverskerque","https:\/\/www.instagram.com\/communehaverskerque\/"]}]}},"_links":{"self":[{"href":"https:\/\/www.haverskerque.fr\/index.php\/wp-json\/wp\/v2\/pages\/340","targetHints":{"allow":["GET"]}}],"collection":[{"href":"https:\/\/www.haverskerque.fr\/index.php\/wp-json\/wp\/v2\/pages"}],"about":[{"href":"https:\/\/www.haverskerque.fr\/index.php\/wp-json\/wp\/v2\/types\/page"}],"author":[{"embeddable":true,"href":"https:\/\/www.haverskerque.fr\/index.php\/wp-json\/wp\/v2\/users\/1"}],"replies":[{"embeddable":true,"href":"https:\/\/www.haverskerque.fr\/index.php\/wp-json\/wp\/v2\/comments?post=340"}],"version-history":[{"count":27,"href":"https:\/\/www.haverskerque.fr\/index.php\/wp-json\/wp\/v2\/pages\/340\/revisions"}],"predecessor-version":[{"id":10148,"href":"https:\/\/www.haverskerque.fr\/index.php\/wp-json\/wp\/v2\/pages\/340\/revisions\/10148"}],"wp:attachment":[{"href":"https:\/\/www.haverskerque.fr\/index.php\/wp-json\/wp\/v2\/media?parent=340"}],"curies":[{"name":"wp","href":"https:\/\/api.w.org\/{rel}","templated":true}]}}