{"id":3398,"date":"2023-06-26T14:29:26","date_gmt":"2023-06-26T12:29:26","guid":{"rendered":"http:\/\/barbry.esy.es\/?page_id=3398"},"modified":"2026-02-12T15:20:10","modified_gmt":"2026-02-12T14:20:10","slug":"autorisations-durbanisme","status":"publish","type":"page","link":"https:\/\/www.haverskerque.fr\/index.php\/autorisations-durbanisme\/","title":{"rendered":"Autorisations d&rsquo;urbanisme"},"content":{"rendered":"\n<figure class=\"wp-block-image size-full is-resized\"><img loading=\"lazy\" decoding=\"async\" width=\"593\" height=\"45\" src=\"https:\/\/haverskerque.fr\/wp-content\/uploads\/2023\/02\/bandeblanche.jpg\" alt=\"\" class=\"wp-image-381\" style=\"width:593px;height:auto\" srcset=\"https:\/\/www.haverskerque.fr\/wp-content\/uploads\/2023\/02\/bandeblanche.jpg 593w, https:\/\/www.haverskerque.fr\/wp-content\/uploads\/2023\/02\/bandeblanche-300x23.jpg 300w\" sizes=\"auto, (max-width: 593px) 100vw, 593px\" \/><\/figure>\n\n\n\n<h3 class=\"wp-block-heading\"><mark style=\"background-color:rgba(0, 0, 0, 0);color:#00a018\" class=\"has-inline-color\">|<\/mark> <strong>Guichet Num\u00e9rique des Autorisations d\u2019Urbanisme (GNAU)<\/strong><\/h3>\n\n\n\n<figure class=\"wp-block-image size-full is-resized\"><img loading=\"lazy\" decoding=\"async\" width=\"593\" height=\"45\" src=\"https:\/\/haverskerque.fr\/wp-content\/uploads\/2023\/02\/bandeblanche.jpg\" alt=\"\" class=\"wp-image-381\" style=\"width:593px;height:auto\" srcset=\"https:\/\/www.haverskerque.fr\/wp-content\/uploads\/2023\/02\/bandeblanche.jpg 593w, https:\/\/www.haverskerque.fr\/wp-content\/uploads\/2023\/02\/bandeblanche-300x23.jpg 300w\" sizes=\"auto, (max-width: 593px) 100vw, 593px\" \/><\/figure>\n\n\n\n<p><strong>Au 1er janvier 2022<\/strong>, d\u00e9posez toutes vos demandes d\u2019autorisation d\u2019urbanisme en ligne via le Guichet Num\u00e9rique des Autorisation d\u2019Urbanisme (GNAU)&nbsp;:<\/p>\n\n\n\n<p>Pour tous projets concernant les communes&nbsp;<strong>d\u2019Estaires, Fleurbaix, Haverskerque, Merville, Laventie, Lestrem et Sailly-sur-la-Lys<\/strong>&nbsp;;<\/p>\n\n\n\n<figure class=\"wp-block-image size-full is-resized\"><img loading=\"lazy\" decoding=\"async\" width=\"593\" height=\"45\" src=\"https:\/\/haverskerque.fr\/wp-content\/uploads\/2023\/02\/bandeblanche.jpg\" alt=\"\" class=\"wp-image-381\" style=\"width:593px;height:auto\" srcset=\"https:\/\/www.haverskerque.fr\/wp-content\/uploads\/2023\/02\/bandeblanche.jpg 593w, https:\/\/www.haverskerque.fr\/wp-content\/uploads\/2023\/02\/bandeblanche-300x23.jpg 300w\" sizes=\"auto, (max-width: 593px) 100vw, 593px\" \/><\/figure>\n\n\n\n<p><mark style=\"background-color:rgba(0, 0, 0, 0);color:#00a018\" class=\"has-inline-color\">|<\/mark> <em>Pour les demandes suivantes<\/em><\/p>\n\n\n\n<figure class=\"wp-block-image size-full is-resized\"><img loading=\"lazy\" decoding=\"async\" width=\"593\" height=\"45\" src=\"https:\/\/haverskerque.fr\/wp-content\/uploads\/2023\/02\/bandeblanche.jpg\" alt=\"\" class=\"wp-image-381\" style=\"width:593px;height:auto\" srcset=\"https:\/\/www.haverskerque.fr\/wp-content\/uploads\/2023\/02\/bandeblanche.jpg 593w, https:\/\/www.haverskerque.fr\/wp-content\/uploads\/2023\/02\/bandeblanche-300x23.jpg 300w\" sizes=\"auto, (max-width: 593px) 100vw, 593px\" \/><\/figure>\n\n\n\n<ul class=\"wp-block-list\">\n<li>Permis de construire (PC ou PCMI)<\/li>\n<\/ul>\n\n\n\n<p><\/p>\n\n\n\n<ul class=\"wp-block-list\">\n<li>Permis de d\u00e9molir (PD)<\/li>\n<\/ul>\n\n\n\n<p><\/p>\n\n\n\n<ul class=\"wp-block-list\">\n<li>Permis d&rsquo;am\u00e9nager (PA)<\/li>\n<\/ul>\n\n\n\n<p><\/p>\n\n\n\n<ul class=\"wp-block-list\">\n<li>Certificats d&rsquo;urbanisme op\u00e9rationnel (CUb) ou d&rsquo;information (CUa)<\/li>\n<\/ul>\n\n\n\n<p><\/p>\n\n\n\n<ul class=\"wp-block-list\">\n<li>D\u00e9clarations pr\u00e9alables pour maison individuelle (DPMI), classique (DP) ou valant lotissement (DPLT)<\/li>\n<\/ul>\n\n\n\n<figure class=\"wp-block-image size-full is-resized\"><img loading=\"lazy\" decoding=\"async\" width=\"593\" height=\"45\" src=\"https:\/\/haverskerque.fr\/wp-content\/uploads\/2023\/02\/bandeblanche.jpg\" alt=\"\" class=\"wp-image-381\" style=\"width:593px;height:auto\" srcset=\"https:\/\/www.haverskerque.fr\/wp-content\/uploads\/2023\/02\/bandeblanche.jpg 593w, https:\/\/www.haverskerque.fr\/wp-content\/uploads\/2023\/02\/bandeblanche-300x23.jpg 300w\" sizes=\"auto, (max-width: 593px) 100vw, 593px\" \/><\/figure>\n\n\n\n<p><mark style=\"background-color:rgba(0, 0, 0, 0);color:#00a018\" class=\"has-inline-color\">|<\/mark> <em>De nombreux avantages vous attendent<\/em><\/p>\n\n\n\n<figure class=\"wp-block-image size-full is-resized\"><img loading=\"lazy\" decoding=\"async\" width=\"593\" height=\"45\" src=\"https:\/\/haverskerque.fr\/wp-content\/uploads\/2023\/02\/bandeblanche.jpg\" alt=\"\" class=\"wp-image-381\" style=\"width:593px;height:auto\" srcset=\"https:\/\/www.haverskerque.fr\/wp-content\/uploads\/2023\/02\/bandeblanche.jpg 593w, https:\/\/www.haverskerque.fr\/wp-content\/uploads\/2023\/02\/bandeblanche-300x23.jpg 300w\" sizes=\"auto, (max-width: 593px) 100vw, 593px\" \/><\/figure>\n\n\n\n<p>1. Temps maitris\u00e9&nbsp;: plateforme accessible 24h\/24, suivi en temps r\u00e9el de la d\u00e9marche.<\/p>\n\n\n\n<p><br>2. S\u00e9curis\u00e9&nbsp;: compte personnel, plateforme soumis \u00e0 la protection des donn\u00e9es.<\/p>\n\n\n\n<p><br>3. \u00c9conomique&nbsp;: fini les frais d\u2019envoi de dossier et les d\u00e9placements multiples.<\/p>\n\n\n\n<p><br>4. \u00c9cologique&nbsp;: moins de d\u00e9placements, moins d\u2019impressions inutiles, archivage num\u00e9rique de l\u2019ensemble des demandes d\u00e9pos\u00e9es.<\/p>\n\n\n\n<figure class=\"wp-block-image size-full is-resized\"><img loading=\"lazy\" decoding=\"async\" width=\"593\" height=\"45\" src=\"https:\/\/haverskerque.fr\/wp-content\/uploads\/2023\/02\/bandeblanche.jpg\" alt=\"\" class=\"wp-image-381\" style=\"width:593px;height:auto\" srcset=\"https:\/\/www.haverskerque.fr\/wp-content\/uploads\/2023\/02\/bandeblanche.jpg 593w, https:\/\/www.haverskerque.fr\/wp-content\/uploads\/2023\/02\/bandeblanche-300x23.jpg 300w\" sizes=\"auto, (max-width: 593px) 100vw, 593px\" \/><\/figure>\n\n\n\n<p>Rendez-vous sur&nbsp;: <strong><a href=\"https:\/\/flandrelys.geosphere.fr\/guichet-unique\/Login\/Particulier\" target=\"_blank\" rel=\"noreferrer noopener\">https:\/\/flandrelys.geosphere.fr\/guichet-unique\/Login\/Particulier<\/a><\/strong><\/p>\n\n\n\n<p>Service urbanisme de la Communaut\u00e9 de communes Flandre Lys&nbsp;:<\/p>\n\n\n\n<p><strong><a href=\"https:\/\/www.cc-flandrelys.fr\/vivre-et-s-installer\/logement\/le-service-urbanisme\" target=\"_blank\" rel=\"noreferrer noopener\">https:\/\/www.cc-flandrelys.fr\/vivre-et-s-installer\/logement\/le-service-urbanisme<\/a><\/strong><\/p>\n\n\n\n<p>Vous pouvez consulter les Conditions G\u00e9n\u00e9rales d\u2019Utilisation ci-dessous&nbsp;:<\/p>\n\n\n\n<div class=\"wp-block-file\"><a id=\"wp-block-file--media-58e37d2f-74e2-4557-8f3f-f59c0a4790e8\" href=\"https:\/\/www.haverskerque.fr\/wp-content\/uploads\/2024\/01\/cgu-gnau-2022.pdf\" target=\"_blank\" rel=\"noreferrer noopener\">cgu gnau 2022<\/a><a href=\"https:\/\/www.haverskerque.fr\/wp-content\/uploads\/2024\/01\/cgu-gnau-2022.pdf\" class=\"wp-block-file__button wp-element-button\" download aria-describedby=\"wp-block-file--media-58e37d2f-74e2-4557-8f3f-f59c0a4790e8\">T\u00e9l\u00e9charger<\/a><\/div>\n\n\n\n<p><\/p>\n\n\n\n<figure class=\"wp-block-image size-full is-resized\"><img loading=\"lazy\" decoding=\"async\" width=\"593\" height=\"45\" src=\"https:\/\/haverskerque.fr\/wp-content\/uploads\/2023\/02\/bandeblanche.jpg\" alt=\"\" class=\"wp-image-381\" style=\"width:593px;height:auto\" srcset=\"https:\/\/www.haverskerque.fr\/wp-content\/uploads\/2023\/02\/bandeblanche.jpg 593w, https:\/\/www.haverskerque.fr\/wp-content\/uploads\/2023\/02\/bandeblanche-300x23.jpg 300w\" sizes=\"auto, (max-width: 593px) 100vw, 593px\" \/><\/figure>\n\n\n\n<h3 class=\"wp-block-heading\"><mark style=\"background-color:rgba(0, 0, 0, 0);color:#00a018\" class=\"has-inline-color\">|<\/mark> <strong>Informations sur les taxes d\u2019urbanismes en 2021<\/strong><\/h3>\n\n\n\n<figure class=\"wp-block-image size-full is-resized\"><img loading=\"lazy\" decoding=\"async\" width=\"593\" height=\"45\" src=\"https:\/\/haverskerque.fr\/wp-content\/uploads\/2023\/02\/bandeblanche.jpg\" alt=\"\" class=\"wp-image-381\" style=\"width:593px;height:auto\" srcset=\"https:\/\/www.haverskerque.fr\/wp-content\/uploads\/2023\/02\/bandeblanche.jpg 593w, https:\/\/www.haverskerque.fr\/wp-content\/uploads\/2023\/02\/bandeblanche-300x23.jpg 300w\" sizes=\"auto, (max-width: 593px) 100vw, 593px\" \/><\/figure>\n\n\n<div class=\"wp-block-image\">\n<figure class=\"aligncenter size-full\"><img loading=\"lazy\" decoding=\"async\" width=\"551\" height=\"105\" src=\"http:\/\/haverskerque.fr\/wp-content\/uploads\/2023\/03\/taxe-urba6.jpg\" alt=\"\" class=\"wp-image-804\" srcset=\"https:\/\/www.haverskerque.fr\/wp-content\/uploads\/2023\/03\/taxe-urba6.jpg 551w, https:\/\/www.haverskerque.fr\/wp-content\/uploads\/2023\/03\/taxe-urba6-300x57.jpg 300w\" sizes=\"auto, (max-width: 551px) 100vw, 551px\" \/><\/figure>\n<\/div>\n\n\n<figure class=\"wp-block-image size-full is-resized\"><img loading=\"lazy\" decoding=\"async\" width=\"593\" height=\"45\" src=\"https:\/\/haverskerque.fr\/wp-content\/uploads\/2023\/02\/bandeblanche.jpg\" alt=\"\" class=\"wp-image-381\" style=\"width:593px;height:auto\" srcset=\"https:\/\/www.haverskerque.fr\/wp-content\/uploads\/2023\/02\/bandeblanche.jpg 593w, https:\/\/www.haverskerque.fr\/wp-content\/uploads\/2023\/02\/bandeblanche-300x23.jpg 300w\" sizes=\"auto, (max-width: 593px) 100vw, 593px\" \/><\/figure>\n\n\n\n<p><mark style=\"background-color:rgba(0, 0, 0, 0);color:#00a018\" class=\"has-inline-color\">|<\/mark> <em>Pourquoi une taxe d&rsquo;am\u00e9nagement ?<\/em><\/p>\n\n\n\n<figure class=\"wp-block-image size-full is-resized\"><img loading=\"lazy\" decoding=\"async\" width=\"593\" height=\"45\" src=\"https:\/\/haverskerque.fr\/wp-content\/uploads\/2023\/02\/bandeblanche.jpg\" alt=\"\" class=\"wp-image-381\" style=\"width:593px;height:auto\" srcset=\"https:\/\/www.haverskerque.fr\/wp-content\/uploads\/2023\/02\/bandeblanche.jpg 593w, https:\/\/www.haverskerque.fr\/wp-content\/uploads\/2023\/02\/bandeblanche-300x23.jpg 300w\" sizes=\"auto, (max-width: 593px) 100vw, 593px\" \/><\/figure>\n\n\n\n<p>Votre projet de construction, d\u2019agrandissement, de r\u00e9novation ou d\u2019am\u00e9nagement g\u00e9n\u00e9re. dans la majorit\u00e9 des cas une Taxe d\u2019Am\u00e9nagement (TA) et une Redevance d\u2019Arch\u00e9ologie Pr\u00e9ventive (RAP) La TA comprend une part communale finan\u00e7ant les \u00e9quipements publics communaux et une part d\u00e9partementale finan\u00e7ant la protection et la gestion des espaces naturels et sensibles ainsi que les d\u00e9penses des conseils d\u2019architecture, d\u2019urbanisme et de l\u2019environnement (CAVE) La RAP finance les fouilles arch\u00e9ologiques. Elle est due pour les travaux ou am\u00e9nagements affectant le sous-sol.<\/p>\n\n\n\n<p>Pour l\u2019ann\u00e9e 2021, le taux de la RAP s\u2019\u00e9l\u00e8ve \u00e0 0,40 %.<\/p>\n\n\n\n<figure class=\"wp-block-image size-full is-resized\"><img loading=\"lazy\" decoding=\"async\" width=\"593\" height=\"45\" src=\"https:\/\/haverskerque.fr\/wp-content\/uploads\/2023\/02\/bandeblanche.jpg\" alt=\"\" class=\"wp-image-381\" style=\"width:593px;height:auto\" srcset=\"https:\/\/www.haverskerque.fr\/wp-content\/uploads\/2023\/02\/bandeblanche.jpg 593w, https:\/\/www.haverskerque.fr\/wp-content\/uploads\/2023\/02\/bandeblanche-300x23.jpg 300w\" sizes=\"auto, (max-width: 593px) 100vw, 593px\" \/><\/figure>\n\n\n\n<p><mark style=\"background-color:rgba(0, 0, 0, 0);color:#00a018\" class=\"has-inline-color\">|<\/mark> <em>Quel est le mode de calcul de la taxe d&rsquo;am\u00e9nagement ?<\/em><\/p>\n\n\n\n<figure class=\"wp-block-image size-full is-resized\"><img loading=\"lazy\" decoding=\"async\" width=\"593\" height=\"45\" src=\"https:\/\/haverskerque.fr\/wp-content\/uploads\/2023\/02\/bandeblanche.jpg\" alt=\"\" class=\"wp-image-381\" style=\"width:593px;height:auto\" srcset=\"https:\/\/www.haverskerque.fr\/wp-content\/uploads\/2023\/02\/bandeblanche.jpg 593w, https:\/\/www.haverskerque.fr\/wp-content\/uploads\/2023\/02\/bandeblanche-300x23.jpg 300w\" sizes=\"auto, (max-width: 593px) 100vw, 593px\" \/><\/figure>\n\n\n\n<p><em><br><\/em><\/p>\n\n\n\n<p>La formule applicable est :<\/p>\n\n\n\n<figure class=\"wp-block-image size-full is-resized\"><img loading=\"lazy\" decoding=\"async\" width=\"593\" height=\"45\" src=\"https:\/\/haverskerque.fr\/wp-content\/uploads\/2023\/02\/bandeblanche.jpg\" alt=\"\" class=\"wp-image-381\" style=\"width:593px;height:auto\" srcset=\"https:\/\/www.haverskerque.fr\/wp-content\/uploads\/2023\/02\/bandeblanche.jpg 593w, https:\/\/www.haverskerque.fr\/wp-content\/uploads\/2023\/02\/bandeblanche-300x23.jpg 300w\" sizes=\"auto, (max-width: 593px) 100vw, 593px\" \/><\/figure>\n\n\n\n<figure class=\"wp-block-image size-full\"><img loading=\"lazy\" decoding=\"async\" width=\"582\" height=\"198\" src=\"http:\/\/haverskerque.fr\/wp-content\/uploads\/2023\/03\/tableau-taxe-urba.jpg\" alt=\"\" class=\"wp-image-791\" srcset=\"https:\/\/www.haverskerque.fr\/wp-content\/uploads\/2023\/03\/tableau-taxe-urba.jpg 582w, https:\/\/www.haverskerque.fr\/wp-content\/uploads\/2023\/03\/tableau-taxe-urba-300x102.jpg 300w\" sizes=\"auto, (max-width: 582px) 100vw, 582px\" \/><\/figure>\n\n\n\n<figure class=\"wp-block-image size-full is-resized\"><img loading=\"lazy\" decoding=\"async\" width=\"593\" height=\"45\" src=\"https:\/\/haverskerque.fr\/wp-content\/uploads\/2023\/02\/bandeblanche.jpg\" alt=\"\" class=\"wp-image-381\" style=\"width:593px;height:auto\" srcset=\"https:\/\/www.haverskerque.fr\/wp-content\/uploads\/2023\/02\/bandeblanche.jpg 593w, https:\/\/www.haverskerque.fr\/wp-content\/uploads\/2023\/02\/bandeblanche-300x23.jpg 300w\" sizes=\"auto, (max-width: 593px) 100vw, 593px\" \/><\/figure>\n\n\n\n<p><mark style=\"background-color:rgba(0, 0, 0, 0);color:#00a018\" class=\"has-inline-color\">|<\/mark> <em>Comment se calcule la surface taxable ?<\/em><\/p>\n\n\n\n<figure class=\"wp-block-image size-full is-resized\"><img loading=\"lazy\" decoding=\"async\" width=\"593\" height=\"45\" src=\"https:\/\/haverskerque.fr\/wp-content\/uploads\/2023\/02\/bandeblanche.jpg\" alt=\"\" class=\"wp-image-381\" style=\"width:593px;height:auto\" srcset=\"https:\/\/www.haverskerque.fr\/wp-content\/uploads\/2023\/02\/bandeblanche.jpg 593w, https:\/\/www.haverskerque.fr\/wp-content\/uploads\/2023\/02\/bandeblanche-300x23.jpg 300w\" sizes=\"auto, (max-width: 593px) 100vw, 593px\" \/><\/figure>\n\n\n\n<p>La surface taxable est \u00e9gale \u00e0 la somme des surfaces de plancher de chaque niveau clos et couvert calcul\u00e9e \u00e0 partir du nu int\u00e9rieur des fa\u00e7ades, dont on d\u00e9duit :<\/p>\n\n\n\n<figure class=\"wp-block-image size-full is-resized\"><img loading=\"lazy\" decoding=\"async\" width=\"593\" height=\"45\" src=\"https:\/\/haverskerque.fr\/wp-content\/uploads\/2023\/02\/bandeblanche.jpg\" alt=\"\" class=\"wp-image-381\" style=\"width:593px;height:auto\" srcset=\"https:\/\/www.haverskerque.fr\/wp-content\/uploads\/2023\/02\/bandeblanche.jpg 593w, https:\/\/www.haverskerque.fr\/wp-content\/uploads\/2023\/02\/bandeblanche-300x23.jpg 300w\" sizes=\"auto, (max-width: 593px) 100vw, 593px\" \/><\/figure>\n\n\n\n<figure class=\"wp-block-image size-full\"><img loading=\"lazy\" decoding=\"async\" width=\"150\" height=\"113\" src=\"http:\/\/haverskerque.fr\/wp-content\/uploads\/2023\/03\/taxe-urba3.jpg\" alt=\"\" class=\"wp-image-796\"\/><\/figure>\n\n\n\n<figure class=\"wp-block-image size-full\"><img loading=\"lazy\" decoding=\"async\" width=\"111\" height=\"139\" src=\"http:\/\/haverskerque.fr\/wp-content\/uploads\/2023\/03\/taxe-urba4.jpg\" alt=\"\" class=\"wp-image-798\"\/><\/figure>\n\n\n\n<figure class=\"wp-block-image size-full is-resized\"><img loading=\"lazy\" decoding=\"async\" width=\"593\" height=\"45\" src=\"https:\/\/haverskerque.fr\/wp-content\/uploads\/2023\/02\/bandeblanche.jpg\" alt=\"\" class=\"wp-image-381\" style=\"width:593px;height:auto\" srcset=\"https:\/\/www.haverskerque.fr\/wp-content\/uploads\/2023\/02\/bandeblanche.jpg 593w, https:\/\/www.haverskerque.fr\/wp-content\/uploads\/2023\/02\/bandeblanche-300x23.jpg 300w\" sizes=\"auto, (max-width: 593px) 100vw, 593px\" \/><\/figure>\n\n\n\n<p><br>Les vides et tr\u00e9mies correspondant au passage de l\u2019ascenseur et de l\u2019escalier.<\/p>\n\n\n\n<p>Les surfaces de plancher sous une hauteur de plafond inf\u00e9rieure ou \u00e9gale \u00e0 1,80m.<br>Ainsi, les surfaces des garages et des abris de jardin, notamment. sont des surfaces taxables.<\/p>\n\n\n\n<figure class=\"wp-block-image size-full is-resized\"><img loading=\"lazy\" decoding=\"async\" width=\"593\" height=\"45\" src=\"https:\/\/haverskerque.fr\/wp-content\/uploads\/2023\/02\/bandeblanche.jpg\" alt=\"\" class=\"wp-image-381\" style=\"width:593px;height:auto\" srcset=\"https:\/\/www.haverskerque.fr\/wp-content\/uploads\/2023\/02\/bandeblanche.jpg 593w, https:\/\/www.haverskerque.fr\/wp-content\/uploads\/2023\/02\/bandeblanche-300x23.jpg 300w\" sizes=\"auto, (max-width: 593px) 100vw, 593px\" \/><\/figure>\n\n\n\n<p><mark style=\"background-color:rgba(0, 0, 0, 0);color:#00a018\" class=\"has-inline-color\">|<\/mark> <em>Quelles sont les d\u00e9ductions qui peuvent s&rsquo;appliquer au calcul ?<\/em><\/p>\n\n\n\n<figure class=\"wp-block-image size-full is-resized\"><img loading=\"lazy\" decoding=\"async\" width=\"593\" height=\"45\" src=\"https:\/\/haverskerque.fr\/wp-content\/uploads\/2023\/02\/bandeblanche.jpg\" alt=\"\" class=\"wp-image-381\" style=\"width:593px;height:auto\" srcset=\"https:\/\/www.haverskerque.fr\/wp-content\/uploads\/2023\/02\/bandeblanche.jpg 593w, https:\/\/www.haverskerque.fr\/wp-content\/uploads\/2023\/02\/bandeblanche-300x23.jpg 300w\" sizes=\"auto, (max-width: 593px) 100vw, 593px\" \/><\/figure>\n\n\n\n<p>Un abattement de 50 % est appliqu\u00e9 sur la valeur forfaitaire li\u00e9e aux surfaces taxables (767 \u20ac \/ 2) notamment pour :<\/p>\n\n\n\n<figure class=\"wp-block-image size-full is-resized\"><img loading=\"lazy\" decoding=\"async\" width=\"593\" height=\"45\" src=\"https:\/\/haverskerque.fr\/wp-content\/uploads\/2023\/02\/bandeblanche.jpg\" alt=\"\" class=\"wp-image-381\" style=\"width:593px;height:auto\" srcset=\"https:\/\/www.haverskerque.fr\/wp-content\/uploads\/2023\/02\/bandeblanche.jpg 593w, https:\/\/www.haverskerque.fr\/wp-content\/uploads\/2023\/02\/bandeblanche-300x23.jpg 300w\" sizes=\"auto, (max-width: 593px) 100vw, 593px\" \/><\/figure>\n\n\n\n<ul class=\"wp-block-list\">\n<li>les logements sociaux soumis au taux de TVA r\u00e9duit et b\u00e9n\u00e9ficiant d\u2019un pr\u00eat aid\u00e9 de l&rsquo;\u00c9tat.<\/li>\n<\/ul>\n\n\n\n<p><\/p>\n\n\n\n<ul class=\"wp-block-list\">\n<li>les 100 premiers m\u00b2 des locaux \u00e0 usage d habitation principale et leurs annexes.<\/li>\n<\/ul>\n\n\n\n<p><\/p>\n\n\n\n<ul class=\"wp-block-list\">\n<li>les locaux \u00e0 usage industriel et artisanal et leurs annexes.<\/li>\n<\/ul>\n\n\n\n<p><\/p>\n\n\n\n<ul class=\"wp-block-list\">\n<li>les entrep\u00f4ts et hangars non ouverts au public faisant l\u2019objet d\u2019une exploitation commerciale<\/li>\n<\/ul>\n\n\n\n<p><\/p>\n\n\n\n<ul class=\"wp-block-list\">\n<li>les parcs de stationnement couverts faisant l\u2019objet d\u2019une exploitation commerciale<\/li>\n<\/ul>\n\n\n\n<figure class=\"wp-block-image size-full is-resized\"><img loading=\"lazy\" decoding=\"async\" width=\"593\" height=\"45\" src=\"https:\/\/haverskerque.fr\/wp-content\/uploads\/2023\/02\/bandeblanche.jpg\" alt=\"\" class=\"wp-image-381\" style=\"width:593px;height:auto\" srcset=\"https:\/\/www.haverskerque.fr\/wp-content\/uploads\/2023\/02\/bandeblanche.jpg 593w, https:\/\/www.haverskerque.fr\/wp-content\/uploads\/2023\/02\/bandeblanche-300x23.jpg 300w\" sizes=\"auto, (max-width: 593px) 100vw, 593px\" \/><\/figure>\n\n\n\n<p>Certains am\u00e9nagements et constructions sont exon\u00e9r\u00e9s de la taxe d\u2019am\u00e9nagement sur l\u2019ensemble du d\u00e9partement (ex : les constructions et am\u00e9nagements destin\u00e9s \u00e0 un service public).<\/p>\n\n\n\n<p>D\u2019autres peuvent b\u00e9n\u00e9ficier d\u2019exon\u00e9rations totales ou partielles dites facultatives, sur le territoire d\u2019une commune apr\u00e8s d\u00e9lib\u00e9ration du conseil municipal. Il s\u2019agit pour votre Commune :<\/p>\n\n\n\n<figure class=\"wp-block-image size-full is-resized\"><img loading=\"lazy\" decoding=\"async\" width=\"593\" height=\"45\" src=\"https:\/\/haverskerque.fr\/wp-content\/uploads\/2023\/02\/bandeblanche.jpg\" alt=\"\" class=\"wp-image-381\" style=\"width:593px;height:auto\" srcset=\"https:\/\/www.haverskerque.fr\/wp-content\/uploads\/2023\/02\/bandeblanche.jpg 593w, https:\/\/www.haverskerque.fr\/wp-content\/uploads\/2023\/02\/bandeblanche-300x23.jpg 300w\" sizes=\"auto, (max-width: 593px) 100vw, 593px\" \/><\/figure>\n\n\n\n<ul class=\"wp-block-list\">\n<li>des logements et h\u00e9bergements sociaux.<\/li>\n<\/ul>\n\n\n\n<p><\/p>\n\n\n\n<ul class=\"wp-block-list\">\n<li>des surfaces des locaux \u00e0 usage d\u2019habitation principale b\u00e9n\u00e9ficiant d\u2019un PTZ+<\/li>\n<\/ul>\n\n\n\n<p><\/p>\n\n\n\n<ul class=\"wp-block-list\">\n<li>des locaux \u00e0 usage industriel ou artisanal<\/li>\n<\/ul>\n\n\n\n<p><\/p>\n\n\n\n<ul class=\"wp-block-list\">\n<li>des commerces de d\u00e9tail d\u2019une surface de vente inf\u00e9rieure \u00e0 400m\u00b2<\/li>\n<\/ul>\n\n\n\n<p><\/p>\n\n\n\n<ul class=\"wp-block-list\">\n<li>des Immeubles class\u00e9s parmi les monuments historiques Ou inscrits \u00e0 l\u2019inventaire suppl\u00e9mentaire des monuments historiques.<\/li>\n<\/ul>\n\n\n\n<p><\/p>\n\n\n\n<ul class=\"wp-block-list\">\n<li>des surfaces \u00e0 usage de Stationnement annexes aux logements et h\u00e9bergements sociaux.<\/li>\n<\/ul>\n\n\n\n<p><\/p>\n\n\n\n<ul class=\"wp-block-list\">\n<li>des surfaces \u00e0 usage de Stationnement annexes aux immeubles autres que d\u2019habitation individuelle<\/li>\n<\/ul>\n\n\n\n<p><\/p>\n\n\n\n<ul class=\"wp-block-list\">\n<li>des abris de jardin, les pigeonniers et colombiers soumis \u00e0 d\u00e9claration pr\u00e9alable.<\/li>\n<\/ul>\n\n\n\n<p><\/p>\n\n\n\n<ul class=\"wp-block-list\">\n<li>des maisons de sant\u00e9 mentionn\u00e9es \u00e0 l\u2019article L. 6323-3 du code de la sant\u00e9 publique.<\/li>\n<\/ul>\n\n\n\n<figure class=\"wp-block-image size-full is-resized\"><img loading=\"lazy\" decoding=\"async\" width=\"593\" height=\"45\" src=\"https:\/\/haverskerque.fr\/wp-content\/uploads\/2023\/02\/bandeblanche.jpg\" alt=\"\" class=\"wp-image-381\" style=\"width:593px;height:auto\" srcset=\"https:\/\/www.haverskerque.fr\/wp-content\/uploads\/2023\/02\/bandeblanche.jpg 593w, https:\/\/www.haverskerque.fr\/wp-content\/uploads\/2023\/02\/bandeblanche-300x23.jpg 300w\" sizes=\"auto, (max-width: 593px) 100vw, 593px\" \/><\/figure>\n\n\n\n<p><mark style=\"background-color:rgba(0, 0, 0, 0);color:#00a018\" class=\"has-inline-color\">|<\/mark> <em>Exemple de calcul<\/em><\/p>\n\n\n\n<figure class=\"wp-block-image size-full is-resized\"><img loading=\"lazy\" decoding=\"async\" width=\"593\" height=\"45\" src=\"https:\/\/haverskerque.fr\/wp-content\/uploads\/2023\/02\/bandeblanche.jpg\" alt=\"\" class=\"wp-image-381\" style=\"width:593px;height:auto\" srcset=\"https:\/\/www.haverskerque.fr\/wp-content\/uploads\/2023\/02\/bandeblanche.jpg 593w, https:\/\/www.haverskerque.fr\/wp-content\/uploads\/2023\/02\/bandeblanche-300x23.jpg 300w\" sizes=\"auto, (max-width: 593px) 100vw, 593px\" \/><\/figure>\n\n\n\n<figure class=\"wp-block-image size-full\"><img loading=\"lazy\" decoding=\"async\" width=\"577\" height=\"131\" src=\"http:\/\/haverskerque.fr\/wp-content\/uploads\/2023\/03\/taxe-urba5.jpg\" alt=\"\" class=\"wp-image-801\" srcset=\"https:\/\/www.haverskerque.fr\/wp-content\/uploads\/2023\/03\/taxe-urba5.jpg 577w, https:\/\/www.haverskerque.fr\/wp-content\/uploads\/2023\/03\/taxe-urba5-300x68.jpg 300w\" sizes=\"auto, (max-width: 577px) 100vw, 577px\" \/><\/figure>\n\n\n\n<figure class=\"wp-block-image size-full is-resized\"><img loading=\"lazy\" decoding=\"async\" width=\"593\" height=\"45\" src=\"https:\/\/haverskerque.fr\/wp-content\/uploads\/2023\/02\/bandeblanche.jpg\" alt=\"\" class=\"wp-image-381\" style=\"width:593px;height:auto\" srcset=\"https:\/\/www.haverskerque.fr\/wp-content\/uploads\/2023\/02\/bandeblanche.jpg 593w, https:\/\/www.haverskerque.fr\/wp-content\/uploads\/2023\/02\/bandeblanche-300x23.jpg 300w\" sizes=\"auto, (max-width: 593px) 100vw, 593px\" \/><\/figure>\n\n\n\n<p><mark style=\"background-color:rgba(0, 0, 0, 0);color:#00a018\" class=\"has-inline-color\">|<\/mark> <em>Quand payer la taxe ?<\/em><\/p>\n\n\n\n<figure class=\"wp-block-image size-full is-resized\"><img loading=\"lazy\" decoding=\"async\" width=\"593\" height=\"45\" src=\"https:\/\/haverskerque.fr\/wp-content\/uploads\/2023\/02\/bandeblanche.jpg\" alt=\"\" class=\"wp-image-381\" style=\"width:593px;height:auto\" srcset=\"https:\/\/www.haverskerque.fr\/wp-content\/uploads\/2023\/02\/bandeblanche.jpg 593w, https:\/\/www.haverskerque.fr\/wp-content\/uploads\/2023\/02\/bandeblanche-300x23.jpg 300w\" sizes=\"auto, (max-width: 593px) 100vw, 593px\" \/><\/figure>\n\n\n\n<p>La taxe est \u00e0 payer \u00e0 r\u00e9ception du titre de paiement qui vous sera adress\u00e9 par la Direction G\u00e9n\u00e9rale des Finances Publiques (DGFIP) Le paiement s\u2019effectue en 2 fractions \u00e9gales \u00e0 acquitter au plus t\u00f4t \u00e0 I expiration d\u2019un d\u00e9lai de 12 \u00e0 24 mois \u00e0 compter de la date d\u2019obtention de l\u2019autorisation de construire m\u00eame si les travaux n\u2019ont pas commenc\u00e9.<\/p>\n\n\n\n<p>Les taxes d\u2019un montant int\u00e9rieur ou \u00e9gal \u00e2 1500 E sont recouvrables en une seule \u00e9ch\u00e9ance \u00e0 l\u2019expiation du d\u00e9lai de 12 mois.<\/p>\n\n\n\n<figure class=\"wp-block-image size-full is-resized\"><img loading=\"lazy\" decoding=\"async\" width=\"593\" height=\"45\" src=\"https:\/\/haverskerque.fr\/wp-content\/uploads\/2023\/02\/bandeblanche.jpg\" alt=\"\" class=\"wp-image-381\" style=\"width:593px;height:auto\" srcset=\"https:\/\/www.haverskerque.fr\/wp-content\/uploads\/2023\/02\/bandeblanche.jpg 593w, https:\/\/www.haverskerque.fr\/wp-content\/uploads\/2023\/02\/bandeblanche-300x23.jpg 300w\" sizes=\"auto, (max-width: 593px) 100vw, 593px\" \/><\/figure>\n\n\n\n<p><mark style=\"background-color:rgba(0, 0, 0, 0);color:#00a018\" class=\"has-inline-color\">|<\/mark> <em>Que faire en cas d&rsquo;abandon de projet avant r\u00e9alisation des travaux ?<\/em><\/p>\n\n\n\n<figure class=\"wp-block-image size-full is-resized\"><img loading=\"lazy\" decoding=\"async\" width=\"593\" height=\"45\" src=\"https:\/\/haverskerque.fr\/wp-content\/uploads\/2023\/02\/bandeblanche.jpg\" alt=\"\" class=\"wp-image-381\" style=\"width:593px;height:auto\" srcset=\"https:\/\/www.haverskerque.fr\/wp-content\/uploads\/2023\/02\/bandeblanche.jpg 593w, https:\/\/www.haverskerque.fr\/wp-content\/uploads\/2023\/02\/bandeblanche-300x23.jpg 300w\" sizes=\"auto, (max-width: 593px) 100vw, 593px\" \/><\/figure>\n\n\n\n<p>Il convient d\u2019adresser sur courrier libre une demande d\u2019annulation \u00e0 la mairie de votre lieu de construction projet\u00e9e.<\/p>\n\n\n\n<p>Les taxes d\u2019urbanisme ne peuvent \u00eatre rembours\u00e9es que dans la mesure o\u00f9 les travaux n\u2019ont pas \u00e9t\u00e9 entrepris.<\/p>\n\n\n\n<figure class=\"wp-block-image size-full is-resized\"><img loading=\"lazy\" decoding=\"async\" width=\"593\" height=\"45\" src=\"https:\/\/haverskerque.fr\/wp-content\/uploads\/2023\/02\/bandeblanche.jpg\" alt=\"\" class=\"wp-image-381\" style=\"width:593px;height:auto\" srcset=\"https:\/\/www.haverskerque.fr\/wp-content\/uploads\/2023\/02\/bandeblanche.jpg 593w, https:\/\/www.haverskerque.fr\/wp-content\/uploads\/2023\/02\/bandeblanche-300x23.jpg 300w\" sizes=\"auto, (max-width: 593px) 100vw, 593px\" \/><\/figure>\n\n\n\n<p><mark style=\"background-color:rgba(0, 0, 0, 0);color:#00a018\" class=\"has-inline-color\">|<\/mark> <em>Comment compl\u00e9ter les imprim\u00e9s ?<\/em><\/p>\n\n\n\n<figure class=\"wp-block-image size-full is-resized\"><img loading=\"lazy\" decoding=\"async\" width=\"593\" height=\"45\" src=\"https:\/\/haverskerque.fr\/wp-content\/uploads\/2023\/02\/bandeblanche.jpg\" alt=\"\" class=\"wp-image-381\" style=\"width:593px;height:auto\" srcset=\"https:\/\/www.haverskerque.fr\/wp-content\/uploads\/2023\/02\/bandeblanche.jpg 593w, https:\/\/www.haverskerque.fr\/wp-content\/uploads\/2023\/02\/bandeblanche-300x23.jpg 300w\" sizes=\"auto, (max-width: 593px) 100vw, 593px\" \/><\/figure>\n\n\n\n<p>Afin d\u2019obtenir le calcul de votre taxe au plus juste vous devez renseigner votre demande d\u2019autorisation d\u2019urbanisme partie projet et partie fiscale (D\u00e9claration des \u00c9l\u00e9ments N\u00e9cessaires au Calcul de l\u2019imp\u00f4t) avec pr\u00e9cision en veillant notamment \u00e0 la pr\u00e9sence et \u00e0 la coh\u00e9rence des informations suivantes :<\/p>\n\n\n\n<figure class=\"wp-block-image size-full is-resized\"><img loading=\"lazy\" decoding=\"async\" width=\"593\" height=\"45\" src=\"https:\/\/haverskerque.fr\/wp-content\/uploads\/2023\/02\/bandeblanche.jpg\" alt=\"\" class=\"wp-image-381\" style=\"width:593px;height:auto\" srcset=\"https:\/\/www.haverskerque.fr\/wp-content\/uploads\/2023\/02\/bandeblanche.jpg 593w, https:\/\/www.haverskerque.fr\/wp-content\/uploads\/2023\/02\/bandeblanche-300x23.jpg 300w\" sizes=\"auto, (max-width: 593px) 100vw, 593px\" \/><\/figure>\n\n\n\n<ul class=\"wp-block-list\">\n<li>date et lieu de naissance de chaque demandeur<\/li>\n<\/ul>\n\n\n\n<p><\/p>\n\n\n\n<ul class=\"wp-block-list\">\n<li>pour les personnes morales, n\u00b0 SIRET et coordonn\u00e9es du repr\u00e9sentant l\u00e9gal<\/li>\n<\/ul>\n\n\n\n<p><\/p>\n\n\n\n<ul class=\"wp-block-list\">\n<li>la surface taxable cr\u00e9\u00e9e<\/li>\n<\/ul>\n\n\n\n<p><\/p>\n\n\n\n<ul class=\"wp-block-list\">\n<li>la surface taxable existante avant travaux de toutes les constructions sur le terrain<\/li>\n<\/ul>\n\n\n\n<p><\/p>\n\n\n\n<ul class=\"wp-block-list\">\n<li>la ventilation des surfaces par destination (r\u00e9sidence principale, commerce)<\/li>\n<\/ul>\n\n\n\n<p><\/p>\n\n\n\n<ul class=\"wp-block-list\">\n<li>le nombre de places de stationnement ext\u00e9rieur (exclure celles se trouvant dans un garage clos et couvert)<\/li>\n<\/ul>\n\n\n\n<p><\/p>\n\n\n\n<ul class=\"wp-block-list\">\n<li>la date et la signature<\/li>\n<\/ul>\n\n\n\n<figure class=\"wp-block-image size-full is-resized\"><img loading=\"lazy\" decoding=\"async\" width=\"593\" height=\"45\" src=\"https:\/\/haverskerque.fr\/wp-content\/uploads\/2023\/02\/bandeblanche.jpg\" alt=\"\" class=\"wp-image-381\" style=\"width:593px;height:auto\" srcset=\"https:\/\/www.haverskerque.fr\/wp-content\/uploads\/2023\/02\/bandeblanche.jpg 593w, https:\/\/www.haverskerque.fr\/wp-content\/uploads\/2023\/02\/bandeblanche-300x23.jpg 300w\" sizes=\"auto, (max-width: 593px) 100vw, 593px\" \/><\/figure>\n\n\n\n<p>La d\u00e9claration de la surface de plancher et de la surface taxable rel\u00e8ve de votre responsabilit\u00e9.<\/p>\n\n\n\n<p>Reportez vous \u00e0 la fiche d\u2019aide pour le calcul des surfaces pour leur d\u00e9termination pr\u00e9cise (fiche annexe au formulaire de demande d\u2019autorisation).<\/p>\n\n\n\n<figure class=\"wp-block-image size-full is-resized\"><img loading=\"lazy\" decoding=\"async\" width=\"593\" height=\"45\" src=\"https:\/\/haverskerque.fr\/wp-content\/uploads\/2023\/02\/bandeblanche.jpg\" alt=\"\" class=\"wp-image-381\" style=\"width:593px;height:auto\" srcset=\"https:\/\/www.haverskerque.fr\/wp-content\/uploads\/2023\/02\/bandeblanche.jpg 593w, https:\/\/www.haverskerque.fr\/wp-content\/uploads\/2023\/02\/bandeblanche-300x23.jpg 300w\" sizes=\"auto, (max-width: 593px) 100vw, 593px\" \/><\/figure>\n\n\n\n<p><mark style=\"background-color:rgba(0, 0, 0, 0);color:#00a018\" class=\"has-inline-color\">|<\/mark> <em>O\u00f9 s&rsquo;adresser ?<\/em><\/p>\n\n\n\n<figure class=\"wp-block-image size-full is-resized\"><img loading=\"lazy\" decoding=\"async\" width=\"593\" height=\"45\" src=\"https:\/\/haverskerque.fr\/wp-content\/uploads\/2023\/02\/bandeblanche.jpg\" alt=\"\" class=\"wp-image-381\" style=\"width:593px;height:auto\" srcset=\"https:\/\/www.haverskerque.fr\/wp-content\/uploads\/2023\/02\/bandeblanche.jpg 593w, https:\/\/www.haverskerque.fr\/wp-content\/uploads\/2023\/02\/bandeblanche-300x23.jpg 300w\" sizes=\"auto, (max-width: 593px) 100vw, 593px\" \/><\/figure>\n\n\n\n<p>Les r\u00e9f\u00e9rences r\u00e9glementaires, les formulaires : <strong><a href=\"http:\/\/www.service-public.fr\/\" target=\"_blank\" rel=\"noreferrer noopener\">www.service-public.fr<\/a><\/strong><\/p>\n\n\n\n<p>Les taux, exon\u00e9rations facultatives : mairie de la commue o\u00f9 se situe votre projet<\/p>\n\n\n\n<p>Les modalit\u00e9s de calcul, la r\u00e8glementation : Direction D\u00e9partementale des territoires et de la mer du nord<\/p>\n\n\n\n<p>Renseignement en mairie de la commune o\u00f9 se situe votre projet<\/p>\n\n\n\n<p>Les modalit\u00e9s de paiement de la taxe : Direction D\u00e9partementale des Finances Publiques<\/p>\n\n\n\n<figure class=\"wp-block-image size-full is-resized\"><img loading=\"lazy\" decoding=\"async\" width=\"593\" height=\"45\" src=\"https:\/\/haverskerque.fr\/wp-content\/uploads\/2023\/02\/bandeblanche.jpg\" alt=\"\" class=\"wp-image-381\" style=\"width:593px;height:auto\" srcset=\"https:\/\/www.haverskerque.fr\/wp-content\/uploads\/2023\/02\/bandeblanche.jpg 593w, https:\/\/www.haverskerque.fr\/wp-content\/uploads\/2023\/02\/bandeblanche-300x23.jpg 300w\" sizes=\"auto, (max-width: 593px) 100vw, 593px\" \/><\/figure>\n\n\n\n<figure class=\"wp-block-image\"><img loading=\"lazy\" decoding=\"async\" width=\"582\" height=\"187\" src=\"http:\/\/barbry.esy.es\/wp-content\/uploads\/2023\/03\/taxe-urba7.jpg\" alt=\"\" class=\"wp-image-807\" srcset=\"https:\/\/www.haverskerque.fr\/wp-content\/uploads\/2023\/03\/taxe-urba7.jpg 582w, https:\/\/www.haverskerque.fr\/wp-content\/uploads\/2023\/03\/taxe-urba7-300x96.jpg 300w\" sizes=\"auto, (max-width: 582px) 100vw, 582px\" \/><\/figure>\n","protected":false},"excerpt":{"rendered":"<p>| Guichet Num\u00e9rique des Autorisations d\u2019Urbanisme (GNAU) Au 1er janvier 2022, d\u00e9posez toutes vos demandes d\u2019autorisation d\u2019urbanisme en ligne via le Guichet Num\u00e9rique des Autorisation d\u2019Urbanisme (GNAU)&nbsp;: Pour tous projets concernant les communes&nbsp;d\u2019Estaires, Fleurbaix, Haverskerque, Merville, Laventie, Lestrem et Sailly-sur-la-Lys&nbsp;; | Pour les demandes suivantes | De nombreux avantages vous attendent 1. Temps maitris\u00e9&nbsp;: plateforme accessible 24h\/24, suivi en temps r\u00e9el de la d\u00e9marche. 2. S\u00e9curis\u00e9&nbsp;: compte personnel, plateforme soumis \u00e0 la protection des donn\u00e9es. 3. \u00c9conomique&nbsp;: fini les frais d\u2019envoi de dossier et les d\u00e9placements multiples. 4. \u00c9cologique&nbsp;: moins de d\u00e9placements, moins d\u2019impressions inutiles, archivage num\u00e9rique de l\u2019ensemble des demandes d\u00e9pos\u00e9es. Rendez-vous sur&nbsp;: https:\/\/flandrelys.geosphere.fr\/guichet-unique\/Login\/Particulier Service urbanisme de la Communaut\u00e9 de communes Flandre Lys&nbsp;: https:\/\/www.cc-flandrelys.fr\/vivre-et-s-installer\/logement\/le-service-urbanisme Vous pouvez consulter les Conditions G\u00e9n\u00e9rales d\u2019Utilisation ci-dessous&nbsp;: | Informations sur les taxes d\u2019urbanismes en 2021 | Pourquoi une taxe d&rsquo;am\u00e9nagement ? Votre projet de construction, d\u2019agrandissement, de r\u00e9novation ou d\u2019am\u00e9nagement g\u00e9n\u00e9re. dans la majorit\u00e9 des cas une Taxe d\u2019Am\u00e9nagement (TA) et une Redevance d\u2019Arch\u00e9ologie Pr\u00e9ventive (RAP) La TA comprend une part communale finan\u00e7ant les \u00e9quipements publics communaux et une part d\u00e9partementale finan\u00e7ant la protection et la gestion des espaces naturels et sensibles ainsi que les d\u00e9penses des conseils d\u2019architecture, d\u2019urbanisme et de l\u2019environnement (CAVE) La RAP finance les fouilles arch\u00e9ologiques. Elle est due pour les travaux ou am\u00e9nagements affectant le sous-sol. Pour l\u2019ann\u00e9e 2021, le taux de la RAP s\u2019\u00e9l\u00e8ve \u00e0 0,40 %. | Quel est le mode de calcul de la taxe d&rsquo;am\u00e9nagement ? La formule applicable est : | Comment se calcule la surface taxable ? La surface taxable est \u00e9gale \u00e0 la somme des surfaces de plancher de chaque niveau clos et couvert calcul\u00e9e \u00e0 partir du nu int\u00e9rieur des fa\u00e7ades, dont on d\u00e9duit : Les vides et tr\u00e9mies correspondant au passage de l\u2019ascenseur et de l\u2019escalier. Les surfaces de plancher sous une hauteur de plafond inf\u00e9rieure ou \u00e9gale \u00e0 1,80m.Ainsi, les surfaces des garages et des abris de jardin, notamment. sont des surfaces taxables. | Quelles sont les d\u00e9ductions qui peuvent s&rsquo;appliquer au calcul ? Un abattement de 50 % est appliqu\u00e9 sur la valeur forfaitaire li\u00e9e aux surfaces taxables (767 \u20ac \/ 2) notamment pour : Certains am\u00e9nagements et constructions sont exon\u00e9r\u00e9s de la taxe d\u2019am\u00e9nagement sur l\u2019ensemble du d\u00e9partement (ex : les constructions et am\u00e9nagements destin\u00e9s \u00e0 un service public). D\u2019autres peuvent b\u00e9n\u00e9ficier d\u2019exon\u00e9rations totales ou partielles dites facultatives, sur le territoire d\u2019une commune apr\u00e8s d\u00e9lib\u00e9ration du conseil municipal. Il s\u2019agit pour votre Commune : | Exemple de calcul | Quand payer la taxe ? La taxe est \u00e0 payer \u00e0 r\u00e9ception du titre de paiement qui vous sera adress\u00e9 par la Direction G\u00e9n\u00e9rale des Finances Publiques (DGFIP) Le paiement s\u2019effectue en 2 fractions \u00e9gales \u00e0 acquitter au plus t\u00f4t \u00e0 I expiration d\u2019un d\u00e9lai de 12 \u00e0 24 mois \u00e0 compter de la date d\u2019obtention de l\u2019autorisation de construire m\u00eame si les travaux n\u2019ont pas commenc\u00e9. Les taxes d\u2019un montant int\u00e9rieur ou \u00e9gal \u00e2 1500 E sont recouvrables en une seule \u00e9ch\u00e9ance \u00e0 l\u2019expiation du d\u00e9lai de 12 mois. | Que faire en cas d&rsquo;abandon de projet avant r\u00e9alisation des travaux ? Il convient d\u2019adresser sur courrier libre une demande d\u2019annulation \u00e0 la mairie de votre lieu de construction projet\u00e9e. Les taxes d\u2019urbanisme ne peuvent \u00eatre rembours\u00e9es que dans la mesure o\u00f9 les travaux n\u2019ont pas \u00e9t\u00e9 entrepris. | Comment compl\u00e9ter les imprim\u00e9s ? Afin d\u2019obtenir le calcul de votre taxe au plus juste vous devez renseigner votre demande d\u2019autorisation d\u2019urbanisme partie projet et partie fiscale (D\u00e9claration des \u00c9l\u00e9ments N\u00e9cessaires au Calcul de l\u2019imp\u00f4t) avec pr\u00e9cision en veillant notamment \u00e0 la pr\u00e9sence et \u00e0 la coh\u00e9rence des informations suivantes : La d\u00e9claration de la surface de plancher et de la surface taxable rel\u00e8ve de votre responsabilit\u00e9. Reportez vous \u00e0 la fiche d\u2019aide pour le calcul des surfaces pour leur d\u00e9termination pr\u00e9cise (fiche annexe au formulaire de demande d\u2019autorisation). | O\u00f9 s&rsquo;adresser ? Les r\u00e9f\u00e9rences r\u00e9glementaires, les formulaires : www.service-public.fr Les taux, exon\u00e9rations facultatives : mairie de la commue o\u00f9 se situe votre projet Les modalit\u00e9s de calcul, la r\u00e8glementation : Direction D\u00e9partementale des territoires et de la mer du nord Renseignement en mairie de la commune o\u00f9 se situe votre projet Les modalit\u00e9s de paiement de la taxe : Direction D\u00e9partementale des Finances Publiques<\/p>\n","protected":false},"author":1,"featured_media":0,"parent":0,"menu_order":0,"comment_status":"closed","ping_status":"closed","template":"","meta":{"cybocfi_hide_featured_image":"","footnotes":""},"class_list":["post-3398","page","type-page","status-publish","hentry"],"yoast_head":"<!-- This site is optimized with the Yoast SEO plugin v27.5 - https:\/\/yoast.com\/product\/yoast-seo-wordpress\/ -->\n<title>Autorisations d&#039;urbanisme * Haverskerque, 100% Nature !*<\/title>\n<meta name=\"robots\" content=\"index, follow, max-snippet:-1, max-image-preview:large, max-video-preview:-1\" \/>\n<link rel=\"canonical\" href=\"https:\/\/www.haverskerque.fr\/index.php\/autorisations-durbanisme\/\" \/>\n<meta property=\"og:locale\" content=\"fr_FR\" \/>\n<meta property=\"og:type\" content=\"article\" \/>\n<meta property=\"og:title\" content=\"Autorisations d&#039;urbanisme * Haverskerque, 100% Nature !*\" \/>\n<meta property=\"og:description\" content=\"| Guichet Num\u00e9rique des Autorisations d\u2019Urbanisme (GNAU) Au 1er janvier 2022, d\u00e9posez toutes vos demandes d\u2019autorisation d\u2019urbanisme en ligne via le Guichet Num\u00e9rique des Autorisation d\u2019Urbanisme (GNAU)&nbsp;: Pour tous projets concernant les communes&nbsp;d\u2019Estaires, Fleurbaix, Haverskerque, Merville, Laventie, Lestrem et Sailly-sur-la-Lys&nbsp;; | Pour les demandes suivantes | De nombreux avantages vous attendent 1. Temps maitris\u00e9&nbsp;: plateforme accessible 24h\/24, suivi en temps r\u00e9el de la d\u00e9marche. 2. S\u00e9curis\u00e9&nbsp;: compte personnel, plateforme soumis \u00e0 la protection des donn\u00e9es. 3. \u00c9conomique&nbsp;: fini les frais d\u2019envoi de dossier et les d\u00e9placements multiples. 4. \u00c9cologique&nbsp;: moins de d\u00e9placements, moins d\u2019impressions inutiles, archivage num\u00e9rique de l\u2019ensemble des demandes d\u00e9pos\u00e9es. Rendez-vous sur&nbsp;: https:\/\/flandrelys.geosphere.fr\/guichet-unique\/Login\/Particulier Service urbanisme de la Communaut\u00e9 de communes Flandre Lys&nbsp;: https:\/\/www.cc-flandrelys.fr\/vivre-et-s-installer\/logement\/le-service-urbanisme Vous pouvez consulter les Conditions G\u00e9n\u00e9rales d\u2019Utilisation ci-dessous&nbsp;: | Informations sur les taxes d\u2019urbanismes en 2021 | Pourquoi une taxe d&rsquo;am\u00e9nagement ? Votre projet de construction, d\u2019agrandissement, de r\u00e9novation ou d\u2019am\u00e9nagement g\u00e9n\u00e9re. dans la majorit\u00e9 des cas une Taxe d\u2019Am\u00e9nagement (TA) et une Redevance d\u2019Arch\u00e9ologie Pr\u00e9ventive (RAP) La TA comprend une part communale finan\u00e7ant les \u00e9quipements publics communaux et une part d\u00e9partementale finan\u00e7ant la protection et la gestion des espaces naturels et sensibles ainsi que les d\u00e9penses des conseils d\u2019architecture, d\u2019urbanisme et de l\u2019environnement (CAVE) La RAP finance les fouilles arch\u00e9ologiques. Elle est due pour les travaux ou am\u00e9nagements affectant le sous-sol. Pour l\u2019ann\u00e9e 2021, le taux de la RAP s\u2019\u00e9l\u00e8ve \u00e0 0,40 %. | Quel est le mode de calcul de la taxe d&rsquo;am\u00e9nagement ? La formule applicable est : | Comment se calcule la surface taxable ? La surface taxable est \u00e9gale \u00e0 la somme des surfaces de plancher de chaque niveau clos et couvert calcul\u00e9e \u00e0 partir du nu int\u00e9rieur des fa\u00e7ades, dont on d\u00e9duit : Les vides et tr\u00e9mies correspondant au passage de l\u2019ascenseur et de l\u2019escalier. Les surfaces de plancher sous une hauteur de plafond inf\u00e9rieure ou \u00e9gale \u00e0 1,80m.Ainsi, les surfaces des garages et des abris de jardin, notamment. sont des surfaces taxables. | Quelles sont les d\u00e9ductions qui peuvent s&rsquo;appliquer au calcul ? Un abattement de 50 % est appliqu\u00e9 sur la valeur forfaitaire li\u00e9e aux surfaces taxables (767 \u20ac \/ 2) notamment pour : Certains am\u00e9nagements et constructions sont exon\u00e9r\u00e9s de la taxe d\u2019am\u00e9nagement sur l\u2019ensemble du d\u00e9partement (ex : les constructions et am\u00e9nagements destin\u00e9s \u00e0 un service public). D\u2019autres peuvent b\u00e9n\u00e9ficier d\u2019exon\u00e9rations totales ou partielles dites facultatives, sur le territoire d\u2019une commune apr\u00e8s d\u00e9lib\u00e9ration du conseil municipal. Il s\u2019agit pour votre Commune : | Exemple de calcul | Quand payer la taxe ? La taxe est \u00e0 payer \u00e0 r\u00e9ception du titre de paiement qui vous sera adress\u00e9 par la Direction G\u00e9n\u00e9rale des Finances Publiques (DGFIP) Le paiement s\u2019effectue en 2 fractions \u00e9gales \u00e0 acquitter au plus t\u00f4t \u00e0 I expiration d\u2019un d\u00e9lai de 12 \u00e0 24 mois \u00e0 compter de la date d\u2019obtention de l\u2019autorisation de construire m\u00eame si les travaux n\u2019ont pas commenc\u00e9. Les taxes d\u2019un montant int\u00e9rieur ou \u00e9gal \u00e2 1500 E sont recouvrables en une seule \u00e9ch\u00e9ance \u00e0 l\u2019expiation du d\u00e9lai de 12 mois. | Que faire en cas d&rsquo;abandon de projet avant r\u00e9alisation des travaux ? Il convient d\u2019adresser sur courrier libre une demande d\u2019annulation \u00e0 la mairie de votre lieu de construction projet\u00e9e. Les taxes d\u2019urbanisme ne peuvent \u00eatre rembours\u00e9es que dans la mesure o\u00f9 les travaux n\u2019ont pas \u00e9t\u00e9 entrepris. | Comment compl\u00e9ter les imprim\u00e9s ? Afin d\u2019obtenir le calcul de votre taxe au plus juste vous devez renseigner votre demande d\u2019autorisation d\u2019urbanisme partie projet et partie fiscale (D\u00e9claration des \u00c9l\u00e9ments N\u00e9cessaires au Calcul de l\u2019imp\u00f4t) avec pr\u00e9cision en veillant notamment \u00e0 la pr\u00e9sence et \u00e0 la coh\u00e9rence des informations suivantes : La d\u00e9claration de la surface de plancher et de la surface taxable rel\u00e8ve de votre responsabilit\u00e9. Reportez vous \u00e0 la fiche d\u2019aide pour le calcul des surfaces pour leur d\u00e9termination pr\u00e9cise (fiche annexe au formulaire de demande d\u2019autorisation). | O\u00f9 s&rsquo;adresser ? Les r\u00e9f\u00e9rences r\u00e9glementaires, les formulaires : www.service-public.fr Les taux, exon\u00e9rations facultatives : mairie de la commue o\u00f9 se situe votre projet Les modalit\u00e9s de calcul, la r\u00e8glementation : Direction D\u00e9partementale des territoires et de la mer du nord Renseignement en mairie de la commune o\u00f9 se situe votre projet Les modalit\u00e9s de paiement de la taxe : Direction D\u00e9partementale des Finances Publiques\" \/>\n<meta property=\"og:url\" content=\"https:\/\/www.haverskerque.fr\/index.php\/autorisations-durbanisme\/\" \/>\n<meta property=\"og:site_name\" content=\"Haverskerque, 100% Nature !*\" \/>\n<meta property=\"article:publisher\" content=\"https:\/\/www.facebook.com\/communehaverskerque\" \/>\n<meta property=\"article:modified_time\" content=\"2026-02-12T14:20:10+00:00\" \/>\n<meta property=\"og:image\" content=\"https:\/\/www.haverskerque.fr\/wp-content\/uploads\/2023\/02\/bandeblanche.jpg\" \/>\n\t<meta property=\"og:image:width\" content=\"593\" \/>\n\t<meta property=\"og:image:height\" content=\"45\" \/>\n\t<meta property=\"og:image:type\" content=\"image\/jpeg\" \/>\n<meta name=\"twitter:card\" content=\"summary_large_image\" \/>\n<meta name=\"twitter:label1\" content=\"Dur\u00e9e de lecture estim\u00e9e\" \/>\n\t<meta name=\"twitter:data1\" content=\"14 minutes\" \/>\n<script type=\"application\/ld+json\" class=\"yoast-schema-graph\">{\"@context\":\"https:\\\/\\\/schema.org\",\"@graph\":[{\"@type\":\"WebPage\",\"@id\":\"https:\\\/\\\/www.haverskerque.fr\\\/index.php\\\/autorisations-durbanisme\\\/\",\"url\":\"https:\\\/\\\/www.haverskerque.fr\\\/index.php\\\/autorisations-durbanisme\\\/\",\"name\":\"Autorisations d'urbanisme * Haverskerque, 100% Nature !*\",\"isPartOf\":{\"@id\":\"https:\\\/\\\/haverskerque.fr\\\/#website\"},\"primaryImageOfPage\":{\"@id\":\"https:\\\/\\\/www.haverskerque.fr\\\/index.php\\\/autorisations-durbanisme\\\/#primaryimage\"},\"image\":{\"@id\":\"https:\\\/\\\/www.haverskerque.fr\\\/index.php\\\/autorisations-durbanisme\\\/#primaryimage\"},\"thumbnailUrl\":\"https:\\\/\\\/haverskerque.fr\\\/wp-content\\\/uploads\\\/2023\\\/02\\\/bandeblanche.jpg\",\"datePublished\":\"2023-06-26T12:29:26+00:00\",\"dateModified\":\"2026-02-12T14:20:10+00:00\",\"breadcrumb\":{\"@id\":\"https:\\\/\\\/www.haverskerque.fr\\\/index.php\\\/autorisations-durbanisme\\\/#breadcrumb\"},\"inLanguage\":\"fr-FR\",\"potentialAction\":[{\"@type\":\"ReadAction\",\"target\":[\"https:\\\/\\\/www.haverskerque.fr\\\/index.php\\\/autorisations-durbanisme\\\/\"]}]},{\"@type\":\"ImageObject\",\"inLanguage\":\"fr-FR\",\"@id\":\"https:\\\/\\\/www.haverskerque.fr\\\/index.php\\\/autorisations-durbanisme\\\/#primaryimage\",\"url\":\"https:\\\/\\\/haverskerque.fr\\\/wp-content\\\/uploads\\\/2023\\\/02\\\/bandeblanche.jpg\",\"contentUrl\":\"https:\\\/\\\/haverskerque.fr\\\/wp-content\\\/uploads\\\/2023\\\/02\\\/bandeblanche.jpg\"},{\"@type\":\"BreadcrumbList\",\"@id\":\"https:\\\/\\\/www.haverskerque.fr\\\/index.php\\\/autorisations-durbanisme\\\/#breadcrumb\",\"itemListElement\":[{\"@type\":\"ListItem\",\"position\":1,\"name\":\"Accueil\",\"item\":\"https:\\\/\\\/www.haverskerque.fr\\\/\"},{\"@type\":\"ListItem\",\"position\":2,\"name\":\"Autorisations d&rsquo;urbanisme\"}]},{\"@type\":\"WebSite\",\"@id\":\"https:\\\/\\\/haverskerque.fr\\\/#website\",\"url\":\"https:\\\/\\\/haverskerque.fr\\\/\",\"name\":\"Haverskerque\",\"description\":\"Haverskerque, 100% Nature !\",\"publisher\":{\"@id\":\"https:\\\/\\\/haverskerque.fr\\\/#organization\"},\"alternateName\":\"Haverskerque\",\"potentialAction\":[{\"@type\":\"SearchAction\",\"target\":{\"@type\":\"EntryPoint\",\"urlTemplate\":\"https:\\\/\\\/haverskerque.fr\\\/?s={search_term_string}\"},\"query-input\":{\"@type\":\"PropertyValueSpecification\",\"valueRequired\":true,\"valueName\":\"search_term_string\"}}],\"inLanguage\":\"fr-FR\"},{\"@type\":\"Organization\",\"@id\":\"https:\\\/\\\/haverskerque.fr\\\/#organization\",\"name\":\"Commune d'Haverskerque\",\"alternateName\":\"Commune d'Haverskerque\",\"url\":\"https:\\\/\\\/haverskerque.fr\\\/\",\"logo\":{\"@type\":\"ImageObject\",\"inLanguage\":\"fr-FR\",\"@id\":\"https:\\\/\\\/haverskerque.fr\\\/#\\\/schema\\\/logo\\\/image\\\/\",\"url\":\"https:\\\/\\\/haverskerque.fr\\\/wp-content\\\/uploads\\\/2024\\\/01\\\/siteon0-e5814-1.png\",\"contentUrl\":\"https:\\\/\\\/haverskerque.fr\\\/wp-content\\\/uploads\\\/2024\\\/01\\\/siteon0-e5814-1.png\",\"width\":236,\"height\":102,\"caption\":\"Commune d'Haverskerque\"},\"image\":{\"@id\":\"https:\\\/\\\/haverskerque.fr\\\/#\\\/schema\\\/logo\\\/image\\\/\"},\"sameAs\":[\"https:\\\/\\\/www.facebook.com\\\/communehaverskerque\",\"https:\\\/\\\/www.instagram.com\\\/communehaverskerque\\\/\"]}]}<\/script>\n<!-- \/ Yoast SEO plugin. -->","yoast_head_json":{"title":"Autorisations d'urbanisme * Haverskerque, 100% Nature !*","robots":{"index":"index","follow":"follow","max-snippet":"max-snippet:-1","max-image-preview":"max-image-preview:large","max-video-preview":"max-video-preview:-1"},"canonical":"https:\/\/www.haverskerque.fr\/index.php\/autorisations-durbanisme\/","og_locale":"fr_FR","og_type":"article","og_title":"Autorisations d'urbanisme * Haverskerque, 100% Nature !*","og_description":"| Guichet Num\u00e9rique des Autorisations d\u2019Urbanisme (GNAU) Au 1er janvier 2022, d\u00e9posez toutes vos demandes d\u2019autorisation d\u2019urbanisme en ligne via le Guichet Num\u00e9rique des Autorisation d\u2019Urbanisme (GNAU)&nbsp;: Pour tous projets concernant les communes&nbsp;d\u2019Estaires, Fleurbaix, Haverskerque, Merville, Laventie, Lestrem et Sailly-sur-la-Lys&nbsp;; | Pour les demandes suivantes | De nombreux avantages vous attendent 1. Temps maitris\u00e9&nbsp;: plateforme accessible 24h\/24, suivi en temps r\u00e9el de la d\u00e9marche. 2. S\u00e9curis\u00e9&nbsp;: compte personnel, plateforme soumis \u00e0 la protection des donn\u00e9es. 3. \u00c9conomique&nbsp;: fini les frais d\u2019envoi de dossier et les d\u00e9placements multiples. 4. \u00c9cologique&nbsp;: moins de d\u00e9placements, moins d\u2019impressions inutiles, archivage num\u00e9rique de l\u2019ensemble des demandes d\u00e9pos\u00e9es. Rendez-vous sur&nbsp;: https:\/\/flandrelys.geosphere.fr\/guichet-unique\/Login\/Particulier Service urbanisme de la Communaut\u00e9 de communes Flandre Lys&nbsp;: https:\/\/www.cc-flandrelys.fr\/vivre-et-s-installer\/logement\/le-service-urbanisme Vous pouvez consulter les Conditions G\u00e9n\u00e9rales d\u2019Utilisation ci-dessous&nbsp;: | Informations sur les taxes d\u2019urbanismes en 2021 | Pourquoi une taxe d&rsquo;am\u00e9nagement ? Votre projet de construction, d\u2019agrandissement, de r\u00e9novation ou d\u2019am\u00e9nagement g\u00e9n\u00e9re. dans la majorit\u00e9 des cas une Taxe d\u2019Am\u00e9nagement (TA) et une Redevance d\u2019Arch\u00e9ologie Pr\u00e9ventive (RAP) La TA comprend une part communale finan\u00e7ant les \u00e9quipements publics communaux et une part d\u00e9partementale finan\u00e7ant la protection et la gestion des espaces naturels et sensibles ainsi que les d\u00e9penses des conseils d\u2019architecture, d\u2019urbanisme et de l\u2019environnement (CAVE) La RAP finance les fouilles arch\u00e9ologiques. Elle est due pour les travaux ou am\u00e9nagements affectant le sous-sol. Pour l\u2019ann\u00e9e 2021, le taux de la RAP s\u2019\u00e9l\u00e8ve \u00e0 0,40 %. | Quel est le mode de calcul de la taxe d&rsquo;am\u00e9nagement ? La formule applicable est : | Comment se calcule la surface taxable ? La surface taxable est \u00e9gale \u00e0 la somme des surfaces de plancher de chaque niveau clos et couvert calcul\u00e9e \u00e0 partir du nu int\u00e9rieur des fa\u00e7ades, dont on d\u00e9duit : Les vides et tr\u00e9mies correspondant au passage de l\u2019ascenseur et de l\u2019escalier. Les surfaces de plancher sous une hauteur de plafond inf\u00e9rieure ou \u00e9gale \u00e0 1,80m.Ainsi, les surfaces des garages et des abris de jardin, notamment. sont des surfaces taxables. | Quelles sont les d\u00e9ductions qui peuvent s&rsquo;appliquer au calcul ? Un abattement de 50 % est appliqu\u00e9 sur la valeur forfaitaire li\u00e9e aux surfaces taxables (767 \u20ac \/ 2) notamment pour : Certains am\u00e9nagements et constructions sont exon\u00e9r\u00e9s de la taxe d\u2019am\u00e9nagement sur l\u2019ensemble du d\u00e9partement (ex : les constructions et am\u00e9nagements destin\u00e9s \u00e0 un service public). D\u2019autres peuvent b\u00e9n\u00e9ficier d\u2019exon\u00e9rations totales ou partielles dites facultatives, sur le territoire d\u2019une commune apr\u00e8s d\u00e9lib\u00e9ration du conseil municipal. Il s\u2019agit pour votre Commune : | Exemple de calcul | Quand payer la taxe ? La taxe est \u00e0 payer \u00e0 r\u00e9ception du titre de paiement qui vous sera adress\u00e9 par la Direction G\u00e9n\u00e9rale des Finances Publiques (DGFIP) Le paiement s\u2019effectue en 2 fractions \u00e9gales \u00e0 acquitter au plus t\u00f4t \u00e0 I expiration d\u2019un d\u00e9lai de 12 \u00e0 24 mois \u00e0 compter de la date d\u2019obtention de l\u2019autorisation de construire m\u00eame si les travaux n\u2019ont pas commenc\u00e9. Les taxes d\u2019un montant int\u00e9rieur ou \u00e9gal \u00e2 1500 E sont recouvrables en une seule \u00e9ch\u00e9ance \u00e0 l\u2019expiation du d\u00e9lai de 12 mois. | Que faire en cas d&rsquo;abandon de projet avant r\u00e9alisation des travaux ? Il convient d\u2019adresser sur courrier libre une demande d\u2019annulation \u00e0 la mairie de votre lieu de construction projet\u00e9e. Les taxes d\u2019urbanisme ne peuvent \u00eatre rembours\u00e9es que dans la mesure o\u00f9 les travaux n\u2019ont pas \u00e9t\u00e9 entrepris. | Comment compl\u00e9ter les imprim\u00e9s ? Afin d\u2019obtenir le calcul de votre taxe au plus juste vous devez renseigner votre demande d\u2019autorisation d\u2019urbanisme partie projet et partie fiscale (D\u00e9claration des \u00c9l\u00e9ments N\u00e9cessaires au Calcul de l\u2019imp\u00f4t) avec pr\u00e9cision en veillant notamment \u00e0 la pr\u00e9sence et \u00e0 la coh\u00e9rence des informations suivantes : La d\u00e9claration de la surface de plancher et de la surface taxable rel\u00e8ve de votre responsabilit\u00e9. Reportez vous \u00e0 la fiche d\u2019aide pour le calcul des surfaces pour leur d\u00e9termination pr\u00e9cise (fiche annexe au formulaire de demande d\u2019autorisation). | O\u00f9 s&rsquo;adresser ? Les r\u00e9f\u00e9rences r\u00e9glementaires, les formulaires : www.service-public.fr Les taux, exon\u00e9rations facultatives : mairie de la commue o\u00f9 se situe votre projet Les modalit\u00e9s de calcul, la r\u00e8glementation : Direction D\u00e9partementale des territoires et de la mer du nord Renseignement en mairie de la commune o\u00f9 se situe votre projet Les modalit\u00e9s de paiement de la taxe : Direction D\u00e9partementale des Finances Publiques","og_url":"https:\/\/www.haverskerque.fr\/index.php\/autorisations-durbanisme\/","og_site_name":"Haverskerque, 100% Nature !*","article_publisher":"https:\/\/www.facebook.com\/communehaverskerque","article_modified_time":"2026-02-12T14:20:10+00:00","og_image":[{"width":593,"height":45,"url":"https:\/\/www.haverskerque.fr\/wp-content\/uploads\/2023\/02\/bandeblanche.jpg","type":"image\/jpeg"}],"twitter_card":"summary_large_image","twitter_misc":{"Dur\u00e9e de lecture estim\u00e9e":"14 minutes"},"schema":{"@context":"https:\/\/schema.org","@graph":[{"@type":"WebPage","@id":"https:\/\/www.haverskerque.fr\/index.php\/autorisations-durbanisme\/","url":"https:\/\/www.haverskerque.fr\/index.php\/autorisations-durbanisme\/","name":"Autorisations d'urbanisme * Haverskerque, 100% Nature !*","isPartOf":{"@id":"https:\/\/haverskerque.fr\/#website"},"primaryImageOfPage":{"@id":"https:\/\/www.haverskerque.fr\/index.php\/autorisations-durbanisme\/#primaryimage"},"image":{"@id":"https:\/\/www.haverskerque.fr\/index.php\/autorisations-durbanisme\/#primaryimage"},"thumbnailUrl":"https:\/\/haverskerque.fr\/wp-content\/uploads\/2023\/02\/bandeblanche.jpg","datePublished":"2023-06-26T12:29:26+00:00","dateModified":"2026-02-12T14:20:10+00:00","breadcrumb":{"@id":"https:\/\/www.haverskerque.fr\/index.php\/autorisations-durbanisme\/#breadcrumb"},"inLanguage":"fr-FR","potentialAction":[{"@type":"ReadAction","target":["https:\/\/www.haverskerque.fr\/index.php\/autorisations-durbanisme\/"]}]},{"@type":"ImageObject","inLanguage":"fr-FR","@id":"https:\/\/www.haverskerque.fr\/index.php\/autorisations-durbanisme\/#primaryimage","url":"https:\/\/haverskerque.fr\/wp-content\/uploads\/2023\/02\/bandeblanche.jpg","contentUrl":"https:\/\/haverskerque.fr\/wp-content\/uploads\/2023\/02\/bandeblanche.jpg"},{"@type":"BreadcrumbList","@id":"https:\/\/www.haverskerque.fr\/index.php\/autorisations-durbanisme\/#breadcrumb","itemListElement":[{"@type":"ListItem","position":1,"name":"Accueil","item":"https:\/\/www.haverskerque.fr\/"},{"@type":"ListItem","position":2,"name":"Autorisations d&rsquo;urbanisme"}]},{"@type":"WebSite","@id":"https:\/\/haverskerque.fr\/#website","url":"https:\/\/haverskerque.fr\/","name":"Haverskerque","description":"Haverskerque, 100% Nature !","publisher":{"@id":"https:\/\/haverskerque.fr\/#organization"},"alternateName":"Haverskerque","potentialAction":[{"@type":"SearchAction","target":{"@type":"EntryPoint","urlTemplate":"https:\/\/haverskerque.fr\/?s={search_term_string}"},"query-input":{"@type":"PropertyValueSpecification","valueRequired":true,"valueName":"search_term_string"}}],"inLanguage":"fr-FR"},{"@type":"Organization","@id":"https:\/\/haverskerque.fr\/#organization","name":"Commune d'Haverskerque","alternateName":"Commune d'Haverskerque","url":"https:\/\/haverskerque.fr\/","logo":{"@type":"ImageObject","inLanguage":"fr-FR","@id":"https:\/\/haverskerque.fr\/#\/schema\/logo\/image\/","url":"https:\/\/haverskerque.fr\/wp-content\/uploads\/2024\/01\/siteon0-e5814-1.png","contentUrl":"https:\/\/haverskerque.fr\/wp-content\/uploads\/2024\/01\/siteon0-e5814-1.png","width":236,"height":102,"caption":"Commune d'Haverskerque"},"image":{"@id":"https:\/\/haverskerque.fr\/#\/schema\/logo\/image\/"},"sameAs":["https:\/\/www.facebook.com\/communehaverskerque","https:\/\/www.instagram.com\/communehaverskerque\/"]}]}},"_links":{"self":[{"href":"https:\/\/www.haverskerque.fr\/index.php\/wp-json\/wp\/v2\/pages\/3398","targetHints":{"allow":["GET"]}}],"collection":[{"href":"https:\/\/www.haverskerque.fr\/index.php\/wp-json\/wp\/v2\/pages"}],"about":[{"href":"https:\/\/www.haverskerque.fr\/index.php\/wp-json\/wp\/v2\/types\/page"}],"author":[{"embeddable":true,"href":"https:\/\/www.haverskerque.fr\/index.php\/wp-json\/wp\/v2\/users\/1"}],"replies":[{"embeddable":true,"href":"https:\/\/www.haverskerque.fr\/index.php\/wp-json\/wp\/v2\/comments?post=3398"}],"version-history":[{"count":17,"href":"https:\/\/www.haverskerque.fr\/index.php\/wp-json\/wp\/v2\/pages\/3398\/revisions"}],"predecessor-version":[{"id":10157,"href":"https:\/\/www.haverskerque.fr\/index.php\/wp-json\/wp\/v2\/pages\/3398\/revisions\/10157"}],"wp:attachment":[{"href":"https:\/\/www.haverskerque.fr\/index.php\/wp-json\/wp\/v2\/media?parent=3398"}],"curies":[{"name":"wp","href":"https:\/\/api.w.org\/{rel}","templated":true}]}}