{"id":3381,"date":"2023-06-26T14:22:12","date_gmt":"2023-06-26T12:22:12","guid":{"rendered":"http:\/\/barbry.esy.es\/?page_id=3381"},"modified":"2026-03-16T11:45:25","modified_gmt":"2026-03-16T10:45:25","slug":"elections-2","status":"publish","type":"page","link":"https:\/\/www.haverskerque.fr\/index.php\/elections-2\/","title":{"rendered":"Elections"},"content":{"rendered":"<div class=\"wp-block-image\">\n<figure class=\"aligncenter size-large is-resized\"><img loading=\"lazy\" decoding=\"async\" width=\"1024\" height=\"576\" src=\"https:\/\/haverskerque.fr\/wp-content\/uploads\/2024\/01\/Elections-1024x576.png\" alt=\"\" class=\"wp-image-7123\" style=\"object-fit:cover;width:700px;height:393px\" srcset=\"https:\/\/www.haverskerque.fr\/wp-content\/uploads\/2024\/01\/Elections-1024x576.png 1024w, https:\/\/www.haverskerque.fr\/wp-content\/uploads\/2024\/01\/Elections-300x169.png 300w, https:\/\/www.haverskerque.fr\/wp-content\/uploads\/2024\/01\/Elections-768x432.png 768w, https:\/\/www.haverskerque.fr\/wp-content\/uploads\/2024\/01\/Elections-1536x864.png 1536w, https:\/\/www.haverskerque.fr\/wp-content\/uploads\/2024\/01\/Elections-1140x641.png 1140w, https:\/\/www.haverskerque.fr\/wp-content\/uploads\/2024\/01\/Elections.png 1920w\" sizes=\"auto, (max-width: 1024px) 100vw, 1024px\" \/><\/figure>\n<\/div>\n\n\n<figure class=\"wp-block-image size-full is-resized\"><img loading=\"lazy\" decoding=\"async\" width=\"593\" height=\"45\" src=\"https:\/\/haverskerque.fr\/wp-content\/uploads\/2023\/02\/bandeblanche.jpg\" alt=\"\" class=\"wp-image-381\" style=\"width:593px;height:auto\" srcset=\"https:\/\/www.haverskerque.fr\/wp-content\/uploads\/2023\/02\/bandeblanche.jpg 593w, https:\/\/www.haverskerque.fr\/wp-content\/uploads\/2023\/02\/bandeblanche-300x23.jpg 300w\" sizes=\"auto, (max-width: 593px) 100vw, 593px\" \/><\/figure>\n\n\n\n<p><mark style=\"background-color:rgba(0, 0, 0, 0);color:#00a018\" class=\"has-inline-color\">|<\/mark> <em>Pas encore inscrit sur les listes \u00e9lectorales ?! La d\u00e9marche se simplifie : vous pouvez d\u00e9sormais vous inscrire en ligne&nbsp;<strong><a href=\"https:\/\/www.service-public.fr\/particuliers\/vosdroits\/R16396\" target=\"_blank\" rel=\"noreferrer noopener\">ici<\/a><\/strong><\/em><\/p>\n\n\n\n<figure class=\"wp-block-image size-full is-resized\"><img loading=\"lazy\" decoding=\"async\" width=\"593\" height=\"45\" src=\"https:\/\/haverskerque.fr\/wp-content\/uploads\/2023\/02\/bandeblanche.jpg\" alt=\"\" class=\"wp-image-381\" style=\"width:593px;height:auto\" srcset=\"https:\/\/www.haverskerque.fr\/wp-content\/uploads\/2023\/02\/bandeblanche.jpg 593w, https:\/\/www.haverskerque.fr\/wp-content\/uploads\/2023\/02\/bandeblanche-300x23.jpg 300w\" sizes=\"auto, (max-width: 593px) 100vw, 593px\" \/><\/figure>\n\n\n\n<h3 class=\"wp-block-heading\"><mark style=\"background-color:rgba(0, 0, 0, 0);color:#00a018\" class=\"has-inline-color\">|<\/mark> <strong>R\u00e9sultats des \u00e9lections municipales du 15 mars 2026<\/strong><\/h3>\n\n\n\n<figure class=\"wp-block-image size-full is-resized\"><img loading=\"lazy\" decoding=\"async\" width=\"593\" height=\"45\" src=\"https:\/\/haverskerque.fr\/wp-content\/uploads\/2023\/02\/bandeblanche.jpg\" alt=\"\" class=\"wp-image-381\" style=\"width:593px;height:auto\" srcset=\"https:\/\/www.haverskerque.fr\/wp-content\/uploads\/2023\/02\/bandeblanche.jpg 593w, https:\/\/www.haverskerque.fr\/wp-content\/uploads\/2023\/02\/bandeblanche-300x23.jpg 300w\" sizes=\"auto, (max-width: 593px) 100vw, 593px\" \/><\/figure>\n\n\n\n<figure class=\"wp-block-image size-full\"><img loading=\"lazy\" decoding=\"async\" width=\"940\" height=\"788\" src=\"https:\/\/www.haverskerque.fr\/wp-content\/uploads\/2026\/03\/Resultats-elections-municipales-2026.jpg\" alt=\"\" class=\"wp-image-10232\" srcset=\"https:\/\/www.haverskerque.fr\/wp-content\/uploads\/2026\/03\/Resultats-elections-municipales-2026.jpg 940w, https:\/\/www.haverskerque.fr\/wp-content\/uploads\/2026\/03\/Resultats-elections-municipales-2026-300x251.jpg 300w, https:\/\/www.haverskerque.fr\/wp-content\/uploads\/2026\/03\/Resultats-elections-municipales-2026-768x644.jpg 768w\" sizes=\"auto, (max-width: 940px) 100vw, 940px\" \/><\/figure>\n\n\n\n<figure class=\"wp-block-image size-full is-resized\"><img loading=\"lazy\" decoding=\"async\" width=\"593\" height=\"45\" src=\"https:\/\/haverskerque.fr\/wp-content\/uploads\/2023\/02\/bandeblanche.jpg\" alt=\"\" class=\"wp-image-381\" style=\"width:593px;height:auto\" srcset=\"https:\/\/www.haverskerque.fr\/wp-content\/uploads\/2023\/02\/bandeblanche.jpg 593w, https:\/\/www.haverskerque.fr\/wp-content\/uploads\/2023\/02\/bandeblanche-300x23.jpg 300w\" sizes=\"auto, (max-width: 593px) 100vw, 593px\" \/><\/figure>\n\n\n\n<h3 class=\"wp-block-heading\"><mark style=\"background-color:rgba(0, 0, 0, 0);color:#00a018\" class=\"has-inline-color\">|<\/mark> <strong>R\u00e9sultats du 2nd tour des \u00e9lections l\u00e9gislatives du 07 juillet 2024<\/strong><\/h3>\n\n\n\n<figure class=\"wp-block-image size-full is-resized\"><img loading=\"lazy\" decoding=\"async\" width=\"593\" height=\"45\" src=\"https:\/\/haverskerque.fr\/wp-content\/uploads\/2023\/02\/bandeblanche.jpg\" alt=\"\" class=\"wp-image-381\" style=\"width:593px;height:auto\" srcset=\"https:\/\/www.haverskerque.fr\/wp-content\/uploads\/2023\/02\/bandeblanche.jpg 593w, https:\/\/www.haverskerque.fr\/wp-content\/uploads\/2023\/02\/bandeblanche-300x23.jpg 300w\" sizes=\"auto, (max-width: 593px) 100vw, 593px\" \/><\/figure>\n\n\n\n<figure class=\"wp-block-image size-full\"><img loading=\"lazy\" decoding=\"async\" width=\"892\" height=\"532\" src=\"https:\/\/haverskerque.fr\/wp-content\/uploads\/2024\/07\/resultats-elections-legislatives-2024_2nd-tour.jpg\" alt=\"\" class=\"wp-image-8193\" srcset=\"https:\/\/www.haverskerque.fr\/wp-content\/uploads\/2024\/07\/resultats-elections-legislatives-2024_2nd-tour.jpg 892w, https:\/\/www.haverskerque.fr\/wp-content\/uploads\/2024\/07\/resultats-elections-legislatives-2024_2nd-tour-300x179.jpg 300w, https:\/\/www.haverskerque.fr\/wp-content\/uploads\/2024\/07\/resultats-elections-legislatives-2024_2nd-tour-768x458.jpg 768w\" sizes=\"auto, (max-width: 892px) 100vw, 892px\" \/><\/figure>\n\n\n\n<h3 class=\"wp-block-heading\"><mark style=\"background-color:rgba(0, 0, 0, 0);color:#00a018\" class=\"has-inline-color\">|<\/mark> <strong>R\u00e9sultats du 1er tour des \u00e9lections l\u00e9gislatives du 30 juin 2024<\/strong><\/h3>\n\n\n\n<figure class=\"wp-block-image size-full is-resized\"><img loading=\"lazy\" decoding=\"async\" width=\"593\" height=\"45\" src=\"https:\/\/haverskerque.fr\/wp-content\/uploads\/2023\/02\/bandeblanche.jpg\" alt=\"\" class=\"wp-image-381\" style=\"width:593px;height:auto\" srcset=\"https:\/\/www.haverskerque.fr\/wp-content\/uploads\/2023\/02\/bandeblanche.jpg 593w, https:\/\/www.haverskerque.fr\/wp-content\/uploads\/2023\/02\/bandeblanche-300x23.jpg 300w\" sizes=\"auto, (max-width: 593px) 100vw, 593px\" \/><\/figure>\n\n\n\n<figure class=\"wp-block-image size-full\"><img loading=\"lazy\" decoding=\"async\" width=\"874\" height=\"500\" src=\"https:\/\/haverskerque.fr\/wp-content\/uploads\/2024\/07\/resultats-elections-legislatives-2024_1er-tour.jpg\" alt=\"\" class=\"wp-image-8165\" srcset=\"https:\/\/www.haverskerque.fr\/wp-content\/uploads\/2024\/07\/resultats-elections-legislatives-2024_1er-tour.jpg 874w, https:\/\/www.haverskerque.fr\/wp-content\/uploads\/2024\/07\/resultats-elections-legislatives-2024_1er-tour-300x172.jpg 300w, https:\/\/www.haverskerque.fr\/wp-content\/uploads\/2024\/07\/resultats-elections-legislatives-2024_1er-tour-768x439.jpg 768w\" sizes=\"auto, (max-width: 874px) 100vw, 874px\" \/><\/figure>\n\n\n\n<figure class=\"wp-block-image size-full is-resized\"><img loading=\"lazy\" decoding=\"async\" width=\"593\" height=\"45\" src=\"https:\/\/haverskerque.fr\/wp-content\/uploads\/2023\/02\/bandeblanche.jpg\" alt=\"\" class=\"wp-image-381\" style=\"width:593px;height:auto\" srcset=\"https:\/\/www.haverskerque.fr\/wp-content\/uploads\/2023\/02\/bandeblanche.jpg 593w, https:\/\/www.haverskerque.fr\/wp-content\/uploads\/2023\/02\/bandeblanche-300x23.jpg 300w\" sizes=\"auto, (max-width: 593px) 100vw, 593px\" \/><\/figure>\n\n\n\n<h3 class=\"wp-block-heading\"><mark style=\"background-color:rgba(0, 0, 0, 0);color:#00a018\" class=\"has-inline-color\">|<\/mark> <strong>R\u00e9sultats des \u00e9lections europ\u00e9ennes du 09 juin 2024<\/strong><\/h3>\n\n\n\n<figure class=\"wp-block-image size-full is-resized\"><img loading=\"lazy\" decoding=\"async\" width=\"593\" height=\"45\" src=\"https:\/\/haverskerque.fr\/wp-content\/uploads\/2023\/02\/bandeblanche.jpg\" alt=\"\" class=\"wp-image-381\" style=\"width:593px;height:auto\" srcset=\"https:\/\/www.haverskerque.fr\/wp-content\/uploads\/2023\/02\/bandeblanche.jpg 593w, https:\/\/www.haverskerque.fr\/wp-content\/uploads\/2023\/02\/bandeblanche-300x23.jpg 300w\" sizes=\"auto, (max-width: 593px) 100vw, 593px\" \/><\/figure>\n\n\n\n<figure class=\"wp-block-image size-large\"><img loading=\"lazy\" decoding=\"async\" width=\"597\" height=\"1024\" src=\"https:\/\/haverskerque.fr\/wp-content\/uploads\/2024\/06\/resultats-elections-europeennes-2024-597x1024.jpg\" alt=\"\" class=\"wp-image-8115\" srcset=\"https:\/\/www.haverskerque.fr\/wp-content\/uploads\/2024\/06\/resultats-elections-europeennes-2024-597x1024.jpg 597w, https:\/\/www.haverskerque.fr\/wp-content\/uploads\/2024\/06\/resultats-elections-europeennes-2024-175x300.jpg 175w, https:\/\/www.haverskerque.fr\/wp-content\/uploads\/2024\/06\/resultats-elections-europeennes-2024.jpg 712w\" sizes=\"auto, (max-width: 597px) 100vw, 597px\" \/><\/figure>\n\n\n\n<figure class=\"wp-block-image size-full is-resized\"><img loading=\"lazy\" decoding=\"async\" width=\"593\" height=\"45\" src=\"https:\/\/haverskerque.fr\/wp-content\/uploads\/2023\/02\/bandeblanche.jpg\" alt=\"\" class=\"wp-image-381\" style=\"width:593px;height:auto\" srcset=\"https:\/\/www.haverskerque.fr\/wp-content\/uploads\/2023\/02\/bandeblanche.jpg 593w, https:\/\/www.haverskerque.fr\/wp-content\/uploads\/2023\/02\/bandeblanche-300x23.jpg 300w\" sizes=\"auto, (max-width: 593px) 100vw, 593px\" \/><\/figure>\n\n\n\n<h3 class=\"wp-block-heading\"><mark style=\"background-color:rgba(0, 0, 0, 0);color:#00a018\" class=\"has-inline-color\">|<\/mark> <strong>R\u00e9sultats des \u00e9lections municipales du 15 mars 2020<\/strong> <\/h3>\n\n\n\n<figure class=\"wp-block-image size-full is-resized\"><img loading=\"lazy\" decoding=\"async\" width=\"593\" height=\"45\" src=\"https:\/\/haverskerque.fr\/wp-content\/uploads\/2023\/02\/bandeblanche.jpg\" alt=\"\" class=\"wp-image-381\" style=\"width:593px;height:auto\" srcset=\"https:\/\/www.haverskerque.fr\/wp-content\/uploads\/2023\/02\/bandeblanche.jpg 593w, https:\/\/www.haverskerque.fr\/wp-content\/uploads\/2023\/02\/bandeblanche-300x23.jpg 300w\" sizes=\"auto, (max-width: 593px) 100vw, 593px\" \/><\/figure>\n\n\n\n<figure class=\"wp-block-image size-large\"><img loading=\"lazy\" decoding=\"async\" width=\"1024\" height=\"86\" src=\"http:\/\/barbry.esy.es\/wp-content\/uploads\/2023\/10\/tableau-1-1024x86.jpg\" alt=\"\" class=\"wp-image-4978\" srcset=\"https:\/\/www.haverskerque.fr\/wp-content\/uploads\/2023\/10\/tableau-1-1024x86.jpg 1024w, https:\/\/www.haverskerque.fr\/wp-content\/uploads\/2023\/10\/tableau-1-300x25.jpg 300w, https:\/\/www.haverskerque.fr\/wp-content\/uploads\/2023\/10\/tableau-1-768x65.jpg 768w, https:\/\/www.haverskerque.fr\/wp-content\/uploads\/2023\/10\/tableau-1-1140x96.jpg 1140w, https:\/\/www.haverskerque.fr\/wp-content\/uploads\/2023\/10\/tableau-1.jpg 1185w\" sizes=\"auto, (max-width: 1024px) 100vw, 1024px\" \/><\/figure>\n\n\n\n<figure class=\"wp-block-image size-full is-resized\"><img loading=\"lazy\" decoding=\"async\" width=\"593\" height=\"45\" src=\"https:\/\/haverskerque.fr\/wp-content\/uploads\/2023\/02\/bandeblanche.jpg\" alt=\"\" class=\"wp-image-381\" style=\"width:593px;height:auto\" srcset=\"https:\/\/www.haverskerque.fr\/wp-content\/uploads\/2023\/02\/bandeblanche.jpg 593w, https:\/\/www.haverskerque.fr\/wp-content\/uploads\/2023\/02\/bandeblanche-300x23.jpg 300w\" sizes=\"auto, (max-width: 593px) 100vw, 593px\" \/><\/figure>\n\n\n\n<figure class=\"wp-block-image size-large\"><img loading=\"lazy\" decoding=\"async\" width=\"1024\" height=\"416\" src=\"http:\/\/barbry.esy.es\/wp-content\/uploads\/2023\/10\/tableau-2-1024x416.jpg\" alt=\"\" class=\"wp-image-4979\" srcset=\"https:\/\/www.haverskerque.fr\/wp-content\/uploads\/2023\/10\/tableau-2-1024x416.jpg 1024w, https:\/\/www.haverskerque.fr\/wp-content\/uploads\/2023\/10\/tableau-2-300x122.jpg 300w, https:\/\/www.haverskerque.fr\/wp-content\/uploads\/2023\/10\/tableau-2-768x312.jpg 768w, https:\/\/www.haverskerque.fr\/wp-content\/uploads\/2023\/10\/tableau-2-1140x463.jpg 1140w, https:\/\/www.haverskerque.fr\/wp-content\/uploads\/2023\/10\/tableau-2.jpg 1184w\" sizes=\"auto, (max-width: 1024px) 100vw, 1024px\" \/><\/figure>\n\n\n\n<figure class=\"wp-block-image size-full is-resized\"><img loading=\"lazy\" decoding=\"async\" width=\"593\" height=\"45\" src=\"https:\/\/haverskerque.fr\/wp-content\/uploads\/2023\/02\/bandeblanche.jpg\" alt=\"\" class=\"wp-image-381\" style=\"width:593px;height:auto\" srcset=\"https:\/\/www.haverskerque.fr\/wp-content\/uploads\/2023\/02\/bandeblanche.jpg 593w, https:\/\/www.haverskerque.fr\/wp-content\/uploads\/2023\/02\/bandeblanche-300x23.jpg 300w\" sizes=\"auto, (max-width: 593px) 100vw, 593px\" \/><\/figure>\n\n\n\n<figure class=\"wp-block-image size-large\"><img loading=\"lazy\" decoding=\"async\" width=\"1024\" height=\"327\" src=\"http:\/\/barbry.esy.es\/wp-content\/uploads\/2023\/10\/tableau-3-1024x327.jpg\" alt=\"\" class=\"wp-image-4980\" srcset=\"https:\/\/www.haverskerque.fr\/wp-content\/uploads\/2023\/10\/tableau-3-1024x327.jpg 1024w, https:\/\/www.haverskerque.fr\/wp-content\/uploads\/2023\/10\/tableau-3-300x96.jpg 300w, https:\/\/www.haverskerque.fr\/wp-content\/uploads\/2023\/10\/tableau-3-768x246.jpg 768w, https:\/\/www.haverskerque.fr\/wp-content\/uploads\/2023\/10\/tableau-3-1140x364.jpg 1140w, https:\/\/www.haverskerque.fr\/wp-content\/uploads\/2023\/10\/tableau-3.jpg 1176w\" sizes=\"auto, (max-width: 1024px) 100vw, 1024px\" \/><\/figure>\n\n\n\n<figure class=\"wp-block-image size-full is-resized\"><img loading=\"lazy\" decoding=\"async\" width=\"593\" height=\"45\" src=\"https:\/\/haverskerque.fr\/wp-content\/uploads\/2023\/02\/bandeblanche.jpg\" alt=\"\" class=\"wp-image-381\" style=\"width:593px;height:auto\" srcset=\"https:\/\/www.haverskerque.fr\/wp-content\/uploads\/2023\/02\/bandeblanche.jpg 593w, https:\/\/www.haverskerque.fr\/wp-content\/uploads\/2023\/02\/bandeblanche-300x23.jpg 300w\" sizes=\"auto, (max-width: 593px) 100vw, 593px\" \/><\/figure>\n\n\n\n<p>Vous pouvez retrouver les r\u00e9sultats des \u00e9lections en cliquant sur cette adresse <strong><a href=\"https:\/\/www.archives-resultats-elections.interieur.gouv.fr\/\" target=\"_blank\" rel=\"noreferrer noopener\">https:\/\/www.archives-resultats-elections.interieur.gouv.fr\/<\/a><\/strong><\/p>\n","protected":false},"excerpt":{"rendered":"<p>| Pas encore inscrit sur les listes \u00e9lectorales ?! La d\u00e9marche se simplifie : vous pouvez d\u00e9sormais vous inscrire en ligne&nbsp;ici | R\u00e9sultats des \u00e9lections municipales du 15 mars 2026 | R\u00e9sultats du 2nd tour des \u00e9lections l\u00e9gislatives du 07 juillet 2024 | R\u00e9sultats du 1er tour des \u00e9lections l\u00e9gislatives du 30 juin 2024 | R\u00e9sultats des \u00e9lections europ\u00e9ennes du 09 juin 2024 | R\u00e9sultats des \u00e9lections municipales du 15 mars 2020 Vous pouvez retrouver les r\u00e9sultats des \u00e9lections en cliquant sur cette adresse https:\/\/www.archives-resultats-elections.interieur.gouv.fr\/<\/p>\n","protected":false},"author":1,"featured_media":0,"parent":0,"menu_order":0,"comment_status":"closed","ping_status":"closed","template":"","meta":{"cybocfi_hide_featured_image":"","footnotes":""},"class_list":["post-3381","page","type-page","status-publish","hentry"],"yoast_head":"<!-- This site is optimized with the Yoast SEO plugin v27.5 - https:\/\/yoast.com\/product\/yoast-seo-wordpress\/ -->\n<title>Elections * Haverskerque, 100% Nature !*<\/title>\n<meta name=\"robots\" content=\"index, follow, max-snippet:-1, max-image-preview:large, max-video-preview:-1\" \/>\n<link rel=\"canonical\" href=\"https:\/\/www.haverskerque.fr\/index.php\/elections-2\/\" \/>\n<meta property=\"og:locale\" content=\"fr_FR\" \/>\n<meta property=\"og:type\" content=\"article\" \/>\n<meta property=\"og:title\" content=\"Elections * Haverskerque, 100% Nature !*\" \/>\n<meta property=\"og:description\" content=\"| Pas encore inscrit sur les listes \u00e9lectorales ?! La d\u00e9marche se simplifie : vous pouvez d\u00e9sormais vous inscrire en ligne&nbsp;ici | R\u00e9sultats des \u00e9lections municipales du 15 mars 2026 | R\u00e9sultats du 2nd tour des \u00e9lections l\u00e9gislatives du 07 juillet 2024 | R\u00e9sultats du 1er tour des \u00e9lections l\u00e9gislatives du 30 juin 2024 | R\u00e9sultats des \u00e9lections europ\u00e9ennes du 09 juin 2024 | R\u00e9sultats des \u00e9lections municipales du 15 mars 2020 Vous pouvez retrouver les r\u00e9sultats des \u00e9lections en cliquant sur cette adresse https:\/\/www.archives-resultats-elections.interieur.gouv.fr\/\" \/>\n<meta property=\"og:url\" content=\"https:\/\/www.haverskerque.fr\/index.php\/elections-2\/\" \/>\n<meta property=\"og:site_name\" content=\"Haverskerque, 100% Nature !*\" \/>\n<meta property=\"article:publisher\" content=\"https:\/\/www.facebook.com\/communehaverskerque\" \/>\n<meta property=\"article:modified_time\" content=\"2026-03-16T10:45:25+00:00\" \/>\n<meta property=\"og:image\" content=\"https:\/\/www.haverskerque.fr\/wp-content\/uploads\/2024\/01\/Elections.png\" \/>\n\t<meta property=\"og:image:width\" content=\"1920\" \/>\n\t<meta property=\"og:image:height\" content=\"1080\" \/>\n\t<meta property=\"og:image:type\" content=\"image\/png\" \/>\n<meta name=\"twitter:card\" content=\"summary_large_image\" \/>\n<meta name=\"twitter:label1\" content=\"Dur\u00e9e de lecture estim\u00e9e\" \/>\n\t<meta name=\"twitter:data1\" content=\"5 minutes\" \/>\n<script type=\"application\/ld+json\" class=\"yoast-schema-graph\">{\"@context\":\"https:\\\/\\\/schema.org\",\"@graph\":[{\"@type\":\"WebPage\",\"@id\":\"https:\\\/\\\/www.haverskerque.fr\\\/index.php\\\/elections-2\\\/\",\"url\":\"https:\\\/\\\/www.haverskerque.fr\\\/index.php\\\/elections-2\\\/\",\"name\":\"Elections * Haverskerque, 100% Nature !*\",\"isPartOf\":{\"@id\":\"https:\\\/\\\/haverskerque.fr\\\/#website\"},\"primaryImageOfPage\":{\"@id\":\"https:\\\/\\\/www.haverskerque.fr\\\/index.php\\\/elections-2\\\/#primaryimage\"},\"image\":{\"@id\":\"https:\\\/\\\/www.haverskerque.fr\\\/index.php\\\/elections-2\\\/#primaryimage\"},\"thumbnailUrl\":\"https:\\\/\\\/haverskerque.fr\\\/wp-content\\\/uploads\\\/2024\\\/01\\\/Elections-1024x576.png\",\"datePublished\":\"2023-06-26T12:22:12+00:00\",\"dateModified\":\"2026-03-16T10:45:25+00:00\",\"breadcrumb\":{\"@id\":\"https:\\\/\\\/www.haverskerque.fr\\\/index.php\\\/elections-2\\\/#breadcrumb\"},\"inLanguage\":\"fr-FR\",\"potentialAction\":[{\"@type\":\"ReadAction\",\"target\":[\"https:\\\/\\\/www.haverskerque.fr\\\/index.php\\\/elections-2\\\/\"]}]},{\"@type\":\"ImageObject\",\"inLanguage\":\"fr-FR\",\"@id\":\"https:\\\/\\\/www.haverskerque.fr\\\/index.php\\\/elections-2\\\/#primaryimage\",\"url\":\"https:\\\/\\\/haverskerque.fr\\\/wp-content\\\/uploads\\\/2024\\\/01\\\/Elections-1024x576.png\",\"contentUrl\":\"https:\\\/\\\/haverskerque.fr\\\/wp-content\\\/uploads\\\/2024\\\/01\\\/Elections-1024x576.png\"},{\"@type\":\"BreadcrumbList\",\"@id\":\"https:\\\/\\\/www.haverskerque.fr\\\/index.php\\\/elections-2\\\/#breadcrumb\",\"itemListElement\":[{\"@type\":\"ListItem\",\"position\":1,\"name\":\"Accueil\",\"item\":\"https:\\\/\\\/www.haverskerque.fr\\\/\"},{\"@type\":\"ListItem\",\"position\":2,\"name\":\"Elections\"}]},{\"@type\":\"WebSite\",\"@id\":\"https:\\\/\\\/haverskerque.fr\\\/#website\",\"url\":\"https:\\\/\\\/haverskerque.fr\\\/\",\"name\":\"Haverskerque\",\"description\":\"Haverskerque, 100% Nature !\",\"publisher\":{\"@id\":\"https:\\\/\\\/haverskerque.fr\\\/#organization\"},\"alternateName\":\"Haverskerque\",\"potentialAction\":[{\"@type\":\"SearchAction\",\"target\":{\"@type\":\"EntryPoint\",\"urlTemplate\":\"https:\\\/\\\/haverskerque.fr\\\/?s={search_term_string}\"},\"query-input\":{\"@type\":\"PropertyValueSpecification\",\"valueRequired\":true,\"valueName\":\"search_term_string\"}}],\"inLanguage\":\"fr-FR\"},{\"@type\":\"Organization\",\"@id\":\"https:\\\/\\\/haverskerque.fr\\\/#organization\",\"name\":\"Commune d'Haverskerque\",\"alternateName\":\"Commune d'Haverskerque\",\"url\":\"https:\\\/\\\/haverskerque.fr\\\/\",\"logo\":{\"@type\":\"ImageObject\",\"inLanguage\":\"fr-FR\",\"@id\":\"https:\\\/\\\/haverskerque.fr\\\/#\\\/schema\\\/logo\\\/image\\\/\",\"url\":\"https:\\\/\\\/haverskerque.fr\\\/wp-content\\\/uploads\\\/2024\\\/01\\\/siteon0-e5814-1.png\",\"contentUrl\":\"https:\\\/\\\/haverskerque.fr\\\/wp-content\\\/uploads\\\/2024\\\/01\\\/siteon0-e5814-1.png\",\"width\":236,\"height\":102,\"caption\":\"Commune d'Haverskerque\"},\"image\":{\"@id\":\"https:\\\/\\\/haverskerque.fr\\\/#\\\/schema\\\/logo\\\/image\\\/\"},\"sameAs\":[\"https:\\\/\\\/www.facebook.com\\\/communehaverskerque\",\"https:\\\/\\\/www.instagram.com\\\/communehaverskerque\\\/\"]}]}<\/script>\n<!-- \/ Yoast SEO plugin. -->","yoast_head_json":{"title":"Elections * Haverskerque, 100% Nature !*","robots":{"index":"index","follow":"follow","max-snippet":"max-snippet:-1","max-image-preview":"max-image-preview:large","max-video-preview":"max-video-preview:-1"},"canonical":"https:\/\/www.haverskerque.fr\/index.php\/elections-2\/","og_locale":"fr_FR","og_type":"article","og_title":"Elections * Haverskerque, 100% Nature !*","og_description":"| Pas encore inscrit sur les listes \u00e9lectorales ?! La d\u00e9marche se simplifie : vous pouvez d\u00e9sormais vous inscrire en ligne&nbsp;ici | R\u00e9sultats des \u00e9lections municipales du 15 mars 2026 | R\u00e9sultats du 2nd tour des \u00e9lections l\u00e9gislatives du 07 juillet 2024 | R\u00e9sultats du 1er tour des \u00e9lections l\u00e9gislatives du 30 juin 2024 | R\u00e9sultats des \u00e9lections europ\u00e9ennes du 09 juin 2024 | R\u00e9sultats des \u00e9lections municipales du 15 mars 2020 Vous pouvez retrouver les r\u00e9sultats des \u00e9lections en cliquant sur cette adresse https:\/\/www.archives-resultats-elections.interieur.gouv.fr\/","og_url":"https:\/\/www.haverskerque.fr\/index.php\/elections-2\/","og_site_name":"Haverskerque, 100% Nature !*","article_publisher":"https:\/\/www.facebook.com\/communehaverskerque","article_modified_time":"2026-03-16T10:45:25+00:00","og_image":[{"width":1920,"height":1080,"url":"https:\/\/www.haverskerque.fr\/wp-content\/uploads\/2024\/01\/Elections.png","type":"image\/png"}],"twitter_card":"summary_large_image","twitter_misc":{"Dur\u00e9e de lecture estim\u00e9e":"5 minutes"},"schema":{"@context":"https:\/\/schema.org","@graph":[{"@type":"WebPage","@id":"https:\/\/www.haverskerque.fr\/index.php\/elections-2\/","url":"https:\/\/www.haverskerque.fr\/index.php\/elections-2\/","name":"Elections * Haverskerque, 100% Nature !*","isPartOf":{"@id":"https:\/\/haverskerque.fr\/#website"},"primaryImageOfPage":{"@id":"https:\/\/www.haverskerque.fr\/index.php\/elections-2\/#primaryimage"},"image":{"@id":"https:\/\/www.haverskerque.fr\/index.php\/elections-2\/#primaryimage"},"thumbnailUrl":"https:\/\/haverskerque.fr\/wp-content\/uploads\/2024\/01\/Elections-1024x576.png","datePublished":"2023-06-26T12:22:12+00:00","dateModified":"2026-03-16T10:45:25+00:00","breadcrumb":{"@id":"https:\/\/www.haverskerque.fr\/index.php\/elections-2\/#breadcrumb"},"inLanguage":"fr-FR","potentialAction":[{"@type":"ReadAction","target":["https:\/\/www.haverskerque.fr\/index.php\/elections-2\/"]}]},{"@type":"ImageObject","inLanguage":"fr-FR","@id":"https:\/\/www.haverskerque.fr\/index.php\/elections-2\/#primaryimage","url":"https:\/\/haverskerque.fr\/wp-content\/uploads\/2024\/01\/Elections-1024x576.png","contentUrl":"https:\/\/haverskerque.fr\/wp-content\/uploads\/2024\/01\/Elections-1024x576.png"},{"@type":"BreadcrumbList","@id":"https:\/\/www.haverskerque.fr\/index.php\/elections-2\/#breadcrumb","itemListElement":[{"@type":"ListItem","position":1,"name":"Accueil","item":"https:\/\/www.haverskerque.fr\/"},{"@type":"ListItem","position":2,"name":"Elections"}]},{"@type":"WebSite","@id":"https:\/\/haverskerque.fr\/#website","url":"https:\/\/haverskerque.fr\/","name":"Haverskerque","description":"Haverskerque, 100% Nature !","publisher":{"@id":"https:\/\/haverskerque.fr\/#organization"},"alternateName":"Haverskerque","potentialAction":[{"@type":"SearchAction","target":{"@type":"EntryPoint","urlTemplate":"https:\/\/haverskerque.fr\/?s={search_term_string}"},"query-input":{"@type":"PropertyValueSpecification","valueRequired":true,"valueName":"search_term_string"}}],"inLanguage":"fr-FR"},{"@type":"Organization","@id":"https:\/\/haverskerque.fr\/#organization","name":"Commune d'Haverskerque","alternateName":"Commune d'Haverskerque","url":"https:\/\/haverskerque.fr\/","logo":{"@type":"ImageObject","inLanguage":"fr-FR","@id":"https:\/\/haverskerque.fr\/#\/schema\/logo\/image\/","url":"https:\/\/haverskerque.fr\/wp-content\/uploads\/2024\/01\/siteon0-e5814-1.png","contentUrl":"https:\/\/haverskerque.fr\/wp-content\/uploads\/2024\/01\/siteon0-e5814-1.png","width":236,"height":102,"caption":"Commune d'Haverskerque"},"image":{"@id":"https:\/\/haverskerque.fr\/#\/schema\/logo\/image\/"},"sameAs":["https:\/\/www.facebook.com\/communehaverskerque","https:\/\/www.instagram.com\/communehaverskerque\/"]}]}},"_links":{"self":[{"href":"https:\/\/www.haverskerque.fr\/index.php\/wp-json\/wp\/v2\/pages\/3381","targetHints":{"allow":["GET"]}}],"collection":[{"href":"https:\/\/www.haverskerque.fr\/index.php\/wp-json\/wp\/v2\/pages"}],"about":[{"href":"https:\/\/www.haverskerque.fr\/index.php\/wp-json\/wp\/v2\/types\/page"}],"author":[{"embeddable":true,"href":"https:\/\/www.haverskerque.fr\/index.php\/wp-json\/wp\/v2\/users\/1"}],"replies":[{"embeddable":true,"href":"https:\/\/www.haverskerque.fr\/index.php\/wp-json\/wp\/v2\/comments?post=3381"}],"version-history":[{"count":15,"href":"https:\/\/www.haverskerque.fr\/index.php\/wp-json\/wp\/v2\/pages\/3381\/revisions"}],"predecessor-version":[{"id":10233,"href":"https:\/\/www.haverskerque.fr\/index.php\/wp-json\/wp\/v2\/pages\/3381\/revisions\/10233"}],"wp:attachment":[{"href":"https:\/\/www.haverskerque.fr\/index.php\/wp-json\/wp\/v2\/media?parent=3381"}],"curies":[{"name":"wp","href":"https:\/\/api.w.org\/{rel}","templated":true}]}}