{"id":3354,"date":"2023-06-26T13:57:24","date_gmt":"2023-06-26T11:57:24","guid":{"rendered":"http:\/\/barbry.esy.es\/?page_id=3354"},"modified":"2026-03-13T10:46:26","modified_gmt":"2026-03-13T09:46:26","slug":"frelons-asiatiques-3","status":"publish","type":"page","link":"https:\/\/www.haverskerque.fr\/index.php\/frelons-asiatiques-3\/","title":{"rendered":"Frelons asiatiques"},"content":{"rendered":"<div class=\"wp-block-image is-resized\">\n<figure class=\"aligncenter size-large\"><img loading=\"lazy\" decoding=\"async\" width=\"1024\" height=\"576\" src=\"http:\/\/barbry.esy.es\/wp-content\/uploads\/2023\/12\/Frelons-asiatiques-1024x576.png\" alt=\"\" class=\"wp-image-6316\" style=\"object-fit:cover;width:700px;height:393px\" srcset=\"https:\/\/www.haverskerque.fr\/wp-content\/uploads\/2023\/12\/Frelons-asiatiques-1024x576.png 1024w, https:\/\/www.haverskerque.fr\/wp-content\/uploads\/2023\/12\/Frelons-asiatiques-300x169.png 300w, https:\/\/www.haverskerque.fr\/wp-content\/uploads\/2023\/12\/Frelons-asiatiques-768x432.png 768w, https:\/\/www.haverskerque.fr\/wp-content\/uploads\/2023\/12\/Frelons-asiatiques-1536x864.png 1536w, https:\/\/www.haverskerque.fr\/wp-content\/uploads\/2023\/12\/Frelons-asiatiques-1140x641.png 1140w, https:\/\/www.haverskerque.fr\/wp-content\/uploads\/2023\/12\/Frelons-asiatiques.png 1920w\" sizes=\"auto, (max-width: 1024px) 100vw, 1024px\" \/><\/figure>\n<\/div>\n\n\n<figure class=\"wp-block-image size-full\"><img loading=\"lazy\" decoding=\"async\" width=\"593\" height=\"45\" src=\"https:\/\/haverskerque.fr\/wp-content\/uploads\/2023\/02\/bandeblanche.jpg\" alt=\"\" class=\"wp-image-381\" srcset=\"https:\/\/www.haverskerque.fr\/wp-content\/uploads\/2023\/02\/bandeblanche.jpg 593w, https:\/\/www.haverskerque.fr\/wp-content\/uploads\/2023\/02\/bandeblanche-300x23.jpg 300w\" sizes=\"auto, (max-width: 593px) 100vw, 593px\" \/><\/figure>\n\n\n\n<p><mark style=\"background-color:rgba(0, 0, 0, 0);color:#00a018\" class=\"has-inline-color\">|<\/mark> <em>Vous avez d\u00e9couvert un nid de frelons asiatiques ?! Retrouvez ici une aide pour les reconna\u00eetre et le plan d&rsquo;action mis en place par la CCFL. <\/em><\/p>\n\n\n\n<figure class=\"wp-block-image size-full\"><img loading=\"lazy\" decoding=\"async\" width=\"593\" height=\"45\" src=\"https:\/\/haverskerque.fr\/wp-content\/uploads\/2023\/02\/bandeblanche.jpg\" alt=\"\" class=\"wp-image-381\" srcset=\"https:\/\/www.haverskerque.fr\/wp-content\/uploads\/2023\/02\/bandeblanche.jpg 593w, https:\/\/www.haverskerque.fr\/wp-content\/uploads\/2023\/02\/bandeblanche-300x23.jpg 300w\" sizes=\"auto, (max-width: 593px) 100vw, 593px\" \/><\/figure>\n\n\n\n<p>Le frelon asiatique, menace pour les insectes pollinisateurs et l&rsquo;Homme, a besoin d\u2019un environnement favorable pour faire son nid&nbsp;: un jardin avec un point d\u2019eau \u00e0 proximit\u00e9 (cours d\u2019eau, piscine, bassin,\u2026), de nectar (donc de fleurs), de la proximit\u00e9 d\u2019arbres et, dans l\u2019id\u00e9al, de ruches pour se nourrir.<\/p>\n\n\n\n<p>Face au risque av\u00e9r\u00e9 de prolif\u00e9ration, la CCFL a mis en place un plan d\u2019action \u00e0 l\u2019\u00e9chelle du territoire&nbsp;: la participation financi\u00e8re de la CCFL se fait \u00e0 hauteur de 80% du co\u00fbt de la destruction dans la limite de 120\u20ac. Pour en b\u00e9n\u00e9ficier, contactez le <strong><a href=\"https:\/\/www.cc-flandrelys.fr\/component\/rsform\/?view=forms&amp;layout=edit&amp;formId=16&amp;Itemid=746\" target=\"_blank\" rel=\"noreferrer noopener\">service Environnement de la CCFL<\/a><\/strong> et munissez vous d\u2019une facture d\u2019intervention du prestataire.<\/p>\n\n\n\n<figure class=\"wp-block-image size-full\"><img loading=\"lazy\" decoding=\"async\" width=\"593\" height=\"45\" src=\"https:\/\/haverskerque.fr\/wp-content\/uploads\/2023\/02\/bandeblanche.jpg\" alt=\"\" class=\"wp-image-381\" srcset=\"https:\/\/www.haverskerque.fr\/wp-content\/uploads\/2023\/02\/bandeblanche.jpg 593w, https:\/\/www.haverskerque.fr\/wp-content\/uploads\/2023\/02\/bandeblanche-300x23.jpg 300w\" sizes=\"auto, (max-width: 593px) 100vw, 593px\" \/><\/figure>\n\n\n\n<h3 class=\"wp-block-heading has-text-align-left\"><mark style=\"background-color:rgba(0, 0, 0, 0);color:#00a018\" class=\"has-inline-color\">|<\/mark> <strong>Lutter contre le frelon asiatique &#8211; Prot\u00e9ger vos ruches<\/strong><\/h3>\n\n\n\n<figure class=\"wp-block-image size-full\"><img loading=\"lazy\" decoding=\"async\" width=\"593\" height=\"45\" src=\"https:\/\/haverskerque.fr\/wp-content\/uploads\/2023\/02\/bandeblanche.jpg\" alt=\"\" class=\"wp-image-381\" srcset=\"https:\/\/www.haverskerque.fr\/wp-content\/uploads\/2023\/02\/bandeblanche.jpg 593w, https:\/\/www.haverskerque.fr\/wp-content\/uploads\/2023\/02\/bandeblanche-300x23.jpg 300w\" sizes=\"auto, (max-width: 593px) 100vw, 593px\" \/><\/figure>\n\n\n\n<p>Avec le concours de la <strong><a href=\"https:\/\/www.cc-flandrelys.fr\/\" target=\"_blank\" rel=\"noreferrer noopener\">CCFL<\/a><\/strong>, des pi\u00e8ges \u00e0 frelons seront install\u00e9s dans notre village \u00e0 proximit\u00e9 des ruches. Des r\u00e9f\u00e9rents dans notre commune ont \u00e9t\u00e9 d\u00e9sign\u00e9s pour suivre la d\u00e9marche (rep\u00e9rage et destruction).<\/p>\n\n\n\n<p>Nous vous remercions donc de signaler en mairie si vous poss\u00e9dez une ruche pour que nous puissions positionner les pi\u00e8ges aux bons endroits.<\/p>\n\n\n\n<p>Si vous \u00eates d\u00e9tenteurs d\u2019une ou plusieurs ruches, nous vous rappelons qu\u2019il est obligatoire (si vous ne l\u2019avez pas encore fait) de le d\u00e9clarer (nombre et emplacement) via lie lien ci-dessous :<\/p>\n\n\n\n<p><strong><a href=\"https:\/\/agriculture-portail.6tzen.fr\/loc_fr\/default\/security\/unauthorizedAccess?CSRFTOKEN=ed3b4474-a7ca-4c13-96db-57b65ca6dc68\" target=\"_blank\" rel=\"noreferrer noopener\">https:\/\/agriculture-portail.6tzen.fr\/loc_fr\/default\/security\/unauthorizedAccess?CSRFTOKEN=ed3b4474-a7ca-4c13-96db-57b65ca6dc68<\/a><\/strong><\/p>\n\n\n\n<p>Le frelon asiatique repr\u00e9sente plusieurs dangers pour la ruche, d\u2019abord au printemps lorsque les reines frelons vont commencer par confectionner leur nid. En cette p\u00e9riode, leur besoin en sucre est tr\u00e8s important et m\u00eame si elles sont en mesure de butiner, elles pr\u00e9f\u00e8rent les sources faciles d\u2019acc\u00e8s.<\/p>\n\n\n\n<p>Les ruches d\u2019abeilles sont donc un paradis pour ces reines frelons avec le miellat et les d\u00e9bris qui en tombent.<\/p>\n\n\n\n<figure class=\"wp-block-image size-full\"><img loading=\"lazy\" decoding=\"async\" width=\"593\" height=\"45\" src=\"https:\/\/haverskerque.fr\/wp-content\/uploads\/2023\/02\/bandeblanche.jpg\" alt=\"\" class=\"wp-image-381\" srcset=\"https:\/\/www.haverskerque.fr\/wp-content\/uploads\/2023\/02\/bandeblanche.jpg 593w, https:\/\/www.haverskerque.fr\/wp-content\/uploads\/2023\/02\/bandeblanche-300x23.jpg 300w\" sizes=\"auto, (max-width: 593px) 100vw, 593px\" \/><\/figure>\n\n\n<div class=\"wp-block-image\">\n<figure class=\"aligncenter size-full\"><a href=\"https:\/\/www.cc-flandrelys.fr\" target=\"_blank\" rel=\"noreferrer noopener\"><img loading=\"lazy\" decoding=\"async\" width=\"375\" height=\"205\" src=\"http:\/\/haverskerque.fr\/wp-content\/uploads\/2023\/08\/communautaire.jpg\" alt=\"\" class=\"wp-image-4761\" srcset=\"https:\/\/www.haverskerque.fr\/wp-content\/uploads\/2023\/08\/communautaire.jpg 375w, https:\/\/www.haverskerque.fr\/wp-content\/uploads\/2023\/08\/communautaire-300x164.jpg 300w\" sizes=\"auto, (max-width: 375px) 100vw, 375px\" \/><\/a><\/figure>\n<\/div>","protected":false},"excerpt":{"rendered":"<p>| Vous avez d\u00e9couvert un nid de frelons asiatiques ?! Retrouvez ici une aide pour les reconna\u00eetre et le plan d&rsquo;action mis en place par la CCFL. Le frelon asiatique, menace pour les insectes pollinisateurs et l&rsquo;Homme, a besoin d\u2019un environnement favorable pour faire son nid&nbsp;: un jardin avec un point d\u2019eau \u00e0 proximit\u00e9 (cours d\u2019eau, piscine, bassin,\u2026), de nectar (donc de fleurs), de la proximit\u00e9 d\u2019arbres et, dans l\u2019id\u00e9al, de ruches pour se nourrir. Face au risque av\u00e9r\u00e9 de prolif\u00e9ration, la CCFL a mis en place un plan d\u2019action \u00e0 l\u2019\u00e9chelle du territoire&nbsp;: la participation financi\u00e8re de la CCFL se fait \u00e0 hauteur de 80% du co\u00fbt de la destruction dans la limite de 120\u20ac. Pour en b\u00e9n\u00e9ficier, contactez le service Environnement de la CCFL et munissez vous d\u2019une facture d\u2019intervention du prestataire. | Lutter contre le frelon asiatique &#8211; Prot\u00e9ger vos ruches Avec le concours de la CCFL, des pi\u00e8ges \u00e0 frelons seront install\u00e9s dans notre village \u00e0 proximit\u00e9 des ruches. Des r\u00e9f\u00e9rents dans notre commune ont \u00e9t\u00e9 d\u00e9sign\u00e9s pour suivre la d\u00e9marche (rep\u00e9rage et destruction). Nous vous remercions donc de signaler en mairie si vous poss\u00e9dez une ruche pour que nous puissions positionner les pi\u00e8ges aux bons endroits. Si vous \u00eates d\u00e9tenteurs d\u2019une ou plusieurs ruches, nous vous rappelons qu\u2019il est obligatoire (si vous ne l\u2019avez pas encore fait) de le d\u00e9clarer (nombre et emplacement) via lie lien ci-dessous : https:\/\/agriculture-portail.6tzen.fr\/loc_fr\/default\/security\/unauthorizedAccess?CSRFTOKEN=ed3b4474-a7ca-4c13-96db-57b65ca6dc68 Le frelon asiatique repr\u00e9sente plusieurs dangers pour la ruche, d\u2019abord au printemps lorsque les reines frelons vont commencer par confectionner leur nid. En cette p\u00e9riode, leur besoin en sucre est tr\u00e8s important et m\u00eame si elles sont en mesure de butiner, elles pr\u00e9f\u00e8rent les sources faciles d\u2019acc\u00e8s. Les ruches d\u2019abeilles sont donc un paradis pour ces reines frelons avec le miellat et les d\u00e9bris qui en tombent.<\/p>\n","protected":false},"author":1,"featured_media":0,"parent":0,"menu_order":0,"comment_status":"closed","ping_status":"closed","template":"","meta":{"cybocfi_hide_featured_image":"","footnotes":""},"class_list":["post-3354","page","type-page","status-publish","hentry"],"yoast_head":"<!-- This site is optimized with the Yoast SEO plugin v27.5 - https:\/\/yoast.com\/product\/yoast-seo-wordpress\/ -->\n<title>Frelons asiatiques * Haverskerque, 100% Nature !*<\/title>\n<meta name=\"robots\" content=\"index, follow, max-snippet:-1, max-image-preview:large, max-video-preview:-1\" \/>\n<link rel=\"canonical\" href=\"https:\/\/www.haverskerque.fr\/index.php\/frelons-asiatiques-3\/\" \/>\n<meta property=\"og:locale\" content=\"fr_FR\" \/>\n<meta property=\"og:type\" content=\"article\" \/>\n<meta property=\"og:title\" content=\"Frelons asiatiques * Haverskerque, 100% Nature !*\" \/>\n<meta property=\"og:description\" content=\"| Vous avez d\u00e9couvert un nid de frelons asiatiques ?! Retrouvez ici une aide pour les reconna\u00eetre et le plan d&rsquo;action mis en place par la CCFL. Le frelon asiatique, menace pour les insectes pollinisateurs et l&rsquo;Homme, a besoin d\u2019un environnement favorable pour faire son nid&nbsp;: un jardin avec un point d\u2019eau \u00e0 proximit\u00e9 (cours d\u2019eau, piscine, bassin,\u2026), de nectar (donc de fleurs), de la proximit\u00e9 d\u2019arbres et, dans l\u2019id\u00e9al, de ruches pour se nourrir. Face au risque av\u00e9r\u00e9 de prolif\u00e9ration, la CCFL a mis en place un plan d\u2019action \u00e0 l\u2019\u00e9chelle du territoire&nbsp;: la participation financi\u00e8re de la CCFL se fait \u00e0 hauteur de 80% du co\u00fbt de la destruction dans la limite de 120\u20ac. Pour en b\u00e9n\u00e9ficier, contactez le service Environnement de la CCFL et munissez vous d\u2019une facture d\u2019intervention du prestataire. | Lutter contre le frelon asiatique &#8211; Prot\u00e9ger vos ruches Avec le concours de la CCFL, des pi\u00e8ges \u00e0 frelons seront install\u00e9s dans notre village \u00e0 proximit\u00e9 des ruches. Des r\u00e9f\u00e9rents dans notre commune ont \u00e9t\u00e9 d\u00e9sign\u00e9s pour suivre la d\u00e9marche (rep\u00e9rage et destruction). Nous vous remercions donc de signaler en mairie si vous poss\u00e9dez une ruche pour que nous puissions positionner les pi\u00e8ges aux bons endroits. Si vous \u00eates d\u00e9tenteurs d\u2019une ou plusieurs ruches, nous vous rappelons qu\u2019il est obligatoire (si vous ne l\u2019avez pas encore fait) de le d\u00e9clarer (nombre et emplacement) via lie lien ci-dessous : https:\/\/agriculture-portail.6tzen.fr\/loc_fr\/default\/security\/unauthorizedAccess?CSRFTOKEN=ed3b4474-a7ca-4c13-96db-57b65ca6dc68 Le frelon asiatique repr\u00e9sente plusieurs dangers pour la ruche, d\u2019abord au printemps lorsque les reines frelons vont commencer par confectionner leur nid. En cette p\u00e9riode, leur besoin en sucre est tr\u00e8s important et m\u00eame si elles sont en mesure de butiner, elles pr\u00e9f\u00e8rent les sources faciles d\u2019acc\u00e8s. Les ruches d\u2019abeilles sont donc un paradis pour ces reines frelons avec le miellat et les d\u00e9bris qui en tombent.\" \/>\n<meta property=\"og:url\" content=\"https:\/\/www.haverskerque.fr\/index.php\/frelons-asiatiques-3\/\" \/>\n<meta property=\"og:site_name\" content=\"Haverskerque, 100% Nature !*\" \/>\n<meta property=\"article:publisher\" content=\"https:\/\/www.facebook.com\/communehaverskerque\" \/>\n<meta property=\"article:modified_time\" content=\"2026-03-13T09:46:26+00:00\" \/>\n<meta property=\"og:image\" content=\"https:\/\/www.haverskerque.fr\/wp-content\/uploads\/2023\/12\/Frelons-asiatiques-1024x576.png\" \/>\n\t<meta property=\"og:image:width\" content=\"1024\" \/>\n\t<meta property=\"og:image:height\" content=\"576\" \/>\n\t<meta property=\"og:image:type\" content=\"image\/png\" \/>\n<meta name=\"twitter:card\" content=\"summary_large_image\" \/>\n<meta name=\"twitter:label1\" content=\"Dur\u00e9e de lecture estim\u00e9e\" \/>\n\t<meta name=\"twitter:data1\" content=\"3 minutes\" \/>\n<script type=\"application\/ld+json\" class=\"yoast-schema-graph\">{\"@context\":\"https:\\\/\\\/schema.org\",\"@graph\":[{\"@type\":\"WebPage\",\"@id\":\"https:\\\/\\\/www.haverskerque.fr\\\/index.php\\\/frelons-asiatiques-3\\\/\",\"url\":\"https:\\\/\\\/www.haverskerque.fr\\\/index.php\\\/frelons-asiatiques-3\\\/\",\"name\":\"Frelons asiatiques * Haverskerque, 100% Nature !*\",\"isPartOf\":{\"@id\":\"https:\\\/\\\/haverskerque.fr\\\/#website\"},\"primaryImageOfPage\":{\"@id\":\"https:\\\/\\\/www.haverskerque.fr\\\/index.php\\\/frelons-asiatiques-3\\\/#primaryimage\"},\"image\":{\"@id\":\"https:\\\/\\\/www.haverskerque.fr\\\/index.php\\\/frelons-asiatiques-3\\\/#primaryimage\"},\"thumbnailUrl\":\"http:\\\/\\\/barbry.esy.es\\\/wp-content\\\/uploads\\\/2023\\\/12\\\/Frelons-asiatiques-1024x576.png\",\"datePublished\":\"2023-06-26T11:57:24+00:00\",\"dateModified\":\"2026-03-13T09:46:26+00:00\",\"breadcrumb\":{\"@id\":\"https:\\\/\\\/www.haverskerque.fr\\\/index.php\\\/frelons-asiatiques-3\\\/#breadcrumb\"},\"inLanguage\":\"fr-FR\",\"potentialAction\":[{\"@type\":\"ReadAction\",\"target\":[\"https:\\\/\\\/www.haverskerque.fr\\\/index.php\\\/frelons-asiatiques-3\\\/\"]}]},{\"@type\":\"ImageObject\",\"inLanguage\":\"fr-FR\",\"@id\":\"https:\\\/\\\/www.haverskerque.fr\\\/index.php\\\/frelons-asiatiques-3\\\/#primaryimage\",\"url\":\"http:\\\/\\\/barbry.esy.es\\\/wp-content\\\/uploads\\\/2023\\\/12\\\/Frelons-asiatiques-1024x576.png\",\"contentUrl\":\"http:\\\/\\\/barbry.esy.es\\\/wp-content\\\/uploads\\\/2023\\\/12\\\/Frelons-asiatiques-1024x576.png\"},{\"@type\":\"BreadcrumbList\",\"@id\":\"https:\\\/\\\/www.haverskerque.fr\\\/index.php\\\/frelons-asiatiques-3\\\/#breadcrumb\",\"itemListElement\":[{\"@type\":\"ListItem\",\"position\":1,\"name\":\"Accueil\",\"item\":\"https:\\\/\\\/www.haverskerque.fr\\\/\"},{\"@type\":\"ListItem\",\"position\":2,\"name\":\"Frelons asiatiques\"}]},{\"@type\":\"WebSite\",\"@id\":\"https:\\\/\\\/haverskerque.fr\\\/#website\",\"url\":\"https:\\\/\\\/haverskerque.fr\\\/\",\"name\":\"Haverskerque\",\"description\":\"Haverskerque, 100% Nature !\",\"publisher\":{\"@id\":\"https:\\\/\\\/haverskerque.fr\\\/#organization\"},\"alternateName\":\"Haverskerque\",\"potentialAction\":[{\"@type\":\"SearchAction\",\"target\":{\"@type\":\"EntryPoint\",\"urlTemplate\":\"https:\\\/\\\/haverskerque.fr\\\/?s={search_term_string}\"},\"query-input\":{\"@type\":\"PropertyValueSpecification\",\"valueRequired\":true,\"valueName\":\"search_term_string\"}}],\"inLanguage\":\"fr-FR\"},{\"@type\":\"Organization\",\"@id\":\"https:\\\/\\\/haverskerque.fr\\\/#organization\",\"name\":\"Commune d'Haverskerque\",\"alternateName\":\"Commune d'Haverskerque\",\"url\":\"https:\\\/\\\/haverskerque.fr\\\/\",\"logo\":{\"@type\":\"ImageObject\",\"inLanguage\":\"fr-FR\",\"@id\":\"https:\\\/\\\/haverskerque.fr\\\/#\\\/schema\\\/logo\\\/image\\\/\",\"url\":\"https:\\\/\\\/haverskerque.fr\\\/wp-content\\\/uploads\\\/2024\\\/01\\\/siteon0-e5814-1.png\",\"contentUrl\":\"https:\\\/\\\/haverskerque.fr\\\/wp-content\\\/uploads\\\/2024\\\/01\\\/siteon0-e5814-1.png\",\"width\":236,\"height\":102,\"caption\":\"Commune d'Haverskerque\"},\"image\":{\"@id\":\"https:\\\/\\\/haverskerque.fr\\\/#\\\/schema\\\/logo\\\/image\\\/\"},\"sameAs\":[\"https:\\\/\\\/www.facebook.com\\\/communehaverskerque\",\"https:\\\/\\\/www.instagram.com\\\/communehaverskerque\\\/\"]}]}<\/script>\n<!-- \/ Yoast SEO plugin. -->","yoast_head_json":{"title":"Frelons asiatiques * Haverskerque, 100% Nature !*","robots":{"index":"index","follow":"follow","max-snippet":"max-snippet:-1","max-image-preview":"max-image-preview:large","max-video-preview":"max-video-preview:-1"},"canonical":"https:\/\/www.haverskerque.fr\/index.php\/frelons-asiatiques-3\/","og_locale":"fr_FR","og_type":"article","og_title":"Frelons asiatiques * Haverskerque, 100% Nature !*","og_description":"| Vous avez d\u00e9couvert un nid de frelons asiatiques ?! Retrouvez ici une aide pour les reconna\u00eetre et le plan d&rsquo;action mis en place par la CCFL. Le frelon asiatique, menace pour les insectes pollinisateurs et l&rsquo;Homme, a besoin d\u2019un environnement favorable pour faire son nid&nbsp;: un jardin avec un point d\u2019eau \u00e0 proximit\u00e9 (cours d\u2019eau, piscine, bassin,\u2026), de nectar (donc de fleurs), de la proximit\u00e9 d\u2019arbres et, dans l\u2019id\u00e9al, de ruches pour se nourrir. Face au risque av\u00e9r\u00e9 de prolif\u00e9ration, la CCFL a mis en place un plan d\u2019action \u00e0 l\u2019\u00e9chelle du territoire&nbsp;: la participation financi\u00e8re de la CCFL se fait \u00e0 hauteur de 80% du co\u00fbt de la destruction dans la limite de 120\u20ac. Pour en b\u00e9n\u00e9ficier, contactez le service Environnement de la CCFL et munissez vous d\u2019une facture d\u2019intervention du prestataire. | Lutter contre le frelon asiatique &#8211; Prot\u00e9ger vos ruches Avec le concours de la CCFL, des pi\u00e8ges \u00e0 frelons seront install\u00e9s dans notre village \u00e0 proximit\u00e9 des ruches. Des r\u00e9f\u00e9rents dans notre commune ont \u00e9t\u00e9 d\u00e9sign\u00e9s pour suivre la d\u00e9marche (rep\u00e9rage et destruction). Nous vous remercions donc de signaler en mairie si vous poss\u00e9dez une ruche pour que nous puissions positionner les pi\u00e8ges aux bons endroits. Si vous \u00eates d\u00e9tenteurs d\u2019une ou plusieurs ruches, nous vous rappelons qu\u2019il est obligatoire (si vous ne l\u2019avez pas encore fait) de le d\u00e9clarer (nombre et emplacement) via lie lien ci-dessous : https:\/\/agriculture-portail.6tzen.fr\/loc_fr\/default\/security\/unauthorizedAccess?CSRFTOKEN=ed3b4474-a7ca-4c13-96db-57b65ca6dc68 Le frelon asiatique repr\u00e9sente plusieurs dangers pour la ruche, d\u2019abord au printemps lorsque les reines frelons vont commencer par confectionner leur nid. En cette p\u00e9riode, leur besoin en sucre est tr\u00e8s important et m\u00eame si elles sont en mesure de butiner, elles pr\u00e9f\u00e8rent les sources faciles d\u2019acc\u00e8s. Les ruches d\u2019abeilles sont donc un paradis pour ces reines frelons avec le miellat et les d\u00e9bris qui en tombent.","og_url":"https:\/\/www.haverskerque.fr\/index.php\/frelons-asiatiques-3\/","og_site_name":"Haverskerque, 100% Nature !*","article_publisher":"https:\/\/www.facebook.com\/communehaverskerque","article_modified_time":"2026-03-13T09:46:26+00:00","og_image":[{"width":1024,"height":576,"url":"https:\/\/www.haverskerque.fr\/wp-content\/uploads\/2023\/12\/Frelons-asiatiques-1024x576.png","type":"image\/png"}],"twitter_card":"summary_large_image","twitter_misc":{"Dur\u00e9e de lecture estim\u00e9e":"3 minutes"},"schema":{"@context":"https:\/\/schema.org","@graph":[{"@type":"WebPage","@id":"https:\/\/www.haverskerque.fr\/index.php\/frelons-asiatiques-3\/","url":"https:\/\/www.haverskerque.fr\/index.php\/frelons-asiatiques-3\/","name":"Frelons asiatiques * Haverskerque, 100% Nature !*","isPartOf":{"@id":"https:\/\/haverskerque.fr\/#website"},"primaryImageOfPage":{"@id":"https:\/\/www.haverskerque.fr\/index.php\/frelons-asiatiques-3\/#primaryimage"},"image":{"@id":"https:\/\/www.haverskerque.fr\/index.php\/frelons-asiatiques-3\/#primaryimage"},"thumbnailUrl":"http:\/\/barbry.esy.es\/wp-content\/uploads\/2023\/12\/Frelons-asiatiques-1024x576.png","datePublished":"2023-06-26T11:57:24+00:00","dateModified":"2026-03-13T09:46:26+00:00","breadcrumb":{"@id":"https:\/\/www.haverskerque.fr\/index.php\/frelons-asiatiques-3\/#breadcrumb"},"inLanguage":"fr-FR","potentialAction":[{"@type":"ReadAction","target":["https:\/\/www.haverskerque.fr\/index.php\/frelons-asiatiques-3\/"]}]},{"@type":"ImageObject","inLanguage":"fr-FR","@id":"https:\/\/www.haverskerque.fr\/index.php\/frelons-asiatiques-3\/#primaryimage","url":"http:\/\/barbry.esy.es\/wp-content\/uploads\/2023\/12\/Frelons-asiatiques-1024x576.png","contentUrl":"http:\/\/barbry.esy.es\/wp-content\/uploads\/2023\/12\/Frelons-asiatiques-1024x576.png"},{"@type":"BreadcrumbList","@id":"https:\/\/www.haverskerque.fr\/index.php\/frelons-asiatiques-3\/#breadcrumb","itemListElement":[{"@type":"ListItem","position":1,"name":"Accueil","item":"https:\/\/www.haverskerque.fr\/"},{"@type":"ListItem","position":2,"name":"Frelons asiatiques"}]},{"@type":"WebSite","@id":"https:\/\/haverskerque.fr\/#website","url":"https:\/\/haverskerque.fr\/","name":"Haverskerque","description":"Haverskerque, 100% Nature !","publisher":{"@id":"https:\/\/haverskerque.fr\/#organization"},"alternateName":"Haverskerque","potentialAction":[{"@type":"SearchAction","target":{"@type":"EntryPoint","urlTemplate":"https:\/\/haverskerque.fr\/?s={search_term_string}"},"query-input":{"@type":"PropertyValueSpecification","valueRequired":true,"valueName":"search_term_string"}}],"inLanguage":"fr-FR"},{"@type":"Organization","@id":"https:\/\/haverskerque.fr\/#organization","name":"Commune d'Haverskerque","alternateName":"Commune d'Haverskerque","url":"https:\/\/haverskerque.fr\/","logo":{"@type":"ImageObject","inLanguage":"fr-FR","@id":"https:\/\/haverskerque.fr\/#\/schema\/logo\/image\/","url":"https:\/\/haverskerque.fr\/wp-content\/uploads\/2024\/01\/siteon0-e5814-1.png","contentUrl":"https:\/\/haverskerque.fr\/wp-content\/uploads\/2024\/01\/siteon0-e5814-1.png","width":236,"height":102,"caption":"Commune d'Haverskerque"},"image":{"@id":"https:\/\/haverskerque.fr\/#\/schema\/logo\/image\/"},"sameAs":["https:\/\/www.facebook.com\/communehaverskerque","https:\/\/www.instagram.com\/communehaverskerque\/"]}]}},"_links":{"self":[{"href":"https:\/\/www.haverskerque.fr\/index.php\/wp-json\/wp\/v2\/pages\/3354","targetHints":{"allow":["GET"]}}],"collection":[{"href":"https:\/\/www.haverskerque.fr\/index.php\/wp-json\/wp\/v2\/pages"}],"about":[{"href":"https:\/\/www.haverskerque.fr\/index.php\/wp-json\/wp\/v2\/types\/page"}],"author":[{"embeddable":true,"href":"https:\/\/www.haverskerque.fr\/index.php\/wp-json\/wp\/v2\/users\/1"}],"replies":[{"embeddable":true,"href":"https:\/\/www.haverskerque.fr\/index.php\/wp-json\/wp\/v2\/comments?post=3354"}],"version-history":[{"count":21,"href":"https:\/\/www.haverskerque.fr\/index.php\/wp-json\/wp\/v2\/pages\/3354\/revisions"}],"predecessor-version":[{"id":10223,"href":"https:\/\/www.haverskerque.fr\/index.php\/wp-json\/wp\/v2\/pages\/3354\/revisions\/10223"}],"wp:attachment":[{"href":"https:\/\/www.haverskerque.fr\/index.php\/wp-json\/wp\/v2\/media?parent=3354"}],"curies":[{"name":"wp","href":"https:\/\/api.w.org\/{rel}","templated":true}]}}