{"id":3352,"date":"2023-06-26T13:56:57","date_gmt":"2023-06-26T11:56:57","guid":{"rendered":"http:\/\/barbry.esy.es\/?page_id=3352"},"modified":"2026-01-22T14:20:21","modified_gmt":"2026-01-22T13:20:21","slug":"chasse-2","status":"publish","type":"page","link":"https:\/\/www.haverskerque.fr\/index.php\/chasse-2\/","title":{"rendered":"Chasse"},"content":{"rendered":"<div class=\"wp-block-image\">\n<figure class=\"aligncenter size-large is-resized\"><img loading=\"lazy\" decoding=\"async\" width=\"1024\" height=\"576\" src=\"https:\/\/haverskerque.fr\/wp-content\/uploads\/2024\/01\/Chasse-1024x576.png\" alt=\"\" class=\"wp-image-7113\" style=\"object-fit:cover;width:700px;height:393px\" srcset=\"https:\/\/www.haverskerque.fr\/wp-content\/uploads\/2024\/01\/Chasse-1024x576.png 1024w, https:\/\/www.haverskerque.fr\/wp-content\/uploads\/2024\/01\/Chasse-300x169.png 300w, https:\/\/www.haverskerque.fr\/wp-content\/uploads\/2024\/01\/Chasse-768x432.png 768w, https:\/\/www.haverskerque.fr\/wp-content\/uploads\/2024\/01\/Chasse-1536x864.png 1536w, https:\/\/www.haverskerque.fr\/wp-content\/uploads\/2024\/01\/Chasse-1140x641.png 1140w, https:\/\/www.haverskerque.fr\/wp-content\/uploads\/2024\/01\/Chasse.png 1920w\" sizes=\"auto, (max-width: 1024px) 100vw, 1024px\" \/><\/figure>\n<\/div>\n\n\n<figure class=\"wp-block-image size-full\"><img loading=\"lazy\" decoding=\"async\" width=\"593\" height=\"45\" src=\"https:\/\/haverskerque.fr\/wp-content\/uploads\/2023\/02\/bandeblanche.jpg\" alt=\"\" class=\"wp-image-381\" srcset=\"https:\/\/www.haverskerque.fr\/wp-content\/uploads\/2023\/02\/bandeblanche.jpg 593w, https:\/\/www.haverskerque.fr\/wp-content\/uploads\/2023\/02\/bandeblanche-300x23.jpg 300w\" sizes=\"auto, (max-width: 593px) 100vw, 593px\" \/><\/figure>\n\n\n\n<p><mark style=\"background-color:rgba(0, 0, 0, 0);color:#00a018\" class=\"has-inline-color\">|<\/mark> <em>Vous \u00eates chasseurs ou randonneurs souhaitant conna\u00eetre les dates de chasse pour la saison ?! Retrouvez ici les cartes de r\u00e9partition de lots de la for\u00eat domaniale de Nieppe et le calendrier de chasse.<\/em><\/p>\n\n\n\n<figure class=\"wp-block-image size-full\"><img loading=\"lazy\" decoding=\"async\" width=\"593\" height=\"45\" src=\"https:\/\/haverskerque.fr\/wp-content\/uploads\/2023\/02\/bandeblanche.jpg\" alt=\"\" class=\"wp-image-381\" srcset=\"https:\/\/www.haverskerque.fr\/wp-content\/uploads\/2023\/02\/bandeblanche.jpg 593w, https:\/\/www.haverskerque.fr\/wp-content\/uploads\/2023\/02\/bandeblanche-300x23.jpg 300w\" sizes=\"auto, (max-width: 593px) 100vw, 593px\" \/><\/figure>\n\n\n\n<p>Plus d&rsquo;infos sur le <strong><a href=\"https:\/\/www.onf.fr\" target=\"_blank\" rel=\"noreferrer noopener\">site de l&rsquo;ONF<\/a><\/strong>.<\/p>\n\n\n\n<figure class=\"wp-block-image size-full\"><img loading=\"lazy\" decoding=\"async\" width=\"593\" height=\"45\" src=\"https:\/\/haverskerque.fr\/wp-content\/uploads\/2023\/02\/bandeblanche.jpg\" alt=\"\" class=\"wp-image-381\" srcset=\"https:\/\/www.haverskerque.fr\/wp-content\/uploads\/2023\/02\/bandeblanche.jpg 593w, https:\/\/www.haverskerque.fr\/wp-content\/uploads\/2023\/02\/bandeblanche-300x23.jpg 300w\" sizes=\"auto, (max-width: 593px) 100vw, 593px\" \/><\/figure>\n\n\n\n<p><mark style=\"background-color:rgba(0, 0, 0, 0);color:#00a018\" class=\"has-inline-color\">|<\/mark> <strong>Arr\u00eat\u00e9 relatif \u00e0 l&rsquo;ouverture et \u00e0 la cl\u00f4ture de la chasse dans le d\u00e9partement du Nord pour la campagne de chasse 2025-2026<\/strong><\/p>\n\n\n\n<figure class=\"wp-block-image size-full\"><img loading=\"lazy\" decoding=\"async\" width=\"593\" height=\"45\" src=\"https:\/\/haverskerque.fr\/wp-content\/uploads\/2023\/02\/bandeblanche.jpg\" alt=\"\" class=\"wp-image-381\" srcset=\"https:\/\/www.haverskerque.fr\/wp-content\/uploads\/2023\/02\/bandeblanche.jpg 593w, https:\/\/www.haverskerque.fr\/wp-content\/uploads\/2023\/02\/bandeblanche-300x23.jpg 300w\" sizes=\"auto, (max-width: 593px) 100vw, 593px\" \/><\/figure>\n\n\n\n<div class=\"wp-block-file\"><a id=\"wp-block-file--media-54ae3fca-6010-495e-a873-d74ba696e00b\" href=\"https:\/\/www.haverskerque.fr\/wp-content\/uploads\/2026\/01\/AP-campagne-de-chasse-2025-2026-du-10-06-2025.pdf\" target=\"_blank\" rel=\"noreferrer noopener\">AP-campagne-de-chasse-2025-2026-du-10-06-2025<\/a><a href=\"https:\/\/www.haverskerque.fr\/wp-content\/uploads\/2026\/01\/AP-campagne-de-chasse-2025-2026-du-10-06-2025.pdf\" class=\"wp-block-file__button wp-element-button\" download aria-describedby=\"wp-block-file--media-54ae3fca-6010-495e-a873-d74ba696e00b\">T\u00e9l\u00e9charger<\/a><\/div>\n","protected":false},"excerpt":{"rendered":"<p>| Vous \u00eates chasseurs ou randonneurs souhaitant conna\u00eetre les dates de chasse pour la saison ?! Retrouvez ici les cartes de r\u00e9partition de lots de la for\u00eat domaniale de Nieppe et le calendrier de chasse. Plus d&rsquo;infos sur le site de l&rsquo;ONF. | Arr\u00eat\u00e9 relatif \u00e0 l&rsquo;ouverture et \u00e0 la cl\u00f4ture de la chasse dans le d\u00e9partement du Nord pour la campagne de chasse 2025-2026<\/p>\n","protected":false},"author":1,"featured_media":0,"parent":0,"menu_order":0,"comment_status":"closed","ping_status":"closed","template":"","meta":{"cybocfi_hide_featured_image":"","footnotes":""},"class_list":["post-3352","page","type-page","status-publish","hentry"],"yoast_head":"<!-- This site is optimized with the Yoast SEO plugin v27.5 - https:\/\/yoast.com\/product\/yoast-seo-wordpress\/ -->\n<title>Chasse * Haverskerque, 100% Nature !*<\/title>\n<meta name=\"robots\" content=\"index, follow, max-snippet:-1, max-image-preview:large, max-video-preview:-1\" \/>\n<link rel=\"canonical\" href=\"https:\/\/www.haverskerque.fr\/index.php\/chasse-2\/\" \/>\n<meta property=\"og:locale\" content=\"fr_FR\" \/>\n<meta property=\"og:type\" content=\"article\" \/>\n<meta property=\"og:title\" content=\"Chasse * Haverskerque, 100% Nature !*\" \/>\n<meta property=\"og:description\" content=\"| Vous \u00eates chasseurs ou randonneurs souhaitant conna\u00eetre les dates de chasse pour la saison ?! Retrouvez ici les cartes de r\u00e9partition de lots de la for\u00eat domaniale de Nieppe et le calendrier de chasse. Plus d&rsquo;infos sur le site de l&rsquo;ONF. | Arr\u00eat\u00e9 relatif \u00e0 l&rsquo;ouverture et \u00e0 la cl\u00f4ture de la chasse dans le d\u00e9partement du Nord pour la campagne de chasse 2025-2026\" \/>\n<meta property=\"og:url\" content=\"https:\/\/www.haverskerque.fr\/index.php\/chasse-2\/\" \/>\n<meta property=\"og:site_name\" content=\"Haverskerque, 100% Nature !*\" \/>\n<meta property=\"article:publisher\" content=\"https:\/\/www.facebook.com\/communehaverskerque\" \/>\n<meta property=\"article:modified_time\" content=\"2026-01-22T13:20:21+00:00\" \/>\n<meta property=\"og:image\" content=\"https:\/\/www.haverskerque.fr\/wp-content\/uploads\/2024\/01\/Chasse-1024x576.png\" \/>\n\t<meta property=\"og:image:width\" content=\"1024\" \/>\n\t<meta property=\"og:image:height\" content=\"576\" \/>\n\t<meta property=\"og:image:type\" content=\"image\/png\" \/>\n<meta name=\"twitter:card\" content=\"summary_large_image\" \/>\n<meta name=\"twitter:label1\" content=\"Dur\u00e9e de lecture estim\u00e9e\" \/>\n\t<meta name=\"twitter:data1\" content=\"2 minutes\" \/>\n<script type=\"application\/ld+json\" class=\"yoast-schema-graph\">{\"@context\":\"https:\\\/\\\/schema.org\",\"@graph\":[{\"@type\":\"WebPage\",\"@id\":\"https:\\\/\\\/www.haverskerque.fr\\\/index.php\\\/chasse-2\\\/\",\"url\":\"https:\\\/\\\/www.haverskerque.fr\\\/index.php\\\/chasse-2\\\/\",\"name\":\"Chasse * Haverskerque, 100% Nature !*\",\"isPartOf\":{\"@id\":\"https:\\\/\\\/haverskerque.fr\\\/#website\"},\"primaryImageOfPage\":{\"@id\":\"https:\\\/\\\/www.haverskerque.fr\\\/index.php\\\/chasse-2\\\/#primaryimage\"},\"image\":{\"@id\":\"https:\\\/\\\/www.haverskerque.fr\\\/index.php\\\/chasse-2\\\/#primaryimage\"},\"thumbnailUrl\":\"https:\\\/\\\/haverskerque.fr\\\/wp-content\\\/uploads\\\/2024\\\/01\\\/Chasse-1024x576.png\",\"datePublished\":\"2023-06-26T11:56:57+00:00\",\"dateModified\":\"2026-01-22T13:20:21+00:00\",\"breadcrumb\":{\"@id\":\"https:\\\/\\\/www.haverskerque.fr\\\/index.php\\\/chasse-2\\\/#breadcrumb\"},\"inLanguage\":\"fr-FR\",\"potentialAction\":[{\"@type\":\"ReadAction\",\"target\":[\"https:\\\/\\\/www.haverskerque.fr\\\/index.php\\\/chasse-2\\\/\"]}]},{\"@type\":\"ImageObject\",\"inLanguage\":\"fr-FR\",\"@id\":\"https:\\\/\\\/www.haverskerque.fr\\\/index.php\\\/chasse-2\\\/#primaryimage\",\"url\":\"https:\\\/\\\/haverskerque.fr\\\/wp-content\\\/uploads\\\/2024\\\/01\\\/Chasse-1024x576.png\",\"contentUrl\":\"https:\\\/\\\/haverskerque.fr\\\/wp-content\\\/uploads\\\/2024\\\/01\\\/Chasse-1024x576.png\"},{\"@type\":\"BreadcrumbList\",\"@id\":\"https:\\\/\\\/www.haverskerque.fr\\\/index.php\\\/chasse-2\\\/#breadcrumb\",\"itemListElement\":[{\"@type\":\"ListItem\",\"position\":1,\"name\":\"Accueil\",\"item\":\"https:\\\/\\\/www.haverskerque.fr\\\/\"},{\"@type\":\"ListItem\",\"position\":2,\"name\":\"Chasse\"}]},{\"@type\":\"WebSite\",\"@id\":\"https:\\\/\\\/haverskerque.fr\\\/#website\",\"url\":\"https:\\\/\\\/haverskerque.fr\\\/\",\"name\":\"Haverskerque\",\"description\":\"Haverskerque, 100% Nature !\",\"publisher\":{\"@id\":\"https:\\\/\\\/haverskerque.fr\\\/#organization\"},\"alternateName\":\"Haverskerque\",\"potentialAction\":[{\"@type\":\"SearchAction\",\"target\":{\"@type\":\"EntryPoint\",\"urlTemplate\":\"https:\\\/\\\/haverskerque.fr\\\/?s={search_term_string}\"},\"query-input\":{\"@type\":\"PropertyValueSpecification\",\"valueRequired\":true,\"valueName\":\"search_term_string\"}}],\"inLanguage\":\"fr-FR\"},{\"@type\":\"Organization\",\"@id\":\"https:\\\/\\\/haverskerque.fr\\\/#organization\",\"name\":\"Commune d'Haverskerque\",\"alternateName\":\"Commune d'Haverskerque\",\"url\":\"https:\\\/\\\/haverskerque.fr\\\/\",\"logo\":{\"@type\":\"ImageObject\",\"inLanguage\":\"fr-FR\",\"@id\":\"https:\\\/\\\/haverskerque.fr\\\/#\\\/schema\\\/logo\\\/image\\\/\",\"url\":\"https:\\\/\\\/haverskerque.fr\\\/wp-content\\\/uploads\\\/2024\\\/01\\\/siteon0-e5814-1.png\",\"contentUrl\":\"https:\\\/\\\/haverskerque.fr\\\/wp-content\\\/uploads\\\/2024\\\/01\\\/siteon0-e5814-1.png\",\"width\":236,\"height\":102,\"caption\":\"Commune d'Haverskerque\"},\"image\":{\"@id\":\"https:\\\/\\\/haverskerque.fr\\\/#\\\/schema\\\/logo\\\/image\\\/\"},\"sameAs\":[\"https:\\\/\\\/www.facebook.com\\\/communehaverskerque\",\"https:\\\/\\\/www.instagram.com\\\/communehaverskerque\\\/\"]}]}<\/script>\n<!-- \/ Yoast SEO plugin. -->","yoast_head_json":{"title":"Chasse * Haverskerque, 100% Nature !*","robots":{"index":"index","follow":"follow","max-snippet":"max-snippet:-1","max-image-preview":"max-image-preview:large","max-video-preview":"max-video-preview:-1"},"canonical":"https:\/\/www.haverskerque.fr\/index.php\/chasse-2\/","og_locale":"fr_FR","og_type":"article","og_title":"Chasse * Haverskerque, 100% Nature !*","og_description":"| Vous \u00eates chasseurs ou randonneurs souhaitant conna\u00eetre les dates de chasse pour la saison ?! Retrouvez ici les cartes de r\u00e9partition de lots de la for\u00eat domaniale de Nieppe et le calendrier de chasse. Plus d&rsquo;infos sur le site de l&rsquo;ONF. | Arr\u00eat\u00e9 relatif \u00e0 l&rsquo;ouverture et \u00e0 la cl\u00f4ture de la chasse dans le d\u00e9partement du Nord pour la campagne de chasse 2025-2026","og_url":"https:\/\/www.haverskerque.fr\/index.php\/chasse-2\/","og_site_name":"Haverskerque, 100% Nature !*","article_publisher":"https:\/\/www.facebook.com\/communehaverskerque","article_modified_time":"2026-01-22T13:20:21+00:00","og_image":[{"width":1024,"height":576,"url":"https:\/\/www.haverskerque.fr\/wp-content\/uploads\/2024\/01\/Chasse-1024x576.png","type":"image\/png"}],"twitter_card":"summary_large_image","twitter_misc":{"Dur\u00e9e de lecture estim\u00e9e":"2 minutes"},"schema":{"@context":"https:\/\/schema.org","@graph":[{"@type":"WebPage","@id":"https:\/\/www.haverskerque.fr\/index.php\/chasse-2\/","url":"https:\/\/www.haverskerque.fr\/index.php\/chasse-2\/","name":"Chasse * Haverskerque, 100% Nature !*","isPartOf":{"@id":"https:\/\/haverskerque.fr\/#website"},"primaryImageOfPage":{"@id":"https:\/\/www.haverskerque.fr\/index.php\/chasse-2\/#primaryimage"},"image":{"@id":"https:\/\/www.haverskerque.fr\/index.php\/chasse-2\/#primaryimage"},"thumbnailUrl":"https:\/\/haverskerque.fr\/wp-content\/uploads\/2024\/01\/Chasse-1024x576.png","datePublished":"2023-06-26T11:56:57+00:00","dateModified":"2026-01-22T13:20:21+00:00","breadcrumb":{"@id":"https:\/\/www.haverskerque.fr\/index.php\/chasse-2\/#breadcrumb"},"inLanguage":"fr-FR","potentialAction":[{"@type":"ReadAction","target":["https:\/\/www.haverskerque.fr\/index.php\/chasse-2\/"]}]},{"@type":"ImageObject","inLanguage":"fr-FR","@id":"https:\/\/www.haverskerque.fr\/index.php\/chasse-2\/#primaryimage","url":"https:\/\/haverskerque.fr\/wp-content\/uploads\/2024\/01\/Chasse-1024x576.png","contentUrl":"https:\/\/haverskerque.fr\/wp-content\/uploads\/2024\/01\/Chasse-1024x576.png"},{"@type":"BreadcrumbList","@id":"https:\/\/www.haverskerque.fr\/index.php\/chasse-2\/#breadcrumb","itemListElement":[{"@type":"ListItem","position":1,"name":"Accueil","item":"https:\/\/www.haverskerque.fr\/"},{"@type":"ListItem","position":2,"name":"Chasse"}]},{"@type":"WebSite","@id":"https:\/\/haverskerque.fr\/#website","url":"https:\/\/haverskerque.fr\/","name":"Haverskerque","description":"Haverskerque, 100% Nature !","publisher":{"@id":"https:\/\/haverskerque.fr\/#organization"},"alternateName":"Haverskerque","potentialAction":[{"@type":"SearchAction","target":{"@type":"EntryPoint","urlTemplate":"https:\/\/haverskerque.fr\/?s={search_term_string}"},"query-input":{"@type":"PropertyValueSpecification","valueRequired":true,"valueName":"search_term_string"}}],"inLanguage":"fr-FR"},{"@type":"Organization","@id":"https:\/\/haverskerque.fr\/#organization","name":"Commune d'Haverskerque","alternateName":"Commune d'Haverskerque","url":"https:\/\/haverskerque.fr\/","logo":{"@type":"ImageObject","inLanguage":"fr-FR","@id":"https:\/\/haverskerque.fr\/#\/schema\/logo\/image\/","url":"https:\/\/haverskerque.fr\/wp-content\/uploads\/2024\/01\/siteon0-e5814-1.png","contentUrl":"https:\/\/haverskerque.fr\/wp-content\/uploads\/2024\/01\/siteon0-e5814-1.png","width":236,"height":102,"caption":"Commune d'Haverskerque"},"image":{"@id":"https:\/\/haverskerque.fr\/#\/schema\/logo\/image\/"},"sameAs":["https:\/\/www.facebook.com\/communehaverskerque","https:\/\/www.instagram.com\/communehaverskerque\/"]}]}},"_links":{"self":[{"href":"https:\/\/www.haverskerque.fr\/index.php\/wp-json\/wp\/v2\/pages\/3352","targetHints":{"allow":["GET"]}}],"collection":[{"href":"https:\/\/www.haverskerque.fr\/index.php\/wp-json\/wp\/v2\/pages"}],"about":[{"href":"https:\/\/www.haverskerque.fr\/index.php\/wp-json\/wp\/v2\/types\/page"}],"author":[{"embeddable":true,"href":"https:\/\/www.haverskerque.fr\/index.php\/wp-json\/wp\/v2\/users\/1"}],"replies":[{"embeddable":true,"href":"https:\/\/www.haverskerque.fr\/index.php\/wp-json\/wp\/v2\/comments?post=3352"}],"version-history":[{"count":21,"href":"https:\/\/www.haverskerque.fr\/index.php\/wp-json\/wp\/v2\/pages\/3352\/revisions"}],"predecessor-version":[{"id":10077,"href":"https:\/\/www.haverskerque.fr\/index.php\/wp-json\/wp\/v2\/pages\/3352\/revisions\/10077"}],"wp:attachment":[{"href":"https:\/\/www.haverskerque.fr\/index.php\/wp-json\/wp\/v2\/media?parent=3352"}],"curies":[{"name":"wp","href":"https:\/\/api.w.org\/{rel}","templated":true}]}}