{"id":3342,"date":"2023-06-26T13:53:16","date_gmt":"2023-06-26T11:53:16","guid":{"rendered":"http:\/\/barbry.esy.es\/?page_id=3342"},"modified":"2026-01-22T14:13:00","modified_gmt":"2026-01-22T13:13:00","slug":"gestion-des-dechets","status":"publish","type":"page","link":"https:\/\/www.haverskerque.fr\/index.php\/gestion-des-dechets\/","title":{"rendered":"Gestion des d\u00e9chets"},"content":{"rendered":"\n<p><mark style=\"background-color:rgba(0, 0, 0, 0);color:#00a018\" class=\"has-inline-color\">|<\/mark> <em>Vous souhaitez conna\u00eetre les modalit\u00e9s de tri et de ramassage des d\u00e9chets ? Retrouvez ici toutes les informations pratiques.<\/em><\/p>\n\n\n\n<figure class=\"wp-block-image size-full\"><img loading=\"lazy\" decoding=\"async\" width=\"593\" height=\"45\" src=\"https:\/\/haverskerque.fr\/wp-content\/uploads\/2023\/02\/bandeblanche.jpg\" alt=\"\" class=\"wp-image-381\" srcset=\"https:\/\/www.haverskerque.fr\/wp-content\/uploads\/2023\/02\/bandeblanche.jpg 593w, https:\/\/www.haverskerque.fr\/wp-content\/uploads\/2023\/02\/bandeblanche-300x23.jpg 300w\" sizes=\"auto, (max-width: 593px) 100vw, 593px\" \/><\/figure>\n\n\n\n<h3 class=\"wp-block-heading\"><mark style=\"background-color:rgba(0, 0, 0, 0);color:#00a018\" class=\"has-inline-color\">|<\/mark> <strong>Obtenir un bac de collecte<\/strong><\/h3>\n\n\n\n<p>Pour r\u00e9cup\u00e9rer un bac de collecte, conna\u00eetre les modalit\u00e9s de tri et de facturation, rendez-vous sur le <a href=\"https:\/\/www.cc-flandrelys.fr\/preserver-l-environnement\/collecte-des-dechets\/le-fonctionnement\">site de la CCFL<\/a>. <\/p>\n\n\n\n<figure class=\"wp-block-image size-full\"><img loading=\"lazy\" decoding=\"async\" width=\"593\" height=\"45\" src=\"https:\/\/haverskerque.fr\/wp-content\/uploads\/2023\/02\/bandeblanche.jpg\" alt=\"\" class=\"wp-image-381\" srcset=\"https:\/\/www.haverskerque.fr\/wp-content\/uploads\/2023\/02\/bandeblanche.jpg 593w, https:\/\/www.haverskerque.fr\/wp-content\/uploads\/2023\/02\/bandeblanche-300x23.jpg 300w\" sizes=\"auto, (max-width: 593px) 100vw, 593px\" \/><\/figure>\n\n\n\n<h3 class=\"wp-block-heading\"><mark style=\"background-color:rgba(0, 0, 0, 0);color:#00a018\" class=\"has-inline-color\">|<\/mark> <strong>Ramassage des ordures m\u00e9nag\u00e8res<\/strong><\/h3>\n\n\n\n<p><mark style=\"background-color:rgba(0, 0, 0, 0);color:#00a018\" class=\"has-inline-color\">|<\/mark> <em>Calendrier de ramassage des d\u00e9chets recyclables (bac jaune, tous les 15 jours).<\/em><\/p>\n\n\n\n<figure class=\"wp-block-image size-full\"><img loading=\"lazy\" decoding=\"async\" width=\"593\" height=\"45\" src=\"https:\/\/haverskerque.fr\/wp-content\/uploads\/2023\/02\/bandeblanche.jpg\" alt=\"\" class=\"wp-image-381\" srcset=\"https:\/\/www.haverskerque.fr\/wp-content\/uploads\/2023\/02\/bandeblanche.jpg 593w, https:\/\/www.haverskerque.fr\/wp-content\/uploads\/2023\/02\/bandeblanche-300x23.jpg 300w\" sizes=\"auto, (max-width: 593px) 100vw, 593px\" \/><\/figure>\n\n\n<div class=\"wp-block-image\">\n<figure class=\"aligncenter size-large\"><img loading=\"lazy\" decoding=\"async\" width=\"741\" height=\"1024\" src=\"https:\/\/www.haverskerque.fr\/wp-content\/uploads\/2025\/11\/calendrier-collecte-des-dechets-2026-741x1024.png\" alt=\"\" class=\"wp-image-9860\" srcset=\"https:\/\/www.haverskerque.fr\/wp-content\/uploads\/2025\/11\/calendrier-collecte-des-dechets-2026-741x1024.png 741w, https:\/\/www.haverskerque.fr\/wp-content\/uploads\/2025\/11\/calendrier-collecte-des-dechets-2026-217x300.png 217w, https:\/\/www.haverskerque.fr\/wp-content\/uploads\/2025\/11\/calendrier-collecte-des-dechets-2026-768x1061.png 768w, https:\/\/www.haverskerque.fr\/wp-content\/uploads\/2025\/11\/calendrier-collecte-des-dechets-2026.png 852w\" sizes=\"auto, (max-width: 741px) 100vw, 741px\" \/><\/figure>\n<\/div>\n\n\n<figure class=\"wp-block-image size-full\"><img loading=\"lazy\" decoding=\"async\" width=\"593\" height=\"45\" src=\"https:\/\/haverskerque.fr\/wp-content\/uploads\/2023\/02\/bandeblanche.jpg\" alt=\"\" class=\"wp-image-381\" srcset=\"https:\/\/www.haverskerque.fr\/wp-content\/uploads\/2023\/02\/bandeblanche.jpg 593w, https:\/\/www.haverskerque.fr\/wp-content\/uploads\/2023\/02\/bandeblanche-300x23.jpg 300w\" sizes=\"auto, (max-width: 593px) 100vw, 593px\" \/><\/figure>\n\n\n\n<h3 class=\"wp-block-heading\"><mark style=\"background-color:rgba(0, 0, 0, 0);color:#00a018\" class=\"has-inline-color\">|<\/mark> <strong>Application \u00ab\u00a0\u00c7avao\u00f9\u00a0\u00bb<\/strong><\/h3>\n\n\n\n<figure class=\"wp-block-image size-full\"><img loading=\"lazy\" decoding=\"async\" width=\"593\" height=\"45\" src=\"https:\/\/haverskerque.fr\/wp-content\/uploads\/2023\/02\/bandeblanche.jpg\" alt=\"\" class=\"wp-image-381\" srcset=\"https:\/\/www.haverskerque.fr\/wp-content\/uploads\/2023\/02\/bandeblanche.jpg 593w, https:\/\/www.haverskerque.fr\/wp-content\/uploads\/2023\/02\/bandeblanche-300x23.jpg 300w\" sizes=\"auto, (max-width: 593px) 100vw, 593px\" \/><\/figure>\n\n\n<div class=\"wp-block-image\">\n<figure class=\"aligncenter size-full\"><img loading=\"lazy\" decoding=\"async\" width=\"940\" height=\"788\" src=\"https:\/\/www.haverskerque.fr\/wp-content\/uploads\/2025\/10\/appli-cavaou-dechets.jpg\" alt=\"\" class=\"wp-image-9746\" srcset=\"https:\/\/www.haverskerque.fr\/wp-content\/uploads\/2025\/10\/appli-cavaou-dechets.jpg 940w, https:\/\/www.haverskerque.fr\/wp-content\/uploads\/2025\/10\/appli-cavaou-dechets-300x251.jpg 300w, https:\/\/www.haverskerque.fr\/wp-content\/uploads\/2025\/10\/appli-cavaou-dechets-768x644.jpg 768w\" sizes=\"auto, (max-width: 940px) 100vw, 940px\" \/><\/figure>\n<\/div>\n\n\n<figure class=\"wp-block-image size-full\"><img loading=\"lazy\" decoding=\"async\" width=\"593\" height=\"45\" src=\"https:\/\/haverskerque.fr\/wp-content\/uploads\/2023\/02\/bandeblanche.jpg\" alt=\"\" class=\"wp-image-381\" srcset=\"https:\/\/www.haverskerque.fr\/wp-content\/uploads\/2023\/02\/bandeblanche.jpg 593w, https:\/\/www.haverskerque.fr\/wp-content\/uploads\/2023\/02\/bandeblanche-300x23.jpg 300w\" sizes=\"auto, (max-width: 593px) 100vw, 593px\" \/><\/figure>\n\n\n\n<blockquote class=\"wp-block-quote is-layout-flow wp-block-quote-is-layout-flow\">\n<p><\/p>\n<\/blockquote>\n\n\n\n<h3 class=\"wp-block-heading\"><mark style=\"background-color:rgba(0, 0, 0, 0);color:#00a018\" class=\"has-inline-color\">|<\/mark> <strong>Bacs \u00e0 verre<\/strong><\/h3>\n\n\n\n<p>Les conteneurs \u00e0 verre se situent sur la place Augustin Vandaele, au port (impasse ancienne RN16), rue de la Goguerie et rue de Merville.<\/p>\n\n\n\n<figure class=\"wp-block-image size-full\"><img loading=\"lazy\" decoding=\"async\" width=\"593\" height=\"45\" src=\"https:\/\/haverskerque.fr\/wp-content\/uploads\/2023\/02\/bandeblanche.jpg\" alt=\"\" class=\"wp-image-381\" srcset=\"https:\/\/www.haverskerque.fr\/wp-content\/uploads\/2023\/02\/bandeblanche.jpg 593w, https:\/\/www.haverskerque.fr\/wp-content\/uploads\/2023\/02\/bandeblanche-300x23.jpg 300w\" sizes=\"auto, (max-width: 593px) 100vw, 593px\" \/><\/figure>\n\n\n\n<h3 class=\"wp-block-heading\"><mark style=\"background-color:rgba(0, 0, 0, 0);color:#00a018\" class=\"has-inline-color\">|<\/mark> <strong>Plan Local de Pr\u00e9vention des D\u00e9chets M\u00e9nagers et Assimil\u00e9s<\/strong><\/h3>\n\n\n\n<figure class=\"wp-block-image size-full\"><img loading=\"lazy\" decoding=\"async\" width=\"593\" height=\"45\" src=\"https:\/\/haverskerque.fr\/wp-content\/uploads\/2023\/02\/bandeblanche.jpg\" alt=\"\" class=\"wp-image-381\" srcset=\"https:\/\/www.haverskerque.fr\/wp-content\/uploads\/2023\/02\/bandeblanche.jpg 593w, https:\/\/www.haverskerque.fr\/wp-content\/uploads\/2023\/02\/bandeblanche-300x23.jpg 300w\" sizes=\"auto, (max-width: 593px) 100vw, 593px\" \/><\/figure>\n\n\n\n<div class=\"wp-block-file\"><a id=\"wp-block-file--media-4dcf1883-a639-4c95-aa36-f4b4178ca177\" href=\"https:\/\/www.haverskerque.fr\/wp-content\/uploads\/2023\/03\/prevention-poubelle.pdf\" target=\"_blank\" rel=\"noreferrer noopener\">prevention poubelle<\/a><a href=\"https:\/\/www.haverskerque.fr\/wp-content\/uploads\/2023\/03\/prevention-poubelle.pdf\" class=\"wp-block-file__button wp-element-button\" download aria-describedby=\"wp-block-file--media-4dcf1883-a639-4c95-aa36-f4b4178ca177\">T\u00e9l\u00e9charger<\/a><\/div>\n\n\n\n<figure class=\"wp-block-image size-full\"><img loading=\"lazy\" decoding=\"async\" width=\"593\" height=\"45\" src=\"https:\/\/haverskerque.fr\/wp-content\/uploads\/2023\/02\/bandeblanche.jpg\" alt=\"\" class=\"wp-image-381\" srcset=\"https:\/\/www.haverskerque.fr\/wp-content\/uploads\/2023\/02\/bandeblanche.jpg 593w, https:\/\/www.haverskerque.fr\/wp-content\/uploads\/2023\/02\/bandeblanche-300x23.jpg 300w\" sizes=\"auto, (max-width: 593px) 100vw, 593px\" \/><\/figure>\n\n\n\n<h3 class=\"wp-block-heading\"><mark style=\"background-color:rgba(0, 0, 0, 0);color:#00a018\" class=\"has-inline-color\">|<\/mark> <strong>Guide pratique des d\u00e9chets<\/strong><\/h3>\n\n\n\n<figure class=\"wp-block-image size-full\"><img loading=\"lazy\" decoding=\"async\" width=\"593\" height=\"45\" src=\"https:\/\/haverskerque.fr\/wp-content\/uploads\/2023\/02\/bandeblanche.jpg\" alt=\"\" class=\"wp-image-381\" srcset=\"https:\/\/www.haverskerque.fr\/wp-content\/uploads\/2023\/02\/bandeblanche.jpg 593w, https:\/\/www.haverskerque.fr\/wp-content\/uploads\/2023\/02\/bandeblanche-300x23.jpg 300w\" sizes=\"auto, (max-width: 593px) 100vw, 593px\" \/><\/figure>\n\n\n\n<div class=\"wp-block-file\"><a id=\"wp-block-file--media-88e0c1b1-5ddc-4ebe-8919-f86efe28deb1\" href=\"https:\/\/www.haverskerque.fr\/wp-content\/uploads\/2024\/05\/guide-du-tri-2024.pdf\" target=\"_blank\" rel=\"noreferrer noopener\">guide-du-tri-2024<\/a><a href=\"https:\/\/www.haverskerque.fr\/wp-content\/uploads\/2024\/05\/guide-du-tri-2024.pdf\" class=\"wp-block-file__button wp-element-button\" download aria-describedby=\"wp-block-file--media-88e0c1b1-5ddc-4ebe-8919-f86efe28deb1\">T\u00e9l\u00e9charger<\/a><\/div>\n\n\n\n<p><\/p>\n\n\n\n<figure class=\"wp-block-image\"><img loading=\"lazy\" decoding=\"async\" width=\"600\" height=\"850\" src=\"http:\/\/barbry.esy.es\/wp-content\/uploads\/2023\/03\/poub6.jpg\" alt=\"\" class=\"wp-image-821\" srcset=\"https:\/\/www.haverskerque.fr\/wp-content\/uploads\/2023\/03\/poub6.jpg 600w, https:\/\/www.haverskerque.fr\/wp-content\/uploads\/2023\/03\/poub6-212x300.jpg 212w\" sizes=\"auto, (max-width: 600px) 100vw, 600px\" \/><\/figure>\n","protected":false},"excerpt":{"rendered":"<p>| Vous souhaitez conna\u00eetre les modalit\u00e9s de tri et de ramassage des d\u00e9chets ? Retrouvez ici toutes les informations pratiques. | Obtenir un bac de collecte Pour r\u00e9cup\u00e9rer un bac de collecte, conna\u00eetre les modalit\u00e9s de tri et de facturation, rendez-vous sur le site de la CCFL. | Ramassage des ordures m\u00e9nag\u00e8res | Calendrier de ramassage des d\u00e9chets recyclables (bac jaune, tous les 15 jours). | Application \u00ab\u00a0\u00c7avao\u00f9\u00a0\u00bb | Bacs \u00e0 verre Les conteneurs \u00e0 verre se situent sur la place Augustin Vandaele, au port (impasse ancienne RN16), rue de la Goguerie et rue de Merville. | Plan Local de Pr\u00e9vention des D\u00e9chets M\u00e9nagers et Assimil\u00e9s | Guide pratique des d\u00e9chets<\/p>\n","protected":false},"author":1,"featured_media":0,"parent":0,"menu_order":0,"comment_status":"closed","ping_status":"closed","template":"","meta":{"cybocfi_hide_featured_image":"","footnotes":""},"class_list":["post-3342","page","type-page","status-publish","hentry"],"yoast_head":"<!-- This site is optimized with the Yoast SEO plugin v27.5 - https:\/\/yoast.com\/product\/yoast-seo-wordpress\/ -->\n<title>Gestion des d\u00e9chets * Haverskerque, 100% Nature !*<\/title>\n<meta name=\"robots\" content=\"index, follow, max-snippet:-1, max-image-preview:large, max-video-preview:-1\" \/>\n<link rel=\"canonical\" href=\"https:\/\/www.haverskerque.fr\/index.php\/gestion-des-dechets\/\" \/>\n<meta property=\"og:locale\" content=\"fr_FR\" \/>\n<meta property=\"og:type\" content=\"article\" \/>\n<meta property=\"og:title\" content=\"Gestion des d\u00e9chets * Haverskerque, 100% Nature !*\" \/>\n<meta property=\"og:description\" content=\"| Vous souhaitez conna\u00eetre les modalit\u00e9s de tri et de ramassage des d\u00e9chets ? Retrouvez ici toutes les informations pratiques. | Obtenir un bac de collecte Pour r\u00e9cup\u00e9rer un bac de collecte, conna\u00eetre les modalit\u00e9s de tri et de facturation, rendez-vous sur le site de la CCFL. | Ramassage des ordures m\u00e9nag\u00e8res | Calendrier de ramassage des d\u00e9chets recyclables (bac jaune, tous les 15 jours). | Application \u00ab\u00a0\u00c7avao\u00f9\u00a0\u00bb | Bacs \u00e0 verre Les conteneurs \u00e0 verre se situent sur la place Augustin Vandaele, au port (impasse ancienne RN16), rue de la Goguerie et rue de Merville. | Plan Local de Pr\u00e9vention des D\u00e9chets M\u00e9nagers et Assimil\u00e9s | Guide pratique des d\u00e9chets\" \/>\n<meta property=\"og:url\" content=\"https:\/\/www.haverskerque.fr\/index.php\/gestion-des-dechets\/\" \/>\n<meta property=\"og:site_name\" content=\"Haverskerque, 100% Nature !*\" \/>\n<meta property=\"article:publisher\" content=\"https:\/\/www.facebook.com\/communehaverskerque\" \/>\n<meta property=\"article:modified_time\" content=\"2026-01-22T13:13:00+00:00\" \/>\n<meta property=\"og:image\" content=\"https:\/\/www.haverskerque.fr\/wp-content\/uploads\/2023\/02\/bandeblanche.jpg\" \/>\n\t<meta property=\"og:image:width\" content=\"593\" \/>\n\t<meta property=\"og:image:height\" content=\"45\" \/>\n\t<meta property=\"og:image:type\" content=\"image\/jpeg\" \/>\n<meta name=\"twitter:card\" content=\"summary_large_image\" \/>\n<meta name=\"twitter:label1\" content=\"Dur\u00e9e de lecture estim\u00e9e\" \/>\n\t<meta name=\"twitter:data1\" content=\"4 minutes\" \/>\n<script type=\"application\/ld+json\" class=\"yoast-schema-graph\">{\"@context\":\"https:\\\/\\\/schema.org\",\"@graph\":[{\"@type\":\"WebPage\",\"@id\":\"https:\\\/\\\/www.haverskerque.fr\\\/index.php\\\/gestion-des-dechets\\\/\",\"url\":\"https:\\\/\\\/www.haverskerque.fr\\\/index.php\\\/gestion-des-dechets\\\/\",\"name\":\"Gestion des d\u00e9chets * Haverskerque, 100% Nature !*\",\"isPartOf\":{\"@id\":\"https:\\\/\\\/haverskerque.fr\\\/#website\"},\"primaryImageOfPage\":{\"@id\":\"https:\\\/\\\/www.haverskerque.fr\\\/index.php\\\/gestion-des-dechets\\\/#primaryimage\"},\"image\":{\"@id\":\"https:\\\/\\\/www.haverskerque.fr\\\/index.php\\\/gestion-des-dechets\\\/#primaryimage\"},\"thumbnailUrl\":\"https:\\\/\\\/haverskerque.fr\\\/wp-content\\\/uploads\\\/2023\\\/02\\\/bandeblanche.jpg\",\"datePublished\":\"2023-06-26T11:53:16+00:00\",\"dateModified\":\"2026-01-22T13:13:00+00:00\",\"breadcrumb\":{\"@id\":\"https:\\\/\\\/www.haverskerque.fr\\\/index.php\\\/gestion-des-dechets\\\/#breadcrumb\"},\"inLanguage\":\"fr-FR\",\"potentialAction\":[{\"@type\":\"ReadAction\",\"target\":[\"https:\\\/\\\/www.haverskerque.fr\\\/index.php\\\/gestion-des-dechets\\\/\"]}]},{\"@type\":\"ImageObject\",\"inLanguage\":\"fr-FR\",\"@id\":\"https:\\\/\\\/www.haverskerque.fr\\\/index.php\\\/gestion-des-dechets\\\/#primaryimage\",\"url\":\"https:\\\/\\\/haverskerque.fr\\\/wp-content\\\/uploads\\\/2023\\\/02\\\/bandeblanche.jpg\",\"contentUrl\":\"https:\\\/\\\/haverskerque.fr\\\/wp-content\\\/uploads\\\/2023\\\/02\\\/bandeblanche.jpg\"},{\"@type\":\"BreadcrumbList\",\"@id\":\"https:\\\/\\\/www.haverskerque.fr\\\/index.php\\\/gestion-des-dechets\\\/#breadcrumb\",\"itemListElement\":[{\"@type\":\"ListItem\",\"position\":1,\"name\":\"Accueil\",\"item\":\"https:\\\/\\\/www.haverskerque.fr\\\/\"},{\"@type\":\"ListItem\",\"position\":2,\"name\":\"Gestion des d\u00e9chets\"}]},{\"@type\":\"WebSite\",\"@id\":\"https:\\\/\\\/haverskerque.fr\\\/#website\",\"url\":\"https:\\\/\\\/haverskerque.fr\\\/\",\"name\":\"Haverskerque\",\"description\":\"Haverskerque, 100% Nature !\",\"publisher\":{\"@id\":\"https:\\\/\\\/haverskerque.fr\\\/#organization\"},\"alternateName\":\"Haverskerque\",\"potentialAction\":[{\"@type\":\"SearchAction\",\"target\":{\"@type\":\"EntryPoint\",\"urlTemplate\":\"https:\\\/\\\/haverskerque.fr\\\/?s={search_term_string}\"},\"query-input\":{\"@type\":\"PropertyValueSpecification\",\"valueRequired\":true,\"valueName\":\"search_term_string\"}}],\"inLanguage\":\"fr-FR\"},{\"@type\":\"Organization\",\"@id\":\"https:\\\/\\\/haverskerque.fr\\\/#organization\",\"name\":\"Commune d'Haverskerque\",\"alternateName\":\"Commune d'Haverskerque\",\"url\":\"https:\\\/\\\/haverskerque.fr\\\/\",\"logo\":{\"@type\":\"ImageObject\",\"inLanguage\":\"fr-FR\",\"@id\":\"https:\\\/\\\/haverskerque.fr\\\/#\\\/schema\\\/logo\\\/image\\\/\",\"url\":\"https:\\\/\\\/haverskerque.fr\\\/wp-content\\\/uploads\\\/2024\\\/01\\\/siteon0-e5814-1.png\",\"contentUrl\":\"https:\\\/\\\/haverskerque.fr\\\/wp-content\\\/uploads\\\/2024\\\/01\\\/siteon0-e5814-1.png\",\"width\":236,\"height\":102,\"caption\":\"Commune d'Haverskerque\"},\"image\":{\"@id\":\"https:\\\/\\\/haverskerque.fr\\\/#\\\/schema\\\/logo\\\/image\\\/\"},\"sameAs\":[\"https:\\\/\\\/www.facebook.com\\\/communehaverskerque\",\"https:\\\/\\\/www.instagram.com\\\/communehaverskerque\\\/\"]}]}<\/script>\n<!-- \/ Yoast SEO plugin. -->","yoast_head_json":{"title":"Gestion des d\u00e9chets * Haverskerque, 100% Nature !*","robots":{"index":"index","follow":"follow","max-snippet":"max-snippet:-1","max-image-preview":"max-image-preview:large","max-video-preview":"max-video-preview:-1"},"canonical":"https:\/\/www.haverskerque.fr\/index.php\/gestion-des-dechets\/","og_locale":"fr_FR","og_type":"article","og_title":"Gestion des d\u00e9chets * Haverskerque, 100% Nature !*","og_description":"| Vous souhaitez conna\u00eetre les modalit\u00e9s de tri et de ramassage des d\u00e9chets ? Retrouvez ici toutes les informations pratiques. | Obtenir un bac de collecte Pour r\u00e9cup\u00e9rer un bac de collecte, conna\u00eetre les modalit\u00e9s de tri et de facturation, rendez-vous sur le site de la CCFL. | Ramassage des ordures m\u00e9nag\u00e8res | Calendrier de ramassage des d\u00e9chets recyclables (bac jaune, tous les 15 jours). | Application \u00ab\u00a0\u00c7avao\u00f9\u00a0\u00bb | Bacs \u00e0 verre Les conteneurs \u00e0 verre se situent sur la place Augustin Vandaele, au port (impasse ancienne RN16), rue de la Goguerie et rue de Merville. | Plan Local de Pr\u00e9vention des D\u00e9chets M\u00e9nagers et Assimil\u00e9s | Guide pratique des d\u00e9chets","og_url":"https:\/\/www.haverskerque.fr\/index.php\/gestion-des-dechets\/","og_site_name":"Haverskerque, 100% Nature !*","article_publisher":"https:\/\/www.facebook.com\/communehaverskerque","article_modified_time":"2026-01-22T13:13:00+00:00","og_image":[{"width":593,"height":45,"url":"https:\/\/www.haverskerque.fr\/wp-content\/uploads\/2023\/02\/bandeblanche.jpg","type":"image\/jpeg"}],"twitter_card":"summary_large_image","twitter_misc":{"Dur\u00e9e de lecture estim\u00e9e":"4 minutes"},"schema":{"@context":"https:\/\/schema.org","@graph":[{"@type":"WebPage","@id":"https:\/\/www.haverskerque.fr\/index.php\/gestion-des-dechets\/","url":"https:\/\/www.haverskerque.fr\/index.php\/gestion-des-dechets\/","name":"Gestion des d\u00e9chets * Haverskerque, 100% Nature !*","isPartOf":{"@id":"https:\/\/haverskerque.fr\/#website"},"primaryImageOfPage":{"@id":"https:\/\/www.haverskerque.fr\/index.php\/gestion-des-dechets\/#primaryimage"},"image":{"@id":"https:\/\/www.haverskerque.fr\/index.php\/gestion-des-dechets\/#primaryimage"},"thumbnailUrl":"https:\/\/haverskerque.fr\/wp-content\/uploads\/2023\/02\/bandeblanche.jpg","datePublished":"2023-06-26T11:53:16+00:00","dateModified":"2026-01-22T13:13:00+00:00","breadcrumb":{"@id":"https:\/\/www.haverskerque.fr\/index.php\/gestion-des-dechets\/#breadcrumb"},"inLanguage":"fr-FR","potentialAction":[{"@type":"ReadAction","target":["https:\/\/www.haverskerque.fr\/index.php\/gestion-des-dechets\/"]}]},{"@type":"ImageObject","inLanguage":"fr-FR","@id":"https:\/\/www.haverskerque.fr\/index.php\/gestion-des-dechets\/#primaryimage","url":"https:\/\/haverskerque.fr\/wp-content\/uploads\/2023\/02\/bandeblanche.jpg","contentUrl":"https:\/\/haverskerque.fr\/wp-content\/uploads\/2023\/02\/bandeblanche.jpg"},{"@type":"BreadcrumbList","@id":"https:\/\/www.haverskerque.fr\/index.php\/gestion-des-dechets\/#breadcrumb","itemListElement":[{"@type":"ListItem","position":1,"name":"Accueil","item":"https:\/\/www.haverskerque.fr\/"},{"@type":"ListItem","position":2,"name":"Gestion des d\u00e9chets"}]},{"@type":"WebSite","@id":"https:\/\/haverskerque.fr\/#website","url":"https:\/\/haverskerque.fr\/","name":"Haverskerque","description":"Haverskerque, 100% Nature !","publisher":{"@id":"https:\/\/haverskerque.fr\/#organization"},"alternateName":"Haverskerque","potentialAction":[{"@type":"SearchAction","target":{"@type":"EntryPoint","urlTemplate":"https:\/\/haverskerque.fr\/?s={search_term_string}"},"query-input":{"@type":"PropertyValueSpecification","valueRequired":true,"valueName":"search_term_string"}}],"inLanguage":"fr-FR"},{"@type":"Organization","@id":"https:\/\/haverskerque.fr\/#organization","name":"Commune d'Haverskerque","alternateName":"Commune d'Haverskerque","url":"https:\/\/haverskerque.fr\/","logo":{"@type":"ImageObject","inLanguage":"fr-FR","@id":"https:\/\/haverskerque.fr\/#\/schema\/logo\/image\/","url":"https:\/\/haverskerque.fr\/wp-content\/uploads\/2024\/01\/siteon0-e5814-1.png","contentUrl":"https:\/\/haverskerque.fr\/wp-content\/uploads\/2024\/01\/siteon0-e5814-1.png","width":236,"height":102,"caption":"Commune d'Haverskerque"},"image":{"@id":"https:\/\/haverskerque.fr\/#\/schema\/logo\/image\/"},"sameAs":["https:\/\/www.facebook.com\/communehaverskerque","https:\/\/www.instagram.com\/communehaverskerque\/"]}]}},"_links":{"self":[{"href":"https:\/\/www.haverskerque.fr\/index.php\/wp-json\/wp\/v2\/pages\/3342","targetHints":{"allow":["GET"]}}],"collection":[{"href":"https:\/\/www.haverskerque.fr\/index.php\/wp-json\/wp\/v2\/pages"}],"about":[{"href":"https:\/\/www.haverskerque.fr\/index.php\/wp-json\/wp\/v2\/types\/page"}],"author":[{"embeddable":true,"href":"https:\/\/www.haverskerque.fr\/index.php\/wp-json\/wp\/v2\/users\/1"}],"replies":[{"embeddable":true,"href":"https:\/\/www.haverskerque.fr\/index.php\/wp-json\/wp\/v2\/comments?post=3342"}],"version-history":[{"count":44,"href":"https:\/\/www.haverskerque.fr\/index.php\/wp-json\/wp\/v2\/pages\/3342\/revisions"}],"predecessor-version":[{"id":10070,"href":"https:\/\/www.haverskerque.fr\/index.php\/wp-json\/wp\/v2\/pages\/3342\/revisions\/10070"}],"wp:attachment":[{"href":"https:\/\/www.haverskerque.fr\/index.php\/wp-json\/wp\/v2\/media?parent=3342"}],"curies":[{"name":"wp","href":"https:\/\/api.w.org\/{rel}","templated":true}]}}