{"id":3327,"date":"2023-06-26T13:48:17","date_gmt":"2023-06-26T11:48:17","guid":{"rendered":"http:\/\/barbry.esy.es\/?page_id=3327"},"modified":"2026-02-12T14:51:46","modified_gmt":"2026-02-12T13:51:46","slug":"point-justice-2","status":"publish","type":"page","link":"https:\/\/www.haverskerque.fr\/index.php\/point-justice-2\/","title":{"rendered":"Point Justice"},"content":{"rendered":"<div class=\"wp-block-image\">\n<figure class=\"aligncenter size-large is-resized\"><img loading=\"lazy\" decoding=\"async\" width=\"1024\" height=\"576\" src=\"https:\/\/haverskerque.fr\/wp-content\/uploads\/2024\/01\/Point-Justice-1024x576.png\" alt=\"\" class=\"wp-image-6983\" style=\"object-fit:cover;width:700px;height:393px\" srcset=\"https:\/\/www.haverskerque.fr\/wp-content\/uploads\/2024\/01\/Point-Justice-1024x576.png 1024w, https:\/\/www.haverskerque.fr\/wp-content\/uploads\/2024\/01\/Point-Justice-300x169.png 300w, https:\/\/www.haverskerque.fr\/wp-content\/uploads\/2024\/01\/Point-Justice-768x432.png 768w, https:\/\/www.haverskerque.fr\/wp-content\/uploads\/2024\/01\/Point-Justice-1536x864.png 1536w, https:\/\/www.haverskerque.fr\/wp-content\/uploads\/2024\/01\/Point-Justice-1140x641.png 1140w, https:\/\/www.haverskerque.fr\/wp-content\/uploads\/2024\/01\/Point-Justice.png 1920w\" sizes=\"auto, (max-width: 1024px) 100vw, 1024px\" \/><\/figure>\n<\/div>\n\n\n<figure class=\"wp-block-image size-full\"><img loading=\"lazy\" decoding=\"async\" width=\"593\" height=\"45\" src=\"https:\/\/haverskerque.fr\/wp-content\/uploads\/2023\/02\/bandeblanche.jpg\" alt=\"\" class=\"wp-image-381\" srcset=\"https:\/\/www.haverskerque.fr\/wp-content\/uploads\/2023\/02\/bandeblanche.jpg 593w, https:\/\/www.haverskerque.fr\/wp-content\/uploads\/2023\/02\/bandeblanche-300x23.jpg 300w\" sizes=\"auto, (max-width: 593px) 100vw, 593px\" \/><\/figure>\n\n\n\n<p><mark style=\"background-color:rgba(0, 0, 0, 0);color:#00a018\" class=\"has-inline-color\">|<\/mark> <em>Vous rencontrez une probl\u00e9matique li\u00e9e \u00e0 une situation familiale ? Un probl\u00e8me de logement ? Ou vous \u00eates victime de violences ? Retrouvez ici les modalit\u00e9s de contact du Point Justice de la CCFL. <\/em><\/p>\n\n\n\n<figure class=\"wp-block-image size-full\"><img loading=\"lazy\" decoding=\"async\" width=\"593\" height=\"45\" src=\"https:\/\/haverskerque.fr\/wp-content\/uploads\/2023\/02\/bandeblanche.jpg\" alt=\"\" class=\"wp-image-381\" srcset=\"https:\/\/www.haverskerque.fr\/wp-content\/uploads\/2023\/02\/bandeblanche.jpg 593w, https:\/\/www.haverskerque.fr\/wp-content\/uploads\/2023\/02\/bandeblanche-300x23.jpg 300w\" sizes=\"auto, (max-width: 593px) 100vw, 593px\" \/><\/figure>\n\n\n\n<p>Le Point Justice est un lieu&nbsp;<strong>anonyme<\/strong>&nbsp;et&nbsp;<strong>gratuit<\/strong>&nbsp;et qui a pour objectif d\u2019aider tous les habitants Flandre Lys dans la gestion des conflits de la vie courante.<\/p>\n\n\n\n<figure class=\"wp-block-image size-full\"><img loading=\"lazy\" decoding=\"async\" width=\"593\" height=\"45\" src=\"https:\/\/haverskerque.fr\/wp-content\/uploads\/2023\/02\/bandeblanche.jpg\" alt=\"\" class=\"wp-image-381\" srcset=\"https:\/\/www.haverskerque.fr\/wp-content\/uploads\/2023\/02\/bandeblanche.jpg 593w, https:\/\/www.haverskerque.fr\/wp-content\/uploads\/2023\/02\/bandeblanche-300x23.jpg 300w\" sizes=\"auto, (max-width: 593px) 100vw, 593px\" \/><\/figure>\n\n\n\n<h3 class=\"wp-block-heading\"><mark style=\"background-color:rgba(0, 0, 0, 0);color:#00a018\" class=\"has-inline-color\">|<\/mark> <strong>Th\u00e9matiques abord\u00e9es<\/strong><\/h3>\n\n\n\n<figure class=\"wp-block-image size-full\"><img loading=\"lazy\" decoding=\"async\" width=\"593\" height=\"45\" src=\"https:\/\/haverskerque.fr\/wp-content\/uploads\/2023\/02\/bandeblanche.jpg\" alt=\"\" class=\"wp-image-381\" srcset=\"https:\/\/www.haverskerque.fr\/wp-content\/uploads\/2023\/02\/bandeblanche.jpg 593w, https:\/\/www.haverskerque.fr\/wp-content\/uploads\/2023\/02\/bandeblanche-300x23.jpg 300w\" sizes=\"auto, (max-width: 593px) 100vw, 593px\" \/><\/figure>\n\n\n\n<p><strong>Une coordinatrice re\u00e7oit les familles pour r\u00e9pondre \u00e0 toutes les questions de la vie courante.<\/strong> <\/p>\n\n\n\n<figure class=\"wp-block-image size-full\"><img loading=\"lazy\" decoding=\"async\" width=\"593\" height=\"45\" src=\"https:\/\/haverskerque.fr\/wp-content\/uploads\/2023\/02\/bandeblanche.jpg\" alt=\"\" class=\"wp-image-381\" srcset=\"https:\/\/www.haverskerque.fr\/wp-content\/uploads\/2023\/02\/bandeblanche.jpg 593w, https:\/\/www.haverskerque.fr\/wp-content\/uploads\/2023\/02\/bandeblanche-300x23.jpg 300w\" sizes=\"auto, (max-width: 593px) 100vw, 593px\" \/><\/figure>\n\n\n\n<ul class=\"wp-block-list\">\n<li>Famille&nbsp;: s\u00e9paration , divorce, pension alimentaire\u2026<\/li>\n<\/ul>\n\n\n\n<p><\/p>\n\n\n\n<ul class=\"wp-block-list\">\n<li>Travail&nbsp;: licenciement, p\u00e9riode d\u2019essai, contrat aid\u00e9\u2026<\/li>\n<\/ul>\n\n\n\n<p><\/p>\n\n\n\n<ul class=\"wp-block-list\">\n<li>Logement&nbsp;: insalubrit\u00e9, expulsion, conflit propri\u00e9taire\/locataire\u2026<\/li>\n<\/ul>\n\n\n\n<p><\/p>\n\n\n\n<ul class=\"wp-block-list\">\n<li>Consommation&nbsp;: contester une facture, surendettement\u2026<\/li>\n<\/ul>\n\n\n\n<p><\/p>\n\n\n\n<ul class=\"wp-block-list\">\n<li>Victimes&nbsp;: discrimination, violence, escroquerie, menaces\u2026<\/li>\n<\/ul>\n\n\n\n<p><\/p>\n\n\n\n<ul class=\"wp-block-list\">\n<li>Prestations sociales&nbsp;: arr\u00eat maladie, retraite, allocations sp\u00e9cifiques<\/li>\n<\/ul>\n\n\n\n<p><\/p>\n\n\n\n<figure class=\"wp-block-image size-full\"><img loading=\"lazy\" decoding=\"async\" width=\"593\" height=\"45\" src=\"https:\/\/haverskerque.fr\/wp-content\/uploads\/2023\/02\/bandeblanche.jpg\" alt=\"\" class=\"wp-image-381\" srcset=\"https:\/\/www.haverskerque.fr\/wp-content\/uploads\/2023\/02\/bandeblanche.jpg 593w, https:\/\/www.haverskerque.fr\/wp-content\/uploads\/2023\/02\/bandeblanche-300x23.jpg 300w\" sizes=\"auto, (max-width: 593px) 100vw, 593px\" \/><\/figure>\n\n\n\n<h3 class=\"wp-block-heading\"><mark style=\"background-color:rgba(0, 0, 0, 0);color:#00a018\" class=\"has-inline-color\">|<\/mark> <strong>Quelles sont ses missions ?<\/strong><\/h3>\n\n\n\n<figure class=\"wp-block-image size-full\"><img loading=\"lazy\" decoding=\"async\" width=\"593\" height=\"45\" src=\"https:\/\/haverskerque.fr\/wp-content\/uploads\/2023\/02\/bandeblanche.jpg\" alt=\"\" class=\"wp-image-381\" srcset=\"https:\/\/www.haverskerque.fr\/wp-content\/uploads\/2023\/02\/bandeblanche.jpg 593w, https:\/\/www.haverskerque.fr\/wp-content\/uploads\/2023\/02\/bandeblanche-300x23.jpg 300w\" sizes=\"auto, (max-width: 593px) 100vw, 593px\" \/><\/figure>\n\n\n\n<ul class=\"wp-block-list\">\n<li>Accueil et \u00e9coute<\/li>\n<\/ul>\n\n\n\n<p><\/p>\n\n\n\n<ul class=\"wp-block-list\">\n<li>Aide aux d\u00e9marches administratives, informations et conseils juridiques<\/li>\n<\/ul>\n\n\n\n<p><\/p>\n\n\n\n<ul class=\"wp-block-list\">\n<li>Rendez-vous gratuits avec des professionnels du droit et diverses associations : avocat, notaires, commissaire de justice, m\u00e9diateurs familiaux, conciliateurs de justice, association d\u2019aides aux victimes AIAVM, association de d\u00e9fense des consommateurs CLCV\u2026<\/li>\n<\/ul>\n\n\n\n<p><\/p>\n\n\n\n<ul class=\"wp-block-list\">\n<li>Orientation vers d&rsquo;autres organismes compl\u00e9mentaires : CAF, CCAS, UTPAS, police, gendarmerie\u2026 <\/li>\n<\/ul>\n\n\n\n<figure class=\"wp-block-image size-full\"><img loading=\"lazy\" decoding=\"async\" width=\"593\" height=\"45\" src=\"https:\/\/haverskerque.fr\/wp-content\/uploads\/2023\/02\/bandeblanche.jpg\" alt=\"\" class=\"wp-image-381\" srcset=\"https:\/\/www.haverskerque.fr\/wp-content\/uploads\/2023\/02\/bandeblanche.jpg 593w, https:\/\/www.haverskerque.fr\/wp-content\/uploads\/2023\/02\/bandeblanche-300x23.jpg 300w\" sizes=\"auto, (max-width: 593px) 100vw, 593px\" \/><\/figure>\n\n\n\n<h3 class=\"wp-block-heading\"><mark style=\"background-color:rgba(0, 0, 0, 0);color:#00a018\" class=\"has-inline-color\">|<\/mark> <strong>Prendre contact avec le Point Justice<\/strong><\/h3>\n\n\n\n<figure class=\"wp-block-image size-full\"><img loading=\"lazy\" decoding=\"async\" width=\"593\" height=\"45\" src=\"https:\/\/haverskerque.fr\/wp-content\/uploads\/2023\/02\/bandeblanche.jpg\" alt=\"\" class=\"wp-image-381\" srcset=\"https:\/\/www.haverskerque.fr\/wp-content\/uploads\/2023\/02\/bandeblanche.jpg 593w, https:\/\/www.haverskerque.fr\/wp-content\/uploads\/2023\/02\/bandeblanche-300x23.jpg 300w\" sizes=\"auto, (max-width: 593px) 100vw, 593px\" \/><\/figure>\n\n\n\n<ul class=\"wp-block-list\">\n<li><strong>Accueil physique en Mairie de Merville (57, Place de la Lib\u00e9ration)<\/strong><\/li>\n<\/ul>\n\n\n\n<figure class=\"wp-block-image size-full\"><img loading=\"lazy\" decoding=\"async\" width=\"593\" height=\"45\" src=\"https:\/\/haverskerque.fr\/wp-content\/uploads\/2023\/02\/bandeblanche.jpg\" alt=\"\" class=\"wp-image-381\" srcset=\"https:\/\/www.haverskerque.fr\/wp-content\/uploads\/2023\/02\/bandeblanche.jpg 593w, https:\/\/www.haverskerque.fr\/wp-content\/uploads\/2023\/02\/bandeblanche-300x23.jpg 300w\" sizes=\"auto, (max-width: 593px) 100vw, 593px\" \/><\/figure>\n\n\n\n<p><strong><span style=\"text-decoration: underline;\">Uniquement sur rendez-vous<\/span><\/strong>&nbsp;les lundis et mercredis de 8h30 \u00e0 12h et de 13h30 \u00e0 17h<\/p>\n\n\n\n<figure class=\"wp-block-image size-full\"><img loading=\"lazy\" decoding=\"async\" width=\"593\" height=\"45\" src=\"https:\/\/haverskerque.fr\/wp-content\/uploads\/2023\/02\/bandeblanche.jpg\" alt=\"\" class=\"wp-image-381\" srcset=\"https:\/\/www.haverskerque.fr\/wp-content\/uploads\/2023\/02\/bandeblanche.jpg 593w, https:\/\/www.haverskerque.fr\/wp-content\/uploads\/2023\/02\/bandeblanche-300x23.jpg 300w\" sizes=\"auto, (max-width: 593px) 100vw, 593px\" \/><\/figure>\n\n\n\n<ul class=\"wp-block-list\">\n<li><strong>Permanence \u00e0 la France services de Laventie (4 rue du 11 novembre)<\/strong><\/li>\n<\/ul>\n\n\n\n<figure class=\"wp-block-image size-full\"><img loading=\"lazy\" decoding=\"async\" width=\"593\" height=\"45\" src=\"https:\/\/haverskerque.fr\/wp-content\/uploads\/2023\/02\/bandeblanche.jpg\" alt=\"\" class=\"wp-image-381\" srcset=\"https:\/\/www.haverskerque.fr\/wp-content\/uploads\/2023\/02\/bandeblanche.jpg 593w, https:\/\/www.haverskerque.fr\/wp-content\/uploads\/2023\/02\/bandeblanche-300x23.jpg 300w\" sizes=\"auto, (max-width: 593px) 100vw, 593px\" \/><\/figure>\n\n\n\n<p>Le 2\u00e8me mercredi du mois de 13h30 \u00e0 17h sur rendez-vous.<\/p>\n\n\n\n<figure class=\"wp-block-image size-full\"><img loading=\"lazy\" decoding=\"async\" width=\"593\" height=\"45\" src=\"https:\/\/haverskerque.fr\/wp-content\/uploads\/2023\/02\/bandeblanche.jpg\" alt=\"\" class=\"wp-image-381\" srcset=\"https:\/\/www.haverskerque.fr\/wp-content\/uploads\/2023\/02\/bandeblanche.jpg 593w, https:\/\/www.haverskerque.fr\/wp-content\/uploads\/2023\/02\/bandeblanche-300x23.jpg 300w\" sizes=\"auto, (max-width: 593px) 100vw, 593px\" \/><\/figure>\n\n\n\n<ul class=\"wp-block-list\">\n<li><strong>Accueil t\u00e9l\u00e9phonique pour la prise de RDV<\/strong> : 06 30 08 51 29<\/li>\n<\/ul>\n\n\n\n<figure class=\"wp-block-image size-full\"><img loading=\"lazy\" decoding=\"async\" width=\"593\" height=\"45\" src=\"https:\/\/haverskerque.fr\/wp-content\/uploads\/2023\/02\/bandeblanche.jpg\" alt=\"\" class=\"wp-image-381\" srcset=\"https:\/\/www.haverskerque.fr\/wp-content\/uploads\/2023\/02\/bandeblanche.jpg 593w, https:\/\/www.haverskerque.fr\/wp-content\/uploads\/2023\/02\/bandeblanche-300x23.jpg 300w\" sizes=\"auto, (max-width: 593px) 100vw, 593px\" \/><\/figure>\n\n\n\n<p>Lundi, mercredi&nbsp;: 8h30-12h | 13h30-17h<br>Mardi&nbsp;: 8h30-12h<br>Jeudi&nbsp;: 9h30-12h<br>Ferm\u00e9 le vendredi<\/p>\n","protected":false},"excerpt":{"rendered":"<p>| Vous rencontrez une probl\u00e9matique li\u00e9e \u00e0 une situation familiale ? Un probl\u00e8me de logement ? Ou vous \u00eates victime de violences ? Retrouvez ici les modalit\u00e9s de contact du Point Justice de la CCFL. Le Point Justice est un lieu&nbsp;anonyme&nbsp;et&nbsp;gratuit&nbsp;et qui a pour objectif d\u2019aider tous les habitants Flandre Lys dans la gestion des conflits de la vie courante. | Th\u00e9matiques abord\u00e9es Une coordinatrice re\u00e7oit les familles pour r\u00e9pondre \u00e0 toutes les questions de la vie courante. | Quelles sont ses missions ? | Prendre contact avec le Point Justice Uniquement sur rendez-vous&nbsp;les lundis et mercredis de 8h30 \u00e0 12h et de 13h30 \u00e0 17h Le 2\u00e8me mercredi du mois de 13h30 \u00e0 17h sur rendez-vous. Lundi, mercredi&nbsp;: 8h30-12h | 13h30-17hMardi&nbsp;: 8h30-12hJeudi&nbsp;: 9h30-12hFerm\u00e9 le vendredi<\/p>\n","protected":false},"author":1,"featured_media":0,"parent":0,"menu_order":0,"comment_status":"closed","ping_status":"closed","template":"","meta":{"cybocfi_hide_featured_image":"","footnotes":""},"class_list":["post-3327","page","type-page","status-publish","hentry"],"yoast_head":"<!-- This site is optimized with the Yoast SEO plugin v27.5 - https:\/\/yoast.com\/product\/yoast-seo-wordpress\/ -->\n<title>Point Justice * Haverskerque, 100% Nature !*<\/title>\n<meta name=\"robots\" content=\"index, follow, max-snippet:-1, max-image-preview:large, max-video-preview:-1\" \/>\n<link rel=\"canonical\" href=\"https:\/\/www.haverskerque.fr\/index.php\/point-justice-2\/\" \/>\n<meta property=\"og:locale\" content=\"fr_FR\" \/>\n<meta property=\"og:type\" content=\"article\" \/>\n<meta property=\"og:title\" content=\"Point Justice * Haverskerque, 100% Nature !*\" \/>\n<meta property=\"og:description\" content=\"| Vous rencontrez une probl\u00e9matique li\u00e9e \u00e0 une situation familiale ? Un probl\u00e8me de logement ? Ou vous \u00eates victime de violences ? Retrouvez ici les modalit\u00e9s de contact du Point Justice de la CCFL. Le Point Justice est un lieu&nbsp;anonyme&nbsp;et&nbsp;gratuit&nbsp;et qui a pour objectif d\u2019aider tous les habitants Flandre Lys dans la gestion des conflits de la vie courante. | Th\u00e9matiques abord\u00e9es Une coordinatrice re\u00e7oit les familles pour r\u00e9pondre \u00e0 toutes les questions de la vie courante. | Quelles sont ses missions ? | Prendre contact avec le Point Justice Uniquement sur rendez-vous&nbsp;les lundis et mercredis de 8h30 \u00e0 12h et de 13h30 \u00e0 17h Le 2\u00e8me mercredi du mois de 13h30 \u00e0 17h sur rendez-vous. Lundi, mercredi&nbsp;: 8h30-12h | 13h30-17hMardi&nbsp;: 8h30-12hJeudi&nbsp;: 9h30-12hFerm\u00e9 le vendredi\" \/>\n<meta property=\"og:url\" content=\"https:\/\/www.haverskerque.fr\/index.php\/point-justice-2\/\" \/>\n<meta property=\"og:site_name\" content=\"Haverskerque, 100% Nature !*\" \/>\n<meta property=\"article:publisher\" content=\"https:\/\/www.facebook.com\/communehaverskerque\" \/>\n<meta property=\"article:modified_time\" content=\"2026-02-12T13:51:46+00:00\" \/>\n<meta property=\"og:image\" content=\"https:\/\/www.haverskerque.fr\/wp-content\/uploads\/2024\/01\/Point-Justice.png\" \/>\n\t<meta property=\"og:image:width\" content=\"1920\" \/>\n\t<meta property=\"og:image:height\" content=\"1080\" \/>\n\t<meta property=\"og:image:type\" content=\"image\/png\" \/>\n<meta name=\"twitter:card\" content=\"summary_large_image\" \/>\n<meta name=\"twitter:label1\" content=\"Dur\u00e9e de lecture estim\u00e9e\" \/>\n\t<meta name=\"twitter:data1\" content=\"5 minutes\" \/>\n<script type=\"application\/ld+json\" class=\"yoast-schema-graph\">{\"@context\":\"https:\\\/\\\/schema.org\",\"@graph\":[{\"@type\":\"WebPage\",\"@id\":\"https:\\\/\\\/www.haverskerque.fr\\\/index.php\\\/point-justice-2\\\/\",\"url\":\"https:\\\/\\\/www.haverskerque.fr\\\/index.php\\\/point-justice-2\\\/\",\"name\":\"Point Justice * Haverskerque, 100% Nature !*\",\"isPartOf\":{\"@id\":\"https:\\\/\\\/haverskerque.fr\\\/#website\"},\"primaryImageOfPage\":{\"@id\":\"https:\\\/\\\/www.haverskerque.fr\\\/index.php\\\/point-justice-2\\\/#primaryimage\"},\"image\":{\"@id\":\"https:\\\/\\\/www.haverskerque.fr\\\/index.php\\\/point-justice-2\\\/#primaryimage\"},\"thumbnailUrl\":\"https:\\\/\\\/haverskerque.fr\\\/wp-content\\\/uploads\\\/2024\\\/01\\\/Point-Justice-1024x576.png\",\"datePublished\":\"2023-06-26T11:48:17+00:00\",\"dateModified\":\"2026-02-12T13:51:46+00:00\",\"breadcrumb\":{\"@id\":\"https:\\\/\\\/www.haverskerque.fr\\\/index.php\\\/point-justice-2\\\/#breadcrumb\"},\"inLanguage\":\"fr-FR\",\"potentialAction\":[{\"@type\":\"ReadAction\",\"target\":[\"https:\\\/\\\/www.haverskerque.fr\\\/index.php\\\/point-justice-2\\\/\"]}]},{\"@type\":\"ImageObject\",\"inLanguage\":\"fr-FR\",\"@id\":\"https:\\\/\\\/www.haverskerque.fr\\\/index.php\\\/point-justice-2\\\/#primaryimage\",\"url\":\"https:\\\/\\\/haverskerque.fr\\\/wp-content\\\/uploads\\\/2024\\\/01\\\/Point-Justice-1024x576.png\",\"contentUrl\":\"https:\\\/\\\/haverskerque.fr\\\/wp-content\\\/uploads\\\/2024\\\/01\\\/Point-Justice-1024x576.png\"},{\"@type\":\"BreadcrumbList\",\"@id\":\"https:\\\/\\\/www.haverskerque.fr\\\/index.php\\\/point-justice-2\\\/#breadcrumb\",\"itemListElement\":[{\"@type\":\"ListItem\",\"position\":1,\"name\":\"Accueil\",\"item\":\"https:\\\/\\\/www.haverskerque.fr\\\/\"},{\"@type\":\"ListItem\",\"position\":2,\"name\":\"Point Justice\"}]},{\"@type\":\"WebSite\",\"@id\":\"https:\\\/\\\/haverskerque.fr\\\/#website\",\"url\":\"https:\\\/\\\/haverskerque.fr\\\/\",\"name\":\"Haverskerque\",\"description\":\"Haverskerque, 100% Nature !\",\"publisher\":{\"@id\":\"https:\\\/\\\/haverskerque.fr\\\/#organization\"},\"alternateName\":\"Haverskerque\",\"potentialAction\":[{\"@type\":\"SearchAction\",\"target\":{\"@type\":\"EntryPoint\",\"urlTemplate\":\"https:\\\/\\\/haverskerque.fr\\\/?s={search_term_string}\"},\"query-input\":{\"@type\":\"PropertyValueSpecification\",\"valueRequired\":true,\"valueName\":\"search_term_string\"}}],\"inLanguage\":\"fr-FR\"},{\"@type\":\"Organization\",\"@id\":\"https:\\\/\\\/haverskerque.fr\\\/#organization\",\"name\":\"Commune d'Haverskerque\",\"alternateName\":\"Commune d'Haverskerque\",\"url\":\"https:\\\/\\\/haverskerque.fr\\\/\",\"logo\":{\"@type\":\"ImageObject\",\"inLanguage\":\"fr-FR\",\"@id\":\"https:\\\/\\\/haverskerque.fr\\\/#\\\/schema\\\/logo\\\/image\\\/\",\"url\":\"https:\\\/\\\/haverskerque.fr\\\/wp-content\\\/uploads\\\/2024\\\/01\\\/siteon0-e5814-1.png\",\"contentUrl\":\"https:\\\/\\\/haverskerque.fr\\\/wp-content\\\/uploads\\\/2024\\\/01\\\/siteon0-e5814-1.png\",\"width\":236,\"height\":102,\"caption\":\"Commune d'Haverskerque\"},\"image\":{\"@id\":\"https:\\\/\\\/haverskerque.fr\\\/#\\\/schema\\\/logo\\\/image\\\/\"},\"sameAs\":[\"https:\\\/\\\/www.facebook.com\\\/communehaverskerque\",\"https:\\\/\\\/www.instagram.com\\\/communehaverskerque\\\/\"]}]}<\/script>\n<!-- \/ Yoast SEO plugin. -->","yoast_head_json":{"title":"Point Justice * Haverskerque, 100% Nature !*","robots":{"index":"index","follow":"follow","max-snippet":"max-snippet:-1","max-image-preview":"max-image-preview:large","max-video-preview":"max-video-preview:-1"},"canonical":"https:\/\/www.haverskerque.fr\/index.php\/point-justice-2\/","og_locale":"fr_FR","og_type":"article","og_title":"Point Justice * Haverskerque, 100% Nature !*","og_description":"| Vous rencontrez une probl\u00e9matique li\u00e9e \u00e0 une situation familiale ? Un probl\u00e8me de logement ? Ou vous \u00eates victime de violences ? Retrouvez ici les modalit\u00e9s de contact du Point Justice de la CCFL. Le Point Justice est un lieu&nbsp;anonyme&nbsp;et&nbsp;gratuit&nbsp;et qui a pour objectif d\u2019aider tous les habitants Flandre Lys dans la gestion des conflits de la vie courante. | Th\u00e9matiques abord\u00e9es Une coordinatrice re\u00e7oit les familles pour r\u00e9pondre \u00e0 toutes les questions de la vie courante. | Quelles sont ses missions ? | Prendre contact avec le Point Justice Uniquement sur rendez-vous&nbsp;les lundis et mercredis de 8h30 \u00e0 12h et de 13h30 \u00e0 17h Le 2\u00e8me mercredi du mois de 13h30 \u00e0 17h sur rendez-vous. Lundi, mercredi&nbsp;: 8h30-12h | 13h30-17hMardi&nbsp;: 8h30-12hJeudi&nbsp;: 9h30-12hFerm\u00e9 le vendredi","og_url":"https:\/\/www.haverskerque.fr\/index.php\/point-justice-2\/","og_site_name":"Haverskerque, 100% Nature !*","article_publisher":"https:\/\/www.facebook.com\/communehaverskerque","article_modified_time":"2026-02-12T13:51:46+00:00","og_image":[{"width":1920,"height":1080,"url":"https:\/\/www.haverskerque.fr\/wp-content\/uploads\/2024\/01\/Point-Justice.png","type":"image\/png"}],"twitter_card":"summary_large_image","twitter_misc":{"Dur\u00e9e de lecture estim\u00e9e":"5 minutes"},"schema":{"@context":"https:\/\/schema.org","@graph":[{"@type":"WebPage","@id":"https:\/\/www.haverskerque.fr\/index.php\/point-justice-2\/","url":"https:\/\/www.haverskerque.fr\/index.php\/point-justice-2\/","name":"Point Justice * Haverskerque, 100% Nature !*","isPartOf":{"@id":"https:\/\/haverskerque.fr\/#website"},"primaryImageOfPage":{"@id":"https:\/\/www.haverskerque.fr\/index.php\/point-justice-2\/#primaryimage"},"image":{"@id":"https:\/\/www.haverskerque.fr\/index.php\/point-justice-2\/#primaryimage"},"thumbnailUrl":"https:\/\/haverskerque.fr\/wp-content\/uploads\/2024\/01\/Point-Justice-1024x576.png","datePublished":"2023-06-26T11:48:17+00:00","dateModified":"2026-02-12T13:51:46+00:00","breadcrumb":{"@id":"https:\/\/www.haverskerque.fr\/index.php\/point-justice-2\/#breadcrumb"},"inLanguage":"fr-FR","potentialAction":[{"@type":"ReadAction","target":["https:\/\/www.haverskerque.fr\/index.php\/point-justice-2\/"]}]},{"@type":"ImageObject","inLanguage":"fr-FR","@id":"https:\/\/www.haverskerque.fr\/index.php\/point-justice-2\/#primaryimage","url":"https:\/\/haverskerque.fr\/wp-content\/uploads\/2024\/01\/Point-Justice-1024x576.png","contentUrl":"https:\/\/haverskerque.fr\/wp-content\/uploads\/2024\/01\/Point-Justice-1024x576.png"},{"@type":"BreadcrumbList","@id":"https:\/\/www.haverskerque.fr\/index.php\/point-justice-2\/#breadcrumb","itemListElement":[{"@type":"ListItem","position":1,"name":"Accueil","item":"https:\/\/www.haverskerque.fr\/"},{"@type":"ListItem","position":2,"name":"Point Justice"}]},{"@type":"WebSite","@id":"https:\/\/haverskerque.fr\/#website","url":"https:\/\/haverskerque.fr\/","name":"Haverskerque","description":"Haverskerque, 100% Nature !","publisher":{"@id":"https:\/\/haverskerque.fr\/#organization"},"alternateName":"Haverskerque","potentialAction":[{"@type":"SearchAction","target":{"@type":"EntryPoint","urlTemplate":"https:\/\/haverskerque.fr\/?s={search_term_string}"},"query-input":{"@type":"PropertyValueSpecification","valueRequired":true,"valueName":"search_term_string"}}],"inLanguage":"fr-FR"},{"@type":"Organization","@id":"https:\/\/haverskerque.fr\/#organization","name":"Commune d'Haverskerque","alternateName":"Commune d'Haverskerque","url":"https:\/\/haverskerque.fr\/","logo":{"@type":"ImageObject","inLanguage":"fr-FR","@id":"https:\/\/haverskerque.fr\/#\/schema\/logo\/image\/","url":"https:\/\/haverskerque.fr\/wp-content\/uploads\/2024\/01\/siteon0-e5814-1.png","contentUrl":"https:\/\/haverskerque.fr\/wp-content\/uploads\/2024\/01\/siteon0-e5814-1.png","width":236,"height":102,"caption":"Commune d'Haverskerque"},"image":{"@id":"https:\/\/haverskerque.fr\/#\/schema\/logo\/image\/"},"sameAs":["https:\/\/www.facebook.com\/communehaverskerque","https:\/\/www.instagram.com\/communehaverskerque\/"]}]}},"_links":{"self":[{"href":"https:\/\/www.haverskerque.fr\/index.php\/wp-json\/wp\/v2\/pages\/3327","targetHints":{"allow":["GET"]}}],"collection":[{"href":"https:\/\/www.haverskerque.fr\/index.php\/wp-json\/wp\/v2\/pages"}],"about":[{"href":"https:\/\/www.haverskerque.fr\/index.php\/wp-json\/wp\/v2\/types\/page"}],"author":[{"embeddable":true,"href":"https:\/\/www.haverskerque.fr\/index.php\/wp-json\/wp\/v2\/users\/1"}],"replies":[{"embeddable":true,"href":"https:\/\/www.haverskerque.fr\/index.php\/wp-json\/wp\/v2\/comments?post=3327"}],"version-history":[{"count":33,"href":"https:\/\/www.haverskerque.fr\/index.php\/wp-json\/wp\/v2\/pages\/3327\/revisions"}],"predecessor-version":[{"id":10150,"href":"https:\/\/www.haverskerque.fr\/index.php\/wp-json\/wp\/v2\/pages\/3327\/revisions\/10150"}],"wp:attachment":[{"href":"https:\/\/www.haverskerque.fr\/index.php\/wp-json\/wp\/v2\/media?parent=3327"}],"curies":[{"name":"wp","href":"https:\/\/api.w.org\/{rel}","templated":true}]}}