{"id":3325,"date":"2023-06-26T13:47:53","date_gmt":"2023-06-26T11:47:53","guid":{"rendered":"http:\/\/barbry.esy.es\/?page_id=3325"},"modified":"2024-11-01T14:38:20","modified_gmt":"2024-11-01T13:38:20","slug":"france-services","status":"publish","type":"page","link":"https:\/\/www.haverskerque.fr\/index.php\/france-services\/","title":{"rendered":"France services"},"content":{"rendered":"<div class=\"wp-block-image is-resized\">\n<figure class=\"aligncenter size-full\"><img loading=\"lazy\" decoding=\"async\" width=\"460\" height=\"262\" src=\"http:\/\/barbry.esy.es\/wp-content\/uploads\/2023\/07\/france-services.png\" alt=\"\" class=\"wp-image-4113\" style=\"object-fit:cover;width:700px;height:393px\" srcset=\"https:\/\/www.haverskerque.fr\/wp-content\/uploads\/2023\/07\/france-services.png 460w, https:\/\/www.haverskerque.fr\/wp-content\/uploads\/2023\/07\/france-services-300x171.png 300w\" sizes=\"auto, (max-width: 460px) 100vw, 460px\" \/><\/figure>\n<\/div>\n\n\n<figure class=\"wp-block-image size-full\"><img loading=\"lazy\" decoding=\"async\" width=\"593\" height=\"45\" src=\"https:\/\/haverskerque.fr\/wp-content\/uploads\/2023\/02\/bandeblanche.jpg\" alt=\"\" class=\"wp-image-381\" srcset=\"https:\/\/www.haverskerque.fr\/wp-content\/uploads\/2023\/02\/bandeblanche.jpg 593w, https:\/\/www.haverskerque.fr\/wp-content\/uploads\/2023\/02\/bandeblanche-300x23.jpg 300w\" sizes=\"auto, (max-width: 593px) 100vw, 593px\" \/><\/figure>\n\n\n\n<p><mark style=\"background-color:rgba(0, 0, 0, 0);color:#00a018\" class=\"has-inline-color\">|<\/mark> <em>Vous avez besoin d&rsquo;un accompagnement personnalis\u00e9 dans toutes vos d\u00e9marches administratives ? \u00ab\u00a0France services\u00a0\u00bb peut vous aider ! Service propos\u00e9 par la <strong><a href=\"https:\/\/www.cc-flandrelys.fr\" target=\"_blank\" rel=\"noreferrer noopener\">Communaut\u00e9 de communes Flandre Lys<\/a><\/strong><\/em> <\/p>\n\n\n\n<figure class=\"wp-block-image size-full\"><img loading=\"lazy\" decoding=\"async\" width=\"593\" height=\"45\" src=\"https:\/\/haverskerque.fr\/wp-content\/uploads\/2023\/02\/bandeblanche.jpg\" alt=\"\" class=\"wp-image-381\" srcset=\"https:\/\/www.haverskerque.fr\/wp-content\/uploads\/2023\/02\/bandeblanche.jpg 593w, https:\/\/www.haverskerque.fr\/wp-content\/uploads\/2023\/02\/bandeblanche-300x23.jpg 300w\" sizes=\"auto, (max-width: 593px) 100vw, 593px\" \/><\/figure>\n\n\n\n<h3 class=\"wp-block-heading has-text-align-left\"><mark style=\"background-color:rgba(0, 0, 0, 0);color:#00a018\" class=\"has-inline-color\">|<\/mark> <strong>Informations et aides aux d\u00e9marches en ligne<\/strong><\/h3>\n\n\n\n<figure class=\"wp-block-image size-full\"><img loading=\"lazy\" decoding=\"async\" width=\"593\" height=\"45\" src=\"https:\/\/haverskerque.fr\/wp-content\/uploads\/2023\/02\/bandeblanche.jpg\" alt=\"\" class=\"wp-image-381\" srcset=\"https:\/\/www.haverskerque.fr\/wp-content\/uploads\/2023\/02\/bandeblanche.jpg 593w, https:\/\/www.haverskerque.fr\/wp-content\/uploads\/2023\/02\/bandeblanche-300x23.jpg 300w\" sizes=\"auto, (max-width: 593px) 100vw, 593px\" \/><\/figure>\n\n\n\n<p>France Services est un guichet unique o\u00f9 les habitants du territoire Flandre Lys pourront \u00eatre accompagn\u00e9s dans diverses d\u00e9marches administratives.<\/p>\n\n\n\n<figure class=\"wp-block-image size-full\"><img loading=\"lazy\" decoding=\"async\" width=\"593\" height=\"45\" src=\"https:\/\/haverskerque.fr\/wp-content\/uploads\/2023\/02\/bandeblanche.jpg\" alt=\"\" class=\"wp-image-381\" srcset=\"https:\/\/www.haverskerque.fr\/wp-content\/uploads\/2023\/02\/bandeblanche.jpg 593w, https:\/\/www.haverskerque.fr\/wp-content\/uploads\/2023\/02\/bandeblanche-300x23.jpg 300w\" sizes=\"auto, (max-width: 593px) 100vw, 593px\" \/><\/figure>\n\n\n\n<ul class=\"wp-block-list\">\n<li>Sant\u00e9, famille, retraite, emploi.<\/li>\n<\/ul>\n\n\n\n<p><\/p>\n\n\n\n<ul class=\"wp-block-list\">\n<li>Papiers d\u2019identit\u00e9, permis de conduire, carte grise.<\/li>\n<\/ul>\n\n\n\n<p><\/p>\n\n\n\n<ul class=\"wp-block-list\">\n<li>D\u00e9claration de revenus, appropriation du pr\u00e9l\u00e8vement \u00e0 la source.<\/li>\n<\/ul>\n\n\n\n<p><\/p>\n\n\n\n<ul class=\"wp-block-list\">\n<li>Difficult\u00e9s juridiques.<\/li>\n<\/ul>\n\n\n\n<p><\/p>\n\n\n\n<ul class=\"wp-block-list\">\n<li>Accueil et orientation des personnes \u00e2g\u00e9es et des personnes en situation de handicap.<\/li>\n<\/ul>\n\n\n\n<p><\/p>\n\n\n\n<ul class=\"wp-block-list\">\n<li>Accompagnement personnalis\u00e9 aux allocataires du RSA.<\/li>\n<\/ul>\n\n\n\n<figure class=\"wp-block-image size-full\"><img loading=\"lazy\" decoding=\"async\" width=\"593\" height=\"45\" src=\"https:\/\/haverskerque.fr\/wp-content\/uploads\/2023\/02\/bandeblanche.jpg\" alt=\"\" class=\"wp-image-381\" srcset=\"https:\/\/www.haverskerque.fr\/wp-content\/uploads\/2023\/02\/bandeblanche.jpg 593w, https:\/\/www.haverskerque.fr\/wp-content\/uploads\/2023\/02\/bandeblanche-300x23.jpg 300w\" sizes=\"auto, (max-width: 593px) 100vw, 593px\" \/><\/figure>\n\n\n\n<p>France Services a pour objectif de rassembler au sein d\u2019un m\u00eame lieu diff\u00e9rents services de l\u2019Etat pour accompagner et apporter une r\u00e9ponse personnalis\u00e9e, selon les besoins, aux habitants du territoire. L&rsquo;accueil est assur\u00e9 par des agents form\u00e9s qui pourront \u00e9galement les accompagner \u00e0 l\u2019acc\u00e8s <strong><a href=\"https:\/\/www.cc-flandrelys.fr\/vivre-et-s-installer\/numerique\/les-conseillers-numeriques\" target=\"_blank\" rel=\"noreferrer noopener\">au num\u00e9rique<\/a><\/strong>.<\/p>\n\n\n\n<figure class=\"wp-block-image size-full\"><img loading=\"lazy\" decoding=\"async\" width=\"593\" height=\"45\" src=\"https:\/\/haverskerque.fr\/wp-content\/uploads\/2023\/02\/bandeblanche.jpg\" alt=\"\" class=\"wp-image-381\" srcset=\"https:\/\/www.haverskerque.fr\/wp-content\/uploads\/2023\/02\/bandeblanche.jpg 593w, https:\/\/www.haverskerque.fr\/wp-content\/uploads\/2023\/02\/bandeblanche-300x23.jpg 300w\" sizes=\"auto, (max-width: 593px) 100vw, 593px\" \/><\/figure>\n\n\n\n<p>France Services a aussi pour vocation de collaborer avec l\u2019ensemble des services de la Communaut\u00e9 de communes Flandre Lys en apportant des informations aux citoyens sur divers sujets : la mobilit\u00e9, l\u2019habitat, le logement, la culture, le tourisme\u2026 et permettra \u00e9galement d\u2019organiser des animations de pr\u00e9vention et de sensibilisation sur ces th\u00e9matiques et d\u2019identifier de potentiels probl\u00e9matiques pour informer les op\u00e9rateurs partenaires (ex : situation d\u2019illettrisme, d\u2019illectronisme, de logement insalubre\u2026).<\/p>\n\n\n\n<figure class=\"wp-block-image size-full\"><img loading=\"lazy\" decoding=\"async\" width=\"593\" height=\"45\" src=\"https:\/\/haverskerque.fr\/wp-content\/uploads\/2023\/02\/bandeblanche.jpg\" alt=\"\" class=\"wp-image-381\" srcset=\"https:\/\/www.haverskerque.fr\/wp-content\/uploads\/2023\/02\/bandeblanche.jpg 593w, https:\/\/www.haverskerque.fr\/wp-content\/uploads\/2023\/02\/bandeblanche-300x23.jpg 300w\" sizes=\"auto, (max-width: 593px) 100vw, 593px\" \/><\/figure>\n\n\n\n<p><strong>Plus d\u2019infos :&nbsp;<a rel=\"noreferrer noopener\" href=\"https:\/\/www.economie.gouv.fr\/particuliers\/france-services#\" target=\"_blank\">https:\/\/www.economie.gouv.fr\/particuliers\/france-services#<\/a><\/strong><\/p>\n\n\n\n<figure class=\"wp-block-image size-full\"><img loading=\"lazy\" decoding=\"async\" width=\"593\" height=\"45\" src=\"https:\/\/haverskerque.fr\/wp-content\/uploads\/2023\/02\/bandeblanche.jpg\" alt=\"\" class=\"wp-image-381\" srcset=\"https:\/\/www.haverskerque.fr\/wp-content\/uploads\/2023\/02\/bandeblanche.jpg 593w, https:\/\/www.haverskerque.fr\/wp-content\/uploads\/2023\/02\/bandeblanche-300x23.jpg 300w\" sizes=\"auto, (max-width: 593px) 100vw, 593px\" \/><\/figure>\n\n\n\n<h3 class=\"wp-block-heading\"><mark style=\"background-color:rgba(0, 0, 0, 0);color:#00a018\" class=\"has-inline-color\">|<\/mark> <strong>Maison France Services de Laventie<\/strong><\/h3>\n\n\n\n<figure class=\"wp-block-image size-full\"><img loading=\"lazy\" decoding=\"async\" width=\"593\" height=\"45\" src=\"https:\/\/haverskerque.fr\/wp-content\/uploads\/2023\/02\/bandeblanche.jpg\" alt=\"\" class=\"wp-image-381\" srcset=\"https:\/\/www.haverskerque.fr\/wp-content\/uploads\/2023\/02\/bandeblanche.jpg 593w, https:\/\/www.haverskerque.fr\/wp-content\/uploads\/2023\/02\/bandeblanche-300x23.jpg 300w\" sizes=\"auto, (max-width: 593px) 100vw, 593px\" \/><\/figure>\n\n\n\n<p><mark style=\"background-color:rgba(0, 0, 0, 0);color:#00a018\" class=\"has-inline-color\">|<\/mark> <strong>Adresse<\/strong><\/p>\n\n\n\n<figure class=\"wp-block-image size-full\"><img loading=\"lazy\" decoding=\"async\" width=\"593\" height=\"45\" src=\"https:\/\/haverskerque.fr\/wp-content\/uploads\/2023\/02\/bandeblanche.jpg\" alt=\"\" class=\"wp-image-381\" srcset=\"https:\/\/www.haverskerque.fr\/wp-content\/uploads\/2023\/02\/bandeblanche.jpg 593w, https:\/\/www.haverskerque.fr\/wp-content\/uploads\/2023\/02\/bandeblanche-300x23.jpg 300w\" sizes=\"auto, (max-width: 593px) 100vw, 593px\" \/><\/figure>\n\n\n\n<ul class=\"wp-block-list\">\n<li>Castel de l&rsquo;Alloeu<\/li>\n<\/ul>\n\n\n\n<ul class=\"wp-block-list\">\n<li>4 Rue du 11 Novembre<\/li>\n<\/ul>\n\n\n\n<ul class=\"wp-block-list\">\n<li>62840 Laventie<\/li>\n<\/ul>\n\n\n\n<figure class=\"wp-block-image size-full\"><img loading=\"lazy\" decoding=\"async\" width=\"593\" height=\"45\" src=\"https:\/\/haverskerque.fr\/wp-content\/uploads\/2023\/02\/bandeblanche.jpg\" alt=\"\" class=\"wp-image-381\" srcset=\"https:\/\/www.haverskerque.fr\/wp-content\/uploads\/2023\/02\/bandeblanche.jpg 593w, https:\/\/www.haverskerque.fr\/wp-content\/uploads\/2023\/02\/bandeblanche-300x23.jpg 300w\" sizes=\"auto, (max-width: 593px) 100vw, 593px\" \/><\/figure>\n\n\n\n<p><mark style=\"background-color:rgba(0, 0, 0, 0);color:#00a018\" class=\"has-inline-color\">|<\/mark> <strong>Horaires<\/strong> <\/p>\n\n\n\n<figure class=\"wp-block-image size-full\"><img loading=\"lazy\" decoding=\"async\" width=\"593\" height=\"45\" src=\"https:\/\/haverskerque.fr\/wp-content\/uploads\/2023\/02\/bandeblanche.jpg\" alt=\"\" class=\"wp-image-381\" srcset=\"https:\/\/www.haverskerque.fr\/wp-content\/uploads\/2023\/02\/bandeblanche.jpg 593w, https:\/\/www.haverskerque.fr\/wp-content\/uploads\/2023\/02\/bandeblanche-300x23.jpg 300w\" sizes=\"auto, (max-width: 593px) 100vw, 593px\" \/><\/figure>\n\n\n\n<ul class=\"wp-block-list\">\n<li>Lundi : 13h-17h<\/li>\n<\/ul>\n\n\n\n<ul class=\"wp-block-list\">\n<li>Mardi : 9h-12h | 13h30-16h30<\/li>\n<\/ul>\n\n\n\n<ul class=\"wp-block-list\">\n<li>Mercredi : 13h-17h<\/li>\n<\/ul>\n\n\n\n<ul class=\"wp-block-list\">\n<li>Jeudi : 9h30-12h | 13h30-18h<\/li>\n<\/ul>\n\n\n\n<ul class=\"wp-block-list\">\n<li>Vendredi : 9h-13h<\/li>\n<\/ul>\n\n\n\n<figure class=\"wp-block-image size-full\"><img loading=\"lazy\" decoding=\"async\" width=\"593\" height=\"45\" src=\"https:\/\/haverskerque.fr\/wp-content\/uploads\/2023\/02\/bandeblanche.jpg\" alt=\"\" class=\"wp-image-381\" srcset=\"https:\/\/www.haverskerque.fr\/wp-content\/uploads\/2023\/02\/bandeblanche.jpg 593w, https:\/\/www.haverskerque.fr\/wp-content\/uploads\/2023\/02\/bandeblanche-300x23.jpg 300w\" sizes=\"auto, (max-width: 593px) 100vw, 593px\" \/><\/figure>\n\n\n\n<p><mark style=\"background-color:rgba(0, 0, 0, 0);color:#00a018\" class=\"has-inline-color\">|<\/mark> <strong>Permanences<\/strong><\/p>\n\n\n\n<figure class=\"wp-block-image size-full\"><img loading=\"lazy\" decoding=\"async\" width=\"593\" height=\"45\" src=\"https:\/\/haverskerque.fr\/wp-content\/uploads\/2023\/02\/bandeblanche.jpg\" alt=\"\" class=\"wp-image-381\" srcset=\"https:\/\/www.haverskerque.fr\/wp-content\/uploads\/2023\/02\/bandeblanche.jpg 593w, https:\/\/www.haverskerque.fr\/wp-content\/uploads\/2023\/02\/bandeblanche-300x23.jpg 300w\" sizes=\"auto, (max-width: 593px) 100vw, 593px\" \/><\/figure>\n\n\n\n<p>Pour les permanences, contactez directement la France Services au <strong>03 76 04 44 30<\/strong> ou par mail \u00e0 <strong><a href=\"mailto:franceservices@cc-flandrelys.fr\" target=\"_blank\" rel=\"noreferrer noopener\">franceservices@cc-flandrelys.fr<\/a><\/strong><\/p>\n\n\n\n<figure class=\"wp-block-image size-full\"><img loading=\"lazy\" decoding=\"async\" width=\"593\" height=\"45\" src=\"https:\/\/haverskerque.fr\/wp-content\/uploads\/2023\/02\/bandeblanche.jpg\" alt=\"\" class=\"wp-image-381\" srcset=\"https:\/\/www.haverskerque.fr\/wp-content\/uploads\/2023\/02\/bandeblanche.jpg 593w, https:\/\/www.haverskerque.fr\/wp-content\/uploads\/2023\/02\/bandeblanche-300x23.jpg 300w\" sizes=\"auto, (max-width: 593px) 100vw, 593px\" \/><\/figure>\n\n\n\n<h3 class=\"wp-block-heading\"><mark style=\"background-color:rgba(0, 0, 0, 0);color:#00a018\" class=\"has-inline-color\">|<\/mark> <strong>Poste France Services de Merville<\/strong><\/h3>\n\n\n\n<figure class=\"wp-block-image size-full\"><img loading=\"lazy\" decoding=\"async\" width=\"593\" height=\"45\" src=\"https:\/\/haverskerque.fr\/wp-content\/uploads\/2023\/02\/bandeblanche.jpg\" alt=\"\" class=\"wp-image-381\" srcset=\"https:\/\/www.haverskerque.fr\/wp-content\/uploads\/2023\/02\/bandeblanche.jpg 593w, https:\/\/www.haverskerque.fr\/wp-content\/uploads\/2023\/02\/bandeblanche-300x23.jpg 300w\" sizes=\"auto, (max-width: 593px) 100vw, 593px\" \/><\/figure>\n\n\n\n<p><mark style=\"background-color:rgba(0, 0, 0, 0);color:#00a018\" class=\"has-inline-color\">|<\/mark> <strong>Adresse<\/strong><\/p>\n\n\n\n<figure class=\"wp-block-image size-full\"><img loading=\"lazy\" decoding=\"async\" width=\"593\" height=\"45\" src=\"https:\/\/haverskerque.fr\/wp-content\/uploads\/2023\/02\/bandeblanche.jpg\" alt=\"\" class=\"wp-image-381\" srcset=\"https:\/\/www.haverskerque.fr\/wp-content\/uploads\/2023\/02\/bandeblanche.jpg 593w, https:\/\/www.haverskerque.fr\/wp-content\/uploads\/2023\/02\/bandeblanche-300x23.jpg 300w\" sizes=\"auto, (max-width: 593px) 100vw, 593px\" \/><\/figure>\n\n\n\n<ul class=\"wp-block-list\">\n<li>Bureau de Poste<\/li>\n<\/ul>\n\n\n\n<ul class=\"wp-block-list\">\n<li>8 Avenue Cl\u00e9menceau<\/li>\n<\/ul>\n\n\n\n<ul class=\"wp-block-list\">\n<li>59660 Merville<\/li>\n<\/ul>\n\n\n\n<figure class=\"wp-block-image size-full\"><img loading=\"lazy\" decoding=\"async\" width=\"593\" height=\"45\" src=\"https:\/\/haverskerque.fr\/wp-content\/uploads\/2023\/02\/bandeblanche.jpg\" alt=\"\" class=\"wp-image-381\" srcset=\"https:\/\/www.haverskerque.fr\/wp-content\/uploads\/2023\/02\/bandeblanche.jpg 593w, https:\/\/www.haverskerque.fr\/wp-content\/uploads\/2023\/02\/bandeblanche-300x23.jpg 300w\" sizes=\"auto, (max-width: 593px) 100vw, 593px\" \/><\/figure>\n\n\n\n<p><mark style=\"background-color:rgba(0, 0, 0, 0);color:#00a018\" class=\"has-inline-color\">|<\/mark> <strong>Horaires<\/strong> <\/p>\n\n\n\n<figure class=\"wp-block-image size-full\"><img loading=\"lazy\" decoding=\"async\" width=\"593\" height=\"45\" src=\"https:\/\/haverskerque.fr\/wp-content\/uploads\/2023\/02\/bandeblanche.jpg\" alt=\"\" class=\"wp-image-381\" srcset=\"https:\/\/www.haverskerque.fr\/wp-content\/uploads\/2023\/02\/bandeblanche.jpg 593w, https:\/\/www.haverskerque.fr\/wp-content\/uploads\/2023\/02\/bandeblanche-300x23.jpg 300w\" sizes=\"auto, (max-width: 593px) 100vw, 593px\" \/><\/figure>\n\n\n\n<p><strong>Sans rendez-vous<\/strong><\/p>\n\n\n\n<figure class=\"wp-block-image size-full\"><img loading=\"lazy\" decoding=\"async\" width=\"593\" height=\"45\" src=\"https:\/\/haverskerque.fr\/wp-content\/uploads\/2023\/02\/bandeblanche.jpg\" alt=\"\" class=\"wp-image-381\" srcset=\"https:\/\/www.haverskerque.fr\/wp-content\/uploads\/2023\/02\/bandeblanche.jpg 593w, https:\/\/www.haverskerque.fr\/wp-content\/uploads\/2023\/02\/bandeblanche-300x23.jpg 300w\" sizes=\"auto, (max-width: 593px) 100vw, 593px\" \/><\/figure>\n\n\n\n<ul class=\"wp-block-list\">\n<li>Lundi : Ferm\u00e9<\/li>\n<\/ul>\n\n\n\n<ul class=\"wp-block-list\">\n<li>Mardi : 9h-12h | 13h30-17h<\/li>\n<\/ul>\n\n\n\n<ul class=\"wp-block-list\">\n<li>Mercredi : 9h-12h | 13h30-17h<\/li>\n<\/ul>\n\n\n\n<ul class=\"wp-block-list\">\n<li>Jeudi : 9h30-12h | 13h30-15h45<\/li>\n<\/ul>\n\n\n\n<ul class=\"wp-block-list\">\n<li>Vendredi : 9h-13h | 13h30-17h<\/li>\n<\/ul>\n\n\n\n<ul class=\"wp-block-list\">\n<li>Samedi : 9h-12h<\/li>\n<\/ul>\n\n\n\n<figure class=\"wp-block-image size-full\"><img loading=\"lazy\" decoding=\"async\" width=\"593\" height=\"45\" src=\"https:\/\/haverskerque.fr\/wp-content\/uploads\/2023\/02\/bandeblanche.jpg\" alt=\"\" class=\"wp-image-381\" srcset=\"https:\/\/www.haverskerque.fr\/wp-content\/uploads\/2023\/02\/bandeblanche.jpg 593w, https:\/\/www.haverskerque.fr\/wp-content\/uploads\/2023\/02\/bandeblanche-300x23.jpg 300w\" sizes=\"auto, (max-width: 593px) 100vw, 593px\" \/><\/figure>\n\n\n\n<p><mark style=\"background-color:rgba(0, 0, 0, 0);color:#00a018\" class=\"has-inline-color\">|<\/mark> <strong>Moyens de contact<\/strong><\/p>\n\n\n\n<figure class=\"wp-block-image size-full\"><img loading=\"lazy\" decoding=\"async\" width=\"593\" height=\"45\" src=\"https:\/\/haverskerque.fr\/wp-content\/uploads\/2023\/02\/bandeblanche.jpg\" alt=\"\" class=\"wp-image-381\" srcset=\"https:\/\/www.haverskerque.fr\/wp-content\/uploads\/2023\/02\/bandeblanche.jpg 593w, https:\/\/www.haverskerque.fr\/wp-content\/uploads\/2023\/02\/bandeblanche-300x23.jpg 300w\" sizes=\"auto, (max-width: 593px) 100vw, 593px\" \/><\/figure>\n\n\n\n<ul class=\"wp-block-list\">\n<li><strong>03 28 50 58 82<\/strong><\/li>\n<\/ul>\n\n\n\n<ul class=\"wp-block-list\">\n<li><strong><a href=\"mailto:merville@france-services.gouv.fr\" target=\"_blank\" rel=\"noreferrer noopener\">merville@france-services.gouv.fr<\/a><\/strong><\/li>\n<\/ul>\n\n\n\n<figure class=\"wp-block-image size-full\"><img loading=\"lazy\" decoding=\"async\" width=\"593\" height=\"45\" src=\"https:\/\/haverskerque.fr\/wp-content\/uploads\/2023\/02\/bandeblanche.jpg\" alt=\"\" class=\"wp-image-381\" srcset=\"https:\/\/www.haverskerque.fr\/wp-content\/uploads\/2023\/02\/bandeblanche.jpg 593w, https:\/\/www.haverskerque.fr\/wp-content\/uploads\/2023\/02\/bandeblanche-300x23.jpg 300w\" sizes=\"auto, (max-width: 593px) 100vw, 593px\" \/><\/figure>\n\n\n\n<h3 class=\"wp-block-heading\"><mark style=\"background-color:rgba(0, 0, 0, 0);color:#00a018\" class=\"has-inline-color\">|<\/mark> <strong><strong>Camion Bleu France Services des Flandres<\/strong><\/strong><\/h3>\n\n\n\n<figure class=\"wp-block-image size-full\"><img loading=\"lazy\" decoding=\"async\" width=\"593\" height=\"45\" src=\"https:\/\/haverskerque.fr\/wp-content\/uploads\/2023\/02\/bandeblanche.jpg\" alt=\"\" class=\"wp-image-381\" srcset=\"https:\/\/www.haverskerque.fr\/wp-content\/uploads\/2023\/02\/bandeblanche.jpg 593w, https:\/\/www.haverskerque.fr\/wp-content\/uploads\/2023\/02\/bandeblanche-300x23.jpg 300w\" sizes=\"auto, (max-width: 593px) 100vw, 593px\" \/><\/figure>\n\n\n\n<ul class=\"wp-block-list\">\n<li>Estaires, Place du Mar\u00e9chal Foch, le 1er jeudi (jour de march\u00e9) du mois de 9h30 \u00e0 13h puis de 14h \u00e0 16h.<\/li>\n<\/ul>\n\n\n\n<ul class=\"wp-block-list\">\n<li>Hazebrouck, Rue du Docteur C\u00e9sar Samsoen, le 3e lundi du mois de 9h30 \u00e0 12h30 puis de 13h30 \u00e0 16h.<\/li>\n<\/ul>\n\n\n\n<ul class=\"wp-block-list\">\n<li>Morbecque, Place de la Mairie, le 4e jeudi (jour de march\u00e9) du mois de 9h30 \u00e0 13h puis de 14h \u00e0 16h.<\/li>\n<\/ul>\n\n\n\n<figure class=\"wp-block-image size-full\"><img loading=\"lazy\" decoding=\"async\" width=\"593\" height=\"45\" src=\"https:\/\/haverskerque.fr\/wp-content\/uploads\/2023\/02\/bandeblanche.jpg\" alt=\"\" class=\"wp-image-381\" srcset=\"https:\/\/www.haverskerque.fr\/wp-content\/uploads\/2023\/02\/bandeblanche.jpg 593w, https:\/\/www.haverskerque.fr\/wp-content\/uploads\/2023\/02\/bandeblanche-300x23.jpg 300w\" sizes=\"auto, (max-width: 593px) 100vw, 593px\" \/><\/figure>\n\n\n\n<p>La prise de rendez-vous est fortement conseill\u00e9e.<\/p>\n\n\n\n<p>Vous pouvez joindre le Camion Bleu France Services des Flandres par t\u00e9l\u00e9phone au <strong>03 59 73 49 50<\/strong> ou par courriel \u00e0 <strong><a href=\"mailto:flandres.franceservices@lenord.fr\" target=\"_blank\" rel=\"noreferrer noopener\">flandres.franceservices@lenord.fr<\/a><\/strong><\/p>\n\n\n\n<p>Le Camion Bleu France Services des Flandres est accessible aux personnes \u00e0 mobilit\u00e9 r\u00e9duite.<\/p>\n\n\n\n<figure class=\"wp-block-image size-full\"><img loading=\"lazy\" decoding=\"async\" width=\"593\" height=\"45\" src=\"https:\/\/haverskerque.fr\/wp-content\/uploads\/2023\/02\/bandeblanche.jpg\" alt=\"\" class=\"wp-image-381\" srcset=\"https:\/\/www.haverskerque.fr\/wp-content\/uploads\/2023\/02\/bandeblanche.jpg 593w, https:\/\/www.haverskerque.fr\/wp-content\/uploads\/2023\/02\/bandeblanche-300x23.jpg 300w\" sizes=\"auto, (max-width: 593px) 100vw, 593px\" \/><\/figure>\n","protected":false},"excerpt":{"rendered":"<p>| Vous avez besoin d&rsquo;un accompagnement personnalis\u00e9 dans toutes vos d\u00e9marches administratives ? \u00ab\u00a0France services\u00a0\u00bb peut vous aider ! Service propos\u00e9 par la Communaut\u00e9 de communes Flandre Lys | Informations et aides aux d\u00e9marches en ligne France Services est un guichet unique o\u00f9 les habitants du territoire Flandre Lys pourront \u00eatre accompagn\u00e9s dans diverses d\u00e9marches administratives. France Services a pour objectif de rassembler au sein d\u2019un m\u00eame lieu diff\u00e9rents services de l\u2019Etat pour accompagner et apporter une r\u00e9ponse personnalis\u00e9e, selon les besoins, aux habitants du territoire. L&rsquo;accueil est assur\u00e9 par des agents form\u00e9s qui pourront \u00e9galement les accompagner \u00e0 l\u2019acc\u00e8s au num\u00e9rique. France Services a aussi pour vocation de collaborer avec l\u2019ensemble des services de la Communaut\u00e9 de communes Flandre Lys en apportant des informations aux citoyens sur divers sujets : la mobilit\u00e9, l\u2019habitat, le logement, la culture, le tourisme\u2026 et permettra \u00e9galement d\u2019organiser des animations de pr\u00e9vention et de sensibilisation sur ces th\u00e9matiques et d\u2019identifier de potentiels probl\u00e9matiques pour informer les op\u00e9rateurs partenaires (ex : situation d\u2019illettrisme, d\u2019illectronisme, de logement insalubre\u2026). Plus d\u2019infos :&nbsp;https:\/\/www.economie.gouv.fr\/particuliers\/france-services# | Maison France Services de Laventie | Adresse | Horaires | Permanences Pour les permanences, contactez directement la France Services au 03 76 04 44 30 ou par mail \u00e0 franceservices@cc-flandrelys.fr | Poste France Services de Merville | Adresse | Horaires Sans rendez-vous | Moyens de contact | Camion Bleu France Services des Flandres La prise de rendez-vous est fortement conseill\u00e9e. Vous pouvez joindre le Camion Bleu France Services des Flandres par t\u00e9l\u00e9phone au 03 59 73 49 50 ou par courriel \u00e0 flandres.franceservices@lenord.fr Le Camion Bleu France Services des Flandres est accessible aux personnes \u00e0 mobilit\u00e9 r\u00e9duite.<\/p>\n","protected":false},"author":1,"featured_media":0,"parent":0,"menu_order":0,"comment_status":"closed","ping_status":"closed","template":"","meta":{"cybocfi_hide_featured_image":"","footnotes":""},"class_list":["post-3325","page","type-page","status-publish","hentry"],"yoast_head":"<!-- This site is optimized with the Yoast SEO plugin v27.5 - https:\/\/yoast.com\/product\/yoast-seo-wordpress\/ -->\n<title>France services * Haverskerque, 100% Nature !*<\/title>\n<meta name=\"robots\" content=\"index, follow, max-snippet:-1, max-image-preview:large, max-video-preview:-1\" \/>\n<link rel=\"canonical\" href=\"https:\/\/www.haverskerque.fr\/index.php\/france-services\/\" \/>\n<meta property=\"og:locale\" content=\"fr_FR\" \/>\n<meta property=\"og:type\" content=\"article\" \/>\n<meta property=\"og:title\" content=\"France services * Haverskerque, 100% Nature !*\" \/>\n<meta property=\"og:description\" content=\"| Vous avez besoin d&rsquo;un accompagnement personnalis\u00e9 dans toutes vos d\u00e9marches administratives ? \u00ab\u00a0France services\u00a0\u00bb peut vous aider ! Service propos\u00e9 par la Communaut\u00e9 de communes Flandre Lys | Informations et aides aux d\u00e9marches en ligne France Services est un guichet unique o\u00f9 les habitants du territoire Flandre Lys pourront \u00eatre accompagn\u00e9s dans diverses d\u00e9marches administratives. France Services a pour objectif de rassembler au sein d\u2019un m\u00eame lieu diff\u00e9rents services de l\u2019Etat pour accompagner et apporter une r\u00e9ponse personnalis\u00e9e, selon les besoins, aux habitants du territoire. L&rsquo;accueil est assur\u00e9 par des agents form\u00e9s qui pourront \u00e9galement les accompagner \u00e0 l\u2019acc\u00e8s au num\u00e9rique. France Services a aussi pour vocation de collaborer avec l\u2019ensemble des services de la Communaut\u00e9 de communes Flandre Lys en apportant des informations aux citoyens sur divers sujets : la mobilit\u00e9, l\u2019habitat, le logement, la culture, le tourisme\u2026 et permettra \u00e9galement d\u2019organiser des animations de pr\u00e9vention et de sensibilisation sur ces th\u00e9matiques et d\u2019identifier de potentiels probl\u00e9matiques pour informer les op\u00e9rateurs partenaires (ex : situation d\u2019illettrisme, d\u2019illectronisme, de logement insalubre\u2026). Plus d\u2019infos :&nbsp;https:\/\/www.economie.gouv.fr\/particuliers\/france-services# | Maison France Services de Laventie | Adresse | Horaires | Permanences Pour les permanences, contactez directement la France Services au 03 76 04 44 30 ou par mail \u00e0 franceservices@cc-flandrelys.fr | Poste France Services de Merville | Adresse | Horaires Sans rendez-vous | Moyens de contact | Camion Bleu France Services des Flandres La prise de rendez-vous est fortement conseill\u00e9e. Vous pouvez joindre le Camion Bleu France Services des Flandres par t\u00e9l\u00e9phone au 03 59 73 49 50 ou par courriel \u00e0 flandres.franceservices@lenord.fr Le Camion Bleu France Services des Flandres est accessible aux personnes \u00e0 mobilit\u00e9 r\u00e9duite.\" \/>\n<meta property=\"og:url\" content=\"https:\/\/www.haverskerque.fr\/index.php\/france-services\/\" \/>\n<meta property=\"og:site_name\" content=\"Haverskerque, 100% Nature !*\" \/>\n<meta property=\"article:publisher\" content=\"https:\/\/www.facebook.com\/communehaverskerque\" \/>\n<meta property=\"article:modified_time\" content=\"2024-11-01T13:38:20+00:00\" \/>\n<meta property=\"og:image\" content=\"https:\/\/www.haverskerque.fr\/wp-content\/uploads\/2023\/07\/france-services.png\" \/>\n\t<meta property=\"og:image:width\" content=\"460\" \/>\n\t<meta property=\"og:image:height\" content=\"262\" \/>\n\t<meta property=\"og:image:type\" content=\"image\/png\" \/>\n<meta name=\"twitter:card\" content=\"summary_large_image\" \/>\n<meta name=\"twitter:label1\" content=\"Dur\u00e9e de lecture estim\u00e9e\" \/>\n\t<meta name=\"twitter:data1\" content=\"8 minutes\" \/>\n<script type=\"application\/ld+json\" class=\"yoast-schema-graph\">{\"@context\":\"https:\\\/\\\/schema.org\",\"@graph\":[{\"@type\":\"WebPage\",\"@id\":\"https:\\\/\\\/www.haverskerque.fr\\\/index.php\\\/france-services\\\/\",\"url\":\"https:\\\/\\\/www.haverskerque.fr\\\/index.php\\\/france-services\\\/\",\"name\":\"France services * Haverskerque, 100% Nature !*\",\"isPartOf\":{\"@id\":\"https:\\\/\\\/haverskerque.fr\\\/#website\"},\"primaryImageOfPage\":{\"@id\":\"https:\\\/\\\/www.haverskerque.fr\\\/index.php\\\/france-services\\\/#primaryimage\"},\"image\":{\"@id\":\"https:\\\/\\\/www.haverskerque.fr\\\/index.php\\\/france-services\\\/#primaryimage\"},\"thumbnailUrl\":\"http:\\\/\\\/barbry.esy.es\\\/wp-content\\\/uploads\\\/2023\\\/07\\\/france-services.png\",\"datePublished\":\"2023-06-26T11:47:53+00:00\",\"dateModified\":\"2024-11-01T13:38:20+00:00\",\"breadcrumb\":{\"@id\":\"https:\\\/\\\/www.haverskerque.fr\\\/index.php\\\/france-services\\\/#breadcrumb\"},\"inLanguage\":\"fr-FR\",\"potentialAction\":[{\"@type\":\"ReadAction\",\"target\":[\"https:\\\/\\\/www.haverskerque.fr\\\/index.php\\\/france-services\\\/\"]}]},{\"@type\":\"ImageObject\",\"inLanguage\":\"fr-FR\",\"@id\":\"https:\\\/\\\/www.haverskerque.fr\\\/index.php\\\/france-services\\\/#primaryimage\",\"url\":\"http:\\\/\\\/barbry.esy.es\\\/wp-content\\\/uploads\\\/2023\\\/07\\\/france-services.png\",\"contentUrl\":\"http:\\\/\\\/barbry.esy.es\\\/wp-content\\\/uploads\\\/2023\\\/07\\\/france-services.png\"},{\"@type\":\"BreadcrumbList\",\"@id\":\"https:\\\/\\\/www.haverskerque.fr\\\/index.php\\\/france-services\\\/#breadcrumb\",\"itemListElement\":[{\"@type\":\"ListItem\",\"position\":1,\"name\":\"Accueil\",\"item\":\"https:\\\/\\\/www.haverskerque.fr\\\/\"},{\"@type\":\"ListItem\",\"position\":2,\"name\":\"France services\"}]},{\"@type\":\"WebSite\",\"@id\":\"https:\\\/\\\/haverskerque.fr\\\/#website\",\"url\":\"https:\\\/\\\/haverskerque.fr\\\/\",\"name\":\"Haverskerque\",\"description\":\"Haverskerque, 100% Nature !\",\"publisher\":{\"@id\":\"https:\\\/\\\/haverskerque.fr\\\/#organization\"},\"alternateName\":\"Haverskerque\",\"potentialAction\":[{\"@type\":\"SearchAction\",\"target\":{\"@type\":\"EntryPoint\",\"urlTemplate\":\"https:\\\/\\\/haverskerque.fr\\\/?s={search_term_string}\"},\"query-input\":{\"@type\":\"PropertyValueSpecification\",\"valueRequired\":true,\"valueName\":\"search_term_string\"}}],\"inLanguage\":\"fr-FR\"},{\"@type\":\"Organization\",\"@id\":\"https:\\\/\\\/haverskerque.fr\\\/#organization\",\"name\":\"Commune d'Haverskerque\",\"alternateName\":\"Commune d'Haverskerque\",\"url\":\"https:\\\/\\\/haverskerque.fr\\\/\",\"logo\":{\"@type\":\"ImageObject\",\"inLanguage\":\"fr-FR\",\"@id\":\"https:\\\/\\\/haverskerque.fr\\\/#\\\/schema\\\/logo\\\/image\\\/\",\"url\":\"https:\\\/\\\/haverskerque.fr\\\/wp-content\\\/uploads\\\/2024\\\/01\\\/siteon0-e5814-1.png\",\"contentUrl\":\"https:\\\/\\\/haverskerque.fr\\\/wp-content\\\/uploads\\\/2024\\\/01\\\/siteon0-e5814-1.png\",\"width\":236,\"height\":102,\"caption\":\"Commune d'Haverskerque\"},\"image\":{\"@id\":\"https:\\\/\\\/haverskerque.fr\\\/#\\\/schema\\\/logo\\\/image\\\/\"},\"sameAs\":[\"https:\\\/\\\/www.facebook.com\\\/communehaverskerque\",\"https:\\\/\\\/www.instagram.com\\\/communehaverskerque\\\/\"]}]}<\/script>\n<!-- \/ Yoast SEO plugin. -->","yoast_head_json":{"title":"France services * Haverskerque, 100% Nature !*","robots":{"index":"index","follow":"follow","max-snippet":"max-snippet:-1","max-image-preview":"max-image-preview:large","max-video-preview":"max-video-preview:-1"},"canonical":"https:\/\/www.haverskerque.fr\/index.php\/france-services\/","og_locale":"fr_FR","og_type":"article","og_title":"France services * Haverskerque, 100% Nature !*","og_description":"| Vous avez besoin d&rsquo;un accompagnement personnalis\u00e9 dans toutes vos d\u00e9marches administratives ? \u00ab\u00a0France services\u00a0\u00bb peut vous aider ! Service propos\u00e9 par la Communaut\u00e9 de communes Flandre Lys | Informations et aides aux d\u00e9marches en ligne France Services est un guichet unique o\u00f9 les habitants du territoire Flandre Lys pourront \u00eatre accompagn\u00e9s dans diverses d\u00e9marches administratives. France Services a pour objectif de rassembler au sein d\u2019un m\u00eame lieu diff\u00e9rents services de l\u2019Etat pour accompagner et apporter une r\u00e9ponse personnalis\u00e9e, selon les besoins, aux habitants du territoire. L&rsquo;accueil est assur\u00e9 par des agents form\u00e9s qui pourront \u00e9galement les accompagner \u00e0 l\u2019acc\u00e8s au num\u00e9rique. France Services a aussi pour vocation de collaborer avec l\u2019ensemble des services de la Communaut\u00e9 de communes Flandre Lys en apportant des informations aux citoyens sur divers sujets : la mobilit\u00e9, l\u2019habitat, le logement, la culture, le tourisme\u2026 et permettra \u00e9galement d\u2019organiser des animations de pr\u00e9vention et de sensibilisation sur ces th\u00e9matiques et d\u2019identifier de potentiels probl\u00e9matiques pour informer les op\u00e9rateurs partenaires (ex : situation d\u2019illettrisme, d\u2019illectronisme, de logement insalubre\u2026). Plus d\u2019infos :&nbsp;https:\/\/www.economie.gouv.fr\/particuliers\/france-services# | Maison France Services de Laventie | Adresse | Horaires | Permanences Pour les permanences, contactez directement la France Services au 03 76 04 44 30 ou par mail \u00e0 franceservices@cc-flandrelys.fr | Poste France Services de Merville | Adresse | Horaires Sans rendez-vous | Moyens de contact | Camion Bleu France Services des Flandres La prise de rendez-vous est fortement conseill\u00e9e. Vous pouvez joindre le Camion Bleu France Services des Flandres par t\u00e9l\u00e9phone au 03 59 73 49 50 ou par courriel \u00e0 flandres.franceservices@lenord.fr Le Camion Bleu France Services des Flandres est accessible aux personnes \u00e0 mobilit\u00e9 r\u00e9duite.","og_url":"https:\/\/www.haverskerque.fr\/index.php\/france-services\/","og_site_name":"Haverskerque, 100% Nature !*","article_publisher":"https:\/\/www.facebook.com\/communehaverskerque","article_modified_time":"2024-11-01T13:38:20+00:00","og_image":[{"width":460,"height":262,"url":"https:\/\/www.haverskerque.fr\/wp-content\/uploads\/2023\/07\/france-services.png","type":"image\/png"}],"twitter_card":"summary_large_image","twitter_misc":{"Dur\u00e9e de lecture estim\u00e9e":"8 minutes"},"schema":{"@context":"https:\/\/schema.org","@graph":[{"@type":"WebPage","@id":"https:\/\/www.haverskerque.fr\/index.php\/france-services\/","url":"https:\/\/www.haverskerque.fr\/index.php\/france-services\/","name":"France services * Haverskerque, 100% Nature !*","isPartOf":{"@id":"https:\/\/haverskerque.fr\/#website"},"primaryImageOfPage":{"@id":"https:\/\/www.haverskerque.fr\/index.php\/france-services\/#primaryimage"},"image":{"@id":"https:\/\/www.haverskerque.fr\/index.php\/france-services\/#primaryimage"},"thumbnailUrl":"http:\/\/barbry.esy.es\/wp-content\/uploads\/2023\/07\/france-services.png","datePublished":"2023-06-26T11:47:53+00:00","dateModified":"2024-11-01T13:38:20+00:00","breadcrumb":{"@id":"https:\/\/www.haverskerque.fr\/index.php\/france-services\/#breadcrumb"},"inLanguage":"fr-FR","potentialAction":[{"@type":"ReadAction","target":["https:\/\/www.haverskerque.fr\/index.php\/france-services\/"]}]},{"@type":"ImageObject","inLanguage":"fr-FR","@id":"https:\/\/www.haverskerque.fr\/index.php\/france-services\/#primaryimage","url":"http:\/\/barbry.esy.es\/wp-content\/uploads\/2023\/07\/france-services.png","contentUrl":"http:\/\/barbry.esy.es\/wp-content\/uploads\/2023\/07\/france-services.png"},{"@type":"BreadcrumbList","@id":"https:\/\/www.haverskerque.fr\/index.php\/france-services\/#breadcrumb","itemListElement":[{"@type":"ListItem","position":1,"name":"Accueil","item":"https:\/\/www.haverskerque.fr\/"},{"@type":"ListItem","position":2,"name":"France services"}]},{"@type":"WebSite","@id":"https:\/\/haverskerque.fr\/#website","url":"https:\/\/haverskerque.fr\/","name":"Haverskerque","description":"Haverskerque, 100% Nature !","publisher":{"@id":"https:\/\/haverskerque.fr\/#organization"},"alternateName":"Haverskerque","potentialAction":[{"@type":"SearchAction","target":{"@type":"EntryPoint","urlTemplate":"https:\/\/haverskerque.fr\/?s={search_term_string}"},"query-input":{"@type":"PropertyValueSpecification","valueRequired":true,"valueName":"search_term_string"}}],"inLanguage":"fr-FR"},{"@type":"Organization","@id":"https:\/\/haverskerque.fr\/#organization","name":"Commune d'Haverskerque","alternateName":"Commune d'Haverskerque","url":"https:\/\/haverskerque.fr\/","logo":{"@type":"ImageObject","inLanguage":"fr-FR","@id":"https:\/\/haverskerque.fr\/#\/schema\/logo\/image\/","url":"https:\/\/haverskerque.fr\/wp-content\/uploads\/2024\/01\/siteon0-e5814-1.png","contentUrl":"https:\/\/haverskerque.fr\/wp-content\/uploads\/2024\/01\/siteon0-e5814-1.png","width":236,"height":102,"caption":"Commune d'Haverskerque"},"image":{"@id":"https:\/\/haverskerque.fr\/#\/schema\/logo\/image\/"},"sameAs":["https:\/\/www.facebook.com\/communehaverskerque","https:\/\/www.instagram.com\/communehaverskerque\/"]}]}},"_links":{"self":[{"href":"https:\/\/www.haverskerque.fr\/index.php\/wp-json\/wp\/v2\/pages\/3325","targetHints":{"allow":["GET"]}}],"collection":[{"href":"https:\/\/www.haverskerque.fr\/index.php\/wp-json\/wp\/v2\/pages"}],"about":[{"href":"https:\/\/www.haverskerque.fr\/index.php\/wp-json\/wp\/v2\/types\/page"}],"author":[{"embeddable":true,"href":"https:\/\/www.haverskerque.fr\/index.php\/wp-json\/wp\/v2\/users\/1"}],"replies":[{"embeddable":true,"href":"https:\/\/www.haverskerque.fr\/index.php\/wp-json\/wp\/v2\/comments?post=3325"}],"version-history":[{"count":29,"href":"https:\/\/www.haverskerque.fr\/index.php\/wp-json\/wp\/v2\/pages\/3325\/revisions"}],"predecessor-version":[{"id":8835,"href":"https:\/\/www.haverskerque.fr\/index.php\/wp-json\/wp\/v2\/pages\/3325\/revisions\/8835"}],"wp:attachment":[{"href":"https:\/\/www.haverskerque.fr\/index.php\/wp-json\/wp\/v2\/media?parent=3325"}],"curies":[{"name":"wp","href":"https:\/\/api.w.org\/{rel}","templated":true}]}}