{"id":3323,"date":"2023-06-26T13:47:22","date_gmt":"2023-06-26T11:47:22","guid":{"rendered":"http:\/\/barbry.esy.es\/?page_id=3323"},"modified":"2026-04-27T11:04:38","modified_gmt":"2026-04-27T09:04:38","slug":"permanences-sociales-3","status":"publish","type":"page","link":"https:\/\/www.haverskerque.fr\/index.php\/permanences-sociales-3\/","title":{"rendered":"Permanences sociales"},"content":{"rendered":"<div class=\"wp-block-image\">\n<figure class=\"aligncenter size-large is-resized\"><img loading=\"lazy\" decoding=\"async\" width=\"1024\" height=\"576\" src=\"https:\/\/haverskerque.fr\/wp-content\/uploads\/2024\/01\/Permanences-sociales-1024x576.png\" alt=\"\" class=\"wp-image-7182\" style=\"object-fit:cover;width:700px;height:393px\" srcset=\"https:\/\/www.haverskerque.fr\/wp-content\/uploads\/2024\/01\/Permanences-sociales-1024x576.png 1024w, https:\/\/www.haverskerque.fr\/wp-content\/uploads\/2024\/01\/Permanences-sociales-300x169.png 300w, https:\/\/www.haverskerque.fr\/wp-content\/uploads\/2024\/01\/Permanences-sociales-768x432.png 768w, https:\/\/www.haverskerque.fr\/wp-content\/uploads\/2024\/01\/Permanences-sociales-1536x864.png 1536w, https:\/\/www.haverskerque.fr\/wp-content\/uploads\/2024\/01\/Permanences-sociales-1140x641.png 1140w, https:\/\/www.haverskerque.fr\/wp-content\/uploads\/2024\/01\/Permanences-sociales.png 1920w\" sizes=\"auto, (max-width: 1024px) 100vw, 1024px\" \/><\/figure>\n<\/div>\n\n\n<figure class=\"wp-block-image size-full\"><img loading=\"lazy\" decoding=\"async\" width=\"593\" height=\"45\" src=\"https:\/\/haverskerque.fr\/wp-content\/uploads\/2023\/02\/bandeblanche.jpg\" alt=\"\" class=\"wp-image-381\" srcset=\"https:\/\/www.haverskerque.fr\/wp-content\/uploads\/2023\/02\/bandeblanche.jpg 593w, https:\/\/www.haverskerque.fr\/wp-content\/uploads\/2023\/02\/bandeblanche-300x23.jpg 300w\" sizes=\"auto, (max-width: 593px) 100vw, 593px\" \/><\/figure>\n\n\n\n<p><mark style=\"background-color:rgba(0, 0, 0, 0);color:#00a018\" class=\"has-inline-color\">|<\/mark> <em>Vous rencontrez des probl\u00e9matiques plut\u00f4t sensibles dans votre quotidien et souhaitez en parler en toute confidentialit\u00e9&nbsp;?  Vous souhaitez une aide administrative pour votre dossier&nbsp;?<\/em> <\/p>\n\n\n\n<figure class=\"wp-block-image size-full\"><img loading=\"lazy\" decoding=\"async\" width=\"593\" height=\"45\" src=\"https:\/\/haverskerque.fr\/wp-content\/uploads\/2023\/02\/bandeblanche.jpg\" alt=\"\" class=\"wp-image-381\" srcset=\"https:\/\/www.haverskerque.fr\/wp-content\/uploads\/2023\/02\/bandeblanche.jpg 593w, https:\/\/www.haverskerque.fr\/wp-content\/uploads\/2023\/02\/bandeblanche-300x23.jpg 300w\" sizes=\"auto, (max-width: 593px) 100vw, 593px\" \/><\/figure>\n\n\n\n<p>La commune peut vous accompagner ou relayer votre demande. Une permanence sociale a lieu un samedi par mois de&nbsp;9h \u00e0 12h&nbsp;en compagnie de Mme&nbsp;Virginie VASSEUR,&nbsp;sans rendez-vous, dans un espace d\u00e9di\u00e9 \u00e0 la mairie.<\/p>\n\n\n\n<figure class=\"wp-block-image size-full\"><img loading=\"lazy\" decoding=\"async\" width=\"593\" height=\"45\" src=\"https:\/\/haverskerque.fr\/wp-content\/uploads\/2023\/02\/bandeblanche.jpg\" alt=\"\" class=\"wp-image-381\" srcset=\"https:\/\/www.haverskerque.fr\/wp-content\/uploads\/2023\/02\/bandeblanche.jpg 593w, https:\/\/www.haverskerque.fr\/wp-content\/uploads\/2023\/02\/bandeblanche-300x23.jpg 300w\" sizes=\"auto, (max-width: 593px) 100vw, 593px\" \/><\/figure>\n\n\n\n<p><strong>Prochaines dates : <\/strong><\/p>\n\n\n\n<figure class=\"wp-block-image size-full\"><img loading=\"lazy\" decoding=\"async\" width=\"593\" height=\"45\" src=\"https:\/\/haverskerque.fr\/wp-content\/uploads\/2023\/02\/bandeblanche.jpg\" alt=\"\" class=\"wp-image-381\" srcset=\"https:\/\/www.haverskerque.fr\/wp-content\/uploads\/2023\/02\/bandeblanche.jpg 593w, https:\/\/www.haverskerque.fr\/wp-content\/uploads\/2023\/02\/bandeblanche-300x23.jpg 300w\" sizes=\"auto, (max-width: 593px) 100vw, 593px\" \/><\/figure>\n\n\n\n<ul class=\"wp-block-list\">\n<li>Samedi 23 mai 2026<\/li>\n<\/ul>\n\n\n\n<figure class=\"wp-block-image size-full\"><img loading=\"lazy\" decoding=\"async\" width=\"593\" height=\"45\" src=\"https:\/\/haverskerque.fr\/wp-content\/uploads\/2023\/02\/bandeblanche.jpg\" alt=\"\" class=\"wp-image-381\" srcset=\"https:\/\/www.haverskerque.fr\/wp-content\/uploads\/2023\/02\/bandeblanche.jpg 593w, https:\/\/www.haverskerque.fr\/wp-content\/uploads\/2023\/02\/bandeblanche-300x23.jpg 300w\" sizes=\"auto, (max-width: 593px) 100vw, 593px\" \/><\/figure>\n\n\n\n<h3 class=\"wp-block-heading\"><mark style=\"background-color:rgba(0, 0, 0, 0);color:#00a018\" class=\"has-inline-color\">|<\/mark><strong> Permanences assistante sociale<\/strong><\/h3>\n\n\n\n<figure class=\"wp-block-image size-full\"><img loading=\"lazy\" decoding=\"async\" width=\"593\" height=\"45\" src=\"https:\/\/haverskerque.fr\/wp-content\/uploads\/2023\/02\/bandeblanche.jpg\" alt=\"\" class=\"wp-image-381\" srcset=\"https:\/\/www.haverskerque.fr\/wp-content\/uploads\/2023\/02\/bandeblanche.jpg 593w, https:\/\/www.haverskerque.fr\/wp-content\/uploads\/2023\/02\/bandeblanche-300x23.jpg 300w\" sizes=\"auto, (max-width: 593px) 100vw, 593px\" \/><\/figure>\n\n\n\n<p>Les permanences avec une assistante sociale ont lieu chaque premier vendredi du mois, de 9h \u00e0 11h, dans un espace d\u00e9di\u00e9 \u00e0 la mairie.<\/p>\n\n\n\n<figure class=\"wp-block-image size-full\"><img loading=\"lazy\" decoding=\"async\" width=\"593\" height=\"45\" src=\"https:\/\/haverskerque.fr\/wp-content\/uploads\/2023\/02\/bandeblanche.jpg\" alt=\"\" class=\"wp-image-381\" srcset=\"https:\/\/www.haverskerque.fr\/wp-content\/uploads\/2023\/02\/bandeblanche.jpg 593w, https:\/\/www.haverskerque.fr\/wp-content\/uploads\/2023\/02\/bandeblanche-300x23.jpg 300w\" sizes=\"auto, (max-width: 593px) 100vw, 593px\" \/><\/figure>\n\n\n\n<h3 class=\"wp-block-heading has-text-align-left\"><mark style=\"background-color:rgba(0, 0, 0, 0);color:#00a018\" class=\"has-inline-color\">|<\/mark> <strong>SOLFA : Violences Intra-Familiales (VIF) et violences faites aux femmes<\/strong><\/h3>\n\n\n\n<figure class=\"wp-block-image size-full\"><img loading=\"lazy\" decoding=\"async\" width=\"593\" height=\"45\" src=\"https:\/\/haverskerque.fr\/wp-content\/uploads\/2023\/02\/bandeblanche.jpg\" alt=\"\" class=\"wp-image-381\" srcset=\"https:\/\/www.haverskerque.fr\/wp-content\/uploads\/2023\/02\/bandeblanche.jpg 593w, https:\/\/www.haverskerque.fr\/wp-content\/uploads\/2023\/02\/bandeblanche-300x23.jpg 300w\" sizes=\"auto, (max-width: 593px) 100vw, 593px\" \/><\/figure>\n\n\n\n<p>La commune a d\u00e9cid\u00e9 de s&rsquo;engager dans la lutte contre les Violences Intra-Familiales (VIF) et a d\u00e9sign\u00e9 Mme Virginie VASSEUR, conseill\u00e8re d\u00e9l\u00e9gu\u00e9e \u00e0 l&rsquo;action sociale, comme r\u00e9f\u00e9rente au sein de la commune.<\/p>\n\n\n\n<p>Des permanences d&rsquo;\u00e9coute sont organis\u00e9es au niveau de la commune, par l&rsquo;association SOLFA, dans un espace d\u00e9di\u00e9 \u00e0 la mairie, tous les troisi\u00e8me vendredi du mois de 9h30 \u00e0 11h30.<\/p>\n\n\n\n<p class=\"has-text-align-left\">Par ailleurs, l\u2019organisme SOLFA (SOLidarit\u00e9 Femme Accueil) poursuit ses activit\u00e9s et accompagnements, men\u00e9s par les services Sedire \u00e0 Dunkerque et Entr\u2019elles \u00e0 Hazebrouck du P\u00f4le Violences faites aux femmes de l\u2019association SOLFA.<\/p>\n\n\n\n<p class=\"has-text-align-left\">Pour rappel, l\u2019accueil de jour Entr\u2019elles \u00e0 Hazebrouck est ouvert du lundi au jeudi de 13h \u00e0 17h et le vendredi de 9h \u00e0 13h.<\/p>\n\n\n\n<figure class=\"wp-block-image size-full\"><img loading=\"lazy\" decoding=\"async\" width=\"593\" height=\"45\" src=\"https:\/\/haverskerque.fr\/wp-content\/uploads\/2023\/02\/bandeblanche.jpg\" alt=\"\" class=\"wp-image-381\" srcset=\"https:\/\/www.haverskerque.fr\/wp-content\/uploads\/2023\/02\/bandeblanche.jpg 593w, https:\/\/www.haverskerque.fr\/wp-content\/uploads\/2023\/02\/bandeblanche-300x23.jpg 300w\" sizes=\"auto, (max-width: 593px) 100vw, 593px\" \/><\/figure>\n\n\n\n<p class=\"has-text-align-left\">Contact&nbsp;<\/p>\n\n\n\n<ul class=\"wp-block-list\">\n<li>Jeanne Chandelier :&nbsp;<strong><a href=\"mailto:referenteviolencesconjugales@asso-solfa.fr\" target=\"_blank\" rel=\"noreferrer noopener\">referenteviolencesconjugales@asso-solfa.fr<\/a><\/strong>&nbsp;ou 06 43 68 43 91<\/li>\n<\/ul>\n\n\n\n<p>Plus d\u2019infos :&nbsp;<strong><a href=\"https:\/\/www.solfa.fr\/\" target=\"_blank\" rel=\"noreferrer noopener\">https:\/\/www.solfa.fr<\/a><\/strong><\/p>\n\n\n<div class=\"wp-block-image\">\n<figure class=\"aligncenter\"><img loading=\"lazy\" decoding=\"async\" width=\"600\" height=\"401\" src=\"http:\/\/barbry.esy.es\/wp-content\/uploads\/2023\/02\/solfa-b10de.png\" alt=\"\" class=\"wp-image-283\" srcset=\"https:\/\/www.haverskerque.fr\/wp-content\/uploads\/2023\/02\/solfa-b10de.png 600w, https:\/\/www.haverskerque.fr\/wp-content\/uploads\/2023\/02\/solfa-b10de-300x201.png 300w\" sizes=\"auto, (max-width: 600px) 100vw, 600px\" \/><\/figure>\n<\/div>","protected":false},"excerpt":{"rendered":"<p>| Vous rencontrez des probl\u00e9matiques plut\u00f4t sensibles dans votre quotidien et souhaitez en parler en toute confidentialit\u00e9&nbsp;? Vous souhaitez une aide administrative pour votre dossier&nbsp;? La commune peut vous accompagner ou relayer votre demande. Une permanence sociale a lieu un samedi par mois de&nbsp;9h \u00e0 12h&nbsp;en compagnie de Mme&nbsp;Virginie VASSEUR,&nbsp;sans rendez-vous, dans un espace d\u00e9di\u00e9 \u00e0 la mairie. Prochaines dates : | Permanences assistante sociale Les permanences avec une assistante sociale ont lieu chaque premier vendredi du mois, de 9h \u00e0 11h, dans un espace d\u00e9di\u00e9 \u00e0 la mairie. | SOLFA : Violences Intra-Familiales (VIF) et violences faites aux femmes La commune a d\u00e9cid\u00e9 de s&rsquo;engager dans la lutte contre les Violences Intra-Familiales (VIF) et a d\u00e9sign\u00e9 Mme Virginie VASSEUR, conseill\u00e8re d\u00e9l\u00e9gu\u00e9e \u00e0 l&rsquo;action sociale, comme r\u00e9f\u00e9rente au sein de la commune. Des permanences d&rsquo;\u00e9coute sont organis\u00e9es au niveau de la commune, par l&rsquo;association SOLFA, dans un espace d\u00e9di\u00e9 \u00e0 la mairie, tous les troisi\u00e8me vendredi du mois de 9h30 \u00e0 11h30. Par ailleurs, l\u2019organisme SOLFA (SOLidarit\u00e9 Femme Accueil) poursuit ses activit\u00e9s et accompagnements, men\u00e9s par les services Sedire \u00e0 Dunkerque et Entr\u2019elles \u00e0 Hazebrouck du P\u00f4le Violences faites aux femmes de l\u2019association SOLFA. Pour rappel, l\u2019accueil de jour Entr\u2019elles \u00e0 Hazebrouck est ouvert du lundi au jeudi de 13h \u00e0 17h et le vendredi de 9h \u00e0 13h. Contact&nbsp; Plus d\u2019infos :&nbsp;https:\/\/www.solfa.fr<\/p>\n","protected":false},"author":1,"featured_media":0,"parent":0,"menu_order":0,"comment_status":"closed","ping_status":"closed","template":"","meta":{"cybocfi_hide_featured_image":"","footnotes":""},"class_list":["post-3323","page","type-page","status-publish","hentry"],"yoast_head":"<!-- This site is optimized with the Yoast SEO plugin v27.5 - https:\/\/yoast.com\/product\/yoast-seo-wordpress\/ -->\n<title>Permanences sociales * Haverskerque, 100% Nature !*<\/title>\n<meta name=\"robots\" content=\"index, follow, max-snippet:-1, max-image-preview:large, max-video-preview:-1\" \/>\n<link rel=\"canonical\" href=\"https:\/\/www.haverskerque.fr\/index.php\/permanences-sociales-3\/\" \/>\n<meta property=\"og:locale\" content=\"fr_FR\" \/>\n<meta property=\"og:type\" content=\"article\" \/>\n<meta property=\"og:title\" content=\"Permanences sociales * Haverskerque, 100% Nature !*\" \/>\n<meta property=\"og:description\" content=\"| Vous rencontrez des probl\u00e9matiques plut\u00f4t sensibles dans votre quotidien et souhaitez en parler en toute confidentialit\u00e9&nbsp;? Vous souhaitez une aide administrative pour votre dossier&nbsp;? La commune peut vous accompagner ou relayer votre demande. Une permanence sociale a lieu un samedi par mois de&nbsp;9h \u00e0 12h&nbsp;en compagnie de Mme&nbsp;Virginie VASSEUR,&nbsp;sans rendez-vous, dans un espace d\u00e9di\u00e9 \u00e0 la mairie. Prochaines dates : | Permanences assistante sociale Les permanences avec une assistante sociale ont lieu chaque premier vendredi du mois, de 9h \u00e0 11h, dans un espace d\u00e9di\u00e9 \u00e0 la mairie. | SOLFA : Violences Intra-Familiales (VIF) et violences faites aux femmes La commune a d\u00e9cid\u00e9 de s&rsquo;engager dans la lutte contre les Violences Intra-Familiales (VIF) et a d\u00e9sign\u00e9 Mme Virginie VASSEUR, conseill\u00e8re d\u00e9l\u00e9gu\u00e9e \u00e0 l&rsquo;action sociale, comme r\u00e9f\u00e9rente au sein de la commune. Des permanences d&rsquo;\u00e9coute sont organis\u00e9es au niveau de la commune, par l&rsquo;association SOLFA, dans un espace d\u00e9di\u00e9 \u00e0 la mairie, tous les troisi\u00e8me vendredi du mois de 9h30 \u00e0 11h30. Par ailleurs, l\u2019organisme SOLFA (SOLidarit\u00e9 Femme Accueil) poursuit ses activit\u00e9s et accompagnements, men\u00e9s par les services Sedire \u00e0 Dunkerque et Entr\u2019elles \u00e0 Hazebrouck du P\u00f4le Violences faites aux femmes de l\u2019association SOLFA. Pour rappel, l\u2019accueil de jour Entr\u2019elles \u00e0 Hazebrouck est ouvert du lundi au jeudi de 13h \u00e0 17h et le vendredi de 9h \u00e0 13h. Contact&nbsp; Plus d\u2019infos :&nbsp;https:\/\/www.solfa.fr\" \/>\n<meta property=\"og:url\" content=\"https:\/\/www.haverskerque.fr\/index.php\/permanences-sociales-3\/\" \/>\n<meta property=\"og:site_name\" content=\"Haverskerque, 100% Nature !*\" \/>\n<meta property=\"article:publisher\" content=\"https:\/\/www.facebook.com\/communehaverskerque\" \/>\n<meta property=\"article:modified_time\" content=\"2026-04-27T09:04:38+00:00\" \/>\n<meta property=\"og:image\" content=\"https:\/\/www.haverskerque.fr\/wp-content\/uploads\/2024\/01\/Permanences-sociales-1024x576.png\" \/>\n\t<meta property=\"og:image:width\" content=\"1024\" \/>\n\t<meta property=\"og:image:height\" content=\"576\" \/>\n\t<meta property=\"og:image:type\" content=\"image\/png\" \/>\n<meta name=\"twitter:card\" content=\"summary_large_image\" \/>\n<meta name=\"twitter:label1\" content=\"Dur\u00e9e de lecture estim\u00e9e\" \/>\n\t<meta name=\"twitter:data1\" content=\"4 minutes\" \/>\n<script type=\"application\/ld+json\" class=\"yoast-schema-graph\">{\"@context\":\"https:\\\/\\\/schema.org\",\"@graph\":[{\"@type\":\"WebPage\",\"@id\":\"https:\\\/\\\/www.haverskerque.fr\\\/index.php\\\/permanences-sociales-3\\\/\",\"url\":\"https:\\\/\\\/www.haverskerque.fr\\\/index.php\\\/permanences-sociales-3\\\/\",\"name\":\"Permanences sociales * Haverskerque, 100% Nature !*\",\"isPartOf\":{\"@id\":\"https:\\\/\\\/haverskerque.fr\\\/#website\"},\"primaryImageOfPage\":{\"@id\":\"https:\\\/\\\/www.haverskerque.fr\\\/index.php\\\/permanences-sociales-3\\\/#primaryimage\"},\"image\":{\"@id\":\"https:\\\/\\\/www.haverskerque.fr\\\/index.php\\\/permanences-sociales-3\\\/#primaryimage\"},\"thumbnailUrl\":\"https:\\\/\\\/haverskerque.fr\\\/wp-content\\\/uploads\\\/2024\\\/01\\\/Permanences-sociales-1024x576.png\",\"datePublished\":\"2023-06-26T11:47:22+00:00\",\"dateModified\":\"2026-04-27T09:04:38+00:00\",\"breadcrumb\":{\"@id\":\"https:\\\/\\\/www.haverskerque.fr\\\/index.php\\\/permanences-sociales-3\\\/#breadcrumb\"},\"inLanguage\":\"fr-FR\",\"potentialAction\":[{\"@type\":\"ReadAction\",\"target\":[\"https:\\\/\\\/www.haverskerque.fr\\\/index.php\\\/permanences-sociales-3\\\/\"]}]},{\"@type\":\"ImageObject\",\"inLanguage\":\"fr-FR\",\"@id\":\"https:\\\/\\\/www.haverskerque.fr\\\/index.php\\\/permanences-sociales-3\\\/#primaryimage\",\"url\":\"https:\\\/\\\/haverskerque.fr\\\/wp-content\\\/uploads\\\/2024\\\/01\\\/Permanences-sociales-1024x576.png\",\"contentUrl\":\"https:\\\/\\\/haverskerque.fr\\\/wp-content\\\/uploads\\\/2024\\\/01\\\/Permanences-sociales-1024x576.png\"},{\"@type\":\"BreadcrumbList\",\"@id\":\"https:\\\/\\\/www.haverskerque.fr\\\/index.php\\\/permanences-sociales-3\\\/#breadcrumb\",\"itemListElement\":[{\"@type\":\"ListItem\",\"position\":1,\"name\":\"Accueil\",\"item\":\"https:\\\/\\\/www.haverskerque.fr\\\/\"},{\"@type\":\"ListItem\",\"position\":2,\"name\":\"Permanences sociales\"}]},{\"@type\":\"WebSite\",\"@id\":\"https:\\\/\\\/haverskerque.fr\\\/#website\",\"url\":\"https:\\\/\\\/haverskerque.fr\\\/\",\"name\":\"Haverskerque\",\"description\":\"Haverskerque, 100% Nature !\",\"publisher\":{\"@id\":\"https:\\\/\\\/haverskerque.fr\\\/#organization\"},\"alternateName\":\"Haverskerque\",\"potentialAction\":[{\"@type\":\"SearchAction\",\"target\":{\"@type\":\"EntryPoint\",\"urlTemplate\":\"https:\\\/\\\/haverskerque.fr\\\/?s={search_term_string}\"},\"query-input\":{\"@type\":\"PropertyValueSpecification\",\"valueRequired\":true,\"valueName\":\"search_term_string\"}}],\"inLanguage\":\"fr-FR\"},{\"@type\":\"Organization\",\"@id\":\"https:\\\/\\\/haverskerque.fr\\\/#organization\",\"name\":\"Commune d'Haverskerque\",\"alternateName\":\"Commune d'Haverskerque\",\"url\":\"https:\\\/\\\/haverskerque.fr\\\/\",\"logo\":{\"@type\":\"ImageObject\",\"inLanguage\":\"fr-FR\",\"@id\":\"https:\\\/\\\/haverskerque.fr\\\/#\\\/schema\\\/logo\\\/image\\\/\",\"url\":\"https:\\\/\\\/haverskerque.fr\\\/wp-content\\\/uploads\\\/2024\\\/01\\\/siteon0-e5814-1.png\",\"contentUrl\":\"https:\\\/\\\/haverskerque.fr\\\/wp-content\\\/uploads\\\/2024\\\/01\\\/siteon0-e5814-1.png\",\"width\":236,\"height\":102,\"caption\":\"Commune d'Haverskerque\"},\"image\":{\"@id\":\"https:\\\/\\\/haverskerque.fr\\\/#\\\/schema\\\/logo\\\/image\\\/\"},\"sameAs\":[\"https:\\\/\\\/www.facebook.com\\\/communehaverskerque\",\"https:\\\/\\\/www.instagram.com\\\/communehaverskerque\\\/\"]}]}<\/script>\n<!-- \/ Yoast SEO plugin. -->","yoast_head_json":{"title":"Permanences sociales * Haverskerque, 100% Nature !*","robots":{"index":"index","follow":"follow","max-snippet":"max-snippet:-1","max-image-preview":"max-image-preview:large","max-video-preview":"max-video-preview:-1"},"canonical":"https:\/\/www.haverskerque.fr\/index.php\/permanences-sociales-3\/","og_locale":"fr_FR","og_type":"article","og_title":"Permanences sociales * Haverskerque, 100% Nature !*","og_description":"| Vous rencontrez des probl\u00e9matiques plut\u00f4t sensibles dans votre quotidien et souhaitez en parler en toute confidentialit\u00e9&nbsp;? Vous souhaitez une aide administrative pour votre dossier&nbsp;? La commune peut vous accompagner ou relayer votre demande. Une permanence sociale a lieu un samedi par mois de&nbsp;9h \u00e0 12h&nbsp;en compagnie de Mme&nbsp;Virginie VASSEUR,&nbsp;sans rendez-vous, dans un espace d\u00e9di\u00e9 \u00e0 la mairie. Prochaines dates : | Permanences assistante sociale Les permanences avec une assistante sociale ont lieu chaque premier vendredi du mois, de 9h \u00e0 11h, dans un espace d\u00e9di\u00e9 \u00e0 la mairie. | SOLFA : Violences Intra-Familiales (VIF) et violences faites aux femmes La commune a d\u00e9cid\u00e9 de s&rsquo;engager dans la lutte contre les Violences Intra-Familiales (VIF) et a d\u00e9sign\u00e9 Mme Virginie VASSEUR, conseill\u00e8re d\u00e9l\u00e9gu\u00e9e \u00e0 l&rsquo;action sociale, comme r\u00e9f\u00e9rente au sein de la commune. Des permanences d&rsquo;\u00e9coute sont organis\u00e9es au niveau de la commune, par l&rsquo;association SOLFA, dans un espace d\u00e9di\u00e9 \u00e0 la mairie, tous les troisi\u00e8me vendredi du mois de 9h30 \u00e0 11h30. Par ailleurs, l\u2019organisme SOLFA (SOLidarit\u00e9 Femme Accueil) poursuit ses activit\u00e9s et accompagnements, men\u00e9s par les services Sedire \u00e0 Dunkerque et Entr\u2019elles \u00e0 Hazebrouck du P\u00f4le Violences faites aux femmes de l\u2019association SOLFA. Pour rappel, l\u2019accueil de jour Entr\u2019elles \u00e0 Hazebrouck est ouvert du lundi au jeudi de 13h \u00e0 17h et le vendredi de 9h \u00e0 13h. Contact&nbsp; Plus d\u2019infos :&nbsp;https:\/\/www.solfa.fr","og_url":"https:\/\/www.haverskerque.fr\/index.php\/permanences-sociales-3\/","og_site_name":"Haverskerque, 100% Nature !*","article_publisher":"https:\/\/www.facebook.com\/communehaverskerque","article_modified_time":"2026-04-27T09:04:38+00:00","og_image":[{"width":1024,"height":576,"url":"https:\/\/www.haverskerque.fr\/wp-content\/uploads\/2024\/01\/Permanences-sociales-1024x576.png","type":"image\/png"}],"twitter_card":"summary_large_image","twitter_misc":{"Dur\u00e9e de lecture estim\u00e9e":"4 minutes"},"schema":{"@context":"https:\/\/schema.org","@graph":[{"@type":"WebPage","@id":"https:\/\/www.haverskerque.fr\/index.php\/permanences-sociales-3\/","url":"https:\/\/www.haverskerque.fr\/index.php\/permanences-sociales-3\/","name":"Permanences sociales * Haverskerque, 100% Nature !*","isPartOf":{"@id":"https:\/\/haverskerque.fr\/#website"},"primaryImageOfPage":{"@id":"https:\/\/www.haverskerque.fr\/index.php\/permanences-sociales-3\/#primaryimage"},"image":{"@id":"https:\/\/www.haverskerque.fr\/index.php\/permanences-sociales-3\/#primaryimage"},"thumbnailUrl":"https:\/\/haverskerque.fr\/wp-content\/uploads\/2024\/01\/Permanences-sociales-1024x576.png","datePublished":"2023-06-26T11:47:22+00:00","dateModified":"2026-04-27T09:04:38+00:00","breadcrumb":{"@id":"https:\/\/www.haverskerque.fr\/index.php\/permanences-sociales-3\/#breadcrumb"},"inLanguage":"fr-FR","potentialAction":[{"@type":"ReadAction","target":["https:\/\/www.haverskerque.fr\/index.php\/permanences-sociales-3\/"]}]},{"@type":"ImageObject","inLanguage":"fr-FR","@id":"https:\/\/www.haverskerque.fr\/index.php\/permanences-sociales-3\/#primaryimage","url":"https:\/\/haverskerque.fr\/wp-content\/uploads\/2024\/01\/Permanences-sociales-1024x576.png","contentUrl":"https:\/\/haverskerque.fr\/wp-content\/uploads\/2024\/01\/Permanences-sociales-1024x576.png"},{"@type":"BreadcrumbList","@id":"https:\/\/www.haverskerque.fr\/index.php\/permanences-sociales-3\/#breadcrumb","itemListElement":[{"@type":"ListItem","position":1,"name":"Accueil","item":"https:\/\/www.haverskerque.fr\/"},{"@type":"ListItem","position":2,"name":"Permanences sociales"}]},{"@type":"WebSite","@id":"https:\/\/haverskerque.fr\/#website","url":"https:\/\/haverskerque.fr\/","name":"Haverskerque","description":"Haverskerque, 100% Nature !","publisher":{"@id":"https:\/\/haverskerque.fr\/#organization"},"alternateName":"Haverskerque","potentialAction":[{"@type":"SearchAction","target":{"@type":"EntryPoint","urlTemplate":"https:\/\/haverskerque.fr\/?s={search_term_string}"},"query-input":{"@type":"PropertyValueSpecification","valueRequired":true,"valueName":"search_term_string"}}],"inLanguage":"fr-FR"},{"@type":"Organization","@id":"https:\/\/haverskerque.fr\/#organization","name":"Commune d'Haverskerque","alternateName":"Commune d'Haverskerque","url":"https:\/\/haverskerque.fr\/","logo":{"@type":"ImageObject","inLanguage":"fr-FR","@id":"https:\/\/haverskerque.fr\/#\/schema\/logo\/image\/","url":"https:\/\/haverskerque.fr\/wp-content\/uploads\/2024\/01\/siteon0-e5814-1.png","contentUrl":"https:\/\/haverskerque.fr\/wp-content\/uploads\/2024\/01\/siteon0-e5814-1.png","width":236,"height":102,"caption":"Commune d'Haverskerque"},"image":{"@id":"https:\/\/haverskerque.fr\/#\/schema\/logo\/image\/"},"sameAs":["https:\/\/www.facebook.com\/communehaverskerque","https:\/\/www.instagram.com\/communehaverskerque\/"]}]}},"_links":{"self":[{"href":"https:\/\/www.haverskerque.fr\/index.php\/wp-json\/wp\/v2\/pages\/3323","targetHints":{"allow":["GET"]}}],"collection":[{"href":"https:\/\/www.haverskerque.fr\/index.php\/wp-json\/wp\/v2\/pages"}],"about":[{"href":"https:\/\/www.haverskerque.fr\/index.php\/wp-json\/wp\/v2\/types\/page"}],"author":[{"embeddable":true,"href":"https:\/\/www.haverskerque.fr\/index.php\/wp-json\/wp\/v2\/users\/1"}],"replies":[{"embeddable":true,"href":"https:\/\/www.haverskerque.fr\/index.php\/wp-json\/wp\/v2\/comments?post=3323"}],"version-history":[{"count":72,"href":"https:\/\/www.haverskerque.fr\/index.php\/wp-json\/wp\/v2\/pages\/3323\/revisions"}],"predecessor-version":[{"id":10460,"href":"https:\/\/www.haverskerque.fr\/index.php\/wp-json\/wp\/v2\/pages\/3323\/revisions\/10460"}],"wp:attachment":[{"href":"https:\/\/www.haverskerque.fr\/index.php\/wp-json\/wp\/v2\/media?parent=3323"}],"curies":[{"name":"wp","href":"https:\/\/api.w.org\/{rel}","templated":true}]}}