{"id":3315,"date":"2023-06-26T13:44:31","date_gmt":"2023-06-26T11:44:31","guid":{"rendered":"http:\/\/barbry.esy.es\/?page_id=3315"},"modified":"2025-09-01T14:38:49","modified_gmt":"2025-09-01T12:38:49","slug":"se-loger-2","status":"publish","type":"page","link":"https:\/\/www.haverskerque.fr\/index.php\/se-loger-2\/","title":{"rendered":"Se loger"},"content":{"rendered":"<div class=\"wp-block-image\">\n<figure class=\"aligncenter size-large is-resized\"><img loading=\"lazy\" decoding=\"async\" width=\"1024\" height=\"576\" src=\"https:\/\/haverskerque.fr\/wp-content\/uploads\/2024\/03\/Se-loger-1024x576.png\" alt=\"\" class=\"wp-image-7536\" style=\"object-fit:cover;width:700px;height:393px\" srcset=\"https:\/\/www.haverskerque.fr\/wp-content\/uploads\/2024\/03\/Se-loger-1024x576.png 1024w, https:\/\/www.haverskerque.fr\/wp-content\/uploads\/2024\/03\/Se-loger-300x169.png 300w, https:\/\/www.haverskerque.fr\/wp-content\/uploads\/2024\/03\/Se-loger-768x432.png 768w, https:\/\/www.haverskerque.fr\/wp-content\/uploads\/2024\/03\/Se-loger-1536x864.png 1536w, https:\/\/www.haverskerque.fr\/wp-content\/uploads\/2024\/03\/Se-loger-1140x641.png 1140w, https:\/\/www.haverskerque.fr\/wp-content\/uploads\/2024\/03\/Se-loger.png 1920w\" sizes=\"auto, (max-width: 1024px) 100vw, 1024px\" \/><\/figure>\n<\/div>\n\n\n<blockquote class=\"wp-block-quote is-layout-flow wp-block-quote-is-layout-flow\">\n<h3 class=\"wp-block-heading\"><strong>Au Clair de la Lys<\/strong><\/h3>\n<\/blockquote>\n\n\n\n<ul class=\"wp-block-list\">\n<li>G\u00eete de groupe g\u00e9r\u00e9 par <strong><a href=\"https:\/\/auvertdeslys.com\/\" target=\"_blank\" rel=\"noreferrer noopener\">Au Vert des Lys<\/a><\/strong><\/li>\n<\/ul>\n\n\n\n<ul class=\"wp-block-list\">\n<li>164 Rue du 11 Novembre<\/li>\n<\/ul>\n\n\n\n<ul class=\"wp-block-list\">\n<li>06 15 13 14 90<\/li>\n<\/ul>\n\n\n\n<ul class=\"wp-block-list\">\n<li><strong><a href=\"mailto:contact@auvertdeslys.com\" target=\"_blank\" rel=\"noreferrer noopener\">contact@auvertdeslys.com<\/a><\/strong><\/li>\n<\/ul>\n\n\n\n<p><strong><a rel=\"noreferrer noopener\" href=\"https:\/\/www.cc-flandrelys.fr\/\" target=\"_blank\">www.cc-flandrelys.fr\/<\/a><\/strong><\/p>\n\n\n\n<p><\/p>\n\n\n<div class=\"wp-block-image is-style-rounded\">\n<figure class=\"aligncenter size-full is-resized\"><img loading=\"lazy\" decoding=\"async\" width=\"991\" height=\"17\" src=\"http:\/\/haverskerque.fr\/wp-content\/uploads\/2024\/01\/barre-de-separation.png\" alt=\"\" class=\"wp-image-6652\" style=\"object-fit:cover;width:256px;height:8px\" srcset=\"https:\/\/www.haverskerque.fr\/wp-content\/uploads\/2024\/01\/barre-de-separation.png 991w, https:\/\/www.haverskerque.fr\/wp-content\/uploads\/2024\/01\/barre-de-separation-300x5.png 300w, https:\/\/www.haverskerque.fr\/wp-content\/uploads\/2024\/01\/barre-de-separation-768x13.png 768w\" sizes=\"auto, (max-width: 991px) 100vw, 991px\" \/><\/figure>\n<\/div>\n\n\n<blockquote class=\"wp-block-quote is-layout-flow wp-block-quote-is-layout-flow\">\n<h3 class=\"wp-block-heading\"><strong>Le Keuche<\/strong><\/h3>\n<\/blockquote>\n\n\n\n<ul class=\"wp-block-list\">\n<li>Deux chambres d\u2019h\u00f4tes \u00e0 l\u2019\u00e9tage pour quatre personnes maximum avec salle de bains privative. Petit d\u00e9jeuner compris<\/li>\n<\/ul>\n\n\n\n<ul class=\"wp-block-list\">\n<li>285 Rue du 8 Mai 1945<\/li>\n<\/ul>\n\n\n\n<ul class=\"wp-block-list\">\n<li>06 78 81 19 05<\/li>\n<\/ul>\n\n\n\n<ul class=\"wp-block-list\">\n<li><strong><a rel=\"noreferrer noopener\" href=\"mailto:pipo.family@wanadoo.fr\" target=\"_blank\">pipo.family@wanadoo.fr<\/a><\/strong><\/li>\n<\/ul>\n\n\n\n<p><\/p>\n\n\n<div class=\"wp-block-image is-style-rounded\">\n<figure class=\"aligncenter size-full is-resized\"><img loading=\"lazy\" decoding=\"async\" width=\"991\" height=\"17\" src=\"http:\/\/haverskerque.fr\/wp-content\/uploads\/2024\/01\/barre-de-separation.png\" alt=\"\" class=\"wp-image-6652\" style=\"object-fit:cover;width:256px;height:8px\" srcset=\"https:\/\/www.haverskerque.fr\/wp-content\/uploads\/2024\/01\/barre-de-separation.png 991w, https:\/\/www.haverskerque.fr\/wp-content\/uploads\/2024\/01\/barre-de-separation-300x5.png 300w, https:\/\/www.haverskerque.fr\/wp-content\/uploads\/2024\/01\/barre-de-separation-768x13.png 768w\" sizes=\"auto, (max-width: 991px) 100vw, 991px\" \/><\/figure>\n<\/div>\n\n\n<blockquote class=\"wp-block-quote is-layout-flow wp-block-quote-is-layout-flow\">\n<h3 class=\"wp-block-heading\"><strong>Le Magloire<\/strong><\/h3>\n<\/blockquote>\n\n\n\n<ul class=\"wp-block-list\">\n<li>Chambres d&rsquo;h\u00f4tes, \u00e9quip\u00e9es d&rsquo;une kitchenette, salle de douche, wifi gratuit, parking et terrasse<\/li>\n<\/ul>\n\n\n\n<ul class=\"wp-block-list\">\n<li>1373 Rue du 11 Novembre<\/li>\n<\/ul>\n\n\n\n<ul class=\"wp-block-list\">\n<li>Ouvert tous les jours<\/li>\n<\/ul>\n\n\n\n<ul class=\"wp-block-list\">\n<li>03 28 40 61 08<\/li>\n<\/ul>\n\n\n\n<ul class=\"wp-block-list\">\n<li><strong><a rel=\"noreferrer noopener\" href=\"mailto:lemagloire@orange.fr\" target=\"_blank\">lemagloire@orange.fr<\/a><\/strong><\/li>\n<\/ul>\n\n\n\n<p><a href=\"https:\/\/www.facebook.com\/CarolineLeMagloire\" target=\"_blank\" rel=\"noreferrer noopener\"><strong>https:\/\/www.facebook.com\/CarolineLeMagloire<\/strong><\/a><\/p>\n\n\n<div class=\"wp-block-image is-style-rounded\">\n<figure class=\"aligncenter size-full is-resized\"><img loading=\"lazy\" decoding=\"async\" width=\"991\" height=\"17\" src=\"http:\/\/haverskerque.fr\/wp-content\/uploads\/2024\/01\/barre-de-separation.png\" alt=\"\" class=\"wp-image-6652\" style=\"object-fit:cover;width:256px;height:8px\" srcset=\"https:\/\/www.haverskerque.fr\/wp-content\/uploads\/2024\/01\/barre-de-separation.png 991w, https:\/\/www.haverskerque.fr\/wp-content\/uploads\/2024\/01\/barre-de-separation-300x5.png 300w, https:\/\/www.haverskerque.fr\/wp-content\/uploads\/2024\/01\/barre-de-separation-768x13.png 768w\" sizes=\"auto, (max-width: 991px) 100vw, 991px\" \/><\/figure>\n<\/div>\n\n\n<blockquote class=\"wp-block-quote is-layout-flow wp-block-quote-is-layout-flow\">\n<h3 class=\"wp-block-heading\"><strong>Les \u00c9colodges de la Lys<\/strong><\/h3>\n<\/blockquote>\n\n\n\n<ul class=\"wp-block-list\">\n<li>Port de plaisance, Impasse Route Nationale<\/li>\n<\/ul>\n\n\n\n<ul class=\"wp-block-list\">\n<li>06 40 45 18 47<\/li>\n<\/ul>\n\n\n\n<p><a href=\"https:\/\/www.capsurlarivieredor.com\/fr\/hebergement\/france\/hauts-de-france\/haverskerque\/les-ecolodges-flandre-lys\/2.html\" target=\"_blank\" rel=\"noreferrer noopener\"><strong>www.lys-sans-frontieres.org<\/strong><\/a><\/p>\n\n\n\n<p><\/p>\n\n\n<div class=\"wp-block-image is-style-rounded\">\n<figure class=\"aligncenter size-full is-resized\"><img loading=\"lazy\" decoding=\"async\" width=\"991\" height=\"17\" src=\"http:\/\/haverskerque.fr\/wp-content\/uploads\/2024\/01\/barre-de-separation.png\" alt=\"\" class=\"wp-image-6652\" style=\"object-fit:cover;width:256px;height:8px\" srcset=\"https:\/\/www.haverskerque.fr\/wp-content\/uploads\/2024\/01\/barre-de-separation.png 991w, https:\/\/www.haverskerque.fr\/wp-content\/uploads\/2024\/01\/barre-de-separation-300x5.png 300w, https:\/\/www.haverskerque.fr\/wp-content\/uploads\/2024\/01\/barre-de-separation-768x13.png 768w\" sizes=\"auto, (max-width: 991px) 100vw, 991px\" \/><\/figure>\n<\/div>\n\n\n<blockquote class=\"wp-block-quote is-layout-flow wp-block-quote-is-layout-flow\">\n<h3 class=\"wp-block-heading\"><strong>G\u00eete l&rsquo;\u00c9rable<\/strong><\/h3>\n<\/blockquote>\n\n\n\n<ul class=\"wp-block-list\">\n<li>G\u00eete pour quatre personnes<\/li>\n<\/ul>\n\n\n\n<ul class=\"wp-block-list\">\n<li>539 Rue de Merville<\/li>\n<\/ul>\n\n\n\n<ul class=\"wp-block-list\">\n<li>06 87 70 93 74<\/li>\n<\/ul>\n\n\n\n<ul class=\"wp-block-list\">\n<li><strong><a href=\"mailto:giteswicart@gmail.com\" target=\"_blank\" rel=\"noreferrer noopener\">giteswicart@gmail.com<\/a><\/strong><\/li>\n<\/ul>\n\n\n\n<p><strong><a href=\"https:\/\/www.facebook.com\/profile.php?id=61551401670899\" target=\"_blank\" rel=\"noreferrer noopener\">https:\/\/www.facebook.com\/profile.php?id=61551401670899<\/a><\/strong><\/p>\n\n\n\n<p><\/p>\n\n\n<div class=\"wp-block-image is-style-rounded\">\n<figure class=\"aligncenter size-full is-resized\"><img loading=\"lazy\" decoding=\"async\" width=\"991\" height=\"17\" src=\"http:\/\/haverskerque.fr\/wp-content\/uploads\/2024\/01\/barre-de-separation.png\" alt=\"\" class=\"wp-image-6652\" style=\"object-fit:cover;width:256px;height:8px\" srcset=\"https:\/\/www.haverskerque.fr\/wp-content\/uploads\/2024\/01\/barre-de-separation.png 991w, https:\/\/www.haverskerque.fr\/wp-content\/uploads\/2024\/01\/barre-de-separation-300x5.png 300w, https:\/\/www.haverskerque.fr\/wp-content\/uploads\/2024\/01\/barre-de-separation-768x13.png 768w\" sizes=\"auto, (max-width: 991px) 100vw, 991px\" \/><\/figure>\n<\/div>\n\n\n<blockquote class=\"wp-block-quote is-layout-flow wp-block-quote-is-layout-flow\">\n<h3 class=\"wp-block-heading\"><strong>Au Vert des Lys<\/strong><\/h3>\n<\/blockquote>\n\n\n\n<ul class=\"wp-block-list\">\n<li>G\u00eetes, chambres + tables d&rsquo;h\u00f4tes et cours de cuisine<\/li>\n<\/ul>\n\n\n\n<ul class=\"wp-block-list\">\n<li>184 Rue Verte<\/li>\n<\/ul>\n\n\n\n<ul class=\"wp-block-list\">\n<li>06 15 13 44 91<\/li>\n<\/ul>\n\n\n\n<ul class=\"wp-block-list\">\n<li><strong><a href=\"mailto:contact@auvertdeslys.com\" target=\"_blank\" rel=\"noreferrer noopener\">contact@auvertdeslys.com<\/a><\/strong><\/li>\n<\/ul>\n\n\n\n<p><strong><a href=\"http:\/\/www.auvertdeslys.com\" target=\"_blank\" rel=\"noreferrer noopener\">www.auvertdeslys.com<\/a><\/strong><\/p>\n\n\n\n<p><\/p>\n","protected":false},"excerpt":{"rendered":"<p>Au Clair de la Lys www.cc-flandrelys.fr\/ Le Keuche Le Magloire https:\/\/www.facebook.com\/CarolineLeMagloire Les \u00c9colodges de la Lys www.lys-sans-frontieres.org G\u00eete l&rsquo;\u00c9rable https:\/\/www.facebook.com\/profile.php?id=61551401670899 Au Vert des Lys www.auvertdeslys.com<\/p>\n","protected":false},"author":1,"featured_media":0,"parent":0,"menu_order":0,"comment_status":"closed","ping_status":"closed","template":"","meta":{"cybocfi_hide_featured_image":"","footnotes":""},"class_list":["post-3315","page","type-page","status-publish","hentry"],"yoast_head":"<!-- This site is optimized with the Yoast SEO plugin v27.5 - https:\/\/yoast.com\/product\/yoast-seo-wordpress\/ -->\n<title>Se loger * Haverskerque, 100% Nature !*<\/title>\n<meta name=\"robots\" content=\"index, follow, max-snippet:-1, max-image-preview:large, max-video-preview:-1\" \/>\n<link rel=\"canonical\" href=\"https:\/\/www.haverskerque.fr\/index.php\/se-loger-2\/\" \/>\n<meta property=\"og:locale\" content=\"fr_FR\" \/>\n<meta property=\"og:type\" content=\"article\" \/>\n<meta property=\"og:title\" content=\"Se loger * Haverskerque, 100% Nature !*\" \/>\n<meta property=\"og:description\" content=\"Au Clair de la Lys www.cc-flandrelys.fr\/ Le Keuche Le Magloire https:\/\/www.facebook.com\/CarolineLeMagloire Les \u00c9colodges de la Lys www.lys-sans-frontieres.org G\u00eete l&rsquo;\u00c9rable https:\/\/www.facebook.com\/profile.php?id=61551401670899 Au Vert des Lys www.auvertdeslys.com\" \/>\n<meta property=\"og:url\" content=\"https:\/\/www.haverskerque.fr\/index.php\/se-loger-2\/\" \/>\n<meta property=\"og:site_name\" content=\"Haverskerque, 100% Nature !*\" \/>\n<meta property=\"article:publisher\" content=\"https:\/\/www.facebook.com\/communehaverskerque\" \/>\n<meta property=\"article:modified_time\" content=\"2025-09-01T12:38:49+00:00\" \/>\n<meta property=\"og:image\" content=\"https:\/\/www.haverskerque.fr\/wp-content\/uploads\/2024\/03\/Se-loger-1024x576.png\" \/>\n\t<meta property=\"og:image:width\" content=\"1024\" \/>\n\t<meta property=\"og:image:height\" content=\"576\" \/>\n\t<meta property=\"og:image:type\" content=\"image\/png\" \/>\n<meta name=\"twitter:card\" content=\"summary_large_image\" \/>\n<meta name=\"twitter:label1\" content=\"Dur\u00e9e de lecture estim\u00e9e\" \/>\n\t<meta name=\"twitter:data1\" content=\"2 minutes\" \/>\n<script type=\"application\/ld+json\" class=\"yoast-schema-graph\">{\"@context\":\"https:\\\/\\\/schema.org\",\"@graph\":[{\"@type\":\"WebPage\",\"@id\":\"https:\\\/\\\/www.haverskerque.fr\\\/index.php\\\/se-loger-2\\\/\",\"url\":\"https:\\\/\\\/www.haverskerque.fr\\\/index.php\\\/se-loger-2\\\/\",\"name\":\"Se loger * Haverskerque, 100% Nature !*\",\"isPartOf\":{\"@id\":\"https:\\\/\\\/haverskerque.fr\\\/#website\"},\"primaryImageOfPage\":{\"@id\":\"https:\\\/\\\/www.haverskerque.fr\\\/index.php\\\/se-loger-2\\\/#primaryimage\"},\"image\":{\"@id\":\"https:\\\/\\\/www.haverskerque.fr\\\/index.php\\\/se-loger-2\\\/#primaryimage\"},\"thumbnailUrl\":\"https:\\\/\\\/haverskerque.fr\\\/wp-content\\\/uploads\\\/2024\\\/03\\\/Se-loger-1024x576.png\",\"datePublished\":\"2023-06-26T11:44:31+00:00\",\"dateModified\":\"2025-09-01T12:38:49+00:00\",\"breadcrumb\":{\"@id\":\"https:\\\/\\\/www.haverskerque.fr\\\/index.php\\\/se-loger-2\\\/#breadcrumb\"},\"inLanguage\":\"fr-FR\",\"potentialAction\":[{\"@type\":\"ReadAction\",\"target\":[\"https:\\\/\\\/www.haverskerque.fr\\\/index.php\\\/se-loger-2\\\/\"]}]},{\"@type\":\"ImageObject\",\"inLanguage\":\"fr-FR\",\"@id\":\"https:\\\/\\\/www.haverskerque.fr\\\/index.php\\\/se-loger-2\\\/#primaryimage\",\"url\":\"https:\\\/\\\/haverskerque.fr\\\/wp-content\\\/uploads\\\/2024\\\/03\\\/Se-loger-1024x576.png\",\"contentUrl\":\"https:\\\/\\\/haverskerque.fr\\\/wp-content\\\/uploads\\\/2024\\\/03\\\/Se-loger-1024x576.png\"},{\"@type\":\"BreadcrumbList\",\"@id\":\"https:\\\/\\\/www.haverskerque.fr\\\/index.php\\\/se-loger-2\\\/#breadcrumb\",\"itemListElement\":[{\"@type\":\"ListItem\",\"position\":1,\"name\":\"Accueil\",\"item\":\"https:\\\/\\\/www.haverskerque.fr\\\/\"},{\"@type\":\"ListItem\",\"position\":2,\"name\":\"Se loger\"}]},{\"@type\":\"WebSite\",\"@id\":\"https:\\\/\\\/haverskerque.fr\\\/#website\",\"url\":\"https:\\\/\\\/haverskerque.fr\\\/\",\"name\":\"Haverskerque\",\"description\":\"Haverskerque, 100% Nature !\",\"publisher\":{\"@id\":\"https:\\\/\\\/haverskerque.fr\\\/#organization\"},\"alternateName\":\"Haverskerque\",\"potentialAction\":[{\"@type\":\"SearchAction\",\"target\":{\"@type\":\"EntryPoint\",\"urlTemplate\":\"https:\\\/\\\/haverskerque.fr\\\/?s={search_term_string}\"},\"query-input\":{\"@type\":\"PropertyValueSpecification\",\"valueRequired\":true,\"valueName\":\"search_term_string\"}}],\"inLanguage\":\"fr-FR\"},{\"@type\":\"Organization\",\"@id\":\"https:\\\/\\\/haverskerque.fr\\\/#organization\",\"name\":\"Commune d'Haverskerque\",\"alternateName\":\"Commune d'Haverskerque\",\"url\":\"https:\\\/\\\/haverskerque.fr\\\/\",\"logo\":{\"@type\":\"ImageObject\",\"inLanguage\":\"fr-FR\",\"@id\":\"https:\\\/\\\/haverskerque.fr\\\/#\\\/schema\\\/logo\\\/image\\\/\",\"url\":\"https:\\\/\\\/haverskerque.fr\\\/wp-content\\\/uploads\\\/2024\\\/01\\\/siteon0-e5814-1.png\",\"contentUrl\":\"https:\\\/\\\/haverskerque.fr\\\/wp-content\\\/uploads\\\/2024\\\/01\\\/siteon0-e5814-1.png\",\"width\":236,\"height\":102,\"caption\":\"Commune d'Haverskerque\"},\"image\":{\"@id\":\"https:\\\/\\\/haverskerque.fr\\\/#\\\/schema\\\/logo\\\/image\\\/\"},\"sameAs\":[\"https:\\\/\\\/www.facebook.com\\\/communehaverskerque\",\"https:\\\/\\\/www.instagram.com\\\/communehaverskerque\\\/\"]}]}<\/script>\n<!-- \/ Yoast SEO plugin. -->","yoast_head_json":{"title":"Se loger * Haverskerque, 100% Nature !*","robots":{"index":"index","follow":"follow","max-snippet":"max-snippet:-1","max-image-preview":"max-image-preview:large","max-video-preview":"max-video-preview:-1"},"canonical":"https:\/\/www.haverskerque.fr\/index.php\/se-loger-2\/","og_locale":"fr_FR","og_type":"article","og_title":"Se loger * Haverskerque, 100% Nature !*","og_description":"Au Clair de la Lys www.cc-flandrelys.fr\/ Le Keuche Le Magloire https:\/\/www.facebook.com\/CarolineLeMagloire Les \u00c9colodges de la Lys www.lys-sans-frontieres.org G\u00eete l&rsquo;\u00c9rable https:\/\/www.facebook.com\/profile.php?id=61551401670899 Au Vert des Lys www.auvertdeslys.com","og_url":"https:\/\/www.haverskerque.fr\/index.php\/se-loger-2\/","og_site_name":"Haverskerque, 100% Nature !*","article_publisher":"https:\/\/www.facebook.com\/communehaverskerque","article_modified_time":"2025-09-01T12:38:49+00:00","og_image":[{"width":1024,"height":576,"url":"https:\/\/www.haverskerque.fr\/wp-content\/uploads\/2024\/03\/Se-loger-1024x576.png","type":"image\/png"}],"twitter_card":"summary_large_image","twitter_misc":{"Dur\u00e9e de lecture estim\u00e9e":"2 minutes"},"schema":{"@context":"https:\/\/schema.org","@graph":[{"@type":"WebPage","@id":"https:\/\/www.haverskerque.fr\/index.php\/se-loger-2\/","url":"https:\/\/www.haverskerque.fr\/index.php\/se-loger-2\/","name":"Se loger * Haverskerque, 100% Nature !*","isPartOf":{"@id":"https:\/\/haverskerque.fr\/#website"},"primaryImageOfPage":{"@id":"https:\/\/www.haverskerque.fr\/index.php\/se-loger-2\/#primaryimage"},"image":{"@id":"https:\/\/www.haverskerque.fr\/index.php\/se-loger-2\/#primaryimage"},"thumbnailUrl":"https:\/\/haverskerque.fr\/wp-content\/uploads\/2024\/03\/Se-loger-1024x576.png","datePublished":"2023-06-26T11:44:31+00:00","dateModified":"2025-09-01T12:38:49+00:00","breadcrumb":{"@id":"https:\/\/www.haverskerque.fr\/index.php\/se-loger-2\/#breadcrumb"},"inLanguage":"fr-FR","potentialAction":[{"@type":"ReadAction","target":["https:\/\/www.haverskerque.fr\/index.php\/se-loger-2\/"]}]},{"@type":"ImageObject","inLanguage":"fr-FR","@id":"https:\/\/www.haverskerque.fr\/index.php\/se-loger-2\/#primaryimage","url":"https:\/\/haverskerque.fr\/wp-content\/uploads\/2024\/03\/Se-loger-1024x576.png","contentUrl":"https:\/\/haverskerque.fr\/wp-content\/uploads\/2024\/03\/Se-loger-1024x576.png"},{"@type":"BreadcrumbList","@id":"https:\/\/www.haverskerque.fr\/index.php\/se-loger-2\/#breadcrumb","itemListElement":[{"@type":"ListItem","position":1,"name":"Accueil","item":"https:\/\/www.haverskerque.fr\/"},{"@type":"ListItem","position":2,"name":"Se loger"}]},{"@type":"WebSite","@id":"https:\/\/haverskerque.fr\/#website","url":"https:\/\/haverskerque.fr\/","name":"Haverskerque","description":"Haverskerque, 100% Nature !","publisher":{"@id":"https:\/\/haverskerque.fr\/#organization"},"alternateName":"Haverskerque","potentialAction":[{"@type":"SearchAction","target":{"@type":"EntryPoint","urlTemplate":"https:\/\/haverskerque.fr\/?s={search_term_string}"},"query-input":{"@type":"PropertyValueSpecification","valueRequired":true,"valueName":"search_term_string"}}],"inLanguage":"fr-FR"},{"@type":"Organization","@id":"https:\/\/haverskerque.fr\/#organization","name":"Commune d'Haverskerque","alternateName":"Commune d'Haverskerque","url":"https:\/\/haverskerque.fr\/","logo":{"@type":"ImageObject","inLanguage":"fr-FR","@id":"https:\/\/haverskerque.fr\/#\/schema\/logo\/image\/","url":"https:\/\/haverskerque.fr\/wp-content\/uploads\/2024\/01\/siteon0-e5814-1.png","contentUrl":"https:\/\/haverskerque.fr\/wp-content\/uploads\/2024\/01\/siteon0-e5814-1.png","width":236,"height":102,"caption":"Commune d'Haverskerque"},"image":{"@id":"https:\/\/haverskerque.fr\/#\/schema\/logo\/image\/"},"sameAs":["https:\/\/www.facebook.com\/communehaverskerque","https:\/\/www.instagram.com\/communehaverskerque\/"]}]}},"_links":{"self":[{"href":"https:\/\/www.haverskerque.fr\/index.php\/wp-json\/wp\/v2\/pages\/3315","targetHints":{"allow":["GET"]}}],"collection":[{"href":"https:\/\/www.haverskerque.fr\/index.php\/wp-json\/wp\/v2\/pages"}],"about":[{"href":"https:\/\/www.haverskerque.fr\/index.php\/wp-json\/wp\/v2\/types\/page"}],"author":[{"embeddable":true,"href":"https:\/\/www.haverskerque.fr\/index.php\/wp-json\/wp\/v2\/users\/1"}],"replies":[{"embeddable":true,"href":"https:\/\/www.haverskerque.fr\/index.php\/wp-json\/wp\/v2\/comments?post=3315"}],"version-history":[{"count":24,"href":"https:\/\/www.haverskerque.fr\/index.php\/wp-json\/wp\/v2\/pages\/3315\/revisions"}],"predecessor-version":[{"id":9605,"href":"https:\/\/www.haverskerque.fr\/index.php\/wp-json\/wp\/v2\/pages\/3315\/revisions\/9605"}],"wp:attachment":[{"href":"https:\/\/www.haverskerque.fr\/index.php\/wp-json\/wp\/v2\/media?parent=3315"}],"curies":[{"name":"wp","href":"https:\/\/api.w.org\/{rel}","templated":true}]}}