{"id":3313,"date":"2023-06-26T13:44:03","date_gmt":"2023-06-26T11:44:03","guid":{"rendered":"http:\/\/barbry.esy.es\/?page_id=3313"},"modified":"2025-12-19T17:29:32","modified_gmt":"2025-12-19T16:29:32","slug":"marche","status":"publish","type":"page","link":"https:\/\/www.haverskerque.fr\/index.php\/marche\/","title":{"rendered":"March\u00e9"},"content":{"rendered":"<div class=\"wp-block-image\">\n<figure class=\"aligncenter size-large is-resized\"><img loading=\"lazy\" decoding=\"async\" width=\"1024\" height=\"576\" src=\"https:\/\/haverskerque.fr\/wp-content\/uploads\/2024\/03\/Marche-1024x576.png\" alt=\"\" class=\"wp-image-7534\" style=\"object-fit:cover;width:700px;height:393px\" srcset=\"https:\/\/www.haverskerque.fr\/wp-content\/uploads\/2024\/03\/Marche-1024x576.png 1024w, https:\/\/www.haverskerque.fr\/wp-content\/uploads\/2024\/03\/Marche-300x169.png 300w, https:\/\/www.haverskerque.fr\/wp-content\/uploads\/2024\/03\/Marche-768x432.png 768w, https:\/\/www.haverskerque.fr\/wp-content\/uploads\/2024\/03\/Marche-1536x864.png 1536w, https:\/\/www.haverskerque.fr\/wp-content\/uploads\/2024\/03\/Marche-1140x641.png 1140w, https:\/\/www.haverskerque.fr\/wp-content\/uploads\/2024\/03\/Marche.png 1920w\" sizes=\"auto, (max-width: 1024px) 100vw, 1024px\" \/><\/figure>\n<\/div>\n\n\n<p><\/p>\n\n\n\n<p><\/p>\n\n\n\n<p><\/p>\n\n\n\n<p><\/p>\n\n\n\n<p><\/p>\n\n\n\n<p><\/p>\n\n\n\n<p><\/p>\n\n\n\n<blockquote class=\"wp-block-quote is-layout-flow wp-block-quote-is-layout-flow\">\n<p class=\"has-text-align-left\"><em>Le march\u00e9 a lieu tous les vendredis matin de 8h \u00e0 12h30 sur le parking de la salle des f\u00eates.<\/em><\/p>\n<\/blockquote>\n\n\n\n<blockquote class=\"wp-block-quote is-layout-flow wp-block-quote-is-layout-flow\">\n<h3 class=\"wp-block-heading\"><strong>Ets MESUREUR<\/strong><\/h3>\n<\/blockquote>\n\n\n\n<ul class=\"wp-block-list\">\n<li>Boucherie<\/li>\n<\/ul>\n\n\n\n<ul class=\"wp-block-list\">\n<li>Charcuterie <\/li>\n<\/ul>\n\n\n\n<ul class=\"wp-block-list\">\n<li>Traiteur<\/li>\n<\/ul>\n\n\n\n<p><\/p>\n\n\n<div class=\"wp-block-image is-style-rounded\">\n<figure class=\"aligncenter size-full is-resized\"><img loading=\"lazy\" decoding=\"async\" width=\"991\" height=\"17\" src=\"http:\/\/haverskerque.fr\/wp-content\/uploads\/2024\/01\/barre-de-separation.png\" alt=\"\" class=\"wp-image-6652\" style=\"object-fit:cover;width:256px;height:8px\" srcset=\"https:\/\/www.haverskerque.fr\/wp-content\/uploads\/2024\/01\/barre-de-separation.png 991w, https:\/\/www.haverskerque.fr\/wp-content\/uploads\/2024\/01\/barre-de-separation-300x5.png 300w, https:\/\/www.haverskerque.fr\/wp-content\/uploads\/2024\/01\/barre-de-separation-768x13.png 768w\" sizes=\"auto, (max-width: 991px) 100vw, 991px\" \/><\/figure>\n<\/div>\n\n\n<blockquote class=\"wp-block-quote is-layout-flow wp-block-quote-is-layout-flow\">\n<h3 class=\"wp-block-heading\"><strong>D\u00e9borah PRIMEUR<\/strong><\/h3>\n<\/blockquote>\n\n\n\n<ul class=\"wp-block-list\">\n<li>Fruits et l\u00e9gumes<\/li>\n<\/ul>\n\n\n\n<p><\/p>\n\n\n<div class=\"wp-block-image is-style-rounded\">\n<figure class=\"aligncenter size-full is-resized\"><img loading=\"lazy\" decoding=\"async\" width=\"991\" height=\"17\" src=\"http:\/\/haverskerque.fr\/wp-content\/uploads\/2024\/01\/barre-de-separation.png\" alt=\"\" class=\"wp-image-6652\" style=\"object-fit:cover;width:256px;height:8px\" srcset=\"https:\/\/www.haverskerque.fr\/wp-content\/uploads\/2024\/01\/barre-de-separation.png 991w, https:\/\/www.haverskerque.fr\/wp-content\/uploads\/2024\/01\/barre-de-separation-300x5.png 300w, https:\/\/www.haverskerque.fr\/wp-content\/uploads\/2024\/01\/barre-de-separation-768x13.png 768w\" sizes=\"auto, (max-width: 991px) 100vw, 991px\" \/><\/figure>\n<\/div>\n\n\n<blockquote class=\"wp-block-quote is-layout-flow wp-block-quote-is-layout-flow\">\n<h3 class=\"wp-block-heading\"><strong>Fromagerie CHEZ COCO<\/strong><\/h3>\n<\/blockquote>\n\n\n\n<ul class=\"wp-block-list\">\n<li>Fromages et produits frais<\/li>\n<\/ul>\n\n\n\n<ul class=\"wp-block-list\">\n<li>Charcuterie<\/li>\n<\/ul>\n\n\n\n<table style=\"border-collapse: collapse; width: 80%; margin: auto; font-family: Arial, sans-serif;\">\n  <thead>\n    <tr style=\"background-color: #00a018;\">\n      <th style=\"border: 1px solid #000; padding: 8px; color: #ffffff;\">Droits de place et d&rsquo;occupation du domaine public<\/th>\n      <th style=\"border: 1px solid #000; padding: 8px; color: #ffffff;\">Dur\u00e9e<\/th>\n      <th style=\"border: 1px solid #000; padding: 8px; color: #ffffff;\">TARIFS 2026<\/th>\n    <\/tr>\n  <\/thead>\n  <tbody>\n    <tr>\n      <td style=\"border: 1px solid #000; padding: 8px;\">March\u00e9 hebdomadaire r\u00e9gulier (frais de consommation \u00e9lectrique + collecte des d\u00e9chets d&rsquo;activit\u00e9 en sus)<\/td>\n      <td style=\"border: 1px solid #000; padding: 8px;\">\u00c0 l&rsquo;ann\u00e9e<\/td>\n      <td style=\"border: 1px solid #000; padding: 8px;\">120,00\u20ac<\/td>\n    <\/tr>\n    <tr>\n      <td rowspan=\"2\" style=\"border: 1px solid #000; padding: 8px;\">Forfait consommation \u00e9lectrique march\u00e9 hebdomadaire r\u00e9gulier &#8211; \u00c0 l&rsquo;ann\u00e9e<\/td>\n      <td style=\"border: 1px solid #000; padding: 8px;\">Pour un branchement<\/td>\n      <td style=\"border: 1px solid #000; padding: 8px;\">50,00\u20ac<\/td>\n    <\/tr>\n    <tr>\n      <td style=\"border: 1px solid #000; padding: 8px;\">Pour deux branchements<\/td>\n      <td style=\"border: 1px solid #000; padding: 8px;\">80,00\u20ac<\/td>\n    <\/tr>\n    <tr>\n      <td style=\"border: 1px solid #000; padding: 8px;\">Forfait collecte d&rsquo;ordures m\u00e9nag\u00e8res march\u00e9 hebdomadaire r\u00e9gulier<\/td>\n      <td style=\"border: 1px solid #000; padding: 8px;\">Par jour<\/td>\n      <td style=\"border: 1px solid #000; padding: 8px;\">12,00\u20ac<\/td>\n    <\/tr>\n    <tr>\n      <td style=\"border: 1px solid #000; padding: 8px;\">Forfait consommation \u00e9lectrique march\u00e9\/commerce ambulant occasionnel<\/td>\n      <td style=\"border: 1px solid #000; padding: 8px;\">Par jour<\/td>\n      <td style=\"border: 1px solid #000; padding: 8px;\">5,00\u20ac<\/td>\n    <\/tr>\n    <tr>\n      <td style=\"border: 1px solid #000; padding: 8px;\">Forfait ordures m\u00e9nag\u00e8res march\u00e9\/commerce ambulant occasionnel<\/td>\n      <td style=\"border: 1px solid #000; padding: 8px;\">Par jour<\/td>\n      <td style=\"border: 1px solid #000; padding: 8px;\">5,00\u20ac<\/td>\n    <\/tr>\n\n    <!-- Bande grise -->\n    <tr style=\"background-color: #e0e0e0;\">\n      <td colspan=\"3\" style=\"padding: 4px; border: none;\"><\/td>\n    <\/tr>\n\n    <tr>\n      <td style=\"border: 1px solid #000; padding: 8px;\">Attractions foraines (incluant consommation \u00e9lectrique + collecte d&rsquo;ordures m\u00e9nag\u00e8res)<\/td>\n      <td style=\"border: 1px solid #000; padding: 8px;\">Par m\u00b2 par semaine<\/td>\n      <td style=\"border: 1px solid #000; padding: 8px;\">2,00\u20ac<\/td>\n    <\/tr>\n    <tr>\n      <td style=\"border: 1px solid #000; padding: 8px;\">Occupation permanente du domaine public \u00e0 titre commercial type food-truck, distributeurs (frais \u00e0 charge exclusive du permissionnaire via \u00e9quipements individuels)<\/td>\n      <td style=\"border: 1px solid #000; padding: 8px;\">\u00c0 l&rsquo;ann\u00e9e<\/td>\n      <td style=\"border: 1px solid #000; padding: 8px;\">260,00\u20ac<\/td>\n    <\/tr>\n    <tr>\n      <td style=\"border: 1px solid #000; padding: 8px;\">Occupation permanente du domaine public \u00e0 titre commercial type terrasse (frais \u00e0 charge exclusive du permissionnaire via \u00e9quipements individuels)<\/td>\n      <td style=\"border: 1px solid #000; padding: 8px;\">Par mois au m\u00b2<\/td>\n      <td style=\"border: 1px solid #000; padding: 8px;\">2,00\u20ac<\/td>\n    <\/tr>\n    <tr>\n      <td style=\"border: 1px solid #000; padding: 8px;\">Occupation temporaire du domaine public \u2013 FoodTruck \u00e0 l&rsquo;occasion de la location de la salle Victor DEHAINE ou Ren\u00e9 CASSIN (incluant frais d&rsquo;\u00e9lectricit\u00e9 et des d\u00e9chets d&rsquo;activit\u00e9)<\/td>\n      <td style=\"border: 1px solid #000; padding: 8px;\">Par jour<\/td>\n      <td style=\"border: 1px solid #000; padding: 8px;\">80,00\u20ac<\/td>\n    <\/tr>\n    <tr>\n      <td style=\"border: 1px solid #000; padding: 8px;\">Occupation temporaire du domaine public \u00e0 l&rsquo;occasion d&rsquo;un chantier priv\u00e9 ou d&rsquo;un d\u00e9m\u00e9nagement<\/td>\n      <td style=\"border: 1px solid #000; padding: 8px;\">Par m\u00b2 et par jour<\/td>\n      <td style=\"border: 1px solid #000; padding: 8px;\">1,50\u20ac<\/td>\n    <\/tr>\n  <\/tbody>\n<\/table>\n\n\n\n<h5 class=\"wp-block-heading has-text-align-center\"><strong>L\u2019autorisation d\u2019occupation ou utilisation du domaine public peut \u00eatre d\u00e9livr\u00e9e gratuitement lorsque cette occupation ou utilisation est la condition d\u2019ex\u00e9cution de travaux ou de la pr\u00e9sence d\u2019un ouvrage ou d\u2019une prestation de service publique int\u00e9ressant un service public qui b\u00e9n\u00e9ficie gratuitement \u00e0 tous ou lorsque celle-ci contribue \u00e0 assurer la conservation du domaine public (L.2125-1 du Code G\u00e9n\u00e9ral de la Propri\u00e9t\u00e9 des Personnes Publiques).<\/strong><\/h5>\n","protected":false},"excerpt":{"rendered":"<p>Le march\u00e9 a lieu tous les vendredis matin de 8h \u00e0 12h30 sur le parking de la salle des f\u00eates. Ets MESUREUR D\u00e9borah PRIMEUR Fromagerie CHEZ COCO Droits de place et d&rsquo;occupation du domaine public Dur\u00e9e TARIFS 2026 March\u00e9 hebdomadaire r\u00e9gulier (frais de consommation \u00e9lectrique + collecte des d\u00e9chets d&rsquo;activit\u00e9 en sus) \u00c0 l&rsquo;ann\u00e9e 120,00\u20ac Forfait consommation \u00e9lectrique march\u00e9 hebdomadaire r\u00e9gulier &#8211; \u00c0 l&rsquo;ann\u00e9e Pour un branchement 50,00\u20ac Pour deux branchements 80,00\u20ac Forfait collecte d&rsquo;ordures m\u00e9nag\u00e8res march\u00e9 hebdomadaire r\u00e9gulier Par jour 12,00\u20ac Forfait consommation \u00e9lectrique march\u00e9\/commerce ambulant occasionnel Par jour 5,00\u20ac Forfait ordures m\u00e9nag\u00e8res march\u00e9\/commerce ambulant occasionnel Par jour 5,00\u20ac Attractions foraines (incluant consommation \u00e9lectrique + collecte d&rsquo;ordures m\u00e9nag\u00e8res) Par m\u00b2 par semaine 2,00\u20ac Occupation permanente du domaine public \u00e0 titre commercial type food-truck, distributeurs (frais \u00e0 charge exclusive du permissionnaire via \u00e9quipements individuels) \u00c0 l&rsquo;ann\u00e9e 260,00\u20ac Occupation permanente du domaine public \u00e0 titre commercial type terrasse (frais \u00e0 charge exclusive du permissionnaire via \u00e9quipements individuels) Par mois au m\u00b2 2,00\u20ac Occupation temporaire du domaine public \u2013 FoodTruck \u00e0 l&rsquo;occasion de la location de la salle Victor DEHAINE ou Ren\u00e9 CASSIN (incluant frais d&rsquo;\u00e9lectricit\u00e9 et des d\u00e9chets d&rsquo;activit\u00e9) Par jour 80,00\u20ac Occupation temporaire du domaine public \u00e0 l&rsquo;occasion d&rsquo;un chantier priv\u00e9 ou d&rsquo;un d\u00e9m\u00e9nagement Par m\u00b2 et par jour 1,50\u20ac L\u2019autorisation d\u2019occupation ou utilisation du domaine public peut \u00eatre d\u00e9livr\u00e9e gratuitement lorsque cette occupation ou utilisation est la condition d\u2019ex\u00e9cution de travaux ou de la pr\u00e9sence d\u2019un ouvrage ou d\u2019une prestation de service publique int\u00e9ressant un service public qui b\u00e9n\u00e9ficie gratuitement \u00e0 tous ou lorsque celle-ci contribue \u00e0 assurer la conservation du domaine public (L.2125-1 du Code G\u00e9n\u00e9ral de la Propri\u00e9t\u00e9 des Personnes Publiques).<\/p>\n","protected":false},"author":1,"featured_media":0,"parent":0,"menu_order":0,"comment_status":"closed","ping_status":"closed","template":"","meta":{"cybocfi_hide_featured_image":"","footnotes":""},"class_list":["post-3313","page","type-page","status-publish","hentry"],"yoast_head":"<!-- This site is optimized with the Yoast SEO plugin v27.5 - https:\/\/yoast.com\/product\/yoast-seo-wordpress\/ -->\n<title>March\u00e9 * Haverskerque, 100% Nature !*<\/title>\n<meta name=\"robots\" content=\"index, follow, max-snippet:-1, max-image-preview:large, max-video-preview:-1\" \/>\n<link rel=\"canonical\" href=\"https:\/\/www.haverskerque.fr\/index.php\/marche\/\" \/>\n<meta property=\"og:locale\" content=\"fr_FR\" \/>\n<meta property=\"og:type\" content=\"article\" \/>\n<meta property=\"og:title\" content=\"March\u00e9 * Haverskerque, 100% Nature !*\" \/>\n<meta property=\"og:description\" content=\"Le march\u00e9 a lieu tous les vendredis matin de 8h \u00e0 12h30 sur le parking de la salle des f\u00eates. Ets MESUREUR D\u00e9borah PRIMEUR Fromagerie CHEZ COCO Droits de place et d&rsquo;occupation du domaine public Dur\u00e9e TARIFS 2026 March\u00e9 hebdomadaire r\u00e9gulier (frais de consommation \u00e9lectrique + collecte des d\u00e9chets d&rsquo;activit\u00e9 en sus) \u00c0 l&rsquo;ann\u00e9e 120,00\u20ac Forfait consommation \u00e9lectrique march\u00e9 hebdomadaire r\u00e9gulier &#8211; \u00c0 l&rsquo;ann\u00e9e Pour un branchement 50,00\u20ac Pour deux branchements 80,00\u20ac Forfait collecte d&rsquo;ordures m\u00e9nag\u00e8res march\u00e9 hebdomadaire r\u00e9gulier Par jour 12,00\u20ac Forfait consommation \u00e9lectrique march\u00e9\/commerce ambulant occasionnel Par jour 5,00\u20ac Forfait ordures m\u00e9nag\u00e8res march\u00e9\/commerce ambulant occasionnel Par jour 5,00\u20ac Attractions foraines (incluant consommation \u00e9lectrique + collecte d&rsquo;ordures m\u00e9nag\u00e8res) Par m\u00b2 par semaine 2,00\u20ac Occupation permanente du domaine public \u00e0 titre commercial type food-truck, distributeurs (frais \u00e0 charge exclusive du permissionnaire via \u00e9quipements individuels) \u00c0 l&rsquo;ann\u00e9e 260,00\u20ac Occupation permanente du domaine public \u00e0 titre commercial type terrasse (frais \u00e0 charge exclusive du permissionnaire via \u00e9quipements individuels) Par mois au m\u00b2 2,00\u20ac Occupation temporaire du domaine public \u2013 FoodTruck \u00e0 l&rsquo;occasion de la location de la salle Victor DEHAINE ou Ren\u00e9 CASSIN (incluant frais d&rsquo;\u00e9lectricit\u00e9 et des d\u00e9chets d&rsquo;activit\u00e9) Par jour 80,00\u20ac Occupation temporaire du domaine public \u00e0 l&rsquo;occasion d&rsquo;un chantier priv\u00e9 ou d&rsquo;un d\u00e9m\u00e9nagement Par m\u00b2 et par jour 1,50\u20ac L\u2019autorisation d\u2019occupation ou utilisation du domaine public peut \u00eatre d\u00e9livr\u00e9e gratuitement lorsque cette occupation ou utilisation est la condition d\u2019ex\u00e9cution de travaux ou de la pr\u00e9sence d\u2019un ouvrage ou d\u2019une prestation de service publique int\u00e9ressant un service public qui b\u00e9n\u00e9ficie gratuitement \u00e0 tous ou lorsque celle-ci contribue \u00e0 assurer la conservation du domaine public (L.2125-1 du Code G\u00e9n\u00e9ral de la Propri\u00e9t\u00e9 des Personnes Publiques).\" \/>\n<meta property=\"og:url\" content=\"https:\/\/www.haverskerque.fr\/index.php\/marche\/\" \/>\n<meta property=\"og:site_name\" content=\"Haverskerque, 100% Nature !*\" \/>\n<meta property=\"article:publisher\" content=\"https:\/\/www.facebook.com\/communehaverskerque\" \/>\n<meta property=\"article:modified_time\" content=\"2025-12-19T16:29:32+00:00\" \/>\n<meta property=\"og:image\" content=\"https:\/\/www.haverskerque.fr\/wp-content\/uploads\/2024\/03\/Marche-1024x576.png\" \/>\n\t<meta property=\"og:image:width\" content=\"1024\" \/>\n\t<meta property=\"og:image:height\" content=\"576\" \/>\n\t<meta property=\"og:image:type\" content=\"image\/png\" \/>\n<meta name=\"twitter:card\" content=\"summary_large_image\" \/>\n<meta name=\"twitter:label1\" content=\"Dur\u00e9e de lecture estim\u00e9e\" \/>\n\t<meta name=\"twitter:data1\" content=\"2 minutes\" \/>\n<script type=\"application\/ld+json\" class=\"yoast-schema-graph\">{\"@context\":\"https:\\\/\\\/schema.org\",\"@graph\":[{\"@type\":\"WebPage\",\"@id\":\"https:\\\/\\\/www.haverskerque.fr\\\/index.php\\\/marche\\\/\",\"url\":\"https:\\\/\\\/www.haverskerque.fr\\\/index.php\\\/marche\\\/\",\"name\":\"March\u00e9 * Haverskerque, 100% Nature !*\",\"isPartOf\":{\"@id\":\"https:\\\/\\\/haverskerque.fr\\\/#website\"},\"primaryImageOfPage\":{\"@id\":\"https:\\\/\\\/www.haverskerque.fr\\\/index.php\\\/marche\\\/#primaryimage\"},\"image\":{\"@id\":\"https:\\\/\\\/www.haverskerque.fr\\\/index.php\\\/marche\\\/#primaryimage\"},\"thumbnailUrl\":\"https:\\\/\\\/haverskerque.fr\\\/wp-content\\\/uploads\\\/2024\\\/03\\\/Marche-1024x576.png\",\"datePublished\":\"2023-06-26T11:44:03+00:00\",\"dateModified\":\"2025-12-19T16:29:32+00:00\",\"breadcrumb\":{\"@id\":\"https:\\\/\\\/www.haverskerque.fr\\\/index.php\\\/marche\\\/#breadcrumb\"},\"inLanguage\":\"fr-FR\",\"potentialAction\":[{\"@type\":\"ReadAction\",\"target\":[\"https:\\\/\\\/www.haverskerque.fr\\\/index.php\\\/marche\\\/\"]}]},{\"@type\":\"ImageObject\",\"inLanguage\":\"fr-FR\",\"@id\":\"https:\\\/\\\/www.haverskerque.fr\\\/index.php\\\/marche\\\/#primaryimage\",\"url\":\"https:\\\/\\\/haverskerque.fr\\\/wp-content\\\/uploads\\\/2024\\\/03\\\/Marche-1024x576.png\",\"contentUrl\":\"https:\\\/\\\/haverskerque.fr\\\/wp-content\\\/uploads\\\/2024\\\/03\\\/Marche-1024x576.png\"},{\"@type\":\"BreadcrumbList\",\"@id\":\"https:\\\/\\\/www.haverskerque.fr\\\/index.php\\\/marche\\\/#breadcrumb\",\"itemListElement\":[{\"@type\":\"ListItem\",\"position\":1,\"name\":\"Accueil\",\"item\":\"https:\\\/\\\/www.haverskerque.fr\\\/\"},{\"@type\":\"ListItem\",\"position\":2,\"name\":\"March\u00e9\"}]},{\"@type\":\"WebSite\",\"@id\":\"https:\\\/\\\/haverskerque.fr\\\/#website\",\"url\":\"https:\\\/\\\/haverskerque.fr\\\/\",\"name\":\"Haverskerque\",\"description\":\"Haverskerque, 100% Nature !\",\"publisher\":{\"@id\":\"https:\\\/\\\/haverskerque.fr\\\/#organization\"},\"alternateName\":\"Haverskerque\",\"potentialAction\":[{\"@type\":\"SearchAction\",\"target\":{\"@type\":\"EntryPoint\",\"urlTemplate\":\"https:\\\/\\\/haverskerque.fr\\\/?s={search_term_string}\"},\"query-input\":{\"@type\":\"PropertyValueSpecification\",\"valueRequired\":true,\"valueName\":\"search_term_string\"}}],\"inLanguage\":\"fr-FR\"},{\"@type\":\"Organization\",\"@id\":\"https:\\\/\\\/haverskerque.fr\\\/#organization\",\"name\":\"Commune d'Haverskerque\",\"alternateName\":\"Commune d'Haverskerque\",\"url\":\"https:\\\/\\\/haverskerque.fr\\\/\",\"logo\":{\"@type\":\"ImageObject\",\"inLanguage\":\"fr-FR\",\"@id\":\"https:\\\/\\\/haverskerque.fr\\\/#\\\/schema\\\/logo\\\/image\\\/\",\"url\":\"https:\\\/\\\/haverskerque.fr\\\/wp-content\\\/uploads\\\/2024\\\/01\\\/siteon0-e5814-1.png\",\"contentUrl\":\"https:\\\/\\\/haverskerque.fr\\\/wp-content\\\/uploads\\\/2024\\\/01\\\/siteon0-e5814-1.png\",\"width\":236,\"height\":102,\"caption\":\"Commune d'Haverskerque\"},\"image\":{\"@id\":\"https:\\\/\\\/haverskerque.fr\\\/#\\\/schema\\\/logo\\\/image\\\/\"},\"sameAs\":[\"https:\\\/\\\/www.facebook.com\\\/communehaverskerque\",\"https:\\\/\\\/www.instagram.com\\\/communehaverskerque\\\/\"]}]}<\/script>\n<!-- \/ Yoast SEO plugin. -->","yoast_head_json":{"title":"March\u00e9 * Haverskerque, 100% Nature !*","robots":{"index":"index","follow":"follow","max-snippet":"max-snippet:-1","max-image-preview":"max-image-preview:large","max-video-preview":"max-video-preview:-1"},"canonical":"https:\/\/www.haverskerque.fr\/index.php\/marche\/","og_locale":"fr_FR","og_type":"article","og_title":"March\u00e9 * Haverskerque, 100% Nature !*","og_description":"Le march\u00e9 a lieu tous les vendredis matin de 8h \u00e0 12h30 sur le parking de la salle des f\u00eates. Ets MESUREUR D\u00e9borah PRIMEUR Fromagerie CHEZ COCO Droits de place et d&rsquo;occupation du domaine public Dur\u00e9e TARIFS 2026 March\u00e9 hebdomadaire r\u00e9gulier (frais de consommation \u00e9lectrique + collecte des d\u00e9chets d&rsquo;activit\u00e9 en sus) \u00c0 l&rsquo;ann\u00e9e 120,00\u20ac Forfait consommation \u00e9lectrique march\u00e9 hebdomadaire r\u00e9gulier &#8211; \u00c0 l&rsquo;ann\u00e9e Pour un branchement 50,00\u20ac Pour deux branchements 80,00\u20ac Forfait collecte d&rsquo;ordures m\u00e9nag\u00e8res march\u00e9 hebdomadaire r\u00e9gulier Par jour 12,00\u20ac Forfait consommation \u00e9lectrique march\u00e9\/commerce ambulant occasionnel Par jour 5,00\u20ac Forfait ordures m\u00e9nag\u00e8res march\u00e9\/commerce ambulant occasionnel Par jour 5,00\u20ac Attractions foraines (incluant consommation \u00e9lectrique + collecte d&rsquo;ordures m\u00e9nag\u00e8res) Par m\u00b2 par semaine 2,00\u20ac Occupation permanente du domaine public \u00e0 titre commercial type food-truck, distributeurs (frais \u00e0 charge exclusive du permissionnaire via \u00e9quipements individuels) \u00c0 l&rsquo;ann\u00e9e 260,00\u20ac Occupation permanente du domaine public \u00e0 titre commercial type terrasse (frais \u00e0 charge exclusive du permissionnaire via \u00e9quipements individuels) Par mois au m\u00b2 2,00\u20ac Occupation temporaire du domaine public \u2013 FoodTruck \u00e0 l&rsquo;occasion de la location de la salle Victor DEHAINE ou Ren\u00e9 CASSIN (incluant frais d&rsquo;\u00e9lectricit\u00e9 et des d\u00e9chets d&rsquo;activit\u00e9) Par jour 80,00\u20ac Occupation temporaire du domaine public \u00e0 l&rsquo;occasion d&rsquo;un chantier priv\u00e9 ou d&rsquo;un d\u00e9m\u00e9nagement Par m\u00b2 et par jour 1,50\u20ac L\u2019autorisation d\u2019occupation ou utilisation du domaine public peut \u00eatre d\u00e9livr\u00e9e gratuitement lorsque cette occupation ou utilisation est la condition d\u2019ex\u00e9cution de travaux ou de la pr\u00e9sence d\u2019un ouvrage ou d\u2019une prestation de service publique int\u00e9ressant un service public qui b\u00e9n\u00e9ficie gratuitement \u00e0 tous ou lorsque celle-ci contribue \u00e0 assurer la conservation du domaine public (L.2125-1 du Code G\u00e9n\u00e9ral de la Propri\u00e9t\u00e9 des Personnes Publiques).","og_url":"https:\/\/www.haverskerque.fr\/index.php\/marche\/","og_site_name":"Haverskerque, 100% Nature !*","article_publisher":"https:\/\/www.facebook.com\/communehaverskerque","article_modified_time":"2025-12-19T16:29:32+00:00","og_image":[{"width":1024,"height":576,"url":"https:\/\/www.haverskerque.fr\/wp-content\/uploads\/2024\/03\/Marche-1024x576.png","type":"image\/png"}],"twitter_card":"summary_large_image","twitter_misc":{"Dur\u00e9e de lecture estim\u00e9e":"2 minutes"},"schema":{"@context":"https:\/\/schema.org","@graph":[{"@type":"WebPage","@id":"https:\/\/www.haverskerque.fr\/index.php\/marche\/","url":"https:\/\/www.haverskerque.fr\/index.php\/marche\/","name":"March\u00e9 * Haverskerque, 100% Nature !*","isPartOf":{"@id":"https:\/\/haverskerque.fr\/#website"},"primaryImageOfPage":{"@id":"https:\/\/www.haverskerque.fr\/index.php\/marche\/#primaryimage"},"image":{"@id":"https:\/\/www.haverskerque.fr\/index.php\/marche\/#primaryimage"},"thumbnailUrl":"https:\/\/haverskerque.fr\/wp-content\/uploads\/2024\/03\/Marche-1024x576.png","datePublished":"2023-06-26T11:44:03+00:00","dateModified":"2025-12-19T16:29:32+00:00","breadcrumb":{"@id":"https:\/\/www.haverskerque.fr\/index.php\/marche\/#breadcrumb"},"inLanguage":"fr-FR","potentialAction":[{"@type":"ReadAction","target":["https:\/\/www.haverskerque.fr\/index.php\/marche\/"]}]},{"@type":"ImageObject","inLanguage":"fr-FR","@id":"https:\/\/www.haverskerque.fr\/index.php\/marche\/#primaryimage","url":"https:\/\/haverskerque.fr\/wp-content\/uploads\/2024\/03\/Marche-1024x576.png","contentUrl":"https:\/\/haverskerque.fr\/wp-content\/uploads\/2024\/03\/Marche-1024x576.png"},{"@type":"BreadcrumbList","@id":"https:\/\/www.haverskerque.fr\/index.php\/marche\/#breadcrumb","itemListElement":[{"@type":"ListItem","position":1,"name":"Accueil","item":"https:\/\/www.haverskerque.fr\/"},{"@type":"ListItem","position":2,"name":"March\u00e9"}]},{"@type":"WebSite","@id":"https:\/\/haverskerque.fr\/#website","url":"https:\/\/haverskerque.fr\/","name":"Haverskerque","description":"Haverskerque, 100% Nature !","publisher":{"@id":"https:\/\/haverskerque.fr\/#organization"},"alternateName":"Haverskerque","potentialAction":[{"@type":"SearchAction","target":{"@type":"EntryPoint","urlTemplate":"https:\/\/haverskerque.fr\/?s={search_term_string}"},"query-input":{"@type":"PropertyValueSpecification","valueRequired":true,"valueName":"search_term_string"}}],"inLanguage":"fr-FR"},{"@type":"Organization","@id":"https:\/\/haverskerque.fr\/#organization","name":"Commune d'Haverskerque","alternateName":"Commune d'Haverskerque","url":"https:\/\/haverskerque.fr\/","logo":{"@type":"ImageObject","inLanguage":"fr-FR","@id":"https:\/\/haverskerque.fr\/#\/schema\/logo\/image\/","url":"https:\/\/haverskerque.fr\/wp-content\/uploads\/2024\/01\/siteon0-e5814-1.png","contentUrl":"https:\/\/haverskerque.fr\/wp-content\/uploads\/2024\/01\/siteon0-e5814-1.png","width":236,"height":102,"caption":"Commune d'Haverskerque"},"image":{"@id":"https:\/\/haverskerque.fr\/#\/schema\/logo\/image\/"},"sameAs":["https:\/\/www.facebook.com\/communehaverskerque","https:\/\/www.instagram.com\/communehaverskerque\/"]}]}},"_links":{"self":[{"href":"https:\/\/www.haverskerque.fr\/index.php\/wp-json\/wp\/v2\/pages\/3313","targetHints":{"allow":["GET"]}}],"collection":[{"href":"https:\/\/www.haverskerque.fr\/index.php\/wp-json\/wp\/v2\/pages"}],"about":[{"href":"https:\/\/www.haverskerque.fr\/index.php\/wp-json\/wp\/v2\/types\/page"}],"author":[{"embeddable":true,"href":"https:\/\/www.haverskerque.fr\/index.php\/wp-json\/wp\/v2\/users\/1"}],"replies":[{"embeddable":true,"href":"https:\/\/www.haverskerque.fr\/index.php\/wp-json\/wp\/v2\/comments?post=3313"}],"version-history":[{"count":21,"href":"https:\/\/www.haverskerque.fr\/index.php\/wp-json\/wp\/v2\/pages\/3313\/revisions"}],"predecessor-version":[{"id":9943,"href":"https:\/\/www.haverskerque.fr\/index.php\/wp-json\/wp\/v2\/pages\/3313\/revisions\/9943"}],"wp:attachment":[{"href":"https:\/\/www.haverskerque.fr\/index.php\/wp-json\/wp\/v2\/media?parent=3313"}],"curies":[{"name":"wp","href":"https:\/\/api.w.org\/{rel}","templated":true}]}}