{"id":3311,"date":"2023-06-26T13:43:38","date_gmt":"2023-06-26T11:43:38","guid":{"rendered":"http:\/\/barbry.esy.es\/?page_id=3311"},"modified":"2025-09-01T14:36:31","modified_gmt":"2025-09-01T12:36:31","slug":"restaurations-2","status":"publish","type":"page","link":"https:\/\/www.haverskerque.fr\/index.php\/restaurations-2\/","title":{"rendered":"Restauration"},"content":{"rendered":"<div class=\"wp-block-image\">\n<figure class=\"aligncenter size-large is-resized\"><img loading=\"lazy\" decoding=\"async\" width=\"1024\" height=\"576\" src=\"https:\/\/haverskerque.fr\/wp-content\/uploads\/2024\/03\/Restauration-1024x576.png\" alt=\"\" class=\"wp-image-7535\" style=\"object-fit:cover;width:700px;height:393px\" srcset=\"https:\/\/www.haverskerque.fr\/wp-content\/uploads\/2024\/03\/Restauration-1024x576.png 1024w, https:\/\/www.haverskerque.fr\/wp-content\/uploads\/2024\/03\/Restauration-300x169.png 300w, https:\/\/www.haverskerque.fr\/wp-content\/uploads\/2024\/03\/Restauration-768x432.png 768w, https:\/\/www.haverskerque.fr\/wp-content\/uploads\/2024\/03\/Restauration-1536x864.png 1536w, https:\/\/www.haverskerque.fr\/wp-content\/uploads\/2024\/03\/Restauration-1140x641.png 1140w, https:\/\/www.haverskerque.fr\/wp-content\/uploads\/2024\/03\/Restauration.png 1920w\" sizes=\"auto, (max-width: 1024px) 100vw, 1024px\" \/><\/figure>\n<\/div>\n\n\n<blockquote class=\"wp-block-quote is-layout-flow wp-block-quote-is-layout-flow\">\n<h3 class=\"wp-block-heading\"><strong>\u00c0 la cuisse dor\u00e9e<\/strong><\/h3>\n<\/blockquote>\n\n\n\n<ul class=\"wp-block-list\">\n<li>Vente de gros poulet, petit poulet, saucisse volaille, jambonneau de porc, travers de porc, jambonnette de dinde etc\u2026<\/li>\n<\/ul>\n\n\n\n<ul class=\"wp-block-list\">\n<li>Pr\u00e9sente \u00e0 Haverskerque de 8h30 \u00e0 12h30 devant le g\u00eete (pr\u00e8s de la salle des f\u00eates), et ce tous les dimanches matin<\/li>\n<\/ul>\n\n\n\n<ul class=\"wp-block-list\">\n<li>06 63 81 14 63<\/li>\n<\/ul>\n\n\n\n<p><strong><a rel=\"noreferrer noopener\" href=\"https:\/\/www.facebook.com\/R%C3%B4tisserie-A-la-Cuisse-Dor%C3%A9e-105059151750118\" target=\"_blank\">https:\/\/www.facebook.com\/R\u00f4tisserie-A-la-Cuisse-Dor\u00e9e-105059151750118<\/a><\/strong><\/p>\n\n\n\n<p><\/p>\n\n\n<div class=\"wp-block-image is-style-rounded\">\n<figure class=\"aligncenter size-full is-resized\"><img loading=\"lazy\" decoding=\"async\" width=\"991\" height=\"17\" src=\"http:\/\/haverskerque.fr\/wp-content\/uploads\/2024\/01\/barre-de-separation.png\" alt=\"\" class=\"wp-image-6652\" style=\"object-fit:cover;width:256px;height:8px\" srcset=\"https:\/\/www.haverskerque.fr\/wp-content\/uploads\/2024\/01\/barre-de-separation.png 991w, https:\/\/www.haverskerque.fr\/wp-content\/uploads\/2024\/01\/barre-de-separation-300x5.png 300w, https:\/\/www.haverskerque.fr\/wp-content\/uploads\/2024\/01\/barre-de-separation-768x13.png 768w\" sizes=\"auto, (max-width: 991px) 100vw, 991px\" \/><\/figure>\n<\/div>\n\n\n<blockquote class=\"wp-block-quote is-layout-flow wp-block-quote-is-layout-flow\">\n<h3 class=\"wp-block-heading\"><strong>Friterie La Fringale<\/strong><\/h3>\n<\/blockquote>\n\n\n\n<ul class=\"wp-block-list\">\n<li>Parking de la salle des f\u00eates, Rue du 11 Novembre<\/li>\n<\/ul>\n\n\n\n<ul class=\"wp-block-list\">\n<li>Du mardi au jeudi de 11h30 \u00e0 13h45 et de 18h30 \u00e0 21h30, du vendredi au samedi de 11h30 \u00e0 13h45 et de 18h30 \u00e0 22h et le dimanche de 18h30 \u00e0 21h30<\/li>\n<\/ul>\n\n\n\n<ul class=\"wp-block-list\">\n<li>07 66 44 03 96<\/li>\n<\/ul>\n\n\n\n<p><strong><a rel=\"noreferrer noopener\" href=\"https:\/\/www.facebook.com\/Lafringalehaverskerque\/\" target=\"_blank\">https:\/\/www.facebook.com\/Lafringalehaverskerque\/<\/a><\/strong><\/p>\n\n\n\n<p><\/p>\n\n\n<div class=\"wp-block-image is-style-rounded\">\n<figure class=\"aligncenter size-full is-resized\"><img loading=\"lazy\" decoding=\"async\" width=\"991\" height=\"17\" src=\"http:\/\/haverskerque.fr\/wp-content\/uploads\/2024\/01\/barre-de-separation.png\" alt=\"\" class=\"wp-image-6652\" style=\"object-fit:cover;width:256px;height:8px\" srcset=\"https:\/\/www.haverskerque.fr\/wp-content\/uploads\/2024\/01\/barre-de-separation.png 991w, https:\/\/www.haverskerque.fr\/wp-content\/uploads\/2024\/01\/barre-de-separation-300x5.png 300w, https:\/\/www.haverskerque.fr\/wp-content\/uploads\/2024\/01\/barre-de-separation-768x13.png 768w\" sizes=\"auto, (max-width: 991px) 100vw, 991px\" \/><\/figure>\n<\/div>\n\n\n<blockquote class=\"wp-block-quote is-layout-flow wp-block-quote-is-layout-flow\">\n<h3 class=\"wp-block-heading\"><strong>Le Magloire<\/strong><\/h3>\n<\/blockquote>\n\n\n\n<ul class=\"wp-block-list\">\n<li>Restauration traditionnelle, sp\u00e9cialit\u00e9s de viandes rouges <\/li>\n<\/ul>\n\n\n\n<ul class=\"wp-block-list\">\n<li>1373 Rue du 11 Novembre<\/li>\n<\/ul>\n\n\n\n<ul class=\"wp-block-list\">\n<li>Ouvert midi et soir les lundi, vendredi et dimanche | Ouvert seulement le midi les mardi et jeudi | Ouvert seulement le soir le samedi | Ferm\u00e9 le mercredi<\/li>\n<\/ul>\n\n\n\n<ul class=\"wp-block-list\">\n<li>03 28 40 61 08<\/li>\n<\/ul>\n\n\n\n<ul class=\"wp-block-list\">\n<li><strong><a rel=\"noreferrer noopener\" href=\"mailto:lemagloire@orange.fr\" target=\"_blank\">lemagloire@orange.fr<\/a><\/strong><\/li>\n<\/ul>\n\n\n\n<p><a href=\"https:\/\/www.facebook.com\/CarolineLeMagloire\" target=\"_blank\" rel=\"noreferrer noopener\"><strong>https:\/\/www.facebook.com\/CarolineLeMagloire<\/strong><\/a><\/p>\n\n\n<div class=\"wp-block-image is-style-rounded\">\n<figure class=\"aligncenter size-full is-resized\"><img loading=\"lazy\" decoding=\"async\" width=\"991\" height=\"17\" src=\"http:\/\/haverskerque.fr\/wp-content\/uploads\/2024\/01\/barre-de-separation.png\" alt=\"\" class=\"wp-image-6652\" style=\"object-fit:cover;width:256px;height:8px\" srcset=\"https:\/\/www.haverskerque.fr\/wp-content\/uploads\/2024\/01\/barre-de-separation.png 991w, https:\/\/www.haverskerque.fr\/wp-content\/uploads\/2024\/01\/barre-de-separation-300x5.png 300w, https:\/\/www.haverskerque.fr\/wp-content\/uploads\/2024\/01\/barre-de-separation-768x13.png 768w\" sizes=\"auto, (max-width: 991px) 100vw, 991px\" \/><\/figure>\n<\/div>\n\n\n<blockquote class=\"wp-block-quote is-layout-flow wp-block-quote-is-layout-flow\">\n<h3 class=\"wp-block-heading\"><strong>Les Terrasses du Port<\/strong><\/h3>\n<\/blockquote>\n\n\n\n<ul class=\"wp-block-list\">\n<li>Restaurant traditionnel avec une cuisine maison \u00e0 base de produits frais et bar familial pendant l&rsquo;\u00e9t\u00e9. Repas de groupe possible pour un maximum de 14 personnes, en raison de la superficie int\u00e9rieure et de la forte demande de la client\u00e8le.  <\/li>\n<\/ul>\n\n\n\n<ul class=\"wp-block-list\">\n<li>193 Impasse Route Nationale (RN 16, base nautique)<\/li>\n<\/ul>\n\n\n\n<ul class=\"wp-block-list\">\n<li>Ouvert du mercredi au samedi soir | Ouvert le dimanche midi | Ferm\u00e9 le lundi, le mardi et le dimanche soir<\/li>\n<\/ul>\n\n\n\n<ul class=\"wp-block-list\">\n<li>03 28 49 90 59<\/li>\n<\/ul>\n\n\n\n<ul class=\"wp-block-list\">\n<li><strong><a rel=\"noreferrer noopener\" href=\"mailto:les-terrassesduport@orange.fr\" target=\"_blank\">les-terrassesduport@orange.fr<\/a><\/strong><\/li>\n<\/ul>\n\n\n\n<p><strong><a href=\"https:\/\/www.restaurant-lesterrasses-duport.fr\" target=\"_blank\" rel=\"noreferrer noopener\">https:\/\/www.restaurant-lesterrasses-duport.fr<\/a><\/strong><\/p>\n\n\n\n<p><\/p>\n\n\n<div class=\"wp-block-image is-style-rounded\">\n<figure class=\"aligncenter size-full is-resized\"><img loading=\"lazy\" decoding=\"async\" width=\"991\" height=\"17\" src=\"http:\/\/haverskerque.fr\/wp-content\/uploads\/2024\/01\/barre-de-separation.png\" alt=\"\" class=\"wp-image-6652\" style=\"object-fit:cover;width:256px;height:8px\" srcset=\"https:\/\/www.haverskerque.fr\/wp-content\/uploads\/2024\/01\/barre-de-separation.png 991w, https:\/\/www.haverskerque.fr\/wp-content\/uploads\/2024\/01\/barre-de-separation-300x5.png 300w, https:\/\/www.haverskerque.fr\/wp-content\/uploads\/2024\/01\/barre-de-separation-768x13.png 768w\" sizes=\"auto, (max-width: 991px) 100vw, 991px\" \/><\/figure>\n<\/div>\n\n\n<blockquote class=\"wp-block-quote is-layout-flow wp-block-quote-is-layout-flow\">\n<h3 class=\"wp-block-heading\"><strong>Nath &amp; Pizza<\/strong><\/h3>\n<\/blockquote>\n\n\n\n<ul class=\"wp-block-list\">\n<li>Pizzeria artisanale<\/li>\n<\/ul>\n\n\n\n<ul class=\"wp-block-list\">\n<li>Devant le g\u00eete (pr\u00e8s de la salle des f\u00eates)<\/li>\n<\/ul>\n\n\n\n<ul class=\"wp-block-list\">\n<li>Tous les jeudis, ouverte de 17h30 \u00e0 21h<\/li>\n<\/ul>\n\n\n\n<ul class=\"wp-block-list\">\n<li>06 60 06 22 39<\/li>\n<\/ul>\n\n\n\n<ul class=\"wp-block-list\">\n<li><strong><a href=\"mailto:nathraph62350@gmail.com\" target=\"_blank\" rel=\"noreferrer noopener\">nathraph62350@gmail.com<\/a><\/strong><\/li>\n<\/ul>\n\n\n\n<p><strong><a href=\"https:\/\/www.facebook.com\/Nathpizza-105113052105667\/\" target=\"_blank\" rel=\"noreferrer noopener\">https:\/\/www.facebook.com\/Nathpizza-105113052105667\/<\/a><\/strong><\/p>\n\n\n\n<p><\/p>\n\n\n<div class=\"wp-block-image is-style-rounded\">\n<figure class=\"aligncenter size-full is-resized\"><img loading=\"lazy\" decoding=\"async\" width=\"991\" height=\"17\" src=\"http:\/\/haverskerque.fr\/wp-content\/uploads\/2024\/01\/barre-de-separation.png\" alt=\"\" class=\"wp-image-6652\" style=\"object-fit:cover;width:256px;height:8px\" srcset=\"https:\/\/www.haverskerque.fr\/wp-content\/uploads\/2024\/01\/barre-de-separation.png 991w, https:\/\/www.haverskerque.fr\/wp-content\/uploads\/2024\/01\/barre-de-separation-300x5.png 300w, https:\/\/www.haverskerque.fr\/wp-content\/uploads\/2024\/01\/barre-de-separation-768x13.png 768w\" sizes=\"auto, (max-width: 991px) 100vw, 991px\" \/><\/figure>\n<\/div>\n\n\n<blockquote class=\"wp-block-quote is-layout-flow wp-block-quote-is-layout-flow\">\n<h3 class=\"wp-block-heading\"><strong>Au vert des Lys<\/strong><\/h3>\n<\/blockquote>\n\n\n\n<ul class=\"wp-block-list\">\n<li>Ateliers cuisine, p\u00e2tisserie et vente \u00e0 emporter (p\u00e2tisserie, plats pr\u00e9par\u00e9s\u2026) <\/li>\n<\/ul>\n\n\n\n<ul class=\"wp-block-list\">\n<li>184 Rue Verte<\/li>\n<\/ul>\n\n\n\n<ul class=\"wp-block-list\">\n<li>06 15 13 44 91<\/li>\n<\/ul>\n\n\n\n<ul class=\"wp-block-list\">\n<li><strong><a href=\"mailto:contact@auvertdeslys.com\" target=\"_blank\" rel=\"noreferrer noopener\">contact@auvertdeslys.com<\/a><\/strong><\/li>\n<\/ul>\n\n\n\n<p><strong><a href=\"http:\/\/www.auvertdeslys.com\" target=\"_blank\" rel=\"noreferrer noopener\">www.auvertdeslys.com<\/a><\/strong><\/p>\n","protected":false},"excerpt":{"rendered":"<p>\u00c0 la cuisse dor\u00e9e https:\/\/www.facebook.com\/R\u00f4tisserie-A-la-Cuisse-Dor\u00e9e-105059151750118 Friterie La Fringale https:\/\/www.facebook.com\/Lafringalehaverskerque\/ Le Magloire https:\/\/www.facebook.com\/CarolineLeMagloire Les Terrasses du Port https:\/\/www.restaurant-lesterrasses-duport.fr Nath &amp; Pizza https:\/\/www.facebook.com\/Nathpizza-105113052105667\/ Au vert des Lys www.auvertdeslys.com<\/p>\n","protected":false},"author":1,"featured_media":0,"parent":0,"menu_order":0,"comment_status":"closed","ping_status":"closed","template":"","meta":{"cybocfi_hide_featured_image":"","footnotes":""},"class_list":["post-3311","page","type-page","status-publish","hentry"],"yoast_head":"<!-- This site is optimized with the Yoast SEO plugin v27.5 - https:\/\/yoast.com\/product\/yoast-seo-wordpress\/ -->\n<title>Restauration * Haverskerque, 100% Nature !*<\/title>\n<meta name=\"robots\" content=\"index, follow, max-snippet:-1, max-image-preview:large, max-video-preview:-1\" \/>\n<link rel=\"canonical\" href=\"https:\/\/www.haverskerque.fr\/index.php\/restaurations-2\/\" \/>\n<meta property=\"og:locale\" content=\"fr_FR\" \/>\n<meta property=\"og:type\" content=\"article\" \/>\n<meta property=\"og:title\" content=\"Restauration * Haverskerque, 100% Nature !*\" \/>\n<meta property=\"og:description\" content=\"\u00c0 la cuisse dor\u00e9e https:\/\/www.facebook.com\/R\u00f4tisserie-A-la-Cuisse-Dor\u00e9e-105059151750118 Friterie La Fringale https:\/\/www.facebook.com\/Lafringalehaverskerque\/ Le Magloire https:\/\/www.facebook.com\/CarolineLeMagloire Les Terrasses du Port https:\/\/www.restaurant-lesterrasses-duport.fr Nath &amp; Pizza https:\/\/www.facebook.com\/Nathpizza-105113052105667\/ Au vert des Lys www.auvertdeslys.com\" \/>\n<meta property=\"og:url\" content=\"https:\/\/www.haverskerque.fr\/index.php\/restaurations-2\/\" \/>\n<meta property=\"og:site_name\" content=\"Haverskerque, 100% Nature !*\" \/>\n<meta property=\"article:publisher\" content=\"https:\/\/www.facebook.com\/communehaverskerque\" \/>\n<meta property=\"article:modified_time\" content=\"2025-09-01T12:36:31+00:00\" \/>\n<meta property=\"og:image\" content=\"https:\/\/www.haverskerque.fr\/wp-content\/uploads\/2024\/03\/Restauration-1024x576.png\" \/>\n\t<meta property=\"og:image:width\" content=\"1024\" \/>\n\t<meta property=\"og:image:height\" content=\"576\" \/>\n\t<meta property=\"og:image:type\" content=\"image\/png\" \/>\n<meta name=\"twitter:card\" content=\"summary_large_image\" \/>\n<meta name=\"twitter:label1\" content=\"Dur\u00e9e de lecture estim\u00e9e\" \/>\n\t<meta name=\"twitter:data1\" content=\"3 minutes\" \/>\n<script type=\"application\/ld+json\" class=\"yoast-schema-graph\">{\"@context\":\"https:\\\/\\\/schema.org\",\"@graph\":[{\"@type\":\"WebPage\",\"@id\":\"https:\\\/\\\/www.haverskerque.fr\\\/index.php\\\/restaurations-2\\\/\",\"url\":\"https:\\\/\\\/www.haverskerque.fr\\\/index.php\\\/restaurations-2\\\/\",\"name\":\"Restauration * Haverskerque, 100% Nature !*\",\"isPartOf\":{\"@id\":\"https:\\\/\\\/haverskerque.fr\\\/#website\"},\"primaryImageOfPage\":{\"@id\":\"https:\\\/\\\/www.haverskerque.fr\\\/index.php\\\/restaurations-2\\\/#primaryimage\"},\"image\":{\"@id\":\"https:\\\/\\\/www.haverskerque.fr\\\/index.php\\\/restaurations-2\\\/#primaryimage\"},\"thumbnailUrl\":\"https:\\\/\\\/haverskerque.fr\\\/wp-content\\\/uploads\\\/2024\\\/03\\\/Restauration-1024x576.png\",\"datePublished\":\"2023-06-26T11:43:38+00:00\",\"dateModified\":\"2025-09-01T12:36:31+00:00\",\"breadcrumb\":{\"@id\":\"https:\\\/\\\/www.haverskerque.fr\\\/index.php\\\/restaurations-2\\\/#breadcrumb\"},\"inLanguage\":\"fr-FR\",\"potentialAction\":[{\"@type\":\"ReadAction\",\"target\":[\"https:\\\/\\\/www.haverskerque.fr\\\/index.php\\\/restaurations-2\\\/\"]}]},{\"@type\":\"ImageObject\",\"inLanguage\":\"fr-FR\",\"@id\":\"https:\\\/\\\/www.haverskerque.fr\\\/index.php\\\/restaurations-2\\\/#primaryimage\",\"url\":\"https:\\\/\\\/haverskerque.fr\\\/wp-content\\\/uploads\\\/2024\\\/03\\\/Restauration-1024x576.png\",\"contentUrl\":\"https:\\\/\\\/haverskerque.fr\\\/wp-content\\\/uploads\\\/2024\\\/03\\\/Restauration-1024x576.png\"},{\"@type\":\"BreadcrumbList\",\"@id\":\"https:\\\/\\\/www.haverskerque.fr\\\/index.php\\\/restaurations-2\\\/#breadcrumb\",\"itemListElement\":[{\"@type\":\"ListItem\",\"position\":1,\"name\":\"Accueil\",\"item\":\"https:\\\/\\\/www.haverskerque.fr\\\/\"},{\"@type\":\"ListItem\",\"position\":2,\"name\":\"Restauration\"}]},{\"@type\":\"WebSite\",\"@id\":\"https:\\\/\\\/haverskerque.fr\\\/#website\",\"url\":\"https:\\\/\\\/haverskerque.fr\\\/\",\"name\":\"Haverskerque\",\"description\":\"Haverskerque, 100% Nature !\",\"publisher\":{\"@id\":\"https:\\\/\\\/haverskerque.fr\\\/#organization\"},\"alternateName\":\"Haverskerque\",\"potentialAction\":[{\"@type\":\"SearchAction\",\"target\":{\"@type\":\"EntryPoint\",\"urlTemplate\":\"https:\\\/\\\/haverskerque.fr\\\/?s={search_term_string}\"},\"query-input\":{\"@type\":\"PropertyValueSpecification\",\"valueRequired\":true,\"valueName\":\"search_term_string\"}}],\"inLanguage\":\"fr-FR\"},{\"@type\":\"Organization\",\"@id\":\"https:\\\/\\\/haverskerque.fr\\\/#organization\",\"name\":\"Commune d'Haverskerque\",\"alternateName\":\"Commune d'Haverskerque\",\"url\":\"https:\\\/\\\/haverskerque.fr\\\/\",\"logo\":{\"@type\":\"ImageObject\",\"inLanguage\":\"fr-FR\",\"@id\":\"https:\\\/\\\/haverskerque.fr\\\/#\\\/schema\\\/logo\\\/image\\\/\",\"url\":\"https:\\\/\\\/haverskerque.fr\\\/wp-content\\\/uploads\\\/2024\\\/01\\\/siteon0-e5814-1.png\",\"contentUrl\":\"https:\\\/\\\/haverskerque.fr\\\/wp-content\\\/uploads\\\/2024\\\/01\\\/siteon0-e5814-1.png\",\"width\":236,\"height\":102,\"caption\":\"Commune d'Haverskerque\"},\"image\":{\"@id\":\"https:\\\/\\\/haverskerque.fr\\\/#\\\/schema\\\/logo\\\/image\\\/\"},\"sameAs\":[\"https:\\\/\\\/www.facebook.com\\\/communehaverskerque\",\"https:\\\/\\\/www.instagram.com\\\/communehaverskerque\\\/\"]}]}<\/script>\n<!-- \/ Yoast SEO plugin. -->","yoast_head_json":{"title":"Restauration * Haverskerque, 100% Nature !*","robots":{"index":"index","follow":"follow","max-snippet":"max-snippet:-1","max-image-preview":"max-image-preview:large","max-video-preview":"max-video-preview:-1"},"canonical":"https:\/\/www.haverskerque.fr\/index.php\/restaurations-2\/","og_locale":"fr_FR","og_type":"article","og_title":"Restauration * Haverskerque, 100% Nature !*","og_description":"\u00c0 la cuisse dor\u00e9e https:\/\/www.facebook.com\/R\u00f4tisserie-A-la-Cuisse-Dor\u00e9e-105059151750118 Friterie La Fringale https:\/\/www.facebook.com\/Lafringalehaverskerque\/ Le Magloire https:\/\/www.facebook.com\/CarolineLeMagloire Les Terrasses du Port https:\/\/www.restaurant-lesterrasses-duport.fr Nath &amp; Pizza https:\/\/www.facebook.com\/Nathpizza-105113052105667\/ Au vert des Lys www.auvertdeslys.com","og_url":"https:\/\/www.haverskerque.fr\/index.php\/restaurations-2\/","og_site_name":"Haverskerque, 100% Nature !*","article_publisher":"https:\/\/www.facebook.com\/communehaverskerque","article_modified_time":"2025-09-01T12:36:31+00:00","og_image":[{"width":1024,"height":576,"url":"https:\/\/www.haverskerque.fr\/wp-content\/uploads\/2024\/03\/Restauration-1024x576.png","type":"image\/png"}],"twitter_card":"summary_large_image","twitter_misc":{"Dur\u00e9e de lecture estim\u00e9e":"3 minutes"},"schema":{"@context":"https:\/\/schema.org","@graph":[{"@type":"WebPage","@id":"https:\/\/www.haverskerque.fr\/index.php\/restaurations-2\/","url":"https:\/\/www.haverskerque.fr\/index.php\/restaurations-2\/","name":"Restauration * Haverskerque, 100% Nature !*","isPartOf":{"@id":"https:\/\/haverskerque.fr\/#website"},"primaryImageOfPage":{"@id":"https:\/\/www.haverskerque.fr\/index.php\/restaurations-2\/#primaryimage"},"image":{"@id":"https:\/\/www.haverskerque.fr\/index.php\/restaurations-2\/#primaryimage"},"thumbnailUrl":"https:\/\/haverskerque.fr\/wp-content\/uploads\/2024\/03\/Restauration-1024x576.png","datePublished":"2023-06-26T11:43:38+00:00","dateModified":"2025-09-01T12:36:31+00:00","breadcrumb":{"@id":"https:\/\/www.haverskerque.fr\/index.php\/restaurations-2\/#breadcrumb"},"inLanguage":"fr-FR","potentialAction":[{"@type":"ReadAction","target":["https:\/\/www.haverskerque.fr\/index.php\/restaurations-2\/"]}]},{"@type":"ImageObject","inLanguage":"fr-FR","@id":"https:\/\/www.haverskerque.fr\/index.php\/restaurations-2\/#primaryimage","url":"https:\/\/haverskerque.fr\/wp-content\/uploads\/2024\/03\/Restauration-1024x576.png","contentUrl":"https:\/\/haverskerque.fr\/wp-content\/uploads\/2024\/03\/Restauration-1024x576.png"},{"@type":"BreadcrumbList","@id":"https:\/\/www.haverskerque.fr\/index.php\/restaurations-2\/#breadcrumb","itemListElement":[{"@type":"ListItem","position":1,"name":"Accueil","item":"https:\/\/www.haverskerque.fr\/"},{"@type":"ListItem","position":2,"name":"Restauration"}]},{"@type":"WebSite","@id":"https:\/\/haverskerque.fr\/#website","url":"https:\/\/haverskerque.fr\/","name":"Haverskerque","description":"Haverskerque, 100% Nature !","publisher":{"@id":"https:\/\/haverskerque.fr\/#organization"},"alternateName":"Haverskerque","potentialAction":[{"@type":"SearchAction","target":{"@type":"EntryPoint","urlTemplate":"https:\/\/haverskerque.fr\/?s={search_term_string}"},"query-input":{"@type":"PropertyValueSpecification","valueRequired":true,"valueName":"search_term_string"}}],"inLanguage":"fr-FR"},{"@type":"Organization","@id":"https:\/\/haverskerque.fr\/#organization","name":"Commune d'Haverskerque","alternateName":"Commune d'Haverskerque","url":"https:\/\/haverskerque.fr\/","logo":{"@type":"ImageObject","inLanguage":"fr-FR","@id":"https:\/\/haverskerque.fr\/#\/schema\/logo\/image\/","url":"https:\/\/haverskerque.fr\/wp-content\/uploads\/2024\/01\/siteon0-e5814-1.png","contentUrl":"https:\/\/haverskerque.fr\/wp-content\/uploads\/2024\/01\/siteon0-e5814-1.png","width":236,"height":102,"caption":"Commune d'Haverskerque"},"image":{"@id":"https:\/\/haverskerque.fr\/#\/schema\/logo\/image\/"},"sameAs":["https:\/\/www.facebook.com\/communehaverskerque","https:\/\/www.instagram.com\/communehaverskerque\/"]}]}},"_links":{"self":[{"href":"https:\/\/www.haverskerque.fr\/index.php\/wp-json\/wp\/v2\/pages\/3311","targetHints":{"allow":["GET"]}}],"collection":[{"href":"https:\/\/www.haverskerque.fr\/index.php\/wp-json\/wp\/v2\/pages"}],"about":[{"href":"https:\/\/www.haverskerque.fr\/index.php\/wp-json\/wp\/v2\/types\/page"}],"author":[{"embeddable":true,"href":"https:\/\/www.haverskerque.fr\/index.php\/wp-json\/wp\/v2\/users\/1"}],"replies":[{"embeddable":true,"href":"https:\/\/www.haverskerque.fr\/index.php\/wp-json\/wp\/v2\/comments?post=3311"}],"version-history":[{"count":20,"href":"https:\/\/www.haverskerque.fr\/index.php\/wp-json\/wp\/v2\/pages\/3311\/revisions"}],"predecessor-version":[{"id":9603,"href":"https:\/\/www.haverskerque.fr\/index.php\/wp-json\/wp\/v2\/pages\/3311\/revisions\/9603"}],"wp:attachment":[{"href":"https:\/\/www.haverskerque.fr\/index.php\/wp-json\/wp\/v2\/media?parent=3311"}],"curies":[{"name":"wp","href":"https:\/\/api.w.org\/{rel}","templated":true}]}}