{"id":3309,"date":"2023-06-26T13:42:52","date_gmt":"2023-06-26T11:42:52","guid":{"rendered":"http:\/\/barbry.esy.es\/?page_id=3309"},"modified":"2026-03-09T20:42:12","modified_gmt":"2026-03-09T19:42:12","slug":"commerces-artisanat-entreprises","status":"publish","type":"page","link":"https:\/\/www.haverskerque.fr\/index.php\/commerces-artisanat-entreprises\/","title":{"rendered":"Commerces\/Artisanat\/Entreprises"},"content":{"rendered":"<div class=\"wp-block-image\">\n<figure class=\"aligncenter size-large is-resized\"><img loading=\"lazy\" decoding=\"async\" width=\"1024\" height=\"576\" src=\"https:\/\/haverskerque.fr\/wp-content\/uploads\/2024\/03\/Commerces_Artisanat_Entreprises-1024x576.png\" alt=\"\" class=\"wp-image-7532\" style=\"object-fit:cover;width:700px;height:393px\" srcset=\"https:\/\/www.haverskerque.fr\/wp-content\/uploads\/2024\/03\/Commerces_Artisanat_Entreprises-1024x576.png 1024w, https:\/\/www.haverskerque.fr\/wp-content\/uploads\/2024\/03\/Commerces_Artisanat_Entreprises-300x169.png 300w, https:\/\/www.haverskerque.fr\/wp-content\/uploads\/2024\/03\/Commerces_Artisanat_Entreprises-768x432.png 768w, https:\/\/www.haverskerque.fr\/wp-content\/uploads\/2024\/03\/Commerces_Artisanat_Entreprises-1536x864.png 1536w, https:\/\/www.haverskerque.fr\/wp-content\/uploads\/2024\/03\/Commerces_Artisanat_Entreprises-1140x641.png 1140w, https:\/\/www.haverskerque.fr\/wp-content\/uploads\/2024\/03\/Commerces_Artisanat_Entreprises.png 1920w\" sizes=\"auto, (max-width: 1024px) 100vw, 1024px\" \/><\/figure>\n<\/div>\n\n\n<blockquote class=\"wp-block-quote is-layout-flow wp-block-quote-is-layout-flow\">\n<p><em>Retrouvez ici la liste des commerces, artisans et entreprises avec un descriptif de leur activit\u00e9 et leur contact.<\/em><\/p>\n<\/blockquote>\n\n\n\n<h1 class=\"wp-block-heading has-text-align-left\">Commerces<\/h1>\n\n\n\n<blockquote class=\"wp-block-quote is-layout-flow wp-block-quote-is-layout-flow\">\n<h3 class=\"wp-block-heading\"><strong>\u00c0 tr&rsquo;havers champs<\/strong><\/h3>\n<\/blockquote>\n\n\n\n<ul class=\"wp-block-list\">\n<li>Distributeur automatique d\u2019\u0153ufs, de fruits et de l\u00e9gumes de saison en direct du producteur : la ferme Guillaume DOUBLET d\u2019Haverskerque<\/li>\n<\/ul>\n\n\n\n<ul class=\"wp-block-list\">\n<li>Rue du 11 Novembre (devant le parking de la Salle des F\u00eates)<\/li>\n<\/ul>\n\n\n\n<ul class=\"wp-block-list\">\n<li>Ouvert non stop<\/li>\n<\/ul>\n\n\n\n<ul class=\"wp-block-list\">\n<li>06 71 70 41 80<\/li>\n<\/ul>\n\n\n\n<p><strong><a rel=\"noreferrer noopener\" href=\"https:\/\/www.facebook.com\/atrHaverschamps\" target=\"_blank\">https:\/\/www.facebook.com\/atrHaverschamps<\/a><\/strong><\/p>\n\n\n<div class=\"wp-block-image is-style-rounded\">\n<figure class=\"aligncenter size-full is-resized\"><img loading=\"lazy\" decoding=\"async\" width=\"991\" height=\"17\" src=\"http:\/\/haverskerque.fr\/wp-content\/uploads\/2024\/01\/barre-de-separation.png\" alt=\"\" class=\"wp-image-6652\" style=\"object-fit:cover;width:256px;height:8px\" srcset=\"https:\/\/www.haverskerque.fr\/wp-content\/uploads\/2024\/01\/barre-de-separation.png 991w, https:\/\/www.haverskerque.fr\/wp-content\/uploads\/2024\/01\/barre-de-separation-300x5.png 300w, https:\/\/www.haverskerque.fr\/wp-content\/uploads\/2024\/01\/barre-de-separation-768x13.png 768w\" sizes=\"auto, (max-width: 991px) 100vw, 991px\" \/><\/figure>\n<\/div>\n\n\n<blockquote class=\"wp-block-quote is-layout-flow wp-block-quote-is-layout-flow\">\n<h3 class=\"wp-block-heading\"><strong>Les jardins du Corbie<\/strong><\/h3>\n<\/blockquote>\n\n\n\n<ul class=\"wp-block-list\">\n<li>D\u00e9couvrez la ferme du Corbie et sa proposition de paniers fermiers \u00e0 r\u00e9cup\u00e9rer sur commande le mercredi. L\u00e9gumes diversifi\u00e9s de saison et locaux. Cultiv\u00e9s au naturel.<\/li>\n<\/ul>\n\n\n\n<ul class=\"wp-block-list\">\n<li>2290 Rue de Merville<\/li>\n<\/ul>\n\n\n\n<ul class=\"wp-block-list\">\n<li>07 49 62 96 32<\/li>\n<\/ul>\n\n\n\n<ul class=\"wp-block-list\">\n<li><strong><a href=\"mailto:ludo@lesjardinsducorbie.fr\" target=\"_blank\" rel=\"noreferrer noopener\">ludo@lesjardinsducorbie.fr<\/a><\/strong><\/li>\n<\/ul>\n\n\n\n<p><strong><a href=\"https:\/\/www.facebook.com\/profile.php?id=61578691001706\" target=\"_blank\" rel=\"noreferrer noopener\">https:\/\/www.facebook.com\/profile.php?id=61578691001706<\/a><\/strong><\/p>\n\n\n<div class=\"wp-block-image is-style-rounded\">\n<figure class=\"aligncenter size-full is-resized\"><img loading=\"lazy\" decoding=\"async\" width=\"991\" height=\"17\" src=\"http:\/\/haverskerque.fr\/wp-content\/uploads\/2024\/01\/barre-de-separation.png\" alt=\"\" class=\"wp-image-6652\" style=\"object-fit:cover;width:256px;height:8px\" srcset=\"https:\/\/www.haverskerque.fr\/wp-content\/uploads\/2024\/01\/barre-de-separation.png 991w, https:\/\/www.haverskerque.fr\/wp-content\/uploads\/2024\/01\/barre-de-separation-300x5.png 300w, https:\/\/www.haverskerque.fr\/wp-content\/uploads\/2024\/01\/barre-de-separation-768x13.png 768w\" sizes=\"auto, (max-width: 991px) 100vw, 991px\" \/><\/figure>\n<\/div>\n\n\n<blockquote class=\"wp-block-quote is-layout-flow wp-block-quote-is-layout-flow\">\n<h3 class=\"wp-block-heading\"><strong>C\u0153ur d&rsquo;Int\u00e9rieur <\/strong><\/h3>\n<\/blockquote>\n\n\n\n<ul class=\"wp-block-list\">\n<li>D\u00e9coration pour la maison, cadeaux, bougies et senteurs, univers b\u00e9b\u00e9, meubles, luminaires, bijoux, bons cadeaux etc\u2026<\/li>\n<\/ul>\n\n\n\n<ul class=\"wp-block-list\">\n<li>766 Rue du 8 Mai 1945<\/li>\n<\/ul>\n\n\n\n<ul class=\"wp-block-list\">\n<li>Ouvert du mardi au samedi de 9h30 \u00e0 12h et de 14h \u00e0 19h (ouvert les dimanches en novembre et d\u00e9cembre de 14h30 \u00e0 18h)<\/li>\n<\/ul>\n\n\n\n<ul class=\"wp-block-list\">\n<li>03 28 42 02 73<\/li>\n<\/ul>\n\n\n\n<ul class=\"wp-block-list\">\n<li><strong><a href=\"mailto:coeurinterieur@orange.fr\" target=\"_blank\" rel=\"noreferrer noopener\">coeurinterieur@orange.fr<\/a><\/strong><\/li>\n<\/ul>\n\n\n\n<p><a href=\"https:\/\/www.facebook.com\/coeurdinterieurhaverskerque\" target=\"_blank\" rel=\"noreferrer noopener\"><strong>https:\/\/www.facebook.com\/coeurdinterieurhaverskerque<\/strong><\/a><\/p>\n\n\n\n<p><a href=\"https:\/\/www.instagram.com\/coeur_d_interieur_59660\/\" target=\"_blank\" rel=\"noreferrer noopener\"><strong>https:\/\/www.instagram.com\/coeur_d_interieur_59660\/<\/strong><\/a><\/p>\n\n\n<div class=\"wp-block-image is-style-rounded\">\n<figure class=\"aligncenter size-full is-resized\"><img loading=\"lazy\" decoding=\"async\" width=\"991\" height=\"17\" src=\"http:\/\/haverskerque.fr\/wp-content\/uploads\/2024\/01\/barre-de-separation.png\" alt=\"\" class=\"wp-image-6652\" style=\"object-fit:cover;width:256px;height:8px\" srcset=\"https:\/\/www.haverskerque.fr\/wp-content\/uploads\/2024\/01\/barre-de-separation.png 991w, https:\/\/www.haverskerque.fr\/wp-content\/uploads\/2024\/01\/barre-de-separation-300x5.png 300w, https:\/\/www.haverskerque.fr\/wp-content\/uploads\/2024\/01\/barre-de-separation-768x13.png 768w\" sizes=\"auto, (max-width: 991px) 100vw, 991px\" \/><\/figure>\n<\/div>\n\n\n<blockquote class=\"wp-block-quote is-layout-flow wp-block-quote-is-layout-flow\">\n<h3 class=\"wp-block-heading\"><strong>Garage SERGENT<\/strong><\/h3>\n<\/blockquote>\n\n\n\n<ul class=\"wp-block-list\">\n<li>Garage pour v\u00e9hicules automobiles<\/li>\n<\/ul>\n\n\n\n<ul class=\"wp-block-list\">\n<li>85 bis Rue du 8 Mai 1945<\/li>\n<\/ul>\n\n\n\n<ul class=\"wp-block-list\">\n<li>03 28 40 62 13<\/li>\n<\/ul>\n\n\n<div class=\"wp-block-image is-style-rounded\">\n<figure class=\"aligncenter size-full is-resized\"><img loading=\"lazy\" decoding=\"async\" width=\"991\" height=\"17\" src=\"http:\/\/haverskerque.fr\/wp-content\/uploads\/2024\/01\/barre-de-separation.png\" alt=\"\" class=\"wp-image-6652\" style=\"object-fit:cover;width:256px;height:8px\" srcset=\"https:\/\/www.haverskerque.fr\/wp-content\/uploads\/2024\/01\/barre-de-separation.png 991w, https:\/\/www.haverskerque.fr\/wp-content\/uploads\/2024\/01\/barre-de-separation-300x5.png 300w, https:\/\/www.haverskerque.fr\/wp-content\/uploads\/2024\/01\/barre-de-separation-768x13.png 768w\" sizes=\"auto, (max-width: 991px) 100vw, 991px\" \/><\/figure>\n<\/div>\n\n\n<blockquote class=\"wp-block-quote is-layout-flow wp-block-quote-is-layout-flow\">\n<h3 class=\"wp-block-heading\"><strong>Le Sulky<\/strong><\/h3>\n<\/blockquote>\n\n\n\n<ul class=\"wp-block-list\">\n<li>Caf\u00e9, PMU et FDJ<\/li>\n<\/ul>\n\n\n\n<ul class=\"wp-block-list\">\n<li>7 Rue du 8 Mai 1945<\/li>\n<\/ul>\n\n\n\n<ul class=\"wp-block-list\">\n<li>03 28 40 61 07<\/li>\n<\/ul>\n\n\n\n<ul class=\"wp-block-list\">\n<li>Ferm\u00e9 le jeudi<\/li>\n<\/ul>\n\n\n<div class=\"wp-block-image is-style-rounded\">\n<figure class=\"aligncenter size-full is-resized\"><img loading=\"lazy\" decoding=\"async\" width=\"991\" height=\"17\" src=\"http:\/\/haverskerque.fr\/wp-content\/uploads\/2024\/01\/barre-de-separation.png\" alt=\"\" class=\"wp-image-6652\" style=\"object-fit:cover;width:256px;height:8px\" srcset=\"https:\/\/www.haverskerque.fr\/wp-content\/uploads\/2024\/01\/barre-de-separation.png 991w, https:\/\/www.haverskerque.fr\/wp-content\/uploads\/2024\/01\/barre-de-separation-300x5.png 300w, https:\/\/www.haverskerque.fr\/wp-content\/uploads\/2024\/01\/barre-de-separation-768x13.png 768w\" sizes=\"auto, (max-width: 991px) 100vw, 991px\" \/><\/figure>\n<\/div>\n\n\n<figure class=\"wp-block-image size-full\"><img loading=\"lazy\" decoding=\"async\" width=\"593\" height=\"45\" src=\"http:\/\/barbry.esy.es\/wp-content\/uploads\/2023\/02\/bandeblanche.jpg\" alt=\"\" class=\"wp-image-381\" srcset=\"https:\/\/www.haverskerque.fr\/wp-content\/uploads\/2023\/02\/bandeblanche.jpg 593w, https:\/\/www.haverskerque.fr\/wp-content\/uploads\/2023\/02\/bandeblanche-300x23.jpg 300w\" sizes=\"auto, (max-width: 593px) 100vw, 593px\" \/><\/figure>\n\n\n\n<h1 class=\"wp-block-heading has-text-align-left\">Artisanat<\/h1>\n\n\n\n<blockquote class=\"wp-block-quote is-layout-flow wp-block-quote-is-layout-flow\">\n<h3 class=\"wp-block-heading\"><strong>AGIVIT Toitures<\/strong><\/h3>\n<\/blockquote>\n\n\n\n<ul class=\"wp-block-list\">\n<li>R\u00e9novation et r\u00e9paration de couverture, isolation de toiture par l&rsquo;ext\u00e9rieur, expert VELUX et SAV VELUX, zinguerie\u2026<\/li>\n<\/ul>\n\n\n\n<ul class=\"wp-block-list\">\n<li>276 Rue du 8 Mai 1945<\/li>\n<\/ul>\n\n\n\n<ul class=\"wp-block-list\">\n<li>06 74 64 36 54<\/li>\n<\/ul>\n\n\n\n<ul class=\"wp-block-list\">\n<li>09 54 43 70 65<\/li>\n<\/ul>\n\n\n\n<ul class=\"wp-block-list\">\n<li><strong><a href=\"mailto:agivittoitures@laposte.net\" target=\"_blank\" rel=\"noreferrer noopener\">agivittoitures@laposte.net<\/a><\/strong><\/li>\n<\/ul>\n\n\n\n<p><strong><a href=\"https:\/\/www.agivit-toitures.com\/\" target=\"_blank\" rel=\"noreferrer noopener\">https:\/\/www.agivit-toitures.com\/<\/a><\/strong><\/p>\n\n\n<div class=\"wp-block-image is-style-rounded\">\n<figure class=\"aligncenter size-full is-resized\"><img loading=\"lazy\" decoding=\"async\" width=\"991\" height=\"17\" src=\"http:\/\/haverskerque.fr\/wp-content\/uploads\/2024\/01\/barre-de-separation.png\" alt=\"\" class=\"wp-image-6652\" style=\"object-fit:cover;width:256px;height:8px\" srcset=\"https:\/\/www.haverskerque.fr\/wp-content\/uploads\/2024\/01\/barre-de-separation.png 991w, https:\/\/www.haverskerque.fr\/wp-content\/uploads\/2024\/01\/barre-de-separation-300x5.png 300w, https:\/\/www.haverskerque.fr\/wp-content\/uploads\/2024\/01\/barre-de-separation-768x13.png 768w\" sizes=\"auto, (max-width: 991px) 100vw, 991px\" \/><\/figure>\n<\/div>\n\n\n<blockquote class=\"wp-block-quote is-layout-flow wp-block-quote-is-layout-flow\">\n<h3 class=\"wp-block-heading\"><strong>T.A.M.G marque de Diag Toiture<\/strong><\/h3>\n<\/blockquote>\n\n\n\n<ul class=\"wp-block-list\">\n<li>Notre mission est d&rsquo;apporter par notre savoir;&nbsp;notre exp\u00e9rience professionnelle et notre impartialit\u00e9; la transparence quant \u00e0 l&rsquo;\u00e9tat des toitures&nbsp;de nos clients dans le but de leur garantir la s\u00e9r\u00e9nit\u00e9 lors d&rsquo;une transaction immobili\u00e8re, un projet de r\u00e9novation ou de r\u00e9habilitation.<\/li>\n<\/ul>\n\n\n\n<ul class=\"wp-block-list\">\n<li>Conna\u00eetre l&rsquo;\u00e9tat de la toiture lors d&rsquo;une transaction immobili\u00e8re ou d&rsquo;une r\u00e9novation &#8211; Recherche de fuite en toiture &#8211; Anticipation de travaux \u00e0 r\u00e9aliser<\/li>\n<\/ul>\n\n\n\n<ul class=\"wp-block-list\">\n<li>266 Rue du 8 Mai 1945<\/li>\n<\/ul>\n\n\n\n<ul class=\"wp-block-list\">\n<li>06 74 64 36 54<\/li>\n<\/ul>\n\n\n\n<ul class=\"wp-block-list\">\n<li><strong><a href=\"mailto:contact@tamg-france.fr\" target=\"_blank\" rel=\"noreferrer noopener\">contact@tamg-france.fr<\/a><\/strong><\/li>\n<\/ul>\n\n\n\n<p><a href=\"https:\/\/www.tamg-france.fr\" target=\"_blank\" rel=\"noreferrer noopener\"><strong>https:\/\/www.tamg-france.fr<\/strong><\/a><\/p>\n\n\n<div class=\"wp-block-image is-style-rounded\">\n<figure class=\"aligncenter size-full is-resized\"><img loading=\"lazy\" decoding=\"async\" width=\"991\" height=\"17\" src=\"http:\/\/haverskerque.fr\/wp-content\/uploads\/2024\/01\/barre-de-separation.png\" alt=\"\" class=\"wp-image-6652\" style=\"object-fit:cover;width:256px;height:8px\" srcset=\"https:\/\/www.haverskerque.fr\/wp-content\/uploads\/2024\/01\/barre-de-separation.png 991w, https:\/\/www.haverskerque.fr\/wp-content\/uploads\/2024\/01\/barre-de-separation-300x5.png 300w, https:\/\/www.haverskerque.fr\/wp-content\/uploads\/2024\/01\/barre-de-separation-768x13.png 768w\" sizes=\"auto, (max-width: 991px) 100vw, 991px\" \/><\/figure>\n<\/div>\n\n\n<blockquote class=\"wp-block-quote is-layout-flow wp-block-quote-is-layout-flow\">\n<h3 class=\"wp-block-heading\"><strong>Boulangerie ROYEZ<\/strong><\/h3>\n<\/blockquote>\n\n\n\n<ul class=\"wp-block-list\">\n<li>Boulangerie, p\u00e2tisserie, traiteur, glaces maison toute l&rsquo;ann\u00e9e<\/li>\n<\/ul>\n\n\n\n<ul class=\"wp-block-list\">\n<li>54 Rue du 8 Mai 1945<\/li>\n<\/ul>\n\n\n\n<ul class=\"wp-block-list\">\n<li>Ouvert non stop du mardi au vendredi de 6h30 \u00e0 19h. Le samedi : 7h30-18h | Le dimanche : 7h30-12h30. Ferm\u00e9 le lundi<\/li>\n<\/ul>\n\n\n\n<ul class=\"wp-block-list\">\n<li>03 28 40 61 04<\/li>\n<\/ul>\n\n\n\n<p><a href=\"https:\/\/www.facebook.com\/profile.php?id=100063661593964\" target=\"_blank\" rel=\"noreferrer noopener\"><strong>https:\/\/www.facebook.com\/profile.php?id=100063661593964<\/strong><\/a><\/p>\n\n\n<div class=\"wp-block-image is-style-rounded\">\n<figure class=\"aligncenter size-full is-resized\"><img loading=\"lazy\" decoding=\"async\" width=\"991\" height=\"17\" src=\"http:\/\/haverskerque.fr\/wp-content\/uploads\/2024\/01\/barre-de-separation.png\" alt=\"\" class=\"wp-image-6652\" style=\"object-fit:cover;width:256px;height:8px\" srcset=\"https:\/\/www.haverskerque.fr\/wp-content\/uploads\/2024\/01\/barre-de-separation.png 991w, https:\/\/www.haverskerque.fr\/wp-content\/uploads\/2024\/01\/barre-de-separation-300x5.png 300w, https:\/\/www.haverskerque.fr\/wp-content\/uploads\/2024\/01\/barre-de-separation-768x13.png 768w\" sizes=\"auto, (max-width: 991px) 100vw, 991px\" \/><\/figure>\n<\/div>\n\n\n<blockquote class=\"wp-block-quote is-layout-flow wp-block-quote-is-layout-flow\">\n<h3 class=\"wp-block-heading\"><strong>Calyma Couture<\/strong><\/h3>\n<\/blockquote>\n\n\n\n<ul class=\"wp-block-list\">\n<li>Inspiration historique, sur mesure, confection et retouches<\/li>\n<\/ul>\n\n\n\n<ul class=\"wp-block-list\">\n<li>06 31 16 49 55<\/li>\n<\/ul>\n\n\n\n<ul class=\"wp-block-list\">\n<li><strong><a href=\"mailto:calyma.couture@gmail.com\" target=\"_blank\" rel=\"noreferrer noopener\">calyma.couture@gmail.com<\/a><\/strong><\/li>\n<\/ul>\n\n\n\n<p><a href=\"https:\/\/www.calyma.fr\" target=\"_blank\" rel=\"noreferrer noopener\"><strong>https:\/\/www.calyma.fr<\/strong><\/a><\/p>\n\n\n<div class=\"wp-block-image is-style-rounded\">\n<figure class=\"aligncenter size-full is-resized\"><img loading=\"lazy\" decoding=\"async\" width=\"991\" height=\"17\" src=\"http:\/\/haverskerque.fr\/wp-content\/uploads\/2024\/01\/barre-de-separation.png\" alt=\"\" class=\"wp-image-6652\" style=\"object-fit:cover;width:256px;height:8px\" srcset=\"https:\/\/www.haverskerque.fr\/wp-content\/uploads\/2024\/01\/barre-de-separation.png 991w, https:\/\/www.haverskerque.fr\/wp-content\/uploads\/2024\/01\/barre-de-separation-300x5.png 300w, https:\/\/www.haverskerque.fr\/wp-content\/uploads\/2024\/01\/barre-de-separation-768x13.png 768w\" sizes=\"auto, (max-width: 991px) 100vw, 991px\" \/><\/figure>\n<\/div>\n\n\n<blockquote class=\"wp-block-quote is-layout-flow wp-block-quote-is-layout-flow\">\n<h3 class=\"wp-block-heading\"><strong>Coutur&rsquo;hier<\/strong><\/h3>\n<\/blockquote>\n\n\n\n<ul class=\"wp-block-list\">\n<li>Couture, cr\u00e9ations et retouches<\/li>\n<\/ul>\n\n\n\n<ul class=\"wp-block-list\">\n<li>1170 Rue de Merville<\/li>\n<\/ul>\n\n\n\n<ul class=\"wp-block-list\">\n<li>Ouvert du lundi au vendredi de 9h \u00e0 12h et de 14h \u00e0 18h<\/li>\n<\/ul>\n\n\n\n<ul class=\"wp-block-list\">\n<li>06 24 20 48 94<\/li>\n<\/ul>\n\n\n\n<ul class=\"wp-block-list\">\n<li><strong><a href=\"mailto:couturhier@gmail.com\" target=\"_blank\" rel=\"noreferrer noopener\">couturhier@gmail.com<\/a><\/strong><\/li>\n<\/ul>\n\n\n\n<p><strong><a href=\"https:\/\/couturhier.wordpress.com\/\" target=\"_blank\" rel=\"noreferrer noopener\">https:\/\/couturhier.wordpress.com\/<\/a><\/strong><\/p>\n\n\n<div class=\"wp-block-image is-style-rounded\">\n<figure class=\"aligncenter size-full is-resized\"><img loading=\"lazy\" decoding=\"async\" width=\"991\" height=\"17\" src=\"http:\/\/haverskerque.fr\/wp-content\/uploads\/2024\/01\/barre-de-separation.png\" alt=\"\" class=\"wp-image-6652\" style=\"object-fit:cover;width:256px;height:8px\" srcset=\"https:\/\/www.haverskerque.fr\/wp-content\/uploads\/2024\/01\/barre-de-separation.png 991w, https:\/\/www.haverskerque.fr\/wp-content\/uploads\/2024\/01\/barre-de-separation-300x5.png 300w, https:\/\/www.haverskerque.fr\/wp-content\/uploads\/2024\/01\/barre-de-separation-768x13.png 768w\" sizes=\"auto, (max-width: 991px) 100vw, 991px\" \/><\/figure>\n<\/div>\n\n\n<blockquote class=\"wp-block-quote is-layout-flow wp-block-quote-is-layout-flow\">\n<h3 class=\"wp-block-heading\"><strong>Atelier du Poisson Bleu<\/strong><\/h3>\n<\/blockquote>\n\n\n\n<ul class=\"wp-block-list\">\n<li>Atelier de cr\u00e9ation couture unique pour petits et grands, mode et d\u00e9coration<\/li>\n<\/ul>\n\n\n\n<ul class=\"wp-block-list\">\n<li>06 15 13 74 13<\/li>\n<\/ul>\n\n\n\n<ul class=\"wp-block-list\">\n<li><a href=\"mailto:contact@atelierdupoissonbleu.fr\" target=\"_blank\" rel=\"noreferrer noopener\"><strong>contact@atelierdupoissonbleu.fr<\/strong><\/a><\/li>\n<\/ul>\n\n\n\n<p><a href=\"https:\/\/www.facebook.com\/auroredupoissonbleu\" target=\"_blank\" rel=\"noreferrer noopener\"><strong>https:\/\/www.facebook.com\/auroredupoissonbleu<\/strong><\/a><\/p>\n\n\n\n<p><a href=\"https:\/\/www.instagram.com\/atelierdupoissonbleu\" target=\"_blank\" rel=\"noreferrer noopener\"><strong>https:\/\/www.instagram.com\/atelierdupoissonbleu<\/strong><\/a><\/p>\n\n\n<div class=\"wp-block-image is-style-rounded\">\n<figure class=\"aligncenter size-full is-resized\"><img loading=\"lazy\" decoding=\"async\" width=\"991\" height=\"17\" src=\"http:\/\/haverskerque.fr\/wp-content\/uploads\/2024\/01\/barre-de-separation.png\" alt=\"\" class=\"wp-image-6652\" style=\"object-fit:cover;width:256px;height:8px\" srcset=\"https:\/\/www.haverskerque.fr\/wp-content\/uploads\/2024\/01\/barre-de-separation.png 991w, https:\/\/www.haverskerque.fr\/wp-content\/uploads\/2024\/01\/barre-de-separation-300x5.png 300w, https:\/\/www.haverskerque.fr\/wp-content\/uploads\/2024\/01\/barre-de-separation-768x13.png 768w\" sizes=\"auto, (max-width: 991px) 100vw, 991px\" \/><\/figure>\n<\/div>\n\n\n<blockquote class=\"wp-block-quote is-layout-flow wp-block-quote-is-layout-flow\">\n<h3 class=\"wp-block-heading\"><strong>COZE Bois<\/strong><\/h3>\n<\/blockquote>\n\n\n\n<ul class=\"wp-block-list\">\n<li>Sylviculteur, bois de chauffage<\/li>\n<\/ul>\n\n\n\n<ul class=\"wp-block-list\">\n<li>1580 Rue Verte<\/li>\n<\/ul>\n\n\n\n<ul class=\"wp-block-list\">\n<li>03 28 48 84 15 | 06 10 35 86 07<\/li>\n<\/ul>\n\n\n\n<ul class=\"wp-block-list\">\n<li><a href=\"mailto:cozebois@yahoo.com\" target=\"_blank\" rel=\"noreferrer noopener\"><strong>cozebois@yahoo.com<\/strong><\/a><\/li>\n<\/ul>\n\n\n\n<p><\/p>\n\n\n<div class=\"wp-block-image is-style-rounded\">\n<figure class=\"aligncenter size-full is-resized\"><img loading=\"lazy\" decoding=\"async\" width=\"991\" height=\"17\" src=\"http:\/\/haverskerque.fr\/wp-content\/uploads\/2024\/01\/barre-de-separation.png\" alt=\"\" class=\"wp-image-6652\" style=\"object-fit:cover;width:256px;height:8px\" srcset=\"https:\/\/www.haverskerque.fr\/wp-content\/uploads\/2024\/01\/barre-de-separation.png 991w, https:\/\/www.haverskerque.fr\/wp-content\/uploads\/2024\/01\/barre-de-separation-300x5.png 300w, https:\/\/www.haverskerque.fr\/wp-content\/uploads\/2024\/01\/barre-de-separation-768x13.png 768w\" sizes=\"auto, (max-width: 991px) 100vw, 991px\" \/><\/figure>\n<\/div>\n\n\n<figure class=\"wp-block-image\"><img loading=\"lazy\" decoding=\"async\" width=\"593\" height=\"45\" src=\"http:\/\/barbry.esy.es\/wp-content\/uploads\/2023\/02\/bandeblanche.jpg\" alt=\"\" class=\"wp-image-381\" srcset=\"https:\/\/www.haverskerque.fr\/wp-content\/uploads\/2023\/02\/bandeblanche.jpg 593w, https:\/\/www.haverskerque.fr\/wp-content\/uploads\/2023\/02\/bandeblanche-300x23.jpg 300w\" sizes=\"auto, (max-width: 593px) 100vw, 593px\" \/><\/figure>\n\n\n\n<blockquote class=\"wp-block-quote is-layout-flow wp-block-quote-is-layout-flow\">\n<h3 class=\"wp-block-heading\"><strong>EURL Cl\u00e9ment Olivier<\/strong><\/h3>\n<\/blockquote>\n\n\n\n<ul class=\"wp-block-list\">\n<li>Plomberie, chauffage, salle de bains, ramonage, entretien chaudi\u00e8re<\/li>\n<\/ul>\n\n\n\n<ul class=\"wp-block-list\">\n<li>2120 Rue de Tannay<\/li>\n<\/ul>\n\n\n\n<ul class=\"wp-block-list\">\n<li>Ouvert du lundi au samedi<\/li>\n<\/ul>\n\n\n\n<ul class=\"wp-block-list\">\n<li>06 31 80 42 45<\/li>\n<\/ul>\n\n\n\n<ul class=\"wp-block-list\">\n<li><strong><a href=\"mailto:olivier_clement@yahoo.fr\" target=\"_blank\" rel=\"noreferrer noopener\">olivier_clement@yahoo.fr<\/a><\/strong><\/li>\n<\/ul>\n\n\n\n<p><\/p>\n\n\n<div class=\"wp-block-image is-style-rounded\">\n<figure class=\"aligncenter size-full is-resized\"><img loading=\"lazy\" decoding=\"async\" width=\"991\" height=\"17\" src=\"http:\/\/haverskerque.fr\/wp-content\/uploads\/2024\/01\/barre-de-separation.png\" alt=\"\" class=\"wp-image-6652\" style=\"object-fit:cover;width:256px;height:8px\" srcset=\"https:\/\/www.haverskerque.fr\/wp-content\/uploads\/2024\/01\/barre-de-separation.png 991w, https:\/\/www.haverskerque.fr\/wp-content\/uploads\/2024\/01\/barre-de-separation-300x5.png 300w, https:\/\/www.haverskerque.fr\/wp-content\/uploads\/2024\/01\/barre-de-separation-768x13.png 768w\" sizes=\"auto, (max-width: 991px) 100vw, 991px\" \/><\/figure>\n<\/div>\n\n\n<blockquote class=\"wp-block-quote is-layout-flow wp-block-quote-is-layout-flow\">\n<h3 class=\"wp-block-heading\"><strong>In\u00e9o Coiffure | Pr\u00eat-\u00e0-porter, bijoux<\/strong><\/h3>\n<\/blockquote>\n\n\n\n<ul class=\"wp-block-list\">\n<li>Salon de coiffure pour hommes, femmes et enfants. Balayage, couleurs, coupes, attaches, chignons, etc.<\/li>\n<\/ul>\n\n\n\n<ul class=\"wp-block-list\">\n<li>9 Rue du 11 Novembre<\/li>\n<\/ul>\n\n\n\n<ul class=\"wp-block-list\">\n<li>Ferm\u00e9 le lundi et le mercredi. Mardi, jeudi, vendredi : 9h-12h ; 14h-19h | Samedi : 8h30-17h<\/li>\n<\/ul>\n\n\n\n<ul class=\"wp-block-list\">\n<li>03 28 49 84 62<\/li>\n<\/ul>\n\n\n\n<p><strong><a rel=\"noreferrer noopener\" href=\"https:\/\/www.facebook.com\/ineocoiffure\/\" target=\"_blank\">https:\/\/www.facebook.com\/ineocoiffure\/<\/a><\/strong><\/p>\n\n\n\n<p><\/p>\n\n\n<div class=\"wp-block-image is-style-rounded\">\n<figure class=\"aligncenter size-full is-resized\"><img loading=\"lazy\" decoding=\"async\" width=\"991\" height=\"17\" src=\"http:\/\/haverskerque.fr\/wp-content\/uploads\/2024\/01\/barre-de-separation.png\" alt=\"\" class=\"wp-image-6652\" style=\"object-fit:cover;width:256px;height:8px\" srcset=\"https:\/\/www.haverskerque.fr\/wp-content\/uploads\/2024\/01\/barre-de-separation.png 991w, https:\/\/www.haverskerque.fr\/wp-content\/uploads\/2024\/01\/barre-de-separation-300x5.png 300w, https:\/\/www.haverskerque.fr\/wp-content\/uploads\/2024\/01\/barre-de-separation-768x13.png 768w\" sizes=\"auto, (max-width: 991px) 100vw, 991px\" \/><\/figure>\n<\/div>\n\n\n<blockquote class=\"wp-block-quote is-layout-flow wp-block-quote-is-layout-flow\">\n<h3 class=\"wp-block-heading\"><strong>Anna Floral Cr\u00e9ations<\/strong><\/h3>\n<\/blockquote>\n\n\n\n<ul class=\"wp-block-list\">\n<li>Cr\u00e9atrice florale \u00e9coresponsable et confection de jolies cr\u00e9ations avec des fleurs s\u00e9ch\u00e9es et stabilis\u00e9es, \u00e0 la main, tout en respectant les saisons.<\/li>\n<\/ul>\n\n\n\n<p><a href=\"https:\/\/www.facebook.com\/adilaurie.rency.3\" target=\"_blank\" rel=\"noreferrer noopener\"><strong>https:\/\/www.facebook.com\/adilaurie.rency.3<\/strong><\/a><\/p>\n\n\n<div class=\"wp-block-image is-style-rounded\">\n<figure class=\"aligncenter size-full is-resized\"><img loading=\"lazy\" decoding=\"async\" width=\"991\" height=\"17\" src=\"http:\/\/haverskerque.fr\/wp-content\/uploads\/2024\/01\/barre-de-separation.png\" alt=\"\" class=\"wp-image-6652\" style=\"object-fit:cover;width:256px;height:8px\" srcset=\"https:\/\/www.haverskerque.fr\/wp-content\/uploads\/2024\/01\/barre-de-separation.png 991w, https:\/\/www.haverskerque.fr\/wp-content\/uploads\/2024\/01\/barre-de-separation-300x5.png 300w, https:\/\/www.haverskerque.fr\/wp-content\/uploads\/2024\/01\/barre-de-separation-768x13.png 768w\" sizes=\"auto, (max-width: 991px) 100vw, 991px\" \/><\/figure>\n<\/div>\n\n\n<blockquote class=\"wp-block-quote is-layout-flow wp-block-quote-is-layout-flow\">\n<h3 class=\"wp-block-heading\"><strong>L\u2019atelier fleuri d&rsquo;\u00c9milie<\/strong><\/h3>\n<\/blockquote>\n\n\n\n<ul class=\"wp-block-list\">\n<li>Compositions florales<\/li>\n<\/ul>\n\n\n\n<ul class=\"wp-block-list\">\n<li>990 Rue de la Maladrerie<\/li>\n<\/ul>\n\n\n\n<ul class=\"wp-block-list\">\n<li>06 10 75 38 51<\/li>\n<\/ul>\n\n\n\n<ul class=\"wp-block-list\">\n<li><strong><a rel=\"noreferrer noopener\" href=\"mailto:viseur.emilie@hotmail.fr\" target=\"_blank\">viseur.emilie@hotmail.fr<\/a><\/strong><\/li>\n<\/ul>\n\n\n\n<p><strong><a rel=\"noreferrer noopener\" href=\"https:\/\/www.facebook.com\/Latelier-fleuri-d%C3%89milie-114824646553718\/\" target=\"_blank\">https:\/\/www.facebook.com\/Latelier-fleuri-d\u00c9milie-114824646553718\/<\/a><\/strong><\/p>\n\n\n\n<p><\/p>\n\n\n<div class=\"wp-block-image is-style-rounded\">\n<figure class=\"aligncenter size-full is-resized\"><img loading=\"lazy\" decoding=\"async\" width=\"991\" height=\"17\" src=\"http:\/\/haverskerque.fr\/wp-content\/uploads\/2024\/01\/barre-de-separation.png\" alt=\"\" class=\"wp-image-6652\" style=\"object-fit:cover;width:256px;height:8px\" srcset=\"https:\/\/www.haverskerque.fr\/wp-content\/uploads\/2024\/01\/barre-de-separation.png 991w, https:\/\/www.haverskerque.fr\/wp-content\/uploads\/2024\/01\/barre-de-separation-300x5.png 300w, https:\/\/www.haverskerque.fr\/wp-content\/uploads\/2024\/01\/barre-de-separation-768x13.png 768w\" sizes=\"auto, (max-width: 991px) 100vw, 991px\" \/><\/figure>\n<\/div>\n\n\n<blockquote class=\"wp-block-quote is-layout-flow wp-block-quote-is-layout-flow\">\n<h3 class=\"wp-block-heading\"><strong>L. M. KOIFFER<\/strong><\/h3>\n<\/blockquote>\n\n\n\n<ul class=\"wp-block-list\">\n<li>Coiffeuse \u00e0 domicile pour hommes, femmes et enfants<\/li>\n<\/ul>\n\n\n\n<ul class=\"wp-block-list\">\n<li>Tous les jours sauf le dimanche<\/li>\n<\/ul>\n\n\n\n<ul class=\"wp-block-list\">\n<li>06 10 13 43 21<\/li>\n<\/ul>\n\n\n\n<p><\/p>\n\n\n<div class=\"wp-block-image is-style-rounded\">\n<figure class=\"aligncenter size-full is-resized\"><img loading=\"lazy\" decoding=\"async\" width=\"991\" height=\"17\" src=\"http:\/\/haverskerque.fr\/wp-content\/uploads\/2024\/01\/barre-de-separation.png\" alt=\"\" class=\"wp-image-6652\" style=\"object-fit:cover;width:256px;height:8px\" srcset=\"https:\/\/www.haverskerque.fr\/wp-content\/uploads\/2024\/01\/barre-de-separation.png 991w, https:\/\/www.haverskerque.fr\/wp-content\/uploads\/2024\/01\/barre-de-separation-300x5.png 300w, https:\/\/www.haverskerque.fr\/wp-content\/uploads\/2024\/01\/barre-de-separation-768x13.png 768w\" sizes=\"auto, (max-width: 991px) 100vw, 991px\" \/><\/figure>\n<\/div>\n\n\n<blockquote class=\"wp-block-quote is-layout-flow wp-block-quote-is-layout-flow\">\n<h3 class=\"wp-block-heading\"><strong>Leroy du bois multiservices &#8211; Valentin CORNILLE<\/strong><\/h3>\n<\/blockquote>\n\n\n\n<ul class=\"wp-block-list\">\n<li>Transformation et vente de bois de chauffage &#8211; Terrassement, cl\u00f4tures, espaces verts, terrasses et berges<\/li>\n<\/ul>\n\n\n\n<ul class=\"wp-block-list\">\n<li>250 Rue de la Goguerie<\/li>\n<\/ul>\n\n\n\n<ul class=\"wp-block-list\">\n<li>06 30 72 06 21<\/li>\n<\/ul>\n\n\n\n<ul class=\"wp-block-list\">\n<li><strong><a href=\"mailto:cornillevalentin@gmail.com\" target=\"_blank\" rel=\"noreferrer noopener\">cornillevalentin@gmail.com<\/a><\/strong><\/li>\n<\/ul>\n\n\n\n<p><strong><a href=\"https:\/\/www.facebook.com\/profile.php?id=61576192001530\" target=\"_blank\" rel=\"noreferrer noopener\">https:\/\/www.facebook.com\/profile.php?id=61576192001530<\/a><\/strong><\/p>\n\n\n\n<p><\/p>\n\n\n<div class=\"wp-block-image is-style-rounded\">\n<figure class=\"aligncenter size-full is-resized\"><img loading=\"lazy\" decoding=\"async\" width=\"991\" height=\"17\" src=\"http:\/\/haverskerque.fr\/wp-content\/uploads\/2024\/01\/barre-de-separation.png\" alt=\"\" class=\"wp-image-6652\" style=\"object-fit:cover;width:256px;height:8px\" srcset=\"https:\/\/www.haverskerque.fr\/wp-content\/uploads\/2024\/01\/barre-de-separation.png 991w, https:\/\/www.haverskerque.fr\/wp-content\/uploads\/2024\/01\/barre-de-separation-300x5.png 300w, https:\/\/www.haverskerque.fr\/wp-content\/uploads\/2024\/01\/barre-de-separation-768x13.png 768w\" sizes=\"auto, (max-width: 991px) 100vw, 991px\" \/><\/figure>\n<\/div>\n\n\n<blockquote class=\"wp-block-quote is-layout-flow wp-block-quote-is-layout-flow\">\n<h3 class=\"wp-block-heading\"><strong>Les cr\u00e9ations de Sophie<\/strong><\/h3>\n<\/blockquote>\n\n\n\n<ul class=\"wp-block-list\">\n<li>Cr\u00e9ations de bijoux fantaisistes | Expositions, ventes priv\u00e9es, march\u00e9s de No\u00ebl<\/li>\n<\/ul>\n\n\n\n<ul class=\"wp-block-list\">\n<li>06 23 09 51 75<\/li>\n<\/ul>\n\n\n\n<p><strong><a rel=\"noreferrer noopener\" href=\"https:\/\/www.facebook.com\/groups\/343250656262724\" target=\"_blank\">https:\/\/www.facebook.com\/groups\/343250656262724<\/a><\/strong><\/p>\n\n\n\n<p><\/p>\n\n\n<div class=\"wp-block-image is-style-rounded\">\n<figure class=\"aligncenter size-full is-resized\"><img loading=\"lazy\" decoding=\"async\" width=\"991\" height=\"17\" src=\"http:\/\/haverskerque.fr\/wp-content\/uploads\/2024\/01\/barre-de-separation.png\" alt=\"\" class=\"wp-image-6652\" style=\"object-fit:cover;width:256px;height:8px\" srcset=\"https:\/\/www.haverskerque.fr\/wp-content\/uploads\/2024\/01\/barre-de-separation.png 991w, https:\/\/www.haverskerque.fr\/wp-content\/uploads\/2024\/01\/barre-de-separation-300x5.png 300w, https:\/\/www.haverskerque.fr\/wp-content\/uploads\/2024\/01\/barre-de-separation-768x13.png 768w\" sizes=\"auto, (max-width: 991px) 100vw, 991px\" \/><\/figure>\n<\/div>\n\n\n<figure class=\"wp-block-image\"><img loading=\"lazy\" decoding=\"async\" width=\"593\" height=\"45\" src=\"http:\/\/barbry.esy.es\/wp-content\/uploads\/2023\/02\/bandeblanche.jpg\" alt=\"\" class=\"wp-image-381\" srcset=\"https:\/\/www.haverskerque.fr\/wp-content\/uploads\/2023\/02\/bandeblanche.jpg 593w, https:\/\/www.haverskerque.fr\/wp-content\/uploads\/2023\/02\/bandeblanche-300x23.jpg 300w\" sizes=\"auto, (max-width: 593px) 100vw, 593px\" \/><\/figure>\n\n\n\n<blockquote class=\"wp-block-quote is-layout-flow wp-block-quote-is-layout-flow\">\n<h3 class=\"wp-block-heading\"><strong>SARL l&rsquo;atelier du ch\u00eane<\/strong><\/h3>\n<\/blockquote>\n\n\n\n<ul class=\"wp-block-list\">\n<li>Menuiserie et scierie<\/li>\n<\/ul>\n\n\n\n<ul class=\"wp-block-list\">\n<li>851 Rue de Merville<\/li>\n<\/ul>\n\n\n\n<ul class=\"wp-block-list\">\n<li>Ouvert du lundi au samedi, de 8h \u00e0 18h30 sur rendez-vous<\/li>\n<\/ul>\n\n\n\n<ul class=\"wp-block-list\">\n<li>06 78 12 34 86<\/li>\n<\/ul>\n\n\n\n<p><strong><a rel=\"noreferrer noopener\" href=\"https:\/\/www.latelierduchene.fr\/\" target=\"_blank\">www.latelierduchene.fr<\/a><\/strong><\/p>\n\n\n\n<p><\/p>\n\n\n<div class=\"wp-block-image is-style-rounded\">\n<figure class=\"aligncenter size-full is-resized\"><img loading=\"lazy\" decoding=\"async\" width=\"991\" height=\"17\" src=\"http:\/\/haverskerque.fr\/wp-content\/uploads\/2024\/01\/barre-de-separation.png\" alt=\"\" class=\"wp-image-6652\" style=\"object-fit:cover;width:256px;height:8px\" srcset=\"https:\/\/www.haverskerque.fr\/wp-content\/uploads\/2024\/01\/barre-de-separation.png 991w, https:\/\/www.haverskerque.fr\/wp-content\/uploads\/2024\/01\/barre-de-separation-300x5.png 300w, https:\/\/www.haverskerque.fr\/wp-content\/uploads\/2024\/01\/barre-de-separation-768x13.png 768w\" sizes=\"auto, (max-width: 991px) 100vw, 991px\" \/><\/figure>\n<\/div>\n\n\n<blockquote class=\"wp-block-quote is-layout-flow wp-block-quote-is-layout-flow\">\n<h3 class=\"wp-block-heading\"><strong>Thibaut VARLET<\/strong><\/h3>\n<\/blockquote>\n\n\n\n<ul class=\"wp-block-list\">\n<li>Entreprises de b\u00e2timents | Tous travaux neufs et r\u00e9novations | Am\u00e9nagement int\u00e9rieur, salle de bains, carrelage, menuiserie, isolation<\/li>\n<\/ul>\n\n\n\n<ul class=\"wp-block-list\">\n<li>843 Rue du 11 Novembre<\/li>\n<\/ul>\n\n\n\n<ul class=\"wp-block-list\">\n<li>06 18 56 47 86<\/li>\n<\/ul>\n\n\n\n<ul class=\"wp-block-list\">\n<li><strong><a rel=\"noreferrer noopener\" href=\"mailto:varlet.thibaut@orange.fr\" target=\"_blank\">varlet.thibaut@orange.fr<\/a><\/strong><\/li>\n<\/ul>\n\n\n\n<p><\/p>\n\n\n<div class=\"wp-block-image is-style-rounded\">\n<figure class=\"aligncenter size-full is-resized\"><img loading=\"lazy\" decoding=\"async\" width=\"991\" height=\"17\" src=\"http:\/\/haverskerque.fr\/wp-content\/uploads\/2024\/01\/barre-de-separation.png\" alt=\"\" class=\"wp-image-6652\" style=\"object-fit:cover;width:256px;height:8px\" srcset=\"https:\/\/www.haverskerque.fr\/wp-content\/uploads\/2024\/01\/barre-de-separation.png 991w, https:\/\/www.haverskerque.fr\/wp-content\/uploads\/2024\/01\/barre-de-separation-300x5.png 300w, https:\/\/www.haverskerque.fr\/wp-content\/uploads\/2024\/01\/barre-de-separation-768x13.png 768w\" sizes=\"auto, (max-width: 991px) 100vw, 991px\" \/><\/figure>\n<\/div>\n\n\n<blockquote class=\"wp-block-quote is-layout-flow wp-block-quote-is-layout-flow\">\n<h3 class=\"wp-block-heading\"><strong>Transports Norro<\/strong><\/h3>\n<\/blockquote>\n\n\n\n<ul class=\"wp-block-list\">\n<li>Transports routiers de fret<\/li>\n<\/ul>\n\n\n\n<ul class=\"wp-block-list\">\n<li>2381 Rue de Merville<\/li>\n<\/ul>\n\n\n\n<ul class=\"wp-block-list\">\n<li>03 28 40 61 19<\/li>\n<\/ul>\n\n\n\n<p><\/p>\n\n\n<div class=\"wp-block-image is-style-rounded\">\n<figure class=\"aligncenter size-full is-resized\"><img loading=\"lazy\" decoding=\"async\" width=\"991\" height=\"17\" src=\"http:\/\/haverskerque.fr\/wp-content\/uploads\/2024\/01\/barre-de-separation.png\" alt=\"\" class=\"wp-image-6652\" style=\"object-fit:cover;width:256px;height:8px\" srcset=\"https:\/\/www.haverskerque.fr\/wp-content\/uploads\/2024\/01\/barre-de-separation.png 991w, https:\/\/www.haverskerque.fr\/wp-content\/uploads\/2024\/01\/barre-de-separation-300x5.png 300w, https:\/\/www.haverskerque.fr\/wp-content\/uploads\/2024\/01\/barre-de-separation-768x13.png 768w\" sizes=\"auto, (max-width: 991px) 100vw, 991px\" \/><\/figure>\n<\/div>\n\n\n<blockquote class=\"wp-block-quote is-layout-flow wp-block-quote-is-layout-flow\">\n<h3 class=\"wp-block-heading\"><strong>Verstraet Travaux Publics<\/strong><\/h3>\n<\/blockquote>\n\n\n\n<ul class=\"wp-block-list\">\n<li>Terrassement, assainissement, d\u00e9molition, et am\u00e9nagement pour particuliers, entreprises et collectivit\u00e9s. Location mat\u00e9riel travaux publics avec chauffeur.<\/li>\n<\/ul>\n\n\n\n<ul class=\"wp-block-list\">\n<li>300 Rue de Tannay<\/li>\n<\/ul>\n\n\n\n<ul class=\"wp-block-list\">\n<li>06 86 58 43 10<\/li>\n<\/ul>\n\n\n\n<ul class=\"wp-block-list\">\n<li><strong><a href=\"mailto:verstraetdamien59@gmail.com\" target=\"_blank\" rel=\"noreferrer noopener\">verstraetdamien59@gmail.com<\/a><\/strong><\/li>\n<\/ul>\n\n\n<div class=\"wp-block-image is-style-rounded\">\n<figure class=\"aligncenter size-full is-resized\"><img loading=\"lazy\" decoding=\"async\" width=\"991\" height=\"17\" src=\"http:\/\/haverskerque.fr\/wp-content\/uploads\/2024\/01\/barre-de-separation.png\" alt=\"\" class=\"wp-image-6652\" style=\"object-fit:cover;width:256px;height:8px\" srcset=\"https:\/\/www.haverskerque.fr\/wp-content\/uploads\/2024\/01\/barre-de-separation.png 991w, https:\/\/www.haverskerque.fr\/wp-content\/uploads\/2024\/01\/barre-de-separation-300x5.png 300w, https:\/\/www.haverskerque.fr\/wp-content\/uploads\/2024\/01\/barre-de-separation-768x13.png 768w\" sizes=\"auto, (max-width: 991px) 100vw, 991px\" \/><\/figure>\n<\/div>\n\n\n<h1 class=\"wp-block-heading has-text-align-left\">Autres entreprises<\/h1>\n\n\n\n<blockquote class=\"wp-block-quote is-layout-flow wp-block-quote-is-layout-flow\">\n<h3 class=\"wp-block-heading\"><strong>Agn\u00e8s LIBESSART &#8211; Rouge H \u00c9qui-r\u00e9silience<\/strong><\/h3>\n<\/blockquote>\n\n\n\n<ul class=\"wp-block-list\">\n<li>Praticienne en m\u00e9diation \u00e9quine sp\u00e9cialis\u00e9e en r\u00e9solution traumatique. Coach professionnelle certifi\u00e9e (MHD-\u00c9COLE Fran\u00e7aise de Coaching) | Accompagnement et d\u00e9veloppement personnel | Coaching professionnel \u2013 individuel ou d\u2019\u00e9quipe, assist\u00e9s par le cheval<\/li>\n<\/ul>\n\n\n\n<ul class=\"wp-block-list\">\n<li>07 80 51 72 22<\/li>\n<\/ul>\n\n\n\n<ul class=\"wp-block-list\">\n<li><strong><a rel=\"noreferrer noopener\" href=\"mailto:rougehequiresilience@gmail.com\" target=\"_blank\">rougehequiresilience@gmail.com<\/a><\/strong><\/li>\n<\/ul>\n\n\n\n<p><strong><a rel=\"noreferrer noopener\" href=\"https:\/\/www.rougeh-equiresilience.com\/\" target=\"_blank\">https:\/\/www.rougeh-equiresilience.com<\/a><\/strong><\/p>\n\n\n\n<p><\/p>\n\n\n<div class=\"wp-block-image is-style-rounded\">\n<figure class=\"aligncenter size-full is-resized\"><img loading=\"lazy\" decoding=\"async\" width=\"991\" height=\"17\" src=\"http:\/\/haverskerque.fr\/wp-content\/uploads\/2024\/01\/barre-de-separation.png\" alt=\"\" class=\"wp-image-6652\" style=\"object-fit:cover;width:256px;height:8px\" srcset=\"https:\/\/www.haverskerque.fr\/wp-content\/uploads\/2024\/01\/barre-de-separation.png 991w, https:\/\/www.haverskerque.fr\/wp-content\/uploads\/2024\/01\/barre-de-separation-300x5.png 300w, https:\/\/www.haverskerque.fr\/wp-content\/uploads\/2024\/01\/barre-de-separation-768x13.png 768w\" sizes=\"auto, (max-width: 991px) 100vw, 991px\" \/><\/figure>\n<\/div>\n\n\n<blockquote class=\"wp-block-quote is-layout-flow wp-block-quote-is-layout-flow\">\n<h3 class=\"wp-block-heading\"><strong>Christine DEGAND<\/strong><\/h3>\n<\/blockquote>\n\n\n\n<ul class=\"wp-block-list\">\n<li>Animatrice de th\u00e9\u00e2tre tout public (\u00e9coles, \u00e9tablissements sociaux, EHPAD) | Clown Albertine (d\u00e9ambulation, f\u00eates d&rsquo;anniversaire)<\/li>\n<\/ul>\n\n\n\n<ul class=\"wp-block-list\">\n<li>06 08 97 13 61<\/li>\n<\/ul>\n\n\n\n<ul class=\"wp-block-list\">\n<li><strong><a href=\"mailto:cdegand9@gmail.com\" target=\"_blank\" rel=\"noreferrer noopener\">cdegand9@gmail.com<\/a><\/strong><\/li>\n<\/ul>\n\n\n\n<p><strong><a href=\"https:\/\/www.facebook.com\/profile.php?id=61560776956213\" target=\"_blank\" rel=\"noreferrer noopener\">https:\/\/www.facebook.com\/profile.php?id=61560776956213<\/a><\/strong><\/p>\n\n\n\n<p><\/p>\n\n\n<div class=\"wp-block-image is-style-rounded\">\n<figure class=\"aligncenter size-full is-resized\"><img loading=\"lazy\" decoding=\"async\" width=\"991\" height=\"17\" src=\"http:\/\/haverskerque.fr\/wp-content\/uploads\/2024\/01\/barre-de-separation.png\" alt=\"\" class=\"wp-image-6652\" style=\"object-fit:cover;width:256px;height:8px\" srcset=\"https:\/\/www.haverskerque.fr\/wp-content\/uploads\/2024\/01\/barre-de-separation.png 991w, https:\/\/www.haverskerque.fr\/wp-content\/uploads\/2024\/01\/barre-de-separation-300x5.png 300w, https:\/\/www.haverskerque.fr\/wp-content\/uploads\/2024\/01\/barre-de-separation-768x13.png 768w\" sizes=\"auto, (max-width: 991px) 100vw, 991px\" \/><\/figure>\n<\/div>\n\n\n<blockquote class=\"wp-block-quote is-layout-flow wp-block-quote-is-layout-flow\">\n<h3 class=\"wp-block-heading\"><strong>Domaine de Mi-Loup<\/strong><\/h3>\n<\/blockquote>\n\n\n\n<ul class=\"wp-block-list\">\n<li>Pension canine, \u00e9levage canin, musher, bapt\u00eame kart et cani-rando <\/li>\n<\/ul>\n\n\n\n<ul class=\"wp-block-list\">\n<li>900 Rue Verte<\/li>\n<\/ul>\n\n\n\n<ul class=\"wp-block-list\">\n<li>Ouvert tous les jours sur rendez-vous<\/li>\n<\/ul>\n\n\n\n<ul class=\"wp-block-list\">\n<li>06 73 75 14 41<\/li>\n<\/ul>\n\n\n\n<ul class=\"wp-block-list\">\n<li><strong><a rel=\"noreferrer noopener\" href=\"mailto:ledomainedemiloup@gmail.com\" target=\"_blank\">ledomainedemiloup@gmail.com<\/a><\/strong><\/li>\n<\/ul>\n\n\n\n<p><strong><a rel=\"noreferrer noopener\" href=\"https:\/\/ledomainedemiloup.com\/activities\" target=\"_blank\">https:\/\/ledomainedemiloup.com\/activities<\/a><\/strong><\/p>\n\n\n<div class=\"wp-block-image is-style-rounded\">\n<figure class=\"aligncenter size-full is-resized\"><img loading=\"lazy\" decoding=\"async\" width=\"991\" height=\"17\" src=\"http:\/\/haverskerque.fr\/wp-content\/uploads\/2024\/01\/barre-de-separation.png\" alt=\"\" class=\"wp-image-6652\" style=\"object-fit:cover;width:256px;height:8px\" srcset=\"https:\/\/www.haverskerque.fr\/wp-content\/uploads\/2024\/01\/barre-de-separation.png 991w, https:\/\/www.haverskerque.fr\/wp-content\/uploads\/2024\/01\/barre-de-separation-300x5.png 300w, https:\/\/www.haverskerque.fr\/wp-content\/uploads\/2024\/01\/barre-de-separation-768x13.png 768w\" sizes=\"auto, (max-width: 991px) 100vw, 991px\" \/><\/figure>\n<\/div>\n\n\n<blockquote class=\"wp-block-quote is-layout-flow wp-block-quote-is-layout-flow\">\n<h3 class=\"wp-block-heading\"><strong>DW Beauty, onglerie &amp; cils<\/strong><\/h3>\n<\/blockquote>\n\n\n\n<ul class=\"wp-block-list\">\n<li>Ongles en gel, gel X et cils <\/li>\n<\/ul>\n\n\n\n<ul class=\"wp-block-list\">\n<li>1398 Rue du 8 Mai 1945<\/li>\n<\/ul>\n\n\n\n<ul class=\"wp-block-list\">\n<li>07 88 86 13 97<\/li>\n<\/ul>\n\n\n\n<ul class=\"wp-block-list\">\n<li><strong><a href=\"mailto:wenday59@hotmail.fr\" target=\"_blank\" rel=\"noreferrer noopener\">wenday59@hotmail.fr<\/a><\/strong><\/li>\n<\/ul>\n\n\n\n<p><a href=\"https:\/\/www.instagram.com\/dw._beauty\" target=\"_blank\" rel=\"noreferrer noopener\"><strong>https:\/\/www.instagram.com\/dw._beauty<\/strong><\/a><\/p>\n\n\n\n<p><a href=\"https:\/\/www.facebook.com\/profile.php?id=100095489620934\" target=\"_blank\" rel=\"noreferrer noopener\"><strong>https:\/\/www.facebook.com\/profile.php?id=100095489620934<\/strong><\/a><\/p>\n\n\n<div class=\"wp-block-image is-style-rounded\">\n<figure class=\"aligncenter size-full is-resized\"><img loading=\"lazy\" decoding=\"async\" width=\"991\" height=\"17\" src=\"http:\/\/haverskerque.fr\/wp-content\/uploads\/2024\/01\/barre-de-separation.png\" alt=\"\" class=\"wp-image-6652\" style=\"object-fit:cover;width:256px;height:8px\" srcset=\"https:\/\/www.haverskerque.fr\/wp-content\/uploads\/2024\/01\/barre-de-separation.png 991w, https:\/\/www.haverskerque.fr\/wp-content\/uploads\/2024\/01\/barre-de-separation-300x5.png 300w, https:\/\/www.haverskerque.fr\/wp-content\/uploads\/2024\/01\/barre-de-separation-768x13.png 768w\" sizes=\"auto, (max-width: 991px) 100vw, 991px\" \/><\/figure>\n<\/div>\n\n\n<blockquote class=\"wp-block-quote is-layout-flow wp-block-quote-is-layout-flow\">\n<h3 class=\"wp-block-heading\"><strong>Esotalia<\/strong><\/h3>\n<\/blockquote>\n\n\n\n<ul class=\"wp-block-list\">\n<li>Bijoux et min\u00e9raux avec bienfaits, encens, spiritualit\u00e9\u2026<\/li>\n<\/ul>\n\n\n\n<ul class=\"wp-block-list\">\n<li>06 74 73 91 61<\/li>\n<\/ul>\n\n\n\n<ul class=\"wp-block-list\">\n<li><strong><a rel=\"noreferrer noopener\" href=\"mailto:contact.esotalia@gmail.com\" target=\"_blank\">contact.esotalia@gmail.com<\/a><\/strong><\/li>\n<\/ul>\n\n\n\n<p><strong><a rel=\"noreferrer noopener\" href=\"https:\/\/www.facebook.com\/Esotalia\/\" target=\"_blank\">https:\/\/www.facebook.com\/Esotalia\/<\/a><\/strong><\/p>\n\n\n\n<p><\/p>\n\n\n<div class=\"wp-block-image is-style-rounded\">\n<figure class=\"aligncenter size-full is-resized\"><img loading=\"lazy\" decoding=\"async\" width=\"991\" height=\"17\" src=\"http:\/\/haverskerque.fr\/wp-content\/uploads\/2024\/01\/barre-de-separation.png\" alt=\"\" class=\"wp-image-6652\" style=\"object-fit:cover;width:256px;height:8px\" srcset=\"https:\/\/www.haverskerque.fr\/wp-content\/uploads\/2024\/01\/barre-de-separation.png 991w, https:\/\/www.haverskerque.fr\/wp-content\/uploads\/2024\/01\/barre-de-separation-300x5.png 300w, https:\/\/www.haverskerque.fr\/wp-content\/uploads\/2024\/01\/barre-de-separation-768x13.png 768w\" sizes=\"auto, (max-width: 991px) 100vw, 991px\" \/><\/figure>\n<\/div>\n\n\n<blockquote class=\"wp-block-quote is-layout-flow wp-block-quote-is-layout-flow\">\n<h3 class=\"wp-block-heading\"><strong>Espace Pl\u00e9nitude<\/strong><\/h3>\n<\/blockquote>\n\n\n\n<ul class=\"wp-block-list\">\n<li>Relaxation, d\u00e9tente, aromath\u00e9rapie, \u00e9pilations, soins du corps etc&#8230; Sur rendez-vous<\/li>\n<\/ul>\n\n\n\n<ul class=\"wp-block-list\">\n<li>313 Rue de Merville<\/li>\n<\/ul>\n\n\n\n<ul class=\"wp-block-list\">\n<li>Ouvert du lundi au samedi de 9h \u00e0 18h. Ferm\u00e9 le dimanche <\/li>\n<\/ul>\n\n\n\n<ul class=\"wp-block-list\">\n<li>03 28 40 65 64 | 06 81 64 34 93<\/li>\n<\/ul>\n\n\n\n<p><\/p>\n\n\n<div class=\"wp-block-image is-style-rounded\">\n<figure class=\"aligncenter size-full is-resized\"><img loading=\"lazy\" decoding=\"async\" width=\"991\" height=\"17\" src=\"http:\/\/haverskerque.fr\/wp-content\/uploads\/2024\/01\/barre-de-separation.png\" alt=\"\" class=\"wp-image-6652\" style=\"object-fit:cover;width:256px;height:8px\" srcset=\"https:\/\/www.haverskerque.fr\/wp-content\/uploads\/2024\/01\/barre-de-separation.png 991w, https:\/\/www.haverskerque.fr\/wp-content\/uploads\/2024\/01\/barre-de-separation-300x5.png 300w, https:\/\/www.haverskerque.fr\/wp-content\/uploads\/2024\/01\/barre-de-separation-768x13.png 768w\" sizes=\"auto, (max-width: 991px) 100vw, 991px\" \/><\/figure>\n<\/div>\n\n\n<blockquote class=\"wp-block-quote is-layout-flow wp-block-quote-is-layout-flow\">\n<h2 class=\"wp-block-heading\"><strong>Jardin d\u2019Astr\u00e9e \u2013 St\u00e9phane DECRIEM<\/strong><\/h2>\n<\/blockquote>\n\n\n\n<ul class=\"wp-block-list\">\n<li>D\u00e9couverte d&rsquo;un espace naturel sans engrais ni pesticide, faune et flore r\u00e9gionales, esp\u00e8ces botaniques d&rsquo;asters etc&#8230;<\/li>\n<\/ul>\n\n\n\n<ul class=\"wp-block-list\">\n<li>274 Rue Saint-Vincent<\/li>\n<\/ul>\n\n\n\n<ul class=\"wp-block-list\">\n<li>Les visites du jardin se font sur rendez-vous<\/li>\n<\/ul>\n\n\n\n<ul class=\"wp-block-list\">\n<li>07 66 59 99 43<\/li>\n<\/ul>\n\n\n\n<ul class=\"wp-block-list\">\n<li><strong><a rel=\"noreferrer noopener\" href=\"mailto:s.decriem@wanadoo.fr\" target=\"_blank\">s.decriem@wanadoo.fr<\/a><\/strong><\/li>\n<\/ul>\n\n\n\n<p><strong><a rel=\"noreferrer noopener\" href=\"https:\/\/www.jardinspassions.fr\/le-jardin-d-astree.html\" target=\"_blank\">https:\/\/www.jardinspassions.fr\/le-jardin-d-astree.html<\/a><\/strong><\/p>\n\n\n\n<p><\/p>\n\n\n<div class=\"wp-block-image is-style-rounded\">\n<figure class=\"aligncenter size-full is-resized\"><img loading=\"lazy\" decoding=\"async\" width=\"991\" height=\"17\" src=\"http:\/\/haverskerque.fr\/wp-content\/uploads\/2024\/01\/barre-de-separation.png\" alt=\"\" class=\"wp-image-6652\" style=\"object-fit:cover;width:256px;height:8px\" srcset=\"https:\/\/www.haverskerque.fr\/wp-content\/uploads\/2024\/01\/barre-de-separation.png 991w, https:\/\/www.haverskerque.fr\/wp-content\/uploads\/2024\/01\/barre-de-separation-300x5.png 300w, https:\/\/www.haverskerque.fr\/wp-content\/uploads\/2024\/01\/barre-de-separation-768x13.png 768w\" sizes=\"auto, (max-width: 991px) 100vw, 991px\" \/><\/figure>\n<\/div>\n\n\n<blockquote class=\"wp-block-quote is-layout-flow wp-block-quote-is-layout-flow\">\n<h3 class=\"wp-block-heading\"><strong>Jessica PONTOIS, Doula (p\u00e9rinatalit\u00e9)<\/strong><\/h3>\n<\/blockquote>\n\n\n\n<ul class=\"wp-block-list\">\n<li>Accompagnement couple, femme, dans les diff\u00e9rentes \u00e9tapes de la pr\u00e9conception grossesse au post-partum, anime des ateliers en lien avec la p\u00e9rinatalit\u00e9 et parentalit\u00e9.<\/li>\n<\/ul>\n\n\n\n<ul class=\"wp-block-list\">\n<li>06 64 75 33 95<\/li>\n<\/ul>\n\n\n\n<ul class=\"wp-block-list\">\n<li><strong><a rel=\"noreferrer noopener\" href=\"mailto:jessica.p-65@outlook.fr\" target=\"_blank\">jessica.p-65@outlook.fr<\/a><\/strong><\/li>\n<\/ul>\n\n\n\n<p><a href=\"https:\/\/www.jessica-pontois-doula-prenatal-ayurvedique.fr\" target=\"_blank\" rel=\"noreferrer noopener\"><strong>https:\/\/www.jessica-pontois-doula-prenatal-ayurvedique.fr<\/strong><\/a><\/p>\n\n\n\n<p><\/p>\n\n\n<div class=\"wp-block-image is-style-rounded\">\n<figure class=\"aligncenter size-full is-resized\"><img loading=\"lazy\" decoding=\"async\" width=\"991\" height=\"17\" src=\"http:\/\/haverskerque.fr\/wp-content\/uploads\/2024\/01\/barre-de-separation.png\" alt=\"\" class=\"wp-image-6652\" style=\"object-fit:cover;width:256px;height:8px\" srcset=\"https:\/\/www.haverskerque.fr\/wp-content\/uploads\/2024\/01\/barre-de-separation.png 991w, https:\/\/www.haverskerque.fr\/wp-content\/uploads\/2024\/01\/barre-de-separation-300x5.png 300w, https:\/\/www.haverskerque.fr\/wp-content\/uploads\/2024\/01\/barre-de-separation-768x13.png 768w\" sizes=\"auto, (max-width: 991px) 100vw, 991px\" \/><\/figure>\n<\/div>\n\n\n<blockquote class=\"wp-block-quote is-layout-flow wp-block-quote-is-layout-flow\">\n<h3 class=\"wp-block-heading\"><strong>Le comptoir du chic<\/strong><\/h3>\n<\/blockquote>\n\n\n\n<ul class=\"wp-block-list\">\n<li>Vente de maroquinerie, bijoux en acier inoxydable et plaqu\u00e9 argent mais aussi gravure sur verre<\/li>\n<\/ul>\n\n\n\n<ul class=\"wp-block-list\">\n<li>257 Rue de Merville<\/li>\n<\/ul>\n\n\n\n<ul class=\"wp-block-list\">\n<li>06 81 50 37 89<\/li>\n<\/ul>\n\n\n\n<ul class=\"wp-block-list\">\n<li><strong><a rel=\"noreferrer noopener\" href=\"mailto:lecomptoirduchic@laposte.net\" target=\"_blank\">lecomptoirduchic@laposte.net<\/a><\/strong><\/li>\n<\/ul>\n\n\n\n<p><strong><a rel=\"noreferrer noopener\" href=\"https:\/\/le-comptoir-du-chic.sumup.link\/\" target=\"_blank\">https:\/\/le-comptoir-du-chic.sumup.link<\/a><\/strong><\/p>\n\n\n\n<p><\/p>\n\n\n<div class=\"wp-block-image is-style-rounded\">\n<figure class=\"aligncenter size-full is-resized\"><img loading=\"lazy\" decoding=\"async\" width=\"991\" height=\"17\" src=\"http:\/\/haverskerque.fr\/wp-content\/uploads\/2024\/01\/barre-de-separation.png\" alt=\"\" class=\"wp-image-6652\" style=\"object-fit:cover;width:256px;height:8px\" srcset=\"https:\/\/www.haverskerque.fr\/wp-content\/uploads\/2024\/01\/barre-de-separation.png 991w, https:\/\/www.haverskerque.fr\/wp-content\/uploads\/2024\/01\/barre-de-separation-300x5.png 300w, https:\/\/www.haverskerque.fr\/wp-content\/uploads\/2024\/01\/barre-de-separation-768x13.png 768w\" sizes=\"auto, (max-width: 991px) 100vw, 991px\" \/><\/figure>\n<\/div>\n\n\n<blockquote class=\"wp-block-quote is-layout-flow wp-block-quote-is-layout-flow\">\n<h3 class=\"wp-block-heading\"><strong>M\u00e9lanie GOVAERE, psychomotricienne p\u00e9rinatalit\u00e9 et petite enfance<\/strong><\/h3>\n<\/blockquote>\n\n\n\n<ul class=\"wp-block-list\">\n<li>Accompagnement du jeune enfant en psychomotricit\u00e9, pr\u00e9vention et informations pour les parents et les professionnels<\/li>\n<\/ul>\n\n\n\n<ul class=\"wp-block-list\">\n<li>06 77 75 14 90<\/li>\n<\/ul>\n\n\n\n<ul class=\"wp-block-list\">\n<li><strong><a rel=\"noreferrer noopener\" href=\"mailto:melanie.govaere@gmail.com\" target=\"_blank\">melanie.govaere@gmail.com<\/a><\/strong><\/li>\n<\/ul>\n\n\n\n<p><\/p>\n\n\n<div class=\"wp-block-image is-style-rounded\">\n<figure class=\"aligncenter size-full is-resized\"><img loading=\"lazy\" decoding=\"async\" width=\"991\" height=\"17\" src=\"http:\/\/haverskerque.fr\/wp-content\/uploads\/2024\/01\/barre-de-separation.png\" alt=\"\" class=\"wp-image-6652\" style=\"object-fit:cover;width:256px;height:8px\" srcset=\"https:\/\/www.haverskerque.fr\/wp-content\/uploads\/2024\/01\/barre-de-separation.png 991w, https:\/\/www.haverskerque.fr\/wp-content\/uploads\/2024\/01\/barre-de-separation-300x5.png 300w, https:\/\/www.haverskerque.fr\/wp-content\/uploads\/2024\/01\/barre-de-separation-768x13.png 768w\" sizes=\"auto, (max-width: 991px) 100vw, 991px\" \/><\/figure>\n<\/div>\n\n\n<blockquote class=\"wp-block-quote is-layout-flow wp-block-quote-is-layout-flow\">\n<h3 class=\"wp-block-heading\"><strong>No\u00e9mie STALIN, conseill\u00e8re immobilier ind\u00e9pendant<\/strong>e<\/h3>\n<\/blockquote>\n\n\n\n<ul class=\"wp-block-list\">\n<li>Vendre ou acheter un bien immobilier, c\u2019est entamer une nouvelle page de votre vie. Dans une relation de proximit\u00e9, au plus proche de vous, je vous accompagne dans la r\u00e9ussite de votre projet. De l\u2019estimation ou de la recherche de votre bien jusqu\u2019\u00e0 la signature de l\u2019acte de vente, nous avan\u00e7ons ensemble dans toutes vos d\u00e9marches en b\u00e9n\u00e9ficiant des outils performants du r\u00e9seau BSK Immobilier.<\/li>\n<\/ul>\n\n\n\n<ul class=\"wp-block-list\">\n<li>06 63 66 73 06<\/li>\n<\/ul>\n\n\n\n<ul class=\"wp-block-list\">\n<li><strong><a href=\"mailto:n.delezie@bskimmobilier.com\" target=\"_blank\" rel=\"noreferrer noopener\">n.delezie@bskimmobilier.com<\/a><\/strong><\/li>\n<\/ul>\n\n\n\n<p><a href=\"https:\/\/bskimmobilier.com\/noemie-delezie-5864\" target=\"_blank\" rel=\"noreferrer noopener\"><strong>https:\/\/bskimmobilier.com\/noemie-delezie-5864<\/strong><\/a><\/p>\n\n\n\n<p><\/p>\n\n\n<div class=\"wp-block-image is-style-rounded\">\n<figure class=\"aligncenter size-full is-resized\"><img loading=\"lazy\" decoding=\"async\" width=\"991\" height=\"17\" src=\"http:\/\/haverskerque.fr\/wp-content\/uploads\/2024\/01\/barre-de-separation.png\" alt=\"\" class=\"wp-image-6652\" style=\"object-fit:cover;width:256px;height:8px\" srcset=\"https:\/\/www.haverskerque.fr\/wp-content\/uploads\/2024\/01\/barre-de-separation.png 991w, https:\/\/www.haverskerque.fr\/wp-content\/uploads\/2024\/01\/barre-de-separation-300x5.png 300w, https:\/\/www.haverskerque.fr\/wp-content\/uploads\/2024\/01\/barre-de-separation-768x13.png 768w\" sizes=\"auto, (max-width: 991px) 100vw, 991px\" \/><\/figure>\n<\/div>\n\n\n<blockquote class=\"wp-block-quote is-layout-flow wp-block-quote-is-layout-flow\">\n<h3 class=\"wp-block-heading\"><strong>Oph\u00e9lie BILLIAU<\/strong><\/h3>\n<\/blockquote>\n\n\n\n<ul class=\"wp-block-list\">\n<li>Agent Immobilier OPTIMHOME<\/li>\n<\/ul>\n\n\n\n<ul class=\"wp-block-list\">\n<li>06 24 94 73 71<\/li>\n<\/ul>\n\n\n\n<ul class=\"wp-block-list\">\n<li><strong><a href=\"mailto:ophelie.billiau@optimhome.com\" target=\"_blank\" rel=\"noreferrer noopener\">ophelie.billiau@optimhome.com<\/a><\/strong><\/li>\n<\/ul>\n\n\n\n<p><strong><a href=\"https:\/\/ophelie-billiau.optimhome.com\/fr\" target=\"_blank\" rel=\"noreferrer noopener\">https:\/\/ophelie-billiau.optimhome.com\/fr<\/a><\/strong><\/p>\n\n\n\n<p><\/p>\n\n\n<div class=\"wp-block-image is-style-rounded\">\n<figure class=\"aligncenter size-full is-resized\"><img loading=\"lazy\" decoding=\"async\" width=\"991\" height=\"17\" src=\"http:\/\/haverskerque.fr\/wp-content\/uploads\/2024\/01\/barre-de-separation.png\" alt=\"\" class=\"wp-image-6652\" style=\"object-fit:cover;width:256px;height:8px\" srcset=\"https:\/\/www.haverskerque.fr\/wp-content\/uploads\/2024\/01\/barre-de-separation.png 991w, https:\/\/www.haverskerque.fr\/wp-content\/uploads\/2024\/01\/barre-de-separation-300x5.png 300w, https:\/\/www.haverskerque.fr\/wp-content\/uploads\/2024\/01\/barre-de-separation-768x13.png 768w\" sizes=\"auto, (max-width: 991px) 100vw, 991px\" \/><\/figure>\n<\/div>\n\n\n<blockquote class=\"wp-block-quote is-layout-flow wp-block-quote-is-layout-flow\">\n<h3 class=\"wp-block-heading\"><strong>Estelle MARC &#8211; Dans la po\u00e9sie du vivant<\/strong><\/h3>\n<\/blockquote>\n\n\n\n<ul class=\"wp-block-list\">\n<li>Aquarelles originales et interventions artistiques <\/li>\n<\/ul>\n\n\n\n<ul class=\"wp-block-list\">\n<li>07 66 33 87 38<\/li>\n<\/ul>\n\n\n\n<ul class=\"wp-block-list\">\n<li><strong><a href=\"mailto:stelmcreation@gmail.com\" target=\"_blank\" rel=\"noreferrer noopener\">stelmcreation@gmail.com<\/a><\/strong><\/li>\n<\/ul>\n\n\n\n<p><strong><a href=\"https:\/\/www.facebook.com\/estellemarc.art\" target=\"_blank\" rel=\"noreferrer noopener\">https:\/\/www.facebook.com\/estellemarc.art<\/a><\/strong><\/p>\n\n\n\n<p><strong><a href=\"https:\/\/www.instagram.com\/estellemarc.art\" target=\"_blank\" rel=\"noreferrer noopener\">https:\/\/www.instagram.com\/estellemarc.art<\/a><\/strong><\/p>\n\n\n<div class=\"wp-block-image is-style-rounded\">\n<figure class=\"aligncenter size-full is-resized\"><img loading=\"lazy\" decoding=\"async\" width=\"991\" height=\"17\" src=\"http:\/\/haverskerque.fr\/wp-content\/uploads\/2024\/01\/barre-de-separation.png\" alt=\"\" class=\"wp-image-6652\" style=\"object-fit:cover;width:256px;height:8px\" srcset=\"https:\/\/www.haverskerque.fr\/wp-content\/uploads\/2024\/01\/barre-de-separation.png 991w, https:\/\/www.haverskerque.fr\/wp-content\/uploads\/2024\/01\/barre-de-separation-300x5.png 300w, https:\/\/www.haverskerque.fr\/wp-content\/uploads\/2024\/01\/barre-de-separation-768x13.png 768w\" sizes=\"auto, (max-width: 991px) 100vw, 991px\" \/><\/figure>\n<\/div>\n\n\n<blockquote class=\"wp-block-quote is-layout-flow wp-block-quote-is-layout-flow\">\n<h3 class=\"wp-block-heading\"><strong>Thierry LIBESSART &#8211; Rouge H Hypnose<\/strong><\/h3>\n<\/blockquote>\n\n\n\n<ul class=\"wp-block-list\">\n<li>Praticien hypnose ericksonienne | Hypno praticien EMDR \/ IMO<\/li>\n<\/ul>\n\n\n\n<ul class=\"wp-block-list\">\n<li>06 21 41 28 53<\/li>\n<\/ul>\n\n\n\n<ul class=\"wp-block-list\">\n<li><strong><a rel=\"noreferrer noopener\" href=\"mailto:rougehhypnose@gmail.com\" target=\"_blank\">rougehhypnose@gmail.com<\/a><\/strong><\/li>\n<\/ul>\n\n\n\n<p><a rel=\"noreferrer noopener\" href=\"https:\/\/www.rougeh-hypnose.com\/\" target=\"_blank\"><strong>https:\/\/www.rougeh-hypnose.com\/<\/strong><\/a><\/p>\n\n\n\n<p><\/p>\n\n\n<div class=\"wp-block-image is-style-rounded\">\n<figure class=\"aligncenter size-full is-resized\"><img loading=\"lazy\" decoding=\"async\" width=\"991\" height=\"17\" src=\"http:\/\/haverskerque.fr\/wp-content\/uploads\/2024\/01\/barre-de-separation.png\" alt=\"\" class=\"wp-image-6652\" style=\"object-fit:cover;width:256px;height:8px\" srcset=\"https:\/\/www.haverskerque.fr\/wp-content\/uploads\/2024\/01\/barre-de-separation.png 991w, https:\/\/www.haverskerque.fr\/wp-content\/uploads\/2024\/01\/barre-de-separation-300x5.png 300w, https:\/\/www.haverskerque.fr\/wp-content\/uploads\/2024\/01\/barre-de-separation-768x13.png 768w\" sizes=\"auto, (max-width: 991px) 100vw, 991px\" \/><\/figure>\n<\/div>\n\n\n<blockquote class=\"wp-block-quote is-layout-flow wp-block-quote-is-layout-flow\">\n<h3 class=\"wp-block-heading\"><strong>YoviLoc<\/strong><\/h3>\n<\/blockquote>\n\n\n\n<ul class=\"wp-block-list\">\n<li>Prestation de mat\u00e9riels sur mesure pour vos soir\u00e9es, anniversaires, mariages\u2026 (baby-foot, jeux, fl\u00e9chettes, bornes d&rsquo;arcade etc.)<\/li>\n<\/ul>\n\n\n\n<ul class=\"wp-block-list\">\n<li>06 70 62 94 73<\/li>\n<\/ul>\n\n\n\n<ul class=\"wp-block-list\">\n<li><strong><a href=\"mailto:contact.yoviloc@gmail.com\" target=\"_blank\" rel=\"noreferrer noopener\">contact.yoviloc@gmail.com<\/a><\/strong><\/li>\n<\/ul>\n\n\n\n<p><strong><a href=\"https:\/\/www.yoviloc.com\" target=\"_blank\" rel=\"noreferrer noopener\">https:\/\/www.yoviloc.com<\/a><\/strong><\/p>\n\n\n\n<p><strong><a href=\"https:\/\/www.facebook.com\/profile.php?id=100089905030944\" target=\"_blank\" rel=\"noreferrer noopener\">https:\/\/www.facebook.com\/profile.php?id=100089905030944<\/a><\/strong><\/p>\n","protected":false},"excerpt":{"rendered":"<p>Retrouvez ici la liste des commerces, artisans et entreprises avec un descriptif de leur activit\u00e9 et leur contact. Commerces \u00c0 tr&rsquo;havers champs https:\/\/www.facebook.com\/atrHaverschamps Les jardins du Corbie https:\/\/www.facebook.com\/profile.php?id=61578691001706 C\u0153ur d&rsquo;Int\u00e9rieur https:\/\/www.facebook.com\/coeurdinterieurhaverskerque https:\/\/www.instagram.com\/coeur_d_interieur_59660\/ Garage SERGENT Le Sulky Artisanat AGIVIT Toitures https:\/\/www.agivit-toitures.com\/ T.A.M.G marque de Diag Toiture https:\/\/www.tamg-france.fr Boulangerie ROYEZ https:\/\/www.facebook.com\/profile.php?id=100063661593964 Calyma Couture https:\/\/www.calyma.fr Coutur&rsquo;hier https:\/\/couturhier.wordpress.com\/ Atelier du Poisson Bleu https:\/\/www.facebook.com\/auroredupoissonbleu https:\/\/www.instagram.com\/atelierdupoissonbleu COZE Bois EURL Cl\u00e9ment Olivier In\u00e9o Coiffure | Pr\u00eat-\u00e0-porter, bijoux https:\/\/www.facebook.com\/ineocoiffure\/ Anna Floral Cr\u00e9ations https:\/\/www.facebook.com\/adilaurie.rency.3 L\u2019atelier fleuri d&rsquo;\u00c9milie https:\/\/www.facebook.com\/Latelier-fleuri-d\u00c9milie-114824646553718\/ L. M. KOIFFER Leroy du bois multiservices &#8211; Valentin CORNILLE https:\/\/www.facebook.com\/profile.php?id=61576192001530 Les cr\u00e9ations de Sophie https:\/\/www.facebook.com\/groups\/343250656262724 SARL l&rsquo;atelier du ch\u00eane www.latelierduchene.fr Thibaut VARLET Transports Norro Verstraet Travaux Publics Autres entreprises Agn\u00e8s LIBESSART &#8211; Rouge H \u00c9qui-r\u00e9silience https:\/\/www.rougeh-equiresilience.com Christine DEGAND https:\/\/www.facebook.com\/profile.php?id=61560776956213 Domaine de Mi-Loup https:\/\/ledomainedemiloup.com\/activities DW Beauty, onglerie &amp; cils https:\/\/www.instagram.com\/dw._beauty https:\/\/www.facebook.com\/profile.php?id=100095489620934 Esotalia https:\/\/www.facebook.com\/Esotalia\/ Espace Pl\u00e9nitude Jardin d\u2019Astr\u00e9e \u2013 St\u00e9phane DECRIEM https:\/\/www.jardinspassions.fr\/le-jardin-d-astree.html Jessica PONTOIS, Doula (p\u00e9rinatalit\u00e9) https:\/\/www.jessica-pontois-doula-prenatal-ayurvedique.fr Le comptoir du chic https:\/\/le-comptoir-du-chic.sumup.link M\u00e9lanie GOVAERE, psychomotricienne p\u00e9rinatalit\u00e9 et petite enfance No\u00e9mie STALIN, conseill\u00e8re immobilier ind\u00e9pendante https:\/\/bskimmobilier.com\/noemie-delezie-5864 Oph\u00e9lie BILLIAU https:\/\/ophelie-billiau.optimhome.com\/fr Estelle MARC &#8211; Dans la po\u00e9sie du vivant https:\/\/www.facebook.com\/estellemarc.art https:\/\/www.instagram.com\/estellemarc.art Thierry LIBESSART &#8211; Rouge H Hypnose https:\/\/www.rougeh-hypnose.com\/ YoviLoc https:\/\/www.yoviloc.com https:\/\/www.facebook.com\/profile.php?id=100089905030944<\/p>\n","protected":false},"author":1,"featured_media":0,"parent":0,"menu_order":0,"comment_status":"closed","ping_status":"closed","template":"","meta":{"cybocfi_hide_featured_image":"","footnotes":""},"class_list":["post-3309","page","type-page","status-publish","hentry"],"yoast_head":"<!-- This site is optimized with the Yoast SEO plugin v27.5 - https:\/\/yoast.com\/product\/yoast-seo-wordpress\/ -->\n<title>Commerces\/Artisanat\/Entreprises * Haverskerque, 100% Nature !*<\/title>\n<meta name=\"robots\" content=\"index, follow, max-snippet:-1, max-image-preview:large, max-video-preview:-1\" \/>\n<link rel=\"canonical\" href=\"https:\/\/www.haverskerque.fr\/index.php\/commerces-artisanat-entreprises\/\" \/>\n<meta property=\"og:locale\" content=\"fr_FR\" \/>\n<meta property=\"og:type\" content=\"article\" \/>\n<meta property=\"og:title\" content=\"Commerces\/Artisanat\/Entreprises * Haverskerque, 100% Nature !*\" \/>\n<meta property=\"og:description\" content=\"Retrouvez ici la liste des commerces, artisans et entreprises avec un descriptif de leur activit\u00e9 et leur contact. Commerces \u00c0 tr&rsquo;havers champs https:\/\/www.facebook.com\/atrHaverschamps Les jardins du Corbie https:\/\/www.facebook.com\/profile.php?id=61578691001706 C\u0153ur d&rsquo;Int\u00e9rieur https:\/\/www.facebook.com\/coeurdinterieurhaverskerque https:\/\/www.instagram.com\/coeur_d_interieur_59660\/ Garage SERGENT Le Sulky Artisanat AGIVIT Toitures https:\/\/www.agivit-toitures.com\/ T.A.M.G marque de Diag Toiture https:\/\/www.tamg-france.fr Boulangerie ROYEZ https:\/\/www.facebook.com\/profile.php?id=100063661593964 Calyma Couture https:\/\/www.calyma.fr Coutur&rsquo;hier https:\/\/couturhier.wordpress.com\/ Atelier du Poisson Bleu https:\/\/www.facebook.com\/auroredupoissonbleu https:\/\/www.instagram.com\/atelierdupoissonbleu COZE Bois EURL Cl\u00e9ment Olivier In\u00e9o Coiffure | Pr\u00eat-\u00e0-porter, bijoux https:\/\/www.facebook.com\/ineocoiffure\/ Anna Floral Cr\u00e9ations https:\/\/www.facebook.com\/adilaurie.rency.3 L\u2019atelier fleuri d&rsquo;\u00c9milie https:\/\/www.facebook.com\/Latelier-fleuri-d\u00c9milie-114824646553718\/ L. M. KOIFFER Leroy du bois multiservices &#8211; Valentin CORNILLE https:\/\/www.facebook.com\/profile.php?id=61576192001530 Les cr\u00e9ations de Sophie https:\/\/www.facebook.com\/groups\/343250656262724 SARL l&rsquo;atelier du ch\u00eane www.latelierduchene.fr Thibaut VARLET Transports Norro Verstraet Travaux Publics Autres entreprises Agn\u00e8s LIBESSART &#8211; Rouge H \u00c9qui-r\u00e9silience https:\/\/www.rougeh-equiresilience.com Christine DEGAND https:\/\/www.facebook.com\/profile.php?id=61560776956213 Domaine de Mi-Loup https:\/\/ledomainedemiloup.com\/activities DW Beauty, onglerie &amp; cils https:\/\/www.instagram.com\/dw._beauty https:\/\/www.facebook.com\/profile.php?id=100095489620934 Esotalia https:\/\/www.facebook.com\/Esotalia\/ Espace Pl\u00e9nitude Jardin d\u2019Astr\u00e9e \u2013 St\u00e9phane DECRIEM https:\/\/www.jardinspassions.fr\/le-jardin-d-astree.html Jessica PONTOIS, Doula (p\u00e9rinatalit\u00e9) https:\/\/www.jessica-pontois-doula-prenatal-ayurvedique.fr Le comptoir du chic https:\/\/le-comptoir-du-chic.sumup.link M\u00e9lanie GOVAERE, psychomotricienne p\u00e9rinatalit\u00e9 et petite enfance No\u00e9mie STALIN, conseill\u00e8re immobilier ind\u00e9pendante https:\/\/bskimmobilier.com\/noemie-delezie-5864 Oph\u00e9lie BILLIAU https:\/\/ophelie-billiau.optimhome.com\/fr Estelle MARC &#8211; Dans la po\u00e9sie du vivant https:\/\/www.facebook.com\/estellemarc.art https:\/\/www.instagram.com\/estellemarc.art Thierry LIBESSART &#8211; Rouge H Hypnose https:\/\/www.rougeh-hypnose.com\/ YoviLoc https:\/\/www.yoviloc.com https:\/\/www.facebook.com\/profile.php?id=100089905030944\" \/>\n<meta property=\"og:url\" content=\"https:\/\/www.haverskerque.fr\/index.php\/commerces-artisanat-entreprises\/\" \/>\n<meta property=\"og:site_name\" content=\"Haverskerque, 100% Nature !*\" \/>\n<meta property=\"article:publisher\" content=\"https:\/\/www.facebook.com\/communehaverskerque\" \/>\n<meta property=\"article:modified_time\" content=\"2026-03-09T19:42:12+00:00\" \/>\n<meta property=\"og:image\" content=\"https:\/\/www.haverskerque.fr\/wp-content\/uploads\/2024\/03\/Commerces_Artisanat_Entreprises-1024x576.png\" \/>\n\t<meta property=\"og:image:width\" content=\"1024\" \/>\n\t<meta property=\"og:image:height\" content=\"576\" \/>\n\t<meta property=\"og:image:type\" content=\"image\/png\" \/>\n<meta name=\"twitter:card\" content=\"summary_large_image\" \/>\n<meta name=\"twitter:label1\" content=\"Dur\u00e9e de lecture estim\u00e9e\" \/>\n\t<meta name=\"twitter:data1\" content=\"14 minutes\" \/>\n<script type=\"application\/ld+json\" class=\"yoast-schema-graph\">{\"@context\":\"https:\\\/\\\/schema.org\",\"@graph\":[{\"@type\":\"WebPage\",\"@id\":\"https:\\\/\\\/www.haverskerque.fr\\\/index.php\\\/commerces-artisanat-entreprises\\\/\",\"url\":\"https:\\\/\\\/www.haverskerque.fr\\\/index.php\\\/commerces-artisanat-entreprises\\\/\",\"name\":\"Commerces\\\/Artisanat\\\/Entreprises * Haverskerque, 100% Nature !*\",\"isPartOf\":{\"@id\":\"https:\\\/\\\/haverskerque.fr\\\/#website\"},\"primaryImageOfPage\":{\"@id\":\"https:\\\/\\\/www.haverskerque.fr\\\/index.php\\\/commerces-artisanat-entreprises\\\/#primaryimage\"},\"image\":{\"@id\":\"https:\\\/\\\/www.haverskerque.fr\\\/index.php\\\/commerces-artisanat-entreprises\\\/#primaryimage\"},\"thumbnailUrl\":\"https:\\\/\\\/haverskerque.fr\\\/wp-content\\\/uploads\\\/2024\\\/03\\\/Commerces_Artisanat_Entreprises-1024x576.png\",\"datePublished\":\"2023-06-26T11:42:52+00:00\",\"dateModified\":\"2026-03-09T19:42:12+00:00\",\"breadcrumb\":{\"@id\":\"https:\\\/\\\/www.haverskerque.fr\\\/index.php\\\/commerces-artisanat-entreprises\\\/#breadcrumb\"},\"inLanguage\":\"fr-FR\",\"potentialAction\":[{\"@type\":\"ReadAction\",\"target\":[\"https:\\\/\\\/www.haverskerque.fr\\\/index.php\\\/commerces-artisanat-entreprises\\\/\"]}]},{\"@type\":\"ImageObject\",\"inLanguage\":\"fr-FR\",\"@id\":\"https:\\\/\\\/www.haverskerque.fr\\\/index.php\\\/commerces-artisanat-entreprises\\\/#primaryimage\",\"url\":\"https:\\\/\\\/haverskerque.fr\\\/wp-content\\\/uploads\\\/2024\\\/03\\\/Commerces_Artisanat_Entreprises-1024x576.png\",\"contentUrl\":\"https:\\\/\\\/haverskerque.fr\\\/wp-content\\\/uploads\\\/2024\\\/03\\\/Commerces_Artisanat_Entreprises-1024x576.png\"},{\"@type\":\"BreadcrumbList\",\"@id\":\"https:\\\/\\\/www.haverskerque.fr\\\/index.php\\\/commerces-artisanat-entreprises\\\/#breadcrumb\",\"itemListElement\":[{\"@type\":\"ListItem\",\"position\":1,\"name\":\"Accueil\",\"item\":\"https:\\\/\\\/www.haverskerque.fr\\\/\"},{\"@type\":\"ListItem\",\"position\":2,\"name\":\"Commerces\\\/Artisanat\\\/Entreprises\"}]},{\"@type\":\"WebSite\",\"@id\":\"https:\\\/\\\/haverskerque.fr\\\/#website\",\"url\":\"https:\\\/\\\/haverskerque.fr\\\/\",\"name\":\"Haverskerque\",\"description\":\"Haverskerque, 100% Nature !\",\"publisher\":{\"@id\":\"https:\\\/\\\/haverskerque.fr\\\/#organization\"},\"alternateName\":\"Haverskerque\",\"potentialAction\":[{\"@type\":\"SearchAction\",\"target\":{\"@type\":\"EntryPoint\",\"urlTemplate\":\"https:\\\/\\\/haverskerque.fr\\\/?s={search_term_string}\"},\"query-input\":{\"@type\":\"PropertyValueSpecification\",\"valueRequired\":true,\"valueName\":\"search_term_string\"}}],\"inLanguage\":\"fr-FR\"},{\"@type\":\"Organization\",\"@id\":\"https:\\\/\\\/haverskerque.fr\\\/#organization\",\"name\":\"Commune d'Haverskerque\",\"alternateName\":\"Commune d'Haverskerque\",\"url\":\"https:\\\/\\\/haverskerque.fr\\\/\",\"logo\":{\"@type\":\"ImageObject\",\"inLanguage\":\"fr-FR\",\"@id\":\"https:\\\/\\\/haverskerque.fr\\\/#\\\/schema\\\/logo\\\/image\\\/\",\"url\":\"https:\\\/\\\/haverskerque.fr\\\/wp-content\\\/uploads\\\/2024\\\/01\\\/siteon0-e5814-1.png\",\"contentUrl\":\"https:\\\/\\\/haverskerque.fr\\\/wp-content\\\/uploads\\\/2024\\\/01\\\/siteon0-e5814-1.png\",\"width\":236,\"height\":102,\"caption\":\"Commune d'Haverskerque\"},\"image\":{\"@id\":\"https:\\\/\\\/haverskerque.fr\\\/#\\\/schema\\\/logo\\\/image\\\/\"},\"sameAs\":[\"https:\\\/\\\/www.facebook.com\\\/communehaverskerque\",\"https:\\\/\\\/www.instagram.com\\\/communehaverskerque\\\/\"]}]}<\/script>\n<!-- \/ Yoast SEO plugin. -->","yoast_head_json":{"title":"Commerces\/Artisanat\/Entreprises * Haverskerque, 100% Nature !*","robots":{"index":"index","follow":"follow","max-snippet":"max-snippet:-1","max-image-preview":"max-image-preview:large","max-video-preview":"max-video-preview:-1"},"canonical":"https:\/\/www.haverskerque.fr\/index.php\/commerces-artisanat-entreprises\/","og_locale":"fr_FR","og_type":"article","og_title":"Commerces\/Artisanat\/Entreprises * Haverskerque, 100% Nature !*","og_description":"Retrouvez ici la liste des commerces, artisans et entreprises avec un descriptif de leur activit\u00e9 et leur contact. Commerces \u00c0 tr&rsquo;havers champs https:\/\/www.facebook.com\/atrHaverschamps Les jardins du Corbie https:\/\/www.facebook.com\/profile.php?id=61578691001706 C\u0153ur d&rsquo;Int\u00e9rieur https:\/\/www.facebook.com\/coeurdinterieurhaverskerque https:\/\/www.instagram.com\/coeur_d_interieur_59660\/ Garage SERGENT Le Sulky Artisanat AGIVIT Toitures https:\/\/www.agivit-toitures.com\/ T.A.M.G marque de Diag Toiture https:\/\/www.tamg-france.fr Boulangerie ROYEZ https:\/\/www.facebook.com\/profile.php?id=100063661593964 Calyma Couture https:\/\/www.calyma.fr Coutur&rsquo;hier https:\/\/couturhier.wordpress.com\/ Atelier du Poisson Bleu https:\/\/www.facebook.com\/auroredupoissonbleu https:\/\/www.instagram.com\/atelierdupoissonbleu COZE Bois EURL Cl\u00e9ment Olivier In\u00e9o Coiffure | Pr\u00eat-\u00e0-porter, bijoux https:\/\/www.facebook.com\/ineocoiffure\/ Anna Floral Cr\u00e9ations https:\/\/www.facebook.com\/adilaurie.rency.3 L\u2019atelier fleuri d&rsquo;\u00c9milie https:\/\/www.facebook.com\/Latelier-fleuri-d\u00c9milie-114824646553718\/ L. M. KOIFFER Leroy du bois multiservices &#8211; Valentin CORNILLE https:\/\/www.facebook.com\/profile.php?id=61576192001530 Les cr\u00e9ations de Sophie https:\/\/www.facebook.com\/groups\/343250656262724 SARL l&rsquo;atelier du ch\u00eane www.latelierduchene.fr Thibaut VARLET Transports Norro Verstraet Travaux Publics Autres entreprises Agn\u00e8s LIBESSART &#8211; Rouge H \u00c9qui-r\u00e9silience https:\/\/www.rougeh-equiresilience.com Christine DEGAND https:\/\/www.facebook.com\/profile.php?id=61560776956213 Domaine de Mi-Loup https:\/\/ledomainedemiloup.com\/activities DW Beauty, onglerie &amp; cils https:\/\/www.instagram.com\/dw._beauty https:\/\/www.facebook.com\/profile.php?id=100095489620934 Esotalia https:\/\/www.facebook.com\/Esotalia\/ Espace Pl\u00e9nitude Jardin d\u2019Astr\u00e9e \u2013 St\u00e9phane DECRIEM https:\/\/www.jardinspassions.fr\/le-jardin-d-astree.html Jessica PONTOIS, Doula (p\u00e9rinatalit\u00e9) https:\/\/www.jessica-pontois-doula-prenatal-ayurvedique.fr Le comptoir du chic https:\/\/le-comptoir-du-chic.sumup.link M\u00e9lanie GOVAERE, psychomotricienne p\u00e9rinatalit\u00e9 et petite enfance No\u00e9mie STALIN, conseill\u00e8re immobilier ind\u00e9pendante https:\/\/bskimmobilier.com\/noemie-delezie-5864 Oph\u00e9lie BILLIAU https:\/\/ophelie-billiau.optimhome.com\/fr Estelle MARC &#8211; Dans la po\u00e9sie du vivant https:\/\/www.facebook.com\/estellemarc.art https:\/\/www.instagram.com\/estellemarc.art Thierry LIBESSART &#8211; Rouge H Hypnose https:\/\/www.rougeh-hypnose.com\/ YoviLoc https:\/\/www.yoviloc.com https:\/\/www.facebook.com\/profile.php?id=100089905030944","og_url":"https:\/\/www.haverskerque.fr\/index.php\/commerces-artisanat-entreprises\/","og_site_name":"Haverskerque, 100% Nature !*","article_publisher":"https:\/\/www.facebook.com\/communehaverskerque","article_modified_time":"2026-03-09T19:42:12+00:00","og_image":[{"width":1024,"height":576,"url":"https:\/\/www.haverskerque.fr\/wp-content\/uploads\/2024\/03\/Commerces_Artisanat_Entreprises-1024x576.png","type":"image\/png"}],"twitter_card":"summary_large_image","twitter_misc":{"Dur\u00e9e de lecture estim\u00e9e":"14 minutes"},"schema":{"@context":"https:\/\/schema.org","@graph":[{"@type":"WebPage","@id":"https:\/\/www.haverskerque.fr\/index.php\/commerces-artisanat-entreprises\/","url":"https:\/\/www.haverskerque.fr\/index.php\/commerces-artisanat-entreprises\/","name":"Commerces\/Artisanat\/Entreprises * Haverskerque, 100% Nature !*","isPartOf":{"@id":"https:\/\/haverskerque.fr\/#website"},"primaryImageOfPage":{"@id":"https:\/\/www.haverskerque.fr\/index.php\/commerces-artisanat-entreprises\/#primaryimage"},"image":{"@id":"https:\/\/www.haverskerque.fr\/index.php\/commerces-artisanat-entreprises\/#primaryimage"},"thumbnailUrl":"https:\/\/haverskerque.fr\/wp-content\/uploads\/2024\/03\/Commerces_Artisanat_Entreprises-1024x576.png","datePublished":"2023-06-26T11:42:52+00:00","dateModified":"2026-03-09T19:42:12+00:00","breadcrumb":{"@id":"https:\/\/www.haverskerque.fr\/index.php\/commerces-artisanat-entreprises\/#breadcrumb"},"inLanguage":"fr-FR","potentialAction":[{"@type":"ReadAction","target":["https:\/\/www.haverskerque.fr\/index.php\/commerces-artisanat-entreprises\/"]}]},{"@type":"ImageObject","inLanguage":"fr-FR","@id":"https:\/\/www.haverskerque.fr\/index.php\/commerces-artisanat-entreprises\/#primaryimage","url":"https:\/\/haverskerque.fr\/wp-content\/uploads\/2024\/03\/Commerces_Artisanat_Entreprises-1024x576.png","contentUrl":"https:\/\/haverskerque.fr\/wp-content\/uploads\/2024\/03\/Commerces_Artisanat_Entreprises-1024x576.png"},{"@type":"BreadcrumbList","@id":"https:\/\/www.haverskerque.fr\/index.php\/commerces-artisanat-entreprises\/#breadcrumb","itemListElement":[{"@type":"ListItem","position":1,"name":"Accueil","item":"https:\/\/www.haverskerque.fr\/"},{"@type":"ListItem","position":2,"name":"Commerces\/Artisanat\/Entreprises"}]},{"@type":"WebSite","@id":"https:\/\/haverskerque.fr\/#website","url":"https:\/\/haverskerque.fr\/","name":"Haverskerque","description":"Haverskerque, 100% Nature !","publisher":{"@id":"https:\/\/haverskerque.fr\/#organization"},"alternateName":"Haverskerque","potentialAction":[{"@type":"SearchAction","target":{"@type":"EntryPoint","urlTemplate":"https:\/\/haverskerque.fr\/?s={search_term_string}"},"query-input":{"@type":"PropertyValueSpecification","valueRequired":true,"valueName":"search_term_string"}}],"inLanguage":"fr-FR"},{"@type":"Organization","@id":"https:\/\/haverskerque.fr\/#organization","name":"Commune d'Haverskerque","alternateName":"Commune d'Haverskerque","url":"https:\/\/haverskerque.fr\/","logo":{"@type":"ImageObject","inLanguage":"fr-FR","@id":"https:\/\/haverskerque.fr\/#\/schema\/logo\/image\/","url":"https:\/\/haverskerque.fr\/wp-content\/uploads\/2024\/01\/siteon0-e5814-1.png","contentUrl":"https:\/\/haverskerque.fr\/wp-content\/uploads\/2024\/01\/siteon0-e5814-1.png","width":236,"height":102,"caption":"Commune d'Haverskerque"},"image":{"@id":"https:\/\/haverskerque.fr\/#\/schema\/logo\/image\/"},"sameAs":["https:\/\/www.facebook.com\/communehaverskerque","https:\/\/www.instagram.com\/communehaverskerque\/"]}]}},"_links":{"self":[{"href":"https:\/\/www.haverskerque.fr\/index.php\/wp-json\/wp\/v2\/pages\/3309","targetHints":{"allow":["GET"]}}],"collection":[{"href":"https:\/\/www.haverskerque.fr\/index.php\/wp-json\/wp\/v2\/pages"}],"about":[{"href":"https:\/\/www.haverskerque.fr\/index.php\/wp-json\/wp\/v2\/types\/page"}],"author":[{"embeddable":true,"href":"https:\/\/www.haverskerque.fr\/index.php\/wp-json\/wp\/v2\/users\/1"}],"replies":[{"embeddable":true,"href":"https:\/\/www.haverskerque.fr\/index.php\/wp-json\/wp\/v2\/comments?post=3309"}],"version-history":[{"count":73,"href":"https:\/\/www.haverskerque.fr\/index.php\/wp-json\/wp\/v2\/pages\/3309\/revisions"}],"predecessor-version":[{"id":10215,"href":"https:\/\/www.haverskerque.fr\/index.php\/wp-json\/wp\/v2\/pages\/3309\/revisions\/10215"}],"wp:attachment":[{"href":"https:\/\/www.haverskerque.fr\/index.php\/wp-json\/wp\/v2\/media?parent=3309"}],"curies":[{"name":"wp","href":"https:\/\/api.w.org\/{rel}","templated":true}]}}