{"id":3284,"date":"2023-06-26T13:32:59","date_gmt":"2023-06-26T11:32:59","guid":{"rendered":"http:\/\/barbry.esy.es\/?page_id=3284"},"modified":"2024-08-13T11:31:33","modified_gmt":"2024-08-13T09:31:33","slug":"petite-enfance-2","status":"publish","type":"page","link":"https:\/\/www.haverskerque.fr\/index.php\/petite-enfance-2\/","title":{"rendered":"Petite Enfance"},"content":{"rendered":"\n<blockquote class=\"wp-block-quote is-layout-flow wp-block-quote-is-layout-flow\">\n<h3 class=\"wp-block-heading\"><\/h3>\n<\/blockquote>\n\n\n<div class=\"wp-block-image\">\n<figure class=\"aligncenter size-large is-resized\"><img loading=\"lazy\" decoding=\"async\" width=\"1024\" height=\"576\" src=\"https:\/\/haverskerque.fr\/wp-content\/uploads\/2024\/01\/Liste-des-assistantes-maternelles-1024x576.png\" alt=\"\" class=\"wp-image-7261\" style=\"object-fit:cover;width:700px;height:392px\" srcset=\"https:\/\/www.haverskerque.fr\/wp-content\/uploads\/2024\/01\/Liste-des-assistantes-maternelles-1024x576.png 1024w, https:\/\/www.haverskerque.fr\/wp-content\/uploads\/2024\/01\/Liste-des-assistantes-maternelles-300x169.png 300w, https:\/\/www.haverskerque.fr\/wp-content\/uploads\/2024\/01\/Liste-des-assistantes-maternelles-768x432.png 768w, https:\/\/www.haverskerque.fr\/wp-content\/uploads\/2024\/01\/Liste-des-assistantes-maternelles-1536x864.png 1536w, https:\/\/www.haverskerque.fr\/wp-content\/uploads\/2024\/01\/Liste-des-assistantes-maternelles-1140x641.png 1140w, https:\/\/www.haverskerque.fr\/wp-content\/uploads\/2024\/01\/Liste-des-assistantes-maternelles.png 1920w\" sizes=\"auto, (max-width: 1024px) 100vw, 1024px\" \/><\/figure>\n<\/div>\n\n\n<figure class=\"wp-block-image size-full\"><img loading=\"lazy\" decoding=\"async\" width=\"593\" height=\"45\" src=\"https:\/\/haverskerque.fr\/wp-content\/uploads\/2023\/02\/bandeblanche.jpg\" alt=\"\" class=\"wp-image-381\" srcset=\"https:\/\/www.haverskerque.fr\/wp-content\/uploads\/2023\/02\/bandeblanche.jpg 593w, https:\/\/www.haverskerque.fr\/wp-content\/uploads\/2023\/02\/bandeblanche-300x23.jpg 300w\" sizes=\"auto, (max-width: 593px) 100vw, 593px\" \/><\/figure>\n\n\n\n<p><mark style=\"background-color:rgba(0, 0, 0, 0);color:#00a018\" class=\"has-inline-color\">|<\/mark> <em>Vous recherchez un mode de garde pour votre enfant ou \u00eates professionnel et avez besoin de renseignements ? Vous trouverez ici toutes les informations utiles.<\/em><\/p>\n\n\n\n<figure class=\"wp-block-image size-full\"><img loading=\"lazy\" decoding=\"async\" width=\"593\" height=\"45\" src=\"https:\/\/haverskerque.fr\/wp-content\/uploads\/2023\/02\/bandeblanche.jpg\" alt=\"\" class=\"wp-image-381\" srcset=\"https:\/\/www.haverskerque.fr\/wp-content\/uploads\/2023\/02\/bandeblanche.jpg 593w, https:\/\/www.haverskerque.fr\/wp-content\/uploads\/2023\/02\/bandeblanche-300x23.jpg 300w\" sizes=\"auto, (max-width: 593px) 100vw, 593px\" \/><\/figure>\n\n\n\n<p>Le Relais d\u2019Assistants Maternels Flandre Lys est un service gratuit d\u2019information sur l\u2019accueil du jeune enfant \u00e0 destination des futurs parents, parents, assistants maternels, gardes \u00e0 domicile et candidats \u00e0 l\u2019agr\u00e9ment. Des permanences administratives ainsi que des ateliers d\u2019\u00e9veil, r\u00e9unions d\u2019informations et formations sont propos\u00e9s.<\/p>\n\n\n\n<p><\/p>\n\n\n\n<p>Une professionnelle du Relais Petite Enfance vous accueille <strong>le vendredi<\/strong> pour r\u00e9pondre \u00e0 vos questions :<\/p>\n\n\n\n<figure class=\"wp-block-image size-full\"><img loading=\"lazy\" decoding=\"async\" width=\"593\" height=\"45\" src=\"https:\/\/haverskerque.fr\/wp-content\/uploads\/2023\/02\/bandeblanche.jpg\" alt=\"\" class=\"wp-image-381\" srcset=\"https:\/\/www.haverskerque.fr\/wp-content\/uploads\/2023\/02\/bandeblanche.jpg 593w, https:\/\/www.haverskerque.fr\/wp-content\/uploads\/2023\/02\/bandeblanche-300x23.jpg 300w\" sizes=\"auto, (max-width: 593px) 100vw, 593px\" \/><\/figure>\n\n\n\n<ul class=\"wp-block-list\">\n<li><strong>Questions administratives<\/strong> (relation employeur\/famille, listing des assistantes maternelles du territoire\u2026) <\/li>\n<\/ul>\n\n\n\n<ul class=\"wp-block-list\">\n<li><strong>Animations et ateliers gratuits<\/strong><\/li>\n<\/ul>\n\n\n\n<figure class=\"wp-block-image size-full\"><img loading=\"lazy\" decoding=\"async\" width=\"593\" height=\"45\" src=\"https:\/\/haverskerque.fr\/wp-content\/uploads\/2023\/02\/bandeblanche.jpg\" alt=\"\" class=\"wp-image-381\" srcset=\"https:\/\/www.haverskerque.fr\/wp-content\/uploads\/2023\/02\/bandeblanche.jpg 593w, https:\/\/www.haverskerque.fr\/wp-content\/uploads\/2023\/02\/bandeblanche-300x23.jpg 300w\" sizes=\"auto, (max-width: 593px) 100vw, 593px\" \/><\/figure>\n\n\n\n<p>Pour contacter \u00c9lodie DECLERCK, r\u00e9f\u00e9rente de la commune pour le RPE :<\/p>\n\n\n\n<figure class=\"wp-block-image size-full\"><img loading=\"lazy\" decoding=\"async\" width=\"593\" height=\"45\" src=\"https:\/\/haverskerque.fr\/wp-content\/uploads\/2023\/02\/bandeblanche.jpg\" alt=\"\" class=\"wp-image-381\" srcset=\"https:\/\/www.haverskerque.fr\/wp-content\/uploads\/2023\/02\/bandeblanche.jpg 593w, https:\/\/www.haverskerque.fr\/wp-content\/uploads\/2023\/02\/bandeblanche-300x23.jpg 300w\" sizes=\"auto, (max-width: 593px) 100vw, 593px\" \/><\/figure>\n\n\n\n<ul class=\"wp-block-list\">\n<li>Le vendredi \u00e0 l&rsquo;Espace des Petits Pas (\u00e0 c\u00f4t\u00e9 de la salle des f\u00eates)<\/li>\n<\/ul>\n\n\n\n<ul class=\"wp-block-list\">\n<li>Par t\u00e9l\u00e9phone au 03 28 49 69 88 | 06 83 18 27 91<\/li>\n<\/ul>\n\n\n\n<ul class=\"wp-block-list\">\n<li>Par mail \u00e0&nbsp;<a href=\"mailto:elodie.declerck@cc-flandrelys.fr\" target=\"_blank\" rel=\"noreferrer noopener\"><strong>elodie.declerck@cc-flandrelys.fr<\/strong><\/a><\/li>\n<\/ul>\n\n\n\n<figure class=\"wp-block-image size-full\"><img loading=\"lazy\" decoding=\"async\" width=\"593\" height=\"45\" src=\"https:\/\/haverskerque.fr\/wp-content\/uploads\/2023\/02\/bandeblanche.jpg\" alt=\"\" class=\"wp-image-381\" srcset=\"https:\/\/www.haverskerque.fr\/wp-content\/uploads\/2023\/02\/bandeblanche.jpg 593w, https:\/\/www.haverskerque.fr\/wp-content\/uploads\/2023\/02\/bandeblanche-300x23.jpg 300w\" sizes=\"auto, (max-width: 593px) 100vw, 593px\" \/><\/figure>\n\n\n\n<p><em>Plus d\u2019informations sur cette&nbsp;<strong><a href=\"https:\/\/www.cc-flandrelys.fr\/grandir-et-apprendre\/relais-assistants-maternels\/pour-les-parents\" target=\"_blank\" rel=\"noreferrer noopener\">page<\/a><\/strong>.<\/em><\/p>\n","protected":false},"excerpt":{"rendered":"<p>| Vous recherchez un mode de garde pour votre enfant ou \u00eates professionnel et avez besoin de renseignements ? Vous trouverez ici toutes les informations utiles. Le Relais d\u2019Assistants Maternels Flandre Lys est un service gratuit d\u2019information sur l\u2019accueil du jeune enfant \u00e0 destination des futurs parents, parents, assistants maternels, gardes \u00e0 domicile et candidats \u00e0 l\u2019agr\u00e9ment. Des permanences administratives ainsi que des ateliers d\u2019\u00e9veil, r\u00e9unions d\u2019informations et formations sont propos\u00e9s. Une professionnelle du Relais Petite Enfance vous accueille le vendredi pour r\u00e9pondre \u00e0 vos questions : Pour contacter \u00c9lodie DECLERCK, r\u00e9f\u00e9rente de la commune pour le RPE : Plus d\u2019informations sur cette&nbsp;page.<\/p>\n","protected":false},"author":1,"featured_media":0,"parent":0,"menu_order":0,"comment_status":"closed","ping_status":"closed","template":"","meta":{"cybocfi_hide_featured_image":"","footnotes":""},"class_list":["post-3284","page","type-page","status-publish","hentry"],"yoast_head":"<!-- This site is optimized with the Yoast SEO plugin v27.5 - https:\/\/yoast.com\/product\/yoast-seo-wordpress\/ -->\n<title>Petite Enfance * Haverskerque, 100% Nature !*<\/title>\n<meta name=\"robots\" content=\"index, follow, max-snippet:-1, max-image-preview:large, max-video-preview:-1\" \/>\n<link rel=\"canonical\" href=\"https:\/\/www.haverskerque.fr\/index.php\/petite-enfance-2\/\" \/>\n<meta property=\"og:locale\" content=\"fr_FR\" \/>\n<meta property=\"og:type\" content=\"article\" \/>\n<meta property=\"og:title\" content=\"Petite Enfance * Haverskerque, 100% Nature !*\" \/>\n<meta property=\"og:description\" content=\"| Vous recherchez un mode de garde pour votre enfant ou \u00eates professionnel et avez besoin de renseignements ? Vous trouverez ici toutes les informations utiles. Le Relais d\u2019Assistants Maternels Flandre Lys est un service gratuit d\u2019information sur l\u2019accueil du jeune enfant \u00e0 destination des futurs parents, parents, assistants maternels, gardes \u00e0 domicile et candidats \u00e0 l\u2019agr\u00e9ment. Des permanences administratives ainsi que des ateliers d\u2019\u00e9veil, r\u00e9unions d\u2019informations et formations sont propos\u00e9s. Une professionnelle du Relais Petite Enfance vous accueille le vendredi pour r\u00e9pondre \u00e0 vos questions : Pour contacter \u00c9lodie DECLERCK, r\u00e9f\u00e9rente de la commune pour le RPE : Plus d\u2019informations sur cette&nbsp;page.\" \/>\n<meta property=\"og:url\" content=\"https:\/\/www.haverskerque.fr\/index.php\/petite-enfance-2\/\" \/>\n<meta property=\"og:site_name\" content=\"Haverskerque, 100% Nature !*\" \/>\n<meta property=\"article:publisher\" content=\"https:\/\/www.facebook.com\/communehaverskerque\" \/>\n<meta property=\"article:modified_time\" content=\"2024-08-13T09:31:33+00:00\" \/>\n<meta property=\"og:image\" content=\"https:\/\/haverskerque.fr\/wp-content\/uploads\/2024\/01\/Liste-des-assistantes-maternelles-1024x576.png\" \/>\n<meta name=\"twitter:card\" content=\"summary_large_image\" \/>\n<meta name=\"twitter:label1\" content=\"Dur\u00e9e de lecture estim\u00e9e\" \/>\n\t<meta name=\"twitter:data1\" content=\"3 minutes\" \/>\n<script type=\"application\/ld+json\" class=\"yoast-schema-graph\">{\"@context\":\"https:\\\/\\\/schema.org\",\"@graph\":[{\"@type\":\"WebPage\",\"@id\":\"https:\\\/\\\/www.haverskerque.fr\\\/index.php\\\/petite-enfance-2\\\/\",\"url\":\"https:\\\/\\\/www.haverskerque.fr\\\/index.php\\\/petite-enfance-2\\\/\",\"name\":\"Petite Enfance * Haverskerque, 100% Nature !*\",\"isPartOf\":{\"@id\":\"https:\\\/\\\/haverskerque.fr\\\/#website\"},\"primaryImageOfPage\":{\"@id\":\"https:\\\/\\\/www.haverskerque.fr\\\/index.php\\\/petite-enfance-2\\\/#primaryimage\"},\"image\":{\"@id\":\"https:\\\/\\\/www.haverskerque.fr\\\/index.php\\\/petite-enfance-2\\\/#primaryimage\"},\"thumbnailUrl\":\"https:\\\/\\\/haverskerque.fr\\\/wp-content\\\/uploads\\\/2024\\\/01\\\/Liste-des-assistantes-maternelles-1024x576.png\",\"datePublished\":\"2023-06-26T11:32:59+00:00\",\"dateModified\":\"2024-08-13T09:31:33+00:00\",\"breadcrumb\":{\"@id\":\"https:\\\/\\\/www.haverskerque.fr\\\/index.php\\\/petite-enfance-2\\\/#breadcrumb\"},\"inLanguage\":\"fr-FR\",\"potentialAction\":[{\"@type\":\"ReadAction\",\"target\":[\"https:\\\/\\\/www.haverskerque.fr\\\/index.php\\\/petite-enfance-2\\\/\"]}]},{\"@type\":\"ImageObject\",\"inLanguage\":\"fr-FR\",\"@id\":\"https:\\\/\\\/www.haverskerque.fr\\\/index.php\\\/petite-enfance-2\\\/#primaryimage\",\"url\":\"https:\\\/\\\/haverskerque.fr\\\/wp-content\\\/uploads\\\/2024\\\/01\\\/Liste-des-assistantes-maternelles-1024x576.png\",\"contentUrl\":\"https:\\\/\\\/haverskerque.fr\\\/wp-content\\\/uploads\\\/2024\\\/01\\\/Liste-des-assistantes-maternelles-1024x576.png\"},{\"@type\":\"BreadcrumbList\",\"@id\":\"https:\\\/\\\/www.haverskerque.fr\\\/index.php\\\/petite-enfance-2\\\/#breadcrumb\",\"itemListElement\":[{\"@type\":\"ListItem\",\"position\":1,\"name\":\"Accueil\",\"item\":\"https:\\\/\\\/www.haverskerque.fr\\\/\"},{\"@type\":\"ListItem\",\"position\":2,\"name\":\"Petite Enfance\"}]},{\"@type\":\"WebSite\",\"@id\":\"https:\\\/\\\/haverskerque.fr\\\/#website\",\"url\":\"https:\\\/\\\/haverskerque.fr\\\/\",\"name\":\"Haverskerque\",\"description\":\"Haverskerque, 100% Nature !\",\"publisher\":{\"@id\":\"https:\\\/\\\/haverskerque.fr\\\/#organization\"},\"alternateName\":\"Haverskerque\",\"potentialAction\":[{\"@type\":\"SearchAction\",\"target\":{\"@type\":\"EntryPoint\",\"urlTemplate\":\"https:\\\/\\\/haverskerque.fr\\\/?s={search_term_string}\"},\"query-input\":{\"@type\":\"PropertyValueSpecification\",\"valueRequired\":true,\"valueName\":\"search_term_string\"}}],\"inLanguage\":\"fr-FR\"},{\"@type\":\"Organization\",\"@id\":\"https:\\\/\\\/haverskerque.fr\\\/#organization\",\"name\":\"Commune d'Haverskerque\",\"alternateName\":\"Commune d'Haverskerque\",\"url\":\"https:\\\/\\\/haverskerque.fr\\\/\",\"logo\":{\"@type\":\"ImageObject\",\"inLanguage\":\"fr-FR\",\"@id\":\"https:\\\/\\\/haverskerque.fr\\\/#\\\/schema\\\/logo\\\/image\\\/\",\"url\":\"https:\\\/\\\/haverskerque.fr\\\/wp-content\\\/uploads\\\/2024\\\/01\\\/siteon0-e5814-1.png\",\"contentUrl\":\"https:\\\/\\\/haverskerque.fr\\\/wp-content\\\/uploads\\\/2024\\\/01\\\/siteon0-e5814-1.png\",\"width\":236,\"height\":102,\"caption\":\"Commune d'Haverskerque\"},\"image\":{\"@id\":\"https:\\\/\\\/haverskerque.fr\\\/#\\\/schema\\\/logo\\\/image\\\/\"},\"sameAs\":[\"https:\\\/\\\/www.facebook.com\\\/communehaverskerque\",\"https:\\\/\\\/www.instagram.com\\\/communehaverskerque\\\/\"]}]}<\/script>\n<!-- \/ Yoast SEO plugin. -->","yoast_head_json":{"title":"Petite Enfance * Haverskerque, 100% Nature !*","robots":{"index":"index","follow":"follow","max-snippet":"max-snippet:-1","max-image-preview":"max-image-preview:large","max-video-preview":"max-video-preview:-1"},"canonical":"https:\/\/www.haverskerque.fr\/index.php\/petite-enfance-2\/","og_locale":"fr_FR","og_type":"article","og_title":"Petite Enfance * Haverskerque, 100% Nature !*","og_description":"| Vous recherchez un mode de garde pour votre enfant ou \u00eates professionnel et avez besoin de renseignements ? Vous trouverez ici toutes les informations utiles. Le Relais d\u2019Assistants Maternels Flandre Lys est un service gratuit d\u2019information sur l\u2019accueil du jeune enfant \u00e0 destination des futurs parents, parents, assistants maternels, gardes \u00e0 domicile et candidats \u00e0 l\u2019agr\u00e9ment. Des permanences administratives ainsi que des ateliers d\u2019\u00e9veil, r\u00e9unions d\u2019informations et formations sont propos\u00e9s. Une professionnelle du Relais Petite Enfance vous accueille le vendredi pour r\u00e9pondre \u00e0 vos questions : Pour contacter \u00c9lodie DECLERCK, r\u00e9f\u00e9rente de la commune pour le RPE : Plus d\u2019informations sur cette&nbsp;page.","og_url":"https:\/\/www.haverskerque.fr\/index.php\/petite-enfance-2\/","og_site_name":"Haverskerque, 100% Nature !*","article_publisher":"https:\/\/www.facebook.com\/communehaverskerque","article_modified_time":"2024-08-13T09:31:33+00:00","og_image":[{"url":"https:\/\/haverskerque.fr\/wp-content\/uploads\/2024\/01\/Liste-des-assistantes-maternelles-1024x576.png","type":"","width":"","height":""}],"twitter_card":"summary_large_image","twitter_misc":{"Dur\u00e9e de lecture estim\u00e9e":"3 minutes"},"schema":{"@context":"https:\/\/schema.org","@graph":[{"@type":"WebPage","@id":"https:\/\/www.haverskerque.fr\/index.php\/petite-enfance-2\/","url":"https:\/\/www.haverskerque.fr\/index.php\/petite-enfance-2\/","name":"Petite Enfance * Haverskerque, 100% Nature !*","isPartOf":{"@id":"https:\/\/haverskerque.fr\/#website"},"primaryImageOfPage":{"@id":"https:\/\/www.haverskerque.fr\/index.php\/petite-enfance-2\/#primaryimage"},"image":{"@id":"https:\/\/www.haverskerque.fr\/index.php\/petite-enfance-2\/#primaryimage"},"thumbnailUrl":"https:\/\/haverskerque.fr\/wp-content\/uploads\/2024\/01\/Liste-des-assistantes-maternelles-1024x576.png","datePublished":"2023-06-26T11:32:59+00:00","dateModified":"2024-08-13T09:31:33+00:00","breadcrumb":{"@id":"https:\/\/www.haverskerque.fr\/index.php\/petite-enfance-2\/#breadcrumb"},"inLanguage":"fr-FR","potentialAction":[{"@type":"ReadAction","target":["https:\/\/www.haverskerque.fr\/index.php\/petite-enfance-2\/"]}]},{"@type":"ImageObject","inLanguage":"fr-FR","@id":"https:\/\/www.haverskerque.fr\/index.php\/petite-enfance-2\/#primaryimage","url":"https:\/\/haverskerque.fr\/wp-content\/uploads\/2024\/01\/Liste-des-assistantes-maternelles-1024x576.png","contentUrl":"https:\/\/haverskerque.fr\/wp-content\/uploads\/2024\/01\/Liste-des-assistantes-maternelles-1024x576.png"},{"@type":"BreadcrumbList","@id":"https:\/\/www.haverskerque.fr\/index.php\/petite-enfance-2\/#breadcrumb","itemListElement":[{"@type":"ListItem","position":1,"name":"Accueil","item":"https:\/\/www.haverskerque.fr\/"},{"@type":"ListItem","position":2,"name":"Petite Enfance"}]},{"@type":"WebSite","@id":"https:\/\/haverskerque.fr\/#website","url":"https:\/\/haverskerque.fr\/","name":"Haverskerque","description":"Haverskerque, 100% Nature !","publisher":{"@id":"https:\/\/haverskerque.fr\/#organization"},"alternateName":"Haverskerque","potentialAction":[{"@type":"SearchAction","target":{"@type":"EntryPoint","urlTemplate":"https:\/\/haverskerque.fr\/?s={search_term_string}"},"query-input":{"@type":"PropertyValueSpecification","valueRequired":true,"valueName":"search_term_string"}}],"inLanguage":"fr-FR"},{"@type":"Organization","@id":"https:\/\/haverskerque.fr\/#organization","name":"Commune d'Haverskerque","alternateName":"Commune d'Haverskerque","url":"https:\/\/haverskerque.fr\/","logo":{"@type":"ImageObject","inLanguage":"fr-FR","@id":"https:\/\/haverskerque.fr\/#\/schema\/logo\/image\/","url":"https:\/\/haverskerque.fr\/wp-content\/uploads\/2024\/01\/siteon0-e5814-1.png","contentUrl":"https:\/\/haverskerque.fr\/wp-content\/uploads\/2024\/01\/siteon0-e5814-1.png","width":236,"height":102,"caption":"Commune d'Haverskerque"},"image":{"@id":"https:\/\/haverskerque.fr\/#\/schema\/logo\/image\/"},"sameAs":["https:\/\/www.facebook.com\/communehaverskerque","https:\/\/www.instagram.com\/communehaverskerque\/"]}]}},"_links":{"self":[{"href":"https:\/\/www.haverskerque.fr\/index.php\/wp-json\/wp\/v2\/pages\/3284","targetHints":{"allow":["GET"]}}],"collection":[{"href":"https:\/\/www.haverskerque.fr\/index.php\/wp-json\/wp\/v2\/pages"}],"about":[{"href":"https:\/\/www.haverskerque.fr\/index.php\/wp-json\/wp\/v2\/types\/page"}],"author":[{"embeddable":true,"href":"https:\/\/www.haverskerque.fr\/index.php\/wp-json\/wp\/v2\/users\/1"}],"replies":[{"embeddable":true,"href":"https:\/\/www.haverskerque.fr\/index.php\/wp-json\/wp\/v2\/comments?post=3284"}],"version-history":[{"count":48,"href":"https:\/\/www.haverskerque.fr\/index.php\/wp-json\/wp\/v2\/pages\/3284\/revisions"}],"predecessor-version":[{"id":8532,"href":"https:\/\/www.haverskerque.fr\/index.php\/wp-json\/wp\/v2\/pages\/3284\/revisions\/8532"}],"wp:attachment":[{"href":"https:\/\/www.haverskerque.fr\/index.php\/wp-json\/wp\/v2\/media?parent=3284"}],"curies":[{"name":"wp","href":"https:\/\/api.w.org\/{rel}","templated":true}]}}