{"id":3220,"date":"2023-06-26T12:20:00","date_gmt":"2023-06-26T10:20:00","guid":{"rendered":"http:\/\/barbry.esy.es\/?page_id=3220"},"modified":"2024-04-04T11:05:30","modified_gmt":"2024-04-04T09:05:30","slug":"seniors-2","status":"publish","type":"page","link":"https:\/\/www.haverskerque.fr\/index.php\/seniors-2\/","title":{"rendered":"S\u00e9niors"},"content":{"rendered":"<div class=\"wp-block-image\">\n<figure class=\"aligncenter size-large is-resized\"><img loading=\"lazy\" decoding=\"async\" width=\"1024\" height=\"576\" src=\"https:\/\/haverskerque.fr\/wp-content\/uploads\/2024\/01\/Seniors-1024x576.png\" alt=\"\" class=\"wp-image-6963\" style=\"object-fit:cover;width:700px;height:393px\" srcset=\"https:\/\/www.haverskerque.fr\/wp-content\/uploads\/2024\/01\/Seniors-1024x576.png 1024w, https:\/\/www.haverskerque.fr\/wp-content\/uploads\/2024\/01\/Seniors-300x169.png 300w, https:\/\/www.haverskerque.fr\/wp-content\/uploads\/2024\/01\/Seniors-768x432.png 768w, https:\/\/www.haverskerque.fr\/wp-content\/uploads\/2024\/01\/Seniors-1536x864.png 1536w, https:\/\/www.haverskerque.fr\/wp-content\/uploads\/2024\/01\/Seniors-1140x641.png 1140w, https:\/\/www.haverskerque.fr\/wp-content\/uploads\/2024\/01\/Seniors.png 1920w\" sizes=\"auto, (max-width: 1024px) 100vw, 1024px\" \/><\/figure>\n<\/div>\n\n\n<figure class=\"wp-block-image size-full\"><img loading=\"lazy\" decoding=\"async\" width=\"593\" height=\"45\" src=\"https:\/\/haverskerque.fr\/wp-content\/uploads\/2023\/02\/bandeblanche.jpg\" alt=\"\" class=\"wp-image-381\" srcset=\"https:\/\/www.haverskerque.fr\/wp-content\/uploads\/2023\/02\/bandeblanche.jpg 593w, https:\/\/www.haverskerque.fr\/wp-content\/uploads\/2023\/02\/bandeblanche-300x23.jpg 300w\" sizes=\"auto, (max-width: 593px) 100vw, 593px\" \/><\/figure>\n\n\n\n<p><mark style=\"background-color:rgba(0, 0, 0, 0);color:#00a018\" class=\"has-inline-color\">|<\/mark> <em>Vous recherchez un Etablissement d&rsquo;h\u00e9bergement pour personnes \u00e2g\u00e9es d\u00e9pendantes ? Retrouvez ici les modalit\u00e9s de contact de l&rsquo;EHPAD Baronnie du Val de Lys.<\/em> <\/p>\n\n\n\n<figure class=\"wp-block-image size-full\"><img loading=\"lazy\" decoding=\"async\" width=\"593\" height=\"45\" src=\"https:\/\/haverskerque.fr\/wp-content\/uploads\/2023\/02\/bandeblanche.jpg\" alt=\"\" class=\"wp-image-381\" srcset=\"https:\/\/www.haverskerque.fr\/wp-content\/uploads\/2023\/02\/bandeblanche.jpg 593w, https:\/\/www.haverskerque.fr\/wp-content\/uploads\/2023\/02\/bandeblanche-300x23.jpg 300w\" sizes=\"auto, (max-width: 593px) 100vw, 593px\" \/><\/figure>\n\n\n\n<p>D\u00e9di\u00e9 au bien-\u00eatre aux soins des personnes \u00e2g\u00e9es dans un environnement chaleureux et s\u00e9curis\u00e9, l\u2019EHPAD Baronnie du Val de Lys est dot\u00e9 de chambres am\u00e9nag\u00e9es de mani\u00e8re ergonomique avec des installations adapt\u00e9es aux besoins des r\u00e9sidents. Une salle de d\u00e9tente, des jardins am\u00e9nag\u00e9s et des espaces de loisirs favorisent les rencontres et activit\u00e9s sociales.<\/p>\n\n\n\n<p>Une \u00e9quipe professionnelle et bienveillante prend soin des r\u00e9sidents&nbsp;: infirmiers, aides-soignants, m\u00e9decins et professionnels de la sant\u00e9 travaillent en \u00e9troite collaboration&nbsp; pour assurer une surveillance m\u00e9dicale r\u00e9guli\u00e8re et fournir les soins et traitements n\u00e9cessaires. Ils sont pr\u00e9sents 24h\/24 pour r\u00e9pondre aux besoins des r\u00e9sidents et garantir leur bien-\u00eatre.<\/p>\n\n\n\n<p>Chaque r\u00e9sident b\u00e9n\u00e9ficie d\u2019un plan de soins personnalis\u00e9, \u00e9labor\u00e9 en fonction de ses besoins et de ses pr\u00e9f\u00e9rences. Des services tels que l\u2019aide \u00e0 la toilette, l\u2019assistance \u00e0 la mobilit\u00e9, la gestion des m\u00e9dicaments et les soins infirmiers sont assur\u00e9s de mani\u00e8re r\u00e9guli\u00e8re et professionnelle. Les r\u00e9sidents ont acc\u00e8s \u00e0 une alimentation \u00e9quilibr\u00e9e et adapt\u00e9e \u00e0 leurs besoins nutritionnels.<\/p>\n\n\n\n<p>Un large \u00e9ventail d\u2019activit\u00e9s sociales, culturelles et r\u00e9cr\u00e9atives sont propos\u00e9s pour la stimulation de l\u2019esprit, favoriser les \u00e9changes et maintenir l\u2019autonomie. Des sorties, des ateliers, des spectacles et d\u2019autres \u00e9v\u00e9nements sont organis\u00e9s r\u00e9guli\u00e8rement pour offrir des moments de divertissement et de convivialit\u00e9. Des r\u00e9unions sont r\u00e9guli\u00e8rement organis\u00e9es pour tenir les familles des r\u00e9sidents inform\u00e9s des soins et de l\u2019\u00e9volution de leur proche. Le maintien du lien familial \u00e9tant essentiel, des visites et moments de partage sont organis\u00e9s tr\u00e8s r\u00e9guli\u00e8rement.<\/p>\n\n\n\n<figure class=\"wp-block-image size-full\"><img loading=\"lazy\" decoding=\"async\" width=\"593\" height=\"45\" src=\"https:\/\/haverskerque.fr\/wp-content\/uploads\/2023\/02\/bandeblanche.jpg\" alt=\"\" class=\"wp-image-381\" srcset=\"https:\/\/www.haverskerque.fr\/wp-content\/uploads\/2023\/02\/bandeblanche.jpg 593w, https:\/\/www.haverskerque.fr\/wp-content\/uploads\/2023\/02\/bandeblanche-300x23.jpg 300w\" sizes=\"auto, (max-width: 593px) 100vw, 593px\" \/><\/figure>\n\n\n\n<p>Contact : <\/p>\n\n\n\n<p>Place Augustin Vandaele <\/p>\n\n\n\n<p>03 28 40 61 34<\/p>\n\n\n\n<p><strong><a href=\"https:\/\/www.facebook.com\/profile.php?id=100066922836788\" target=\"_blank\" rel=\"noreferrer noopener\">Page Facebook<\/a><\/strong><\/p>\n\n\n\n<figure class=\"wp-block-image size-full\"><img loading=\"lazy\" decoding=\"async\" width=\"593\" height=\"45\" src=\"https:\/\/haverskerque.fr\/wp-content\/uploads\/2023\/02\/bandeblanche.jpg\" alt=\"\" class=\"wp-image-381\" srcset=\"https:\/\/www.haverskerque.fr\/wp-content\/uploads\/2023\/02\/bandeblanche.jpg 593w, https:\/\/www.haverskerque.fr\/wp-content\/uploads\/2023\/02\/bandeblanche-300x23.jpg 300w\" sizes=\"auto, (max-width: 593px) 100vw, 593px\" \/><\/figure>\n\n\n<div class=\"wp-block-image\">\n<figure class=\"aligncenter size-large is-resized\"><img loading=\"lazy\" decoding=\"async\" width=\"1024\" height=\"576\" src=\"https:\/\/haverskerque.fr\/wp-content\/uploads\/2024\/03\/Seniors_2-1024x576.png\" alt=\"\" class=\"wp-image-7557\" style=\"object-fit:cover;width:700px;height:393px\" srcset=\"https:\/\/www.haverskerque.fr\/wp-content\/uploads\/2024\/03\/Seniors_2-1024x576.png 1024w, https:\/\/www.haverskerque.fr\/wp-content\/uploads\/2024\/03\/Seniors_2-300x169.png 300w, https:\/\/www.haverskerque.fr\/wp-content\/uploads\/2024\/03\/Seniors_2-768x432.png 768w, https:\/\/www.haverskerque.fr\/wp-content\/uploads\/2024\/03\/Seniors_2-1536x864.png 1536w, https:\/\/www.haverskerque.fr\/wp-content\/uploads\/2024\/03\/Seniors_2-1140x641.png 1140w, https:\/\/www.haverskerque.fr\/wp-content\/uploads\/2024\/03\/Seniors_2.png 1920w\" sizes=\"auto, (max-width: 1024px) 100vw, 1024px\" \/><\/figure>\n<\/div>\n\n\n<p><\/p>\n\n\n\n<p><\/p>\n\n\n\n<p><\/p>\n\n\n\n<p><\/p>\n\n\n\n<p><\/p>\n\n\n\n<p><\/p>\n\n\n\n<p><\/p>\n\n\n\n<p><\/p>\n\n\n\n<p><\/p>\n","protected":false},"excerpt":{"rendered":"<p>| Vous recherchez un Etablissement d&rsquo;h\u00e9bergement pour personnes \u00e2g\u00e9es d\u00e9pendantes ? Retrouvez ici les modalit\u00e9s de contact de l&rsquo;EHPAD Baronnie du Val de Lys. D\u00e9di\u00e9 au bien-\u00eatre aux soins des personnes \u00e2g\u00e9es dans un environnement chaleureux et s\u00e9curis\u00e9, l\u2019EHPAD Baronnie du Val de Lys est dot\u00e9 de chambres am\u00e9nag\u00e9es de mani\u00e8re ergonomique avec des installations adapt\u00e9es aux besoins des r\u00e9sidents. Une salle de d\u00e9tente, des jardins am\u00e9nag\u00e9s et des espaces de loisirs favorisent les rencontres et activit\u00e9s sociales. Une \u00e9quipe professionnelle et bienveillante prend soin des r\u00e9sidents&nbsp;: infirmiers, aides-soignants, m\u00e9decins et professionnels de la sant\u00e9 travaillent en \u00e9troite collaboration&nbsp; pour assurer une surveillance m\u00e9dicale r\u00e9guli\u00e8re et fournir les soins et traitements n\u00e9cessaires. Ils sont pr\u00e9sents 24h\/24 pour r\u00e9pondre aux besoins des r\u00e9sidents et garantir leur bien-\u00eatre. Chaque r\u00e9sident b\u00e9n\u00e9ficie d\u2019un plan de soins personnalis\u00e9, \u00e9labor\u00e9 en fonction de ses besoins et de ses pr\u00e9f\u00e9rences. Des services tels que l\u2019aide \u00e0 la toilette, l\u2019assistance \u00e0 la mobilit\u00e9, la gestion des m\u00e9dicaments et les soins infirmiers sont assur\u00e9s de mani\u00e8re r\u00e9guli\u00e8re et professionnelle. Les r\u00e9sidents ont acc\u00e8s \u00e0 une alimentation \u00e9quilibr\u00e9e et adapt\u00e9e \u00e0 leurs besoins nutritionnels. Un large \u00e9ventail d\u2019activit\u00e9s sociales, culturelles et r\u00e9cr\u00e9atives sont propos\u00e9s pour la stimulation de l\u2019esprit, favoriser les \u00e9changes et maintenir l\u2019autonomie. Des sorties, des ateliers, des spectacles et d\u2019autres \u00e9v\u00e9nements sont organis\u00e9s r\u00e9guli\u00e8rement pour offrir des moments de divertissement et de convivialit\u00e9. Des r\u00e9unions sont r\u00e9guli\u00e8rement organis\u00e9es pour tenir les familles des r\u00e9sidents inform\u00e9s des soins et de l\u2019\u00e9volution de leur proche. Le maintien du lien familial \u00e9tant essentiel, des visites et moments de partage sont organis\u00e9s tr\u00e8s r\u00e9guli\u00e8rement. Contact : Place Augustin Vandaele 03 28 40 61 34 Page Facebook<\/p>\n","protected":false},"author":1,"featured_media":0,"parent":0,"menu_order":0,"comment_status":"closed","ping_status":"closed","template":"","meta":{"cybocfi_hide_featured_image":"","footnotes":""},"class_list":["post-3220","page","type-page","status-publish","hentry"],"yoast_head":"<!-- This site is optimized with the Yoast SEO plugin v27.5 - https:\/\/yoast.com\/product\/yoast-seo-wordpress\/ -->\n<title>S\u00e9niors * Haverskerque, 100% Nature !*<\/title>\n<meta name=\"robots\" content=\"index, follow, max-snippet:-1, max-image-preview:large, max-video-preview:-1\" \/>\n<link rel=\"canonical\" href=\"https:\/\/www.haverskerque.fr\/index.php\/seniors-2\/\" \/>\n<meta property=\"og:locale\" content=\"fr_FR\" \/>\n<meta property=\"og:type\" content=\"article\" \/>\n<meta property=\"og:title\" content=\"S\u00e9niors * Haverskerque, 100% Nature !*\" \/>\n<meta property=\"og:description\" content=\"| Vous recherchez un Etablissement d&rsquo;h\u00e9bergement pour personnes \u00e2g\u00e9es d\u00e9pendantes ? Retrouvez ici les modalit\u00e9s de contact de l&rsquo;EHPAD Baronnie du Val de Lys. D\u00e9di\u00e9 au bien-\u00eatre aux soins des personnes \u00e2g\u00e9es dans un environnement chaleureux et s\u00e9curis\u00e9, l\u2019EHPAD Baronnie du Val de Lys est dot\u00e9 de chambres am\u00e9nag\u00e9es de mani\u00e8re ergonomique avec des installations adapt\u00e9es aux besoins des r\u00e9sidents. Une salle de d\u00e9tente, des jardins am\u00e9nag\u00e9s et des espaces de loisirs favorisent les rencontres et activit\u00e9s sociales. Une \u00e9quipe professionnelle et bienveillante prend soin des r\u00e9sidents&nbsp;: infirmiers, aides-soignants, m\u00e9decins et professionnels de la sant\u00e9 travaillent en \u00e9troite collaboration&nbsp; pour assurer une surveillance m\u00e9dicale r\u00e9guli\u00e8re et fournir les soins et traitements n\u00e9cessaires. Ils sont pr\u00e9sents 24h\/24 pour r\u00e9pondre aux besoins des r\u00e9sidents et garantir leur bien-\u00eatre. Chaque r\u00e9sident b\u00e9n\u00e9ficie d\u2019un plan de soins personnalis\u00e9, \u00e9labor\u00e9 en fonction de ses besoins et de ses pr\u00e9f\u00e9rences. Des services tels que l\u2019aide \u00e0 la toilette, l\u2019assistance \u00e0 la mobilit\u00e9, la gestion des m\u00e9dicaments et les soins infirmiers sont assur\u00e9s de mani\u00e8re r\u00e9guli\u00e8re et professionnelle. Les r\u00e9sidents ont acc\u00e8s \u00e0 une alimentation \u00e9quilibr\u00e9e et adapt\u00e9e \u00e0 leurs besoins nutritionnels. Un large \u00e9ventail d\u2019activit\u00e9s sociales, culturelles et r\u00e9cr\u00e9atives sont propos\u00e9s pour la stimulation de l\u2019esprit, favoriser les \u00e9changes et maintenir l\u2019autonomie. Des sorties, des ateliers, des spectacles et d\u2019autres \u00e9v\u00e9nements sont organis\u00e9s r\u00e9guli\u00e8rement pour offrir des moments de divertissement et de convivialit\u00e9. Des r\u00e9unions sont r\u00e9guli\u00e8rement organis\u00e9es pour tenir les familles des r\u00e9sidents inform\u00e9s des soins et de l\u2019\u00e9volution de leur proche. Le maintien du lien familial \u00e9tant essentiel, des visites et moments de partage sont organis\u00e9s tr\u00e8s r\u00e9guli\u00e8rement. Contact : Place Augustin Vandaele 03 28 40 61 34 Page Facebook\" \/>\n<meta property=\"og:url\" content=\"https:\/\/www.haverskerque.fr\/index.php\/seniors-2\/\" \/>\n<meta property=\"og:site_name\" content=\"Haverskerque, 100% Nature !*\" \/>\n<meta property=\"article:publisher\" content=\"https:\/\/www.facebook.com\/communehaverskerque\" \/>\n<meta property=\"article:modified_time\" content=\"2024-04-04T09:05:30+00:00\" \/>\n<meta property=\"og:image\" content=\"https:\/\/haverskerque.fr\/wp-content\/uploads\/2024\/01\/Seniors-1024x576.png\" \/>\n<meta name=\"twitter:card\" content=\"summary_large_image\" \/>\n<meta name=\"twitter:label1\" content=\"Dur\u00e9e de lecture estim\u00e9e\" \/>\n\t<meta name=\"twitter:data1\" content=\"3 minutes\" \/>\n<script type=\"application\/ld+json\" class=\"yoast-schema-graph\">{\"@context\":\"https:\\\/\\\/schema.org\",\"@graph\":[{\"@type\":\"WebPage\",\"@id\":\"https:\\\/\\\/www.haverskerque.fr\\\/index.php\\\/seniors-2\\\/\",\"url\":\"https:\\\/\\\/www.haverskerque.fr\\\/index.php\\\/seniors-2\\\/\",\"name\":\"S\u00e9niors * Haverskerque, 100% Nature !*\",\"isPartOf\":{\"@id\":\"https:\\\/\\\/haverskerque.fr\\\/#website\"},\"primaryImageOfPage\":{\"@id\":\"https:\\\/\\\/www.haverskerque.fr\\\/index.php\\\/seniors-2\\\/#primaryimage\"},\"image\":{\"@id\":\"https:\\\/\\\/www.haverskerque.fr\\\/index.php\\\/seniors-2\\\/#primaryimage\"},\"thumbnailUrl\":\"https:\\\/\\\/haverskerque.fr\\\/wp-content\\\/uploads\\\/2024\\\/01\\\/Seniors-1024x576.png\",\"datePublished\":\"2023-06-26T10:20:00+00:00\",\"dateModified\":\"2024-04-04T09:05:30+00:00\",\"breadcrumb\":{\"@id\":\"https:\\\/\\\/www.haverskerque.fr\\\/index.php\\\/seniors-2\\\/#breadcrumb\"},\"inLanguage\":\"fr-FR\",\"potentialAction\":[{\"@type\":\"ReadAction\",\"target\":[\"https:\\\/\\\/www.haverskerque.fr\\\/index.php\\\/seniors-2\\\/\"]}]},{\"@type\":\"ImageObject\",\"inLanguage\":\"fr-FR\",\"@id\":\"https:\\\/\\\/www.haverskerque.fr\\\/index.php\\\/seniors-2\\\/#primaryimage\",\"url\":\"https:\\\/\\\/haverskerque.fr\\\/wp-content\\\/uploads\\\/2024\\\/01\\\/Seniors-1024x576.png\",\"contentUrl\":\"https:\\\/\\\/haverskerque.fr\\\/wp-content\\\/uploads\\\/2024\\\/01\\\/Seniors-1024x576.png\"},{\"@type\":\"BreadcrumbList\",\"@id\":\"https:\\\/\\\/www.haverskerque.fr\\\/index.php\\\/seniors-2\\\/#breadcrumb\",\"itemListElement\":[{\"@type\":\"ListItem\",\"position\":1,\"name\":\"Accueil\",\"item\":\"https:\\\/\\\/www.haverskerque.fr\\\/\"},{\"@type\":\"ListItem\",\"position\":2,\"name\":\"S\u00e9niors\"}]},{\"@type\":\"WebSite\",\"@id\":\"https:\\\/\\\/haverskerque.fr\\\/#website\",\"url\":\"https:\\\/\\\/haverskerque.fr\\\/\",\"name\":\"Haverskerque\",\"description\":\"Haverskerque, 100% Nature !\",\"publisher\":{\"@id\":\"https:\\\/\\\/haverskerque.fr\\\/#organization\"},\"alternateName\":\"Haverskerque\",\"potentialAction\":[{\"@type\":\"SearchAction\",\"target\":{\"@type\":\"EntryPoint\",\"urlTemplate\":\"https:\\\/\\\/haverskerque.fr\\\/?s={search_term_string}\"},\"query-input\":{\"@type\":\"PropertyValueSpecification\",\"valueRequired\":true,\"valueName\":\"search_term_string\"}}],\"inLanguage\":\"fr-FR\"},{\"@type\":\"Organization\",\"@id\":\"https:\\\/\\\/haverskerque.fr\\\/#organization\",\"name\":\"Commune d'Haverskerque\",\"alternateName\":\"Commune d'Haverskerque\",\"url\":\"https:\\\/\\\/haverskerque.fr\\\/\",\"logo\":{\"@type\":\"ImageObject\",\"inLanguage\":\"fr-FR\",\"@id\":\"https:\\\/\\\/haverskerque.fr\\\/#\\\/schema\\\/logo\\\/image\\\/\",\"url\":\"https:\\\/\\\/haverskerque.fr\\\/wp-content\\\/uploads\\\/2024\\\/01\\\/siteon0-e5814-1.png\",\"contentUrl\":\"https:\\\/\\\/haverskerque.fr\\\/wp-content\\\/uploads\\\/2024\\\/01\\\/siteon0-e5814-1.png\",\"width\":236,\"height\":102,\"caption\":\"Commune d'Haverskerque\"},\"image\":{\"@id\":\"https:\\\/\\\/haverskerque.fr\\\/#\\\/schema\\\/logo\\\/image\\\/\"},\"sameAs\":[\"https:\\\/\\\/www.facebook.com\\\/communehaverskerque\",\"https:\\\/\\\/www.instagram.com\\\/communehaverskerque\\\/\"]}]}<\/script>\n<!-- \/ Yoast SEO plugin. -->","yoast_head_json":{"title":"S\u00e9niors * Haverskerque, 100% Nature !*","robots":{"index":"index","follow":"follow","max-snippet":"max-snippet:-1","max-image-preview":"max-image-preview:large","max-video-preview":"max-video-preview:-1"},"canonical":"https:\/\/www.haverskerque.fr\/index.php\/seniors-2\/","og_locale":"fr_FR","og_type":"article","og_title":"S\u00e9niors * Haverskerque, 100% Nature !*","og_description":"| Vous recherchez un Etablissement d&rsquo;h\u00e9bergement pour personnes \u00e2g\u00e9es d\u00e9pendantes ? Retrouvez ici les modalit\u00e9s de contact de l&rsquo;EHPAD Baronnie du Val de Lys. D\u00e9di\u00e9 au bien-\u00eatre aux soins des personnes \u00e2g\u00e9es dans un environnement chaleureux et s\u00e9curis\u00e9, l\u2019EHPAD Baronnie du Val de Lys est dot\u00e9 de chambres am\u00e9nag\u00e9es de mani\u00e8re ergonomique avec des installations adapt\u00e9es aux besoins des r\u00e9sidents. Une salle de d\u00e9tente, des jardins am\u00e9nag\u00e9s et des espaces de loisirs favorisent les rencontres et activit\u00e9s sociales. Une \u00e9quipe professionnelle et bienveillante prend soin des r\u00e9sidents&nbsp;: infirmiers, aides-soignants, m\u00e9decins et professionnels de la sant\u00e9 travaillent en \u00e9troite collaboration&nbsp; pour assurer une surveillance m\u00e9dicale r\u00e9guli\u00e8re et fournir les soins et traitements n\u00e9cessaires. Ils sont pr\u00e9sents 24h\/24 pour r\u00e9pondre aux besoins des r\u00e9sidents et garantir leur bien-\u00eatre. Chaque r\u00e9sident b\u00e9n\u00e9ficie d\u2019un plan de soins personnalis\u00e9, \u00e9labor\u00e9 en fonction de ses besoins et de ses pr\u00e9f\u00e9rences. Des services tels que l\u2019aide \u00e0 la toilette, l\u2019assistance \u00e0 la mobilit\u00e9, la gestion des m\u00e9dicaments et les soins infirmiers sont assur\u00e9s de mani\u00e8re r\u00e9guli\u00e8re et professionnelle. Les r\u00e9sidents ont acc\u00e8s \u00e0 une alimentation \u00e9quilibr\u00e9e et adapt\u00e9e \u00e0 leurs besoins nutritionnels. Un large \u00e9ventail d\u2019activit\u00e9s sociales, culturelles et r\u00e9cr\u00e9atives sont propos\u00e9s pour la stimulation de l\u2019esprit, favoriser les \u00e9changes et maintenir l\u2019autonomie. Des sorties, des ateliers, des spectacles et d\u2019autres \u00e9v\u00e9nements sont organis\u00e9s r\u00e9guli\u00e8rement pour offrir des moments de divertissement et de convivialit\u00e9. Des r\u00e9unions sont r\u00e9guli\u00e8rement organis\u00e9es pour tenir les familles des r\u00e9sidents inform\u00e9s des soins et de l\u2019\u00e9volution de leur proche. Le maintien du lien familial \u00e9tant essentiel, des visites et moments de partage sont organis\u00e9s tr\u00e8s r\u00e9guli\u00e8rement. Contact : Place Augustin Vandaele 03 28 40 61 34 Page Facebook","og_url":"https:\/\/www.haverskerque.fr\/index.php\/seniors-2\/","og_site_name":"Haverskerque, 100% Nature !*","article_publisher":"https:\/\/www.facebook.com\/communehaverskerque","article_modified_time":"2024-04-04T09:05:30+00:00","og_image":[{"url":"https:\/\/haverskerque.fr\/wp-content\/uploads\/2024\/01\/Seniors-1024x576.png","type":"","width":"","height":""}],"twitter_card":"summary_large_image","twitter_misc":{"Dur\u00e9e de lecture estim\u00e9e":"3 minutes"},"schema":{"@context":"https:\/\/schema.org","@graph":[{"@type":"WebPage","@id":"https:\/\/www.haverskerque.fr\/index.php\/seniors-2\/","url":"https:\/\/www.haverskerque.fr\/index.php\/seniors-2\/","name":"S\u00e9niors * Haverskerque, 100% Nature !*","isPartOf":{"@id":"https:\/\/haverskerque.fr\/#website"},"primaryImageOfPage":{"@id":"https:\/\/www.haverskerque.fr\/index.php\/seniors-2\/#primaryimage"},"image":{"@id":"https:\/\/www.haverskerque.fr\/index.php\/seniors-2\/#primaryimage"},"thumbnailUrl":"https:\/\/haverskerque.fr\/wp-content\/uploads\/2024\/01\/Seniors-1024x576.png","datePublished":"2023-06-26T10:20:00+00:00","dateModified":"2024-04-04T09:05:30+00:00","breadcrumb":{"@id":"https:\/\/www.haverskerque.fr\/index.php\/seniors-2\/#breadcrumb"},"inLanguage":"fr-FR","potentialAction":[{"@type":"ReadAction","target":["https:\/\/www.haverskerque.fr\/index.php\/seniors-2\/"]}]},{"@type":"ImageObject","inLanguage":"fr-FR","@id":"https:\/\/www.haverskerque.fr\/index.php\/seniors-2\/#primaryimage","url":"https:\/\/haverskerque.fr\/wp-content\/uploads\/2024\/01\/Seniors-1024x576.png","contentUrl":"https:\/\/haverskerque.fr\/wp-content\/uploads\/2024\/01\/Seniors-1024x576.png"},{"@type":"BreadcrumbList","@id":"https:\/\/www.haverskerque.fr\/index.php\/seniors-2\/#breadcrumb","itemListElement":[{"@type":"ListItem","position":1,"name":"Accueil","item":"https:\/\/www.haverskerque.fr\/"},{"@type":"ListItem","position":2,"name":"S\u00e9niors"}]},{"@type":"WebSite","@id":"https:\/\/haverskerque.fr\/#website","url":"https:\/\/haverskerque.fr\/","name":"Haverskerque","description":"Haverskerque, 100% Nature !","publisher":{"@id":"https:\/\/haverskerque.fr\/#organization"},"alternateName":"Haverskerque","potentialAction":[{"@type":"SearchAction","target":{"@type":"EntryPoint","urlTemplate":"https:\/\/haverskerque.fr\/?s={search_term_string}"},"query-input":{"@type":"PropertyValueSpecification","valueRequired":true,"valueName":"search_term_string"}}],"inLanguage":"fr-FR"},{"@type":"Organization","@id":"https:\/\/haverskerque.fr\/#organization","name":"Commune d'Haverskerque","alternateName":"Commune d'Haverskerque","url":"https:\/\/haverskerque.fr\/","logo":{"@type":"ImageObject","inLanguage":"fr-FR","@id":"https:\/\/haverskerque.fr\/#\/schema\/logo\/image\/","url":"https:\/\/haverskerque.fr\/wp-content\/uploads\/2024\/01\/siteon0-e5814-1.png","contentUrl":"https:\/\/haverskerque.fr\/wp-content\/uploads\/2024\/01\/siteon0-e5814-1.png","width":236,"height":102,"caption":"Commune d'Haverskerque"},"image":{"@id":"https:\/\/haverskerque.fr\/#\/schema\/logo\/image\/"},"sameAs":["https:\/\/www.facebook.com\/communehaverskerque","https:\/\/www.instagram.com\/communehaverskerque\/"]}]}},"_links":{"self":[{"href":"https:\/\/www.haverskerque.fr\/index.php\/wp-json\/wp\/v2\/pages\/3220","targetHints":{"allow":["GET"]}}],"collection":[{"href":"https:\/\/www.haverskerque.fr\/index.php\/wp-json\/wp\/v2\/pages"}],"about":[{"href":"https:\/\/www.haverskerque.fr\/index.php\/wp-json\/wp\/v2\/types\/page"}],"author":[{"embeddable":true,"href":"https:\/\/www.haverskerque.fr\/index.php\/wp-json\/wp\/v2\/users\/1"}],"replies":[{"embeddable":true,"href":"https:\/\/www.haverskerque.fr\/index.php\/wp-json\/wp\/v2\/comments?post=3220"}],"version-history":[{"count":22,"href":"https:\/\/www.haverskerque.fr\/index.php\/wp-json\/wp\/v2\/pages\/3220\/revisions"}],"predecessor-version":[{"id":7855,"href":"https:\/\/www.haverskerque.fr\/index.php\/wp-json\/wp\/v2\/pages\/3220\/revisions\/7855"}],"wp:attachment":[{"href":"https:\/\/www.haverskerque.fr\/index.php\/wp-json\/wp\/v2\/media?parent=3220"}],"curies":[{"name":"wp","href":"https:\/\/api.w.org\/{rel}","templated":true}]}}