{"id":3218,"date":"2023-06-26T12:19:24","date_gmt":"2023-06-26T10:19:24","guid":{"rendered":"http:\/\/barbry.esy.es\/?page_id=3218"},"modified":"2025-12-02T14:01:22","modified_gmt":"2025-12-02T13:01:22","slug":"associations","status":"publish","type":"page","link":"https:\/\/www.haverskerque.fr\/index.php\/associations\/","title":{"rendered":"Associations"},"content":{"rendered":"<div class=\"wp-block-image\">\n<figure class=\"aligncenter size-large is-resized\"><img loading=\"lazy\" decoding=\"async\" width=\"1024\" height=\"576\" src=\"https:\/\/haverskerque.fr\/wp-content\/uploads\/2024\/03\/Associations-1024x576.png\" alt=\"\" class=\"wp-image-7507\" style=\"object-fit:cover;width:700px;height:393px\" srcset=\"https:\/\/www.haverskerque.fr\/wp-content\/uploads\/2024\/03\/Associations-1024x576.png 1024w, https:\/\/www.haverskerque.fr\/wp-content\/uploads\/2024\/03\/Associations-300x169.png 300w, https:\/\/www.haverskerque.fr\/wp-content\/uploads\/2024\/03\/Associations-768x432.png 768w, https:\/\/www.haverskerque.fr\/wp-content\/uploads\/2024\/03\/Associations-1536x864.png 1536w, https:\/\/www.haverskerque.fr\/wp-content\/uploads\/2024\/03\/Associations-1140x641.png 1140w, https:\/\/www.haverskerque.fr\/wp-content\/uploads\/2024\/03\/Associations.png 1920w\" sizes=\"auto, (max-width: 1024px) 100vw, 1024px\" \/><\/figure>\n<\/div>\n\n\n<p>Si vous constatez que votre association a \u00e9t\u00e9 oubli\u00e9e, si vous avez des modifications \u00e0 apporter, si vous cr\u00e9ez une activit\u00e9 ou si vous l\u2019arr\u00eatez, merci de nous le signaler en&nbsp;<strong><a href=\"https:\/\/haverskerque.fr\/index.php\/contact-2\/\" target=\"_blank\" rel=\"noreferrer noopener\">cliquant ici<\/a><\/strong>&nbsp;pour que nous puissions mettre \u00e0 jour cette liste.<\/p>\n\n\n\n<blockquote class=\"wp-block-quote is-layout-flow wp-block-quote-is-layout-flow\">\n<h3 class=\"wp-block-heading\"><strong>Amicale des donneurs du sang<\/strong><\/h3>\n<\/blockquote>\n\n\n\n<ul class=\"wp-block-list\">\n<li>Pr\u00e9sident : Jean-Luc DUBAELE<\/li>\n<\/ul>\n\n\n\n<ul class=\"wp-block-list\">\n<li>Vice-pr\u00e9sident : Jean ROLIN<\/li>\n<\/ul>\n\n\n\n<ul class=\"wp-block-list\">\n<li>Secr\u00e9taire : Jean-Michel DEQUIREZ<\/li>\n<\/ul>\n\n\n\n<ul class=\"wp-block-list\">\n<li>Tr\u00e9sorier : Denis CRINQUETTE<\/li>\n<\/ul>\n\n\n\n<ul class=\"wp-block-list\">\n<li>Maison des associations, Rue du Duc de Berry, 59253 La Gorgue<\/li>\n<\/ul>\n\n\n\n<ul class=\"wp-block-list\">\n<li>06 21 19 38 41<\/li>\n<\/ul>\n\n\n\n<ul class=\"wp-block-list\">\n<li><strong><a rel=\"noreferrer noopener\" href=\"mailto:dubaele.jeanluc@bbox.fr\" target=\"_blank\">dubaele.jeanluc@bbox.fr<\/a><\/strong><\/li>\n<\/ul>\n\n\n\n<p><\/p>\n\n\n<div class=\"wp-block-image is-style-rounded\">\n<figure class=\"aligncenter size-full is-resized\"><img loading=\"lazy\" decoding=\"async\" width=\"991\" height=\"17\" src=\"http:\/\/haverskerque.fr\/wp-content\/uploads\/2024\/01\/barre-de-separation.png\" alt=\"\" class=\"wp-image-6652\" style=\"object-fit:cover;width:256px;height:8px\" srcset=\"https:\/\/www.haverskerque.fr\/wp-content\/uploads\/2024\/01\/barre-de-separation.png 991w, https:\/\/www.haverskerque.fr\/wp-content\/uploads\/2024\/01\/barre-de-separation-300x5.png 300w, https:\/\/www.haverskerque.fr\/wp-content\/uploads\/2024\/01\/barre-de-separation-768x13.png 768w\" sizes=\"auto, (max-width: 991px) 100vw, 991px\" \/><\/figure>\n<\/div>\n\n\n<blockquote class=\"wp-block-quote is-layout-flow wp-block-quote-is-layout-flow\">\n<h3 class=\"wp-block-heading\"><strong>Anciens combattants<\/strong><\/h3>\n<\/blockquote>\n\n\n\n<ul class=\"wp-block-list\">\n<li>Pr\u00e9sident : Hubert BOUQUET<\/li>\n<\/ul>\n\n\n\n<ul class=\"wp-block-list\">\n<li>Secr\u00e9taire : Roland WILLEMS<\/li>\n<\/ul>\n\n\n\n<ul class=\"wp-block-list\">\n<li>Tr\u00e9sorier : Bernard BAUDELLE<\/li>\n<\/ul>\n\n\n\n<ul class=\"wp-block-list\">\n<li>Porte-drapeaux : Marc DEHAINE<\/li>\n<\/ul>\n\n\n\n<ul class=\"wp-block-list\">\n<li>240 Rue du Bellot<\/li>\n<\/ul>\n\n\n\n<ul class=\"wp-block-list\">\n<li>03 28 40 61 70 | 07 88 49 22 98<\/li>\n<\/ul>\n\n\n\n<ul class=\"wp-block-list\">\n<li><strong><a rel=\"noreferrer noopener\" href=\"mailto:hubert.bouquet59@gmail.com\" target=\"_blank\">hubert.bouquet59@gmail.com<\/a><\/strong><\/li>\n<\/ul>\n\n\n\n<p><\/p>\n\n\n<div class=\"wp-block-image is-style-rounded\">\n<figure class=\"aligncenter size-full is-resized\"><img loading=\"lazy\" decoding=\"async\" width=\"991\" height=\"17\" src=\"http:\/\/haverskerque.fr\/wp-content\/uploads\/2024\/01\/barre-de-separation.png\" alt=\"\" class=\"wp-image-6652\" style=\"object-fit:cover;width:256px;height:8px\" srcset=\"https:\/\/www.haverskerque.fr\/wp-content\/uploads\/2024\/01\/barre-de-separation.png 991w, https:\/\/www.haverskerque.fr\/wp-content\/uploads\/2024\/01\/barre-de-separation-300x5.png 300w, https:\/\/www.haverskerque.fr\/wp-content\/uploads\/2024\/01\/barre-de-separation-768x13.png 768w\" sizes=\"auto, (max-width: 991px) 100vw, 991px\" \/><\/figure>\n<\/div>\n\n\n<blockquote class=\"wp-block-quote is-layout-flow wp-block-quote-is-layout-flow\">\n<h3 class=\"wp-block-heading\"><strong>Association des Parents d&rsquo;\u00c9l\u00e8ves de l&rsquo;\u00e9cole : Le Petit Prince<\/strong><\/h3>\n<\/blockquote>\n\n\n\n<ul class=\"wp-block-list\">\n<li>Pr\u00e9sident : Aymeric LYOEN<\/li>\n<\/ul>\n\n\n\n<ul class=\"wp-block-list\">\n<li>Pr\u00e9sidente adjointe : Cindy CALLENS<\/li>\n<\/ul>\n\n\n\n<ul class=\"wp-block-list\">\n<li>Secr\u00e9taire : \u00c9lise WALLON<\/li>\n<\/ul>\n\n\n\n<ul class=\"wp-block-list\">\n<li>Tr\u00e9sori\u00e8re : Justine DURETETE<\/li>\n<\/ul>\n\n\n\n<ul class=\"wp-block-list\">\n<li><strong><a href=\"mailto:ape.haverskerque59@gmail.com\" target=\"_blank\" rel=\"noreferrer noopener\">ape.haverskerque59@gmail.com<\/a><\/strong><\/li>\n<\/ul>\n\n\n\n<p><strong><a href=\"https:\/\/www.facebook.com\/profile.php?id=61584347950167\" target=\"_blank\" rel=\"noreferrer noopener\">https:\/\/www.facebook.com\/profile.php?id=61584347950167<\/a><\/strong><\/p>\n\n\n\n<p><\/p>\n\n\n<div class=\"wp-block-image is-style-rounded\">\n<figure class=\"aligncenter size-full is-resized\"><img loading=\"lazy\" decoding=\"async\" width=\"991\" height=\"17\" src=\"http:\/\/haverskerque.fr\/wp-content\/uploads\/2024\/01\/barre-de-separation.png\" alt=\"\" class=\"wp-image-6652\" style=\"object-fit:cover;width:256px;height:8px\" srcset=\"https:\/\/www.haverskerque.fr\/wp-content\/uploads\/2024\/01\/barre-de-separation.png 991w, https:\/\/www.haverskerque.fr\/wp-content\/uploads\/2024\/01\/barre-de-separation-300x5.png 300w, https:\/\/www.haverskerque.fr\/wp-content\/uploads\/2024\/01\/barre-de-separation-768x13.png 768w\" sizes=\"auto, (max-width: 991px) 100vw, 991px\" \/><\/figure>\n<\/div>\n\n\n<blockquote class=\"wp-block-quote is-layout-flow wp-block-quote-is-layout-flow\">\n<h3 class=\"wp-block-heading\"><strong>Association Sportive d&rsquo;Haverskerque<\/strong><\/h3>\n<\/blockquote>\n\n\n\n<ul class=\"wp-block-list\">\n<li>Pr\u00e9sidente et adjointe : Delphine BEAUSSART | Sophie DELLIS<\/li>\n<\/ul>\n\n\n\n<ul class=\"wp-block-list\">\n<li>Secr\u00e9taire et adjointe : Caroline KINO | Martine CHAVATTE<\/li>\n<\/ul>\n\n\n\n<ul class=\"wp-block-list\">\n<li>Tr\u00e9sori\u00e8re et adjointe : Annie WALLYN | Alexandra LABARRE <\/li>\n<\/ul>\n\n\n\n<ul class=\"wp-block-list\">\n<li>Membres du bureau : \u00c9lodie COPIN | Carole BEAUVAIS | \u00c9lisabeth JOLY | Josette SCHMIT  <\/li>\n<\/ul>\n\n\n\n<ul class=\"wp-block-list\">\n<li>Association proposant diff\u00e9rentes activit\u00e9s sportives ou de relaxation adapt\u00e9es \u00e0 tous les \u00e2ges et conditions physiques.<\/li>\n<\/ul>\n\n\n\n<ul class=\"wp-block-list\">\n<li>Lundi : Danse en ligne (madison, country etc.) et yoga | Mardi : A\u00e9ro\/Renfo | Mercredi : Sophrologie | Jeudi : Latino\/HIT<\/li>\n<\/ul>\n\n\n\n<ul class=\"wp-block-list\">\n<li>06 33 69 91 17<\/li>\n<\/ul>\n\n\n\n<ul class=\"wp-block-list\">\n<li><strong><a rel=\"noreferrer noopener\" href=\"mailto:delphine.beaussart59@gmail.com\" target=\"_blank\">delphine.beaussart59@gmail.com<\/a><\/strong><\/li>\n<\/ul>\n\n\n\n<p><strong><a href=\"https:\/\/www.facebook.com\/groups\/271573432945425\/\" target=\"_blank\" rel=\"noreferrer noopener\">https:\/\/www.facebook.com\/groups\/271573432945425\/<\/a><\/strong><\/p>\n\n\n\n<p><strong><a href=\"https:\/\/www.instagram.com\/as_haverskerque\/#\" target=\"_blank\" rel=\"noreferrer noopener\">https:\/\/www.instagram.com\/as_haverskerque\/#<\/a><\/strong><\/p>\n\n\n<div class=\"wp-block-image is-style-rounded\">\n<figure class=\"aligncenter size-full is-resized\"><img loading=\"lazy\" decoding=\"async\" width=\"991\" height=\"17\" src=\"http:\/\/haverskerque.fr\/wp-content\/uploads\/2024\/01\/barre-de-separation.png\" alt=\"\" class=\"wp-image-6652\" style=\"object-fit:cover;width:256px;height:8px\" srcset=\"https:\/\/www.haverskerque.fr\/wp-content\/uploads\/2024\/01\/barre-de-separation.png 991w, https:\/\/www.haverskerque.fr\/wp-content\/uploads\/2024\/01\/barre-de-separation-300x5.png 300w, https:\/\/www.haverskerque.fr\/wp-content\/uploads\/2024\/01\/barre-de-separation-768x13.png 768w\" sizes=\"auto, (max-width: 991px) 100vw, 991px\" \/><\/figure>\n<\/div>\n\n\n<blockquote class=\"wp-block-quote is-layout-flow wp-block-quote-is-layout-flow\">\n<h3 class=\"wp-block-heading\"><strong>Club couture<\/strong><\/h3>\n<\/blockquote>\n\n\n\n<ul class=\"wp-block-list\">\n<li>Pr\u00e9sidente : Monique TIESSET<\/li>\n<\/ul>\n\n\n\n<ul class=\"wp-block-list\">\n<li>291 Rue du Moulin<\/li>\n<\/ul>\n\n\n\n<ul class=\"wp-block-list\">\n<li>03 61 18 01 33 | 07 60 18 03 02<\/li>\n<\/ul>\n\n\n\n<ul class=\"wp-block-list\">\n<li><strong><a rel=\"noreferrer noopener\" href=\"mailto:monique.tiesset@sfr.fr\" target=\"_blank\">monique.tiesset@sfr.fr<\/a><\/strong><\/li>\n<\/ul>\n\n\n\n<p><\/p>\n\n\n<div class=\"wp-block-image is-style-rounded\">\n<figure class=\"aligncenter size-full is-resized\"><img loading=\"lazy\" decoding=\"async\" width=\"991\" height=\"17\" src=\"http:\/\/haverskerque.fr\/wp-content\/uploads\/2024\/01\/barre-de-separation.png\" alt=\"\" class=\"wp-image-6652\" style=\"object-fit:cover;width:256px;height:8px\" srcset=\"https:\/\/www.haverskerque.fr\/wp-content\/uploads\/2024\/01\/barre-de-separation.png 991w, https:\/\/www.haverskerque.fr\/wp-content\/uploads\/2024\/01\/barre-de-separation-300x5.png 300w, https:\/\/www.haverskerque.fr\/wp-content\/uploads\/2024\/01\/barre-de-separation-768x13.png 768w\" sizes=\"auto, (max-width: 991px) 100vw, 991px\" \/><\/figure>\n<\/div>\n\n\n<blockquote class=\"wp-block-quote is-layout-flow wp-block-quote-is-layout-flow\">\n<h3 class=\"wp-block-heading\"><strong>Club des a\u00een\u00e9s<\/strong><\/h3>\n<\/blockquote>\n\n\n\n<ul class=\"wp-block-list\">\n<li>Pr\u00e9sident : Daniel COCQ<\/li>\n<\/ul>\n\n\n\n<ul class=\"wp-block-list\">\n<li>Secr\u00e9taire : Zygmund SWIERKOWSKI<\/li>\n<\/ul>\n\n\n\n<ul class=\"wp-block-list\">\n<li>Secr\u00e9taire adjoint : Yves BOUQUET<\/li>\n<\/ul>\n\n\n\n<ul class=\"wp-block-list\">\n<li>Tr\u00e9sori\u00e8re : Lucienne COTTREZ<\/li>\n<\/ul>\n\n\n\n<ul class=\"wp-block-list\">\n<li>Tr\u00e9sorier adjoint : Ren\u00e9 HEUGHE<\/li>\n<\/ul>\n\n\n\n<ul class=\"wp-block-list\">\n<li>Club de cartes\/scrabble (les mercredis apr\u00e8s-midi) et de marche (les lundis matin)<\/li>\n<\/ul>\n\n\n\n<ul class=\"wp-block-list\">\n<li>32 Rue du 11 Novembre 62350 Saint-Venant<\/li>\n<\/ul>\n\n\n\n<ul class=\"wp-block-list\">\n<li>06 77 63 55 56<\/li>\n<\/ul>\n\n\n\n<ul class=\"wp-block-list\">\n<li><strong><a rel=\"noreferrer noopener\" href=\"mailto:daniel.cocq0421@orange.fr\" target=\"_blank\">daniel.cocq0421@orange.fr<\/a><\/strong><\/li>\n<\/ul>\n\n\n\n<p><\/p>\n\n\n<div class=\"wp-block-image is-style-rounded\">\n<figure class=\"aligncenter size-full is-resized\"><img loading=\"lazy\" decoding=\"async\" width=\"991\" height=\"17\" src=\"http:\/\/haverskerque.fr\/wp-content\/uploads\/2024\/01\/barre-de-separation.png\" alt=\"\" class=\"wp-image-6652\" style=\"object-fit:cover;width:256px;height:8px\" srcset=\"https:\/\/www.haverskerque.fr\/wp-content\/uploads\/2024\/01\/barre-de-separation.png 991w, https:\/\/www.haverskerque.fr\/wp-content\/uploads\/2024\/01\/barre-de-separation-300x5.png 300w, https:\/\/www.haverskerque.fr\/wp-content\/uploads\/2024\/01\/barre-de-separation-768x13.png 768w\" sizes=\"auto, (max-width: 991px) 100vw, 991px\" \/><\/figure>\n<\/div>\n\n\n<blockquote class=\"wp-block-quote is-layout-flow wp-block-quote-is-layout-flow\">\n<h3 class=\"wp-block-heading\"><strong>Club p\u00e9tanque<\/strong><\/h3>\n<\/blockquote>\n\n\n\n<ul class=\"wp-block-list\">\n<li>Pr\u00e9sidente : Isabelle DHAEYER <\/li>\n<\/ul>\n\n\n\n<ul class=\"wp-block-list\">\n<li>51 Rue du Moulin | Rue de la Goguerie pour l&#8217;emplacement du terrain de p\u00e9tanque<\/li>\n<\/ul>\n\n\n\n<ul class=\"wp-block-list\">\n<li>06 74 14 17 89<\/li>\n<\/ul>\n\n\n\n<ul class=\"wp-block-list\">\n<li><strong><a rel=\"noreferrer noopener\" href=\"mailto:isabelle.dhaeyer@orange.fr\" target=\"_blank\">isabelle.dhaeyer@orange.fr<\/a><\/strong><\/li>\n<\/ul>\n\n\n\n<p><\/p>\n\n\n<div class=\"wp-block-image is-style-rounded\">\n<figure class=\"aligncenter size-full is-resized\"><img loading=\"lazy\" decoding=\"async\" width=\"991\" height=\"17\" src=\"http:\/\/haverskerque.fr\/wp-content\/uploads\/2024\/01\/barre-de-separation.png\" alt=\"\" class=\"wp-image-6652\" style=\"object-fit:cover;width:256px;height:8px\" srcset=\"https:\/\/www.haverskerque.fr\/wp-content\/uploads\/2024\/01\/barre-de-separation.png 991w, https:\/\/www.haverskerque.fr\/wp-content\/uploads\/2024\/01\/barre-de-separation-300x5.png 300w, https:\/\/www.haverskerque.fr\/wp-content\/uploads\/2024\/01\/barre-de-separation-768x13.png 768w\" sizes=\"auto, (max-width: 991px) 100vw, 991px\" \/><\/figure>\n<\/div>\n\n\n<blockquote class=\"wp-block-quote is-layout-flow wp-block-quote-is-layout-flow\">\n<h3 class=\"wp-block-heading\"><strong>Dance Lab<\/strong><\/h3>\n<\/blockquote>\n\n\n\n<ul class=\"wp-block-list\">\n<li>Pr\u00e9sident : L\u00e9o NUGOU<\/li>\n<\/ul>\n\n\n\n<ul class=\"wp-block-list\">\n<li>Cours de danse moderne et hip-hop men\u00e9s par des jeunes d&rsquo;Haverskerque<\/li>\n<\/ul>\n\n\n\n<ul class=\"wp-block-list\">\n<li>152 Rue de l&rsquo;\u00c9glise<\/li>\n<\/ul>\n\n\n\n<ul class=\"wp-block-list\">\n<li>06 95 69 54 00<\/li>\n<\/ul>\n\n\n\n<ul class=\"wp-block-list\">\n<li><strong><a href=\"mailto:ledancelab@gmail.com\" target=\"_blank\" rel=\"noreferrer noopener\">ledancelab@gmail.com<\/a><\/strong><\/li>\n<\/ul>\n\n\n\n<p><strong><a rel=\"noreferrer noopener\" href=\"https:\/\/www.facebook.com\/LE-DANCE-LAB-108365087696033\" target=\"_blank\">https:\/\/www.facebook.com\/LE-DANCE-LAB-108365087696033<\/a><\/strong><\/p>\n\n\n\n<p><\/p>\n\n\n<div class=\"wp-block-image is-style-rounded\">\n<figure class=\"aligncenter size-full is-resized\"><img loading=\"lazy\" decoding=\"async\" width=\"991\" height=\"17\" src=\"http:\/\/haverskerque.fr\/wp-content\/uploads\/2024\/01\/barre-de-separation.png\" alt=\"\" class=\"wp-image-6652\" style=\"object-fit:cover;width:256px;height:8px\" srcset=\"https:\/\/www.haverskerque.fr\/wp-content\/uploads\/2024\/01\/barre-de-separation.png 991w, https:\/\/www.haverskerque.fr\/wp-content\/uploads\/2024\/01\/barre-de-separation-300x5.png 300w, https:\/\/www.haverskerque.fr\/wp-content\/uploads\/2024\/01\/barre-de-separation-768x13.png 768w\" sizes=\"auto, (max-width: 991px) 100vw, 991px\" \/><\/figure>\n<\/div>\n\n\n<blockquote class=\"wp-block-quote is-layout-flow wp-block-quote-is-layout-flow\">\n<h3 class=\"wp-block-heading\"><strong>Des Paysages, des Jardins et des Hommes (PJH)<\/strong><\/h3>\n<\/blockquote>\n\n\n\n<ul class=\"wp-block-list\">\n<li>Pr\u00e9sident : Julien PERET<\/li>\n<\/ul>\n\n\n\n<ul class=\"wp-block-list\">\n<li>Vice-pr\u00e9sident : Bertrand TRINEL <\/li>\n<\/ul>\n\n\n\n<ul class=\"wp-block-list\">\n<li>Secr\u00e9taire : Monique LEROY<\/li>\n<\/ul>\n\n\n\n<ul class=\"wp-block-list\">\n<li>Association souhaitant favoriser les rencontres et \u00e9changes entre passionn\u00e9s du jardinage, promouvoir le jardinage naturel et biologique, faire conna\u00eetre, pr\u00e9server et d\u00e9velopper la biodiversit\u00e9 sous toutes ses formes. Organisatrice de la F\u00eate de la Tomate.<\/li>\n<\/ul>\n\n\n\n<ul class=\"wp-block-list\">\n<li>200 Rue de la Goguerie<\/li>\n<\/ul>\n\n\n\n<ul class=\"wp-block-list\">\n<li>06 43 20 40 37<\/li>\n<\/ul>\n\n\n\n<ul class=\"wp-block-list\">\n<li><strong><a rel=\"noreferrer noopener\" href=\"mailto:pjh.jardinage@gmail.com\" target=\"_blank\">pjh.jardinage@gmail.com<\/a><\/strong><\/li>\n<\/ul>\n\n\n\n<p><strong><a rel=\"noreferrer noopener\" href=\"http:\/\/des-paysages-des-jardins-et-des-hommes.over-blog.com\/\" target=\"_blank\">http:\/\/des-paysages-des-jardins-et-des-hommes.over-blog.com\/<\/a><\/strong><\/p>\n\n\n\n<p><a href=\"https:\/\/www.facebook.com\/jardinagePJH\" target=\"_blank\" rel=\"noreferrer noopener\"><strong>https:\/\/www.facebook.com\/jardinagePJ<\/strong><\/a><strong><a href=\"https:\/\/www.facebook.com\/jardinagePJH\" target=\"_blank\" rel=\"noreferrer noopener\">H<\/a><\/strong><\/p>\n\n\n\n<p><\/p>\n\n\n<div class=\"wp-block-image is-style-rounded\">\n<figure class=\"aligncenter size-full is-resized\"><img loading=\"lazy\" decoding=\"async\" width=\"991\" height=\"17\" src=\"http:\/\/haverskerque.fr\/wp-content\/uploads\/2024\/01\/barre-de-separation.png\" alt=\"\" class=\"wp-image-6652\" style=\"object-fit:cover;width:256px;height:8px\" srcset=\"https:\/\/www.haverskerque.fr\/wp-content\/uploads\/2024\/01\/barre-de-separation.png 991w, https:\/\/www.haverskerque.fr\/wp-content\/uploads\/2024\/01\/barre-de-separation-300x5.png 300w, https:\/\/www.haverskerque.fr\/wp-content\/uploads\/2024\/01\/barre-de-separation-768x13.png 768w\" sizes=\"auto, (max-width: 991px) 100vw, 991px\" \/><\/figure>\n<\/div>\n\n\n<blockquote class=\"wp-block-quote is-layout-flow wp-block-quote-is-layout-flow\">\n<h3 class=\"wp-block-heading\"><strong>Jardins Bio-Nature<\/strong><\/h3>\n<\/blockquote>\n\n\n\n<ul class=\"wp-block-list\">\n<li>Pr\u00e9sident : Daniel POTTEEUW<\/li>\n<\/ul>\n\n\n\n<ul class=\"wp-block-list\">\n<li>Association rassemblant des jardiniers, experts ou d\u00e9butants, tous passionn\u00e9s par tous type de culture , potag\u00e8re et\/ou d\u2019ornement et motiv\u00e9e par le respect et la pr\u00e9servation de l&rsquo;environnement.<\/li>\n<\/ul>\n\n\n\n<ul class=\"wp-block-list\">\n<li>120 Basse Rue 62350 Mont-Bernanchon<\/li>\n<\/ul>\n\n\n\n<ul class=\"wp-block-list\">\n<li>03 21 27 18 80 | 06 72 08 22 66<\/li>\n<\/ul>\n\n\n\n<ul class=\"wp-block-list\">\n<li><strong><a rel=\"noreferrer noopener\" href=\"mailto:bio.jardins@laposte.net\" target=\"_blank\">bio.jardins@laposte.net<\/a><\/strong><\/li>\n<\/ul>\n\n\n\n<p><strong><a rel=\"noreferrer noopener\" href=\"https:\/\/www.facebook.com\/Association-Jardins-Bio-Nature-107063528117385\" target=\"_blank\">https:\/\/www.facebook.com\/Association-Jardins-Bio-Nature-107063528117385<\/a><\/strong><\/p>\n\n\n\n<p><\/p>\n\n\n\n<p><\/p>\n\n\n<div class=\"wp-block-image is-style-rounded\">\n<figure class=\"aligncenter size-full is-resized\"><img loading=\"lazy\" decoding=\"async\" width=\"991\" height=\"17\" src=\"http:\/\/haverskerque.fr\/wp-content\/uploads\/2024\/01\/barre-de-separation.png\" alt=\"\" class=\"wp-image-6652\" style=\"object-fit:cover;width:256px;height:8px\" srcset=\"https:\/\/www.haverskerque.fr\/wp-content\/uploads\/2024\/01\/barre-de-separation.png 991w, https:\/\/www.haverskerque.fr\/wp-content\/uploads\/2024\/01\/barre-de-separation-300x5.png 300w, https:\/\/www.haverskerque.fr\/wp-content\/uploads\/2024\/01\/barre-de-separation-768x13.png 768w\" sizes=\"auto, (max-width: 991px) 100vw, 991px\" \/><\/figure>\n<\/div>\n\n\n<blockquote class=\"wp-block-quote is-layout-flow wp-block-quote-is-layout-flow\">\n<h3 class=\"wp-block-heading\"><strong>OMAF : Office Municipal des Animations et Festivit\u00e9s<\/strong><\/h3>\n<\/blockquote>\n\n\n\n<ul class=\"wp-block-list\">\n<li>Pr\u00e9sidente : Catherine GOEDGEBUER<\/li>\n<\/ul>\n\n\n\n<ul class=\"wp-block-list\">\n<li>Vice-pr\u00e9sidente : Sandrine BILLIAU<\/li>\n<\/ul>\n\n\n\n<ul class=\"wp-block-list\">\n<li>Tr\u00e9sori\u00e8re : Delphine BLERVAQUE<\/li>\n<\/ul>\n\n\n\n<ul class=\"wp-block-list\">\n<li>Secr\u00e9taire : Malaury DEHAINE<\/li>\n<\/ul>\n\n\n\n<ul class=\"wp-block-list\">\n<li>Secr\u00e9taire adjointe : M\u00e9lanie DURUT<\/li>\n<\/ul>\n\n\n\n<ul class=\"wp-block-list\">\n<li>Cette association Loi 1901 a pour but, en concertation avec les autorit\u00e9s municipales : d\u2019organiser des animations et des festivit\u00e9s permettant de r\u00e9unir les habitants autour d\u2019\u00e9v\u00e9nements, d&rsquo;apporter une aide logistique aux \u00e9v\u00e8nements organis\u00e9s par la municipalit\u00e9, de proposer \u00e0 la municipalit\u00e9 des animations sp\u00e9cifiques, d&rsquo;avoir un r\u00f4le facilitateur et f\u00e9d\u00e9rateur entre les associations et d&rsquo;aider les associations \u00e0 monter des manifestations en leur proposant son savoir-faire.<\/li>\n<\/ul>\n\n\n\n<ul class=\"wp-block-list\">\n<li>75 Rue du Bellot<\/li>\n<\/ul>\n\n\n\n<ul class=\"wp-block-list\">\n<li>06 34 30 62 27<\/li>\n<\/ul>\n\n\n\n<ul class=\"wp-block-list\">\n<li><strong><a href=\"mailto:omaf59660@gmail.com\" target=\"_blank\" rel=\"noreferrer noopener\">omaf59660@gmail.com<\/a><\/strong><\/li>\n<\/ul>\n\n\n\n<p><strong><a rel=\"noreferrer noopener\" href=\"https:\/\/www.facebook.com\/omafhaverskerque\" target=\"_blank\">https:\/\/www.facebook.com\/omafhaverskerque<\/a><\/strong><\/p>\n\n\n\n<p><\/p>\n\n\n<div class=\"wp-block-image is-style-rounded\">\n<figure class=\"aligncenter size-full is-resized\"><img loading=\"lazy\" decoding=\"async\" width=\"991\" height=\"17\" src=\"http:\/\/haverskerque.fr\/wp-content\/uploads\/2024\/01\/barre-de-separation.png\" alt=\"\" class=\"wp-image-6652\" style=\"object-fit:cover;width:256px;height:8px\" srcset=\"https:\/\/www.haverskerque.fr\/wp-content\/uploads\/2024\/01\/barre-de-separation.png 991w, https:\/\/www.haverskerque.fr\/wp-content\/uploads\/2024\/01\/barre-de-separation-300x5.png 300w, https:\/\/www.haverskerque.fr\/wp-content\/uploads\/2024\/01\/barre-de-separation-768x13.png 768w\" sizes=\"auto, (max-width: 991px) 100vw, 991px\" \/><\/figure>\n<\/div>\n\n\n<blockquote class=\"wp-block-quote is-layout-flow wp-block-quote-is-layout-flow\">\n<h3 class=\"wp-block-heading\"><strong>Philibert Circus (L\u2019Haverskerquoise)<\/strong><\/h3>\n<\/blockquote>\n\n\n\n<ul class=\"wp-block-list\">\n<li>Pr\u00e9sident : St\u00e9phane DELEPLACE<\/li>\n<\/ul>\n\n\n\n<ul class=\"wp-block-list\">\n<li>Arts du cirque et du spectacle<\/li>\n<\/ul>\n\n\n\n<ul class=\"wp-block-list\">\n<li>2285 Rue de Tannay<\/li>\n<\/ul>\n\n\n\n<ul class=\"wp-block-list\">\n<li>03 28 40 60 32 | 06 80 20 61 61<\/li>\n<\/ul>\n\n\n\n<ul class=\"wp-block-list\">\n<li><strong><a rel=\"noreferrer noopener\" href=\"mailto:philibertcircus@orange.fr\" target=\"_blank\">philibertcircus@orange.fr<\/a><\/strong><\/li>\n<\/ul>\n\n\n\n<p><strong><a rel=\"noreferrer noopener\" href=\"https:\/\/www.facebook.com\/philibertcircus\" target=\"_blank\">https:\/\/www.facebook.com\/philibertcircus<\/a><\/strong><\/p>\n\n\n\n<p><\/p>\n\n\n<div class=\"wp-block-image is-style-rounded\">\n<figure class=\"aligncenter size-full is-resized\"><img loading=\"lazy\" decoding=\"async\" width=\"991\" height=\"17\" src=\"http:\/\/haverskerque.fr\/wp-content\/uploads\/2024\/01\/barre-de-separation.png\" alt=\"\" class=\"wp-image-6652\" style=\"object-fit:cover;width:256px;height:8px\" srcset=\"https:\/\/www.haverskerque.fr\/wp-content\/uploads\/2024\/01\/barre-de-separation.png 991w, https:\/\/www.haverskerque.fr\/wp-content\/uploads\/2024\/01\/barre-de-separation-300x5.png 300w, https:\/\/www.haverskerque.fr\/wp-content\/uploads\/2024\/01\/barre-de-separation-768x13.png 768w\" sizes=\"auto, (max-width: 991px) 100vw, 991px\" \/><\/figure>\n<\/div>\n\n\n<blockquote class=\"wp-block-quote is-layout-flow wp-block-quote-is-layout-flow\">\n<h3 class=\"wp-block-heading\"><strong>SEPas d&rsquo;ma faute<\/strong><\/h3>\n<\/blockquote>\n\n\n\n<ul class=\"wp-block-list\">\n<li>Pr\u00e9sidente : Caroline TIESSET<\/li>\n<\/ul>\n\n\n\n<ul class=\"wp-block-list\">\n<li>Association haverskerquoise pour la lutte contre la scl\u00e9rose en plaques et proposant des activit\u00e9s manuelles et des loisirs cr\u00e9atifs dont les b\u00e9n\u00e9fices seront revers\u00e9s \u00e0 l\u2019ARSEP pour la recherche contre la scl\u00e9rose en plaques. <\/li>\n<\/ul>\n\n\n\n<ul class=\"wp-block-list\">\n<li>471 Rue du Moulin<\/li>\n<\/ul>\n\n\n\n<ul class=\"wp-block-list\">\n<li>06 21 34 74 74<\/li>\n<\/ul>\n\n\n\n<ul class=\"wp-block-list\">\n<li><strong><a rel=\"noreferrer noopener\" href=\"mailto:caroline.tiesset@orange.fr\" target=\"_blank\">caroline.tiesset@orange.fr<\/a><\/strong><\/li>\n<\/ul>\n\n\n\n<p><strong><a rel=\"noreferrer noopener\" href=\"https:\/\/www.facebook.com\/SEPas-dma-faute-108806467687678\/\" target=\"_blank\">https:\/\/www.facebook.com\/SEPas-dma-faute-108806467687678\/<\/a><\/strong><\/p>\n\n\n\n<p><\/p>\n\n\n<div class=\"wp-block-image is-style-rounded\">\n<figure class=\"aligncenter size-full is-resized\"><img loading=\"lazy\" decoding=\"async\" width=\"991\" height=\"17\" src=\"http:\/\/haverskerque.fr\/wp-content\/uploads\/2024\/01\/barre-de-separation.png\" alt=\"\" class=\"wp-image-6652\" style=\"object-fit:cover;width:256px;height:8px\" srcset=\"https:\/\/www.haverskerque.fr\/wp-content\/uploads\/2024\/01\/barre-de-separation.png 991w, https:\/\/www.haverskerque.fr\/wp-content\/uploads\/2024\/01\/barre-de-separation-300x5.png 300w, https:\/\/www.haverskerque.fr\/wp-content\/uploads\/2024\/01\/barre-de-separation-768x13.png 768w\" sizes=\"auto, (max-width: 991px) 100vw, 991px\" \/><\/figure>\n<\/div>\n\n\n<blockquote class=\"wp-block-quote is-layout-flow wp-block-quote-is-layout-flow\">\n<h3 class=\"wp-block-heading\"><strong>Soci\u00e9t\u00e9 de chasse<\/strong><\/h3>\n<\/blockquote>\n\n\n\n<ul class=\"wp-block-list\">\n<li>Pr\u00e9sident et tr\u00e9sorier : Daniel COCQ<\/li>\n<\/ul>\n\n\n\n<ul class=\"wp-block-list\">\n<li>Secr\u00e9taire : Franck DUBOIS<\/li>\n<\/ul>\n\n\n\n<ul class=\"wp-block-list\">\n<li>Association favorisant la protection et le repeuplement du gibier, la r\u00e9pression du braconnage et la destruction des animaux nuisibles et permettant aux habitants de la commune et aux jeunes chasseurs ne poss\u00e9dant pas de territoire et de droit de chasse de pouvoir s\u2019adonner \u00e0 leur passion. Cinq pi\u00e9geurs de l\u2019association font la r\u00e9gulation des nuisibles et le pi\u00e9geage des rats musqu\u00e9s<\/li>\n<\/ul>\n\n\n\n<ul class=\"wp-block-list\">\n<li>Chasse en plaine, chasse aux gibiers d\u2019eau, chasse \u00e0 la botte, chasse aux pigeons \u00e0 poste fixe<\/li>\n<\/ul>\n\n\n\n<ul class=\"wp-block-list\">\n<li>2626 Rue de Merville<\/li>\n<\/ul>\n\n\n\n<ul class=\"wp-block-list\">\n<li>06 77 63 55 56<\/li>\n<\/ul>\n\n\n\n<ul class=\"wp-block-list\">\n<li><strong><a rel=\"noreferrer noopener\" href=\"mailto:daniel.cocq0421@orange.fr\" target=\"_blank\">daniel.cocq0421@orange.fr<\/a><\/strong><\/li>\n<\/ul>\n\n\n\n<p><\/p>\n","protected":false},"excerpt":{"rendered":"<p>Si vous constatez que votre association a \u00e9t\u00e9 oubli\u00e9e, si vous avez des modifications \u00e0 apporter, si vous cr\u00e9ez une activit\u00e9 ou si vous l\u2019arr\u00eatez, merci de nous le signaler en&nbsp;cliquant ici&nbsp;pour que nous puissions mettre \u00e0 jour cette liste. Amicale des donneurs du sang Anciens combattants Association des Parents d&rsquo;\u00c9l\u00e8ves de l&rsquo;\u00e9cole : Le Petit Prince https:\/\/www.facebook.com\/profile.php?id=61584347950167 Association Sportive d&rsquo;Haverskerque https:\/\/www.facebook.com\/groups\/271573432945425\/ https:\/\/www.instagram.com\/as_haverskerque\/# Club couture Club des a\u00een\u00e9s Club p\u00e9tanque Dance Lab https:\/\/www.facebook.com\/LE-DANCE-LAB-108365087696033 Des Paysages, des Jardins et des Hommes (PJH) http:\/\/des-paysages-des-jardins-et-des-hommes.over-blog.com\/ https:\/\/www.facebook.com\/jardinagePJH Jardins Bio-Nature https:\/\/www.facebook.com\/Association-Jardins-Bio-Nature-107063528117385 OMAF : Office Municipal des Animations et Festivit\u00e9s https:\/\/www.facebook.com\/omafhaverskerque Philibert Circus (L\u2019Haverskerquoise) https:\/\/www.facebook.com\/philibertcircus SEPas d&rsquo;ma faute https:\/\/www.facebook.com\/SEPas-dma-faute-108806467687678\/ Soci\u00e9t\u00e9 de chasse<\/p>\n","protected":false},"author":1,"featured_media":0,"parent":0,"menu_order":0,"comment_status":"closed","ping_status":"closed","template":"","meta":{"cybocfi_hide_featured_image":"","footnotes":""},"class_list":["post-3218","page","type-page","status-publish","hentry"],"yoast_head":"<!-- This site is optimized with the Yoast SEO plugin v27.5 - https:\/\/yoast.com\/product\/yoast-seo-wordpress\/ -->\n<title>Associations * Haverskerque, 100% Nature !*<\/title>\n<meta name=\"robots\" content=\"index, follow, max-snippet:-1, max-image-preview:large, max-video-preview:-1\" \/>\n<link rel=\"canonical\" href=\"https:\/\/www.haverskerque.fr\/index.php\/associations\/\" \/>\n<meta property=\"og:locale\" content=\"fr_FR\" \/>\n<meta property=\"og:type\" content=\"article\" \/>\n<meta property=\"og:title\" content=\"Associations * Haverskerque, 100% Nature !*\" \/>\n<meta property=\"og:description\" content=\"Si vous constatez que votre association a \u00e9t\u00e9 oubli\u00e9e, si vous avez des modifications \u00e0 apporter, si vous cr\u00e9ez une activit\u00e9 ou si vous l\u2019arr\u00eatez, merci de nous le signaler en&nbsp;cliquant ici&nbsp;pour que nous puissions mettre \u00e0 jour cette liste. Amicale des donneurs du sang Anciens combattants Association des Parents d&rsquo;\u00c9l\u00e8ves de l&rsquo;\u00e9cole : Le Petit Prince https:\/\/www.facebook.com\/profile.php?id=61584347950167 Association Sportive d&rsquo;Haverskerque https:\/\/www.facebook.com\/groups\/271573432945425\/ https:\/\/www.instagram.com\/as_haverskerque\/# Club couture Club des a\u00een\u00e9s Club p\u00e9tanque Dance Lab https:\/\/www.facebook.com\/LE-DANCE-LAB-108365087696033 Des Paysages, des Jardins et des Hommes (PJH) http:\/\/des-paysages-des-jardins-et-des-hommes.over-blog.com\/ https:\/\/www.facebook.com\/jardinagePJH Jardins Bio-Nature https:\/\/www.facebook.com\/Association-Jardins-Bio-Nature-107063528117385 OMAF : Office Municipal des Animations et Festivit\u00e9s https:\/\/www.facebook.com\/omafhaverskerque Philibert Circus (L\u2019Haverskerquoise) https:\/\/www.facebook.com\/philibertcircus SEPas d&rsquo;ma faute https:\/\/www.facebook.com\/SEPas-dma-faute-108806467687678\/ Soci\u00e9t\u00e9 de chasse\" \/>\n<meta property=\"og:url\" content=\"https:\/\/www.haverskerque.fr\/index.php\/associations\/\" \/>\n<meta property=\"og:site_name\" content=\"Haverskerque, 100% Nature !*\" \/>\n<meta property=\"article:publisher\" content=\"https:\/\/www.facebook.com\/communehaverskerque\" \/>\n<meta property=\"article:modified_time\" content=\"2025-12-02T13:01:22+00:00\" \/>\n<meta property=\"og:image\" content=\"https:\/\/www.haverskerque.fr\/wp-content\/uploads\/2024\/03\/Associations-1024x576.png\" \/>\n\t<meta property=\"og:image:width\" content=\"1024\" \/>\n\t<meta property=\"og:image:height\" content=\"576\" \/>\n\t<meta property=\"og:image:type\" content=\"image\/png\" \/>\n<meta name=\"twitter:card\" content=\"summary_large_image\" \/>\n<meta name=\"twitter:label1\" content=\"Dur\u00e9e de lecture estim\u00e9e\" \/>\n\t<meta name=\"twitter:data1\" content=\"7 minutes\" \/>\n<script type=\"application\/ld+json\" class=\"yoast-schema-graph\">{\"@context\":\"https:\\\/\\\/schema.org\",\"@graph\":[{\"@type\":\"WebPage\",\"@id\":\"https:\\\/\\\/www.haverskerque.fr\\\/index.php\\\/associations\\\/\",\"url\":\"https:\\\/\\\/www.haverskerque.fr\\\/index.php\\\/associations\\\/\",\"name\":\"Associations * Haverskerque, 100% Nature !*\",\"isPartOf\":{\"@id\":\"https:\\\/\\\/haverskerque.fr\\\/#website\"},\"primaryImageOfPage\":{\"@id\":\"https:\\\/\\\/www.haverskerque.fr\\\/index.php\\\/associations\\\/#primaryimage\"},\"image\":{\"@id\":\"https:\\\/\\\/www.haverskerque.fr\\\/index.php\\\/associations\\\/#primaryimage\"},\"thumbnailUrl\":\"https:\\\/\\\/haverskerque.fr\\\/wp-content\\\/uploads\\\/2024\\\/03\\\/Associations-1024x576.png\",\"datePublished\":\"2023-06-26T10:19:24+00:00\",\"dateModified\":\"2025-12-02T13:01:22+00:00\",\"breadcrumb\":{\"@id\":\"https:\\\/\\\/www.haverskerque.fr\\\/index.php\\\/associations\\\/#breadcrumb\"},\"inLanguage\":\"fr-FR\",\"potentialAction\":[{\"@type\":\"ReadAction\",\"target\":[\"https:\\\/\\\/www.haverskerque.fr\\\/index.php\\\/associations\\\/\"]}]},{\"@type\":\"ImageObject\",\"inLanguage\":\"fr-FR\",\"@id\":\"https:\\\/\\\/www.haverskerque.fr\\\/index.php\\\/associations\\\/#primaryimage\",\"url\":\"https:\\\/\\\/haverskerque.fr\\\/wp-content\\\/uploads\\\/2024\\\/03\\\/Associations-1024x576.png\",\"contentUrl\":\"https:\\\/\\\/haverskerque.fr\\\/wp-content\\\/uploads\\\/2024\\\/03\\\/Associations-1024x576.png\"},{\"@type\":\"BreadcrumbList\",\"@id\":\"https:\\\/\\\/www.haverskerque.fr\\\/index.php\\\/associations\\\/#breadcrumb\",\"itemListElement\":[{\"@type\":\"ListItem\",\"position\":1,\"name\":\"Accueil\",\"item\":\"https:\\\/\\\/www.haverskerque.fr\\\/\"},{\"@type\":\"ListItem\",\"position\":2,\"name\":\"Associations\"}]},{\"@type\":\"WebSite\",\"@id\":\"https:\\\/\\\/haverskerque.fr\\\/#website\",\"url\":\"https:\\\/\\\/haverskerque.fr\\\/\",\"name\":\"Haverskerque\",\"description\":\"Haverskerque, 100% Nature !\",\"publisher\":{\"@id\":\"https:\\\/\\\/haverskerque.fr\\\/#organization\"},\"alternateName\":\"Haverskerque\",\"potentialAction\":[{\"@type\":\"SearchAction\",\"target\":{\"@type\":\"EntryPoint\",\"urlTemplate\":\"https:\\\/\\\/haverskerque.fr\\\/?s={search_term_string}\"},\"query-input\":{\"@type\":\"PropertyValueSpecification\",\"valueRequired\":true,\"valueName\":\"search_term_string\"}}],\"inLanguage\":\"fr-FR\"},{\"@type\":\"Organization\",\"@id\":\"https:\\\/\\\/haverskerque.fr\\\/#organization\",\"name\":\"Commune d'Haverskerque\",\"alternateName\":\"Commune d'Haverskerque\",\"url\":\"https:\\\/\\\/haverskerque.fr\\\/\",\"logo\":{\"@type\":\"ImageObject\",\"inLanguage\":\"fr-FR\",\"@id\":\"https:\\\/\\\/haverskerque.fr\\\/#\\\/schema\\\/logo\\\/image\\\/\",\"url\":\"https:\\\/\\\/haverskerque.fr\\\/wp-content\\\/uploads\\\/2024\\\/01\\\/siteon0-e5814-1.png\",\"contentUrl\":\"https:\\\/\\\/haverskerque.fr\\\/wp-content\\\/uploads\\\/2024\\\/01\\\/siteon0-e5814-1.png\",\"width\":236,\"height\":102,\"caption\":\"Commune d'Haverskerque\"},\"image\":{\"@id\":\"https:\\\/\\\/haverskerque.fr\\\/#\\\/schema\\\/logo\\\/image\\\/\"},\"sameAs\":[\"https:\\\/\\\/www.facebook.com\\\/communehaverskerque\",\"https:\\\/\\\/www.instagram.com\\\/communehaverskerque\\\/\"]}]}<\/script>\n<!-- \/ Yoast SEO plugin. -->","yoast_head_json":{"title":"Associations * Haverskerque, 100% Nature !*","robots":{"index":"index","follow":"follow","max-snippet":"max-snippet:-1","max-image-preview":"max-image-preview:large","max-video-preview":"max-video-preview:-1"},"canonical":"https:\/\/www.haverskerque.fr\/index.php\/associations\/","og_locale":"fr_FR","og_type":"article","og_title":"Associations * Haverskerque, 100% Nature !*","og_description":"Si vous constatez que votre association a \u00e9t\u00e9 oubli\u00e9e, si vous avez des modifications \u00e0 apporter, si vous cr\u00e9ez une activit\u00e9 ou si vous l\u2019arr\u00eatez, merci de nous le signaler en&nbsp;cliquant ici&nbsp;pour que nous puissions mettre \u00e0 jour cette liste. Amicale des donneurs du sang Anciens combattants Association des Parents d&rsquo;\u00c9l\u00e8ves de l&rsquo;\u00e9cole : Le Petit Prince https:\/\/www.facebook.com\/profile.php?id=61584347950167 Association Sportive d&rsquo;Haverskerque https:\/\/www.facebook.com\/groups\/271573432945425\/ https:\/\/www.instagram.com\/as_haverskerque\/# Club couture Club des a\u00een\u00e9s Club p\u00e9tanque Dance Lab https:\/\/www.facebook.com\/LE-DANCE-LAB-108365087696033 Des Paysages, des Jardins et des Hommes (PJH) http:\/\/des-paysages-des-jardins-et-des-hommes.over-blog.com\/ https:\/\/www.facebook.com\/jardinagePJH Jardins Bio-Nature https:\/\/www.facebook.com\/Association-Jardins-Bio-Nature-107063528117385 OMAF : Office Municipal des Animations et Festivit\u00e9s https:\/\/www.facebook.com\/omafhaverskerque Philibert Circus (L\u2019Haverskerquoise) https:\/\/www.facebook.com\/philibertcircus SEPas d&rsquo;ma faute https:\/\/www.facebook.com\/SEPas-dma-faute-108806467687678\/ Soci\u00e9t\u00e9 de chasse","og_url":"https:\/\/www.haverskerque.fr\/index.php\/associations\/","og_site_name":"Haverskerque, 100% Nature !*","article_publisher":"https:\/\/www.facebook.com\/communehaverskerque","article_modified_time":"2025-12-02T13:01:22+00:00","og_image":[{"width":1024,"height":576,"url":"https:\/\/www.haverskerque.fr\/wp-content\/uploads\/2024\/03\/Associations-1024x576.png","type":"image\/png"}],"twitter_card":"summary_large_image","twitter_misc":{"Dur\u00e9e de lecture estim\u00e9e":"7 minutes"},"schema":{"@context":"https:\/\/schema.org","@graph":[{"@type":"WebPage","@id":"https:\/\/www.haverskerque.fr\/index.php\/associations\/","url":"https:\/\/www.haverskerque.fr\/index.php\/associations\/","name":"Associations * Haverskerque, 100% Nature !*","isPartOf":{"@id":"https:\/\/haverskerque.fr\/#website"},"primaryImageOfPage":{"@id":"https:\/\/www.haverskerque.fr\/index.php\/associations\/#primaryimage"},"image":{"@id":"https:\/\/www.haverskerque.fr\/index.php\/associations\/#primaryimage"},"thumbnailUrl":"https:\/\/haverskerque.fr\/wp-content\/uploads\/2024\/03\/Associations-1024x576.png","datePublished":"2023-06-26T10:19:24+00:00","dateModified":"2025-12-02T13:01:22+00:00","breadcrumb":{"@id":"https:\/\/www.haverskerque.fr\/index.php\/associations\/#breadcrumb"},"inLanguage":"fr-FR","potentialAction":[{"@type":"ReadAction","target":["https:\/\/www.haverskerque.fr\/index.php\/associations\/"]}]},{"@type":"ImageObject","inLanguage":"fr-FR","@id":"https:\/\/www.haverskerque.fr\/index.php\/associations\/#primaryimage","url":"https:\/\/haverskerque.fr\/wp-content\/uploads\/2024\/03\/Associations-1024x576.png","contentUrl":"https:\/\/haverskerque.fr\/wp-content\/uploads\/2024\/03\/Associations-1024x576.png"},{"@type":"BreadcrumbList","@id":"https:\/\/www.haverskerque.fr\/index.php\/associations\/#breadcrumb","itemListElement":[{"@type":"ListItem","position":1,"name":"Accueil","item":"https:\/\/www.haverskerque.fr\/"},{"@type":"ListItem","position":2,"name":"Associations"}]},{"@type":"WebSite","@id":"https:\/\/haverskerque.fr\/#website","url":"https:\/\/haverskerque.fr\/","name":"Haverskerque","description":"Haverskerque, 100% Nature !","publisher":{"@id":"https:\/\/haverskerque.fr\/#organization"},"alternateName":"Haverskerque","potentialAction":[{"@type":"SearchAction","target":{"@type":"EntryPoint","urlTemplate":"https:\/\/haverskerque.fr\/?s={search_term_string}"},"query-input":{"@type":"PropertyValueSpecification","valueRequired":true,"valueName":"search_term_string"}}],"inLanguage":"fr-FR"},{"@type":"Organization","@id":"https:\/\/haverskerque.fr\/#organization","name":"Commune d'Haverskerque","alternateName":"Commune d'Haverskerque","url":"https:\/\/haverskerque.fr\/","logo":{"@type":"ImageObject","inLanguage":"fr-FR","@id":"https:\/\/haverskerque.fr\/#\/schema\/logo\/image\/","url":"https:\/\/haverskerque.fr\/wp-content\/uploads\/2024\/01\/siteon0-e5814-1.png","contentUrl":"https:\/\/haverskerque.fr\/wp-content\/uploads\/2024\/01\/siteon0-e5814-1.png","width":236,"height":102,"caption":"Commune d'Haverskerque"},"image":{"@id":"https:\/\/haverskerque.fr\/#\/schema\/logo\/image\/"},"sameAs":["https:\/\/www.facebook.com\/communehaverskerque","https:\/\/www.instagram.com\/communehaverskerque\/"]}]}},"_links":{"self":[{"href":"https:\/\/www.haverskerque.fr\/index.php\/wp-json\/wp\/v2\/pages\/3218","targetHints":{"allow":["GET"]}}],"collection":[{"href":"https:\/\/www.haverskerque.fr\/index.php\/wp-json\/wp\/v2\/pages"}],"about":[{"href":"https:\/\/www.haverskerque.fr\/index.php\/wp-json\/wp\/v2\/types\/page"}],"author":[{"embeddable":true,"href":"https:\/\/www.haverskerque.fr\/index.php\/wp-json\/wp\/v2\/users\/1"}],"replies":[{"embeddable":true,"href":"https:\/\/www.haverskerque.fr\/index.php\/wp-json\/wp\/v2\/comments?post=3218"}],"version-history":[{"count":53,"href":"https:\/\/www.haverskerque.fr\/index.php\/wp-json\/wp\/v2\/pages\/3218\/revisions"}],"predecessor-version":[{"id":9866,"href":"https:\/\/www.haverskerque.fr\/index.php\/wp-json\/wp\/v2\/pages\/3218\/revisions\/9866"}],"wp:attachment":[{"href":"https:\/\/www.haverskerque.fr\/index.php\/wp-json\/wp\/v2\/media?parent=3218"}],"curies":[{"name":"wp","href":"https:\/\/api.w.org\/{rel}","templated":true}]}}