{"version":"1.0","provider_name":"Haverskerque, 100% Nature !*","provider_url":"https:\/\/www.haverskerque.fr","title":"Premier mill\u00e9naire : For\u00eats et marais profonds * Haverskerque, 100% Nature !*","type":"rich","width":600,"height":338,"html":"<blockquote class=\"wp-embedded-content\" data-secret=\"dLKXJdCasG\"><a href=\"https:\/\/www.haverskerque.fr\/index.php\/premier-millenaire-forets-et-marais-profonds\/\">Premier mill\u00e9naire : For\u00eats et marais profonds<\/a><\/blockquote><iframe sandbox=\"allow-scripts\" security=\"restricted\" src=\"https:\/\/www.haverskerque.fr\/index.php\/premier-millenaire-forets-et-marais-profonds\/embed\/#?secret=dLKXJdCasG\" width=\"600\" height=\"338\" title=\"\u00ab\u00a0Premier mill\u00e9naire : For\u00eats et marais profonds\u00a0\u00bb &#8212; Haverskerque, 100% Nature !*\" data-secret=\"dLKXJdCasG\" frameborder=\"0\" marginwidth=\"0\" marginheight=\"0\" scrolling=\"no\" class=\"wp-embedded-content\"><\/iframe><script type=\"text\/javascript\">\n\/* <![CDATA[ *\/\n\/*! This file is auto-generated *\/\n!function(d,l){\"use strict\";l.querySelector&&d.addEventListener&&\"undefined\"!=typeof URL&&(d.wp=d.wp||{},d.wp.receiveEmbedMessage||(d.wp.receiveEmbedMessage=function(e){var t=e.data;if((t||t.secret||t.message||t.value)&&!\/[^a-zA-Z0-9]\/.test(t.secret)){for(var s,r,n,a=l.querySelectorAll('iframe[data-secret=\"'+t.secret+'\"]'),o=l.querySelectorAll('blockquote[data-secret=\"'+t.secret+'\"]'),c=new RegExp(\"^https?:$\",\"i\"),i=0;i<o.length;i++)o[i].style.display=\"none\";for(i=0;i<a.length;i++)s=a[i],e.source===s.contentWindow&&(s.removeAttribute(\"style\"),\"height\"===t.message?(1e3<(r=parseInt(t.value,10))?r=1e3:~~r<200&&(r=200),s.height=r):\"link\"===t.message&&(r=new URL(s.getAttribute(\"src\")),n=new URL(t.value),c.test(n.protocol))&&n.host===r.host&&l.activeElement===s&&(d.top.location.href=t.value))}},d.addEventListener(\"message\",d.wp.receiveEmbedMessage,!1),l.addEventListener(\"DOMContentLoaded\",function(){for(var e,t,s=l.querySelectorAll(\"iframe.wp-embedded-content\"),r=0;r<s.length;r++)(t=(e=s[r]).getAttribute(\"data-secret\"))||(t=Math.random().toString(36).substring(2,12),e.src+=\"#?secret=\"+t,e.setAttribute(\"data-secret\",t)),e.contentWindow.postMessage({message:\"ready\",secret:t},\"*\")},!1)))}(window,document);\n\/\/# sourceURL=https:\/\/www.haverskerque.fr\/wp-includes\/js\/wp-embed.min.js\n\/* ]]> *\/\n<\/script>\n","description":"Bien avant la naissance d\u2019Haverskerque, c\u2019est la grande for\u00eat de Nieppe (du flamand n\u2019iep = orme) appel\u00e9e Le Wastelaut et connue dans notre r\u00e9gion sous le nom de La Charbonni\u00e8re, qui occupe le territoire de la Lys jusqu\u2019\u00e0 Aire-sur-la-Lys et Th\u00e9rouanne. Des marais profonds et inaccessibles emp\u00eachent longtemps les envahisseurs de p\u00e9n\u00e9trer dans le pays. C\u2019est au IVe si\u00e8cle que le d\u00e9frichement du pays est amorc\u00e9. Du Ve au VIe si\u00e8cle, les \u00e9v\u00eaques \u00e9vang\u00e9lisent et fondent les premi\u00e8res \u00e9glises et abbayes (abbaye de Saint Bertin au 6e, \u00e9glise de Saint Omer au 7e). C\u2019est sous leur impulsion que les moines, aid\u00e9s des premiers comtes de Flandre, entreprennent d\u2019ass\u00e9cher et de d\u00e9fricher la r\u00e9gion, m\u00e9thodiquement. De 860 au d\u00e9but du 2e mill\u00e9naire, comme Robert Le Frison le fit pour le ch\u00e2teau de la Motte au Bois, les comtes ass\u00e8chent, d\u00e9frichent et \u00e9l\u00e8vent des mottes pour parer \u00e0 l\u2019attaque des envahisseurs mais aussi \u00e0 l\u2019invasion marine. Il faut en effet rappeler ce que, 800 ans avant Baudouin Bras de Fer (862), Pline l\u2019Ancien (1er si\u00e8cle) \u00e9crit : \u00ab l\u2019 \u00ab Oc\u00e9an \u00bb s\u2019\u00e9panche sur les terres deux fois par jour et fera douter longtemps si les contr\u00e9es sont bien de terre ferme ou une portion de mer \u00bb. D\u2019importantes mar\u00e9es venaient en effet inonder les terres jusqu\u2019\u00e0 l\u2019actuelle autoroute Dunkerque-Lille, d\u2019altitude z\u00e9ro. On comprend mieux que les Vikings aient remont\u00e9 des estuaires bien plus que des rivi\u00e8res ! Au IXe si\u00e8cle, ils suivent l\u2019Escaut et son affluent, la Lys, sur leurs drakkars, et mettent tout \u00e0 feu et \u00e0 sang \u00e0 tel point que Charles le Chauve visitant notre r\u00e9gion en 865, ordonne de fortifier la rivi\u00e8re pour faire face \u00e0 leurs incursions ; en 881, la forteresse de Saint-Venant r\u00e9siste \u00e0 leurs attaques tandis que Merville, Estaires et Aire sont d\u00e9truites. C\u2019est de cette campagne inhospitali\u00e8re qu\u2019h\u00e9ritent les 1ers Comtes de Flandre (883) qui s\u2019att\u00e8lent activement \u00e0 l\u2019ass\u00e8chement et au d\u00e9frichement tout en \u00e9vitant que ce dernier f\u00fbt abusif. En passant notons que le toponyme Le Sart = \u00ab essart \u00bb veut dire \u00ab r\u00e9sultat d\u2019un nettoyage, d\u2019un d\u00e9frichement \u00bb comme Aire signifie \u00ab lieu b\u00e2ti sur des mar\u00e9cages \u00bb. On ne poss\u00e8de pas de renseignements sur l\u2019histoire de la commune d\u2019Haverskerque elle-m\u00eame pendant la p\u00e9riode qui pr\u00e9c\u00e8de l\u2019an mil et les croisades. Il est permis toutefois de supposer qu\u2019\u00e0 cet endroit, existe d\u00e9j\u00e0 un sanctuaire chr\u00e9tien aux murs de torchis et au toit de chaume, entour\u00e9 de quelques masures au bord de la Lys, source de vie et moyen de communication \u2014 avec les voies romaines \u2014 \u00e0 travers mar\u00e9cages et for\u00eats.","thumbnail_url":"https:\/\/www.haverskerque.fr\/wp-content\/uploads\/2023\/12\/en-tete-inonrecentre.jpg","thumbnail_width":1300,"thumbnail_height":300}